{"id":104141,"date":"2025-04-24T15:03:47","date_gmt":"2025-04-24T13:03:47","guid":{"rendered":"https:\/\/kath-akademie-bayern.de\/veranstaltung\/franziskus-erbe-fuer-die-schoepfung\/"},"modified":"2026-03-03T09:53:27","modified_gmt":"2026-03-03T08:53:27","slug":"franziskus-erbe-fuer-die-schoepfung","status":"publish","type":"event","link":"https:\/\/kath-akademie-bayern.de\/en\/veranstaltung\/franziskus-erbe-fuer-die-schoepfung\/","title":{"rendered":"Franziskus\u2019 Erbe f\u00fcr die Sch\u00f6pfung"},"content":{"rendered":"<p>Vor zehn Jahren wurde die Enzyklika Laudato si\u2019 ver\u00f6ffentlicht. Sie hat wie kaum ein p\u00e4pstliches Lehrschreiben zuvor intensive weltweite Resonanz gefunden und gilt als ein weit \u00fcber den Raum der Kirche hinaus anerkannter Kompass f\u00fcr die die sozial-\u00f6kologische Transformation. Sie geh\u00f6rt zum Kernbestand des Verm\u00e4chtnisses von Papst Franziskus. Ihr konsequentes Zusammendenken \u00f6kologischer, sozialer und kultureller Herausforderungen als \u201eSchrei der Sch\u00f6pfung\u201c und \u201eSchrei der Armen\u201c ist wegweisend &#8211; nicht nur aus theologisch-sozialethischer Sicht, sondern ebenso aus derjenigen der Forschung, die die Verkn\u00fcpfung von Klima- und Entwicklungspolitik sowie interkulturelle Dialoge zunehmend als Erfolgsbedingung erkennt.<\/p>\n<p>Zur Bilanz der bisherigen Wirkungsgeschichte von Laudato si\u2018 geh\u00f6rt auch ein kritisches Weiterdenken:<br \/>\n\u2022 Untersch\u00e4tzt die radikale Kritik \u00f6konomischen Denkens und des \u201etechnologischen Paradigmas\u201c die m\u00f6gliche Wirksamkeit marktwirtschaftlicher Instrumente und technischer Innovationen?<br \/>\n\u2022 Ist das befreiungstheologisch gepr\u00e4gte Verst\u00e4ndnis von gesellschaftlicher Transformation angesichts der gegenw\u00e4rtigen Dynamik geostrategischer Machtkonflikte unrealistisch?<br \/>\n\u2022 Ist auch das gegenw\u00e4rtige V\u00f6lkerrecht ein zahnloser Tiger?<br \/>\n\u2022 Ist die christliche Ethik noch immer zu menschenzentriert?<br \/>\n\u2022 Kann Kunst helfen, ein neues Naturverst\u00e4ndnis jenseits blo\u00dfer Zweckrationalit\u00e4t zu vermitteln?<\/p>\n<p>Die Tagung will anhand ausgew\u00e4hlter Aspekte solche Fragen mit f\u00fchrenden Expertinnen und Experten aus Wissenschaft, Kirche, Gesellschaft und Kunst offen diskutieren. Exemplarisch f\u00fcr den Dialog zwischen Wissenschaft, Theologie und Kunst angesichts des neuen Klimaregimes wird die Tagung das weltliche Oratorium \u201eWir sind Erde\u201c, das die Enzyklika Laudato si\u2018 vertont, diskutieren und in Ausschnitten zu Geh\u00f6r bringen.<\/p>","protected":false},"excerpt":{"rendered":"<p>Laudato si\u2019 und die \u00f6kologische Transformation<\/p>","protected":false},"author":2,"featured_media":104491,"menu_order":78,"template":"","meta":{"_relevanssi_hide_post":"","_relevanssi_hide_content":"","_relevanssi_pin_for_all":"","_relevanssi_pin_keywords":"","_relevanssi_unpin_keywords":"","_relevanssi_related_keywords":"","_relevanssi_related_include_ids":"","_relevanssi_related_exclude_ids":"","_relevanssi_related_no_append":"","_relevanssi_related_not_related":"","_relevanssi_related_posts":"","_relevanssi_noindex_reason":"","footnotes":""},"class_list":["post-104141","event","type-event","status-publish","has-post-thumbnail","hentry","event-category-theologie-kirche-spiritualitaet","focus-area-klimawandel"],"yoast_head":"<!-- This site is optimized with the Yoast SEO plugin v27.4 - https:\/\/yoast.com\/product\/yoast-seo-wordpress\/ -->\n<title>Franziskus\u2019 Erbe f\u00fcr die Sch\u00f6pfung - Katholische Akademie in Bayern<\/title>\n<meta name=\"robots\" content=\"index, follow, max-snippet:-1, max-image-preview:large, max-video-preview:-1\" \/>\n<link rel=\"canonical\" href=\"https:\/\/kath-akademie-bayern.de\/en\/veranstaltung\/franziskus-erbe-fuer-die-schoepfung\/\" \/>\n<meta property=\"og:locale\" content=\"en_GB\" \/>\n<meta property=\"og:type\" content=\"article\" \/>\n<meta property=\"og:title\" content=\"Franziskus\u2019 Erbe f\u00fcr die Sch\u00f6pfung - Katholische Akademie in Bayern\" \/>\n<meta property=\"og:description\" content=\"Laudato si\u2019 und die \u00f6kologische Transformation\" \/>\n<meta property=\"og:url\" content=\"https:\/\/kath-akademie-bayern.de\/en\/veranstaltung\/franziskus-erbe-fuer-die-schoepfung\/\" \/>\n<meta property=\"og:site_name\" content=\"Katholische Akademie in Bayern\" \/>\n<meta property=\"article:publisher\" content=\"https:\/\/www.facebook.com\/katholische.akademie.bayern\/\" \/>\n<meta property=\"article:modified_time\" content=\"2026-03-03T08:53:27+00:00\" \/>\n<meta property=\"og:image\" content=\"https:\/\/kath-akademie-bayern.de\/wp-content\/uploads\/2025-10-02-1.jpg\" \/>\n\t<meta property=\"og:image:width\" content=\"868\" \/>\n\t<meta property=\"og:image:height\" content=\"488\" \/>\n\t<meta property=\"og:image:type\" content=\"image\/jpeg\" \/>\n<meta name=\"twitter:card\" content=\"summary_large_image\" \/>\n<meta name=\"twitter:label1\" content=\"Estimated reading time\" \/>\n\t<meta name=\"twitter:data1\" content=\"2 minutes\" \/>\n<script type=\"application\/ld+json\" class=\"yoast-schema-graph\">{\"@context\":\"https:\\\/\\\/schema.org\",\"@graph\":[{\"@type\":\"WebPage\",\"@id\":\"https:\\\/\\\/kath-akademie-bayern.de\\\/veranstaltung\\\/franziskus-erbe-fuer-die-schoepfung\\\/\",\"url\":\"https:\\\/\\\/kath-akademie-bayern.de\\\/veranstaltung\\\/franziskus-erbe-fuer-die-schoepfung\\\/\",\"name\":\"Franziskus\u2019 Erbe f\u00fcr die Sch\u00f6pfung - Katholische Akademie in Bayern\",\"isPartOf\":{\"@id\":\"https:\\\/\\\/kath-akademie-bayern.de\\\/#website\"},\"primaryImageOfPage\":{\"@id\":\"https:\\\/\\\/kath-akademie-bayern.de\\\/veranstaltung\\\/franziskus-erbe-fuer-die-schoepfung\\\/#primaryimage\"},\"image\":{\"@id\":\"https:\\\/\\\/kath-akademie-bayern.de\\\/veranstaltung\\\/franziskus-erbe-fuer-die-schoepfung\\\/#primaryimage\"},\"thumbnailUrl\":\"https:\\\/\\\/kath-akademie-bayern.de\\\/wp-content\\\/uploads\\\/2025-10-02-1.jpg\",\"datePublished\":\"2025-04-24T13:03:47+00:00\",\"dateModified\":\"2026-03-03T08:53:27+00:00\",\"breadcrumb\":{\"@id\":\"https:\\\/\\\/kath-akademie-bayern.de\\\/veranstaltung\\\/franziskus-erbe-fuer-die-schoepfung\\\/#breadcrumb\"},\"inLanguage\":\"en-GB\",\"potentialAction\":[{\"@type\":\"ReadAction\",\"target\":[\"https:\\\/\\\/kath-akademie-bayern.de\\\/veranstaltung\\\/franziskus-erbe-fuer-die-schoepfung\\\/\"]}]},{\"@type\":\"ImageObject\",\"inLanguage\":\"en-GB\",\"@id\":\"https:\\\/\\\/kath-akademie-bayern.de\\\/veranstaltung\\\/franziskus-erbe-fuer-die-schoepfung\\\/#primaryimage\",\"url\":\"https:\\\/\\\/kath-akademie-bayern.de\\\/wp-content\\\/uploads\\\/2025-10-02-1.jpg\",\"contentUrl\":\"https:\\\/\\\/kath-akademie-bayern.de\\\/wp-content\\\/uploads\\\/2025-10-02-1.jpg\",\"width\":868,\"height\":488,\"caption\":\"World diversity or earth day and international culture as a concept of diversity and crowd cooperation symbol as diverse hands holding together the planet earth.\"},{\"@type\":\"BreadcrumbList\",\"@id\":\"https:\\\/\\\/kath-akademie-bayern.de\\\/veranstaltung\\\/franziskus-erbe-fuer-die-schoepfung\\\/#breadcrumb\",\"itemListElement\":[{\"@type\":\"ListItem\",\"position\":1,\"name\":\"Startseite\",\"item\":\"https:\\\/\\\/kath-akademie-bayern.de\\\/\"},{\"@type\":\"ListItem\",\"position\":2,\"name\":\"Franziskus\u2019 Erbe f\u00fcr die Sch\u00f6pfung\"}]},{\"@type\":\"WebSite\",\"@id\":\"https:\\\/\\\/kath-akademie-bayern.de\\\/#website\",\"url\":\"https:\\\/\\\/kath-akademie-bayern.de\\\/\",\"name\":\"Katholische Akademie in Bayern\",\"description\":\"Kirche braucht Debatte: \u201ekatholisch\u201c mit Blick auf das Ganze \u2013 und \u201eakademisch\u201c im Vertrauen auf die Kraft der Argumente\",\"publisher\":{\"@id\":\"https:\\\/\\\/kath-akademie-bayern.de\\\/#organization\"},\"potentialAction\":[{\"@type\":\"SearchAction\",\"target\":{\"@type\":\"EntryPoint\",\"urlTemplate\":\"https:\\\/\\\/kath-akademie-bayern.de\\\/?s={search_term_string}\"},\"query-input\":{\"@type\":\"PropertyValueSpecification\",\"valueRequired\":true,\"valueName\":\"search_term_string\"}}],\"inLanguage\":\"en-GB\"},{\"@type\":\"Organization\",\"@id\":\"https:\\\/\\\/kath-akademie-bayern.de\\\/#organization\",\"name\":\"Katholische Akademie in Bayern\",\"url\":\"https:\\\/\\\/kath-akademie-bayern.de\\\/\",\"logo\":{\"@type\":\"ImageObject\",\"inLanguage\":\"en-GB\",\"@id\":\"https:\\\/\\\/kath-akademie-bayern.de\\\/#\\\/schema\\\/logo\\\/image\\\/\",\"url\":\"https:\\\/\\\/kath-akademie-bayern.de\\\/wp-content\\\/uploads\\\/Menue-Logo-Home@2x.png\",\"contentUrl\":\"https:\\\/\\\/kath-akademie-bayern.de\\\/wp-content\\\/uploads\\\/Menue-Logo-Home@2x.png\",\"width\":496,\"height\":216,\"caption\":\"Katholische Akademie in Bayern\"},\"image\":{\"@id\":\"https:\\\/\\\/kath-akademie-bayern.de\\\/#\\\/schema\\\/logo\\\/image\\\/\"},\"sameAs\":[\"https:\\\/\\\/www.facebook.com\\\/katholische.akademie.bayern\\\/\"]}]}<\/script>\n<!-- \/ Yoast SEO plugin. -->","yoast_head_json":{"title":"Franziskus\u2019 Erbe f\u00fcr die Sch\u00f6pfung - Katholische Akademie in Bayern","robots":{"index":"index","follow":"follow","max-snippet":"max-snippet:-1","max-image-preview":"max-image-preview:large","max-video-preview":"max-video-preview:-1"},"canonical":"https:\/\/kath-akademie-bayern.de\/en\/veranstaltung\/franziskus-erbe-fuer-die-schoepfung\/","og_locale":"en_GB","og_type":"article","og_title":"Franziskus\u2019 Erbe f\u00fcr die Sch\u00f6pfung - Katholische Akademie in Bayern","og_description":"Laudato si\u2019 und die \u00f6kologische Transformation","og_url":"https:\/\/kath-akademie-bayern.de\/en\/veranstaltung\/franziskus-erbe-fuer-die-schoepfung\/","og_site_name":"Katholische Akademie in Bayern","article_publisher":"https:\/\/www.facebook.com\/katholische.akademie.bayern\/","article_modified_time":"2026-03-03T08:53:27+00:00","og_image":[{"width":868,"height":488,"url":"https:\/\/kath-akademie-bayern.de\/wp-content\/uploads\/2025-10-02-1.jpg","type":"image\/jpeg"}],"twitter_card":"summary_large_image","twitter_misc":{"Estimated reading time":"2 minutes"},"schema":{"@context":"https:\/\/schema.org","@graph":[{"@type":"WebPage","@id":"https:\/\/kath-akademie-bayern.de\/veranstaltung\/franziskus-erbe-fuer-die-schoepfung\/","url":"https:\/\/kath-akademie-bayern.de\/veranstaltung\/franziskus-erbe-fuer-die-schoepfung\/","name":"Franziskus\u2019 Erbe f\u00fcr die Sch\u00f6pfung - Katholische Akademie in Bayern","isPartOf":{"@id":"https:\/\/kath-akademie-bayern.de\/#website"},"primaryImageOfPage":{"@id":"https:\/\/kath-akademie-bayern.de\/veranstaltung\/franziskus-erbe-fuer-die-schoepfung\/#primaryimage"},"image":{"@id":"https:\/\/kath-akademie-bayern.de\/veranstaltung\/franziskus-erbe-fuer-die-schoepfung\/#primaryimage"},"thumbnailUrl":"https:\/\/kath-akademie-bayern.de\/wp-content\/uploads\/2025-10-02-1.jpg","datePublished":"2025-04-24T13:03:47+00:00","dateModified":"2026-03-03T08:53:27+00:00","breadcrumb":{"@id":"https:\/\/kath-akademie-bayern.de\/veranstaltung\/franziskus-erbe-fuer-die-schoepfung\/#breadcrumb"},"inLanguage":"en-GB","potentialAction":[{"@type":"ReadAction","target":["https:\/\/kath-akademie-bayern.de\/veranstaltung\/franziskus-erbe-fuer-die-schoepfung\/"]}]},{"@type":"ImageObject","inLanguage":"en-GB","@id":"https:\/\/kath-akademie-bayern.de\/veranstaltung\/franziskus-erbe-fuer-die-schoepfung\/#primaryimage","url":"https:\/\/kath-akademie-bayern.de\/wp-content\/uploads\/2025-10-02-1.jpg","contentUrl":"https:\/\/kath-akademie-bayern.de\/wp-content\/uploads\/2025-10-02-1.jpg","width":868,"height":488,"caption":"World diversity or earth day and international culture as a concept of diversity and crowd cooperation symbol as diverse hands holding together the planet earth."},{"@type":"BreadcrumbList","@id":"https:\/\/kath-akademie-bayern.de\/veranstaltung\/franziskus-erbe-fuer-die-schoepfung\/#breadcrumb","itemListElement":[{"@type":"ListItem","position":1,"name":"Startseite","item":"https:\/\/kath-akademie-bayern.de\/"},{"@type":"ListItem","position":2,"name":"Franziskus\u2019 Erbe f\u00fcr die Sch\u00f6pfung"}]},{"@type":"WebSite","@id":"https:\/\/kath-akademie-bayern.de\/#website","url":"https:\/\/kath-akademie-bayern.de\/","name":"Catholic Academy in Bavaria","description":"Church needs debate: \"catholic\" looking at the whole - and \"academic\" trusting in the power of arguments","publisher":{"@id":"https:\/\/kath-akademie-bayern.de\/#organization"},"potentialAction":[{"@type":"SearchAction","target":{"@type":"EntryPoint","urlTemplate":"https:\/\/kath-akademie-bayern.de\/?s={search_term_string}"},"query-input":{"@type":"PropertyValueSpecification","valueRequired":true,"valueName":"search_term_string"}}],"inLanguage":"en-GB"},{"@type":"Organization","@id":"https:\/\/kath-akademie-bayern.de\/#organization","name":"Catholic Academy in Bavaria","url":"https:\/\/kath-akademie-bayern.de\/","logo":{"@type":"ImageObject","inLanguage":"en-GB","@id":"https:\/\/kath-akademie-bayern.de\/#\/schema\/logo\/image\/","url":"https:\/\/kath-akademie-bayern.de\/wp-content\/uploads\/Menue-Logo-Home@2x.png","contentUrl":"https:\/\/kath-akademie-bayern.de\/wp-content\/uploads\/Menue-Logo-Home@2x.png","width":496,"height":216,"caption":"Katholische Akademie in Bayern"},"image":{"@id":"https:\/\/kath-akademie-bayern.de\/#\/schema\/logo\/image\/"},"sameAs":["https:\/\/www.facebook.com\/katholische.akademie.bayern\/"]}]}},"_links":{"self":[{"href":"https:\/\/kath-akademie-bayern.de\/en\/wp-json\/wp\/v2\/event\/104141","targetHints":{"allow":["GET"]}}],"collection":[{"href":"https:\/\/kath-akademie-bayern.de\/en\/wp-json\/wp\/v2\/event"}],"about":[{"href":"https:\/\/kath-akademie-bayern.de\/en\/wp-json\/wp\/v2\/types\/event"}],"author":[{"embeddable":true,"href":"https:\/\/kath-akademie-bayern.de\/en\/wp-json\/wp\/v2\/users\/2"}],"version-history":[{"count":4,"href":"https:\/\/kath-akademie-bayern.de\/en\/wp-json\/wp\/v2\/event\/104141\/revisions"}],"predecessor-version":[{"id":116355,"href":"https:\/\/kath-akademie-bayern.de\/en\/wp-json\/wp\/v2\/event\/104141\/revisions\/116355"}],"wp:featuredmedia":[{"embeddable":true,"href":"https:\/\/kath-akademie-bayern.de\/en\/wp-json\/wp\/v2\/media\/104491"}],"wp:attachment":[{"href":"https:\/\/kath-akademie-bayern.de\/en\/wp-json\/wp\/v2\/media?parent=104141"}],"curies":[{"name":"wp","href":"https:\/\/api.w.org\/{rel}","templated":true}]}}