{"id":119482,"date":"2026-02-24T09:32:53","date_gmt":"2026-02-24T08:32:53","guid":{"rendered":"https:\/\/kath-akademie-bayern.de\/veranstaltung\/rechtsextreme-im-pfarrgemeinderat-die-lage-nach-den-wahlen\/"},"modified":"2026-04-24T12:01:31","modified_gmt":"2026-04-24T10:01:31","slug":"rechtsextreme-im-pfarrgemeinderat-die-lage-nach-den-wahlen","status":"publish","type":"event","link":"https:\/\/kath-akademie-bayern.de\/en\/veranstaltung\/rechtsextreme-im-pfarrgemeinderat-die-lage-nach-den-wahlen\/","title":{"rendered":"Rechtsextreme im Pfarrgemeinderat? Die Lage nach den Wahlen"},"content":{"rendered":"<p>Der diesj\u00e4hrige M\u00e4rz ist ein Superwahlmonat in Bayern \u2013 am 1. M\u00e4rz finden die Pfarrgemeinderatswahlen statt, bereits eine Woche sp\u00e4ter, am 8. M\u00e4rz 2026 die Kommunalwahlen. Beide Ereignisse werfen bereits seit Wochen ihre Schatten voraus. Was davon nun Spekulation bleibt und was neue Realit\u00e4t sein wird, das soll am Mittwoch, 25. M\u00e4rz 2026 in einer Online-Veranstaltung der Reihe \u201eAkademiegespr\u00e4ch am Mittag\u201c diskutiert werden. Unter dem Titel \u201eRechtsextreme im Pfarrgemeinderat? Die Lage nach den Wahlen\u201c geht es um eine Analyse und Einordnung der bayernweiten Wahlergebnisse. Vor Ort stehen die gew\u00e4hlten Mitglieder in den kommunalen Parlamenten und den Pfarrgemeinder\u00e4ten vielfach vor \u00e4hnlichen Herausforderungen: zur\u00fcckgehende finanzielle Mittel und die Frage nach dem Umgang mit Rechtsextremen \u2013 um nur zwei zu benennen. Die Forschung hat in den vergangenen Jahren zielf\u00fchrende Strategien und Verfahrensweisen f\u00fcr Parlamente vorgelegt, die sich in der Praxis als wirksam erwiesen haben. Was davon auch f\u00fcr kirchliche Gremien adaptierbar ist, will diese Veranstaltung aufzeigen. <\/p>\n<p>Heute zu Gast:<br \/>\n<b>Christian G\u00e4rtner<\/b> ist Vorsitzender des Landeskomitees der Katholiken in Bayern sowie Vizepr\u00e4sident des Zentralkomitees der deutschen Katholiken. Er kennt die Situation der Ehrenamtlichen vor Ort in den bayerischen Pfarrgemeinden und kann die Ergebnisse der PGR-Wahlen 2026 einordnen.<\/p>\n<p><b>Jan Riebe<\/b> leitet das Kompetenzzentrum Rechtsextremismus und Demokratieschutz bei der Amadeu Antonio Stiftung in Berlin und ist Experte f\u00fcr Extremismuspr\u00e4vention. Er wird Strategien zum Umgang mit Rechten in Gremien und Parlamenten vorstellen.<\/p>","protected":false},"excerpt":{"rendered":"<p>Akademiegespr\u00e4ch am Mittag mit Christian G\u00e4rtner und Jan Riebe (NUR ONLINE)<\/p>","protected":false},"author":5,"featured_media":119475,"menu_order":20,"template":"","meta":{"_relevanssi_hide_post":"","_relevanssi_hide_content":"","_relevanssi_pin_for_all":"","_relevanssi_pin_keywords":"","_relevanssi_unpin_keywords":"","_relevanssi_related_keywords":"","_relevanssi_related_include_ids":"","_relevanssi_related_exclude_ids":"","_relevanssi_related_no_append":"","_relevanssi_related_not_related":"","_relevanssi_related_posts":"","_relevanssi_noindex_reason":"","footnotes":""},"class_list":["post-119482","event","type-event","status-publish","has-post-thumbnail","hentry","event-category-theologie-kirche-spiritualitaet","focus-area-akademiegespraech-am-mittag"],"yoast_head":"<!-- This site is optimized with the Yoast SEO plugin v27.4 - https:\/\/yoast.com\/product\/yoast-seo-wordpress\/ -->\n<title>Rechtsextreme im Pfarrgemeinderat? Die Lage nach den Wahlen - Katholische Akademie in Bayern<\/title>\n<meta name=\"robots\" content=\"index, follow, max-snippet:-1, max-image-preview:large, max-video-preview:-1\" \/>\n<link rel=\"canonical\" href=\"https:\/\/kath-akademie-bayern.de\/en\/veranstaltung\/rechtsextreme-im-pfarrgemeinderat-die-lage-nach-den-wahlen\/\" \/>\n<meta property=\"og:locale\" content=\"en_GB\" \/>\n<meta property=\"og:type\" content=\"article\" \/>\n<meta property=\"og:title\" content=\"Rechtsextreme im Pfarrgemeinderat? Die Lage nach den Wahlen - Katholische Akademie in Bayern\" \/>\n<meta property=\"og:description\" content=\"Akademiegespr\u00e4ch am Mittag mit Christian G\u00e4rtner und Jan Riebe (NUR ONLINE)\" \/>\n<meta property=\"og:url\" content=\"https:\/\/kath-akademie-bayern.de\/en\/veranstaltung\/rechtsextreme-im-pfarrgemeinderat-die-lage-nach-den-wahlen\/\" \/>\n<meta property=\"og:site_name\" content=\"Katholische Akademie in Bayern\" \/>\n<meta property=\"article:publisher\" content=\"https:\/\/www.facebook.com\/katholische.akademie.bayern\/\" \/>\n<meta property=\"article:modified_time\" content=\"2026-04-24T10:01:31+00:00\" \/>\n<meta property=\"og:image\" content=\"https:\/\/kath-akademie-bayern.de\/wp-content\/uploads\/2026-03-25.jpg\" \/>\n\t<meta property=\"og:image:width\" content=\"960\" \/>\n\t<meta property=\"og:image:height\" content=\"540\" \/>\n\t<meta property=\"og:image:type\" content=\"image\/jpeg\" \/>\n<meta name=\"twitter:card\" content=\"summary_large_image\" \/>\n<meta name=\"twitter:label1\" content=\"Estimated reading time\" \/>\n\t<meta name=\"twitter:data1\" content=\"2 minutes\" \/>\n<script type=\"application\/ld+json\" class=\"yoast-schema-graph\">{\"@context\":\"https:\\\/\\\/schema.org\",\"@graph\":[{\"@type\":\"WebPage\",\"@id\":\"https:\\\/\\\/kath-akademie-bayern.de\\\/veranstaltung\\\/rechtsextreme-im-pfarrgemeinderat-die-lage-nach-den-wahlen\\\/\",\"url\":\"https:\\\/\\\/kath-akademie-bayern.de\\\/veranstaltung\\\/rechtsextreme-im-pfarrgemeinderat-die-lage-nach-den-wahlen\\\/\",\"name\":\"Rechtsextreme im Pfarrgemeinderat? Die Lage nach den Wahlen - Katholische Akademie in Bayern\",\"isPartOf\":{\"@id\":\"https:\\\/\\\/kath-akademie-bayern.de\\\/#website\"},\"primaryImageOfPage\":{\"@id\":\"https:\\\/\\\/kath-akademie-bayern.de\\\/veranstaltung\\\/rechtsextreme-im-pfarrgemeinderat-die-lage-nach-den-wahlen\\\/#primaryimage\"},\"image\":{\"@id\":\"https:\\\/\\\/kath-akademie-bayern.de\\\/veranstaltung\\\/rechtsextreme-im-pfarrgemeinderat-die-lage-nach-den-wahlen\\\/#primaryimage\"},\"thumbnailUrl\":\"https:\\\/\\\/kath-akademie-bayern.de\\\/wp-content\\\/uploads\\\/2026-03-25.jpg\",\"datePublished\":\"2026-02-24T08:32:53+00:00\",\"dateModified\":\"2026-04-24T10:01:31+00:00\",\"breadcrumb\":{\"@id\":\"https:\\\/\\\/kath-akademie-bayern.de\\\/veranstaltung\\\/rechtsextreme-im-pfarrgemeinderat-die-lage-nach-den-wahlen\\\/#breadcrumb\"},\"inLanguage\":\"en-GB\",\"potentialAction\":[{\"@type\":\"ReadAction\",\"target\":[\"https:\\\/\\\/kath-akademie-bayern.de\\\/veranstaltung\\\/rechtsextreme-im-pfarrgemeinderat-die-lage-nach-den-wahlen\\\/\"]}]},{\"@type\":\"ImageObject\",\"inLanguage\":\"en-GB\",\"@id\":\"https:\\\/\\\/kath-akademie-bayern.de\\\/veranstaltung\\\/rechtsextreme-im-pfarrgemeinderat-die-lage-nach-den-wahlen\\\/#primaryimage\",\"url\":\"https:\\\/\\\/kath-akademie-bayern.de\\\/wp-content\\\/uploads\\\/2026-03-25.jpg\",\"contentUrl\":\"https:\\\/\\\/kath-akademie-bayern.de\\\/wp-content\\\/uploads\\\/2026-03-25.jpg\",\"width\":960,\"height\":540},{\"@type\":\"BreadcrumbList\",\"@id\":\"https:\\\/\\\/kath-akademie-bayern.de\\\/veranstaltung\\\/rechtsextreme-im-pfarrgemeinderat-die-lage-nach-den-wahlen\\\/#breadcrumb\",\"itemListElement\":[{\"@type\":\"ListItem\",\"position\":1,\"name\":\"Startseite\",\"item\":\"https:\\\/\\\/kath-akademie-bayern.de\\\/\"},{\"@type\":\"ListItem\",\"position\":2,\"name\":\"Rechtsextreme im Pfarrgemeinderat? Die Lage nach den Wahlen\"}]},{\"@type\":\"WebSite\",\"@id\":\"https:\\\/\\\/kath-akademie-bayern.de\\\/#website\",\"url\":\"https:\\\/\\\/kath-akademie-bayern.de\\\/\",\"name\":\"Katholische Akademie in Bayern\",\"description\":\"Kirche braucht Debatte: \u201ekatholisch\u201c mit Blick auf das Ganze \u2013 und \u201eakademisch\u201c im Vertrauen auf die Kraft der Argumente\",\"publisher\":{\"@id\":\"https:\\\/\\\/kath-akademie-bayern.de\\\/#organization\"},\"potentialAction\":[{\"@type\":\"SearchAction\",\"target\":{\"@type\":\"EntryPoint\",\"urlTemplate\":\"https:\\\/\\\/kath-akademie-bayern.de\\\/?s={search_term_string}\"},\"query-input\":{\"@type\":\"PropertyValueSpecification\",\"valueRequired\":true,\"valueName\":\"search_term_string\"}}],\"inLanguage\":\"en-GB\"},{\"@type\":\"Organization\",\"@id\":\"https:\\\/\\\/kath-akademie-bayern.de\\\/#organization\",\"name\":\"Katholische Akademie in Bayern\",\"url\":\"https:\\\/\\\/kath-akademie-bayern.de\\\/\",\"logo\":{\"@type\":\"ImageObject\",\"inLanguage\":\"en-GB\",\"@id\":\"https:\\\/\\\/kath-akademie-bayern.de\\\/#\\\/schema\\\/logo\\\/image\\\/\",\"url\":\"https:\\\/\\\/kath-akademie-bayern.de\\\/wp-content\\\/uploads\\\/Menue-Logo-Home@2x.png\",\"contentUrl\":\"https:\\\/\\\/kath-akademie-bayern.de\\\/wp-content\\\/uploads\\\/Menue-Logo-Home@2x.png\",\"width\":496,\"height\":216,\"caption\":\"Katholische Akademie in Bayern\"},\"image\":{\"@id\":\"https:\\\/\\\/kath-akademie-bayern.de\\\/#\\\/schema\\\/logo\\\/image\\\/\"},\"sameAs\":[\"https:\\\/\\\/www.facebook.com\\\/katholische.akademie.bayern\\\/\"]}]}<\/script>\n<!-- \/ Yoast SEO plugin. -->","yoast_head_json":{"title":"Rechtsextreme im Pfarrgemeinderat? Die Lage nach den Wahlen - Katholische Akademie in Bayern","robots":{"index":"index","follow":"follow","max-snippet":"max-snippet:-1","max-image-preview":"max-image-preview:large","max-video-preview":"max-video-preview:-1"},"canonical":"https:\/\/kath-akademie-bayern.de\/en\/veranstaltung\/rechtsextreme-im-pfarrgemeinderat-die-lage-nach-den-wahlen\/","og_locale":"en_GB","og_type":"article","og_title":"Rechtsextreme im Pfarrgemeinderat? Die Lage nach den Wahlen - Katholische Akademie in Bayern","og_description":"Akademiegespr\u00e4ch am Mittag mit Christian G\u00e4rtner und Jan Riebe (NUR ONLINE)","og_url":"https:\/\/kath-akademie-bayern.de\/en\/veranstaltung\/rechtsextreme-im-pfarrgemeinderat-die-lage-nach-den-wahlen\/","og_site_name":"Katholische Akademie in Bayern","article_publisher":"https:\/\/www.facebook.com\/katholische.akademie.bayern\/","article_modified_time":"2026-04-24T10:01:31+00:00","og_image":[{"width":960,"height":540,"url":"https:\/\/kath-akademie-bayern.de\/wp-content\/uploads\/2026-03-25.jpg","type":"image\/jpeg"}],"twitter_card":"summary_large_image","twitter_misc":{"Estimated reading time":"2 minutes"},"schema":{"@context":"https:\/\/schema.org","@graph":[{"@type":"WebPage","@id":"https:\/\/kath-akademie-bayern.de\/veranstaltung\/rechtsextreme-im-pfarrgemeinderat-die-lage-nach-den-wahlen\/","url":"https:\/\/kath-akademie-bayern.de\/veranstaltung\/rechtsextreme-im-pfarrgemeinderat-die-lage-nach-den-wahlen\/","name":"Rechtsextreme im Pfarrgemeinderat? Die Lage nach den Wahlen - Katholische Akademie in Bayern","isPartOf":{"@id":"https:\/\/kath-akademie-bayern.de\/#website"},"primaryImageOfPage":{"@id":"https:\/\/kath-akademie-bayern.de\/veranstaltung\/rechtsextreme-im-pfarrgemeinderat-die-lage-nach-den-wahlen\/#primaryimage"},"image":{"@id":"https:\/\/kath-akademie-bayern.de\/veranstaltung\/rechtsextreme-im-pfarrgemeinderat-die-lage-nach-den-wahlen\/#primaryimage"},"thumbnailUrl":"https:\/\/kath-akademie-bayern.de\/wp-content\/uploads\/2026-03-25.jpg","datePublished":"2026-02-24T08:32:53+00:00","dateModified":"2026-04-24T10:01:31+00:00","breadcrumb":{"@id":"https:\/\/kath-akademie-bayern.de\/veranstaltung\/rechtsextreme-im-pfarrgemeinderat-die-lage-nach-den-wahlen\/#breadcrumb"},"inLanguage":"en-GB","potentialAction":[{"@type":"ReadAction","target":["https:\/\/kath-akademie-bayern.de\/veranstaltung\/rechtsextreme-im-pfarrgemeinderat-die-lage-nach-den-wahlen\/"]}]},{"@type":"ImageObject","inLanguage":"en-GB","@id":"https:\/\/kath-akademie-bayern.de\/veranstaltung\/rechtsextreme-im-pfarrgemeinderat-die-lage-nach-den-wahlen\/#primaryimage","url":"https:\/\/kath-akademie-bayern.de\/wp-content\/uploads\/2026-03-25.jpg","contentUrl":"https:\/\/kath-akademie-bayern.de\/wp-content\/uploads\/2026-03-25.jpg","width":960,"height":540},{"@type":"BreadcrumbList","@id":"https:\/\/kath-akademie-bayern.de\/veranstaltung\/rechtsextreme-im-pfarrgemeinderat-die-lage-nach-den-wahlen\/#breadcrumb","itemListElement":[{"@type":"ListItem","position":1,"name":"Startseite","item":"https:\/\/kath-akademie-bayern.de\/"},{"@type":"ListItem","position":2,"name":"Rechtsextreme im Pfarrgemeinderat? Die Lage nach den Wahlen"}]},{"@type":"WebSite","@id":"https:\/\/kath-akademie-bayern.de\/#website","url":"https:\/\/kath-akademie-bayern.de\/","name":"Catholic Academy in Bavaria","description":"Church needs debate: \"catholic\" looking at the whole - and \"academic\" trusting in the power of arguments","publisher":{"@id":"https:\/\/kath-akademie-bayern.de\/#organization"},"potentialAction":[{"@type":"SearchAction","target":{"@type":"EntryPoint","urlTemplate":"https:\/\/kath-akademie-bayern.de\/?s={search_term_string}"},"query-input":{"@type":"PropertyValueSpecification","valueRequired":true,"valueName":"search_term_string"}}],"inLanguage":"en-GB"},{"@type":"Organization","@id":"https:\/\/kath-akademie-bayern.de\/#organization","name":"Catholic Academy in Bavaria","url":"https:\/\/kath-akademie-bayern.de\/","logo":{"@type":"ImageObject","inLanguage":"en-GB","@id":"https:\/\/kath-akademie-bayern.de\/#\/schema\/logo\/image\/","url":"https:\/\/kath-akademie-bayern.de\/wp-content\/uploads\/Menue-Logo-Home@2x.png","contentUrl":"https:\/\/kath-akademie-bayern.de\/wp-content\/uploads\/Menue-Logo-Home@2x.png","width":496,"height":216,"caption":"Katholische Akademie in Bayern"},"image":{"@id":"https:\/\/kath-akademie-bayern.de\/#\/schema\/logo\/image\/"},"sameAs":["https:\/\/www.facebook.com\/katholische.akademie.bayern\/"]}]}},"_links":{"self":[{"href":"https:\/\/kath-akademie-bayern.de\/en\/wp-json\/wp\/v2\/event\/119482","targetHints":{"allow":["GET"]}}],"collection":[{"href":"https:\/\/kath-akademie-bayern.de\/en\/wp-json\/wp\/v2\/event"}],"about":[{"href":"https:\/\/kath-akademie-bayern.de\/en\/wp-json\/wp\/v2\/types\/event"}],"author":[{"embeddable":true,"href":"https:\/\/kath-akademie-bayern.de\/en\/wp-json\/wp\/v2\/users\/5"}],"version-history":[{"count":3,"href":"https:\/\/kath-akademie-bayern.de\/en\/wp-json\/wp\/v2\/event\/119482\/revisions"}],"predecessor-version":[{"id":121154,"href":"https:\/\/kath-akademie-bayern.de\/en\/wp-json\/wp\/v2\/event\/119482\/revisions\/121154"}],"wp:featuredmedia":[{"embeddable":true,"href":"https:\/\/kath-akademie-bayern.de\/en\/wp-json\/wp\/v2\/media\/119475"}],"wp:attachment":[{"href":"https:\/\/kath-akademie-bayern.de\/en\/wp-json\/wp\/v2\/media?parent=119482"}],"curies":[{"name":"wp","href":"https:\/\/api.w.org\/{rel}","templated":true}]}}