{"id":129810,"date":"2026-09-01T13:44:37","date_gmt":"2026-09-01T11:44:37","guid":{"rendered":"https:\/\/kath-akademie-bayern.de\/veranstaltung\/von-der-sixtinischen-decke-bis-zur-kuppel-von-sankt-peter-in-augsburg\/"},"modified":"2026-09-04T06:03:09","modified_gmt":"2026-09-04T04:03:09","slug":"von-der-sixtinischen-decke-bis-zur-kuppel-von-sankt-peter-in-augsburg","status":"publish","type":"event","link":"https:\/\/kath-akademie-bayern.de\/en\/veranstaltung\/von-der-sixtinischen-decke-bis-zur-kuppel-von-sankt-peter-in-augsburg\/","title":{"rendered":"Von der Sixtinischen Decke bis zur Kuppel von Sankt Peter"},"content":{"rendered":"<p>Festvortrag anl\u00e4sslich des 400. Weihetags der Basilika St. Peter in Rom mit bisher unver\u00f6ffentlichten Forschungen des Experten f\u00fcr Kunstgeschichte, Prof. Dr. Dr. h.c. mult. Horst Bredekamp; mit musikalischer Rahmung (Julian Johannes, Oboe; Thomas Becherer, Klavier) und einem Gru\u00dfwort von Bischof Dr. Bertram Meier<\/p>\n<p>Mit 71 Jahren, in einem Alter, das nach heutigen Ma\u00dfst\u00e4ben weit jenseits der Pensionsgrenze liegt, \u00fcbernahm Michelangelo auf Wunsch und Bitten von Papst Paul III.  die Gro\u00dfbaustelle von St. Peter in Rom. Er brauchte keine zwei Wochen, um die vorgefundenen Planungen zu durchkreuzen und gro\u00dfe Teile des bereits Gebauten wieder abrei\u00dfen zu lassen. Der Grund war sein Begriff von nat\u00fcrlicher und k\u00fcnstlerischer Sch\u00f6pfung, der allem widersprach, was bis dahin errichtet worden war.<\/p>\n<p>Der Vortrag wird am Beispiel eines fr\u00fcheren Werkes, dem Deckenfresko der Sixtinischen Kapelle, jenen Geist zu rekonstruieren versuchen, der f\u00fcr die Plan\u00e4nderung des Riesenbaues verantwortlich war. Durch seine Ausnahmestellung gelang es Michelangelo, seine Vorstellungen durchzusetzen und als unantastbar zu definieren, bis nach seinem Tod durch den Zusatz des riesigen Langhaues ein von ihm nicht vorgesehenes Element hinzukam. Es wird im Vortrag nicht um die Baugeschichte im engeren Sinn gehen, sondern um jenen Begriff von Sch\u00f6pfung, dem Michelangelo sich auch bei diesem Werk verpflichtet f\u00fchlte.<\/p>","protected":false},"excerpt":{"rendered":"<p>Michelangelos Panempathie der k\u00fcnstlerischen Sch\u00f6pfung zum 400. Weihetag von St. Peter (in Augsburg!)<\/p>","protected":false},"author":15,"featured_media":129806,"menu_order":5,"template":"","meta":{"_relevanssi_hide_post":"","_relevanssi_hide_content":"","_relevanssi_pin_for_all":"","_relevanssi_pin_keywords":"","_relevanssi_unpin_keywords":"","_relevanssi_related_keywords":"","_relevanssi_related_include_ids":"","_relevanssi_related_exclude_ids":"","_relevanssi_related_no_append":"","_relevanssi_related_not_related":"","_relevanssi_related_posts":"","_relevanssi_noindex_reason":"","footnotes":""},"class_list":["post-129810","event","type-event","status-publish","has-post-thumbnail","hentry","event-category-kunst-kultur"],"yoast_head":"<!-- This site is optimized with the Yoast SEO plugin v28.3 - https:\/\/yoast.com\/product\/yoast-seo-wordpress\/ -->\n<title>Von der Sixtinischen Decke bis zur Kuppel von Sankt Peter - Katholische Akademie in Bayern<\/title>\n<meta name=\"robots\" content=\"index, follow, max-snippet:-1, max-image-preview:large, max-video-preview:-1\" \/>\n<link rel=\"canonical\" href=\"https:\/\/kath-akademie-bayern.de\/en\/veranstaltung\/von-der-sixtinischen-decke-bis-zur-kuppel-von-sankt-peter-in-augsburg\/\" \/>\n<meta property=\"og:locale\" content=\"en_GB\" \/>\n<meta property=\"og:type\" content=\"article\" \/>\n<meta property=\"og:title\" content=\"Von der Sixtinischen Decke bis zur Kuppel von Sankt Peter - Katholische Akademie in Bayern\" \/>\n<meta property=\"og:description\" content=\"Michelangelos Panempathie der k\u00fcnstlerischen Sch\u00f6pfung zum 400. Weihetag von St. Peter (in Augsburg!)\" \/>\n<meta property=\"og:url\" content=\"https:\/\/kath-akademie-bayern.de\/en\/veranstaltung\/von-der-sixtinischen-decke-bis-zur-kuppel-von-sankt-peter-in-augsburg\/\" \/>\n<meta property=\"og:site_name\" content=\"Katholische Akademie in Bayern\" \/>\n<meta property=\"article:publisher\" content=\"https:\/\/www.facebook.com\/katholische.akademie.bayern\/\" \/>\n<meta property=\"article:modified_time\" content=\"2026-09-04T04:03:09+00:00\" \/>\n<meta property=\"og:image\" content=\"https:\/\/kath-akademie-bayern.de\/wp-content\/uploads\/Michelangelo_The-Creation-of-Adam.jpg\" \/>\n\t<meta property=\"og:image:width\" content=\"2000\" \/>\n\t<meta property=\"og:image:height\" content=\"1125\" \/>\n\t<meta property=\"og:image:type\" content=\"image\/jpeg\" \/>\n<meta name=\"twitter:card\" content=\"summary_large_image\" \/>\n<meta name=\"twitter:label1\" content=\"Estimated reading time\" \/>\n\t<meta name=\"twitter:data1\" content=\"2 minutes\" \/>\n<script type=\"application\/ld+json\" class=\"yoast-schema-graph\">{\"@context\":\"https:\\\/\\\/schema.org\",\"@graph\":[{\"@type\":\"WebPage\",\"@id\":\"https:\\\/\\\/kath-akademie-bayern.de\\\/veranstaltung\\\/von-der-sixtinischen-decke-bis-zur-kuppel-von-sankt-peter-in-augsburg\\\/\",\"url\":\"https:\\\/\\\/kath-akademie-bayern.de\\\/veranstaltung\\\/von-der-sixtinischen-decke-bis-zur-kuppel-von-sankt-peter-in-augsburg\\\/\",\"name\":\"Von der Sixtinischen Decke bis zur Kuppel von Sankt Peter - Katholische Akademie in Bayern\",\"isPartOf\":{\"@id\":\"https:\\\/\\\/kath-akademie-bayern.de\\\/#website\"},\"primaryImageOfPage\":{\"@id\":\"https:\\\/\\\/kath-akademie-bayern.de\\\/veranstaltung\\\/von-der-sixtinischen-decke-bis-zur-kuppel-von-sankt-peter-in-augsburg\\\/#primaryimage\"},\"image\":{\"@id\":\"https:\\\/\\\/kath-akademie-bayern.de\\\/veranstaltung\\\/von-der-sixtinischen-decke-bis-zur-kuppel-von-sankt-peter-in-augsburg\\\/#primaryimage\"},\"thumbnailUrl\":\"https:\\\/\\\/kath-akademie-bayern.de\\\/wp-content\\\/uploads\\\/Michelangelo_The-Creation-of-Adam.jpg\",\"datePublished\":\"2026-09-01T11:44:37+00:00\",\"dateModified\":\"2026-09-04T04:03:09+00:00\",\"breadcrumb\":{\"@id\":\"https:\\\/\\\/kath-akademie-bayern.de\\\/veranstaltung\\\/von-der-sixtinischen-decke-bis-zur-kuppel-von-sankt-peter-in-augsburg\\\/#breadcrumb\"},\"inLanguage\":\"en-GB\",\"potentialAction\":[{\"@type\":\"ReadAction\",\"target\":[\"https:\\\/\\\/kath-akademie-bayern.de\\\/veranstaltung\\\/von-der-sixtinischen-decke-bis-zur-kuppel-von-sankt-peter-in-augsburg\\\/\"]}]},{\"@type\":\"ImageObject\",\"inLanguage\":\"en-GB\",\"@id\":\"https:\\\/\\\/kath-akademie-bayern.de\\\/veranstaltung\\\/von-der-sixtinischen-decke-bis-zur-kuppel-von-sankt-peter-in-augsburg\\\/#primaryimage\",\"url\":\"https:\\\/\\\/kath-akademie-bayern.de\\\/wp-content\\\/uploads\\\/Michelangelo_The-Creation-of-Adam.jpg\",\"contentUrl\":\"https:\\\/\\\/kath-akademie-bayern.de\\\/wp-content\\\/uploads\\\/Michelangelo_The-Creation-of-Adam.jpg\",\"width\":2000,\"height\":1125},{\"@type\":\"BreadcrumbList\",\"@id\":\"https:\\\/\\\/kath-akademie-bayern.de\\\/veranstaltung\\\/von-der-sixtinischen-decke-bis-zur-kuppel-von-sankt-peter-in-augsburg\\\/#breadcrumb\",\"itemListElement\":[{\"@type\":\"ListItem\",\"position\":1,\"name\":\"Startseite\",\"item\":\"https:\\\/\\\/kath-akademie-bayern.de\\\/\"},{\"@type\":\"ListItem\",\"position\":2,\"name\":\"Von der Sixtinischen Decke bis zur Kuppel von Sankt Peter\"}]},{\"@type\":\"WebSite\",\"@id\":\"https:\\\/\\\/kath-akademie-bayern.de\\\/#website\",\"url\":\"https:\\\/\\\/kath-akademie-bayern.de\\\/\",\"name\":\"Katholische Akademie in Bayern\",\"description\":\"Kirche braucht Debatte: \u201ekatholisch\u201c mit Blick auf das Ganze \u2013 und \u201eakademisch\u201c im Vertrauen auf die Kraft der Argumente\",\"publisher\":{\"@id\":\"https:\\\/\\\/kath-akademie-bayern.de\\\/#organization\"},\"potentialAction\":[{\"@type\":\"SearchAction\",\"target\":{\"@type\":\"EntryPoint\",\"urlTemplate\":\"https:\\\/\\\/kath-akademie-bayern.de\\\/?s={search_term_string}\"},\"query-input\":{\"@type\":\"PropertyValueSpecification\",\"valueRequired\":true,\"valueName\":\"search_term_string\"}}],\"inLanguage\":\"en-GB\"},{\"@type\":\"Organization\",\"@id\":\"https:\\\/\\\/kath-akademie-bayern.de\\\/#organization\",\"name\":\"Katholische Akademie in Bayern\",\"url\":\"https:\\\/\\\/kath-akademie-bayern.de\\\/\",\"logo\":{\"@type\":\"ImageObject\",\"inLanguage\":\"en-GB\",\"@id\":\"https:\\\/\\\/kath-akademie-bayern.de\\\/#\\\/schema\\\/logo\\\/image\\\/\",\"url\":\"https:\\\/\\\/kath-akademie-bayern.de\\\/wp-content\\\/uploads\\\/Menue-Logo-Home@2x.png\",\"contentUrl\":\"https:\\\/\\\/kath-akademie-bayern.de\\\/wp-content\\\/uploads\\\/Menue-Logo-Home@2x.png\",\"width\":496,\"height\":216,\"caption\":\"Katholische Akademie in Bayern\"},\"image\":{\"@id\":\"https:\\\/\\\/kath-akademie-bayern.de\\\/#\\\/schema\\\/logo\\\/image\\\/\"},\"sameAs\":[\"https:\\\/\\\/www.facebook.com\\\/katholische.akademie.bayern\\\/\"]}]}<\/script>\n<!-- \/ Yoast SEO plugin. -->","yoast_head_json":{"title":"Von der Sixtinischen Decke bis zur Kuppel von Sankt Peter - Katholische Akademie in Bayern","robots":{"index":"index","follow":"follow","max-snippet":"max-snippet:-1","max-image-preview":"max-image-preview:large","max-video-preview":"max-video-preview:-1"},"canonical":"https:\/\/kath-akademie-bayern.de\/en\/veranstaltung\/von-der-sixtinischen-decke-bis-zur-kuppel-von-sankt-peter-in-augsburg\/","og_locale":"en_GB","og_type":"article","og_title":"Von der Sixtinischen Decke bis zur Kuppel von Sankt Peter - Katholische Akademie in Bayern","og_description":"Michelangelos Panempathie der k\u00fcnstlerischen Sch\u00f6pfung zum 400. Weihetag von St. Peter (in Augsburg!)","og_url":"https:\/\/kath-akademie-bayern.de\/en\/veranstaltung\/von-der-sixtinischen-decke-bis-zur-kuppel-von-sankt-peter-in-augsburg\/","og_site_name":"Katholische Akademie in Bayern","article_publisher":"https:\/\/www.facebook.com\/katholische.akademie.bayern\/","article_modified_time":"2026-09-04T04:03:09+00:00","og_image":[{"width":2000,"height":1125,"url":"https:\/\/kath-akademie-bayern.de\/wp-content\/uploads\/Michelangelo_The-Creation-of-Adam.jpg","type":"image\/jpeg"}],"twitter_card":"summary_large_image","twitter_misc":{"Estimated reading time":"2 minutes"},"schema":{"@context":"https:\/\/schema.org","@graph":[{"@type":"WebPage","@id":"https:\/\/kath-akademie-bayern.de\/veranstaltung\/von-der-sixtinischen-decke-bis-zur-kuppel-von-sankt-peter-in-augsburg\/","url":"https:\/\/kath-akademie-bayern.de\/veranstaltung\/von-der-sixtinischen-decke-bis-zur-kuppel-von-sankt-peter-in-augsburg\/","name":"Von der Sixtinischen Decke bis zur Kuppel von Sankt Peter - Katholische Akademie in Bayern","isPartOf":{"@id":"https:\/\/kath-akademie-bayern.de\/#website"},"primaryImageOfPage":{"@id":"https:\/\/kath-akademie-bayern.de\/veranstaltung\/von-der-sixtinischen-decke-bis-zur-kuppel-von-sankt-peter-in-augsburg\/#primaryimage"},"image":{"@id":"https:\/\/kath-akademie-bayern.de\/veranstaltung\/von-der-sixtinischen-decke-bis-zur-kuppel-von-sankt-peter-in-augsburg\/#primaryimage"},"thumbnailUrl":"https:\/\/kath-akademie-bayern.de\/wp-content\/uploads\/Michelangelo_The-Creation-of-Adam.jpg","datePublished":"2026-09-01T11:44:37+00:00","dateModified":"2026-09-04T04:03:09+00:00","breadcrumb":{"@id":"https:\/\/kath-akademie-bayern.de\/veranstaltung\/von-der-sixtinischen-decke-bis-zur-kuppel-von-sankt-peter-in-augsburg\/#breadcrumb"},"inLanguage":"en-GB","potentialAction":[{"@type":"ReadAction","target":["https:\/\/kath-akademie-bayern.de\/veranstaltung\/von-der-sixtinischen-decke-bis-zur-kuppel-von-sankt-peter-in-augsburg\/"]}]},{"@type":"ImageObject","inLanguage":"en-GB","@id":"https:\/\/kath-akademie-bayern.de\/veranstaltung\/von-der-sixtinischen-decke-bis-zur-kuppel-von-sankt-peter-in-augsburg\/#primaryimage","url":"https:\/\/kath-akademie-bayern.de\/wp-content\/uploads\/Michelangelo_The-Creation-of-Adam.jpg","contentUrl":"https:\/\/kath-akademie-bayern.de\/wp-content\/uploads\/Michelangelo_The-Creation-of-Adam.jpg","width":2000,"height":1125},{"@type":"BreadcrumbList","@id":"https:\/\/kath-akademie-bayern.de\/veranstaltung\/von-der-sixtinischen-decke-bis-zur-kuppel-von-sankt-peter-in-augsburg\/#breadcrumb","itemListElement":[{"@type":"ListItem","position":1,"name":"Startseite","item":"https:\/\/kath-akademie-bayern.de\/"},{"@type":"ListItem","position":2,"name":"Von der Sixtinischen Decke bis zur Kuppel von Sankt Peter"}]},{"@type":"WebSite","@id":"https:\/\/kath-akademie-bayern.de\/#website","url":"https:\/\/kath-akademie-bayern.de\/","name":"Catholic Academy in Bavaria","description":"Church needs debate: \"catholic\" looking at the whole - and \"academic\" trusting in the power of arguments","publisher":{"@id":"https:\/\/kath-akademie-bayern.de\/#organization"},"potentialAction":[{"@type":"SearchAction","target":{"@type":"EntryPoint","urlTemplate":"https:\/\/kath-akademie-bayern.de\/?s={search_term_string}"},"query-input":{"@type":"PropertyValueSpecification","valueRequired":true,"valueName":"search_term_string"}}],"inLanguage":"en-GB"},{"@type":"Organization","@id":"https:\/\/kath-akademie-bayern.de\/#organization","name":"Catholic Academy in Bavaria","url":"https:\/\/kath-akademie-bayern.de\/","logo":{"@type":"ImageObject","inLanguage":"en-GB","@id":"https:\/\/kath-akademie-bayern.de\/#\/schema\/logo\/image\/","url":"https:\/\/kath-akademie-bayern.de\/wp-content\/uploads\/Menue-Logo-Home@2x.png","contentUrl":"https:\/\/kath-akademie-bayern.de\/wp-content\/uploads\/Menue-Logo-Home@2x.png","width":496,"height":216,"caption":"Katholische Akademie in Bayern"},"image":{"@id":"https:\/\/kath-akademie-bayern.de\/#\/schema\/logo\/image\/"},"sameAs":["https:\/\/www.facebook.com\/katholische.akademie.bayern\/"]}]}},"_links":{"self":[{"href":"https:\/\/kath-akademie-bayern.de\/en\/wp-json\/wp\/v2\/event\/129810","targetHints":{"allow":["GET"]}}],"collection":[{"href":"https:\/\/kath-akademie-bayern.de\/en\/wp-json\/wp\/v2\/event"}],"about":[{"href":"https:\/\/kath-akademie-bayern.de\/en\/wp-json\/wp\/v2\/types\/event"}],"author":[{"embeddable":true,"href":"https:\/\/kath-akademie-bayern.de\/en\/wp-json\/wp\/v2\/users\/15"}],"version-history":[{"count":2,"href":"https:\/\/kath-akademie-bayern.de\/en\/wp-json\/wp\/v2\/event\/129810\/revisions"}],"predecessor-version":[{"id":129818,"href":"https:\/\/kath-akademie-bayern.de\/en\/wp-json\/wp\/v2\/event\/129810\/revisions\/129818"}],"wp:featuredmedia":[{"embeddable":true,"href":"https:\/\/kath-akademie-bayern.de\/en\/wp-json\/wp\/v2\/media\/129806"}],"wp:attachment":[{"href":"https:\/\/kath-akademie-bayern.de\/en\/wp-json\/wp\/v2\/media?parent=129810"}],"curies":[{"name":"wp","href":"https:\/\/api.w.org\/{rel}","templated":true}]}}