{"id":103087,"date":"2025-03-28T07:44:20","date_gmt":"2025-03-28T06:44:20","guid":{"rendered":"https:\/\/kath-akademie-bayern.de\/?post_type=media-library&#038;p=103087"},"modified":"2025-03-28T07:44:20","modified_gmt":"2025-03-28T06:44:20","slug":"einfuehrung-in-thema-und-konzeption","status":"publish","type":"media-library","link":"https:\/\/kath-akademie-bayern.de\/en\/mediathek-eintrag\/einfuehrung-in-thema-und-konzeption\/","title":{"rendered":"Einf\u00fchrung in Thema und Konzeption"},"content":{"rendered":"<div id=\"_idContainer164\" class=\"Einfacher-Textrahmen\">\n<p class=\"fliess-ERSTER\"><span class=\"Initiale CharOverride-26\">I<\/span>n der Entwicklung der Weltwirtschaft zeigen sich seit einiger Zeit tiefgreifende Ver\u00e4nderungen und Herausforderungen. Diese sind durch globale, geopolitische und geostrategische Dynamiken, \u00f6konomische Disruptionen und Kriege sowie eine \u00fcber l\u00e4ngere Zeit zunehmend tiefere Staffelung internationaler Lieferketten einerseits und neue Regulierungsans\u00e4tze andererseits gepr\u00e4gt. In diesem Spannungsfeld gewinnen Themen wie Globalisierung und De-Globalisierung, Resilienz von internationalen Lieferketten und nicht zuletzt die Frage der unternehmerischen Verantwortung f\u00fcr Menschenrechte und \u00f6kologische Folgen wirtschaftlichen Handelns zunehmend an Bedeutung.<\/p>\n<p class=\"fliess\">Ziel der interdisziplin\u00e4ren wissenschaftlichen Fachtagung war es, einen Fachdiskurs \u00fcber die Grenzen spezialisierter Fachdisziplinen hinweg zu f\u00f6rdern und diesen Diskurs durch Beitr\u00e4ge aus der Wirtschaftspraxis zus\u00e4tzlich zu bereichern. Neben Beitr\u00e4gen aus wissenschaftlichen Fachdisziplinen, nicht zuletzt der \u00d6konomik, den Politik- und Rechtswissenschaften und der Philosophie und Theologie, bot die Tagung Praktikerinnen und Praktikern aus der Wirtschaft die M\u00f6glichkeit, Einblicke in die Herausforderungen der Unternehmensrealit\u00e4t und in die praktische Umsetzung neuer rechtlicher und gesellschaftlicher Anforderungen zu geben. Die damit verbundenen Perspektivwechsel erm\u00f6glichen, ganz im Sinne wechselseitigen Lernens, eine im Ergebnis ganzheitliche Betrachtung eines komplexen Themenfeldes, dessen Relevanz nicht nur f\u00fcr Wissenschaft und Politik, sondern auch f\u00fcr die Gesellschaft insgesamt<br \/>\nkaum \u00fcbersch\u00e4tzt werden kann.<\/p>\n<p class=\"fliess\">Angesichts der weltweit zunehmenden Tendenzen zur De-Globalisierung und zu verst\u00e4rkten regulatorischen Eingriffen in Deutschland und der Europ\u00e4ischen Union wird die Notwendigkeit deutlich, resiliente und zugleich nachhaltige Handels- und Lieferkettenstrukturen zu f\u00f6rdern und dabei ver\u00e4nderten gesellschaftlichen Erwartungen und ethischen Anforderungen gerecht zu werden. Strategien wie Nearshoring, Reshoring und Friendshoring werden als M\u00f6glichkeiten diskutiert, globale Risiken zu vermindern und Versorgungssicherheit zu gew\u00e4hrleisten. Diese Ans\u00e4tze werfen jedoch sowohl \u00f6konomische und rechtliche als auch ethische Fragen auf: In welchem Umfang k\u00f6nnen solche Strategien dazu beitragen, die angestrebten Ziele zu erreichen? Wie wirken sie sich auf soziale und \u00f6kologische Standards in der Lieferkette aus, welche nicht-intendierten Nebenwirkungen sind zu beachten? Und, nicht zuletzt, welche ethische Verantwortung tr\u00e4gt das einzelne Unternehmen?<\/p>\n<p class=\"fliess\">Ein zentraler Aspekt der Tagung und damit auch der vorliegenden Beitr\u00e4ge ist die gleicherma\u00dfen ethisch und \u00f6konomisch sowie juristisch reflektierte Auseinandersetzung mit den Lieferkettengesetzen bzw. -richtlinien, die in Deutschland und der Europ\u00e4ischen Union in Kraft getreten sind und weiter vorangetrieben werden. Sie schreiben unter anderem eine Einhaltung sozialer und \u00f6kologischer Mindeststandards vor, verpflichten die Unternehmen ab einer bestimmten Mindestgr\u00f6\u00dfe auf die Einhaltung von Menschenrechten in der internationalen Lieferkette und erg\u00e4nzen die Vorgaben um deutlich erweiterte Dokumentationspflichten. Diese Regulierungen zielen somit darauf ab, Standards f\u00fcr Menschenrechte und \u00d6kologie nicht nur national oder innerhalb der Europ\u00e4ischen Union, sondern weltweit zu st\u00e4rken und etwaige Umgehungsstrategien zu bek\u00e4mpfen. Ihre Umsetzung stellt jedoch sowohl Unternehmen als auch staatliche Akteure vor erhebliche Herausforderungen. Insbesondere die Balance zwischen der Durchsetzung solcher Standards und der Vermeidung einer \u00fcberm\u00e4\u00dfigen regulatorischen Belastung der Unternehmen verlangt nach einem differenzierten, vernunftbasierten Ansatz, nicht zuletzt im Hinblick auf die nicht von vornherein auszuschlie\u00dfende M\u00f6glichkeit, dass sich einige der angestrebten Ziele mit den verf\u00fcgbaren unternehmerischen Mitteln als unerreichbar erweisen k\u00f6nnten.<\/p>\n<p class=\"fliess\">Die Veranstaltung, auf der die vorliegenden Beitr\u00e4ge basieren, steht in der Tradition vorheriger Fachtagungen zu Wirtschaftsethik und Moral\u00f6konomik, die bisher in Kooperation zwischen der Katholisch-Sozialen Akademie Franz Hitze Haus in M\u00fcnster und der Professur f\u00fcr Wirtschaftsethik und strategisches Management der Hochschule Bremen durchgef\u00fchrt wurden. Diese Fachtagungen unter dem Oberthema\u00a0<span class=\"CharOverride-7\">Normen, soziale Ordnung und der Beitrag der \u00d6konomik\u00a0<\/span>werden beginnend mit dieser Veranstaltung in Kooperation mit und in der Katholischen Akademie in Bayern durchgef\u00fchrt.<\/p>\n<p class=\"fliess\">Das Tagungsdesign der Konferenzen sieht vor, dass die jeweiligen Hauptreferenten zu jedem Themenblock schon im Vorfeld der Tagung ihre Referate schriftlich verfassen. Diese werden dann an jeweils zwei ausgew\u00e4hlte Korreferenten aus anderen wissenschaftlichen Fachdisziplinen und auch an alle \u00fcbrigen Teilnehmerinnen und Teilnehmer zur Vorbereitung der Tagung verschickt. Diese spezielle Tagungskonzeption sichert ein hohes inhaltliches Niveau der Konferenzen und den Einbezug der Erkenntnisse unterschiedlicher Wissenschaften in die Diskussion. Da die Vortr\u00e4ge im Vorfeld der Tagung von allen Referierenden und Teilnehmenden gelesen wurden, konnte auf einen langen Vortrag verzichtet werden. Die Referierenden und Korreferierenden hatten jeweils zehn Minuten, um ihre Kernthesen vorzustellen. Hierdurch blieb in jedem Themenblock viel Zeit f\u00fcr die interdisziplin\u00e4re Diskussion der jeweiligen Thematik.<\/p>\n<p class=\"fliess\">Christian Hecker stellt sich einleitend dem grundlegenden Thema\u00a0<span class=\"CharOverride-7\">De-Globalisierung? \u00d6konomische und ethische Herausforderungen ver\u00e4nderter Rahmenbedingungen f\u00fcr internationale Wirtschaftsbeziehungen<\/span>. Er warnt vor einer unzureichenden Ber\u00fccksichtigung geopolitischer Risiken durch staatliche Akteure und Unternehmen gleicherma\u00dfen und pl\u00e4diert vor diesem Hintergrund f\u00fcr eine wechselseitige Erg\u00e4nzung von staatlicher Ordnungspolitik und unternehmerischer Eigenverantwortung. Die Korreferate steuern Gerhard Kruip aus sozialethischer Perspektive und Laura Mahrenbach aus politikwissenschaftlicher Sicht bei.<\/p>\n<p class=\"fliess\">Stefan Kooths und Rolf Langhammer setzen sich unter dem Titel\u00a0<span class=\"CharOverride-7\">Nearshoring, reshoring, friendshoring, de-risking as resilience strategies?<\/span>\u00a0kritisch mit den durch diese Schlagworte beschriebenen Ans\u00e4tzen auseinander und untersuchen deren Potenzial sowie deren Grenzen in dem Ansinnen, globale Lieferketten angesichts wachsender Unsicherheiten abzusichern. Hinzu treten die Korreferate des Wirtschaftswissenschaftlers Eric Meyer und der Juristin und<br \/>\nPolitikwissenschaftlerin Patricia Wiater.<\/p>\n<p class=\"fliess\">Im Fokus des Beitrags von Galina Kolev-Schaefer stehen\u00a0<span class=\"CharOverride-7\">Supply chain regulations: Empirical evidence and economic policy implications<\/span>. Anhand aktueller Daten und Studien werden Regulierungswirkungen kritisch analysiert, wobei neben positiven Effekten auch nicht-intendierte Sch\u00e4den sowohl f\u00fcr die Wettbewerbsf\u00e4higkeit europ\u00e4ischer Unternehmen als auch f\u00fcr die Menschen in den wirtschaftlich am wenigsten entwickelten L\u00e4ndern aufgezeigt werden. Die Korreferate stammen von Verena Rauen aus philosophischer und Michael St\u00fcrner aus juristischer Sicht.<\/p>\n<p class=\"fliess-SCHMAL\">Markus Krajewski betrachtet das Thema aus juristischer Perspektive unter dem Titel\u00a0<span class=\"CharOverride-7\">Supply chain laws and corporate responsibility<\/span>. Er konstatiert einen wachsenden gesamteurop\u00e4ischen Konsens zur Inpflichtnahme von Unternehmen und spricht sich vor diesem Hintergrund f\u00fcr eine n\u00e4here Befassung mit den umstrittenen Punkten der vorliegenden Regulierungsinitiativen aus. Von Martin Allerchen, Direktor Personal der Chocoladefabriken Lindt &amp; Spr\u00fcngli und Eva Katharina Donner, Helmholtz-Zentrum f\u00fcr Umweltforschung und in Zusammenarbeit mit Annekatrin Mei\u00dfner, Institut f\u00fcr Angewandte Ethik der Universit\u00e4t Passau, stammen die Korreferate.<\/p>\n<p class=\"fliess\">Die nunmehr einem gr\u00f6\u00dferen Publikum zug\u00e4nglichen Arbeiten spiegeln die Vielfalt und Tiefe der Debatte wider. Wir hoffen, dass sie nicht nur die Diskussion unter Wissenschaftlerinnen und Wissenschaftlern verschiedener Disziplinen bereichert, sondern auch f\u00fcr Politik und Wirtschaftspraxis wertvolle Anregungen bietet.\u00a0<img decoding=\"async\" class=\"_idGenObjectAttribute-2\" src=\"debatte_1_2025_27_LINKS-web-resources\/image\/1.png\" alt=\"\" \/><\/p>\n<\/div>","protected":false},"excerpt":{"rendered":"<p>In der Entwicklung der Weltwirtschaft zeigen sich seit einiger Zeit tiefgreifende Ver\u00e4nderungen und Herausforderungen. Diese sind durch globale, geopolitische und geostrategische Dynamiken, \u00f6konomische Disruptionen und Kriege sowie eine \u00fcber l\u00e4ngere Zeit zunehmend tiefere Staffelung internationaler Lieferketten einerseits und neue Regulierungsans\u00e4tze andererseits gepr\u00e4gt. In diesem Spannungsfeld gewinnen Themen wie Globalisierung und De-Globalisierung, Resilienz von internationalen Lieferketten&hellip;<\/p>","protected":false},"author":5,"featured_media":103008,"menu_order":600,"template":"","meta":{"_relevanssi_hide_post":"","_relevanssi_hide_content":"","_relevanssi_pin_for_all":"","_relevanssi_pin_keywords":"","_relevanssi_unpin_keywords":"","_relevanssi_related_keywords":"","_relevanssi_related_include_ids":"","_relevanssi_related_exclude_ids":"","_relevanssi_related_no_append":"","_relevanssi_related_not_related":"","_relevanssi_related_posts":"","_relevanssi_noindex_reason":"","footnotes":""},"class_list":["post-103087","media-library","type-media-library","status-publish","has-post-thumbnail","hentry","focus-area-globalisierung"],"yoast_head":"<!-- This site is optimized with the Yoast SEO plugin v27.4 - https:\/\/yoast.com\/product\/yoast-seo-wordpress\/ -->\n<title>Einf\u00fchrung in Thema und Konzeption - Katholische Akademie in Bayern<\/title>\n<meta name=\"robots\" content=\"index, follow, max-snippet:-1, max-image-preview:large, max-video-preview:-1\" \/>\n<link rel=\"canonical\" href=\"https:\/\/kath-akademie-bayern.de\/en\/mediathek-eintrag\/einfuehrung-in-thema-und-konzeption\/\" \/>\n<meta property=\"og:locale\" content=\"en_GB\" \/>\n<meta property=\"og:type\" content=\"article\" \/>\n<meta property=\"og:title\" content=\"Einf\u00fchrung in Thema und Konzeption - Katholische Akademie in Bayern\" \/>\n<meta property=\"og:description\" content=\"In der Entwicklung der Weltwirtschaft zeigen sich seit einiger Zeit tiefgreifende Ver\u00e4nderungen und Herausforderungen. Diese sind durch globale, geopolitische und geostrategische Dynamiken, \u00f6konomische Disruptionen und Kriege sowie eine \u00fcber l\u00e4ngere Zeit zunehmend tiefere Staffelung internationaler Lieferketten einerseits und neue Regulierungsans\u00e4tze andererseits gepr\u00e4gt. In diesem Spannungsfeld gewinnen Themen wie Globalisierung und De-Globalisierung, Resilienz von internationalen Lieferketten&hellip;\" \/>\n<meta property=\"og:url\" content=\"https:\/\/kath-akademie-bayern.de\/en\/mediathek-eintrag\/einfuehrung-in-thema-und-konzeption\/\" \/>\n<meta property=\"og:site_name\" content=\"Katholische Akademie in Bayern\" \/>\n<meta property=\"article:publisher\" content=\"https:\/\/www.facebook.com\/katholische.akademie.bayern\/\" \/>\n<meta property=\"og:image\" content=\"https:\/\/kath-akademie-bayern.de\/wp-content\/uploads\/GlobHand_Flyerbild_c_Julius_Silver_von_Pixabay_Canva_2560x1440.jpg\" \/>\n\t<meta property=\"og:image:width\" content=\"2560\" \/>\n\t<meta property=\"og:image:height\" content=\"1440\" \/>\n\t<meta property=\"og:image:type\" content=\"image\/jpeg\" \/>\n<meta name=\"twitter:card\" content=\"summary_large_image\" \/>\n<meta name=\"twitter:label1\" content=\"Estimated reading time\" \/>\n\t<meta name=\"twitter:data1\" content=\"6 minutes\" \/>\n<script type=\"application\/ld+json\" class=\"yoast-schema-graph\">{\"@context\":\"https:\\\/\\\/schema.org\",\"@graph\":[{\"@type\":\"WebPage\",\"@id\":\"https:\\\/\\\/kath-akademie-bayern.de\\\/mediathek-eintrag\\\/einfuehrung-in-thema-und-konzeption\\\/\",\"url\":\"https:\\\/\\\/kath-akademie-bayern.de\\\/mediathek-eintrag\\\/einfuehrung-in-thema-und-konzeption\\\/\",\"name\":\"Einf\u00fchrung in Thema und Konzeption - Katholische Akademie in Bayern\",\"isPartOf\":{\"@id\":\"https:\\\/\\\/kath-akademie-bayern.de\\\/#website\"},\"primaryImageOfPage\":{\"@id\":\"https:\\\/\\\/kath-akademie-bayern.de\\\/mediathek-eintrag\\\/einfuehrung-in-thema-und-konzeption\\\/#primaryimage\"},\"image\":{\"@id\":\"https:\\\/\\\/kath-akademie-bayern.de\\\/mediathek-eintrag\\\/einfuehrung-in-thema-und-konzeption\\\/#primaryimage\"},\"thumbnailUrl\":\"https:\\\/\\\/kath-akademie-bayern.de\\\/wp-content\\\/uploads\\\/GlobHand_Flyerbild_c_Julius_Silver_von_Pixabay_Canva_2560x1440.jpg\",\"datePublished\":\"2025-03-28T06:44:20+00:00\",\"breadcrumb\":{\"@id\":\"https:\\\/\\\/kath-akademie-bayern.de\\\/mediathek-eintrag\\\/einfuehrung-in-thema-und-konzeption\\\/#breadcrumb\"},\"inLanguage\":\"en-GB\",\"potentialAction\":[{\"@type\":\"ReadAction\",\"target\":[\"https:\\\/\\\/kath-akademie-bayern.de\\\/mediathek-eintrag\\\/einfuehrung-in-thema-und-konzeption\\\/\"]}]},{\"@type\":\"ImageObject\",\"inLanguage\":\"en-GB\",\"@id\":\"https:\\\/\\\/kath-akademie-bayern.de\\\/mediathek-eintrag\\\/einfuehrung-in-thema-und-konzeption\\\/#primaryimage\",\"url\":\"https:\\\/\\\/kath-akademie-bayern.de\\\/wp-content\\\/uploads\\\/GlobHand_Flyerbild_c_Julius_Silver_von_Pixabay_Canva_2560x1440.jpg\",\"contentUrl\":\"https:\\\/\\\/kath-akademie-bayern.de\\\/wp-content\\\/uploads\\\/GlobHand_Flyerbild_c_Julius_Silver_von_Pixabay_Canva_2560x1440.jpg\",\"width\":2560,\"height\":1440},{\"@type\":\"BreadcrumbList\",\"@id\":\"https:\\\/\\\/kath-akademie-bayern.de\\\/mediathek-eintrag\\\/einfuehrung-in-thema-und-konzeption\\\/#breadcrumb\",\"itemListElement\":[{\"@type\":\"ListItem\",\"position\":1,\"name\":\"Startseite\",\"item\":\"https:\\\/\\\/kath-akademie-bayern.de\\\/\"},{\"@type\":\"ListItem\",\"position\":2,\"name\":\"Einf\u00fchrung in Thema und Konzeption\"}]},{\"@type\":\"WebSite\",\"@id\":\"https:\\\/\\\/kath-akademie-bayern.de\\\/#website\",\"url\":\"https:\\\/\\\/kath-akademie-bayern.de\\\/\",\"name\":\"Katholische Akademie in Bayern\",\"description\":\"Kirche braucht Debatte: \u201ekatholisch\u201c mit Blick auf das Ganze \u2013 und \u201eakademisch\u201c im Vertrauen auf die Kraft der Argumente\",\"publisher\":{\"@id\":\"https:\\\/\\\/kath-akademie-bayern.de\\\/#organization\"},\"potentialAction\":[{\"@type\":\"SearchAction\",\"target\":{\"@type\":\"EntryPoint\",\"urlTemplate\":\"https:\\\/\\\/kath-akademie-bayern.de\\\/?s={search_term_string}\"},\"query-input\":{\"@type\":\"PropertyValueSpecification\",\"valueRequired\":true,\"valueName\":\"search_term_string\"}}],\"inLanguage\":\"en-GB\"},{\"@type\":\"Organization\",\"@id\":\"https:\\\/\\\/kath-akademie-bayern.de\\\/#organization\",\"name\":\"Katholische Akademie in Bayern\",\"url\":\"https:\\\/\\\/kath-akademie-bayern.de\\\/\",\"logo\":{\"@type\":\"ImageObject\",\"inLanguage\":\"en-GB\",\"@id\":\"https:\\\/\\\/kath-akademie-bayern.de\\\/#\\\/schema\\\/logo\\\/image\\\/\",\"url\":\"https:\\\/\\\/kath-akademie-bayern.de\\\/wp-content\\\/uploads\\\/Menue-Logo-Home@2x.png\",\"contentUrl\":\"https:\\\/\\\/kath-akademie-bayern.de\\\/wp-content\\\/uploads\\\/Menue-Logo-Home@2x.png\",\"width\":496,\"height\":216,\"caption\":\"Katholische Akademie in Bayern\"},\"image\":{\"@id\":\"https:\\\/\\\/kath-akademie-bayern.de\\\/#\\\/schema\\\/logo\\\/image\\\/\"},\"sameAs\":[\"https:\\\/\\\/www.facebook.com\\\/katholische.akademie.bayern\\\/\"]}]}<\/script>\n<!-- \/ Yoast SEO plugin. -->","yoast_head_json":{"title":"Einf\u00fchrung in Thema und Konzeption - Katholische Akademie in Bayern","robots":{"index":"index","follow":"follow","max-snippet":"max-snippet:-1","max-image-preview":"max-image-preview:large","max-video-preview":"max-video-preview:-1"},"canonical":"https:\/\/kath-akademie-bayern.de\/en\/mediathek-eintrag\/einfuehrung-in-thema-und-konzeption\/","og_locale":"en_GB","og_type":"article","og_title":"Einf\u00fchrung in Thema und Konzeption - Katholische Akademie in Bayern","og_description":"In der Entwicklung der Weltwirtschaft zeigen sich seit einiger Zeit tiefgreifende Ver\u00e4nderungen und Herausforderungen. Diese sind durch globale, geopolitische und geostrategische Dynamiken, \u00f6konomische Disruptionen und Kriege sowie eine \u00fcber l\u00e4ngere Zeit zunehmend tiefere Staffelung internationaler Lieferketten einerseits und neue Regulierungsans\u00e4tze andererseits gepr\u00e4gt. In diesem Spannungsfeld gewinnen Themen wie Globalisierung und De-Globalisierung, Resilienz von internationalen Lieferketten&hellip;","og_url":"https:\/\/kath-akademie-bayern.de\/en\/mediathek-eintrag\/einfuehrung-in-thema-und-konzeption\/","og_site_name":"Katholische Akademie in Bayern","article_publisher":"https:\/\/www.facebook.com\/katholische.akademie.bayern\/","og_image":[{"width":2560,"height":1440,"url":"https:\/\/kath-akademie-bayern.de\/wp-content\/uploads\/GlobHand_Flyerbild_c_Julius_Silver_von_Pixabay_Canva_2560x1440.jpg","type":"image\/jpeg"}],"twitter_card":"summary_large_image","twitter_misc":{"Estimated reading time":"6 minutes"},"schema":{"@context":"https:\/\/schema.org","@graph":[{"@type":"WebPage","@id":"https:\/\/kath-akademie-bayern.de\/mediathek-eintrag\/einfuehrung-in-thema-und-konzeption\/","url":"https:\/\/kath-akademie-bayern.de\/mediathek-eintrag\/einfuehrung-in-thema-und-konzeption\/","name":"Einf\u00fchrung in Thema und Konzeption - Katholische Akademie in Bayern","isPartOf":{"@id":"https:\/\/kath-akademie-bayern.de\/#website"},"primaryImageOfPage":{"@id":"https:\/\/kath-akademie-bayern.de\/mediathek-eintrag\/einfuehrung-in-thema-und-konzeption\/#primaryimage"},"image":{"@id":"https:\/\/kath-akademie-bayern.de\/mediathek-eintrag\/einfuehrung-in-thema-und-konzeption\/#primaryimage"},"thumbnailUrl":"https:\/\/kath-akademie-bayern.de\/wp-content\/uploads\/GlobHand_Flyerbild_c_Julius_Silver_von_Pixabay_Canva_2560x1440.jpg","datePublished":"2025-03-28T06:44:20+00:00","breadcrumb":{"@id":"https:\/\/kath-akademie-bayern.de\/mediathek-eintrag\/einfuehrung-in-thema-und-konzeption\/#breadcrumb"},"inLanguage":"en-GB","potentialAction":[{"@type":"ReadAction","target":["https:\/\/kath-akademie-bayern.de\/mediathek-eintrag\/einfuehrung-in-thema-und-konzeption\/"]}]},{"@type":"ImageObject","inLanguage":"en-GB","@id":"https:\/\/kath-akademie-bayern.de\/mediathek-eintrag\/einfuehrung-in-thema-und-konzeption\/#primaryimage","url":"https:\/\/kath-akademie-bayern.de\/wp-content\/uploads\/GlobHand_Flyerbild_c_Julius_Silver_von_Pixabay_Canva_2560x1440.jpg","contentUrl":"https:\/\/kath-akademie-bayern.de\/wp-content\/uploads\/GlobHand_Flyerbild_c_Julius_Silver_von_Pixabay_Canva_2560x1440.jpg","width":2560,"height":1440},{"@type":"BreadcrumbList","@id":"https:\/\/kath-akademie-bayern.de\/mediathek-eintrag\/einfuehrung-in-thema-und-konzeption\/#breadcrumb","itemListElement":[{"@type":"ListItem","position":1,"name":"Startseite","item":"https:\/\/kath-akademie-bayern.de\/"},{"@type":"ListItem","position":2,"name":"Einf\u00fchrung in Thema und Konzeption"}]},{"@type":"WebSite","@id":"https:\/\/kath-akademie-bayern.de\/#website","url":"https:\/\/kath-akademie-bayern.de\/","name":"Catholic Academy in Bavaria","description":"Church needs debate: \"catholic\" looking at the whole - and \"academic\" trusting in the power of arguments","publisher":{"@id":"https:\/\/kath-akademie-bayern.de\/#organization"},"potentialAction":[{"@type":"SearchAction","target":{"@type":"EntryPoint","urlTemplate":"https:\/\/kath-akademie-bayern.de\/?s={search_term_string}"},"query-input":{"@type":"PropertyValueSpecification","valueRequired":true,"valueName":"search_term_string"}}],"inLanguage":"en-GB"},{"@type":"Organization","@id":"https:\/\/kath-akademie-bayern.de\/#organization","name":"Catholic Academy in Bavaria","url":"https:\/\/kath-akademie-bayern.de\/","logo":{"@type":"ImageObject","inLanguage":"en-GB","@id":"https:\/\/kath-akademie-bayern.de\/#\/schema\/logo\/image\/","url":"https:\/\/kath-akademie-bayern.de\/wp-content\/uploads\/Menue-Logo-Home@2x.png","contentUrl":"https:\/\/kath-akademie-bayern.de\/wp-content\/uploads\/Menue-Logo-Home@2x.png","width":496,"height":216,"caption":"Katholische Akademie in Bayern"},"image":{"@id":"https:\/\/kath-akademie-bayern.de\/#\/schema\/logo\/image\/"},"sameAs":["https:\/\/www.facebook.com\/katholische.akademie.bayern\/"]}]}},"_links":{"self":[{"href":"https:\/\/kath-akademie-bayern.de\/en\/wp-json\/wp\/v2\/media-library\/103087","targetHints":{"allow":["GET"]}}],"collection":[{"href":"https:\/\/kath-akademie-bayern.de\/en\/wp-json\/wp\/v2\/media-library"}],"about":[{"href":"https:\/\/kath-akademie-bayern.de\/en\/wp-json\/wp\/v2\/types\/media-library"}],"author":[{"embeddable":true,"href":"https:\/\/kath-akademie-bayern.de\/en\/wp-json\/wp\/v2\/users\/5"}],"version-history":[{"count":1,"href":"https:\/\/kath-akademie-bayern.de\/en\/wp-json\/wp\/v2\/media-library\/103087\/revisions"}],"predecessor-version":[{"id":103088,"href":"https:\/\/kath-akademie-bayern.de\/en\/wp-json\/wp\/v2\/media-library\/103087\/revisions\/103088"}],"wp:featuredmedia":[{"embeddable":true,"href":"https:\/\/kath-akademie-bayern.de\/en\/wp-json\/wp\/v2\/media\/103008"}],"wp:attachment":[{"href":"https:\/\/kath-akademie-bayern.de\/en\/wp-json\/wp\/v2\/media?parent=103087"}],"curies":[{"name":"wp","href":"https:\/\/api.w.org\/{rel}","templated":true}]}}