{"id":103119,"date":"2025-03-28T09:42:32","date_gmt":"2025-03-28T08:42:32","guid":{"rendered":"https:\/\/kath-akademie-bayern.de\/?post_type=media-library&#038;p=103119"},"modified":"2025-03-28T09:42:32","modified_gmt":"2025-03-28T08:42:32","slug":"das-lieferkettensorgfaltspflichtengesetz-erste-erfahrungen-und-umgang-in-der-praxis","status":"publish","type":"media-library","link":"https:\/\/kath-akademie-bayern.de\/en\/mediathek-eintrag\/das-lieferkettensorgfaltspflichtengesetz-erste-erfahrungen-und-umgang-in-der-praxis\/","title":{"rendered":"Das Lieferkettensorgfaltspflichtengesetz &#8211; erste Erfahrungen und Umgang in der Praxis"},"content":{"rendered":"<div id=\"_idContainer1167\" class=\"_idGenObjectStyleOverride-6\">\n<p class=\"fliess-ERSTER\"><span class=\"Initiale CharOverride-26\">D<\/span>as LKSG und die damit fokussierte Sorgfalt der Unternehmen im Umgang mit Human Rights ist in sich nicht in Frage zu stellen. Alle Unternehmen haben grunds\u00e4tzlich die Verantwortung mit Sorgfalt in Bezug auf g\u00fcltige Human Rights zu agieren. Da ist es nachvollziehbar, dass der Gesetzgeber diese Sorgfalt spezifiziert und regeln m\u00f6chte. Auch reagiert der Gesetzgeber auf den politischen Druck durch die Gesellschaft und die Notwendigkeit sich in allen Themen rund um Nachhaltigkeit zu positionieren. Der schmale Grat allerdings, Regelungen im Sinne der gesellschaftlichen Forderungen auf der einen Seite und gesetzliche Stellschrauben auf der anderen Seite in Einklang zu bringen, ist in einem ersten Gesetzentwurf und der gelebten Praxis kritisch zu betrachten. Eine Gesetzgebung kann nur dann wirkungsvoll sein, wenn die richtigen Stellschrauben und Hebel definiert wurden, im Einklang einer zuk\u00fcnftigen Kontrollierbarkeit und Akzeptanz durch die Betroffenen.<\/p>\n<p class=\"fliess\">Es ist nicht so, dass Unternehmen in der Vergangenheit ihre Sorgfalt im Rahmen der Human Rights nicht erf\u00fcllt haben oder gar ernst genommen h\u00e4tten. Im Gegenteil, es wurde auch schon in der Vergangenheit viel getan und investiert, um im Rahmen der Anti-Diskriminierung den bereits vorhandenen Gesetzgebungen gerecht zu werden. Auch wurde bereits in der Vergangenheit die Sorgfaltspflicht in der Beschaffung thematisiert. Allerdings fehlte ein klarer Rechtsrahmen zur Orientierung in dieser Thematik.<\/p>\n<p class=\"fliess\">Zurzeit allerdings erleben wir aus Sicht der Unternehmen eine regelrechte Flut an Regularien, die aus verschiedenen Blickwinkeln und unter dem Oberbegriff \u201eNachhaltigkeit\u201c das Grundthema Human Rights aufgreift und reguliert. Hier sind das LKSG sowie die EU Deforestration Regulation, die Regularien des European Court of Human Rights, das Datenschutzgesetz, der EU Non Financial Reporting Standard sowie das Klimaschutzgesetz zu nennen.<\/p>\n<p class=\"fliess\">Unternehmen entsteht durch diese massive Einf\u00fchrung neuer Regularien ein enormer Aufwand in der Umsetzung der Anforderungen gegen\u00fcber dem Gesetzgeber. Aber auch in Richtung der Endverbraucher und Interessensgruppen, durch mehr Kommunikation und Aufkl\u00e4rung und durch eine gr\u00f6\u00dfere Angriffsfl\u00e4che in allen Aspekten der Compliance.<\/p>\n<p class=\"fliess\">Durch die Geschwindigkeit der Einf\u00fchrung dieser Regularien, der fehlenden Erfahrung in der Interpretation von gesetzlichen Regelungen und der fehlenden richterlichen Klarstellungen individueller Sachverhalte w\u00e4chst die Unsicherheit bei Unternehmen in der Absicherung, wann ergriffene Ma\u00dfnahmen als \u201eausreichend\u201c angesehen werden und wer dies final beurteilt.<\/p>\n<p class=\"fliess\">Wie bereits erw\u00e4hnt, sind viele Unternehmen schon in der Vergangenheit durch eigenes Interesse und Anerkennung ihrer Sorgfaltspflicht aktiv gewesen. Hier sind grunds\u00e4tzlich Bestrebungen rund um das Thema Diversity, Equity &amp; Inclusion, Arbeitssicherheit oder nachhaltige Verpackung zu nennen. Aber auch eigene Programme rund um No-Deforestration, Responsible Farming oder transparent Supply Chain Prozesse besch\u00e4ftigen viele Unternehmen schon seit Jahren. Hierzu gibt es eine Vielzahl an Interessensgemeinschaften und Nachhaltigkeitsallianzen in diversen Branchen.<\/p>\n<p class=\"fliess\">Seit der Einf\u00fchrung des LKSG m\u00fcssen sich Lebensmittel herstellende Unternehmen um die Balance zwischen dem Anspruch einerseits ein qualitatives und vom Endkonsumenten akzeptiertes Produkt zu f\u00fchren und andererseits den immer granularer geforderten Anspr\u00fcchen im Rahmen der allgemeinen Nachhaltigkeit gerecht zu werden, Gedanken machen. Hier widersprechen sich die Anforderung der Endkonsumenten, ein Premiumprodukt zu niedrigem Preis zu erhalten, das als Geschenkartikel auch einem Image gerecht wird und der Anspruch der Interessengruppen, Unternehmen in allen Fragen rund um Human Rights oder Umwelt sowie Inhaltstoffe zu hinterfragen. Dies fordert von Unternehmen ein hohes Ma\u00df an Kommunikationsressourcen und eine Forschung &amp; Entwicklung, die nicht nur das Produkt als solches entwickelt, sondern sich auch intensiv mit der Verpackung und Rohstofflieferkette auseinandersetzt.<\/p>\n<p class=\"fliess\">All dies f\u00fchrt leider auch dazu, dass Unternehmen in der momentanen Diskussion \u00fcber die Einf\u00fchrung, Tragweite, Anforderungen und Konsequenzen neuer Regularien eher dazu tendieren, eine \u201eAbsicherungspolitik\u201c zu fahren und weniger den eigentlichen \u201eNachhaltigkeitszweck\u201c der Regularien fokussieren, also eine Vermeidungsstrategie gegen\u00fcber m\u00f6glichen Strafzahlungen ins Zentrum ihrer Aktivit\u00e4t setzen.<\/p>\n<p class=\"fliess\">Um sich gegen\u00fcber allen Anforderungen abzusichern, ben\u00f6tigt ein Unternehmen eine erhebliche Anzahl an Policies oder eigenen Regularien, die als Verhaltenskodex das Unternehmen positionieren. Hier sei neben dem Code of Conduct, die Compliance Policy, die Human Rights Policy, die Data Privacy Policy und eine Whistle Blower Policy genannt.<\/p>\n<p class=\"fliess\">Die Umsetzung und Erf\u00fcllung all dieser Policies erfordert von jedem Mitarbeitenden eines Unternehmens eine hohe Aufmerksamkeit, erzeugt aber auch eine entsprechende Unsicherheit, ob man dieser F\u00fclle an Regularien als Mitarbeitender gerecht werden kann.<\/p>\n<p class=\"fliess\">Ohne eine intelligente systemische Unterst\u00fctzung, die Prozesse digital umsetzt und damit managebar macht und ein gefordertes Reporting sicherstellt, ist dieser Aufwand nicht zu bew\u00e4ltigen.<\/p>\n<p class=\"fliess\">An dieser Stelle sei auch kurz der Hinweis erlaubt, dass alle, durch einen Gesetzgeber etablierten Regulatorien, Gegenstand eines m\u00f6glichen Audits sein k\u00f6nnen \u2013 sei es ein Qualit\u00e4tsaudit auf ISO-Standard basierend oder aber auch ein Kundenaudit im Allgemeinen.<\/p>\n<p class=\"fliess\">Unternehmen sehen sich immer mehr einem \u201ebunten Blumenstrau\u00df\u201c an Adressaten gegen\u00fcber, den sie kommunikativ managen m\u00fcssen. Durch moderne Kommunikationswege, wie z. B. Social Media und einer damit verbundenen neuen schnelleren und direkteren Feedback-Kultur, stehen Unternehmen permanent vor dem Risiko adressatengerecht und transparent zu informieren. Jeder Adressat hat hier einen anderen Anspruch und ein anderes Bed\u00fcrfnis. Eine derartige Kommunikation final auch rechtssicher zu gestalten, wird die gro\u00dfe zuk\u00fcnftige Herausforderung sein, wenn man nicht nicht kommunizieren m\u00f6chte.<\/p>\n<p class=\"fliess\">Als Fazit dieser \u00dcberlegungen kann man festhalten, dass das LKSG in seiner heutigen Formulierung und den bereits ver\u00f6ffentlichten Kommentaren immer noch sehr viel branchenspezifischen Interpretationsspielraum bietet. Dies wird zurzeit durch die Diskussion rund um das zuk\u00fcnftige europ\u00e4ische CSDDD nicht weniger klarer \u2013 im Gegenteil. Die aktuellen Gesetzgebungen bieten Interessensgruppen einen interessanten N\u00e4hrboden f\u00fcr kritische Nachfragen oder leider sogar konfrontativen Unterstellungen, auf die Unternehmen aus der Defensive heraus oftmals nur bedingt reagieren k\u00f6nnen. Daher tendieren viele Unternehmen eher dazu, sich noch st\u00e4rker abzusichern und weniger zu kommunizieren. Auch werden sie in der geforderten Transparenz im Reporting immer vorsichtiger agieren, um m\u00f6glichst wenig Angriffsfl\u00e4che zu bieten. Wenn dies alles wichtiger ist als die Wahrnehmung f\u00fcr ein qualitativ hochwertiges und nachhaltiges Produkt, dann versteht man die Sorge rund um die Balance zwischen gutgemeinten Regulatorien, schneller Einf\u00fchrung und einem immens gro\u00dfen Interpretationsspielraum, der eher zu einer Vermeidungspolitik f\u00fchrt.\u00a0<img decoding=\"async\" class=\"_idGenObjectAttribute-2\" src=\"debatte_1_2025_27_LINKS-web-resources\/image\/1.png\" alt=\"\" \/><\/p>\n<\/div>","protected":false},"excerpt":{"rendered":"<p>Das LKSG und die damit fokussierte Sorgfalt der Unternehmen im Umgang mit Human Rights ist in sich nicht in Frage zu stellen. Alle Unternehmen haben grunds\u00e4tzlich die Verantwortung mit Sorgfalt in Bezug auf g\u00fcltige Human Rights zu agieren. Da ist es nachvollziehbar, dass der Gesetzgeber diese Sorgfalt spezifiziert und regeln m\u00f6chte. Auch reagiert der Gesetzgeber&hellip;<\/p>","protected":false},"author":5,"featured_media":103008,"menu_order":586,"template":"","meta":{"_relevanssi_hide_post":"","_relevanssi_hide_content":"","_relevanssi_pin_for_all":"","_relevanssi_pin_keywords":"","_relevanssi_unpin_keywords":"","_relevanssi_related_keywords":"","_relevanssi_related_include_ids":"","_relevanssi_related_exclude_ids":"","_relevanssi_related_no_append":"","_relevanssi_related_not_related":"","_relevanssi_related_posts":"","_relevanssi_noindex_reason":"","footnotes":""},"class_list":["post-103119","media-library","type-media-library","status-publish","has-post-thumbnail","hentry","focus-area-globalisierung"],"yoast_head":"<!-- This site is optimized with the Yoast SEO plugin v27.4 - https:\/\/yoast.com\/product\/yoast-seo-wordpress\/ -->\n<title>Das Lieferkettensorgfaltspflichtengesetz - erste Erfahrungen und Umgang in der Praxis - Katholische Akademie in Bayern<\/title>\n<meta name=\"robots\" content=\"index, follow, max-snippet:-1, max-image-preview:large, max-video-preview:-1\" \/>\n<link rel=\"canonical\" href=\"https:\/\/kath-akademie-bayern.de\/en\/mediathek-eintrag\/das-lieferkettensorgfaltspflichtengesetz-erste-erfahrungen-und-umgang-in-der-praxis\/\" \/>\n<meta property=\"og:locale\" content=\"en_GB\" \/>\n<meta property=\"og:type\" content=\"article\" \/>\n<meta property=\"og:title\" content=\"Das Lieferkettensorgfaltspflichtengesetz - erste Erfahrungen und Umgang in der Praxis - Katholische Akademie in Bayern\" \/>\n<meta property=\"og:description\" content=\"Das LKSG und die damit fokussierte Sorgfalt der Unternehmen im Umgang mit Human Rights ist in sich nicht in Frage zu stellen. Alle Unternehmen haben grunds\u00e4tzlich die Verantwortung mit Sorgfalt in Bezug auf g\u00fcltige Human Rights zu agieren. Da ist es nachvollziehbar, dass der Gesetzgeber diese Sorgfalt spezifiziert und regeln m\u00f6chte. Auch reagiert der Gesetzgeber&hellip;\" \/>\n<meta property=\"og:url\" content=\"https:\/\/kath-akademie-bayern.de\/en\/mediathek-eintrag\/das-lieferkettensorgfaltspflichtengesetz-erste-erfahrungen-und-umgang-in-der-praxis\/\" \/>\n<meta property=\"og:site_name\" content=\"Katholische Akademie in Bayern\" \/>\n<meta property=\"article:publisher\" content=\"https:\/\/www.facebook.com\/katholische.akademie.bayern\/\" \/>\n<meta property=\"og:image\" content=\"https:\/\/kath-akademie-bayern.de\/wp-content\/uploads\/GlobHand_Flyerbild_c_Julius_Silver_von_Pixabay_Canva_2560x1440.jpg\" \/>\n\t<meta property=\"og:image:width\" content=\"2560\" \/>\n\t<meta property=\"og:image:height\" content=\"1440\" \/>\n\t<meta property=\"og:image:type\" content=\"image\/jpeg\" \/>\n<meta name=\"twitter:card\" content=\"summary_large_image\" \/>\n<meta name=\"twitter:label1\" content=\"Estimated reading time\" \/>\n\t<meta name=\"twitter:data1\" content=\"6 minutes\" \/>\n<script type=\"application\/ld+json\" class=\"yoast-schema-graph\">{\"@context\":\"https:\\\/\\\/schema.org\",\"@graph\":[{\"@type\":\"WebPage\",\"@id\":\"https:\\\/\\\/kath-akademie-bayern.de\\\/mediathek-eintrag\\\/das-lieferkettensorgfaltspflichtengesetz-erste-erfahrungen-und-umgang-in-der-praxis\\\/\",\"url\":\"https:\\\/\\\/kath-akademie-bayern.de\\\/mediathek-eintrag\\\/das-lieferkettensorgfaltspflichtengesetz-erste-erfahrungen-und-umgang-in-der-praxis\\\/\",\"name\":\"Das Lieferkettensorgfaltspflichtengesetz - erste Erfahrungen und Umgang in der Praxis - Katholische Akademie in Bayern\",\"isPartOf\":{\"@id\":\"https:\\\/\\\/kath-akademie-bayern.de\\\/#website\"},\"primaryImageOfPage\":{\"@id\":\"https:\\\/\\\/kath-akademie-bayern.de\\\/mediathek-eintrag\\\/das-lieferkettensorgfaltspflichtengesetz-erste-erfahrungen-und-umgang-in-der-praxis\\\/#primaryimage\"},\"image\":{\"@id\":\"https:\\\/\\\/kath-akademie-bayern.de\\\/mediathek-eintrag\\\/das-lieferkettensorgfaltspflichtengesetz-erste-erfahrungen-und-umgang-in-der-praxis\\\/#primaryimage\"},\"thumbnailUrl\":\"https:\\\/\\\/kath-akademie-bayern.de\\\/wp-content\\\/uploads\\\/GlobHand_Flyerbild_c_Julius_Silver_von_Pixabay_Canva_2560x1440.jpg\",\"datePublished\":\"2025-03-28T08:42:32+00:00\",\"breadcrumb\":{\"@id\":\"https:\\\/\\\/kath-akademie-bayern.de\\\/mediathek-eintrag\\\/das-lieferkettensorgfaltspflichtengesetz-erste-erfahrungen-und-umgang-in-der-praxis\\\/#breadcrumb\"},\"inLanguage\":\"en-GB\",\"potentialAction\":[{\"@type\":\"ReadAction\",\"target\":[\"https:\\\/\\\/kath-akademie-bayern.de\\\/mediathek-eintrag\\\/das-lieferkettensorgfaltspflichtengesetz-erste-erfahrungen-und-umgang-in-der-praxis\\\/\"]}]},{\"@type\":\"ImageObject\",\"inLanguage\":\"en-GB\",\"@id\":\"https:\\\/\\\/kath-akademie-bayern.de\\\/mediathek-eintrag\\\/das-lieferkettensorgfaltspflichtengesetz-erste-erfahrungen-und-umgang-in-der-praxis\\\/#primaryimage\",\"url\":\"https:\\\/\\\/kath-akademie-bayern.de\\\/wp-content\\\/uploads\\\/GlobHand_Flyerbild_c_Julius_Silver_von_Pixabay_Canva_2560x1440.jpg\",\"contentUrl\":\"https:\\\/\\\/kath-akademie-bayern.de\\\/wp-content\\\/uploads\\\/GlobHand_Flyerbild_c_Julius_Silver_von_Pixabay_Canva_2560x1440.jpg\",\"width\":2560,\"height\":1440},{\"@type\":\"BreadcrumbList\",\"@id\":\"https:\\\/\\\/kath-akademie-bayern.de\\\/mediathek-eintrag\\\/das-lieferkettensorgfaltspflichtengesetz-erste-erfahrungen-und-umgang-in-der-praxis\\\/#breadcrumb\",\"itemListElement\":[{\"@type\":\"ListItem\",\"position\":1,\"name\":\"Startseite\",\"item\":\"https:\\\/\\\/kath-akademie-bayern.de\\\/\"},{\"@type\":\"ListItem\",\"position\":2,\"name\":\"Das Lieferkettensorgfaltspflichtengesetz &#8211; erste Erfahrungen und Umgang in der Praxis\"}]},{\"@type\":\"WebSite\",\"@id\":\"https:\\\/\\\/kath-akademie-bayern.de\\\/#website\",\"url\":\"https:\\\/\\\/kath-akademie-bayern.de\\\/\",\"name\":\"Katholische Akademie in Bayern\",\"description\":\"Kirche braucht Debatte: \u201ekatholisch\u201c mit Blick auf das Ganze \u2013 und \u201eakademisch\u201c im Vertrauen auf die Kraft der Argumente\",\"publisher\":{\"@id\":\"https:\\\/\\\/kath-akademie-bayern.de\\\/#organization\"},\"potentialAction\":[{\"@type\":\"SearchAction\",\"target\":{\"@type\":\"EntryPoint\",\"urlTemplate\":\"https:\\\/\\\/kath-akademie-bayern.de\\\/?s={search_term_string}\"},\"query-input\":{\"@type\":\"PropertyValueSpecification\",\"valueRequired\":true,\"valueName\":\"search_term_string\"}}],\"inLanguage\":\"en-GB\"},{\"@type\":\"Organization\",\"@id\":\"https:\\\/\\\/kath-akademie-bayern.de\\\/#organization\",\"name\":\"Katholische Akademie in Bayern\",\"url\":\"https:\\\/\\\/kath-akademie-bayern.de\\\/\",\"logo\":{\"@type\":\"ImageObject\",\"inLanguage\":\"en-GB\",\"@id\":\"https:\\\/\\\/kath-akademie-bayern.de\\\/#\\\/schema\\\/logo\\\/image\\\/\",\"url\":\"https:\\\/\\\/kath-akademie-bayern.de\\\/wp-content\\\/uploads\\\/Menue-Logo-Home@2x.png\",\"contentUrl\":\"https:\\\/\\\/kath-akademie-bayern.de\\\/wp-content\\\/uploads\\\/Menue-Logo-Home@2x.png\",\"width\":496,\"height\":216,\"caption\":\"Katholische Akademie in Bayern\"},\"image\":{\"@id\":\"https:\\\/\\\/kath-akademie-bayern.de\\\/#\\\/schema\\\/logo\\\/image\\\/\"},\"sameAs\":[\"https:\\\/\\\/www.facebook.com\\\/katholische.akademie.bayern\\\/\"]}]}<\/script>\n<!-- \/ Yoast SEO plugin. -->","yoast_head_json":{"title":"Das Lieferkettensorgfaltspflichtengesetz - erste Erfahrungen und Umgang in der Praxis - Katholische Akademie in Bayern","robots":{"index":"index","follow":"follow","max-snippet":"max-snippet:-1","max-image-preview":"max-image-preview:large","max-video-preview":"max-video-preview:-1"},"canonical":"https:\/\/kath-akademie-bayern.de\/en\/mediathek-eintrag\/das-lieferkettensorgfaltspflichtengesetz-erste-erfahrungen-und-umgang-in-der-praxis\/","og_locale":"en_GB","og_type":"article","og_title":"Das Lieferkettensorgfaltspflichtengesetz - erste Erfahrungen und Umgang in der Praxis - Katholische Akademie in Bayern","og_description":"Das LKSG und die damit fokussierte Sorgfalt der Unternehmen im Umgang mit Human Rights ist in sich nicht in Frage zu stellen. Alle Unternehmen haben grunds\u00e4tzlich die Verantwortung mit Sorgfalt in Bezug auf g\u00fcltige Human Rights zu agieren. Da ist es nachvollziehbar, dass der Gesetzgeber diese Sorgfalt spezifiziert und regeln m\u00f6chte. Auch reagiert der Gesetzgeber&hellip;","og_url":"https:\/\/kath-akademie-bayern.de\/en\/mediathek-eintrag\/das-lieferkettensorgfaltspflichtengesetz-erste-erfahrungen-und-umgang-in-der-praxis\/","og_site_name":"Katholische Akademie in Bayern","article_publisher":"https:\/\/www.facebook.com\/katholische.akademie.bayern\/","og_image":[{"width":2560,"height":1440,"url":"https:\/\/kath-akademie-bayern.de\/wp-content\/uploads\/GlobHand_Flyerbild_c_Julius_Silver_von_Pixabay_Canva_2560x1440.jpg","type":"image\/jpeg"}],"twitter_card":"summary_large_image","twitter_misc":{"Estimated reading time":"6 minutes"},"schema":{"@context":"https:\/\/schema.org","@graph":[{"@type":"WebPage","@id":"https:\/\/kath-akademie-bayern.de\/mediathek-eintrag\/das-lieferkettensorgfaltspflichtengesetz-erste-erfahrungen-und-umgang-in-der-praxis\/","url":"https:\/\/kath-akademie-bayern.de\/mediathek-eintrag\/das-lieferkettensorgfaltspflichtengesetz-erste-erfahrungen-und-umgang-in-der-praxis\/","name":"Das Lieferkettensorgfaltspflichtengesetz - erste Erfahrungen und Umgang in der Praxis - Katholische Akademie in Bayern","isPartOf":{"@id":"https:\/\/kath-akademie-bayern.de\/#website"},"primaryImageOfPage":{"@id":"https:\/\/kath-akademie-bayern.de\/mediathek-eintrag\/das-lieferkettensorgfaltspflichtengesetz-erste-erfahrungen-und-umgang-in-der-praxis\/#primaryimage"},"image":{"@id":"https:\/\/kath-akademie-bayern.de\/mediathek-eintrag\/das-lieferkettensorgfaltspflichtengesetz-erste-erfahrungen-und-umgang-in-der-praxis\/#primaryimage"},"thumbnailUrl":"https:\/\/kath-akademie-bayern.de\/wp-content\/uploads\/GlobHand_Flyerbild_c_Julius_Silver_von_Pixabay_Canva_2560x1440.jpg","datePublished":"2025-03-28T08:42:32+00:00","breadcrumb":{"@id":"https:\/\/kath-akademie-bayern.de\/mediathek-eintrag\/das-lieferkettensorgfaltspflichtengesetz-erste-erfahrungen-und-umgang-in-der-praxis\/#breadcrumb"},"inLanguage":"en-GB","potentialAction":[{"@type":"ReadAction","target":["https:\/\/kath-akademie-bayern.de\/mediathek-eintrag\/das-lieferkettensorgfaltspflichtengesetz-erste-erfahrungen-und-umgang-in-der-praxis\/"]}]},{"@type":"ImageObject","inLanguage":"en-GB","@id":"https:\/\/kath-akademie-bayern.de\/mediathek-eintrag\/das-lieferkettensorgfaltspflichtengesetz-erste-erfahrungen-und-umgang-in-der-praxis\/#primaryimage","url":"https:\/\/kath-akademie-bayern.de\/wp-content\/uploads\/GlobHand_Flyerbild_c_Julius_Silver_von_Pixabay_Canva_2560x1440.jpg","contentUrl":"https:\/\/kath-akademie-bayern.de\/wp-content\/uploads\/GlobHand_Flyerbild_c_Julius_Silver_von_Pixabay_Canva_2560x1440.jpg","width":2560,"height":1440},{"@type":"BreadcrumbList","@id":"https:\/\/kath-akademie-bayern.de\/mediathek-eintrag\/das-lieferkettensorgfaltspflichtengesetz-erste-erfahrungen-und-umgang-in-der-praxis\/#breadcrumb","itemListElement":[{"@type":"ListItem","position":1,"name":"Startseite","item":"https:\/\/kath-akademie-bayern.de\/"},{"@type":"ListItem","position":2,"name":"Das Lieferkettensorgfaltspflichtengesetz &#8211; erste Erfahrungen und Umgang in der Praxis"}]},{"@type":"WebSite","@id":"https:\/\/kath-akademie-bayern.de\/#website","url":"https:\/\/kath-akademie-bayern.de\/","name":"Catholic Academy in Bavaria","description":"Church needs debate: \"catholic\" looking at the whole - and \"academic\" trusting in the power of arguments","publisher":{"@id":"https:\/\/kath-akademie-bayern.de\/#organization"},"potentialAction":[{"@type":"SearchAction","target":{"@type":"EntryPoint","urlTemplate":"https:\/\/kath-akademie-bayern.de\/?s={search_term_string}"},"query-input":{"@type":"PropertyValueSpecification","valueRequired":true,"valueName":"search_term_string"}}],"inLanguage":"en-GB"},{"@type":"Organization","@id":"https:\/\/kath-akademie-bayern.de\/#organization","name":"Catholic Academy in Bavaria","url":"https:\/\/kath-akademie-bayern.de\/","logo":{"@type":"ImageObject","inLanguage":"en-GB","@id":"https:\/\/kath-akademie-bayern.de\/#\/schema\/logo\/image\/","url":"https:\/\/kath-akademie-bayern.de\/wp-content\/uploads\/Menue-Logo-Home@2x.png","contentUrl":"https:\/\/kath-akademie-bayern.de\/wp-content\/uploads\/Menue-Logo-Home@2x.png","width":496,"height":216,"caption":"Katholische Akademie in Bayern"},"image":{"@id":"https:\/\/kath-akademie-bayern.de\/#\/schema\/logo\/image\/"},"sameAs":["https:\/\/www.facebook.com\/katholische.akademie.bayern\/"]}]}},"_links":{"self":[{"href":"https:\/\/kath-akademie-bayern.de\/en\/wp-json\/wp\/v2\/media-library\/103119","targetHints":{"allow":["GET"]}}],"collection":[{"href":"https:\/\/kath-akademie-bayern.de\/en\/wp-json\/wp\/v2\/media-library"}],"about":[{"href":"https:\/\/kath-akademie-bayern.de\/en\/wp-json\/wp\/v2\/types\/media-library"}],"author":[{"embeddable":true,"href":"https:\/\/kath-akademie-bayern.de\/en\/wp-json\/wp\/v2\/users\/5"}],"version-history":[{"count":1,"href":"https:\/\/kath-akademie-bayern.de\/en\/wp-json\/wp\/v2\/media-library\/103119\/revisions"}],"predecessor-version":[{"id":103120,"href":"https:\/\/kath-akademie-bayern.de\/en\/wp-json\/wp\/v2\/media-library\/103119\/revisions\/103120"}],"wp:featuredmedia":[{"embeddable":true,"href":"https:\/\/kath-akademie-bayern.de\/en\/wp-json\/wp\/v2\/media\/103008"}],"wp:attachment":[{"href":"https:\/\/kath-akademie-bayern.de\/en\/wp-json\/wp\/v2\/media?parent=103119"}],"curies":[{"name":"wp","href":"https:\/\/api.w.org\/{rel}","templated":true}]}}