{"id":103829,"date":"2025-04-10T15:35:56","date_gmt":"2025-04-10T13:35:56","guid":{"rendered":"https:\/\/kath-akademie-bayern.de\/?post_type=media-library&#038;p=103829"},"modified":"2025-04-10T15:35:58","modified_gmt":"2025-04-10T13:35:58","slug":"journalistenadvent-palaeopathologe-spricht-ueber-wilhelm-von-jordan","status":"publish","type":"media-library","link":"https:\/\/kath-akademie-bayern.de\/en\/mediathek-eintrag\/journalistenadvent-palaeopathologe-spricht-ueber-wilhelm-von-jordan\/","title":{"rendered":"Journalistenadvent"},"content":{"rendered":"<p class=\"fliess-ERSTER\"><span class=\"Initiale CharOverride-46\">A<\/span>m 4. Dezember 2024 hatte die Katholische Akademie in Bayern zum Adventlichen Abend f\u00fcr Journalisten in die Romano-Guardini-Bibliothek im Schloss Suresnes geladen. Der Einladung waren rund 50 Medienschaffende gefolgt. An diesem Abend pr\u00e4sentierte der Pathologe Prof. Dr. Andreas Nerlich die Ergebnisse seiner Forschung: Er hatte die Gelegenheit, die Mumie von Wilhelm von Jordan, einem fr\u00fcheren Besitzer des Schlosses, zu untersuchen. Dabei brachte er Erstaunliches zu Tage. Im Anschluss an diesen interessanten Vortrag trafen sich die Anwesenden im Schlossrundell zum Austausch in lockerer Runde.<\/p>\n<p class=\"fliess\">In der umfangreichen Recherche konnte die Geschichte des jungen Preu\u00dfen Wilhelm von Jordan aufgedeckt werden, der nach Bayern kam, um sein Gl\u00fcck zu machen. Nachdem Jordan vergeblich versucht hatte, in diplomatischen Diensten des preu\u00dfischen K\u00f6nigs Karriere zu machen, wechselte er nach Bayern und wurde vom Diplomaten zum Milit\u00e4r.<\/p>\n<p class=\"fliess\">Durch K\u00fchnheit auf dem Schlachtfeld, Treue und diplomatisches Geschick und Dienste verschiedenster Art machte sich dieser beim bayerischen Herrscher \u2013 den Napoleon 1806 zum K\u00f6nig Max I. Joseph machte \u2013 unentbehrlich. Entlohnt wurde Wilhelm von Jordan dies mit einem bayerischen Freiherrentitel und mehrfachen erheblichen finanziellen Verg\u00fcnstigungen, die es ihm erlaubten, schlie\u00dflich standesgem\u00e4\u00df die Hofdame Gr\u00e4fin Violante von Sandizell zu heiraten, dies wohl auch aus einem k\u00f6niglichen Hintergedanken: Jordan scheute sich nicht, die Geburt der ersten Tochter Carolina f\u00fcr einen fast schon kriminellen Coup gegen\u00fcber dem bayerischen K\u00f6nig auszunutzen, als er diesem unterstellte, der Vater der ersten Schwangerschaft von Violante von Sandizell zu sein. Wie der K\u00f6nig zugab, w\u00e4re diese Konstellation wohl nicht unm\u00f6glich gewesen, so bot sich Jordan an, die Schwangere zu heiraten und mit ihr und dem noch ungeborenen Kind zeitweise nach Neapel \u201eauszuweichen\u201c. Zur\u00fcck in Bayern und mit der k\u00f6niglichen Unterst\u00fctzung konnte er sein Schlossgut Wackerstein an der Donau erweitern und ausbauen. Dabei war sein Weg auch mit zahlreichen (teils juristischen, teils pers\u00f6nlichen) Auseinandersetzungen gepflastert.<\/p>\n<p class=\"fliess\">Immerhin konnte der einst mittellose Jordan zum Ende seines Lebens hin nicht nur das Gut Wackerstein bei Ingolstadt, sondern auch das Schl\u00f6sschen Suresnes in Schwabing und in Andechs das ehemalige Klostergut samt Br\u00e4uhaus und Klostergut sein Eigen nennen.<\/p>\n<p class=\"fliess\">Doch alles Irdische ist nicht von Dauer. Jordans einziger Sohn starb jung und ohne Nachkommen. Aller Besitz wurde von Jordans Witwe Violante verkauft. Geblieben ist das Portr\u00e4t von Wilhelms und Violantes Tochter Mathilde in der Sch\u00f6nheitengalerie von K\u00f6nig Ludwig I. in Nymphenburg. Geblieben sind auch die Mumien der Familie Jordan in ihrer kleinen Gruft bei Wackerstein.<\/p>\n<p class=\"fliess\">Die sehr gut erhaltenen Mumien von Wilhelm von Jordan, der kleinen Carolina, dem Sohn Max und letztlich seiner Frau Violante boten einer naturwissenschaftlichen Untersuchung Zugang zu einer F\u00fclle von Daten und Fakten, die die Lebenswege, insbesondere deren letzte Strecken, und die Todesursachen aufdecken konnten, so dass eine umfassende Biografie dieser bayerischen Adelsfamilie nachgezeichnet werden konnte. Es entstand eine interdisziplin\u00e4re spannende Geschichte aus dem Adelsleben in der ersten H\u00e4lfte des 19. Jahrhunderts.<\/p>","protected":false},"excerpt":{"rendered":"<p>Am 4. Dezember 2024 hatte die Katholische Akademie in Bayern zum Adventlichen Abend f\u00fcr Journalisten in die Romano-Guardini-Bibliothek im Schloss Suresnes geladen. Der Einladung waren rund 50 Medienschaffende gefolgt. An diesem Abend pr\u00e4sentierte der Pathologe Prof. Dr. Andreas Nerlich die Ergebnisse seiner Forschung: Er hatte die Gelegenheit, die Mumie von Wilhelm von Jordan, einem fr\u00fcheren&hellip;<\/p>","protected":false},"author":5,"featured_media":95612,"menu_order":581,"template":"","meta":{"_relevanssi_hide_post":"","_relevanssi_hide_content":"","_relevanssi_pin_for_all":"","_relevanssi_pin_keywords":"","_relevanssi_unpin_keywords":"","_relevanssi_related_keywords":"","_relevanssi_related_include_ids":"","_relevanssi_related_exclude_ids":"","_relevanssi_related_no_append":"","_relevanssi_related_not_related":"","_relevanssi_related_posts":"","_relevanssi_noindex_reason":"","footnotes":""},"class_list":["post-103829","media-library","type-media-library","status-publish","has-post-thumbnail","hentry"],"yoast_head":"<!-- This site is optimized with the Yoast SEO plugin v27.4 - https:\/\/yoast.com\/product\/yoast-seo-wordpress\/ -->\n<title>Journalistenadvent - Katholische Akademie in Bayern<\/title>\n<meta name=\"robots\" content=\"index, follow, max-snippet:-1, max-image-preview:large, max-video-preview:-1\" \/>\n<link rel=\"canonical\" href=\"https:\/\/kath-akademie-bayern.de\/en\/mediathek-eintrag\/journalistenadvent-palaeopathologe-spricht-ueber-wilhelm-von-jordan\/\" \/>\n<meta property=\"og:locale\" content=\"en_GB\" \/>\n<meta property=\"og:type\" content=\"article\" \/>\n<meta property=\"og:title\" content=\"Journalistenadvent - Katholische Akademie in Bayern\" \/>\n<meta property=\"og:description\" content=\"Am 4. Dezember 2024 hatte die Katholische Akademie in Bayern zum Adventlichen Abend f\u00fcr Journalisten in die Romano-Guardini-Bibliothek im Schloss Suresnes geladen. Der Einladung waren rund 50 Medienschaffende gefolgt. An diesem Abend pr\u00e4sentierte der Pathologe Prof. Dr. Andreas Nerlich die Ergebnisse seiner Forschung: Er hatte die Gelegenheit, die Mumie von Wilhelm von Jordan, einem fr\u00fcheren&hellip;\" \/>\n<meta property=\"og:url\" content=\"https:\/\/kath-akademie-bayern.de\/en\/mediathek-eintrag\/journalistenadvent-palaeopathologe-spricht-ueber-wilhelm-von-jordan\/\" \/>\n<meta property=\"og:site_name\" content=\"Katholische Akademie in Bayern\" \/>\n<meta property=\"article:publisher\" content=\"https:\/\/www.facebook.com\/katholische.akademie.bayern\/\" \/>\n<meta property=\"article:modified_time\" content=\"2025-04-10T13:35:58+00:00\" \/>\n<meta property=\"og:image\" content=\"https:\/\/kath-akademie-bayern.de\/wp-content\/uploads\/Literatur_iStock-1158413597_FabrikaCr_2560x1440.jpg\" \/>\n\t<meta property=\"og:image:width\" content=\"2560\" \/>\n\t<meta property=\"og:image:height\" content=\"1440\" \/>\n\t<meta property=\"og:image:type\" content=\"image\/jpeg\" \/>\n<meta name=\"twitter:card\" content=\"summary_large_image\" \/>\n<meta name=\"twitter:label1\" content=\"Estimated reading time\" \/>\n\t<meta name=\"twitter:data1\" content=\"3 minutes\" \/>\n<script type=\"application\/ld+json\" class=\"yoast-schema-graph\">{\"@context\":\"https:\\\/\\\/schema.org\",\"@graph\":[{\"@type\":\"WebPage\",\"@id\":\"https:\\\/\\\/kath-akademie-bayern.de\\\/mediathek-eintrag\\\/journalistenadvent-palaeopathologe-spricht-ueber-wilhelm-von-jordan\\\/\",\"url\":\"https:\\\/\\\/kath-akademie-bayern.de\\\/mediathek-eintrag\\\/journalistenadvent-palaeopathologe-spricht-ueber-wilhelm-von-jordan\\\/\",\"name\":\"Journalistenadvent - Katholische Akademie in Bayern\",\"isPartOf\":{\"@id\":\"https:\\\/\\\/kath-akademie-bayern.de\\\/#website\"},\"primaryImageOfPage\":{\"@id\":\"https:\\\/\\\/kath-akademie-bayern.de\\\/mediathek-eintrag\\\/journalistenadvent-palaeopathologe-spricht-ueber-wilhelm-von-jordan\\\/#primaryimage\"},\"image\":{\"@id\":\"https:\\\/\\\/kath-akademie-bayern.de\\\/mediathek-eintrag\\\/journalistenadvent-palaeopathologe-spricht-ueber-wilhelm-von-jordan\\\/#primaryimage\"},\"thumbnailUrl\":\"https:\\\/\\\/kath-akademie-bayern.de\\\/wp-content\\\/uploads\\\/Literatur_iStock-1158413597_FabrikaCr_2560x1440.jpg\",\"datePublished\":\"2025-04-10T13:35:56+00:00\",\"dateModified\":\"2025-04-10T13:35:58+00:00\",\"breadcrumb\":{\"@id\":\"https:\\\/\\\/kath-akademie-bayern.de\\\/mediathek-eintrag\\\/journalistenadvent-palaeopathologe-spricht-ueber-wilhelm-von-jordan\\\/#breadcrumb\"},\"inLanguage\":\"en-GB\",\"potentialAction\":[{\"@type\":\"ReadAction\",\"target\":[\"https:\\\/\\\/kath-akademie-bayern.de\\\/mediathek-eintrag\\\/journalistenadvent-palaeopathologe-spricht-ueber-wilhelm-von-jordan\\\/\"]}]},{\"@type\":\"ImageObject\",\"inLanguage\":\"en-GB\",\"@id\":\"https:\\\/\\\/kath-akademie-bayern.de\\\/mediathek-eintrag\\\/journalistenadvent-palaeopathologe-spricht-ueber-wilhelm-von-jordan\\\/#primaryimage\",\"url\":\"https:\\\/\\\/kath-akademie-bayern.de\\\/wp-content\\\/uploads\\\/Literatur_iStock-1158413597_FabrikaCr_2560x1440.jpg\",\"contentUrl\":\"https:\\\/\\\/kath-akademie-bayern.de\\\/wp-content\\\/uploads\\\/Literatur_iStock-1158413597_FabrikaCr_2560x1440.jpg\",\"width\":2560,\"height\":1440},{\"@type\":\"BreadcrumbList\",\"@id\":\"https:\\\/\\\/kath-akademie-bayern.de\\\/mediathek-eintrag\\\/journalistenadvent-palaeopathologe-spricht-ueber-wilhelm-von-jordan\\\/#breadcrumb\",\"itemListElement\":[{\"@type\":\"ListItem\",\"position\":1,\"name\":\"Startseite\",\"item\":\"https:\\\/\\\/kath-akademie-bayern.de\\\/\"},{\"@type\":\"ListItem\",\"position\":2,\"name\":\"Journalistenadvent\"}]},{\"@type\":\"WebSite\",\"@id\":\"https:\\\/\\\/kath-akademie-bayern.de\\\/#website\",\"url\":\"https:\\\/\\\/kath-akademie-bayern.de\\\/\",\"name\":\"Katholische Akademie in Bayern\",\"description\":\"Kirche braucht Debatte: \u201ekatholisch\u201c mit Blick auf das Ganze \u2013 und \u201eakademisch\u201c im Vertrauen auf die Kraft der Argumente\",\"publisher\":{\"@id\":\"https:\\\/\\\/kath-akademie-bayern.de\\\/#organization\"},\"potentialAction\":[{\"@type\":\"SearchAction\",\"target\":{\"@type\":\"EntryPoint\",\"urlTemplate\":\"https:\\\/\\\/kath-akademie-bayern.de\\\/?s={search_term_string}\"},\"query-input\":{\"@type\":\"PropertyValueSpecification\",\"valueRequired\":true,\"valueName\":\"search_term_string\"}}],\"inLanguage\":\"en-GB\"},{\"@type\":\"Organization\",\"@id\":\"https:\\\/\\\/kath-akademie-bayern.de\\\/#organization\",\"name\":\"Katholische Akademie in Bayern\",\"url\":\"https:\\\/\\\/kath-akademie-bayern.de\\\/\",\"logo\":{\"@type\":\"ImageObject\",\"inLanguage\":\"en-GB\",\"@id\":\"https:\\\/\\\/kath-akademie-bayern.de\\\/#\\\/schema\\\/logo\\\/image\\\/\",\"url\":\"https:\\\/\\\/kath-akademie-bayern.de\\\/wp-content\\\/uploads\\\/Menue-Logo-Home@2x.png\",\"contentUrl\":\"https:\\\/\\\/kath-akademie-bayern.de\\\/wp-content\\\/uploads\\\/Menue-Logo-Home@2x.png\",\"width\":496,\"height\":216,\"caption\":\"Katholische Akademie in Bayern\"},\"image\":{\"@id\":\"https:\\\/\\\/kath-akademie-bayern.de\\\/#\\\/schema\\\/logo\\\/image\\\/\"},\"sameAs\":[\"https:\\\/\\\/www.facebook.com\\\/katholische.akademie.bayern\\\/\"]}]}<\/script>\n<!-- \/ Yoast SEO plugin. -->","yoast_head_json":{"title":"Journalistenadvent - Katholische Akademie in Bayern","robots":{"index":"index","follow":"follow","max-snippet":"max-snippet:-1","max-image-preview":"max-image-preview:large","max-video-preview":"max-video-preview:-1"},"canonical":"https:\/\/kath-akademie-bayern.de\/en\/mediathek-eintrag\/journalistenadvent-palaeopathologe-spricht-ueber-wilhelm-von-jordan\/","og_locale":"en_GB","og_type":"article","og_title":"Journalistenadvent - Katholische Akademie in Bayern","og_description":"Am 4. Dezember 2024 hatte die Katholische Akademie in Bayern zum Adventlichen Abend f\u00fcr Journalisten in die Romano-Guardini-Bibliothek im Schloss Suresnes geladen. Der Einladung waren rund 50 Medienschaffende gefolgt. An diesem Abend pr\u00e4sentierte der Pathologe Prof. Dr. Andreas Nerlich die Ergebnisse seiner Forschung: Er hatte die Gelegenheit, die Mumie von Wilhelm von Jordan, einem fr\u00fcheren&hellip;","og_url":"https:\/\/kath-akademie-bayern.de\/en\/mediathek-eintrag\/journalistenadvent-palaeopathologe-spricht-ueber-wilhelm-von-jordan\/","og_site_name":"Katholische Akademie in Bayern","article_publisher":"https:\/\/www.facebook.com\/katholische.akademie.bayern\/","article_modified_time":"2025-04-10T13:35:58+00:00","og_image":[{"width":2560,"height":1440,"url":"https:\/\/kath-akademie-bayern.de\/wp-content\/uploads\/Literatur_iStock-1158413597_FabrikaCr_2560x1440.jpg","type":"image\/jpeg"}],"twitter_card":"summary_large_image","twitter_misc":{"Estimated reading time":"3 minutes"},"schema":{"@context":"https:\/\/schema.org","@graph":[{"@type":"WebPage","@id":"https:\/\/kath-akademie-bayern.de\/mediathek-eintrag\/journalistenadvent-palaeopathologe-spricht-ueber-wilhelm-von-jordan\/","url":"https:\/\/kath-akademie-bayern.de\/mediathek-eintrag\/journalistenadvent-palaeopathologe-spricht-ueber-wilhelm-von-jordan\/","name":"Journalistenadvent - Katholische Akademie in Bayern","isPartOf":{"@id":"https:\/\/kath-akademie-bayern.de\/#website"},"primaryImageOfPage":{"@id":"https:\/\/kath-akademie-bayern.de\/mediathek-eintrag\/journalistenadvent-palaeopathologe-spricht-ueber-wilhelm-von-jordan\/#primaryimage"},"image":{"@id":"https:\/\/kath-akademie-bayern.de\/mediathek-eintrag\/journalistenadvent-palaeopathologe-spricht-ueber-wilhelm-von-jordan\/#primaryimage"},"thumbnailUrl":"https:\/\/kath-akademie-bayern.de\/wp-content\/uploads\/Literatur_iStock-1158413597_FabrikaCr_2560x1440.jpg","datePublished":"2025-04-10T13:35:56+00:00","dateModified":"2025-04-10T13:35:58+00:00","breadcrumb":{"@id":"https:\/\/kath-akademie-bayern.de\/mediathek-eintrag\/journalistenadvent-palaeopathologe-spricht-ueber-wilhelm-von-jordan\/#breadcrumb"},"inLanguage":"en-GB","potentialAction":[{"@type":"ReadAction","target":["https:\/\/kath-akademie-bayern.de\/mediathek-eintrag\/journalistenadvent-palaeopathologe-spricht-ueber-wilhelm-von-jordan\/"]}]},{"@type":"ImageObject","inLanguage":"en-GB","@id":"https:\/\/kath-akademie-bayern.de\/mediathek-eintrag\/journalistenadvent-palaeopathologe-spricht-ueber-wilhelm-von-jordan\/#primaryimage","url":"https:\/\/kath-akademie-bayern.de\/wp-content\/uploads\/Literatur_iStock-1158413597_FabrikaCr_2560x1440.jpg","contentUrl":"https:\/\/kath-akademie-bayern.de\/wp-content\/uploads\/Literatur_iStock-1158413597_FabrikaCr_2560x1440.jpg","width":2560,"height":1440},{"@type":"BreadcrumbList","@id":"https:\/\/kath-akademie-bayern.de\/mediathek-eintrag\/journalistenadvent-palaeopathologe-spricht-ueber-wilhelm-von-jordan\/#breadcrumb","itemListElement":[{"@type":"ListItem","position":1,"name":"Startseite","item":"https:\/\/kath-akademie-bayern.de\/"},{"@type":"ListItem","position":2,"name":"Journalistenadvent"}]},{"@type":"WebSite","@id":"https:\/\/kath-akademie-bayern.de\/#website","url":"https:\/\/kath-akademie-bayern.de\/","name":"Catholic Academy in Bavaria","description":"Church needs debate: \"catholic\" looking at the whole - and \"academic\" trusting in the power of arguments","publisher":{"@id":"https:\/\/kath-akademie-bayern.de\/#organization"},"potentialAction":[{"@type":"SearchAction","target":{"@type":"EntryPoint","urlTemplate":"https:\/\/kath-akademie-bayern.de\/?s={search_term_string}"},"query-input":{"@type":"PropertyValueSpecification","valueRequired":true,"valueName":"search_term_string"}}],"inLanguage":"en-GB"},{"@type":"Organization","@id":"https:\/\/kath-akademie-bayern.de\/#organization","name":"Catholic Academy in Bavaria","url":"https:\/\/kath-akademie-bayern.de\/","logo":{"@type":"ImageObject","inLanguage":"en-GB","@id":"https:\/\/kath-akademie-bayern.de\/#\/schema\/logo\/image\/","url":"https:\/\/kath-akademie-bayern.de\/wp-content\/uploads\/Menue-Logo-Home@2x.png","contentUrl":"https:\/\/kath-akademie-bayern.de\/wp-content\/uploads\/Menue-Logo-Home@2x.png","width":496,"height":216,"caption":"Katholische Akademie in Bayern"},"image":{"@id":"https:\/\/kath-akademie-bayern.de\/#\/schema\/logo\/image\/"},"sameAs":["https:\/\/www.facebook.com\/katholische.akademie.bayern\/"]}]}},"_links":{"self":[{"href":"https:\/\/kath-akademie-bayern.de\/en\/wp-json\/wp\/v2\/media-library\/103829","targetHints":{"allow":["GET"]}}],"collection":[{"href":"https:\/\/kath-akademie-bayern.de\/en\/wp-json\/wp\/v2\/media-library"}],"about":[{"href":"https:\/\/kath-akademie-bayern.de\/en\/wp-json\/wp\/v2\/types\/media-library"}],"author":[{"embeddable":true,"href":"https:\/\/kath-akademie-bayern.de\/en\/wp-json\/wp\/v2\/users\/5"}],"version-history":[{"count":1,"href":"https:\/\/kath-akademie-bayern.de\/en\/wp-json\/wp\/v2\/media-library\/103829\/revisions"}],"predecessor-version":[{"id":103830,"href":"https:\/\/kath-akademie-bayern.de\/en\/wp-json\/wp\/v2\/media-library\/103829\/revisions\/103830"}],"wp:featuredmedia":[{"embeddable":true,"href":"https:\/\/kath-akademie-bayern.de\/en\/wp-json\/wp\/v2\/media\/95612"}],"wp:attachment":[{"href":"https:\/\/kath-akademie-bayern.de\/en\/wp-json\/wp\/v2\/media?parent=103829"}],"curies":[{"name":"wp","href":"https:\/\/api.w.org\/{rel}","templated":true}]}}