{"id":103831,"date":"2025-04-10T15:41:26","date_gmt":"2025-04-10T13:41:26","guid":{"rendered":"https:\/\/kath-akademie-bayern.de\/?post_type=media-library&#038;p=103831"},"modified":"2025-04-10T15:41:27","modified_gmt":"2025-04-10T13:41:27","slug":"keine-kirche-der-zukunft-der-kirche-ohne-kunst-oekumenischer-kunstempfang","status":"publish","type":"media-library","link":"https:\/\/kath-akademie-bayern.de\/en\/mediathek-eintrag\/keine-kirche-der-zukunft-der-kirche-ohne-kunst-oekumenischer-kunstempfang\/","title":{"rendered":"Keine Kirche der Zukunft der Kirche ohne Kunst"},"content":{"rendered":"<p class=\"fliess-ERSTER\"><span class=\"Initiale CharOverride-46\">D<\/span>er Erzbischof von M\u00fcnchen und Freising, Kardinal Reinhard Marx, und der Regionalbischof im evangelisch-lutherischen Kirchenkreis M\u00fcnchen, Thomas Prieto Peral, haben beim zweiten \u00d6kumenischen Kunstempfang am 18. Oktober 2024 in M\u00fcnchen den Beitrag von Kulturschaffenden f\u00fcr das religi\u00f6se Leben gew\u00fcrdigt. \u201eIch kann mir ein Leben ohne Kunst nicht vorstellen\u201c, bekannte Marx in der Katholischen Akademie. \u201eAuch das religi\u00f6se Leben ist immer mit Kunst verbunden.\u201c Der Erzbischof unterstrich: \u201eEs gibt keine Kirche der Zukunft ohne Kunst und umgekehrt.\u201c<\/p>\n<p class=\"fliess\">Prieto Peral sagte, der Abend diene auch dazu, den K\u00fcnstlerinnen und K\u00fcnstlern \u201ezu danken f\u00fcr alles, was sie schaffen\u201c. Kunst f\u00e4nde er \u201edann stark, wenn sie sp\u00fcren l\u00e4sst, wie die Seele ihre Fesseln abwerfen kann. Kunst ist stark, wenn sie den Blick aus der Gasse zu den Sternen f\u00fchrt. Das interessiert mich als Christ, und da haben Kunst und Kirche ihr gemeinsames Thema.\u201c<\/p>\n<p class=\"fliess\">Der Abend stand unter dem Motto\u00a0<span class=\"CharOverride-7\">Die Gasse ist halt kein Argument gegen die Sterne<\/span>, angelehnt an \u00dcberlegungen des Theaterregisseurs Ersan Mondtag \u00fcber die Hoffnung; ausgehend davon stand die Frage im Zentrum: \u201eGlauben wir noch an die Zukunft?\u201c Hierzu diskutierten die Pr\u00e4sidentin der Bayerischen<br \/>\nTheaterakademie August Everding, Barbara Gronau; J\u00f6rg Lauster, Professor am Lehrstuhl f\u00fcr Dogmatik, Religionsphilosophie und \u00d6kumene der Evangelisch-Theologischen Fakult\u00e4t der Ludwig-Maximilians-Universit\u00e4t M\u00fcnchen; Bastian Maria Meindl, Student an der Akademie der Bildenden K\u00fcnste M\u00fcnchen, und Theaterregisseur Mondtag, der den Deutschen Pavillon auf der 60. Kunstbiennale Venedig gestaltet hat. Die Moderation \u00fcbernahm Guido Schlimbach, der K\u00fcnstlerische Leiter der Kunst-Station Sankt Peter K\u00f6ln, einem sp\u00e4tgotischen Kirchenraum, der von zeitgen\u00f6ssischen Kunstschaffenden bespielt wird.<\/p>\n<p class=\"fliess\">Achim Budde, der Direktor der Katholischen Akademie in Bayern, die den Kunstempfang mitveranstaltet hatte, nannte es \u201efast schon einen politischen Lackmustest\u201c, ob Religionen f\u00fcr m\u00f6gliche Irritationen, die Kunst ausl\u00f6sen k\u00f6nnten, offen seien. \u201eSowohl Kunst wie Kirche k\u00f6nnen wie funkelnde Sterne Hoffnung geben\u201c, zeigte er sich \u00fcberzeugt.<\/p>\n<p class=\"fliess\">Georgios Vlantis, Gesch\u00e4ftsf\u00fchrer der Arbeitsgemeinschaft Christlicher Kirchen in Bayern, betonte, die \u201echristliche Polychromie\u201c in Form der verschiedenen christlichen Kirchen zeige sich auch k\u00fcnstlerisch. \u201eDie \u00d6kumene hat auch eine \u00e4sthetische Dimension. \u00d6kumene und Sch\u00f6nheit gehen zusammen.\u201c<\/p>\n<p class=\"fliess\">Musikalisch gestaltet wurde der Kunstempfang von Kirchenmusikdirektor Michael Roth am Fl\u00fcgel zusammen mit Stefania Bille, Gesang, und Rafael Alc\u00e1ntara, Saxophon. In den R\u00e4umen waren Werke von Sch\u00fclerinnen und Sch\u00fclern der Klasse Anke Doberauer der Akademie der Bildenden K\u00fcnste M\u00fcnchen zu sehen.<\/p>","protected":false},"excerpt":{"rendered":"<p>Der Erzbischof von M\u00fcnchen und Freising, Kardinal Reinhard Marx, und der Regionalbischof im evangelisch-lutherischen Kirchenkreis M\u00fcnchen, Thomas Prieto Peral, haben beim zweiten \u00d6kumenischen Kunstempfang am 18. Oktober 2024 in M\u00fcnchen den Beitrag von Kulturschaffenden f\u00fcr das religi\u00f6se Leben gew\u00fcrdigt. \u201eIch kann mir ein Leben ohne Kunst nicht vorstellen\u201c, bekannte Marx in der Katholischen Akademie. \u201eAuch&hellip;<\/p>","protected":false},"author":5,"featured_media":84961,"menu_order":580,"template":"","meta":{"_relevanssi_hide_post":"","_relevanssi_hide_content":"","_relevanssi_pin_for_all":"","_relevanssi_pin_keywords":"","_relevanssi_unpin_keywords":"","_relevanssi_related_keywords":"","_relevanssi_related_include_ids":"","_relevanssi_related_exclude_ids":"","_relevanssi_related_no_append":"","_relevanssi_related_not_related":"","_relevanssi_related_posts":"","_relevanssi_noindex_reason":"","footnotes":""},"class_list":["post-103831","media-library","type-media-library","status-publish","has-post-thumbnail","hentry"],"yoast_head":"<!-- This site is optimized with the Yoast SEO plugin v27.4 - https:\/\/yoast.com\/product\/yoast-seo-wordpress\/ -->\n<title>Keine Kirche der Zukunft der Kirche ohne Kunst - Katholische Akademie in Bayern<\/title>\n<meta name=\"robots\" content=\"index, follow, max-snippet:-1, max-image-preview:large, max-video-preview:-1\" \/>\n<link rel=\"canonical\" href=\"https:\/\/kath-akademie-bayern.de\/en\/mediathek-eintrag\/keine-kirche-der-zukunft-der-kirche-ohne-kunst-oekumenischer-kunstempfang\/\" \/>\n<meta property=\"og:locale\" content=\"en_GB\" \/>\n<meta property=\"og:type\" content=\"article\" \/>\n<meta property=\"og:title\" content=\"Keine Kirche der Zukunft der Kirche ohne Kunst - Katholische Akademie in Bayern\" \/>\n<meta property=\"og:description\" content=\"Der Erzbischof von M\u00fcnchen und Freising, Kardinal Reinhard Marx, und der Regionalbischof im evangelisch-lutherischen Kirchenkreis M\u00fcnchen, Thomas Prieto Peral, haben beim zweiten \u00d6kumenischen Kunstempfang am 18. Oktober 2024 in M\u00fcnchen den Beitrag von Kulturschaffenden f\u00fcr das religi\u00f6se Leben gew\u00fcrdigt. \u201eIch kann mir ein Leben ohne Kunst nicht vorstellen\u201c, bekannte Marx in der Katholischen Akademie. \u201eAuch&hellip;\" \/>\n<meta property=\"og:url\" content=\"https:\/\/kath-akademie-bayern.de\/en\/mediathek-eintrag\/keine-kirche-der-zukunft-der-kirche-ohne-kunst-oekumenischer-kunstempfang\/\" \/>\n<meta property=\"og:site_name\" content=\"Katholische Akademie in Bayern\" \/>\n<meta property=\"article:publisher\" content=\"https:\/\/www.facebook.com\/katholische.akademie.bayern\/\" \/>\n<meta property=\"article:modified_time\" content=\"2025-04-10T13:41:27+00:00\" \/>\n<meta property=\"og:image\" content=\"https:\/\/kath-akademie-bayern.de\/wp-content\/uploads\/2024-10-18-scaled.jpg\" \/>\n\t<meta property=\"og:image:width\" content=\"2560\" \/>\n\t<meta property=\"og:image:height\" content=\"1440\" \/>\n\t<meta property=\"og:image:type\" content=\"image\/jpeg\" \/>\n<meta name=\"twitter:card\" content=\"summary_large_image\" \/>\n<meta name=\"twitter:label1\" content=\"Estimated reading time\" \/>\n\t<meta name=\"twitter:data1\" content=\"3 minutes\" \/>\n<script type=\"application\/ld+json\" class=\"yoast-schema-graph\">{\"@context\":\"https:\\\/\\\/schema.org\",\"@graph\":[{\"@type\":\"WebPage\",\"@id\":\"https:\\\/\\\/kath-akademie-bayern.de\\\/mediathek-eintrag\\\/keine-kirche-der-zukunft-der-kirche-ohne-kunst-oekumenischer-kunstempfang\\\/\",\"url\":\"https:\\\/\\\/kath-akademie-bayern.de\\\/mediathek-eintrag\\\/keine-kirche-der-zukunft-der-kirche-ohne-kunst-oekumenischer-kunstempfang\\\/\",\"name\":\"Keine Kirche der Zukunft der Kirche ohne Kunst - Katholische Akademie in Bayern\",\"isPartOf\":{\"@id\":\"https:\\\/\\\/kath-akademie-bayern.de\\\/#website\"},\"primaryImageOfPage\":{\"@id\":\"https:\\\/\\\/kath-akademie-bayern.de\\\/mediathek-eintrag\\\/keine-kirche-der-zukunft-der-kirche-ohne-kunst-oekumenischer-kunstempfang\\\/#primaryimage\"},\"image\":{\"@id\":\"https:\\\/\\\/kath-akademie-bayern.de\\\/mediathek-eintrag\\\/keine-kirche-der-zukunft-der-kirche-ohne-kunst-oekumenischer-kunstempfang\\\/#primaryimage\"},\"thumbnailUrl\":\"https:\\\/\\\/kath-akademie-bayern.de\\\/wp-content\\\/uploads\\\/2024-10-18-scaled.jpg\",\"datePublished\":\"2025-04-10T13:41:26+00:00\",\"dateModified\":\"2025-04-10T13:41:27+00:00\",\"breadcrumb\":{\"@id\":\"https:\\\/\\\/kath-akademie-bayern.de\\\/mediathek-eintrag\\\/keine-kirche-der-zukunft-der-kirche-ohne-kunst-oekumenischer-kunstempfang\\\/#breadcrumb\"},\"inLanguage\":\"en-GB\",\"potentialAction\":[{\"@type\":\"ReadAction\",\"target\":[\"https:\\\/\\\/kath-akademie-bayern.de\\\/mediathek-eintrag\\\/keine-kirche-der-zukunft-der-kirche-ohne-kunst-oekumenischer-kunstempfang\\\/\"]}]},{\"@type\":\"ImageObject\",\"inLanguage\":\"en-GB\",\"@id\":\"https:\\\/\\\/kath-akademie-bayern.de\\\/mediathek-eintrag\\\/keine-kirche-der-zukunft-der-kirche-ohne-kunst-oekumenischer-kunstempfang\\\/#primaryimage\",\"url\":\"https:\\\/\\\/kath-akademie-bayern.de\\\/wp-content\\\/uploads\\\/2024-10-18-scaled.jpg\",\"contentUrl\":\"https:\\\/\\\/kath-akademie-bayern.de\\\/wp-content\\\/uploads\\\/2024-10-18-scaled.jpg\",\"width\":2560,\"height\":1440},{\"@type\":\"BreadcrumbList\",\"@id\":\"https:\\\/\\\/kath-akademie-bayern.de\\\/mediathek-eintrag\\\/keine-kirche-der-zukunft-der-kirche-ohne-kunst-oekumenischer-kunstempfang\\\/#breadcrumb\",\"itemListElement\":[{\"@type\":\"ListItem\",\"position\":1,\"name\":\"Startseite\",\"item\":\"https:\\\/\\\/kath-akademie-bayern.de\\\/\"},{\"@type\":\"ListItem\",\"position\":2,\"name\":\"Keine Kirche der Zukunft der Kirche ohne Kunst\"}]},{\"@type\":\"WebSite\",\"@id\":\"https:\\\/\\\/kath-akademie-bayern.de\\\/#website\",\"url\":\"https:\\\/\\\/kath-akademie-bayern.de\\\/\",\"name\":\"Katholische Akademie in Bayern\",\"description\":\"Kirche braucht Debatte: \u201ekatholisch\u201c mit Blick auf das Ganze \u2013 und \u201eakademisch\u201c im Vertrauen auf die Kraft der Argumente\",\"publisher\":{\"@id\":\"https:\\\/\\\/kath-akademie-bayern.de\\\/#organization\"},\"potentialAction\":[{\"@type\":\"SearchAction\",\"target\":{\"@type\":\"EntryPoint\",\"urlTemplate\":\"https:\\\/\\\/kath-akademie-bayern.de\\\/?s={search_term_string}\"},\"query-input\":{\"@type\":\"PropertyValueSpecification\",\"valueRequired\":true,\"valueName\":\"search_term_string\"}}],\"inLanguage\":\"en-GB\"},{\"@type\":\"Organization\",\"@id\":\"https:\\\/\\\/kath-akademie-bayern.de\\\/#organization\",\"name\":\"Katholische Akademie in Bayern\",\"url\":\"https:\\\/\\\/kath-akademie-bayern.de\\\/\",\"logo\":{\"@type\":\"ImageObject\",\"inLanguage\":\"en-GB\",\"@id\":\"https:\\\/\\\/kath-akademie-bayern.de\\\/#\\\/schema\\\/logo\\\/image\\\/\",\"url\":\"https:\\\/\\\/kath-akademie-bayern.de\\\/wp-content\\\/uploads\\\/Menue-Logo-Home@2x.png\",\"contentUrl\":\"https:\\\/\\\/kath-akademie-bayern.de\\\/wp-content\\\/uploads\\\/Menue-Logo-Home@2x.png\",\"width\":496,\"height\":216,\"caption\":\"Katholische Akademie in Bayern\"},\"image\":{\"@id\":\"https:\\\/\\\/kath-akademie-bayern.de\\\/#\\\/schema\\\/logo\\\/image\\\/\"},\"sameAs\":[\"https:\\\/\\\/www.facebook.com\\\/katholische.akademie.bayern\\\/\"]}]}<\/script>\n<!-- \/ Yoast SEO plugin. -->","yoast_head_json":{"title":"Keine Kirche der Zukunft der Kirche ohne Kunst - Katholische Akademie in Bayern","robots":{"index":"index","follow":"follow","max-snippet":"max-snippet:-1","max-image-preview":"max-image-preview:large","max-video-preview":"max-video-preview:-1"},"canonical":"https:\/\/kath-akademie-bayern.de\/en\/mediathek-eintrag\/keine-kirche-der-zukunft-der-kirche-ohne-kunst-oekumenischer-kunstempfang\/","og_locale":"en_GB","og_type":"article","og_title":"Keine Kirche der Zukunft der Kirche ohne Kunst - Katholische Akademie in Bayern","og_description":"Der Erzbischof von M\u00fcnchen und Freising, Kardinal Reinhard Marx, und der Regionalbischof im evangelisch-lutherischen Kirchenkreis M\u00fcnchen, Thomas Prieto Peral, haben beim zweiten \u00d6kumenischen Kunstempfang am 18. Oktober 2024 in M\u00fcnchen den Beitrag von Kulturschaffenden f\u00fcr das religi\u00f6se Leben gew\u00fcrdigt. \u201eIch kann mir ein Leben ohne Kunst nicht vorstellen\u201c, bekannte Marx in der Katholischen Akademie. \u201eAuch&hellip;","og_url":"https:\/\/kath-akademie-bayern.de\/en\/mediathek-eintrag\/keine-kirche-der-zukunft-der-kirche-ohne-kunst-oekumenischer-kunstempfang\/","og_site_name":"Katholische Akademie in Bayern","article_publisher":"https:\/\/www.facebook.com\/katholische.akademie.bayern\/","article_modified_time":"2025-04-10T13:41:27+00:00","og_image":[{"width":2560,"height":1440,"url":"https:\/\/kath-akademie-bayern.de\/wp-content\/uploads\/2024-10-18-scaled.jpg","type":"image\/jpeg"}],"twitter_card":"summary_large_image","twitter_misc":{"Estimated reading time":"3 minutes"},"schema":{"@context":"https:\/\/schema.org","@graph":[{"@type":"WebPage","@id":"https:\/\/kath-akademie-bayern.de\/mediathek-eintrag\/keine-kirche-der-zukunft-der-kirche-ohne-kunst-oekumenischer-kunstempfang\/","url":"https:\/\/kath-akademie-bayern.de\/mediathek-eintrag\/keine-kirche-der-zukunft-der-kirche-ohne-kunst-oekumenischer-kunstempfang\/","name":"Keine Kirche der Zukunft der Kirche ohne Kunst - Katholische Akademie in Bayern","isPartOf":{"@id":"https:\/\/kath-akademie-bayern.de\/#website"},"primaryImageOfPage":{"@id":"https:\/\/kath-akademie-bayern.de\/mediathek-eintrag\/keine-kirche-der-zukunft-der-kirche-ohne-kunst-oekumenischer-kunstempfang\/#primaryimage"},"image":{"@id":"https:\/\/kath-akademie-bayern.de\/mediathek-eintrag\/keine-kirche-der-zukunft-der-kirche-ohne-kunst-oekumenischer-kunstempfang\/#primaryimage"},"thumbnailUrl":"https:\/\/kath-akademie-bayern.de\/wp-content\/uploads\/2024-10-18-scaled.jpg","datePublished":"2025-04-10T13:41:26+00:00","dateModified":"2025-04-10T13:41:27+00:00","breadcrumb":{"@id":"https:\/\/kath-akademie-bayern.de\/mediathek-eintrag\/keine-kirche-der-zukunft-der-kirche-ohne-kunst-oekumenischer-kunstempfang\/#breadcrumb"},"inLanguage":"en-GB","potentialAction":[{"@type":"ReadAction","target":["https:\/\/kath-akademie-bayern.de\/mediathek-eintrag\/keine-kirche-der-zukunft-der-kirche-ohne-kunst-oekumenischer-kunstempfang\/"]}]},{"@type":"ImageObject","inLanguage":"en-GB","@id":"https:\/\/kath-akademie-bayern.de\/mediathek-eintrag\/keine-kirche-der-zukunft-der-kirche-ohne-kunst-oekumenischer-kunstempfang\/#primaryimage","url":"https:\/\/kath-akademie-bayern.de\/wp-content\/uploads\/2024-10-18-scaled.jpg","contentUrl":"https:\/\/kath-akademie-bayern.de\/wp-content\/uploads\/2024-10-18-scaled.jpg","width":2560,"height":1440},{"@type":"BreadcrumbList","@id":"https:\/\/kath-akademie-bayern.de\/mediathek-eintrag\/keine-kirche-der-zukunft-der-kirche-ohne-kunst-oekumenischer-kunstempfang\/#breadcrumb","itemListElement":[{"@type":"ListItem","position":1,"name":"Startseite","item":"https:\/\/kath-akademie-bayern.de\/"},{"@type":"ListItem","position":2,"name":"Keine Kirche der Zukunft der Kirche ohne Kunst"}]},{"@type":"WebSite","@id":"https:\/\/kath-akademie-bayern.de\/#website","url":"https:\/\/kath-akademie-bayern.de\/","name":"Catholic Academy in Bavaria","description":"Church needs debate: \"catholic\" looking at the whole - and \"academic\" trusting in the power of arguments","publisher":{"@id":"https:\/\/kath-akademie-bayern.de\/#organization"},"potentialAction":[{"@type":"SearchAction","target":{"@type":"EntryPoint","urlTemplate":"https:\/\/kath-akademie-bayern.de\/?s={search_term_string}"},"query-input":{"@type":"PropertyValueSpecification","valueRequired":true,"valueName":"search_term_string"}}],"inLanguage":"en-GB"},{"@type":"Organization","@id":"https:\/\/kath-akademie-bayern.de\/#organization","name":"Catholic Academy in Bavaria","url":"https:\/\/kath-akademie-bayern.de\/","logo":{"@type":"ImageObject","inLanguage":"en-GB","@id":"https:\/\/kath-akademie-bayern.de\/#\/schema\/logo\/image\/","url":"https:\/\/kath-akademie-bayern.de\/wp-content\/uploads\/Menue-Logo-Home@2x.png","contentUrl":"https:\/\/kath-akademie-bayern.de\/wp-content\/uploads\/Menue-Logo-Home@2x.png","width":496,"height":216,"caption":"Katholische Akademie in Bayern"},"image":{"@id":"https:\/\/kath-akademie-bayern.de\/#\/schema\/logo\/image\/"},"sameAs":["https:\/\/www.facebook.com\/katholische.akademie.bayern\/"]}]}},"_links":{"self":[{"href":"https:\/\/kath-akademie-bayern.de\/en\/wp-json\/wp\/v2\/media-library\/103831","targetHints":{"allow":["GET"]}}],"collection":[{"href":"https:\/\/kath-akademie-bayern.de\/en\/wp-json\/wp\/v2\/media-library"}],"about":[{"href":"https:\/\/kath-akademie-bayern.de\/en\/wp-json\/wp\/v2\/types\/media-library"}],"author":[{"embeddable":true,"href":"https:\/\/kath-akademie-bayern.de\/en\/wp-json\/wp\/v2\/users\/5"}],"version-history":[{"count":1,"href":"https:\/\/kath-akademie-bayern.de\/en\/wp-json\/wp\/v2\/media-library\/103831\/revisions"}],"predecessor-version":[{"id":103832,"href":"https:\/\/kath-akademie-bayern.de\/en\/wp-json\/wp\/v2\/media-library\/103831\/revisions\/103832"}],"wp:featuredmedia":[{"embeddable":true,"href":"https:\/\/kath-akademie-bayern.de\/en\/wp-json\/wp\/v2\/media\/84961"}],"wp:attachment":[{"href":"https:\/\/kath-akademie-bayern.de\/en\/wp-json\/wp\/v2\/media?parent=103831"}],"curies":[{"name":"wp","href":"https:\/\/api.w.org\/{rel}","templated":true}]}}