{"id":103837,"date":"2025-04-10T15:52:08","date_gmt":"2025-04-10T13:52:08","guid":{"rendered":"https:\/\/kath-akademie-bayern.de\/?post_type=media-library&#038;p=103837"},"modified":"2025-04-10T15:52:10","modified_gmt":"2025-04-10T13:52:10","slug":"theologisches-terzett-zu-gast-friedrich-wilhelm-graf","status":"publish","type":"media-library","link":"https:\/\/kath-akademie-bayern.de\/en\/mediathek-eintrag\/theologisches-terzett-zu-gast-friedrich-wilhelm-graf\/","title":{"rendered":"Theological trio"},"content":{"rendered":"<p class=\"fliess-ERSTER\"><span class=\"Initiale\">Z<\/span>um letzten Mal in dieser Besetzung fand das\u00a0<span class=\"Minion-Italic\">Theologische Terzett<\/span>\u00a0am 27. November 2024 statt, denn Annette Schavan wird das Theologische Terzett aus privaten Gr\u00fcnden verlassen. Sie und Prof. Dr. Jan-Heiner T\u00fcck hatten sich diesmal den evangelischen Theologen Prof. em. Dr. Friedrich Wilhelm Graf eingeladen, um in bew\u00e4hrter Manier theologische oder f\u00fcr die Theologie relevante B\u00fccher vorzustellen.<\/p>\n<p class=\"fliess\">Friedrich Wilhelm Graf studierte evangelische Theologie, Philosophie und Geschichte in Wuppertal, T\u00fcbingen und M\u00fcnchen. 1978 wurde er in M\u00fcnchen zum Dr. theol. promoviert, 1986 folgte die Habilitation. 1992 bis 1996 lehrte er als Ordinarius f\u00fcr Evangelische Theologie und Sozialethik an der Universit\u00e4t der Bundeswehr in Hamburg. Von 1999 bis zum Wintersemester 2013\/14 war er in Nachfolge seines akademischen Lehrers Trutz Rendtorff Ordinarius f\u00fcr Systematische Theologie und Ethik an der Ludwig-Maximilians-Universit\u00e4t M\u00fcnchen. Von 1997 bis 1999 baute er als ein Gr\u00fcndungsfellow zugleich das Max-<br \/>\nWeber-Kolleg an der neugegr\u00fcndeten Universit\u00e4t Erfurt mit auf. Als erster Theologe wurde Graf 1999 mit dem Leibniz-Preis der Deutschen Forschungsgemeinschaft ausgezeichnet; au\u00dferdem ist er seit 2001 ordentliches Mitglied der Bayerischen Akademie der Wissenschaften.<\/p>\n<p class=\"fliess\">Zun\u00e4chst stellte Annette Schavan das Buch <span class=\"Minion-Italic\">Gemeinsinn. Der sechste soziale Sinn<\/span> von Aleida und Jan Assmann vor. Die beiden Preistr\u00e4ger des <span class=\"GELB CharOverride-7\">Friedenspreises<\/span><span class=\"Minion-Italic\">\u00a0des Deutschen Buchhandels<\/span>\u00a0pr\u00e4sentierten ihre Ergebnisse aus der Sicht von Kulturwissenschaftler:innen. Sie m\u00f6chten Facetten \u00f6ffnen f\u00fcr Demokratieforschung, denn offensichtlich sind Freiheit und Demokratie keine Selbstl\u00e4ufer mehr. Schavan gab zu, dass sie selbst nach<br \/>\nMauerfall und Wiedervereinigung glaubte, dass Freiheit und Demokratie eine gro\u00dfe Ausstrahlung und Attraktivit\u00e4t h\u00e4tten, was aber inzwischen durch immer mehr Autokraten in der Welt infrage gestellt werde.<\/p>\n<p class=\"fliess\">Ein zweiter Punkt des Buches sei, dass sich die beiden Autor:innen am ber\u00fchmt gewordenen B\u00f6ckenf\u00f6rde-Diktum orientieren: \u201eDer freiheitliche, s\u00e4kularisierte Staat lebt von Voraussetzungen, die er selbst nicht garantieren kann.\u201c Dazu z\u00e4hlen sie, was mit Gemeinsinn gemeint ist, sowie dessen Quellen.<\/p>\n<p class=\"fliess\">Desweiteren w\u00fcrden (historische) Kontexte aufgesp\u00fcrt, die aufzeigen, wie es zum Begriff des \u201eGemeinsinns\u201c gekommen sei.<\/p>\n<p class=\"fliess\">Das zweite Buch des Abends war\u00a0<span class=\"Minion-Italic\">Christus (m\/w\/d). Eine Geschlechtergeschichte<\/span> von Anselm Schubert, das Friedrich Wilhelm Graf vorstellte. Dem Buch liege eine zehnj\u00e4hrige Forschungsarbeit zugrunde, in der der Autor auch abgelegene Quellen \u00adeinbezogen habe. Im eigentlichen Sinne sei das Buch ein Buch zur Christologie, der Lehre von Jesus Christus.<\/p>\n<p class=\"fliess\">Man wisse nicht viel Gesichertes \u00fcber die historische Person Jesus. Die Entwicklung der Verehrung habe \u00fcber die Jahrhunderte dann immer mehr an Auszeichnungen f\u00fcr Jesus Christus erfunden. Die Fragen, denen das Buch nun nachgehe, seien: Wie haben die Theolog:innen dar\u00fcber gedacht, dass Jesus ein Mann \u00adwar? Und welcher Mann er war?<\/p>\n<p class=\"fliess\">Dabei stelle sich interessanterweise heraus, dass die Debatten um die Person Jesus Christus, die in den letzten 30 bis 40 Jahren gef\u00fchrt wurden, eigentlich schon immer, also seit der Antike, vorhanden gewesen seien. Und da man eben nicht viel Gesichertes \u00fcber die Person Jesus Christus wisse, sei er eine ideale Projektionsfl\u00e4che f\u00fcr alle eigenen Vorstellungen, wie er ausgesehen habe und welchen Charakter er gehabt habe; im Grunde genommen erz\u00e4hle das Buch eine durchgehende Geschichte von christusbezogenen Projektionen.<\/p>\n<p class=\"fliess\">Schlie\u00dflich f\u00fchrte Jan-Heiner T\u00fcck in\u00a0<span class=\"Minion-Italic\">Wenn nichts fehlt, wo Gott fehlt. Das Christentum vor der religi\u00f6sen Indifferenz<\/span>\u00a0von Jan Loffeld ein. Man k\u00f6nne das Buch durchaus als Resonanz sehen auf eine Frage Martin Walsers von vor etwa zehn Jahren: \u201eWas fehlt, wenn Gott fehlt?\u201c Es fehle die Perspektive einer gn\u00e4digen Instanz; und wenn diese Instanz fehle, landeten wir im Reizklima des Rechthabenm\u00fcssens, in dem wir heute stehen.<\/p>\n<p class=\"fliess\">Jan Loffeld diagnostiziert zun\u00e4chst eine zunehmende religi\u00f6se Indifferenz. Trifft das zu? Zun\u00e4chst sei festzuhalten, dass die klassische S\u00e4kularisierungsthese (je moderner die Gesellschaft, desto weniger Religion) l\u00e4ngst \u00fcberwunden sei durch die sogenannte Individualisierungsthese, also einer Nicht-Kirchenzugeh\u00f6rigkeit und einer Abwanderung in spirituelle Splittergruppen. Neueste religionssoziologische Erkenntnisse sagten nun aber: Der Anteil derer, denen Religion, Kirche und Gott v\u00f6llig egal geworden sei, wachse stetig. Loffeld nennt dies Apa-Theismus, um diese Indifferenz auf einen Begriff zu bringen.<\/p>\n<p class=\"fliess\">Diese Gleichg\u00fcltigkeit stelle nun die traditionelle katholische Theologie vor eine enorme Herausforderung, denn man sei bisher davon ausgegangen, dass jeder Mensch aufgrund seiner Gottebenbildlichkeit einen nat\u00fcrlichen Gottesbezug hat. Die Frage sei nun, wie man auf Menschen in einer religi\u00f6s gleichg\u00fcltigen, daf\u00fcr wohltemperierten, b\u00fcrgerlichen Existenz theologisch und pastoral reagiere.<\/p>","protected":false},"excerpt":{"rendered":"<p>Zum letzten Mal in dieser Besetzung fand das\u00a0Theologische Terzett\u00a0am 27. November 2024 statt, denn Annette Schavan wird das Theologische Terzett aus privaten Gr\u00fcnden verlassen. Sie und Prof. Dr. Jan-Heiner T\u00fcck hatten sich diesmal den evangelischen Theologen Prof. em. Dr. Friedrich Wilhelm Graf eingeladen, um in bew\u00e4hrter Manier theologische oder f\u00fcr die Theologie relevante B\u00fccher vorzustellen.&hellip;<\/p>","protected":false},"author":5,"featured_media":32561,"menu_order":577,"template":"","meta":{"_relevanssi_hide_post":"","_relevanssi_hide_content":"","_relevanssi_pin_for_all":"","_relevanssi_pin_keywords":"","_relevanssi_unpin_keywords":"","_relevanssi_related_keywords":"","_relevanssi_related_include_ids":"","_relevanssi_related_exclude_ids":"","_relevanssi_related_no_append":"","_relevanssi_related_not_related":"","_relevanssi_related_posts":"","_relevanssi_noindex_reason":"","footnotes":""},"class_list":["post-103837","media-library","type-media-library","status-publish","has-post-thumbnail","hentry"],"yoast_head":"<!-- This site is optimized with the Yoast SEO plugin v27.4 - https:\/\/yoast.com\/product\/yoast-seo-wordpress\/ -->\n<title>Theologisches Terzett - Katholische Akademie in Bayern<\/title>\n<meta name=\"robots\" content=\"index, follow, max-snippet:-1, max-image-preview:large, max-video-preview:-1\" \/>\n<link rel=\"canonical\" href=\"https:\/\/kath-akademie-bayern.de\/en\/mediathek-eintrag\/theologisches-terzett-zu-gast-friedrich-wilhelm-graf\/\" \/>\n<meta property=\"og:locale\" content=\"en_GB\" \/>\n<meta property=\"og:type\" content=\"article\" \/>\n<meta property=\"og:title\" content=\"Theologisches Terzett - Katholische Akademie in Bayern\" \/>\n<meta property=\"og:description\" content=\"Zum letzten Mal in dieser Besetzung fand das\u00a0Theologische Terzett\u00a0am 27. November 2024 statt, denn Annette Schavan wird das Theologische Terzett aus privaten Gr\u00fcnden verlassen. Sie und Prof. Dr. Jan-Heiner T\u00fcck hatten sich diesmal den evangelischen Theologen Prof. em. Dr. Friedrich Wilhelm Graf eingeladen, um in bew\u00e4hrter Manier theologische oder f\u00fcr die Theologie relevante B\u00fccher vorzustellen.&hellip;\" \/>\n<meta property=\"og:url\" content=\"https:\/\/kath-akademie-bayern.de\/en\/mediathek-eintrag\/theologisches-terzett-zu-gast-friedrich-wilhelm-graf\/\" \/>\n<meta property=\"og:site_name\" content=\"Katholische Akademie in Bayern\" \/>\n<meta property=\"article:publisher\" content=\"https:\/\/www.facebook.com\/katholische.akademie.bayern\/\" \/>\n<meta property=\"article:modified_time\" content=\"2025-04-10T13:52:10+00:00\" \/>\n<meta property=\"og:image\" content=\"https:\/\/kath-akademie-bayern.de\/wp-content\/uploads\/Theologie_Kirche_Spiritualitaet.jpg\" \/>\n\t<meta property=\"og:image:width\" content=\"872\" \/>\n\t<meta property=\"og:image:height\" content=\"490\" \/>\n\t<meta property=\"og:image:type\" content=\"image\/jpeg\" \/>\n<meta name=\"twitter:card\" content=\"summary_large_image\" \/>\n<meta name=\"twitter:label1\" content=\"Estimated reading time\" \/>\n\t<meta name=\"twitter:data1\" content=\"4 minutes\" \/>\n<script type=\"application\/ld+json\" class=\"yoast-schema-graph\">{\"@context\":\"https:\\\/\\\/schema.org\",\"@graph\":[{\"@type\":\"WebPage\",\"@id\":\"https:\\\/\\\/kath-akademie-bayern.de\\\/mediathek-eintrag\\\/theologisches-terzett-zu-gast-friedrich-wilhelm-graf\\\/\",\"url\":\"https:\\\/\\\/kath-akademie-bayern.de\\\/mediathek-eintrag\\\/theologisches-terzett-zu-gast-friedrich-wilhelm-graf\\\/\",\"name\":\"Theologisches Terzett - Katholische Akademie in Bayern\",\"isPartOf\":{\"@id\":\"https:\\\/\\\/kath-akademie-bayern.de\\\/#website\"},\"primaryImageOfPage\":{\"@id\":\"https:\\\/\\\/kath-akademie-bayern.de\\\/mediathek-eintrag\\\/theologisches-terzett-zu-gast-friedrich-wilhelm-graf\\\/#primaryimage\"},\"image\":{\"@id\":\"https:\\\/\\\/kath-akademie-bayern.de\\\/mediathek-eintrag\\\/theologisches-terzett-zu-gast-friedrich-wilhelm-graf\\\/#primaryimage\"},\"thumbnailUrl\":\"https:\\\/\\\/kath-akademie-bayern.de\\\/wp-content\\\/uploads\\\/Theologie_Kirche_Spiritualitaet.jpg\",\"datePublished\":\"2025-04-10T13:52:08+00:00\",\"dateModified\":\"2025-04-10T13:52:10+00:00\",\"breadcrumb\":{\"@id\":\"https:\\\/\\\/kath-akademie-bayern.de\\\/mediathek-eintrag\\\/theologisches-terzett-zu-gast-friedrich-wilhelm-graf\\\/#breadcrumb\"},\"inLanguage\":\"en-GB\",\"potentialAction\":[{\"@type\":\"ReadAction\",\"target\":[\"https:\\\/\\\/kath-akademie-bayern.de\\\/mediathek-eintrag\\\/theologisches-terzett-zu-gast-friedrich-wilhelm-graf\\\/\"]}]},{\"@type\":\"ImageObject\",\"inLanguage\":\"en-GB\",\"@id\":\"https:\\\/\\\/kath-akademie-bayern.de\\\/mediathek-eintrag\\\/theologisches-terzett-zu-gast-friedrich-wilhelm-graf\\\/#primaryimage\",\"url\":\"https:\\\/\\\/kath-akademie-bayern.de\\\/wp-content\\\/uploads\\\/Theologie_Kirche_Spiritualitaet.jpg\",\"contentUrl\":\"https:\\\/\\\/kath-akademie-bayern.de\\\/wp-content\\\/uploads\\\/Theologie_Kirche_Spiritualitaet.jpg\",\"width\":872,\"height\":490},{\"@type\":\"BreadcrumbList\",\"@id\":\"https:\\\/\\\/kath-akademie-bayern.de\\\/mediathek-eintrag\\\/theologisches-terzett-zu-gast-friedrich-wilhelm-graf\\\/#breadcrumb\",\"itemListElement\":[{\"@type\":\"ListItem\",\"position\":1,\"name\":\"Startseite\",\"item\":\"https:\\\/\\\/kath-akademie-bayern.de\\\/\"},{\"@type\":\"ListItem\",\"position\":2,\"name\":\"Theologisches Terzett\"}]},{\"@type\":\"WebSite\",\"@id\":\"https:\\\/\\\/kath-akademie-bayern.de\\\/#website\",\"url\":\"https:\\\/\\\/kath-akademie-bayern.de\\\/\",\"name\":\"Katholische Akademie in Bayern\",\"description\":\"Kirche braucht Debatte: \u201ekatholisch\u201c mit Blick auf das Ganze \u2013 und \u201eakademisch\u201c im Vertrauen auf die Kraft der Argumente\",\"publisher\":{\"@id\":\"https:\\\/\\\/kath-akademie-bayern.de\\\/#organization\"},\"potentialAction\":[{\"@type\":\"SearchAction\",\"target\":{\"@type\":\"EntryPoint\",\"urlTemplate\":\"https:\\\/\\\/kath-akademie-bayern.de\\\/?s={search_term_string}\"},\"query-input\":{\"@type\":\"PropertyValueSpecification\",\"valueRequired\":true,\"valueName\":\"search_term_string\"}}],\"inLanguage\":\"en-GB\"},{\"@type\":\"Organization\",\"@id\":\"https:\\\/\\\/kath-akademie-bayern.de\\\/#organization\",\"name\":\"Katholische Akademie in Bayern\",\"url\":\"https:\\\/\\\/kath-akademie-bayern.de\\\/\",\"logo\":{\"@type\":\"ImageObject\",\"inLanguage\":\"en-GB\",\"@id\":\"https:\\\/\\\/kath-akademie-bayern.de\\\/#\\\/schema\\\/logo\\\/image\\\/\",\"url\":\"https:\\\/\\\/kath-akademie-bayern.de\\\/wp-content\\\/uploads\\\/Menue-Logo-Home@2x.png\",\"contentUrl\":\"https:\\\/\\\/kath-akademie-bayern.de\\\/wp-content\\\/uploads\\\/Menue-Logo-Home@2x.png\",\"width\":496,\"height\":216,\"caption\":\"Katholische Akademie in Bayern\"},\"image\":{\"@id\":\"https:\\\/\\\/kath-akademie-bayern.de\\\/#\\\/schema\\\/logo\\\/image\\\/\"},\"sameAs\":[\"https:\\\/\\\/www.facebook.com\\\/katholische.akademie.bayern\\\/\"]}]}<\/script>\n<!-- \/ Yoast SEO plugin. -->","yoast_head_json":{"title":"Theological Trio - Catholic Academy in Bavaria","robots":{"index":"index","follow":"follow","max-snippet":"max-snippet:-1","max-image-preview":"max-image-preview:large","max-video-preview":"max-video-preview:-1"},"canonical":"https:\/\/kath-akademie-bayern.de\/en\/mediathek-eintrag\/theologisches-terzett-zu-gast-friedrich-wilhelm-graf\/","og_locale":"en_GB","og_type":"article","og_title":"Theologisches Terzett - Katholische Akademie in Bayern","og_description":"Zum letzten Mal in dieser Besetzung fand das\u00a0Theologische Terzett\u00a0am 27. November 2024 statt, denn Annette Schavan wird das Theologische Terzett aus privaten Gr\u00fcnden verlassen. Sie und Prof. Dr. Jan-Heiner T\u00fcck hatten sich diesmal den evangelischen Theologen Prof. em. Dr. Friedrich Wilhelm Graf eingeladen, um in bew\u00e4hrter Manier theologische oder f\u00fcr die Theologie relevante B\u00fccher vorzustellen.&hellip;","og_url":"https:\/\/kath-akademie-bayern.de\/en\/mediathek-eintrag\/theologisches-terzett-zu-gast-friedrich-wilhelm-graf\/","og_site_name":"Katholische Akademie in Bayern","article_publisher":"https:\/\/www.facebook.com\/katholische.akademie.bayern\/","article_modified_time":"2025-04-10T13:52:10+00:00","og_image":[{"width":872,"height":490,"url":"https:\/\/kath-akademie-bayern.de\/wp-content\/uploads\/Theologie_Kirche_Spiritualitaet.jpg","type":"image\/jpeg"}],"twitter_card":"summary_large_image","twitter_misc":{"Estimated reading time":"4 minutes"},"schema":{"@context":"https:\/\/schema.org","@graph":[{"@type":"WebPage","@id":"https:\/\/kath-akademie-bayern.de\/mediathek-eintrag\/theologisches-terzett-zu-gast-friedrich-wilhelm-graf\/","url":"https:\/\/kath-akademie-bayern.de\/mediathek-eintrag\/theologisches-terzett-zu-gast-friedrich-wilhelm-graf\/","name":"Theological Trio - Catholic Academy in Bavaria","isPartOf":{"@id":"https:\/\/kath-akademie-bayern.de\/#website"},"primaryImageOfPage":{"@id":"https:\/\/kath-akademie-bayern.de\/mediathek-eintrag\/theologisches-terzett-zu-gast-friedrich-wilhelm-graf\/#primaryimage"},"image":{"@id":"https:\/\/kath-akademie-bayern.de\/mediathek-eintrag\/theologisches-terzett-zu-gast-friedrich-wilhelm-graf\/#primaryimage"},"thumbnailUrl":"https:\/\/kath-akademie-bayern.de\/wp-content\/uploads\/Theologie_Kirche_Spiritualitaet.jpg","datePublished":"2025-04-10T13:52:08+00:00","dateModified":"2025-04-10T13:52:10+00:00","breadcrumb":{"@id":"https:\/\/kath-akademie-bayern.de\/mediathek-eintrag\/theologisches-terzett-zu-gast-friedrich-wilhelm-graf\/#breadcrumb"},"inLanguage":"en-GB","potentialAction":[{"@type":"ReadAction","target":["https:\/\/kath-akademie-bayern.de\/mediathek-eintrag\/theologisches-terzett-zu-gast-friedrich-wilhelm-graf\/"]}]},{"@type":"ImageObject","inLanguage":"en-GB","@id":"https:\/\/kath-akademie-bayern.de\/mediathek-eintrag\/theologisches-terzett-zu-gast-friedrich-wilhelm-graf\/#primaryimage","url":"https:\/\/kath-akademie-bayern.de\/wp-content\/uploads\/Theologie_Kirche_Spiritualitaet.jpg","contentUrl":"https:\/\/kath-akademie-bayern.de\/wp-content\/uploads\/Theologie_Kirche_Spiritualitaet.jpg","width":872,"height":490},{"@type":"BreadcrumbList","@id":"https:\/\/kath-akademie-bayern.de\/mediathek-eintrag\/theologisches-terzett-zu-gast-friedrich-wilhelm-graf\/#breadcrumb","itemListElement":[{"@type":"ListItem","position":1,"name":"Startseite","item":"https:\/\/kath-akademie-bayern.de\/"},{"@type":"ListItem","position":2,"name":"Theologisches Terzett"}]},{"@type":"WebSite","@id":"https:\/\/kath-akademie-bayern.de\/#website","url":"https:\/\/kath-akademie-bayern.de\/","name":"Catholic Academy in Bavaria","description":"Church needs debate: \"catholic\" looking at the whole - and \"academic\" trusting in the power of arguments","publisher":{"@id":"https:\/\/kath-akademie-bayern.de\/#organization"},"potentialAction":[{"@type":"SearchAction","target":{"@type":"EntryPoint","urlTemplate":"https:\/\/kath-akademie-bayern.de\/?s={search_term_string}"},"query-input":{"@type":"PropertyValueSpecification","valueRequired":true,"valueName":"search_term_string"}}],"inLanguage":"en-GB"},{"@type":"Organization","@id":"https:\/\/kath-akademie-bayern.de\/#organization","name":"Catholic Academy in Bavaria","url":"https:\/\/kath-akademie-bayern.de\/","logo":{"@type":"ImageObject","inLanguage":"en-GB","@id":"https:\/\/kath-akademie-bayern.de\/#\/schema\/logo\/image\/","url":"https:\/\/kath-akademie-bayern.de\/wp-content\/uploads\/Menue-Logo-Home@2x.png","contentUrl":"https:\/\/kath-akademie-bayern.de\/wp-content\/uploads\/Menue-Logo-Home@2x.png","width":496,"height":216,"caption":"Katholische Akademie in Bayern"},"image":{"@id":"https:\/\/kath-akademie-bayern.de\/#\/schema\/logo\/image\/"},"sameAs":["https:\/\/www.facebook.com\/katholische.akademie.bayern\/"]}]}},"_links":{"self":[{"href":"https:\/\/kath-akademie-bayern.de\/en\/wp-json\/wp\/v2\/media-library\/103837","targetHints":{"allow":["GET"]}}],"collection":[{"href":"https:\/\/kath-akademie-bayern.de\/en\/wp-json\/wp\/v2\/media-library"}],"about":[{"href":"https:\/\/kath-akademie-bayern.de\/en\/wp-json\/wp\/v2\/types\/media-library"}],"author":[{"embeddable":true,"href":"https:\/\/kath-akademie-bayern.de\/en\/wp-json\/wp\/v2\/users\/5"}],"version-history":[{"count":2,"href":"https:\/\/kath-akademie-bayern.de\/en\/wp-json\/wp\/v2\/media-library\/103837\/revisions"}],"predecessor-version":[{"id":103839,"href":"https:\/\/kath-akademie-bayern.de\/en\/wp-json\/wp\/v2\/media-library\/103837\/revisions\/103839"}],"wp:featuredmedia":[{"embeddable":true,"href":"https:\/\/kath-akademie-bayern.de\/en\/wp-json\/wp\/v2\/media\/32561"}],"wp:attachment":[{"href":"https:\/\/kath-akademie-bayern.de\/en\/wp-json\/wp\/v2\/media?parent=103837"}],"curies":[{"name":"wp","href":"https:\/\/api.w.org\/{rel}","templated":true}]}}