{"id":103847,"date":"2025-04-10T16:19:06","date_gmt":"2025-04-10T14:19:06","guid":{"rendered":"https:\/\/kath-akademie-bayern.de\/?post_type=media-library&#038;p=103847"},"modified":"2025-04-10T16:19:08","modified_gmt":"2025-04-10T14:19:08","slug":"israels-richtungsstreit-um-sicherheit-demokratie-und-religion-ein-vortragsabend-mit-moshe-zimmermann","status":"publish","type":"media-library","link":"https:\/\/kath-akademie-bayern.de\/en\/mediathek-eintrag\/israels-richtungsstreit-um-sicherheit-demokratie-und-religion-ein-vortragsabend-mit-moshe-zimmermann\/","title":{"rendered":"Israel's dispute over security, democracy and religion"},"content":{"rendered":"<p><span class=\"char-style-override-2\">N<\/span>ach dem Gespr\u00e4chsabend mit Abt Nikodemus Schnabel OSB im Februar 2024 ging es ein paar Monate sp\u00e4ter um eine weitere Perspektive und Sichtweise auf die j\u00fcngsten Entwicklungen im Nahen Osten: Am 24. Juni 2024 war der israelische Historiker Prof. Dr. Moshe Zimmermann, emeritierter Professor f\u00fcr Moderne Geschichte an der Hebr\u00e4ischen Universit\u00e4t Jerusalem, zu Gast in der Katholischen Akademie. Im ersten Teil der Veranstaltung referierte er zum Thema \u201eReligi\u00f6se Str\u00f6mungen in der israelischen Gesellschaft als Faktor im Nahostkonflikt\u201c. Anschlie\u00dfend beantwortete er im Gespr\u00e4ch mit Akademiedirektor Dr. Achim Budde eine Reihe von Fragen, die das Publikum \u2013 rund 175 Personen im Saal sowie mehrere Hundert im Livestream \u2013 online einbringen konnte.<\/p>\n<p>In seinem Vortrag, der inhaltlich auf seiner f\u00fcr den Deutschen Sachbuchpreis 2024 nominierten Publikation Niemals Frieden? Israel am Scheideweg beruhte skizzierte Moshe Zimmermann seine kritischen Einsch\u00e4tzungen zur historischen Entwicklung des Zionismus seit dem sp\u00e4ten 19. Jahrhundert: Dieser sei in Ursprung und Grundidee s\u00e4kular gewesen und habe das Judentum nicht als Religionsgemeinschaft, sondern neu als Volk bzw. Nation im Sinne des modernen Nationalismus definiert. Bis zur \u201epolitischen Wende\u201c 1977 habe der s\u00e4kulare Zionismus Politik und Gesellschaft in Israel bestimmt, dann aber eine religi\u00f6s-nationalistische Metamorphose erlebt. Eine entscheidende Rolle habe der Sechs-Tage-Krieg 1967 gespielt, der durch die Eroberung religi\u00f6s bedeutsamer Regionen wie des West-jordanlands eine \u201enationalreligi\u00f6se Romantik\u201c ausgel\u00f6st habe. Vor diesem Hintergrund erstarkten laut Professor Zimmermann drei politisch-gesellschaftliche Lager, die 1977 ein Regierungsb\u00fcndnis eingingen: die Nationalisten\/Revisionisten (Likud), die \u201ereligi\u00f6sen Zionisten\u201c und die Ultraorthodoxen. In diesem Zusammenhang thematisierte der Historiker auch die Ganz-Israel-Ideologie und den Siedlungsbau.<\/p>\n<p>Im zweiten Teil der Veranstaltung, der vor allem auf Fragen des Publikums beruhte, wurden manche Inhalte des Vortrags vertieft bzw. neue Aspekte eingebracht. So ging es um die Definition des Jude-Seins und das Verh\u00e4ltnis von Nation und Religion im Nahen Osten. Gesprochen wurde zudem \u00fcber die Demonstrationen gegen die im Land umstrittene Justiz-reform der Regierung Netanjahu und den inneren Streit um den Umgang mit den Ereignissen des 7. Oktober 2023. Viel Interesse bestand auch an der Frage, wie der Nahostkonflikt langfristig zu l\u00f6sen sei. Trotz der aktuellen Lage bestehe noch Hoffnung, so Moshe Zimmermann, bestimmten \u201erationalen Kr\u00e4ften\u201c im Nahen Osten k\u00f6nnte eine \u201eTrendwende\u201c gelingen. Ausgangspunkt f\u00fcr Verhandlungen sei die schon 1947 von der UNO angestrebte Zweistaatenl\u00f6sung; dabei sollten sowohl in Israel als auch in Pal\u00e4stina Angeh\u00f6rige beider Nationen bzw. Religionen gleichberechtigt leben k\u00f6nnen. Die Vorstellung, es gebe einen Staat nur f\u00fcr die Araber und einen nur f\u00fcr die Juden sei rassistisch und \u00fcberholt. Gerade aus wirtschaftlichen Gr\u00fcnden sei dar\u00fcber hinaus ein f\u00f6deratives Band zwischen den zwei Staaten unter der teilweisen Abgabe von Souver\u00e4nit\u00e4t \u2013 wie in der EU \u2013 denkbar.<\/p>\n<p>Der Vortragsabend klang schlie\u00dflich bei Wein und Brot aus.<\/p>","protected":false},"excerpt":{"rendered":"<p>Nach dem Gespr\u00e4chsabend mit Abt Nikodemus Schnabel OSB im Februar 2024 ging es ein paar Monate sp\u00e4ter um eine weitere Perspektive und Sichtweise auf die j\u00fcngsten Entwicklungen im Nahen Osten: Am 24. Juni 2024 war der israelische Historiker Prof. Dr. Moshe Zimmermann, emeritierter Professor f\u00fcr Moderne Geschichte an der Hebr\u00e4ischen Universit\u00e4t Jerusalem, zu Gast in&hellip;<\/p>","protected":false},"author":5,"featured_media":78374,"menu_order":573,"template":"","meta":{"_relevanssi_hide_post":"","_relevanssi_hide_content":"","_relevanssi_pin_for_all":"","_relevanssi_pin_keywords":"","_relevanssi_unpin_keywords":"","_relevanssi_related_keywords":"","_relevanssi_related_include_ids":"","_relevanssi_related_exclude_ids":"","_relevanssi_related_no_append":"","_relevanssi_related_not_related":"","_relevanssi_related_posts":"","_relevanssi_noindex_reason":"","footnotes":""},"class_list":["post-103847","media-library","type-media-library","status-publish","has-post-thumbnail","hentry"],"yoast_head":"<!-- This site is optimized with the Yoast SEO plugin v27.4 - https:\/\/yoast.com\/product\/yoast-seo-wordpress\/ -->\n<title>Israels Richtungsstreit um Sicherheit, Demokratie und Religion - Katholische Akademie in Bayern<\/title>\n<meta name=\"robots\" content=\"index, follow, max-snippet:-1, max-image-preview:large, max-video-preview:-1\" \/>\n<link rel=\"canonical\" href=\"https:\/\/kath-akademie-bayern.de\/en\/mediathek-eintrag\/israels-richtungsstreit-um-sicherheit-demokratie-und-religion-ein-vortragsabend-mit-moshe-zimmermann\/\" \/>\n<meta property=\"og:locale\" content=\"en_GB\" \/>\n<meta property=\"og:type\" content=\"article\" \/>\n<meta property=\"og:title\" content=\"Israels Richtungsstreit um Sicherheit, Demokratie und Religion - Katholische Akademie in Bayern\" \/>\n<meta property=\"og:description\" content=\"Nach dem Gespr\u00e4chsabend mit Abt Nikodemus Schnabel OSB im Februar 2024 ging es ein paar Monate sp\u00e4ter um eine weitere Perspektive und Sichtweise auf die j\u00fcngsten Entwicklungen im Nahen Osten: Am 24. Juni 2024 war der israelische Historiker Prof. Dr. Moshe Zimmermann, emeritierter Professor f\u00fcr Moderne Geschichte an der Hebr\u00e4ischen Universit\u00e4t Jerusalem, zu Gast in&hellip;\" \/>\n<meta property=\"og:url\" content=\"https:\/\/kath-akademie-bayern.de\/en\/mediathek-eintrag\/israels-richtungsstreit-um-sicherheit-demokratie-und-religion-ein-vortragsabend-mit-moshe-zimmermann\/\" \/>\n<meta property=\"og:site_name\" content=\"Katholische Akademie in Bayern\" \/>\n<meta property=\"article:publisher\" content=\"https:\/\/www.facebook.com\/katholische.akademie.bayern\/\" \/>\n<meta property=\"article:modified_time\" content=\"2025-04-10T14:19:08+00:00\" \/>\n<meta property=\"og:image\" content=\"https:\/\/kath-akademie-bayern.de\/wp-content\/uploads\/2024-06-24-scaled.jpg\" \/>\n\t<meta property=\"og:image:width\" content=\"2560\" \/>\n\t<meta property=\"og:image:height\" content=\"1440\" \/>\n\t<meta property=\"og:image:type\" content=\"image\/jpeg\" \/>\n<meta name=\"twitter:card\" content=\"summary_large_image\" \/>\n<meta name=\"twitter:label1\" content=\"Estimated reading time\" \/>\n\t<meta name=\"twitter:data1\" content=\"3 minutes\" \/>\n<script type=\"application\/ld+json\" class=\"yoast-schema-graph\">{\"@context\":\"https:\\\/\\\/schema.org\",\"@graph\":[{\"@type\":\"WebPage\",\"@id\":\"https:\\\/\\\/kath-akademie-bayern.de\\\/mediathek-eintrag\\\/israels-richtungsstreit-um-sicherheit-demokratie-und-religion-ein-vortragsabend-mit-moshe-zimmermann\\\/\",\"url\":\"https:\\\/\\\/kath-akademie-bayern.de\\\/mediathek-eintrag\\\/israels-richtungsstreit-um-sicherheit-demokratie-und-religion-ein-vortragsabend-mit-moshe-zimmermann\\\/\",\"name\":\"Israels Richtungsstreit um Sicherheit, Demokratie und Religion - Katholische Akademie in Bayern\",\"isPartOf\":{\"@id\":\"https:\\\/\\\/kath-akademie-bayern.de\\\/#website\"},\"primaryImageOfPage\":{\"@id\":\"https:\\\/\\\/kath-akademie-bayern.de\\\/mediathek-eintrag\\\/israels-richtungsstreit-um-sicherheit-demokratie-und-religion-ein-vortragsabend-mit-moshe-zimmermann\\\/#primaryimage\"},\"image\":{\"@id\":\"https:\\\/\\\/kath-akademie-bayern.de\\\/mediathek-eintrag\\\/israels-richtungsstreit-um-sicherheit-demokratie-und-religion-ein-vortragsabend-mit-moshe-zimmermann\\\/#primaryimage\"},\"thumbnailUrl\":\"https:\\\/\\\/kath-akademie-bayern.de\\\/wp-content\\\/uploads\\\/2024-06-24-scaled.jpg\",\"datePublished\":\"2025-04-10T14:19:06+00:00\",\"dateModified\":\"2025-04-10T14:19:08+00:00\",\"breadcrumb\":{\"@id\":\"https:\\\/\\\/kath-akademie-bayern.de\\\/mediathek-eintrag\\\/israels-richtungsstreit-um-sicherheit-demokratie-und-religion-ein-vortragsabend-mit-moshe-zimmermann\\\/#breadcrumb\"},\"inLanguage\":\"en-GB\",\"potentialAction\":[{\"@type\":\"ReadAction\",\"target\":[\"https:\\\/\\\/kath-akademie-bayern.de\\\/mediathek-eintrag\\\/israels-richtungsstreit-um-sicherheit-demokratie-und-religion-ein-vortragsabend-mit-moshe-zimmermann\\\/\"]}]},{\"@type\":\"ImageObject\",\"inLanguage\":\"en-GB\",\"@id\":\"https:\\\/\\\/kath-akademie-bayern.de\\\/mediathek-eintrag\\\/israels-richtungsstreit-um-sicherheit-demokratie-und-religion-ein-vortragsabend-mit-moshe-zimmermann\\\/#primaryimage\",\"url\":\"https:\\\/\\\/kath-akademie-bayern.de\\\/wp-content\\\/uploads\\\/2024-06-24-scaled.jpg\",\"contentUrl\":\"https:\\\/\\\/kath-akademie-bayern.de\\\/wp-content\\\/uploads\\\/2024-06-24-scaled.jpg\",\"width\":2560,\"height\":1440},{\"@type\":\"BreadcrumbList\",\"@id\":\"https:\\\/\\\/kath-akademie-bayern.de\\\/mediathek-eintrag\\\/israels-richtungsstreit-um-sicherheit-demokratie-und-religion-ein-vortragsabend-mit-moshe-zimmermann\\\/#breadcrumb\",\"itemListElement\":[{\"@type\":\"ListItem\",\"position\":1,\"name\":\"Startseite\",\"item\":\"https:\\\/\\\/kath-akademie-bayern.de\\\/\"},{\"@type\":\"ListItem\",\"position\":2,\"name\":\"Israels Richtungsstreit um Sicherheit, Demokratie und Religion\"}]},{\"@type\":\"WebSite\",\"@id\":\"https:\\\/\\\/kath-akademie-bayern.de\\\/#website\",\"url\":\"https:\\\/\\\/kath-akademie-bayern.de\\\/\",\"name\":\"Katholische Akademie in Bayern\",\"description\":\"Kirche braucht Debatte: \u201ekatholisch\u201c mit Blick auf das Ganze \u2013 und \u201eakademisch\u201c im Vertrauen auf die Kraft der Argumente\",\"publisher\":{\"@id\":\"https:\\\/\\\/kath-akademie-bayern.de\\\/#organization\"},\"potentialAction\":[{\"@type\":\"SearchAction\",\"target\":{\"@type\":\"EntryPoint\",\"urlTemplate\":\"https:\\\/\\\/kath-akademie-bayern.de\\\/?s={search_term_string}\"},\"query-input\":{\"@type\":\"PropertyValueSpecification\",\"valueRequired\":true,\"valueName\":\"search_term_string\"}}],\"inLanguage\":\"en-GB\"},{\"@type\":\"Organization\",\"@id\":\"https:\\\/\\\/kath-akademie-bayern.de\\\/#organization\",\"name\":\"Katholische Akademie in Bayern\",\"url\":\"https:\\\/\\\/kath-akademie-bayern.de\\\/\",\"logo\":{\"@type\":\"ImageObject\",\"inLanguage\":\"en-GB\",\"@id\":\"https:\\\/\\\/kath-akademie-bayern.de\\\/#\\\/schema\\\/logo\\\/image\\\/\",\"url\":\"https:\\\/\\\/kath-akademie-bayern.de\\\/wp-content\\\/uploads\\\/Menue-Logo-Home@2x.png\",\"contentUrl\":\"https:\\\/\\\/kath-akademie-bayern.de\\\/wp-content\\\/uploads\\\/Menue-Logo-Home@2x.png\",\"width\":496,\"height\":216,\"caption\":\"Katholische Akademie in Bayern\"},\"image\":{\"@id\":\"https:\\\/\\\/kath-akademie-bayern.de\\\/#\\\/schema\\\/logo\\\/image\\\/\"},\"sameAs\":[\"https:\\\/\\\/www.facebook.com\\\/katholische.akademie.bayern\\\/\"]}]}<\/script>\n<!-- \/ Yoast SEO plugin. -->","yoast_head_json":{"title":"Israel's controversy over security, democracy and religion - Katholische Akademie in Bayern","robots":{"index":"index","follow":"follow","max-snippet":"max-snippet:-1","max-image-preview":"max-image-preview:large","max-video-preview":"max-video-preview:-1"},"canonical":"https:\/\/kath-akademie-bayern.de\/en\/mediathek-eintrag\/israels-richtungsstreit-um-sicherheit-demokratie-und-religion-ein-vortragsabend-mit-moshe-zimmermann\/","og_locale":"en_GB","og_type":"article","og_title":"Israels Richtungsstreit um Sicherheit, Demokratie und Religion - Katholische Akademie in Bayern","og_description":"Nach dem Gespr\u00e4chsabend mit Abt Nikodemus Schnabel OSB im Februar 2024 ging es ein paar Monate sp\u00e4ter um eine weitere Perspektive und Sichtweise auf die j\u00fcngsten Entwicklungen im Nahen Osten: Am 24. Juni 2024 war der israelische Historiker Prof. Dr. Moshe Zimmermann, emeritierter Professor f\u00fcr Moderne Geschichte an der Hebr\u00e4ischen Universit\u00e4t Jerusalem, zu Gast in&hellip;","og_url":"https:\/\/kath-akademie-bayern.de\/en\/mediathek-eintrag\/israels-richtungsstreit-um-sicherheit-demokratie-und-religion-ein-vortragsabend-mit-moshe-zimmermann\/","og_site_name":"Katholische Akademie in Bayern","article_publisher":"https:\/\/www.facebook.com\/katholische.akademie.bayern\/","article_modified_time":"2025-04-10T14:19:08+00:00","og_image":[{"width":2560,"height":1440,"url":"https:\/\/kath-akademie-bayern.de\/wp-content\/uploads\/2024-06-24-scaled.jpg","type":"image\/jpeg"}],"twitter_card":"summary_large_image","twitter_misc":{"Estimated reading time":"3 minutes"},"schema":{"@context":"https:\/\/schema.org","@graph":[{"@type":"WebPage","@id":"https:\/\/kath-akademie-bayern.de\/mediathek-eintrag\/israels-richtungsstreit-um-sicherheit-demokratie-und-religion-ein-vortragsabend-mit-moshe-zimmermann\/","url":"https:\/\/kath-akademie-bayern.de\/mediathek-eintrag\/israels-richtungsstreit-um-sicherheit-demokratie-und-religion-ein-vortragsabend-mit-moshe-zimmermann\/","name":"Israel's controversy over security, democracy and religion - Katholische Akademie in Bayern","isPartOf":{"@id":"https:\/\/kath-akademie-bayern.de\/#website"},"primaryImageOfPage":{"@id":"https:\/\/kath-akademie-bayern.de\/mediathek-eintrag\/israels-richtungsstreit-um-sicherheit-demokratie-und-religion-ein-vortragsabend-mit-moshe-zimmermann\/#primaryimage"},"image":{"@id":"https:\/\/kath-akademie-bayern.de\/mediathek-eintrag\/israels-richtungsstreit-um-sicherheit-demokratie-und-religion-ein-vortragsabend-mit-moshe-zimmermann\/#primaryimage"},"thumbnailUrl":"https:\/\/kath-akademie-bayern.de\/wp-content\/uploads\/2024-06-24-scaled.jpg","datePublished":"2025-04-10T14:19:06+00:00","dateModified":"2025-04-10T14:19:08+00:00","breadcrumb":{"@id":"https:\/\/kath-akademie-bayern.de\/mediathek-eintrag\/israels-richtungsstreit-um-sicherheit-demokratie-und-religion-ein-vortragsabend-mit-moshe-zimmermann\/#breadcrumb"},"inLanguage":"en-GB","potentialAction":[{"@type":"ReadAction","target":["https:\/\/kath-akademie-bayern.de\/mediathek-eintrag\/israels-richtungsstreit-um-sicherheit-demokratie-und-religion-ein-vortragsabend-mit-moshe-zimmermann\/"]}]},{"@type":"ImageObject","inLanguage":"en-GB","@id":"https:\/\/kath-akademie-bayern.de\/mediathek-eintrag\/israels-richtungsstreit-um-sicherheit-demokratie-und-religion-ein-vortragsabend-mit-moshe-zimmermann\/#primaryimage","url":"https:\/\/kath-akademie-bayern.de\/wp-content\/uploads\/2024-06-24-scaled.jpg","contentUrl":"https:\/\/kath-akademie-bayern.de\/wp-content\/uploads\/2024-06-24-scaled.jpg","width":2560,"height":1440},{"@type":"BreadcrumbList","@id":"https:\/\/kath-akademie-bayern.de\/mediathek-eintrag\/israels-richtungsstreit-um-sicherheit-demokratie-und-religion-ein-vortragsabend-mit-moshe-zimmermann\/#breadcrumb","itemListElement":[{"@type":"ListItem","position":1,"name":"Startseite","item":"https:\/\/kath-akademie-bayern.de\/"},{"@type":"ListItem","position":2,"name":"Israels Richtungsstreit um Sicherheit, Demokratie und Religion"}]},{"@type":"WebSite","@id":"https:\/\/kath-akademie-bayern.de\/#website","url":"https:\/\/kath-akademie-bayern.de\/","name":"Catholic Academy in Bavaria","description":"Church needs debate: \"catholic\" looking at the whole - and \"academic\" trusting in the power of arguments","publisher":{"@id":"https:\/\/kath-akademie-bayern.de\/#organization"},"potentialAction":[{"@type":"SearchAction","target":{"@type":"EntryPoint","urlTemplate":"https:\/\/kath-akademie-bayern.de\/?s={search_term_string}"},"query-input":{"@type":"PropertyValueSpecification","valueRequired":true,"valueName":"search_term_string"}}],"inLanguage":"en-GB"},{"@type":"Organization","@id":"https:\/\/kath-akademie-bayern.de\/#organization","name":"Catholic Academy in Bavaria","url":"https:\/\/kath-akademie-bayern.de\/","logo":{"@type":"ImageObject","inLanguage":"en-GB","@id":"https:\/\/kath-akademie-bayern.de\/#\/schema\/logo\/image\/","url":"https:\/\/kath-akademie-bayern.de\/wp-content\/uploads\/Menue-Logo-Home@2x.png","contentUrl":"https:\/\/kath-akademie-bayern.de\/wp-content\/uploads\/Menue-Logo-Home@2x.png","width":496,"height":216,"caption":"Katholische Akademie in Bayern"},"image":{"@id":"https:\/\/kath-akademie-bayern.de\/#\/schema\/logo\/image\/"},"sameAs":["https:\/\/www.facebook.com\/katholische.akademie.bayern\/"]}]}},"_links":{"self":[{"href":"https:\/\/kath-akademie-bayern.de\/en\/wp-json\/wp\/v2\/media-library\/103847","targetHints":{"allow":["GET"]}}],"collection":[{"href":"https:\/\/kath-akademie-bayern.de\/en\/wp-json\/wp\/v2\/media-library"}],"about":[{"href":"https:\/\/kath-akademie-bayern.de\/en\/wp-json\/wp\/v2\/types\/media-library"}],"author":[{"embeddable":true,"href":"https:\/\/kath-akademie-bayern.de\/en\/wp-json\/wp\/v2\/users\/5"}],"version-history":[{"count":1,"href":"https:\/\/kath-akademie-bayern.de\/en\/wp-json\/wp\/v2\/media-library\/103847\/revisions"}],"predecessor-version":[{"id":103848,"href":"https:\/\/kath-akademie-bayern.de\/en\/wp-json\/wp\/v2\/media-library\/103847\/revisions\/103848"}],"wp:featuredmedia":[{"embeddable":true,"href":"https:\/\/kath-akademie-bayern.de\/en\/wp-json\/wp\/v2\/media\/78374"}],"wp:attachment":[{"href":"https:\/\/kath-akademie-bayern.de\/en\/wp-json\/wp\/v2\/media?parent=103847"}],"curies":[{"name":"wp","href":"https:\/\/api.w.org\/{rel}","templated":true}]}}