{"id":103853,"date":"2025-04-10T16:33:20","date_gmt":"2025-04-10T14:33:20","guid":{"rendered":"https:\/\/kath-akademie-bayern.de\/?post_type=media-library&#038;p=103853"},"modified":"2025-04-10T16:33:21","modified_gmt":"2025-04-10T14:33:21","slug":"ueber-geist-und-natur-im-zeitalter-der-ki-ein-gespraechsabend-mit-harald-lesch-und-wilhelm-vossenkuhl","status":"publish","type":"media-library","link":"https:\/\/kath-akademie-bayern.de\/en\/mediathek-eintrag\/ueber-geist-und-natur-im-zeitalter-der-ki-ein-gespraechsabend-mit-harald-lesch-und-wilhelm-vossenkuhl\/","title":{"rendered":"On mind and nature in the age of AI"},"content":{"rendered":"<p><span class=\"char-style-override-3\">K<\/span>urz vor der Sommerpause 2024 fand am 25. Juli in der Akademie noch ein Gespr\u00e4chsabend zu einem hochaktuellen und spannenden Thema statt: \u00dcber Geist und Natur im Zeitalter der KI. Es ging um Chancen und Risiken der Aufkl\u00e4rung durch Wissenschaft, des technischen Fortschritts und besonders der K\u00fcnstlichen Intelligenz (KI). Der Vortragssaal war gut gef\u00fcllt, zudem schalteten sich zahlreiche weitere Interessenten \u00fcber den Livestream dazu.<\/p>\n<p>Protagonisten der Veranstaltung waren Prof. Dr. Harald Lesch, Professor f\u00fcr Astrophysik an der LMU M\u00fcnchen sowie Lehrbeauftragter f\u00fcr Naturphilosophie an der Hochschule f\u00fcr Philosophie M\u00fcnchen, und Prof. Dr. Wilhelm Vossenkuhl, emeritierter Professor f\u00fcr Philosophie an der LMU M\u00fcnchen. Die beiden Wissenschaftler, die durch viele gemeinsame Auftritte ein eingespieltes Team sind, diskutierten das Thema auf ernste und gleichzeitig kurzweilige Weise: Ihr Gespr\u00e4ch regte zum Nachdenken an, gab aber auch wiederholt Anlass zum Schmunzeln.<\/p>\n<p>Die zwei Professoren begannen ihr \u201eNachdenken im Dialog\u201c mit Ausz\u00fcgen aus dem Werk Vita activa oder Vom t\u00e4tigen Leben von Hannah Arendt. Darin habe die Philosophin schon die Frage nach m\u00f6glichen Gef\u00e4hrdungen durch technischen Fortschritt aufgeworfen: Besteht das Risiko, dass die Menschheit irgendwann ihren eigenen Erkenntnissen und Erfindungen ausgeliefert sein wird? Mit Bezug auf Hannah Arendt und Martin Heidegger diskutierten die beiden Referenten in diesem Zusammenhang auch \u00fcber den Unterschied zwischen dem \u201eErkennen\u201c im Rahmen (natur-)wissenschaftlicher Forschung und dem \u201eDenken\u201c, durch das Erkenntnisse kritisch bewertet und Konsequenzen abgewogen werden.<\/p>\n<p>Von diesen Vor\u00fcberlegungen ausgehend ging es an das Schwerpunktthema des Abends: die K\u00fcnstliche Intelligenz, die zuletzt eine rasante Entwicklung mit noch nicht absehbaren Auswirkungen f\u00fcr die Zukunft erlebt hat. Neben Vorteilen, die die Verarbeitung riesiger Datenmengen mit sich bringen kann (z.\u00a0B. Vorhersage des Wetters, medizinische Diagnostik), besprachen Harald Lesch und Wilhelm Vossenkuhl vor allem das vorhandene Risikopotenzial. Diskutiert wurden unter anderem folgende Aspekte: Welchen Einfluss hat KI auf die Wahrnehmung unserer Wirklichkeit und die Gestaltung unseres Lebens? Welche Gefahren k\u00f6nnten mit der enormen, auch selbstst\u00e4ndigen Weiterentwicklung der Algorithmen, die sogar f\u00fcr die Forschung oft nicht mehr nachvollziehbar sei, in einer hochdigitalisierten Welt einhergehen? K\u00f6nnten die Menschen durch diese weitreichende technische Erfindung sogar gef\u00e4hrdet und \u201eentm\u00fcndigt\u201c werden?<\/p>\n<p>Im zweiten Teil der Veranstaltung hatte das Publikum vor Ort und im Livestream Gelegenheit, Fragen in die Diskussion einzubringen. Dabei wurden verschiedene Punkte noch vertieft bzw. neue Facetten des Themas eingebracht: Wie lernt KI? Wie k\u00f6nnen ihre Antworten verifiziert werden und wer \u00fcbernimmt die Verantwortung f\u00fcr den Einsatz ihrer Ergebnisse? Ist KI in der Lage, ein Ich-Bewusstsein zu entwickeln? Waren an ihrer Entstehung anfangs tats\u00e4chlich nur M\u00e4nner beteiligt? Und ist KI nicht auch n\u00f6tig, um Probleme der nachhaltigen Transformation zu l\u00f6sen? Diese und weitere Fragen wurden von den Referenten ausf\u00fchrlich beantwortet, bevor der Gespr\u00e4chsabend bei Wein und Brot ausklang.<\/p>","protected":false},"excerpt":{"rendered":"<p>Kurz vor der Sommerpause 2024 fand am 25. Juli in der Akademie noch ein Gespr\u00e4chsabend zu einem hochaktuellen und spannenden Thema statt: \u00dcber Geist und Natur im Zeitalter der KI. Es ging um Chancen und Risiken der Aufkl\u00e4rung durch Wissenschaft, des technischen Fortschritts und besonders der K\u00fcnstlichen Intelligenz (KI). Der Vortragssaal war gut gef\u00fcllt, zudem&hellip;<\/p>","protected":false},"author":5,"featured_media":65942,"menu_order":570,"template":"","meta":{"_relevanssi_hide_post":"","_relevanssi_hide_content":"","_relevanssi_pin_for_all":"","_relevanssi_pin_keywords":"","_relevanssi_unpin_keywords":"","_relevanssi_related_keywords":"","_relevanssi_related_include_ids":"","_relevanssi_related_exclude_ids":"","_relevanssi_related_no_append":"","_relevanssi_related_not_related":"","_relevanssi_related_posts":"","_relevanssi_noindex_reason":"","footnotes":""},"class_list":["post-103853","media-library","type-media-library","status-publish","has-post-thumbnail","hentry"],"yoast_head":"<!-- This site is optimized with the Yoast SEO plugin v27.4 - https:\/\/yoast.com\/product\/yoast-seo-wordpress\/ -->\n<title>\u00dcber Geist und Natur im Zeitalter der KI - Katholische Akademie in Bayern<\/title>\n<meta name=\"robots\" content=\"index, follow, max-snippet:-1, max-image-preview:large, max-video-preview:-1\" \/>\n<link rel=\"canonical\" href=\"https:\/\/kath-akademie-bayern.de\/en\/mediathek-eintrag\/ueber-geist-und-natur-im-zeitalter-der-ki-ein-gespraechsabend-mit-harald-lesch-und-wilhelm-vossenkuhl\/\" \/>\n<meta property=\"og:locale\" content=\"en_GB\" \/>\n<meta property=\"og:type\" content=\"article\" \/>\n<meta property=\"og:title\" content=\"\u00dcber Geist und Natur im Zeitalter der KI - Katholische Akademie in Bayern\" \/>\n<meta property=\"og:description\" content=\"Kurz vor der Sommerpause 2024 fand am 25. Juli in der Akademie noch ein Gespr\u00e4chsabend zu einem hochaktuellen und spannenden Thema statt: \u00dcber Geist und Natur im Zeitalter der KI. Es ging um Chancen und Risiken der Aufkl\u00e4rung durch Wissenschaft, des technischen Fortschritts und besonders der K\u00fcnstlichen Intelligenz (KI). Der Vortragssaal war gut gef\u00fcllt, zudem&hellip;\" \/>\n<meta property=\"og:url\" content=\"https:\/\/kath-akademie-bayern.de\/en\/mediathek-eintrag\/ueber-geist-und-natur-im-zeitalter-der-ki-ein-gespraechsabend-mit-harald-lesch-und-wilhelm-vossenkuhl\/\" \/>\n<meta property=\"og:site_name\" content=\"Katholische Akademie in Bayern\" \/>\n<meta property=\"article:publisher\" content=\"https:\/\/www.facebook.com\/katholische.akademie.bayern\/\" \/>\n<meta property=\"article:modified_time\" content=\"2025-04-10T14:33:21+00:00\" \/>\n<meta property=\"og:image\" content=\"https:\/\/kath-akademie-bayern.de\/wp-content\/uploads\/2024-07-25.jpg\" \/>\n\t<meta property=\"og:image:width\" content=\"921\" \/>\n\t<meta property=\"og:image:height\" content=\"518\" \/>\n\t<meta property=\"og:image:type\" content=\"image\/jpeg\" \/>\n<meta name=\"twitter:card\" content=\"summary_large_image\" \/>\n<meta name=\"twitter:label1\" content=\"Estimated reading time\" \/>\n\t<meta name=\"twitter:data1\" content=\"3 minutes\" \/>\n<script type=\"application\/ld+json\" class=\"yoast-schema-graph\">{\"@context\":\"https:\\\/\\\/schema.org\",\"@graph\":[{\"@type\":\"WebPage\",\"@id\":\"https:\\\/\\\/kath-akademie-bayern.de\\\/mediathek-eintrag\\\/ueber-geist-und-natur-im-zeitalter-der-ki-ein-gespraechsabend-mit-harald-lesch-und-wilhelm-vossenkuhl\\\/\",\"url\":\"https:\\\/\\\/kath-akademie-bayern.de\\\/mediathek-eintrag\\\/ueber-geist-und-natur-im-zeitalter-der-ki-ein-gespraechsabend-mit-harald-lesch-und-wilhelm-vossenkuhl\\\/\",\"name\":\"\u00dcber Geist und Natur im Zeitalter der KI - Katholische Akademie in Bayern\",\"isPartOf\":{\"@id\":\"https:\\\/\\\/kath-akademie-bayern.de\\\/#website\"},\"primaryImageOfPage\":{\"@id\":\"https:\\\/\\\/kath-akademie-bayern.de\\\/mediathek-eintrag\\\/ueber-geist-und-natur-im-zeitalter-der-ki-ein-gespraechsabend-mit-harald-lesch-und-wilhelm-vossenkuhl\\\/#primaryimage\"},\"image\":{\"@id\":\"https:\\\/\\\/kath-akademie-bayern.de\\\/mediathek-eintrag\\\/ueber-geist-und-natur-im-zeitalter-der-ki-ein-gespraechsabend-mit-harald-lesch-und-wilhelm-vossenkuhl\\\/#primaryimage\"},\"thumbnailUrl\":\"https:\\\/\\\/kath-akademie-bayern.de\\\/wp-content\\\/uploads\\\/2024-07-25.jpg\",\"datePublished\":\"2025-04-10T14:33:20+00:00\",\"dateModified\":\"2025-04-10T14:33:21+00:00\",\"breadcrumb\":{\"@id\":\"https:\\\/\\\/kath-akademie-bayern.de\\\/mediathek-eintrag\\\/ueber-geist-und-natur-im-zeitalter-der-ki-ein-gespraechsabend-mit-harald-lesch-und-wilhelm-vossenkuhl\\\/#breadcrumb\"},\"inLanguage\":\"en-GB\",\"potentialAction\":[{\"@type\":\"ReadAction\",\"target\":[\"https:\\\/\\\/kath-akademie-bayern.de\\\/mediathek-eintrag\\\/ueber-geist-und-natur-im-zeitalter-der-ki-ein-gespraechsabend-mit-harald-lesch-und-wilhelm-vossenkuhl\\\/\"]}]},{\"@type\":\"ImageObject\",\"inLanguage\":\"en-GB\",\"@id\":\"https:\\\/\\\/kath-akademie-bayern.de\\\/mediathek-eintrag\\\/ueber-geist-und-natur-im-zeitalter-der-ki-ein-gespraechsabend-mit-harald-lesch-und-wilhelm-vossenkuhl\\\/#primaryimage\",\"url\":\"https:\\\/\\\/kath-akademie-bayern.de\\\/wp-content\\\/uploads\\\/2024-07-25.jpg\",\"contentUrl\":\"https:\\\/\\\/kath-akademie-bayern.de\\\/wp-content\\\/uploads\\\/2024-07-25.jpg\",\"width\":921,\"height\":518},{\"@type\":\"BreadcrumbList\",\"@id\":\"https:\\\/\\\/kath-akademie-bayern.de\\\/mediathek-eintrag\\\/ueber-geist-und-natur-im-zeitalter-der-ki-ein-gespraechsabend-mit-harald-lesch-und-wilhelm-vossenkuhl\\\/#breadcrumb\",\"itemListElement\":[{\"@type\":\"ListItem\",\"position\":1,\"name\":\"Startseite\",\"item\":\"https:\\\/\\\/kath-akademie-bayern.de\\\/\"},{\"@type\":\"ListItem\",\"position\":2,\"name\":\"\u00dcber Geist und Natur im Zeitalter der KI\"}]},{\"@type\":\"WebSite\",\"@id\":\"https:\\\/\\\/kath-akademie-bayern.de\\\/#website\",\"url\":\"https:\\\/\\\/kath-akademie-bayern.de\\\/\",\"name\":\"Katholische Akademie in Bayern\",\"description\":\"Kirche braucht Debatte: \u201ekatholisch\u201c mit Blick auf das Ganze \u2013 und \u201eakademisch\u201c im Vertrauen auf die Kraft der Argumente\",\"publisher\":{\"@id\":\"https:\\\/\\\/kath-akademie-bayern.de\\\/#organization\"},\"potentialAction\":[{\"@type\":\"SearchAction\",\"target\":{\"@type\":\"EntryPoint\",\"urlTemplate\":\"https:\\\/\\\/kath-akademie-bayern.de\\\/?s={search_term_string}\"},\"query-input\":{\"@type\":\"PropertyValueSpecification\",\"valueRequired\":true,\"valueName\":\"search_term_string\"}}],\"inLanguage\":\"en-GB\"},{\"@type\":\"Organization\",\"@id\":\"https:\\\/\\\/kath-akademie-bayern.de\\\/#organization\",\"name\":\"Katholische Akademie in Bayern\",\"url\":\"https:\\\/\\\/kath-akademie-bayern.de\\\/\",\"logo\":{\"@type\":\"ImageObject\",\"inLanguage\":\"en-GB\",\"@id\":\"https:\\\/\\\/kath-akademie-bayern.de\\\/#\\\/schema\\\/logo\\\/image\\\/\",\"url\":\"https:\\\/\\\/kath-akademie-bayern.de\\\/wp-content\\\/uploads\\\/Menue-Logo-Home@2x.png\",\"contentUrl\":\"https:\\\/\\\/kath-akademie-bayern.de\\\/wp-content\\\/uploads\\\/Menue-Logo-Home@2x.png\",\"width\":496,\"height\":216,\"caption\":\"Katholische Akademie in Bayern\"},\"image\":{\"@id\":\"https:\\\/\\\/kath-akademie-bayern.de\\\/#\\\/schema\\\/logo\\\/image\\\/\"},\"sameAs\":[\"https:\\\/\\\/www.facebook.com\\\/katholische.akademie.bayern\\\/\"]}]}<\/script>\n<!-- \/ Yoast SEO plugin. -->","yoast_head_json":{"title":"On spirit and nature in the age of AI - Katholische Akademie in Bayern","robots":{"index":"index","follow":"follow","max-snippet":"max-snippet:-1","max-image-preview":"max-image-preview:large","max-video-preview":"max-video-preview:-1"},"canonical":"https:\/\/kath-akademie-bayern.de\/en\/mediathek-eintrag\/ueber-geist-und-natur-im-zeitalter-der-ki-ein-gespraechsabend-mit-harald-lesch-und-wilhelm-vossenkuhl\/","og_locale":"en_GB","og_type":"article","og_title":"\u00dcber Geist und Natur im Zeitalter der KI - Katholische Akademie in Bayern","og_description":"Kurz vor der Sommerpause 2024 fand am 25. Juli in der Akademie noch ein Gespr\u00e4chsabend zu einem hochaktuellen und spannenden Thema statt: \u00dcber Geist und Natur im Zeitalter der KI. Es ging um Chancen und Risiken der Aufkl\u00e4rung durch Wissenschaft, des technischen Fortschritts und besonders der K\u00fcnstlichen Intelligenz (KI). Der Vortragssaal war gut gef\u00fcllt, zudem&hellip;","og_url":"https:\/\/kath-akademie-bayern.de\/en\/mediathek-eintrag\/ueber-geist-und-natur-im-zeitalter-der-ki-ein-gespraechsabend-mit-harald-lesch-und-wilhelm-vossenkuhl\/","og_site_name":"Katholische Akademie in Bayern","article_publisher":"https:\/\/www.facebook.com\/katholische.akademie.bayern\/","article_modified_time":"2025-04-10T14:33:21+00:00","og_image":[{"width":921,"height":518,"url":"https:\/\/kath-akademie-bayern.de\/wp-content\/uploads\/2024-07-25.jpg","type":"image\/jpeg"}],"twitter_card":"summary_large_image","twitter_misc":{"Estimated reading time":"3 minutes"},"schema":{"@context":"https:\/\/schema.org","@graph":[{"@type":"WebPage","@id":"https:\/\/kath-akademie-bayern.de\/mediathek-eintrag\/ueber-geist-und-natur-im-zeitalter-der-ki-ein-gespraechsabend-mit-harald-lesch-und-wilhelm-vossenkuhl\/","url":"https:\/\/kath-akademie-bayern.de\/mediathek-eintrag\/ueber-geist-und-natur-im-zeitalter-der-ki-ein-gespraechsabend-mit-harald-lesch-und-wilhelm-vossenkuhl\/","name":"On spirit and nature in the age of AI - Katholische Akademie in Bayern","isPartOf":{"@id":"https:\/\/kath-akademie-bayern.de\/#website"},"primaryImageOfPage":{"@id":"https:\/\/kath-akademie-bayern.de\/mediathek-eintrag\/ueber-geist-und-natur-im-zeitalter-der-ki-ein-gespraechsabend-mit-harald-lesch-und-wilhelm-vossenkuhl\/#primaryimage"},"image":{"@id":"https:\/\/kath-akademie-bayern.de\/mediathek-eintrag\/ueber-geist-und-natur-im-zeitalter-der-ki-ein-gespraechsabend-mit-harald-lesch-und-wilhelm-vossenkuhl\/#primaryimage"},"thumbnailUrl":"https:\/\/kath-akademie-bayern.de\/wp-content\/uploads\/2024-07-25.jpg","datePublished":"2025-04-10T14:33:20+00:00","dateModified":"2025-04-10T14:33:21+00:00","breadcrumb":{"@id":"https:\/\/kath-akademie-bayern.de\/mediathek-eintrag\/ueber-geist-und-natur-im-zeitalter-der-ki-ein-gespraechsabend-mit-harald-lesch-und-wilhelm-vossenkuhl\/#breadcrumb"},"inLanguage":"en-GB","potentialAction":[{"@type":"ReadAction","target":["https:\/\/kath-akademie-bayern.de\/mediathek-eintrag\/ueber-geist-und-natur-im-zeitalter-der-ki-ein-gespraechsabend-mit-harald-lesch-und-wilhelm-vossenkuhl\/"]}]},{"@type":"ImageObject","inLanguage":"en-GB","@id":"https:\/\/kath-akademie-bayern.de\/mediathek-eintrag\/ueber-geist-und-natur-im-zeitalter-der-ki-ein-gespraechsabend-mit-harald-lesch-und-wilhelm-vossenkuhl\/#primaryimage","url":"https:\/\/kath-akademie-bayern.de\/wp-content\/uploads\/2024-07-25.jpg","contentUrl":"https:\/\/kath-akademie-bayern.de\/wp-content\/uploads\/2024-07-25.jpg","width":921,"height":518},{"@type":"BreadcrumbList","@id":"https:\/\/kath-akademie-bayern.de\/mediathek-eintrag\/ueber-geist-und-natur-im-zeitalter-der-ki-ein-gespraechsabend-mit-harald-lesch-und-wilhelm-vossenkuhl\/#breadcrumb","itemListElement":[{"@type":"ListItem","position":1,"name":"Startseite","item":"https:\/\/kath-akademie-bayern.de\/"},{"@type":"ListItem","position":2,"name":"\u00dcber Geist und Natur im Zeitalter der KI"}]},{"@type":"WebSite","@id":"https:\/\/kath-akademie-bayern.de\/#website","url":"https:\/\/kath-akademie-bayern.de\/","name":"Catholic Academy in Bavaria","description":"Church needs debate: \"catholic\" looking at the whole - and \"academic\" trusting in the power of arguments","publisher":{"@id":"https:\/\/kath-akademie-bayern.de\/#organization"},"potentialAction":[{"@type":"SearchAction","target":{"@type":"EntryPoint","urlTemplate":"https:\/\/kath-akademie-bayern.de\/?s={search_term_string}"},"query-input":{"@type":"PropertyValueSpecification","valueRequired":true,"valueName":"search_term_string"}}],"inLanguage":"en-GB"},{"@type":"Organization","@id":"https:\/\/kath-akademie-bayern.de\/#organization","name":"Catholic Academy in Bavaria","url":"https:\/\/kath-akademie-bayern.de\/","logo":{"@type":"ImageObject","inLanguage":"en-GB","@id":"https:\/\/kath-akademie-bayern.de\/#\/schema\/logo\/image\/","url":"https:\/\/kath-akademie-bayern.de\/wp-content\/uploads\/Menue-Logo-Home@2x.png","contentUrl":"https:\/\/kath-akademie-bayern.de\/wp-content\/uploads\/Menue-Logo-Home@2x.png","width":496,"height":216,"caption":"Katholische Akademie in Bayern"},"image":{"@id":"https:\/\/kath-akademie-bayern.de\/#\/schema\/logo\/image\/"},"sameAs":["https:\/\/www.facebook.com\/katholische.akademie.bayern\/"]}]}},"_links":{"self":[{"href":"https:\/\/kath-akademie-bayern.de\/en\/wp-json\/wp\/v2\/media-library\/103853","targetHints":{"allow":["GET"]}}],"collection":[{"href":"https:\/\/kath-akademie-bayern.de\/en\/wp-json\/wp\/v2\/media-library"}],"about":[{"href":"https:\/\/kath-akademie-bayern.de\/en\/wp-json\/wp\/v2\/types\/media-library"}],"author":[{"embeddable":true,"href":"https:\/\/kath-akademie-bayern.de\/en\/wp-json\/wp\/v2\/users\/5"}],"version-history":[{"count":1,"href":"https:\/\/kath-akademie-bayern.de\/en\/wp-json\/wp\/v2\/media-library\/103853\/revisions"}],"predecessor-version":[{"id":103855,"href":"https:\/\/kath-akademie-bayern.de\/en\/wp-json\/wp\/v2\/media-library\/103853\/revisions\/103855"}],"wp:featuredmedia":[{"embeddable":true,"href":"https:\/\/kath-akademie-bayern.de\/en\/wp-json\/wp\/v2\/media\/65942"}],"wp:attachment":[{"href":"https:\/\/kath-akademie-bayern.de\/en\/wp-json\/wp\/v2\/media?parent=103853"}],"curies":[{"name":"wp","href":"https:\/\/api.w.org\/{rel}","templated":true}]}}