{"id":103856,"date":"2025-04-10T16:35:58","date_gmt":"2025-04-10T14:35:58","guid":{"rendered":"https:\/\/kath-akademie-bayern.de\/?post_type=media-library&#038;p=103856"},"modified":"2025-04-10T16:35:59","modified_gmt":"2025-04-10T14:35:59","slug":"theologisches-terzett-zu-gast-hans-joas","status":"publish","type":"media-library","link":"https:\/\/kath-akademie-bayern.de\/en\/mediathek-eintrag\/theologisches-terzett-zu-gast-hans-joas\/","title":{"rendered":"Theological trio"},"content":{"rendered":"<p><span class=\"char-style-override-2\">Z<\/span>um Theologischen Terzett am 9. April 2024 hatten sich etwa 60 Personen eingefunden, um sich von Dr. h.c. mult. Annette Schavan, Prof. Dr. Jan-Heiner T\u00fcck und dem diesmaligen Gast, Prof. Dr. Dr. h.c. mult. Hans Joas, Soziologe und Sozialphilosoph, theologische oder f\u00fcr die Theologie relevante B\u00fccher vorstellen zu lassen.<\/p>\n<p>Hans Joas ist in M\u00fcnchen geboren und aktuell Ernst-Troeltsch-Honorarprofessor f\u00fcr Religionssoziologie an der Humboldt-Universit\u00e4t in Berlin. Von 1990 bis 2002 war er Professor f\u00fcr Soziologie und Nordamerikastudien an der FU Berlin, von 2002 bis 2011 war er Max-Weber-Professor an der Universit\u00e4t Erfurt und Leiter des dortigen Max-Weber-Kollegs f\u00fcr kultur- und sozialwissenschaftliche Studien. Ab dem Jahr 2000 lehrte er mehr als zwanzig Jahre lang regelm\u00e4\u00dfig an der University of Chicago, deren Committee on Social Thought er angeh\u00f6rt. Er hatte weitere Professuren, Gastprofessuren und Fellowships rund um den Globus inne, ist Mitglied diverser Wissenschaftsakademien und Tr\u00e4ger bedeutender Preise und Ehrendoktorw\u00fcrden. Und er war im Geiste auch schon bei einem fr\u00fcheren Terzett mit anwesend, denn seine Publikation Warum Kirche? Selbstoptimierung oder Glaubensgemeinschaft wurde im Theologischen Terzett im September 2022 besprochen.<\/p>\n<p>Das erste Buch des Abends, R\u00f6mischer Katholizismus und politische Form von Carl Schmitt, wurde von Jan-Heiner T\u00fcck vorgestellt. Die umstrittene Person Carl Schmitts wollte T\u00fcck gleich zu Beginn als hier beileibe nicht rehabiliert sehen und bezeichnete ihn als \u201eilliberalen, antiparlamentarischen, antisemitischen und nationalsozialistischen Denker\u201c. Dennoch sei ein Blick auf dessen Wirkungsgeschichte interessant, die sich auf Gelehrte wie Jacob Taubes, Jacques Derrida, Ernst-Wolfgang B\u00f6ckenf\u00f6rde und Robert Spaemann erstrecke. Das vorgestellte Buch sei ziemlich genau 100 Jahre alt und setze sich mit drei Formen auseinander, in den denen sich die politische Form des Katholizismus ausgestalte: die \u00e4sthetische Form, die juridische Form und der Glanz der Macht. Im Folgenden solle es darum gehen, was davon \u00fcbriggeblieben bzw. daran zu Recht kritisiert worden sei.<\/p>\n<p>Als zweiter folgte Hans Joas mit Kleine Theologie des Als ob von Sebastian Kleinschmidt. Dieser mit Joas befreundete Publizist ist der Sohn des ehemaligen Schweriner Dompredigers und war in den letzten Jahren der DDR der stellvertretende Chefredakteur der Kulturzeitschrift Sinn und Form, der bedeutendsten der DDR, die von der Berliner Akademie der K\u00fcnste herausgegeben wurde und wird. In der Zeit seines dortigen Wirkens sorgte Sebastian Kleinschmidt daf\u00fcr, dass sich Sinn und Form auch in spezieller Weise mit Religion besch\u00e4ftigte, was f\u00fcr die DDR-Zeit bemerkenswert war.<\/p>\n<p>Der Grundgedanke des Buches stellt drei M\u00f6glichkeiten vor, wie der Mensch sich auf Gott beziehen k\u00f6nne:<\/p>\n<p>1.) Ja, Gott ist (Glaube).<\/p>\n<p>2.) Nein, Gott ist nicht (Unglaube).<\/p>\n<p>3.) Ja, vielleicht ist Gott.<\/p>\n<p>Diesen drei M\u00f6glichkeiten gehe das Buch nach, wobei Sebastian Kleinschmidt eine sowohl sehr pers\u00f6nliche als auch eine philosophisch-theologische Ebene entfalte.<\/p>\n<p>Schlie\u00dflich f\u00fchrte Annette Schavan in das Buch Die hohe Kunst des Verzichts. Kleine Philosophie der Selbstbeschr\u00e4nkung von Otfried H\u00f6ffe ein. H\u00f6ffe, Professor f\u00fcr Philosophie in T\u00fcbingen, geht es hierin um die freiwillige Selbstbeschr\u00e4nkung in Zeiten der Selbstbestimmung. Er sagt, dass gelingendes Leben nicht ohne die hohe Kunst der freiwilligen Selbstbeschr\u00e4nkung auskommt, wobei es ihm um eine Rehabilitierung des Begriffs Verzicht geht, der eine eher negative Konnotation, um nicht zu sagen einen schlechten Ruf hat. H\u00f6ffe m\u00f6chte mit seinem Essay aufkl\u00e4ren, das Ph\u00e4nomen neu sehen und bewerten und als willkommene Praxis einsch\u00e4tzen.<\/p>\n<p>Dazu nennt er f\u00fcnf Verzichtsmuster: zum ersten den Freiheitsverzicht um der Freiheit willen, womit vor allem die politische Ebene gemeint ist. Der Staat ist nicht die Letztinstanz und muss manchmal auch auf Macht verzichten. Zum zweiten geht es darum, Menschsein zu erm\u00f6glichen, in Form von Hilfsbereitschaft und der Aus\u00fcbung der Kardinaltugenden Klugheit, Gerechtigkeit, M\u00e4\u00dfigung und Mut. Das dritte Muster ist der Verzicht aufgrund von Idealen, wo H\u00f6ffe die Evangelischen R\u00e4te Keuschheit, Armut und Gehorsam nennt. Verzichten, um aktuelle Krisen zu bew\u00e4ltigen, ist das vierte Muster und das f\u00fcnfte schlie\u00dflich die Rettung des Planeten, Stichwort Klimaschutz und Nachhaltigkeit.<\/p>","protected":false},"excerpt":{"rendered":"<p>Zum Theologischen Terzett am 9. April 2024 hatten sich etwa 60 Personen eingefunden, um sich von Dr. h.c. mult. Annette Schavan, Prof. Dr. Jan-Heiner T\u00fcck und dem diesmaligen Gast, Prof. Dr. Dr. h.c. mult. Hans Joas, Soziologe und Sozialphilosoph, theologische oder f\u00fcr die Theologie relevante B\u00fccher vorstellen zu lassen. Hans Joas ist in M\u00fcnchen geboren&hellip;<\/p>","protected":false},"author":5,"featured_media":32561,"menu_order":569,"template":"","meta":{"_relevanssi_hide_post":"","_relevanssi_hide_content":"","_relevanssi_pin_for_all":"","_relevanssi_pin_keywords":"","_relevanssi_unpin_keywords":"","_relevanssi_related_keywords":"","_relevanssi_related_include_ids":"","_relevanssi_related_exclude_ids":"","_relevanssi_related_no_append":"","_relevanssi_related_not_related":"","_relevanssi_related_posts":"","_relevanssi_noindex_reason":"","footnotes":""},"class_list":["post-103856","media-library","type-media-library","status-publish","has-post-thumbnail","hentry"],"yoast_head":"<!-- This site is optimized with the Yoast SEO plugin v27.4 - https:\/\/yoast.com\/product\/yoast-seo-wordpress\/ -->\n<title>Theologisches Terzett - Katholische Akademie in Bayern<\/title>\n<meta name=\"robots\" content=\"index, follow, max-snippet:-1, max-image-preview:large, max-video-preview:-1\" \/>\n<link rel=\"canonical\" href=\"https:\/\/kath-akademie-bayern.de\/en\/mediathek-eintrag\/theologisches-terzett-zu-gast-hans-joas\/\" \/>\n<meta property=\"og:locale\" content=\"en_GB\" \/>\n<meta property=\"og:type\" content=\"article\" \/>\n<meta property=\"og:title\" content=\"Theologisches Terzett - Katholische Akademie in Bayern\" \/>\n<meta property=\"og:description\" content=\"Zum Theologischen Terzett am 9. April 2024 hatten sich etwa 60 Personen eingefunden, um sich von Dr. h.c. mult. Annette Schavan, Prof. Dr. Jan-Heiner T\u00fcck und dem diesmaligen Gast, Prof. Dr. Dr. h.c. mult. Hans Joas, Soziologe und Sozialphilosoph, theologische oder f\u00fcr die Theologie relevante B\u00fccher vorstellen zu lassen. Hans Joas ist in M\u00fcnchen geboren&hellip;\" \/>\n<meta property=\"og:url\" content=\"https:\/\/kath-akademie-bayern.de\/en\/mediathek-eintrag\/theologisches-terzett-zu-gast-hans-joas\/\" \/>\n<meta property=\"og:site_name\" content=\"Katholische Akademie in Bayern\" \/>\n<meta property=\"article:publisher\" content=\"https:\/\/www.facebook.com\/katholische.akademie.bayern\/\" \/>\n<meta property=\"article:modified_time\" content=\"2025-04-10T14:35:59+00:00\" \/>\n<meta property=\"og:image\" content=\"https:\/\/kath-akademie-bayern.de\/wp-content\/uploads\/Theologie_Kirche_Spiritualitaet.jpg\" \/>\n\t<meta property=\"og:image:width\" content=\"872\" \/>\n\t<meta property=\"og:image:height\" content=\"490\" \/>\n\t<meta property=\"og:image:type\" content=\"image\/jpeg\" \/>\n<meta name=\"twitter:card\" content=\"summary_large_image\" \/>\n<meta name=\"twitter:label1\" content=\"Estimated reading time\" \/>\n\t<meta name=\"twitter:data1\" content=\"4 minutes\" \/>\n<script type=\"application\/ld+json\" class=\"yoast-schema-graph\">{\"@context\":\"https:\\\/\\\/schema.org\",\"@graph\":[{\"@type\":\"WebPage\",\"@id\":\"https:\\\/\\\/kath-akademie-bayern.de\\\/mediathek-eintrag\\\/theologisches-terzett-zu-gast-hans-joas\\\/\",\"url\":\"https:\\\/\\\/kath-akademie-bayern.de\\\/mediathek-eintrag\\\/theologisches-terzett-zu-gast-hans-joas\\\/\",\"name\":\"Theologisches Terzett - Katholische Akademie in Bayern\",\"isPartOf\":{\"@id\":\"https:\\\/\\\/kath-akademie-bayern.de\\\/#website\"},\"primaryImageOfPage\":{\"@id\":\"https:\\\/\\\/kath-akademie-bayern.de\\\/mediathek-eintrag\\\/theologisches-terzett-zu-gast-hans-joas\\\/#primaryimage\"},\"image\":{\"@id\":\"https:\\\/\\\/kath-akademie-bayern.de\\\/mediathek-eintrag\\\/theologisches-terzett-zu-gast-hans-joas\\\/#primaryimage\"},\"thumbnailUrl\":\"https:\\\/\\\/kath-akademie-bayern.de\\\/wp-content\\\/uploads\\\/Theologie_Kirche_Spiritualitaet.jpg\",\"datePublished\":\"2025-04-10T14:35:58+00:00\",\"dateModified\":\"2025-04-10T14:35:59+00:00\",\"breadcrumb\":{\"@id\":\"https:\\\/\\\/kath-akademie-bayern.de\\\/mediathek-eintrag\\\/theologisches-terzett-zu-gast-hans-joas\\\/#breadcrumb\"},\"inLanguage\":\"en-GB\",\"potentialAction\":[{\"@type\":\"ReadAction\",\"target\":[\"https:\\\/\\\/kath-akademie-bayern.de\\\/mediathek-eintrag\\\/theologisches-terzett-zu-gast-hans-joas\\\/\"]}]},{\"@type\":\"ImageObject\",\"inLanguage\":\"en-GB\",\"@id\":\"https:\\\/\\\/kath-akademie-bayern.de\\\/mediathek-eintrag\\\/theologisches-terzett-zu-gast-hans-joas\\\/#primaryimage\",\"url\":\"https:\\\/\\\/kath-akademie-bayern.de\\\/wp-content\\\/uploads\\\/Theologie_Kirche_Spiritualitaet.jpg\",\"contentUrl\":\"https:\\\/\\\/kath-akademie-bayern.de\\\/wp-content\\\/uploads\\\/Theologie_Kirche_Spiritualitaet.jpg\",\"width\":872,\"height\":490},{\"@type\":\"BreadcrumbList\",\"@id\":\"https:\\\/\\\/kath-akademie-bayern.de\\\/mediathek-eintrag\\\/theologisches-terzett-zu-gast-hans-joas\\\/#breadcrumb\",\"itemListElement\":[{\"@type\":\"ListItem\",\"position\":1,\"name\":\"Startseite\",\"item\":\"https:\\\/\\\/kath-akademie-bayern.de\\\/\"},{\"@type\":\"ListItem\",\"position\":2,\"name\":\"Theologisches Terzett\"}]},{\"@type\":\"WebSite\",\"@id\":\"https:\\\/\\\/kath-akademie-bayern.de\\\/#website\",\"url\":\"https:\\\/\\\/kath-akademie-bayern.de\\\/\",\"name\":\"Katholische Akademie in Bayern\",\"description\":\"Kirche braucht Debatte: \u201ekatholisch\u201c mit Blick auf das Ganze \u2013 und \u201eakademisch\u201c im Vertrauen auf die Kraft der Argumente\",\"publisher\":{\"@id\":\"https:\\\/\\\/kath-akademie-bayern.de\\\/#organization\"},\"potentialAction\":[{\"@type\":\"SearchAction\",\"target\":{\"@type\":\"EntryPoint\",\"urlTemplate\":\"https:\\\/\\\/kath-akademie-bayern.de\\\/?s={search_term_string}\"},\"query-input\":{\"@type\":\"PropertyValueSpecification\",\"valueRequired\":true,\"valueName\":\"search_term_string\"}}],\"inLanguage\":\"en-GB\"},{\"@type\":\"Organization\",\"@id\":\"https:\\\/\\\/kath-akademie-bayern.de\\\/#organization\",\"name\":\"Katholische Akademie in Bayern\",\"url\":\"https:\\\/\\\/kath-akademie-bayern.de\\\/\",\"logo\":{\"@type\":\"ImageObject\",\"inLanguage\":\"en-GB\",\"@id\":\"https:\\\/\\\/kath-akademie-bayern.de\\\/#\\\/schema\\\/logo\\\/image\\\/\",\"url\":\"https:\\\/\\\/kath-akademie-bayern.de\\\/wp-content\\\/uploads\\\/Menue-Logo-Home@2x.png\",\"contentUrl\":\"https:\\\/\\\/kath-akademie-bayern.de\\\/wp-content\\\/uploads\\\/Menue-Logo-Home@2x.png\",\"width\":496,\"height\":216,\"caption\":\"Katholische Akademie in Bayern\"},\"image\":{\"@id\":\"https:\\\/\\\/kath-akademie-bayern.de\\\/#\\\/schema\\\/logo\\\/image\\\/\"},\"sameAs\":[\"https:\\\/\\\/www.facebook.com\\\/katholische.akademie.bayern\\\/\"]}]}<\/script>\n<!-- \/ Yoast SEO plugin. -->","yoast_head_json":{"title":"Theological Trio - Catholic Academy in Bavaria","robots":{"index":"index","follow":"follow","max-snippet":"max-snippet:-1","max-image-preview":"max-image-preview:large","max-video-preview":"max-video-preview:-1"},"canonical":"https:\/\/kath-akademie-bayern.de\/en\/mediathek-eintrag\/theologisches-terzett-zu-gast-hans-joas\/","og_locale":"en_GB","og_type":"article","og_title":"Theologisches Terzett - Katholische Akademie in Bayern","og_description":"Zum Theologischen Terzett am 9. April 2024 hatten sich etwa 60 Personen eingefunden, um sich von Dr. h.c. mult. Annette Schavan, Prof. Dr. Jan-Heiner T\u00fcck und dem diesmaligen Gast, Prof. Dr. Dr. h.c. mult. Hans Joas, Soziologe und Sozialphilosoph, theologische oder f\u00fcr die Theologie relevante B\u00fccher vorstellen zu lassen. Hans Joas ist in M\u00fcnchen geboren&hellip;","og_url":"https:\/\/kath-akademie-bayern.de\/en\/mediathek-eintrag\/theologisches-terzett-zu-gast-hans-joas\/","og_site_name":"Katholische Akademie in Bayern","article_publisher":"https:\/\/www.facebook.com\/katholische.akademie.bayern\/","article_modified_time":"2025-04-10T14:35:59+00:00","og_image":[{"width":872,"height":490,"url":"https:\/\/kath-akademie-bayern.de\/wp-content\/uploads\/Theologie_Kirche_Spiritualitaet.jpg","type":"image\/jpeg"}],"twitter_card":"summary_large_image","twitter_misc":{"Estimated reading time":"4 minutes"},"schema":{"@context":"https:\/\/schema.org","@graph":[{"@type":"WebPage","@id":"https:\/\/kath-akademie-bayern.de\/mediathek-eintrag\/theologisches-terzett-zu-gast-hans-joas\/","url":"https:\/\/kath-akademie-bayern.de\/mediathek-eintrag\/theologisches-terzett-zu-gast-hans-joas\/","name":"Theological Trio - Catholic Academy in Bavaria","isPartOf":{"@id":"https:\/\/kath-akademie-bayern.de\/#website"},"primaryImageOfPage":{"@id":"https:\/\/kath-akademie-bayern.de\/mediathek-eintrag\/theologisches-terzett-zu-gast-hans-joas\/#primaryimage"},"image":{"@id":"https:\/\/kath-akademie-bayern.de\/mediathek-eintrag\/theologisches-terzett-zu-gast-hans-joas\/#primaryimage"},"thumbnailUrl":"https:\/\/kath-akademie-bayern.de\/wp-content\/uploads\/Theologie_Kirche_Spiritualitaet.jpg","datePublished":"2025-04-10T14:35:58+00:00","dateModified":"2025-04-10T14:35:59+00:00","breadcrumb":{"@id":"https:\/\/kath-akademie-bayern.de\/mediathek-eintrag\/theologisches-terzett-zu-gast-hans-joas\/#breadcrumb"},"inLanguage":"en-GB","potentialAction":[{"@type":"ReadAction","target":["https:\/\/kath-akademie-bayern.de\/mediathek-eintrag\/theologisches-terzett-zu-gast-hans-joas\/"]}]},{"@type":"ImageObject","inLanguage":"en-GB","@id":"https:\/\/kath-akademie-bayern.de\/mediathek-eintrag\/theologisches-terzett-zu-gast-hans-joas\/#primaryimage","url":"https:\/\/kath-akademie-bayern.de\/wp-content\/uploads\/Theologie_Kirche_Spiritualitaet.jpg","contentUrl":"https:\/\/kath-akademie-bayern.de\/wp-content\/uploads\/Theologie_Kirche_Spiritualitaet.jpg","width":872,"height":490},{"@type":"BreadcrumbList","@id":"https:\/\/kath-akademie-bayern.de\/mediathek-eintrag\/theologisches-terzett-zu-gast-hans-joas\/#breadcrumb","itemListElement":[{"@type":"ListItem","position":1,"name":"Startseite","item":"https:\/\/kath-akademie-bayern.de\/"},{"@type":"ListItem","position":2,"name":"Theologisches Terzett"}]},{"@type":"WebSite","@id":"https:\/\/kath-akademie-bayern.de\/#website","url":"https:\/\/kath-akademie-bayern.de\/","name":"Catholic Academy in Bavaria","description":"Church needs debate: \"catholic\" looking at the whole - and \"academic\" trusting in the power of arguments","publisher":{"@id":"https:\/\/kath-akademie-bayern.de\/#organization"},"potentialAction":[{"@type":"SearchAction","target":{"@type":"EntryPoint","urlTemplate":"https:\/\/kath-akademie-bayern.de\/?s={search_term_string}"},"query-input":{"@type":"PropertyValueSpecification","valueRequired":true,"valueName":"search_term_string"}}],"inLanguage":"en-GB"},{"@type":"Organization","@id":"https:\/\/kath-akademie-bayern.de\/#organization","name":"Catholic Academy in Bavaria","url":"https:\/\/kath-akademie-bayern.de\/","logo":{"@type":"ImageObject","inLanguage":"en-GB","@id":"https:\/\/kath-akademie-bayern.de\/#\/schema\/logo\/image\/","url":"https:\/\/kath-akademie-bayern.de\/wp-content\/uploads\/Menue-Logo-Home@2x.png","contentUrl":"https:\/\/kath-akademie-bayern.de\/wp-content\/uploads\/Menue-Logo-Home@2x.png","width":496,"height":216,"caption":"Katholische Akademie in Bayern"},"image":{"@id":"https:\/\/kath-akademie-bayern.de\/#\/schema\/logo\/image\/"},"sameAs":["https:\/\/www.facebook.com\/katholische.akademie.bayern\/"]}]}},"_links":{"self":[{"href":"https:\/\/kath-akademie-bayern.de\/en\/wp-json\/wp\/v2\/media-library\/103856","targetHints":{"allow":["GET"]}}],"collection":[{"href":"https:\/\/kath-akademie-bayern.de\/en\/wp-json\/wp\/v2\/media-library"}],"about":[{"href":"https:\/\/kath-akademie-bayern.de\/en\/wp-json\/wp\/v2\/types\/media-library"}],"author":[{"embeddable":true,"href":"https:\/\/kath-akademie-bayern.de\/en\/wp-json\/wp\/v2\/users\/5"}],"version-history":[{"count":1,"href":"https:\/\/kath-akademie-bayern.de\/en\/wp-json\/wp\/v2\/media-library\/103856\/revisions"}],"predecessor-version":[{"id":103857,"href":"https:\/\/kath-akademie-bayern.de\/en\/wp-json\/wp\/v2\/media-library\/103856\/revisions\/103857"}],"wp:featuredmedia":[{"embeddable":true,"href":"https:\/\/kath-akademie-bayern.de\/en\/wp-json\/wp\/v2\/media\/32561"}],"wp:attachment":[{"href":"https:\/\/kath-akademie-bayern.de\/en\/wp-json\/wp\/v2\/media?parent=103856"}],"curies":[{"name":"wp","href":"https:\/\/api.w.org\/{rel}","templated":true}]}}