{"id":107581,"date":"2025-07-03T11:11:51","date_gmt":"2025-07-03T09:11:51","guid":{"rendered":"https:\/\/kath-akademie-bayern.de\/?post_type=media-library&#038;p=107581"},"modified":"2025-07-03T11:36:37","modified_gmt":"2025-07-03T09:36:37","slug":"mit-messerscharfem-sachverstand-und-entwaffnender-herzlichkeit","status":"publish","type":"media-library","link":"https:\/\/kath-akademie-bayern.de\/en\/mediathek-eintrag\/mit-messerscharfem-sachverstand-und-entwaffnender-herzlichkeit\/","title":{"rendered":"Mit messerscharfem Sachverstand und entwaffnender Herzlichkeit"},"content":{"rendered":"<p class=\"fliess-ERSTER\"><span class=\"Initiale\">L<\/span>iebe Frau Prof. Dr. Angelika Nu\u00dfberger, lieber Herr Dr. Achim Budde, lieber Herr Prof. Dr. Andreas Vo\u00dfkuhle, sehr verehrte Eminenz Dr. Reinhard Kardinal Marx, verehrte Festg\u00e4ste, meine Damen und Herren, Ihnen allen ein herzliches Gr\u00fc\u00df Gott!<\/p>\n<p class=\"fliess\">Gerne h\u00e4tte ich schon jetzt Ihnen pers\u00f6nlich zu Ihrer Auszeichnung gratuliert, liebe Frau Professorin Nu\u00dfberger. Da ich gerade an einer Kabinettssitzung teilnehmen muss, werde ich erst zum Empfang dazu sto\u00dfen k\u00f6nnen.<\/p>\n<p class=\"fliess\">Ich \u00fcbermittle Ihnen aber bereits jetzt auf diesem Weg nicht weniger herzlich meine pers\u00f6nlichen Gl\u00fcckw\u00fcnsche \u2013 auch im Namen von Ministerpr\u00e4sident Dr. Markus S\u00f6der sowie der gesamten Bayerischen Staatsregierung.<\/p>\n<p class=\"fliess\">Mit dem Romano-Guardini-Preis werden herausragende Pers\u00f6nlichkeiten ausgezeichnet, die sich im Geiste der Ideen Guardinis hervorragende Verdienste erworben haben. Guardini kennen die meisten als Theologen und Philosophen, aber sein Wirken wies weit \u00fcber diese Felder hinaus. Literaturwissenschaftliche und p\u00e4dagogische Betrachtungen geh\u00f6rten ebenso zu diesem wissenschaftlichen Allroundgenie, auf das wir in Bayern sehr stolz sind.<\/p>\n<p class=\"fliess\">Dabei war Guardini wahrlich kein Repr\u00e4sentant der Wissenschaft, der sich in den Elfenbeinturm zur\u00fcckzog. Ihm ging es immer um den modernen Menschen \u2013 und wie er sich in der so un\u00fcbersichtlichen und komplexen Welt zurechtfindet.<\/p>\n<p class=\"fliess\">Liebe Frau Professorin Nu\u00dfberger, das eint Sie mit dem gro\u00dfen Namensgeber Ihrer heutigen Auszeichnung. Denn auch f\u00fcr Sie steht stets der Schutz des Menschen und die Wahrung seiner W\u00fcrde im Mittelpunkt. Als herausragende Juristin machen Sie sich deshalb f\u00fcr eine wichtige Grund\u00fcberzeugung stark: N\u00e4mlich, dass der Rechtsstaat eine der gr\u00f6\u00dften kulturellen Errungenschaften der Menschheitsgeschichte ist. Die Durchsetzung und Verteidigung der Menschenrechte gegen alle, die mit Willk\u00fcr und Unterdr\u00fcckung herrschen, steht darum im Zentrum Ihres Wirkens. Sie stehen ein f\u00fcr Ihre \u00dcberzeugung: Wem Unrecht widerf\u00e4hrt, der muss Geh\u00f6r finden k\u00f6nnen.<\/p>\n<p class=\"fliess\">Wer Sie in Vortr\u00e4gen, Gespr\u00e4chen und Interviews h\u00f6rt, sp\u00fcrt Ihre Leidenschaft und Ihre Begeisterung f\u00fcr das Recht, die Rechtsprechung und die in ihr zu findende Gerechtigkeit.<\/p>\n<p class=\"fliess\">Diese Gerechtigkeit ist universal und sollte f\u00fcr alle Menschen m\u00f6glich sein \u2013 auch deshalb f\u00fchrte Sie Ihr Weg bereits im Studium in die weite Welt: in Moskau, Stra\u00dfburg, Coimbra und Harvard haben Sie Ihre Perspektiven erweitert. Und diesen Weitblick merkt man Ihnen stets an.<\/p>\n<p class=\"fliess\">Ihr messerscharfer Sachverstand und Ihre \u00e4u\u00dferst ausgepr\u00e4gte F\u00e4higkeit zum Verst\u00e4ndnis f\u00fcr andere Kulturen haben Sie zur idealen Besetzung am Europ\u00e4ischen Gerichtshof f\u00fcr Menschenrechte gemacht. Von 2017 bis 2019 waren Sie dort sogar Vizepr\u00e4sidentin.<\/p>\n<p class=\"fliess\">Ein Kontinuum war und ist Ihre T\u00e4tigkeit an der Universit\u00e4t in K\u00f6ln als Professorin f\u00fcr Verfassungsrecht, V\u00f6lkerrecht und Rechtsvergleichung. Seit \u00fcber 20 Jahren setzen Sie dort Impulse f\u00fcr die n\u00e4chsten Generationen von Juristen. Die Studentinnen und Studenten schauen zu Ihnen auf, weil Sie Sachverstand, lebenslange Neugier und gro\u00dfe Menschlichkeit miteinander verbinden.<\/p>\n<p class=\"fliess\">Neben Ihrem gro\u00dfen Ansehen in Deutschland erfuhren Sie aber auch viele Ehrungen im Ausland, besonders in Osteuropa. Dass Sie nun auch in Bosnien-Herzegowina internationale Richterin am dortigen Verfassungsgericht sind, ist ein weiterer verdienter Beweis Ihrer F\u00e4higkeiten \u2013 und Ihrer internationalen Reputation.<\/p>\n<p class=\"fliess\">Verehrte Frau Professorin Nu\u00dfberger, bei all Ihren F\u00e4higkeiten und Ihrem Renommee w\u00e4re es nicht verwunderlich, wenn Sie eine gewisse Aura der Unnahbarkeit umgeben w\u00fcrde. Doch das Gegenteil ist der Fall: Ihre entwaffnende Herzlichkeit und Ihr echtes Interesse am anderen Menschen machen Sie zu einer f\u00fcr alle gesch\u00e4tzten Gespr\u00e4chspartnerin. Die Menschen schenken Ihnen gerne ihr Vertrauen.<\/p>\n<p class=\"fliess\">Und damit sind Sie eine w\u00fcrdige Preistr\u00e4gerin der Ihnen heute verliehenen Auszeichnung. Ich w\u00fcnsche alles Gute, weiterhin viel Freude an Ihren vielf\u00e4ltigen T\u00e4tigkeiten, stabile Gesundheit und Gottes reichen Segen!<\/p>\n<p class=\"fliess\">Und erlauben Sie mir zum Schluss eine ganz pers\u00f6nliche Anmerkung, nachdem unsere leider schon verstorbenen M\u00fctter sich vor vielen Jahren als Lehrerinnen am Luisen-Gymnasium kennenlernten und gute Freundinnen wurden: Ihre Mutter war ohnehin stolz auf Ihren Lebensweg. Heute w\u00e4re sie zu Recht noch ein bisschen mehr stolz! Und Sie selbst d\u00fcrfen es auch sein. Nochmals herzlichen Gl\u00fcckwunsch!<\/p>","protected":false},"excerpt":{"rendered":"<p>Liebe Frau Prof. Dr. Angelika Nu\u00dfberger, lieber Herr Dr. Achim Budde, lieber Herr Prof. Dr. Andreas Vo\u00dfkuhle, sehr verehrte Eminenz Dr. Reinhard Kardinal Marx, verehrte Festg\u00e4ste, meine Damen und Herren, Ihnen allen ein herzliches Gr\u00fc\u00df Gott! Gerne h\u00e4tte ich schon jetzt Ihnen pers\u00f6nlich zu Ihrer Auszeichnung gratuliert, liebe Frau Professorin Nu\u00dfberger. Da ich gerade an&hellip;<\/p>","protected":false},"author":5,"featured_media":107583,"menu_order":481,"template":"","meta":{"_relevanssi_hide_post":"","_relevanssi_hide_content":"","_relevanssi_pin_for_all":"","_relevanssi_pin_keywords":"","_relevanssi_unpin_keywords":"","_relevanssi_related_keywords":"","_relevanssi_related_include_ids":"","_relevanssi_related_exclude_ids":"","_relevanssi_related_no_append":"","_relevanssi_related_not_related":"","_relevanssi_related_posts":"","_relevanssi_noindex_reason":"","footnotes":""},"class_list":["post-107581","media-library","type-media-library","status-publish","has-post-thumbnail","hentry","focus-area-romano-guardini"],"yoast_head":"<!-- This site is optimized with the Yoast SEO plugin v27.4 - https:\/\/yoast.com\/product\/yoast-seo-wordpress\/ -->\n<title>Mit messerscharfem Sachverstand und entwaffnender Herzlichkeit - Katholische Akademie in Bayern<\/title>\n<meta name=\"robots\" content=\"index, follow, max-snippet:-1, max-image-preview:large, max-video-preview:-1\" \/>\n<link rel=\"canonical\" href=\"https:\/\/kath-akademie-bayern.de\/en\/mediathek-eintrag\/mit-messerscharfem-sachverstand-und-entwaffnender-herzlichkeit\/\" \/>\n<meta property=\"og:locale\" content=\"en_GB\" \/>\n<meta property=\"og:type\" content=\"article\" \/>\n<meta property=\"og:title\" content=\"Mit messerscharfem Sachverstand und entwaffnender Herzlichkeit - Katholische Akademie in Bayern\" \/>\n<meta property=\"og:description\" content=\"Liebe Frau Prof. Dr. Angelika Nu\u00dfberger, lieber Herr Dr. Achim Budde, lieber Herr Prof. Dr. Andreas Vo\u00dfkuhle, sehr verehrte Eminenz Dr. Reinhard Kardinal Marx, verehrte Festg\u00e4ste, meine Damen und Herren, Ihnen allen ein herzliches Gr\u00fc\u00df Gott! Gerne h\u00e4tte ich schon jetzt Ihnen pers\u00f6nlich zu Ihrer Auszeichnung gratuliert, liebe Frau Professorin Nu\u00dfberger. Da ich gerade an&hellip;\" \/>\n<meta property=\"og:url\" content=\"https:\/\/kath-akademie-bayern.de\/en\/mediathek-eintrag\/mit-messerscharfem-sachverstand-und-entwaffnender-herzlichkeit\/\" \/>\n<meta property=\"og:site_name\" content=\"Katholische Akademie in Bayern\" \/>\n<meta property=\"article:publisher\" content=\"https:\/\/www.facebook.com\/katholische.akademie.bayern\/\" \/>\n<meta property=\"article:modified_time\" content=\"2025-07-03T09:36:37+00:00\" \/>\n<meta property=\"og:image\" content=\"https:\/\/kath-akademie-bayern.de\/wp-content\/uploads\/GuardPreis_Kiderle.jpg\" \/>\n\t<meta property=\"og:image:width\" content=\"2466\" \/>\n\t<meta property=\"og:image:height\" content=\"1387\" \/>\n\t<meta property=\"og:image:type\" content=\"image\/jpeg\" \/>\n<meta name=\"twitter:card\" content=\"summary_large_image\" \/>\n<meta name=\"twitter:label1\" content=\"Estimated reading time\" \/>\n\t<meta name=\"twitter:data1\" content=\"4 minutes\" \/>\n<script type=\"application\/ld+json\" class=\"yoast-schema-graph\">{\"@context\":\"https:\\\/\\\/schema.org\",\"@graph\":[{\"@type\":\"WebPage\",\"@id\":\"https:\\\/\\\/kath-akademie-bayern.de\\\/mediathek-eintrag\\\/mit-messerscharfem-sachverstand-und-entwaffnender-herzlichkeit\\\/\",\"url\":\"https:\\\/\\\/kath-akademie-bayern.de\\\/mediathek-eintrag\\\/mit-messerscharfem-sachverstand-und-entwaffnender-herzlichkeit\\\/\",\"name\":\"Mit messerscharfem Sachverstand und entwaffnender Herzlichkeit - Katholische Akademie in Bayern\",\"isPartOf\":{\"@id\":\"https:\\\/\\\/kath-akademie-bayern.de\\\/#website\"},\"primaryImageOfPage\":{\"@id\":\"https:\\\/\\\/kath-akademie-bayern.de\\\/mediathek-eintrag\\\/mit-messerscharfem-sachverstand-und-entwaffnender-herzlichkeit\\\/#primaryimage\"},\"image\":{\"@id\":\"https:\\\/\\\/kath-akademie-bayern.de\\\/mediathek-eintrag\\\/mit-messerscharfem-sachverstand-und-entwaffnender-herzlichkeit\\\/#primaryimage\"},\"thumbnailUrl\":\"https:\\\/\\\/kath-akademie-bayern.de\\\/wp-content\\\/uploads\\\/GuardPreis_Kiderle.jpg\",\"datePublished\":\"2025-07-03T09:11:51+00:00\",\"dateModified\":\"2025-07-03T09:36:37+00:00\",\"breadcrumb\":{\"@id\":\"https:\\\/\\\/kath-akademie-bayern.de\\\/mediathek-eintrag\\\/mit-messerscharfem-sachverstand-und-entwaffnender-herzlichkeit\\\/#breadcrumb\"},\"inLanguage\":\"en-GB\",\"potentialAction\":[{\"@type\":\"ReadAction\",\"target\":[\"https:\\\/\\\/kath-akademie-bayern.de\\\/mediathek-eintrag\\\/mit-messerscharfem-sachverstand-und-entwaffnender-herzlichkeit\\\/\"]}]},{\"@type\":\"ImageObject\",\"inLanguage\":\"en-GB\",\"@id\":\"https:\\\/\\\/kath-akademie-bayern.de\\\/mediathek-eintrag\\\/mit-messerscharfem-sachverstand-und-entwaffnender-herzlichkeit\\\/#primaryimage\",\"url\":\"https:\\\/\\\/kath-akademie-bayern.de\\\/wp-content\\\/uploads\\\/GuardPreis_Kiderle.jpg\",\"contentUrl\":\"https:\\\/\\\/kath-akademie-bayern.de\\\/wp-content\\\/uploads\\\/GuardPreis_Kiderle.jpg\",\"width\":2466,\"height\":1387},{\"@type\":\"BreadcrumbList\",\"@id\":\"https:\\\/\\\/kath-akademie-bayern.de\\\/mediathek-eintrag\\\/mit-messerscharfem-sachverstand-und-entwaffnender-herzlichkeit\\\/#breadcrumb\",\"itemListElement\":[{\"@type\":\"ListItem\",\"position\":1,\"name\":\"Startseite\",\"item\":\"https:\\\/\\\/kath-akademie-bayern.de\\\/\"},{\"@type\":\"ListItem\",\"position\":2,\"name\":\"Mit messerscharfem Sachverstand und entwaffnender Herzlichkeit\"}]},{\"@type\":\"WebSite\",\"@id\":\"https:\\\/\\\/kath-akademie-bayern.de\\\/#website\",\"url\":\"https:\\\/\\\/kath-akademie-bayern.de\\\/\",\"name\":\"Katholische Akademie in Bayern\",\"description\":\"Kirche braucht Debatte: \u201ekatholisch\u201c mit Blick auf das Ganze \u2013 und \u201eakademisch\u201c im Vertrauen auf die Kraft der Argumente\",\"publisher\":{\"@id\":\"https:\\\/\\\/kath-akademie-bayern.de\\\/#organization\"},\"potentialAction\":[{\"@type\":\"SearchAction\",\"target\":{\"@type\":\"EntryPoint\",\"urlTemplate\":\"https:\\\/\\\/kath-akademie-bayern.de\\\/?s={search_term_string}\"},\"query-input\":{\"@type\":\"PropertyValueSpecification\",\"valueRequired\":true,\"valueName\":\"search_term_string\"}}],\"inLanguage\":\"en-GB\"},{\"@type\":\"Organization\",\"@id\":\"https:\\\/\\\/kath-akademie-bayern.de\\\/#organization\",\"name\":\"Katholische Akademie in Bayern\",\"url\":\"https:\\\/\\\/kath-akademie-bayern.de\\\/\",\"logo\":{\"@type\":\"ImageObject\",\"inLanguage\":\"en-GB\",\"@id\":\"https:\\\/\\\/kath-akademie-bayern.de\\\/#\\\/schema\\\/logo\\\/image\\\/\",\"url\":\"https:\\\/\\\/kath-akademie-bayern.de\\\/wp-content\\\/uploads\\\/Menue-Logo-Home@2x.png\",\"contentUrl\":\"https:\\\/\\\/kath-akademie-bayern.de\\\/wp-content\\\/uploads\\\/Menue-Logo-Home@2x.png\",\"width\":496,\"height\":216,\"caption\":\"Katholische Akademie in Bayern\"},\"image\":{\"@id\":\"https:\\\/\\\/kath-akademie-bayern.de\\\/#\\\/schema\\\/logo\\\/image\\\/\"},\"sameAs\":[\"https:\\\/\\\/www.facebook.com\\\/katholische.akademie.bayern\\\/\"]}]}<\/script>\n<!-- \/ Yoast SEO plugin. -->","yoast_head_json":{"title":"Mit messerscharfem Sachverstand und entwaffnender Herzlichkeit - Katholische Akademie in Bayern","robots":{"index":"index","follow":"follow","max-snippet":"max-snippet:-1","max-image-preview":"max-image-preview:large","max-video-preview":"max-video-preview:-1"},"canonical":"https:\/\/kath-akademie-bayern.de\/en\/mediathek-eintrag\/mit-messerscharfem-sachverstand-und-entwaffnender-herzlichkeit\/","og_locale":"en_GB","og_type":"article","og_title":"Mit messerscharfem Sachverstand und entwaffnender Herzlichkeit - Katholische Akademie in Bayern","og_description":"Liebe Frau Prof. Dr. Angelika Nu\u00dfberger, lieber Herr Dr. Achim Budde, lieber Herr Prof. Dr. Andreas Vo\u00dfkuhle, sehr verehrte Eminenz Dr. Reinhard Kardinal Marx, verehrte Festg\u00e4ste, meine Damen und Herren, Ihnen allen ein herzliches Gr\u00fc\u00df Gott! Gerne h\u00e4tte ich schon jetzt Ihnen pers\u00f6nlich zu Ihrer Auszeichnung gratuliert, liebe Frau Professorin Nu\u00dfberger. Da ich gerade an&hellip;","og_url":"https:\/\/kath-akademie-bayern.de\/en\/mediathek-eintrag\/mit-messerscharfem-sachverstand-und-entwaffnender-herzlichkeit\/","og_site_name":"Katholische Akademie in Bayern","article_publisher":"https:\/\/www.facebook.com\/katholische.akademie.bayern\/","article_modified_time":"2025-07-03T09:36:37+00:00","og_image":[{"width":2466,"height":1387,"url":"https:\/\/kath-akademie-bayern.de\/wp-content\/uploads\/GuardPreis_Kiderle.jpg","type":"image\/jpeg"}],"twitter_card":"summary_large_image","twitter_misc":{"Estimated reading time":"4 minutes"},"schema":{"@context":"https:\/\/schema.org","@graph":[{"@type":"WebPage","@id":"https:\/\/kath-akademie-bayern.de\/mediathek-eintrag\/mit-messerscharfem-sachverstand-und-entwaffnender-herzlichkeit\/","url":"https:\/\/kath-akademie-bayern.de\/mediathek-eintrag\/mit-messerscharfem-sachverstand-und-entwaffnender-herzlichkeit\/","name":"Mit messerscharfem Sachverstand und entwaffnender Herzlichkeit - Katholische Akademie in Bayern","isPartOf":{"@id":"https:\/\/kath-akademie-bayern.de\/#website"},"primaryImageOfPage":{"@id":"https:\/\/kath-akademie-bayern.de\/mediathek-eintrag\/mit-messerscharfem-sachverstand-und-entwaffnender-herzlichkeit\/#primaryimage"},"image":{"@id":"https:\/\/kath-akademie-bayern.de\/mediathek-eintrag\/mit-messerscharfem-sachverstand-und-entwaffnender-herzlichkeit\/#primaryimage"},"thumbnailUrl":"https:\/\/kath-akademie-bayern.de\/wp-content\/uploads\/GuardPreis_Kiderle.jpg","datePublished":"2025-07-03T09:11:51+00:00","dateModified":"2025-07-03T09:36:37+00:00","breadcrumb":{"@id":"https:\/\/kath-akademie-bayern.de\/mediathek-eintrag\/mit-messerscharfem-sachverstand-und-entwaffnender-herzlichkeit\/#breadcrumb"},"inLanguage":"en-GB","potentialAction":[{"@type":"ReadAction","target":["https:\/\/kath-akademie-bayern.de\/mediathek-eintrag\/mit-messerscharfem-sachverstand-und-entwaffnender-herzlichkeit\/"]}]},{"@type":"ImageObject","inLanguage":"en-GB","@id":"https:\/\/kath-akademie-bayern.de\/mediathek-eintrag\/mit-messerscharfem-sachverstand-und-entwaffnender-herzlichkeit\/#primaryimage","url":"https:\/\/kath-akademie-bayern.de\/wp-content\/uploads\/GuardPreis_Kiderle.jpg","contentUrl":"https:\/\/kath-akademie-bayern.de\/wp-content\/uploads\/GuardPreis_Kiderle.jpg","width":2466,"height":1387},{"@type":"BreadcrumbList","@id":"https:\/\/kath-akademie-bayern.de\/mediathek-eintrag\/mit-messerscharfem-sachverstand-und-entwaffnender-herzlichkeit\/#breadcrumb","itemListElement":[{"@type":"ListItem","position":1,"name":"Startseite","item":"https:\/\/kath-akademie-bayern.de\/"},{"@type":"ListItem","position":2,"name":"Mit messerscharfem Sachverstand und entwaffnender Herzlichkeit"}]},{"@type":"WebSite","@id":"https:\/\/kath-akademie-bayern.de\/#website","url":"https:\/\/kath-akademie-bayern.de\/","name":"Catholic Academy in Bavaria","description":"Church needs debate: \"catholic\" looking at the whole - and \"academic\" trusting in the power of arguments","publisher":{"@id":"https:\/\/kath-akademie-bayern.de\/#organization"},"potentialAction":[{"@type":"SearchAction","target":{"@type":"EntryPoint","urlTemplate":"https:\/\/kath-akademie-bayern.de\/?s={search_term_string}"},"query-input":{"@type":"PropertyValueSpecification","valueRequired":true,"valueName":"search_term_string"}}],"inLanguage":"en-GB"},{"@type":"Organization","@id":"https:\/\/kath-akademie-bayern.de\/#organization","name":"Catholic Academy in Bavaria","url":"https:\/\/kath-akademie-bayern.de\/","logo":{"@type":"ImageObject","inLanguage":"en-GB","@id":"https:\/\/kath-akademie-bayern.de\/#\/schema\/logo\/image\/","url":"https:\/\/kath-akademie-bayern.de\/wp-content\/uploads\/Menue-Logo-Home@2x.png","contentUrl":"https:\/\/kath-akademie-bayern.de\/wp-content\/uploads\/Menue-Logo-Home@2x.png","width":496,"height":216,"caption":"Katholische Akademie in Bayern"},"image":{"@id":"https:\/\/kath-akademie-bayern.de\/#\/schema\/logo\/image\/"},"sameAs":["https:\/\/www.facebook.com\/katholische.akademie.bayern\/"]}]}},"_links":{"self":[{"href":"https:\/\/kath-akademie-bayern.de\/en\/wp-json\/wp\/v2\/media-library\/107581","targetHints":{"allow":["GET"]}}],"collection":[{"href":"https:\/\/kath-akademie-bayern.de\/en\/wp-json\/wp\/v2\/media-library"}],"about":[{"href":"https:\/\/kath-akademie-bayern.de\/en\/wp-json\/wp\/v2\/types\/media-library"}],"author":[{"embeddable":true,"href":"https:\/\/kath-akademie-bayern.de\/en\/wp-json\/wp\/v2\/users\/5"}],"version-history":[{"count":1,"href":"https:\/\/kath-akademie-bayern.de\/en\/wp-json\/wp\/v2\/media-library\/107581\/revisions"}],"predecessor-version":[{"id":107582,"href":"https:\/\/kath-akademie-bayern.de\/en\/wp-json\/wp\/v2\/media-library\/107581\/revisions\/107582"}],"wp:featuredmedia":[{"embeddable":true,"href":"https:\/\/kath-akademie-bayern.de\/en\/wp-json\/wp\/v2\/media\/107583"}],"wp:attachment":[{"href":"https:\/\/kath-akademie-bayern.de\/en\/wp-json\/wp\/v2\/media?parent=107581"}],"curies":[{"name":"wp","href":"https:\/\/api.w.org\/{rel}","templated":true}]}}