{"id":107588,"date":"2025-07-03T11:28:29","date_gmt":"2025-07-03T09:28:29","guid":{"rendered":"https:\/\/kath-akademie-bayern.de\/?post_type=media-library&#038;p=107588"},"modified":"2025-07-03T11:37:40","modified_gmt":"2025-07-03T09:37:40","slug":"zu-recht-und-gerechtigkeit-gehoeren-freiheit-und-versoehnung-schlusswort-zur-verleihung-des-romano-guardini-preises","status":"publish","type":"media-library","link":"https:\/\/kath-akademie-bayern.de\/en\/mediathek-eintrag\/zu-recht-und-gerechtigkeit-gehoeren-freiheit-und-versoehnung-schlusswort-zur-verleihung-des-romano-guardini-preises\/","title":{"rendered":"Zu Recht und Gerechtigkeit geh\u00f6ren Freiheit und Vers\u00f6hnung"},"content":{"rendered":"<p class=\"fliess-ERSTER\"><span class=\"Initiale\">M<\/span>eine sehr verehrten Damen und Herren, verehrte Frau Professor Nussberger, was kann man nach einer solchen wirklich gro\u00dfen Sternstunde sagen?<\/p>\n<p class=\"fliess\">Ich beginne mit dem Blick auf die Wiederauferstehung einer Kirche, am Sonntag wurde Notre Dame de Paris wiederer\u00f6ffnet. Dazu darf ich eine pers\u00f6nliche Anmerkung machen: Genau vor 50 Jahren begann ich mein Studium in Paris, und deswegen ist diese Kirche mir nat\u00fcrlich besonders nahe. Viele Artikel sind \u00fcber die Neuer\u00f6ffnung geschrieben worden; ich h\u00e4tte mir dazu einen Artikel von Romano Guardini gew\u00fcnscht. Was h\u00e4tte er wohl geschrieben? Auch angesichts so vieler anderer Bilder, von denen wir eben geh\u00f6rt haben, was Europa ausmacht, was in Europa los ist. Manches erlebe ich in diesen Jahren als einen Zivilisationsr\u00fcckschritt, den ich nicht erwartet habe und erst recht nicht erhofft hatte.<\/p>\n<p class=\"fliess\">Doch schauen wir einmal auf Notre Dame de Paris: Wir sp\u00fcren, hier geschieht mehr als die Renovierung einer Kirche, die gebrannt hat. Sie ist ein Symbol f\u00fcr Europa, f\u00fcr den Westen, f\u00fcr unsere Kultur. K\u00f6nnen wir den Westen verstehen ohne das Christentum? Nein, sicher nicht. Ich gehe dar\u00fcber hinaus: K\u00f6nnen wir die Welt verstehen ohne die Weihnachtsgeschichte? Diese Geschichte hat die ganze Welt gepr\u00e4gt. Was bedeutet es, dass Gott Mensch wird, dass alle Menschen Br\u00fcder und Schwestern sind und dass jeder Mensch ein Bild des lebendigen Gottes ist, ob schwarz oder wei\u00df, Mann oder Frau, arm oder reich, behindert oder gesund? Alle sind Bild Gottes! Keine andere Religion sagt das in dieser Radikalit\u00e4t, wie es die ersten Seiten der Heiligen Schrift im Buch Genesis beschreiben. Hat die Kirche, haben die Christen immer auf dem Niveau dieser Aussage gelebt? Sicher nicht! Aber es ist geschrieben, und es galt immer als Orientierungspunkt. Notre Dame ist eine Kirche, aber eben auch Ausdruck einer Zivilisation, die gepr\u00e4gt ist von diesem Denken. Und das ist so wichtig.<\/p>\n<p class=\"fliess\">Wir k\u00f6nnen Recht und Gerechtigkeit immer wieder aufeinander beziehen. Aber das Thema Freiheit geh\u00f6rt dazu, Freiheit bringt die beiden zueinander. F\u00fcr die Demokratie sind die Gesetze, ist der Rechtsstaat notwendig, aber nicht hinreichend. Es reicht nicht aus. Es braucht den Willen, das umzusetzen. Es braucht den moralischen Impuls, vom Anderen her zu denken. Es braucht das Engagement \u00fcber das hinaus, wozu ich rechtlich verpflichtet bin. Eine Demokratie lebt erst dann, wenn viele, wenn im Grund alle mehr tun als das, wozu sie gesetzlich verpflichtet sind. Das Minimum ist es, zur Wahl zu gehen, eine Familie zu gr\u00fcnden. Paul Kirchhof hat einmal gesagt: Man stelle sich vor, es ist Wahl und keiner geht hin. Das w\u00e4re auch das Ende der Demokratie. Man braucht also das Engagement aller, und das ist nicht immer da. Aber wir sehen auch immer wieder, dass Menschen sich einsetzen und auf den Anderen zugehen, inspiriert aus den Quellen des Glaubens.<\/p>\n<p class=\"fliess\">Nehmen wir etwa das Element der Vers\u00f6hnung. Wir erleben es in der Kirche, in der Weltgeschichte und in allen anderen Bereichen. Es muss Aufarbeitung geben und Gerechtigkeit muss ann\u00e4herungsweise hergestellt werden. Aber es braucht am Ende auch die F\u00e4higkeit zur Vers\u00f6hnung. Nicht umsonst haben die fr\u00fcheren Friedensvertr\u00e4ge in Europa auch diesen Aspekt mitber\u00fccksichtigt. Bis zum Wiener Kongress wurden Vertr\u00e4ge\u00a0<span class=\"Minion-Italic\">In Nomine individuae Trinitatis<\/span>\u00a0-\u00a0<span class=\"Minion-Italic\">Im Namen der Allerheiligsten Dreifaltigkeit<\/span>\u00a0\u2013 abgeschlossen. Und die Besiegten sa\u00dfen bei den Friedensvertr\u00e4gen mit am Tisch. Es gab das sogenannte\u00a0<span class=\"Minion-Italic\">Pactum Oblivionis<\/span>, das besagte, dass man die Schuldfrage eben nicht bis zum Letzten kl\u00e4ren kann, sondern irgendwann wieder alle miteinander leben m\u00fcssen. Das gilt auch heute f\u00fcr Russen und Ukrainer, das gilt f\u00fcr Pal\u00e4stinenser und Israelis: Irgendwann m\u00fcssen Menschen wieder miteinander leben k\u00f6nnen. Und da reicht es nicht aus, bis zum Letzten alles aufzuarbeiten. Das ist keine Kritik am Recht, sondern das markiert die Grenzen dessen, was Gerechtigkeit herstellen kann.<\/p>\n<p class=\"fliess\">Im Grunde ist das nur in einem religi\u00f6sen Kontext m\u00f6glich, dass es noch einmal eine Vers\u00f6hnung gibt, die nicht nur unsere Sache ist. Das hat J\u00fcrgen Habermas einmal sehr sch\u00f6n gesagt. Bei zwei Punkten habe er, der religi\u00f6s unmusikalisch sei, noch Fragen an die Religion, was noch unabgeschlossen sei in der Moderne: erstens der Unterschied zwischen Sch\u00f6pfer und Gesch\u00f6pf. Wenn ich diesen Unterschied aufhebe und Menschen andere Menschen produzieren, dann ist die Demokratie am Ende, dann gibt es keine Gleichheit mehr. Und zweitens Gerechtigkeit f\u00fcr die Opfer der Geschichte, f\u00fcr Auschwitz, f\u00fcr die Toten in der Ukraine oder wo immer in der Welt, f\u00fcr alle unschuldig umgebrachten Menschen. Gibt es Gerechtigkeit f\u00fcr diese Menschen? Das kann nicht mit weltlichen Mitteln hergestellt werden. Aber es ist wichtig, Gerechtigkeit und Freiheit menschenm\u00f6glich auf den Weg zu bringen.<\/p>\n<p class=\"fliess\">Das ist im Grunde auch immer mein Lebensthema geblieben, und daran m\u00fcssen wir weiterarbeiten. Hegel hat gesagt: \u201eInstitutionen sind Orte konkreter Freiheit.\u201c Und bei Goethe hei\u00dft es in sch\u00f6nen Vers-Zeilen: \u201eVergebens werden ungebundene Geister nach der Vollendung reiner H\u00f6he streben. Wer Gro\u00dfes will, muss sich zusammenraffen. In der Beschr\u00e4nkung zeigt sich erst der Meister und das Gesetz nur kann uns Freiheit geben.\u201c Das sind wichtige Worte! Und doch ist das Gesetz eben auch begrenzt und es braucht etwas anderes, einen anderen Raum.<\/p>\n<p class=\"fliess\">Gestern wurde ich beim Interview f\u00fcr die Weihnachtsausgabe vom\u00a0<span class=\"Minion-Italic\">M\u00fcnchner Merkur<\/span>\u00a0gefragt: Worin sehen Sie denn die besondere Krise der Demokratie? Meine Antwort: Im Misstrauen. Damit beginnt die Erosion des Zusammenlebens. Das war schon in der Finanzkrise so. Denn wie konnte es damals zu dieser Krise kommen? Irgendwann haben die Leute angefangen, einander nicht mehr zu vertrauen, die Banken haben einander nicht mehr vertraut, die Institutionen haben nicht mehr funktioniert. Und das ist genau das, was die Populisten wollen: Sie untergraben das Vertrauen in die Institutionen, in den Rechtsstaat, sie behaupten, dass diese Institutionen von Eliten beherrscht werden. Diese Rede ist ja in den autorit\u00e4ren Regimen gang und g\u00e4be; deswegen st\u00fcrzen sich autorit\u00e4re Regime sofort auf die Gerichte, auf die Justiz.<\/p>\n<p class=\"fliess\">\u00dcber diese komplexen Zusammenh\u00e4nge wird derzeit viel geschrieben und debattiert. Ich lese gerade von Anne Applebaum\u00a0<span class=\"Minion-Italic\">Die Achse der Autokraten<\/span>\u00a0und von Martin Schulze Wessel\u00a0<span class=\"Minion-Italic\">Der Fluch des Imperiums.<\/span>\u00a0Beides kann ich nur empfehlen! Auch Giuliano da Empoli, der in seinem Roman\u00a0<span class=\"Minion-Italic\">Der Magier im Kreml<\/span>\u00a0Putins Denken gro\u00dfartig beschreibt. Wenn man verstehen will, was in diesen K\u00f6pfen los ist, kann man sich also ganz gut informieren.<\/p>\n<p class=\"fliess\">Die Arbeit ist nicht zu Ende. Wir m\u00fcssen weiter daran wirken, die Demokratie zu st\u00e4rken. 1989 \u2013 Die Euphorie ist vor\u00fcber; Sie haben es benannt. 1986 \u2013 die gro\u00dfe Ikone des 20. Jahrhunderts: Johannes Paul II. in Assisi mit den Weltreligionen als Kr\u00e4fte des Friedens. Und heute sind sie \u2013 nicht alle, nicht \u00fcberall \u2013 auch Teil des Problems. Und das ersch\u00fcttert mich zutiefst.<\/p>\n<p class=\"fliess\">Gerade weil wir motivierte Menschen brauchen \u2013 und die Kr\u00e4fte der Religion k\u00f6nnen Menschen wirklich motivieren \u2013, die etwas in Gang setzen, die sich engagieren, ist es so wichtig, dass der Glaube lebendig ist, dass wir nicht aufgeben, dass wir den Zivilisationsr\u00fcckschritt, den wir im Augenblick erleben, nicht hinnehmen. Da bin ich ganz bei Ihnen! Und deswegen danke ich Ihnen sehr f\u00fcr Ihren Beitrag, f\u00fcr Ihr lebendiges Mittun in dieser \u00f6ffentlichen Debatte. Und Ihr alle seid aufgerufen: Legt die H\u00e4nde nicht in den Scho\u00df. Bem\u00fcht Euren Geist und setzt Euch ein f\u00fcr Gerechtigkeit und Freiheit.<\/p>\n<p class=\"fliess\">Herzlichen Gl\u00fcckwunsch, verehrte Frau Professor Nu\u00dfberger, zum Romano-Guardini-Preis!<\/p>","protected":false},"excerpt":{"rendered":"<p>Meine sehr verehrten Damen und Herren, verehrte Frau Professor Nussberger, was kann man nach einer solchen wirklich gro\u00dfen Sternstunde sagen? Ich beginne mit dem Blick auf die Wiederauferstehung einer Kirche, am Sonntag wurde Notre Dame de Paris wiederer\u00f6ffnet. Dazu darf ich eine pers\u00f6nliche Anmerkung machen: Genau vor 50 Jahren begann ich mein Studium in Paris,&hellip;<\/p>","protected":false},"author":5,"featured_media":107583,"menu_order":478,"template":"","meta":{"_relevanssi_hide_post":"","_relevanssi_hide_content":"","_relevanssi_pin_for_all":"","_relevanssi_pin_keywords":"","_relevanssi_unpin_keywords":"","_relevanssi_related_keywords":"","_relevanssi_related_include_ids":"","_relevanssi_related_exclude_ids":"","_relevanssi_related_no_append":"","_relevanssi_related_not_related":"","_relevanssi_related_posts":"","_relevanssi_noindex_reason":"","footnotes":""},"class_list":["post-107588","media-library","type-media-library","status-publish","has-post-thumbnail","hentry","focus-area-romano-guardini"],"yoast_head":"<!-- This site is optimized with the Yoast SEO plugin v27.4 - https:\/\/yoast.com\/product\/yoast-seo-wordpress\/ -->\n<title>Zu Recht und Gerechtigkeit geh\u00f6ren Freiheit und Vers\u00f6hnung - Katholische Akademie in Bayern<\/title>\n<meta name=\"robots\" content=\"index, follow, max-snippet:-1, max-image-preview:large, max-video-preview:-1\" \/>\n<link rel=\"canonical\" href=\"https:\/\/kath-akademie-bayern.de\/en\/mediathek-eintrag\/zu-recht-und-gerechtigkeit-gehoeren-freiheit-und-versoehnung-schlusswort-zur-verleihung-des-romano-guardini-preises\/\" \/>\n<meta property=\"og:locale\" content=\"en_GB\" \/>\n<meta property=\"og:type\" content=\"article\" \/>\n<meta property=\"og:title\" content=\"Zu Recht und Gerechtigkeit geh\u00f6ren Freiheit und Vers\u00f6hnung - Katholische Akademie in Bayern\" \/>\n<meta property=\"og:description\" content=\"Meine sehr verehrten Damen und Herren, verehrte Frau Professor Nussberger, was kann man nach einer solchen wirklich gro\u00dfen Sternstunde sagen? Ich beginne mit dem Blick auf die Wiederauferstehung einer Kirche, am Sonntag wurde Notre Dame de Paris wiederer\u00f6ffnet. Dazu darf ich eine pers\u00f6nliche Anmerkung machen: Genau vor 50 Jahren begann ich mein Studium in Paris,&hellip;\" \/>\n<meta property=\"og:url\" content=\"https:\/\/kath-akademie-bayern.de\/en\/mediathek-eintrag\/zu-recht-und-gerechtigkeit-gehoeren-freiheit-und-versoehnung-schlusswort-zur-verleihung-des-romano-guardini-preises\/\" \/>\n<meta property=\"og:site_name\" content=\"Katholische Akademie in Bayern\" \/>\n<meta property=\"article:publisher\" content=\"https:\/\/www.facebook.com\/katholische.akademie.bayern\/\" \/>\n<meta property=\"article:modified_time\" content=\"2025-07-03T09:37:40+00:00\" \/>\n<meta property=\"og:image\" content=\"https:\/\/kath-akademie-bayern.de\/wp-content\/uploads\/GuardPreis_Kiderle.jpg\" \/>\n\t<meta property=\"og:image:width\" content=\"2466\" \/>\n\t<meta property=\"og:image:height\" content=\"1387\" \/>\n\t<meta property=\"og:image:type\" content=\"image\/jpeg\" \/>\n<meta name=\"twitter:card\" content=\"summary_large_image\" \/>\n<meta name=\"twitter:label1\" content=\"Estimated reading time\" \/>\n\t<meta name=\"twitter:data1\" content=\"7 minutes\" \/>\n<script type=\"application\/ld+json\" class=\"yoast-schema-graph\">{\"@context\":\"https:\\\/\\\/schema.org\",\"@graph\":[{\"@type\":\"WebPage\",\"@id\":\"https:\\\/\\\/kath-akademie-bayern.de\\\/mediathek-eintrag\\\/zu-recht-und-gerechtigkeit-gehoeren-freiheit-und-versoehnung-schlusswort-zur-verleihung-des-romano-guardini-preises\\\/\",\"url\":\"https:\\\/\\\/kath-akademie-bayern.de\\\/mediathek-eintrag\\\/zu-recht-und-gerechtigkeit-gehoeren-freiheit-und-versoehnung-schlusswort-zur-verleihung-des-romano-guardini-preises\\\/\",\"name\":\"Zu Recht und Gerechtigkeit geh\u00f6ren Freiheit und Vers\u00f6hnung - Katholische Akademie in Bayern\",\"isPartOf\":{\"@id\":\"https:\\\/\\\/kath-akademie-bayern.de\\\/#website\"},\"primaryImageOfPage\":{\"@id\":\"https:\\\/\\\/kath-akademie-bayern.de\\\/mediathek-eintrag\\\/zu-recht-und-gerechtigkeit-gehoeren-freiheit-und-versoehnung-schlusswort-zur-verleihung-des-romano-guardini-preises\\\/#primaryimage\"},\"image\":{\"@id\":\"https:\\\/\\\/kath-akademie-bayern.de\\\/mediathek-eintrag\\\/zu-recht-und-gerechtigkeit-gehoeren-freiheit-und-versoehnung-schlusswort-zur-verleihung-des-romano-guardini-preises\\\/#primaryimage\"},\"thumbnailUrl\":\"https:\\\/\\\/kath-akademie-bayern.de\\\/wp-content\\\/uploads\\\/GuardPreis_Kiderle.jpg\",\"datePublished\":\"2025-07-03T09:28:29+00:00\",\"dateModified\":\"2025-07-03T09:37:40+00:00\",\"breadcrumb\":{\"@id\":\"https:\\\/\\\/kath-akademie-bayern.de\\\/mediathek-eintrag\\\/zu-recht-und-gerechtigkeit-gehoeren-freiheit-und-versoehnung-schlusswort-zur-verleihung-des-romano-guardini-preises\\\/#breadcrumb\"},\"inLanguage\":\"en-GB\",\"potentialAction\":[{\"@type\":\"ReadAction\",\"target\":[\"https:\\\/\\\/kath-akademie-bayern.de\\\/mediathek-eintrag\\\/zu-recht-und-gerechtigkeit-gehoeren-freiheit-und-versoehnung-schlusswort-zur-verleihung-des-romano-guardini-preises\\\/\"]}]},{\"@type\":\"ImageObject\",\"inLanguage\":\"en-GB\",\"@id\":\"https:\\\/\\\/kath-akademie-bayern.de\\\/mediathek-eintrag\\\/zu-recht-und-gerechtigkeit-gehoeren-freiheit-und-versoehnung-schlusswort-zur-verleihung-des-romano-guardini-preises\\\/#primaryimage\",\"url\":\"https:\\\/\\\/kath-akademie-bayern.de\\\/wp-content\\\/uploads\\\/GuardPreis_Kiderle.jpg\",\"contentUrl\":\"https:\\\/\\\/kath-akademie-bayern.de\\\/wp-content\\\/uploads\\\/GuardPreis_Kiderle.jpg\",\"width\":2466,\"height\":1387},{\"@type\":\"BreadcrumbList\",\"@id\":\"https:\\\/\\\/kath-akademie-bayern.de\\\/mediathek-eintrag\\\/zu-recht-und-gerechtigkeit-gehoeren-freiheit-und-versoehnung-schlusswort-zur-verleihung-des-romano-guardini-preises\\\/#breadcrumb\",\"itemListElement\":[{\"@type\":\"ListItem\",\"position\":1,\"name\":\"Startseite\",\"item\":\"https:\\\/\\\/kath-akademie-bayern.de\\\/\"},{\"@type\":\"ListItem\",\"position\":2,\"name\":\"Zu Recht und Gerechtigkeit geh\u00f6ren Freiheit und Vers\u00f6hnung\"}]},{\"@type\":\"WebSite\",\"@id\":\"https:\\\/\\\/kath-akademie-bayern.de\\\/#website\",\"url\":\"https:\\\/\\\/kath-akademie-bayern.de\\\/\",\"name\":\"Katholische Akademie in Bayern\",\"description\":\"Kirche braucht Debatte: \u201ekatholisch\u201c mit Blick auf das Ganze \u2013 und \u201eakademisch\u201c im Vertrauen auf die Kraft der Argumente\",\"publisher\":{\"@id\":\"https:\\\/\\\/kath-akademie-bayern.de\\\/#organization\"},\"potentialAction\":[{\"@type\":\"SearchAction\",\"target\":{\"@type\":\"EntryPoint\",\"urlTemplate\":\"https:\\\/\\\/kath-akademie-bayern.de\\\/?s={search_term_string}\"},\"query-input\":{\"@type\":\"PropertyValueSpecification\",\"valueRequired\":true,\"valueName\":\"search_term_string\"}}],\"inLanguage\":\"en-GB\"},{\"@type\":\"Organization\",\"@id\":\"https:\\\/\\\/kath-akademie-bayern.de\\\/#organization\",\"name\":\"Katholische Akademie in Bayern\",\"url\":\"https:\\\/\\\/kath-akademie-bayern.de\\\/\",\"logo\":{\"@type\":\"ImageObject\",\"inLanguage\":\"en-GB\",\"@id\":\"https:\\\/\\\/kath-akademie-bayern.de\\\/#\\\/schema\\\/logo\\\/image\\\/\",\"url\":\"https:\\\/\\\/kath-akademie-bayern.de\\\/wp-content\\\/uploads\\\/Menue-Logo-Home@2x.png\",\"contentUrl\":\"https:\\\/\\\/kath-akademie-bayern.de\\\/wp-content\\\/uploads\\\/Menue-Logo-Home@2x.png\",\"width\":496,\"height\":216,\"caption\":\"Katholische Akademie in Bayern\"},\"image\":{\"@id\":\"https:\\\/\\\/kath-akademie-bayern.de\\\/#\\\/schema\\\/logo\\\/image\\\/\"},\"sameAs\":[\"https:\\\/\\\/www.facebook.com\\\/katholische.akademie.bayern\\\/\"]}]}<\/script>\n<!-- \/ Yoast SEO plugin. -->","yoast_head_json":{"title":"Zu Recht und Gerechtigkeit geh\u00f6ren Freiheit und Vers\u00f6hnung - Katholische Akademie in Bayern","robots":{"index":"index","follow":"follow","max-snippet":"max-snippet:-1","max-image-preview":"max-image-preview:large","max-video-preview":"max-video-preview:-1"},"canonical":"https:\/\/kath-akademie-bayern.de\/en\/mediathek-eintrag\/zu-recht-und-gerechtigkeit-gehoeren-freiheit-und-versoehnung-schlusswort-zur-verleihung-des-romano-guardini-preises\/","og_locale":"en_GB","og_type":"article","og_title":"Zu Recht und Gerechtigkeit geh\u00f6ren Freiheit und Vers\u00f6hnung - Katholische Akademie in Bayern","og_description":"Meine sehr verehrten Damen und Herren, verehrte Frau Professor Nussberger, was kann man nach einer solchen wirklich gro\u00dfen Sternstunde sagen? Ich beginne mit dem Blick auf die Wiederauferstehung einer Kirche, am Sonntag wurde Notre Dame de Paris wiederer\u00f6ffnet. Dazu darf ich eine pers\u00f6nliche Anmerkung machen: Genau vor 50 Jahren begann ich mein Studium in Paris,&hellip;","og_url":"https:\/\/kath-akademie-bayern.de\/en\/mediathek-eintrag\/zu-recht-und-gerechtigkeit-gehoeren-freiheit-und-versoehnung-schlusswort-zur-verleihung-des-romano-guardini-preises\/","og_site_name":"Katholische Akademie in Bayern","article_publisher":"https:\/\/www.facebook.com\/katholische.akademie.bayern\/","article_modified_time":"2025-07-03T09:37:40+00:00","og_image":[{"width":2466,"height":1387,"url":"https:\/\/kath-akademie-bayern.de\/wp-content\/uploads\/GuardPreis_Kiderle.jpg","type":"image\/jpeg"}],"twitter_card":"summary_large_image","twitter_misc":{"Estimated reading time":"7 minutes"},"schema":{"@context":"https:\/\/schema.org","@graph":[{"@type":"WebPage","@id":"https:\/\/kath-akademie-bayern.de\/mediathek-eintrag\/zu-recht-und-gerechtigkeit-gehoeren-freiheit-und-versoehnung-schlusswort-zur-verleihung-des-romano-guardini-preises\/","url":"https:\/\/kath-akademie-bayern.de\/mediathek-eintrag\/zu-recht-und-gerechtigkeit-gehoeren-freiheit-und-versoehnung-schlusswort-zur-verleihung-des-romano-guardini-preises\/","name":"Zu Recht und Gerechtigkeit geh\u00f6ren Freiheit und Vers\u00f6hnung - Katholische Akademie in Bayern","isPartOf":{"@id":"https:\/\/kath-akademie-bayern.de\/#website"},"primaryImageOfPage":{"@id":"https:\/\/kath-akademie-bayern.de\/mediathek-eintrag\/zu-recht-und-gerechtigkeit-gehoeren-freiheit-und-versoehnung-schlusswort-zur-verleihung-des-romano-guardini-preises\/#primaryimage"},"image":{"@id":"https:\/\/kath-akademie-bayern.de\/mediathek-eintrag\/zu-recht-und-gerechtigkeit-gehoeren-freiheit-und-versoehnung-schlusswort-zur-verleihung-des-romano-guardini-preises\/#primaryimage"},"thumbnailUrl":"https:\/\/kath-akademie-bayern.de\/wp-content\/uploads\/GuardPreis_Kiderle.jpg","datePublished":"2025-07-03T09:28:29+00:00","dateModified":"2025-07-03T09:37:40+00:00","breadcrumb":{"@id":"https:\/\/kath-akademie-bayern.de\/mediathek-eintrag\/zu-recht-und-gerechtigkeit-gehoeren-freiheit-und-versoehnung-schlusswort-zur-verleihung-des-romano-guardini-preises\/#breadcrumb"},"inLanguage":"en-GB","potentialAction":[{"@type":"ReadAction","target":["https:\/\/kath-akademie-bayern.de\/mediathek-eintrag\/zu-recht-und-gerechtigkeit-gehoeren-freiheit-und-versoehnung-schlusswort-zur-verleihung-des-romano-guardini-preises\/"]}]},{"@type":"ImageObject","inLanguage":"en-GB","@id":"https:\/\/kath-akademie-bayern.de\/mediathek-eintrag\/zu-recht-und-gerechtigkeit-gehoeren-freiheit-und-versoehnung-schlusswort-zur-verleihung-des-romano-guardini-preises\/#primaryimage","url":"https:\/\/kath-akademie-bayern.de\/wp-content\/uploads\/GuardPreis_Kiderle.jpg","contentUrl":"https:\/\/kath-akademie-bayern.de\/wp-content\/uploads\/GuardPreis_Kiderle.jpg","width":2466,"height":1387},{"@type":"BreadcrumbList","@id":"https:\/\/kath-akademie-bayern.de\/mediathek-eintrag\/zu-recht-und-gerechtigkeit-gehoeren-freiheit-und-versoehnung-schlusswort-zur-verleihung-des-romano-guardini-preises\/#breadcrumb","itemListElement":[{"@type":"ListItem","position":1,"name":"Startseite","item":"https:\/\/kath-akademie-bayern.de\/"},{"@type":"ListItem","position":2,"name":"Zu Recht und Gerechtigkeit geh\u00f6ren Freiheit und Vers\u00f6hnung"}]},{"@type":"WebSite","@id":"https:\/\/kath-akademie-bayern.de\/#website","url":"https:\/\/kath-akademie-bayern.de\/","name":"Catholic Academy in Bavaria","description":"Church needs debate: \"catholic\" looking at the whole - and \"academic\" trusting in the power of arguments","publisher":{"@id":"https:\/\/kath-akademie-bayern.de\/#organization"},"potentialAction":[{"@type":"SearchAction","target":{"@type":"EntryPoint","urlTemplate":"https:\/\/kath-akademie-bayern.de\/?s={search_term_string}"},"query-input":{"@type":"PropertyValueSpecification","valueRequired":true,"valueName":"search_term_string"}}],"inLanguage":"en-GB"},{"@type":"Organization","@id":"https:\/\/kath-akademie-bayern.de\/#organization","name":"Catholic Academy in Bavaria","url":"https:\/\/kath-akademie-bayern.de\/","logo":{"@type":"ImageObject","inLanguage":"en-GB","@id":"https:\/\/kath-akademie-bayern.de\/#\/schema\/logo\/image\/","url":"https:\/\/kath-akademie-bayern.de\/wp-content\/uploads\/Menue-Logo-Home@2x.png","contentUrl":"https:\/\/kath-akademie-bayern.de\/wp-content\/uploads\/Menue-Logo-Home@2x.png","width":496,"height":216,"caption":"Katholische Akademie in Bayern"},"image":{"@id":"https:\/\/kath-akademie-bayern.de\/#\/schema\/logo\/image\/"},"sameAs":["https:\/\/www.facebook.com\/katholische.akademie.bayern\/"]}]}},"_links":{"self":[{"href":"https:\/\/kath-akademie-bayern.de\/en\/wp-json\/wp\/v2\/media-library\/107588","targetHints":{"allow":["GET"]}}],"collection":[{"href":"https:\/\/kath-akademie-bayern.de\/en\/wp-json\/wp\/v2\/media-library"}],"about":[{"href":"https:\/\/kath-akademie-bayern.de\/en\/wp-json\/wp\/v2\/types\/media-library"}],"author":[{"embeddable":true,"href":"https:\/\/kath-akademie-bayern.de\/en\/wp-json\/wp\/v2\/users\/5"}],"version-history":[{"count":1,"href":"https:\/\/kath-akademie-bayern.de\/en\/wp-json\/wp\/v2\/media-library\/107588\/revisions"}],"predecessor-version":[{"id":107589,"href":"https:\/\/kath-akademie-bayern.de\/en\/wp-json\/wp\/v2\/media-library\/107588\/revisions\/107589"}],"wp:featuredmedia":[{"embeddable":true,"href":"https:\/\/kath-akademie-bayern.de\/en\/wp-json\/wp\/v2\/media\/107583"}],"wp:attachment":[{"href":"https:\/\/kath-akademie-bayern.de\/en\/wp-json\/wp\/v2\/media?parent=107588"}],"curies":[{"name":"wp","href":"https:\/\/api.w.org\/{rel}","templated":true}]}}