{"id":107608,"date":"2025-07-03T12:06:18","date_gmt":"2025-07-03T10:06:18","guid":{"rendered":"https:\/\/kath-akademie-bayern.de\/?post_type=media-library&#038;p=107608"},"modified":"2025-07-03T12:30:16","modified_gmt":"2025-07-03T10:30:16","slug":"whats-ancient-about-ancient-philosophy-im-rahmen-des-philosophischen-meisterkurses-2025","status":"publish","type":"media-library","link":"https:\/\/kath-akademie-bayern.de\/en\/mediathek-eintrag\/whats-ancient-about-ancient-philosophy-im-rahmen-des-philosophischen-meisterkurses-2025\/","title":{"rendered":"What&#8217;s ancient about Ancient Philosophy?"},"content":{"rendered":"<p class=\"fliess-ERSTER\"><span class=\"Initiale CharOverride-62\">A<\/span>m 25. Februar 2025 war Prof. Dr. Anna Marmodoro, Professorin f\u00fcr Philosophie an der Saint Louis University (USA), zu Gast in der Akademie. Ihr \u00f6ffentlicher Abendvortrag fand statt im Rahmen des Philosophischen Meisterkurses, der zum neunten Mal als Kooperation der Hochschule f\u00fcr Philosophie M\u00fcnchen mit der Katholischen Akademie in Bayern angeboten wurde. Dieses Mal widmeten sich die internationalen Teilnehmerinnen und Teilnehmer drei Tage lang dem Thema\u00a0<span class=\"CharOverride-7\">Essentialism: Ancient and Contemporary<\/span>. Geleitet wurde der Meisterkurs von Professorin Marmodoro, organisiert von Prof. Dr. Godehard Br\u00fcntrup SJ und Prof. Dr. Patrick Zoll SJ von der Hochschule f\u00fcr Philosophie.<\/p>\n<p class=\"fliess\">Nach der Begr\u00fc\u00dfung durch Studienleiterin Dr. Katharina L\u00f6ffler und einer inhaltlichen Hinf\u00fchrung durch Professor Br\u00fcntrup SJ referierte Professorin Marmodoro in englischer Sprache \u00fcber das Thema\u00a0<span class=\"CharOverride-7\">What\u2019s Ancient about Ancient Philosophy<\/span>. Es ging um eine Frage, die nicht nur aktuell in der Fachwelt diskutiert werde, sondern beinahe so alt wie die westliche Philosophie selbst sei: Sollen sich Philosophinnen und Philosophen in Studium, Lehre und Forschung mit der Geschichte der Philosophie und speziell der antiken Philosophie besch\u00e4ftigen?<\/p>\n<p class=\"fliess\">Professorin Marmodoro gew\u00e4hrte den rund 60 Anwesenden einen kritischen Einblick in diese Debatte, indem sie unterschiedliche Haltungen und Positionen aus der philosophischen Fachwelt vorstellte. Auf der einen Seite sprach sie dar\u00fcber, warum manche Philosophen die obige Frage mehr oder weniger stark verneinen und die N\u00fctzlichkeit der Philosophiegeschichte und ihrer Erkenntnisse f\u00fcr ihr Fach bezweifeln. Ein Argument sei, dass die Geschichte der Philosophie zur Geschichtswissenschaft geh\u00f6re und in Inhalten, Methoden und Zielen zu sehr von der (analytischen) Philosophie abweiche.<\/p>\n<p class=\"fliess-SCHMAL\">Auf der anderen Seite gebe es Fachleute, die die Besch\u00e4ftigung mit Philosophiegeschichte aus verschiedenen Gr\u00fcnden als vorteilhaft bis wichtig einstufen: So helfe die Auseinandersetzung mit antikem philosophischem Gedankengut dabei, weiter zu denken und sich von aktuellen Trends unabh\u00e4ngiger zu machen. Auch k\u00f6nne man wie ein Goldgr\u00e4ber in einer Mine in \u00e4lteren philosophischen Texten nach Inspiration f\u00fcr die eigene Forschung sch\u00fcrfen. Zudem h\u00e4tten sich fr\u00fchere Philosophen ebenso auf die Suche nach Wahrheit gemacht und die gleiche Sprache der Logik gesprochen wie heutige Vertreter.<\/p>\n<p class=\"fliess\">Der Ansatz, der ihr selbst nahestehe, sei der dialogische Zugang bzw. vergleichende Dialog. Dieser sei m\u00f6glich, da heutige und fr\u00fchere Philosophen den gleichen Beruf aus\u00fcben und das gleiche Spiel nach den gleichen Regeln (n\u00e4mlich denjenigen der Philosophie) spielen w\u00fcrden. Auf dieser Grundlage k\u00f6nne man seine Vorg\u00e4nger anhand ihrer Texte \u201einterviewen\u201c. Nat\u00fcrlich sei man heute mit anderen Problemstellungen konfrontiert; manche Grundfragen seien jedoch zeitlos. Auch k\u00f6nne man an \u00e4lteren Beispielen lernen, wie Philosophie methodisch auf bestm\u00f6gliche Weise betrieben werde (z. B. Aufbau einer Argumentation). Professorin Marmodoro rechnete sich abschlie\u00dfend der Gruppe zu, die einen Wert in Studium, Lehre und Forschung von Philosophiegeschichte und besonders antiker Philosophie sieht.<\/p>\n<p class=\"fliess\">Im zweiten Teil der Veranstaltung, moderiert von Professor Zoll SJ, widmete sich die Philosophin den Fragen und Beitr\u00e4gen aus dem Publikum und vertiefte verschiedene Inhalte aus dem Vortrag.<\/p>","protected":false},"excerpt":{"rendered":"<p>Am 25. Februar 2025 war Prof. Dr. Anna Marmodoro, Professorin f\u00fcr Philosophie an der Saint Louis University (USA), zu Gast in der Akademie. Ihr \u00f6ffentlicher Abendvortrag fand statt im Rahmen des Philosophischen Meisterkurses, der zum neunten Mal als Kooperation der Hochschule f\u00fcr Philosophie M\u00fcnchen mit der Katholischen Akademie in Bayern angeboten wurde. Dieses Mal widmeten&hellip;<\/p>","protected":false},"author":5,"featured_media":32560,"menu_order":472,"template":"","meta":{"_relevanssi_hide_post":"","_relevanssi_hide_content":"","_relevanssi_pin_for_all":"","_relevanssi_pin_keywords":"","_relevanssi_unpin_keywords":"","_relevanssi_related_keywords":"","_relevanssi_related_include_ids":"","_relevanssi_related_exclude_ids":"","_relevanssi_related_no_append":"","_relevanssi_related_not_related":"","_relevanssi_related_posts":"","_relevanssi_noindex_reason":"","footnotes":""},"class_list":["post-107608","media-library","type-media-library","status-publish","has-post-thumbnail","hentry"],"yoast_head":"<!-- This site is optimized with the Yoast SEO plugin v27.4 - https:\/\/yoast.com\/product\/yoast-seo-wordpress\/ -->\n<title>What&#039;s ancient about Ancient Philosophy? - Katholische Akademie in Bayern<\/title>\n<meta name=\"robots\" content=\"index, follow, max-snippet:-1, max-image-preview:large, max-video-preview:-1\" \/>\n<link rel=\"canonical\" href=\"https:\/\/kath-akademie-bayern.de\/en\/mediathek-eintrag\/whats-ancient-about-ancient-philosophy-im-rahmen-des-philosophischen-meisterkurses-2025\/\" \/>\n<meta property=\"og:locale\" content=\"en_GB\" \/>\n<meta property=\"og:type\" content=\"article\" \/>\n<meta property=\"og:title\" content=\"What&#039;s ancient about Ancient Philosophy? - Katholische Akademie in Bayern\" \/>\n<meta property=\"og:description\" content=\"Am 25. Februar 2025 war Prof. Dr. Anna Marmodoro, Professorin f\u00fcr Philosophie an der Saint Louis University (USA), zu Gast in der Akademie. Ihr \u00f6ffentlicher Abendvortrag fand statt im Rahmen des Philosophischen Meisterkurses, der zum neunten Mal als Kooperation der Hochschule f\u00fcr Philosophie M\u00fcnchen mit der Katholischen Akademie in Bayern angeboten wurde. Dieses Mal widmeten&hellip;\" \/>\n<meta property=\"og:url\" content=\"https:\/\/kath-akademie-bayern.de\/en\/mediathek-eintrag\/whats-ancient-about-ancient-philosophy-im-rahmen-des-philosophischen-meisterkurses-2025\/\" \/>\n<meta property=\"og:site_name\" content=\"Katholische Akademie in Bayern\" \/>\n<meta property=\"article:publisher\" content=\"https:\/\/www.facebook.com\/katholische.akademie.bayern\/\" \/>\n<meta property=\"article:modified_time\" content=\"2025-07-03T10:30:16+00:00\" \/>\n<meta property=\"og:image\" content=\"https:\/\/kath-akademie-bayern.de\/wp-content\/uploads\/Philosophie_Humanwissenschaften.jpg\" \/>\n\t<meta property=\"og:image:width\" content=\"872\" \/>\n\t<meta property=\"og:image:height\" content=\"490\" \/>\n\t<meta property=\"og:image:type\" content=\"image\/jpeg\" \/>\n<meta name=\"twitter:card\" content=\"summary_large_image\" \/>\n<meta name=\"twitter:label1\" content=\"Estimated reading time\" \/>\n\t<meta name=\"twitter:data1\" content=\"3 minutes\" \/>\n<script type=\"application\/ld+json\" class=\"yoast-schema-graph\">{\"@context\":\"https:\\\/\\\/schema.org\",\"@graph\":[{\"@type\":\"WebPage\",\"@id\":\"https:\\\/\\\/kath-akademie-bayern.de\\\/mediathek-eintrag\\\/whats-ancient-about-ancient-philosophy-im-rahmen-des-philosophischen-meisterkurses-2025\\\/\",\"url\":\"https:\\\/\\\/kath-akademie-bayern.de\\\/mediathek-eintrag\\\/whats-ancient-about-ancient-philosophy-im-rahmen-des-philosophischen-meisterkurses-2025\\\/\",\"name\":\"What's ancient about Ancient Philosophy? - Katholische Akademie in Bayern\",\"isPartOf\":{\"@id\":\"https:\\\/\\\/kath-akademie-bayern.de\\\/#website\"},\"primaryImageOfPage\":{\"@id\":\"https:\\\/\\\/kath-akademie-bayern.de\\\/mediathek-eintrag\\\/whats-ancient-about-ancient-philosophy-im-rahmen-des-philosophischen-meisterkurses-2025\\\/#primaryimage\"},\"image\":{\"@id\":\"https:\\\/\\\/kath-akademie-bayern.de\\\/mediathek-eintrag\\\/whats-ancient-about-ancient-philosophy-im-rahmen-des-philosophischen-meisterkurses-2025\\\/#primaryimage\"},\"thumbnailUrl\":\"https:\\\/\\\/kath-akademie-bayern.de\\\/wp-content\\\/uploads\\\/Philosophie_Humanwissenschaften.jpg\",\"datePublished\":\"2025-07-03T10:06:18+00:00\",\"dateModified\":\"2025-07-03T10:30:16+00:00\",\"breadcrumb\":{\"@id\":\"https:\\\/\\\/kath-akademie-bayern.de\\\/mediathek-eintrag\\\/whats-ancient-about-ancient-philosophy-im-rahmen-des-philosophischen-meisterkurses-2025\\\/#breadcrumb\"},\"inLanguage\":\"en-GB\",\"potentialAction\":[{\"@type\":\"ReadAction\",\"target\":[\"https:\\\/\\\/kath-akademie-bayern.de\\\/mediathek-eintrag\\\/whats-ancient-about-ancient-philosophy-im-rahmen-des-philosophischen-meisterkurses-2025\\\/\"]}]},{\"@type\":\"ImageObject\",\"inLanguage\":\"en-GB\",\"@id\":\"https:\\\/\\\/kath-akademie-bayern.de\\\/mediathek-eintrag\\\/whats-ancient-about-ancient-philosophy-im-rahmen-des-philosophischen-meisterkurses-2025\\\/#primaryimage\",\"url\":\"https:\\\/\\\/kath-akademie-bayern.de\\\/wp-content\\\/uploads\\\/Philosophie_Humanwissenschaften.jpg\",\"contentUrl\":\"https:\\\/\\\/kath-akademie-bayern.de\\\/wp-content\\\/uploads\\\/Philosophie_Humanwissenschaften.jpg\",\"width\":872,\"height\":490},{\"@type\":\"BreadcrumbList\",\"@id\":\"https:\\\/\\\/kath-akademie-bayern.de\\\/mediathek-eintrag\\\/whats-ancient-about-ancient-philosophy-im-rahmen-des-philosophischen-meisterkurses-2025\\\/#breadcrumb\",\"itemListElement\":[{\"@type\":\"ListItem\",\"position\":1,\"name\":\"Startseite\",\"item\":\"https:\\\/\\\/kath-akademie-bayern.de\\\/\"},{\"@type\":\"ListItem\",\"position\":2,\"name\":\"What&#8217;s ancient about Ancient Philosophy?\"}]},{\"@type\":\"WebSite\",\"@id\":\"https:\\\/\\\/kath-akademie-bayern.de\\\/#website\",\"url\":\"https:\\\/\\\/kath-akademie-bayern.de\\\/\",\"name\":\"Katholische Akademie in Bayern\",\"description\":\"Kirche braucht Debatte: \u201ekatholisch\u201c mit Blick auf das Ganze \u2013 und \u201eakademisch\u201c im Vertrauen auf die Kraft der Argumente\",\"publisher\":{\"@id\":\"https:\\\/\\\/kath-akademie-bayern.de\\\/#organization\"},\"potentialAction\":[{\"@type\":\"SearchAction\",\"target\":{\"@type\":\"EntryPoint\",\"urlTemplate\":\"https:\\\/\\\/kath-akademie-bayern.de\\\/?s={search_term_string}\"},\"query-input\":{\"@type\":\"PropertyValueSpecification\",\"valueRequired\":true,\"valueName\":\"search_term_string\"}}],\"inLanguage\":\"en-GB\"},{\"@type\":\"Organization\",\"@id\":\"https:\\\/\\\/kath-akademie-bayern.de\\\/#organization\",\"name\":\"Katholische Akademie in Bayern\",\"url\":\"https:\\\/\\\/kath-akademie-bayern.de\\\/\",\"logo\":{\"@type\":\"ImageObject\",\"inLanguage\":\"en-GB\",\"@id\":\"https:\\\/\\\/kath-akademie-bayern.de\\\/#\\\/schema\\\/logo\\\/image\\\/\",\"url\":\"https:\\\/\\\/kath-akademie-bayern.de\\\/wp-content\\\/uploads\\\/Menue-Logo-Home@2x.png\",\"contentUrl\":\"https:\\\/\\\/kath-akademie-bayern.de\\\/wp-content\\\/uploads\\\/Menue-Logo-Home@2x.png\",\"width\":496,\"height\":216,\"caption\":\"Katholische Akademie in Bayern\"},\"image\":{\"@id\":\"https:\\\/\\\/kath-akademie-bayern.de\\\/#\\\/schema\\\/logo\\\/image\\\/\"},\"sameAs\":[\"https:\\\/\\\/www.facebook.com\\\/katholische.akademie.bayern\\\/\"]}]}<\/script>\n<!-- \/ Yoast SEO plugin. -->","yoast_head_json":{"title":"What's ancient about Ancient Philosophy? - Katholische Akademie in Bayern","robots":{"index":"index","follow":"follow","max-snippet":"max-snippet:-1","max-image-preview":"max-image-preview:large","max-video-preview":"max-video-preview:-1"},"canonical":"https:\/\/kath-akademie-bayern.de\/en\/mediathek-eintrag\/whats-ancient-about-ancient-philosophy-im-rahmen-des-philosophischen-meisterkurses-2025\/","og_locale":"en_GB","og_type":"article","og_title":"What's ancient about Ancient Philosophy? - Katholische Akademie in Bayern","og_description":"Am 25. Februar 2025 war Prof. Dr. Anna Marmodoro, Professorin f\u00fcr Philosophie an der Saint Louis University (USA), zu Gast in der Akademie. Ihr \u00f6ffentlicher Abendvortrag fand statt im Rahmen des Philosophischen Meisterkurses, der zum neunten Mal als Kooperation der Hochschule f\u00fcr Philosophie M\u00fcnchen mit der Katholischen Akademie in Bayern angeboten wurde. Dieses Mal widmeten&hellip;","og_url":"https:\/\/kath-akademie-bayern.de\/en\/mediathek-eintrag\/whats-ancient-about-ancient-philosophy-im-rahmen-des-philosophischen-meisterkurses-2025\/","og_site_name":"Katholische Akademie in Bayern","article_publisher":"https:\/\/www.facebook.com\/katholische.akademie.bayern\/","article_modified_time":"2025-07-03T10:30:16+00:00","og_image":[{"width":872,"height":490,"url":"https:\/\/kath-akademie-bayern.de\/wp-content\/uploads\/Philosophie_Humanwissenschaften.jpg","type":"image\/jpeg"}],"twitter_card":"summary_large_image","twitter_misc":{"Estimated reading time":"3 minutes"},"schema":{"@context":"https:\/\/schema.org","@graph":[{"@type":"WebPage","@id":"https:\/\/kath-akademie-bayern.de\/mediathek-eintrag\/whats-ancient-about-ancient-philosophy-im-rahmen-des-philosophischen-meisterkurses-2025\/","url":"https:\/\/kath-akademie-bayern.de\/mediathek-eintrag\/whats-ancient-about-ancient-philosophy-im-rahmen-des-philosophischen-meisterkurses-2025\/","name":"What's ancient about Ancient Philosophy? - Katholische Akademie in Bayern","isPartOf":{"@id":"https:\/\/kath-akademie-bayern.de\/#website"},"primaryImageOfPage":{"@id":"https:\/\/kath-akademie-bayern.de\/mediathek-eintrag\/whats-ancient-about-ancient-philosophy-im-rahmen-des-philosophischen-meisterkurses-2025\/#primaryimage"},"image":{"@id":"https:\/\/kath-akademie-bayern.de\/mediathek-eintrag\/whats-ancient-about-ancient-philosophy-im-rahmen-des-philosophischen-meisterkurses-2025\/#primaryimage"},"thumbnailUrl":"https:\/\/kath-akademie-bayern.de\/wp-content\/uploads\/Philosophie_Humanwissenschaften.jpg","datePublished":"2025-07-03T10:06:18+00:00","dateModified":"2025-07-03T10:30:16+00:00","breadcrumb":{"@id":"https:\/\/kath-akademie-bayern.de\/mediathek-eintrag\/whats-ancient-about-ancient-philosophy-im-rahmen-des-philosophischen-meisterkurses-2025\/#breadcrumb"},"inLanguage":"en-GB","potentialAction":[{"@type":"ReadAction","target":["https:\/\/kath-akademie-bayern.de\/mediathek-eintrag\/whats-ancient-about-ancient-philosophy-im-rahmen-des-philosophischen-meisterkurses-2025\/"]}]},{"@type":"ImageObject","inLanguage":"en-GB","@id":"https:\/\/kath-akademie-bayern.de\/mediathek-eintrag\/whats-ancient-about-ancient-philosophy-im-rahmen-des-philosophischen-meisterkurses-2025\/#primaryimage","url":"https:\/\/kath-akademie-bayern.de\/wp-content\/uploads\/Philosophie_Humanwissenschaften.jpg","contentUrl":"https:\/\/kath-akademie-bayern.de\/wp-content\/uploads\/Philosophie_Humanwissenschaften.jpg","width":872,"height":490},{"@type":"BreadcrumbList","@id":"https:\/\/kath-akademie-bayern.de\/mediathek-eintrag\/whats-ancient-about-ancient-philosophy-im-rahmen-des-philosophischen-meisterkurses-2025\/#breadcrumb","itemListElement":[{"@type":"ListItem","position":1,"name":"Startseite","item":"https:\/\/kath-akademie-bayern.de\/"},{"@type":"ListItem","position":2,"name":"What&#8217;s ancient about Ancient Philosophy?"}]},{"@type":"WebSite","@id":"https:\/\/kath-akademie-bayern.de\/#website","url":"https:\/\/kath-akademie-bayern.de\/","name":"Catholic Academy in Bavaria","description":"Church needs debate: \"catholic\" looking at the whole - and \"academic\" trusting in the power of arguments","publisher":{"@id":"https:\/\/kath-akademie-bayern.de\/#organization"},"potentialAction":[{"@type":"SearchAction","target":{"@type":"EntryPoint","urlTemplate":"https:\/\/kath-akademie-bayern.de\/?s={search_term_string}"},"query-input":{"@type":"PropertyValueSpecification","valueRequired":true,"valueName":"search_term_string"}}],"inLanguage":"en-GB"},{"@type":"Organization","@id":"https:\/\/kath-akademie-bayern.de\/#organization","name":"Catholic Academy in Bavaria","url":"https:\/\/kath-akademie-bayern.de\/","logo":{"@type":"ImageObject","inLanguage":"en-GB","@id":"https:\/\/kath-akademie-bayern.de\/#\/schema\/logo\/image\/","url":"https:\/\/kath-akademie-bayern.de\/wp-content\/uploads\/Menue-Logo-Home@2x.png","contentUrl":"https:\/\/kath-akademie-bayern.de\/wp-content\/uploads\/Menue-Logo-Home@2x.png","width":496,"height":216,"caption":"Katholische Akademie in Bayern"},"image":{"@id":"https:\/\/kath-akademie-bayern.de\/#\/schema\/logo\/image\/"},"sameAs":["https:\/\/www.facebook.com\/katholische.akademie.bayern\/"]}]}},"_links":{"self":[{"href":"https:\/\/kath-akademie-bayern.de\/en\/wp-json\/wp\/v2\/media-library\/107608","targetHints":{"allow":["GET"]}}],"collection":[{"href":"https:\/\/kath-akademie-bayern.de\/en\/wp-json\/wp\/v2\/media-library"}],"about":[{"href":"https:\/\/kath-akademie-bayern.de\/en\/wp-json\/wp\/v2\/types\/media-library"}],"author":[{"embeddable":true,"href":"https:\/\/kath-akademie-bayern.de\/en\/wp-json\/wp\/v2\/users\/5"}],"version-history":[{"count":1,"href":"https:\/\/kath-akademie-bayern.de\/en\/wp-json\/wp\/v2\/media-library\/107608\/revisions"}],"predecessor-version":[{"id":107609,"href":"https:\/\/kath-akademie-bayern.de\/en\/wp-json\/wp\/v2\/media-library\/107608\/revisions\/107609"}],"wp:featuredmedia":[{"embeddable":true,"href":"https:\/\/kath-akademie-bayern.de\/en\/wp-json\/wp\/v2\/media\/32560"}],"wp:attachment":[{"href":"https:\/\/kath-akademie-bayern.de\/en\/wp-json\/wp\/v2\/media?parent=107608"}],"curies":[{"name":"wp","href":"https:\/\/api.w.org\/{rel}","templated":true}]}}