{"id":107613,"date":"2025-07-03T12:14:56","date_gmt":"2025-07-03T10:14:56","guid":{"rendered":"https:\/\/kath-akademie-bayern.de\/?post_type=media-library&#038;p=107613"},"modified":"2025-07-03T12:14:59","modified_gmt":"2025-07-03T10:14:59","slug":"rohstoffe-fuer-die-energiewende-veranstaltung-mit-acatech","status":"publish","type":"media-library","link":"https:\/\/kath-akademie-bayern.de\/en\/mediathek-eintrag\/rohstoffe-fuer-die-energiewende-veranstaltung-mit-acatech\/","title":{"rendered":"Raw materials for the energy transition"},"content":{"rendered":"<p class=\"fliess-ERSTER\"><span class=\"Initiale CharOverride-65\">A<\/span>uf welche Rohstoffe ist die deutsche Industrie angewiesen? In welchen Mengen und unter welchen Bedingungen werden diese Rohstoffe in den Herkunftsl\u00e4ndern gewonnen? In Kooperation mit der Katholischen Akademie in Bayern machte acatech am Dienstag diese Fragen am 29. April 2025 zum Thema des Abends. Kupfer und Lithium sind f\u00fcr die Energiewende entscheidend: Am Beispiel dieser Rohstoffe diskutierten Fachleute aus Wissenschaft und Wirtschaft mit dem Publikum Perspektiven f\u00fcr eine nachhaltige, zukunftsf\u00e4hige Rohstoffversorgung.<\/p>\n<p class=\"fliess\">Martin Dabrowski, Studienleiter der Katholischen Akademie in Bayern, er\u00f6ffnete nach der Begr\u00fc\u00dfung der mehr als hundert Teilnehmenden mit der Problematik des rasant steigenden Rohstoffbedarfs in Deutschland. In vielen der Rohstoff f\u00f6rdernden L\u00e4nder herrschten teilweise soziale und \u00f6kologisch problematische Bedingungen.<\/p>\n<p>&nbsp;<\/p>\n<h3 class=\"ZWISCHEN\">Unabh\u00e4ngiger durch Erkunden, F\u00f6rdern und Raffinieren?<\/h3>\n<p class=\"fliess-ohne-EZG\">Der Verbrauch fossiler Energietr\u00e4ger m\u00fcsse drastisch reduziert werden, forderte acatech Mitglied Jens Gutzmer<br \/>\n(Helmholtz-Institut Freiberg f\u00fcr Ressourcentechnologie), um den Klimawandel zu reduzieren, in seinem Impulsvortrag. Der Aufbau der dazu notwendigen Infrastruktur zur Nutzung erneuerbarer Energien bedarf aber der Verf\u00fcgbarkeit einer gro\u00dfen Anzahl von mineralischen und metallischen Rohstoffen. Aktuell werden viele dieser Rohstoffe importiert, insbesondere bei metallischen Rohstoffen ist die deutsche Volkswirtschaft fast vollst\u00e4ndig von Importen abh\u00e4ngig. Dabei ist insbesondere die Abh\u00e4ngigkeit von China bei einer gro\u00dfen Anzahl von Rohstoffen dramatisch. Da China selbst kein besonders rohstoffreiches Land ist, zeige sich hier, wie lohnend es sein kann, in die Erkundung, F\u00f6rderung und vor allem Raffinierung von solchen Rohstoffen zu investieren, die f\u00fcr die Energiewende notwendig sein werden.<\/p>\n<p>&nbsp;<\/p>\n<h3 class=\"ZWISCHEN\">Chancen und Herausforderungen der Kreislaufwirtschaft<\/h3>\n<p class=\"fliess-ohne-EZG\">Generell k\u00f6nnten Metalle endlos recycelt werden, doch leider stagniere die Kreislaufwirtschaft in<br \/>\nDeutschland, bem\u00e4ngelte Jens Gutzmer. So liege die Rezyklat-Einsatzquote (also Sekund\u00e4rrohstoffe, die in den Produktionskreislauf zur\u00fcckflie\u00dfen) seit 2015 unver\u00e4ndert bei nur zw\u00f6lf Prozent. Gr\u00fcnde daf\u00fcr gibt es einige: Einerseits fehlen die richtigen wirtschaftlichen Anreize und gesetzliche Rahmenbedingungen. Zum anderen fehlen Technologien, um ein fortgesetztes Downcycling zu vermeiden und wirkliches Recycling \u2013 im Sinne von geschlossenen Wertstoffkreisl\u00e4ufen \u2013 zu erreichen. Downcycling bezeichnet die Wiederaufbereitung von Materialien, wobei jedoch im Gegensatz zum Recycling nicht die urspr\u00fcngliche Qualit\u00e4t erhalten bleibt \u2013 stattdessen findet eine Abwertung statt.<\/p>\n<p class=\"fliess\">Im anschlie\u00dfenden Podiumsgespr\u00e4ch erkl\u00e4rte Luise M\u00fcller-Hofstede (Business Development Director bei Circulor) das Gesch\u00e4ftsmodell von Circulor, einem f\u00fchrenden Anbieter im Bereich der R\u00fcckverfolgbarkeit in komplexen industriellen Lieferketten. Das Unternehmen setze dabei auf Technologien wie Blockchain und K\u00fcnstliche Intelligenz (KI), um die R\u00fcckverfolgbarkeit und die Einhaltung von Sorgfaltspflichten in Rohstofflieferketten zu erm\u00f6glichen. Das unterst\u00fctze Kunden dabei, eine verantwortungsvolle Beschaffung nachzuweisen, Emissionen in der Lieferkette zu \u00fcberwachen und ihre Ziele im Bereich der Kreislaufwirtschaft zu erreichen. Digitale Produktp\u00e4sse spielen f\u00fcr alle Produkte mit einem hohen Anteil an kritischen Rohstoffen eine wichtige Rolle, so \u00adLuise M\u00fcller-Hofstede.<\/p>\n<p>&nbsp;<\/p>\n<h3 class=\"ZWISCHEN\">Was n\u00fctzt ein Digitaler Produktpass?<\/h3>\n<p class=\"fliess-ohne-EZG\">Um eine nachhaltige Kreislaufwirtschaft zu erm\u00f6glichen, m\u00fcssten auch Konsumenten ihren Anspruch \u00e4ndern, so Jens Gutzmer. Sie m\u00fcssten sich fragen, woher die Rohstoffe f\u00fcr das neue Auto kommen und was nach dem Ende der Nutzung damit geschehe. Genau dort setze der Digitale Produktpass an, erg\u00e4nzte Luise M\u00fcller-Hofstede. Denn selbst, wenn sich Konsumentinnen und Konsumenten heute f\u00fcr die Herkunft von Rohstoffen in technischen Produkten interessierten: An die Information zu kommen, sei f\u00fcr sie kaum m\u00f6glich. Hier k\u00f6nne der Digitale Produktpass Abhilfe schaffen und die Lieferketten transparent machen. W\u00fcnschenswert w\u00e4re es laut Jens Gutzmer, wenn es bei Elektroartikeln neben den bereits bestehenden Angaben zum Energieverbrauch auch ein zus\u00e4tzliches Label \u00fcber Nachhaltigkeit und Recyclingf\u00e4higkeit geben k\u00f6nnte. Das wiederum h\u00e4tte Auswirkungen auf den Preis, gab Moderator Martin Dabrowski zu bedenken und verwies auf gesetzliche Vorgaben als L\u00f6sung.<\/p>\n<p>&nbsp;<\/p>\n<h3 class=\"ZWISCHEN\">Fehlende Transparenz und Technologie bremsen aus<\/h3>\n<p class=\"fliess-ohne-EZG\">Sind Sekund\u00e4rrohstoffe teurer als Prim\u00e4rrohstoffe? Nicht zwangsl\u00e4ufig, da k\u00fcrzere Lieferwege und h\u00e4ufig deutlich geringerer Energieeinsatz Kosten einsparen, so erkl\u00e4rte Jens Gutzmer. Allerdings k\u00f6nnen Sekund\u00e4rrohstoffe in Bereichen mit niedriger Konzentration oder hohem technologischem Aufwand teurer werden. Weil hierzulande die n\u00f6tige Technologie fehle, w\u00fcrden die Sekund\u00e4rrohstoffe sogar bis nach China geschickt, um sie dort verarbeiten zu lassen. F\u00fcr die hiesigen Verarbeiter sei oft unklar, ob sich die Verarbeitung wirtschaftlich \u00fcberhaupt f\u00fcr sie lohne. Ein Digitaler Produktpass k\u00f6nnte helfen, die Wirtschaftlichkeit des Recyclings zu beurteilen. Bei Bedarf, so Gutzmer, m\u00fcssten auch staatliche Subventionen eingesetzt werden, um das Recycling der wertvollen Rohstoffe auf nationaler oder europ\u00e4ischer Ebene zu erm\u00f6glichen.<\/p>\n<p class=\"fliess\">Luise M\u00fcller-Hofstede erkl\u00e4rte, dass im Zusammenhang von Rohstoffgewinnung und -aufbereitung Umweltsch\u00e4den und Menschenrechtsverletzungen nicht vollst\u00e4ndig ausgeschlossen werden k\u00f6nnen \u2013 daher m\u00fcsse man eine Nachweisbarkeit der Informationen erbringen. Wenn in Produkten Rohstoffe \u201eunbekannter Herkunft\u201c enthalten sind, gelte es aufmerksam zu sein. Denn gerade diese k\u00f6nnten m\u00f6glicherweise durch Kinderarbeit gef\u00f6rdert worden sein. Um zu wissen, wo in den Lieferketten Material unbekannter Herkunft sein k\u00f6nnte, bedarf es an R\u00fcckverfolgbarkeit. Die Europ\u00e4ische Union verlangt ab 2027 f\u00fcr jedes neue Elektrofahrzeug einen Batteriepass, der die Zusammensetzung der Batterien, die Herkunft der wichtigsten Materialien, die CO<span class=\"CharOverride-40\">2<\/span>-Bilanz und das Recycling ausweist. Volvo Cars stellt seinen Kundinnen und Kunden diese Informationen schon jetzt \u00fcber einen QR-Code an der Innenseite der B-S\u00e4ule zur Verf\u00fcgung, sagte Luise M\u00fcller-Hofstede.<\/p>\n<p class=\"fliess\">Das von acatech geleitete Konsortialprojekt\u00a0<span class=\"CharOverride-7\">Battery Pass<\/span>\u00a0hat inhaltliche und technische Standards f\u00fcr einen EU-verpflichtenden digitalen Batteriepass definiert. Mit einer nahtlosen Dokumentation aller Stationen eines Batterie\u00adlebens zahlt er darauf ein, die gesamte Batterie-Wertsch\u00f6pfungskette<br \/>\ntransparent zu machen.<\/p>\n<h3 class=\"ZWISCHEN\">Angeregte Diskussion zu Regelungen und Rohstoffeinsatz<\/h3>\n<p class=\"fliess-ohne-EZG\">Zu bestehenden Regelungen wie der \u201eAltautoverordnung\u201c f\u00fcr das Recycling alter Autos gab Jens Gutzmer zu bedenken, dass nur wenige Autos in Deutschland ordnungsgem\u00e4\u00df abgemeldet und verschrottet werden. Der Gro\u00dfteil werde in andere Teile der Welt verkauft, wo die deutsche Altautoregelung nicht greife.<\/p>\n<p class=\"fliess\">Zwar lasse sich der Rohstoffbedarf f\u00fcr neue Technologien immer weiter verringern und dadurch kosteng\u00fcnstiger machen. Zugleich steige aber der Verbrauch von Elektronik an. Hinzu komme, dass sich Elektrofahrzeuge zunehmend etablieren. Auch der verst\u00e4rkte Einsatz erneuerbarer Energiequellen und die Energieeffizienz trieben die Nachfrage nach Metallen \u2013 insbesondere Kupfer \u2013 weiter erheblich an. Um den Kupferbedarf f\u00fcr die n\u00e4chsten 30 Jahre zu decken, m\u00fcsse beispielsweise so viel Kupfer gef\u00f6rdert werden, wie in der gesamten bisherigen Menschheitsgeschichte, veranschaulichte Jens Gutzmer die Dimensionen.<\/p>\n<p class=\"fliess-SCHMAL\">Abschlie\u00dfend bat Moderator Martin Dabrowski um eine Priorisierung von Ma\u00dfnahmen im Bereich nachhaltiger, zukunftsf\u00e4higer Rohstoffversorgung: Luise M\u00fcller-Hofstede w\u00e4hlte die transparente R\u00fcckverfolgbarkeit von Rohstoffen als gr\u00f6\u00dftes Anliegen. Jens Gutzmer hingegen riet dazu, ein nationales Erkundungsprogramm f\u00fcr mineralische Rohstoffe zu starten, um geologische Daten aus dem Untergrund zu erfassen. \u00dcber eine anschlie\u00dfende Evaluierung des Rohstoffpotenzials k\u00f6nne man dann neue Ans\u00e4tze f\u00fcr die heimische Rohstoffproduktion schaffen.<\/p>","protected":false},"excerpt":{"rendered":"<p>Auf welche Rohstoffe ist die deutsche Industrie angewiesen? In welchen Mengen und unter welchen Bedingungen werden diese Rohstoffe in den Herkunftsl\u00e4ndern gewonnen? In Kooperation mit der Katholischen Akademie in Bayern machte acatech am Dienstag diese Fragen am 29. April 2025 zum Thema des Abends. Kupfer und Lithium sind f\u00fcr die Energiewende entscheidend: Am Beispiel dieser&hellip;<\/p>","protected":false},"author":5,"featured_media":96058,"menu_order":470,"template":"","meta":{"_relevanssi_hide_post":"","_relevanssi_hide_content":"","_relevanssi_pin_for_all":"","_relevanssi_pin_keywords":"","_relevanssi_unpin_keywords":"","_relevanssi_related_keywords":"","_relevanssi_related_include_ids":"","_relevanssi_related_exclude_ids":"","_relevanssi_related_no_append":"","_relevanssi_related_not_related":"","_relevanssi_related_posts":"","_relevanssi_noindex_reason":"","footnotes":""},"class_list":["post-107613","media-library","type-media-library","status-publish","has-post-thumbnail","hentry","focus-area-klimawandel"],"yoast_head":"<!-- This site is optimized with the Yoast SEO plugin v27.4 - https:\/\/yoast.com\/product\/yoast-seo-wordpress\/ -->\n<title>Rohstoffe f\u00fcr die Energiewende - Katholische Akademie in Bayern<\/title>\n<meta name=\"robots\" content=\"index, follow, max-snippet:-1, max-image-preview:large, max-video-preview:-1\" \/>\n<link rel=\"canonical\" href=\"https:\/\/kath-akademie-bayern.de\/en\/mediathek-eintrag\/rohstoffe-fuer-die-energiewende-veranstaltung-mit-acatech\/\" \/>\n<meta property=\"og:locale\" content=\"en_GB\" \/>\n<meta property=\"og:type\" content=\"article\" \/>\n<meta property=\"og:title\" content=\"Rohstoffe f\u00fcr die Energiewende - Katholische Akademie in Bayern\" \/>\n<meta property=\"og:description\" content=\"Auf welche Rohstoffe ist die deutsche Industrie angewiesen? In welchen Mengen und unter welchen Bedingungen werden diese Rohstoffe in den Herkunftsl\u00e4ndern gewonnen? In Kooperation mit der Katholischen Akademie in Bayern machte acatech am Dienstag diese Fragen am 29. April 2025 zum Thema des Abends. Kupfer und Lithium sind f\u00fcr die Energiewende entscheidend: Am Beispiel dieser&hellip;\" \/>\n<meta property=\"og:url\" content=\"https:\/\/kath-akademie-bayern.de\/en\/mediathek-eintrag\/rohstoffe-fuer-die-energiewende-veranstaltung-mit-acatech\/\" \/>\n<meta property=\"og:site_name\" content=\"Katholische Akademie in Bayern\" \/>\n<meta property=\"article:publisher\" content=\"https:\/\/www.facebook.com\/katholische.akademie.bayern\/\" \/>\n<meta property=\"article:modified_time\" content=\"2025-07-03T10:14:59+00:00\" \/>\n<meta property=\"og:image\" content=\"https:\/\/kath-akademie-bayern.de\/wp-content\/uploads\/2025-04-29-1024x576.jpg\" \/>\n\t<meta property=\"og:image:width\" content=\"1024\" \/>\n\t<meta property=\"og:image:height\" content=\"576\" \/>\n\t<meta property=\"og:image:type\" content=\"image\/jpeg\" \/>\n<meta name=\"twitter:card\" content=\"summary_large_image\" \/>\n<meta name=\"twitter:label1\" content=\"Estimated reading time\" \/>\n\t<meta name=\"twitter:data1\" content=\"6 minutes\" \/>\n<script type=\"application\/ld+json\" class=\"yoast-schema-graph\">{\"@context\":\"https:\\\/\\\/schema.org\",\"@graph\":[{\"@type\":\"WebPage\",\"@id\":\"https:\\\/\\\/kath-akademie-bayern.de\\\/mediathek-eintrag\\\/rohstoffe-fuer-die-energiewende-veranstaltung-mit-acatech\\\/\",\"url\":\"https:\\\/\\\/kath-akademie-bayern.de\\\/mediathek-eintrag\\\/rohstoffe-fuer-die-energiewende-veranstaltung-mit-acatech\\\/\",\"name\":\"Rohstoffe f\u00fcr die Energiewende - Katholische Akademie in Bayern\",\"isPartOf\":{\"@id\":\"https:\\\/\\\/kath-akademie-bayern.de\\\/#website\"},\"primaryImageOfPage\":{\"@id\":\"https:\\\/\\\/kath-akademie-bayern.de\\\/mediathek-eintrag\\\/rohstoffe-fuer-die-energiewende-veranstaltung-mit-acatech\\\/#primaryimage\"},\"image\":{\"@id\":\"https:\\\/\\\/kath-akademie-bayern.de\\\/mediathek-eintrag\\\/rohstoffe-fuer-die-energiewende-veranstaltung-mit-acatech\\\/#primaryimage\"},\"thumbnailUrl\":\"https:\\\/\\\/kath-akademie-bayern.de\\\/wp-content\\\/uploads\\\/2025-04-29.jpg\",\"datePublished\":\"2025-07-03T10:14:56+00:00\",\"dateModified\":\"2025-07-03T10:14:59+00:00\",\"breadcrumb\":{\"@id\":\"https:\\\/\\\/kath-akademie-bayern.de\\\/mediathek-eintrag\\\/rohstoffe-fuer-die-energiewende-veranstaltung-mit-acatech\\\/#breadcrumb\"},\"inLanguage\":\"en-GB\",\"potentialAction\":[{\"@type\":\"ReadAction\",\"target\":[\"https:\\\/\\\/kath-akademie-bayern.de\\\/mediathek-eintrag\\\/rohstoffe-fuer-die-energiewende-veranstaltung-mit-acatech\\\/\"]}]},{\"@type\":\"ImageObject\",\"inLanguage\":\"en-GB\",\"@id\":\"https:\\\/\\\/kath-akademie-bayern.de\\\/mediathek-eintrag\\\/rohstoffe-fuer-die-energiewende-veranstaltung-mit-acatech\\\/#primaryimage\",\"url\":\"https:\\\/\\\/kath-akademie-bayern.de\\\/wp-content\\\/uploads\\\/2025-04-29.jpg\",\"contentUrl\":\"https:\\\/\\\/kath-akademie-bayern.de\\\/wp-content\\\/uploads\\\/2025-04-29.jpg\",\"width\":2362,\"height\":1329},{\"@type\":\"BreadcrumbList\",\"@id\":\"https:\\\/\\\/kath-akademie-bayern.de\\\/mediathek-eintrag\\\/rohstoffe-fuer-die-energiewende-veranstaltung-mit-acatech\\\/#breadcrumb\",\"itemListElement\":[{\"@type\":\"ListItem\",\"position\":1,\"name\":\"Startseite\",\"item\":\"https:\\\/\\\/kath-akademie-bayern.de\\\/\"},{\"@type\":\"ListItem\",\"position\":2,\"name\":\"Rohstoffe f\u00fcr die Energiewende\"}]},{\"@type\":\"WebSite\",\"@id\":\"https:\\\/\\\/kath-akademie-bayern.de\\\/#website\",\"url\":\"https:\\\/\\\/kath-akademie-bayern.de\\\/\",\"name\":\"Katholische Akademie in Bayern\",\"description\":\"Kirche braucht Debatte: \u201ekatholisch\u201c mit Blick auf das Ganze \u2013 und \u201eakademisch\u201c im Vertrauen auf die Kraft der Argumente\",\"publisher\":{\"@id\":\"https:\\\/\\\/kath-akademie-bayern.de\\\/#organization\"},\"potentialAction\":[{\"@type\":\"SearchAction\",\"target\":{\"@type\":\"EntryPoint\",\"urlTemplate\":\"https:\\\/\\\/kath-akademie-bayern.de\\\/?s={search_term_string}\"},\"query-input\":{\"@type\":\"PropertyValueSpecification\",\"valueRequired\":true,\"valueName\":\"search_term_string\"}}],\"inLanguage\":\"en-GB\"},{\"@type\":\"Organization\",\"@id\":\"https:\\\/\\\/kath-akademie-bayern.de\\\/#organization\",\"name\":\"Katholische Akademie in Bayern\",\"url\":\"https:\\\/\\\/kath-akademie-bayern.de\\\/\",\"logo\":{\"@type\":\"ImageObject\",\"inLanguage\":\"en-GB\",\"@id\":\"https:\\\/\\\/kath-akademie-bayern.de\\\/#\\\/schema\\\/logo\\\/image\\\/\",\"url\":\"https:\\\/\\\/kath-akademie-bayern.de\\\/wp-content\\\/uploads\\\/Menue-Logo-Home@2x.png\",\"contentUrl\":\"https:\\\/\\\/kath-akademie-bayern.de\\\/wp-content\\\/uploads\\\/Menue-Logo-Home@2x.png\",\"width\":496,\"height\":216,\"caption\":\"Katholische Akademie in Bayern\"},\"image\":{\"@id\":\"https:\\\/\\\/kath-akademie-bayern.de\\\/#\\\/schema\\\/logo\\\/image\\\/\"},\"sameAs\":[\"https:\\\/\\\/www.facebook.com\\\/katholische.akademie.bayern\\\/\"]}]}<\/script>\n<!-- \/ Yoast SEO plugin. -->","yoast_head_json":{"title":"Raw materials for the energy transition - Catholic Academy in Bavaria","robots":{"index":"index","follow":"follow","max-snippet":"max-snippet:-1","max-image-preview":"max-image-preview:large","max-video-preview":"max-video-preview:-1"},"canonical":"https:\/\/kath-akademie-bayern.de\/en\/mediathek-eintrag\/rohstoffe-fuer-die-energiewende-veranstaltung-mit-acatech\/","og_locale":"en_GB","og_type":"article","og_title":"Rohstoffe f\u00fcr die Energiewende - Katholische Akademie in Bayern","og_description":"Auf welche Rohstoffe ist die deutsche Industrie angewiesen? In welchen Mengen und unter welchen Bedingungen werden diese Rohstoffe in den Herkunftsl\u00e4ndern gewonnen? In Kooperation mit der Katholischen Akademie in Bayern machte acatech am Dienstag diese Fragen am 29. April 2025 zum Thema des Abends. Kupfer und Lithium sind f\u00fcr die Energiewende entscheidend: Am Beispiel dieser&hellip;","og_url":"https:\/\/kath-akademie-bayern.de\/en\/mediathek-eintrag\/rohstoffe-fuer-die-energiewende-veranstaltung-mit-acatech\/","og_site_name":"Katholische Akademie in Bayern","article_publisher":"https:\/\/www.facebook.com\/katholische.akademie.bayern\/","article_modified_time":"2025-07-03T10:14:59+00:00","og_image":[{"width":1024,"height":576,"url":"https:\/\/kath-akademie-bayern.de\/wp-content\/uploads\/2025-04-29-1024x576.jpg","type":"image\/jpeg"}],"twitter_card":"summary_large_image","twitter_misc":{"Estimated reading time":"6 minutes"},"schema":{"@context":"https:\/\/schema.org","@graph":[{"@type":"WebPage","@id":"https:\/\/kath-akademie-bayern.de\/mediathek-eintrag\/rohstoffe-fuer-die-energiewende-veranstaltung-mit-acatech\/","url":"https:\/\/kath-akademie-bayern.de\/mediathek-eintrag\/rohstoffe-fuer-die-energiewende-veranstaltung-mit-acatech\/","name":"Raw materials for the energy transition - Catholic Academy in Bavaria","isPartOf":{"@id":"https:\/\/kath-akademie-bayern.de\/#website"},"primaryImageOfPage":{"@id":"https:\/\/kath-akademie-bayern.de\/mediathek-eintrag\/rohstoffe-fuer-die-energiewende-veranstaltung-mit-acatech\/#primaryimage"},"image":{"@id":"https:\/\/kath-akademie-bayern.de\/mediathek-eintrag\/rohstoffe-fuer-die-energiewende-veranstaltung-mit-acatech\/#primaryimage"},"thumbnailUrl":"https:\/\/kath-akademie-bayern.de\/wp-content\/uploads\/2025-04-29.jpg","datePublished":"2025-07-03T10:14:56+00:00","dateModified":"2025-07-03T10:14:59+00:00","breadcrumb":{"@id":"https:\/\/kath-akademie-bayern.de\/mediathek-eintrag\/rohstoffe-fuer-die-energiewende-veranstaltung-mit-acatech\/#breadcrumb"},"inLanguage":"en-GB","potentialAction":[{"@type":"ReadAction","target":["https:\/\/kath-akademie-bayern.de\/mediathek-eintrag\/rohstoffe-fuer-die-energiewende-veranstaltung-mit-acatech\/"]}]},{"@type":"ImageObject","inLanguage":"en-GB","@id":"https:\/\/kath-akademie-bayern.de\/mediathek-eintrag\/rohstoffe-fuer-die-energiewende-veranstaltung-mit-acatech\/#primaryimage","url":"https:\/\/kath-akademie-bayern.de\/wp-content\/uploads\/2025-04-29.jpg","contentUrl":"https:\/\/kath-akademie-bayern.de\/wp-content\/uploads\/2025-04-29.jpg","width":2362,"height":1329},{"@type":"BreadcrumbList","@id":"https:\/\/kath-akademie-bayern.de\/mediathek-eintrag\/rohstoffe-fuer-die-energiewende-veranstaltung-mit-acatech\/#breadcrumb","itemListElement":[{"@type":"ListItem","position":1,"name":"Startseite","item":"https:\/\/kath-akademie-bayern.de\/"},{"@type":"ListItem","position":2,"name":"Rohstoffe f\u00fcr die Energiewende"}]},{"@type":"WebSite","@id":"https:\/\/kath-akademie-bayern.de\/#website","url":"https:\/\/kath-akademie-bayern.de\/","name":"Catholic Academy in Bavaria","description":"Church needs debate: \"catholic\" looking at the whole - and \"academic\" trusting in the power of arguments","publisher":{"@id":"https:\/\/kath-akademie-bayern.de\/#organization"},"potentialAction":[{"@type":"SearchAction","target":{"@type":"EntryPoint","urlTemplate":"https:\/\/kath-akademie-bayern.de\/?s={search_term_string}"},"query-input":{"@type":"PropertyValueSpecification","valueRequired":true,"valueName":"search_term_string"}}],"inLanguage":"en-GB"},{"@type":"Organization","@id":"https:\/\/kath-akademie-bayern.de\/#organization","name":"Catholic Academy in Bavaria","url":"https:\/\/kath-akademie-bayern.de\/","logo":{"@type":"ImageObject","inLanguage":"en-GB","@id":"https:\/\/kath-akademie-bayern.de\/#\/schema\/logo\/image\/","url":"https:\/\/kath-akademie-bayern.de\/wp-content\/uploads\/Menue-Logo-Home@2x.png","contentUrl":"https:\/\/kath-akademie-bayern.de\/wp-content\/uploads\/Menue-Logo-Home@2x.png","width":496,"height":216,"caption":"Katholische Akademie in Bayern"},"image":{"@id":"https:\/\/kath-akademie-bayern.de\/#\/schema\/logo\/image\/"},"sameAs":["https:\/\/www.facebook.com\/katholische.akademie.bayern\/"]}]}},"_links":{"self":[{"href":"https:\/\/kath-akademie-bayern.de\/en\/wp-json\/wp\/v2\/media-library\/107613","targetHints":{"allow":["GET"]}}],"collection":[{"href":"https:\/\/kath-akademie-bayern.de\/en\/wp-json\/wp\/v2\/media-library"}],"about":[{"href":"https:\/\/kath-akademie-bayern.de\/en\/wp-json\/wp\/v2\/types\/media-library"}],"author":[{"embeddable":true,"href":"https:\/\/kath-akademie-bayern.de\/en\/wp-json\/wp\/v2\/users\/5"}],"version-history":[{"count":1,"href":"https:\/\/kath-akademie-bayern.de\/en\/wp-json\/wp\/v2\/media-library\/107613\/revisions"}],"predecessor-version":[{"id":107614,"href":"https:\/\/kath-akademie-bayern.de\/en\/wp-json\/wp\/v2\/media-library\/107613\/revisions\/107614"}],"wp:featuredmedia":[{"embeddable":true,"href":"https:\/\/kath-akademie-bayern.de\/en\/wp-json\/wp\/v2\/media\/96058"}],"wp:attachment":[{"href":"https:\/\/kath-akademie-bayern.de\/en\/wp-json\/wp\/v2\/media?parent=107613"}],"curies":[{"name":"wp","href":"https:\/\/api.w.org\/{rel}","templated":true}]}}