{"id":107620,"date":"2025-07-03T12:23:23","date_gmt":"2025-07-03T10:23:23","guid":{"rendered":"https:\/\/kath-akademie-bayern.de\/?post_type=media-library&#038;p=107620"},"modified":"2025-07-03T12:23:26","modified_gmt":"2025-07-03T10:23:26","slug":"ilse-aigner-zu-gast-bei-achim-budde-landtagspraesidentin-in-der-reihe-mittags-im-schloss","status":"publish","type":"media-library","link":"https:\/\/kath-akademie-bayern.de\/en\/mediathek-eintrag\/ilse-aigner-zu-gast-bei-achim-budde-landtagspraesidentin-in-der-reihe-mittags-im-schloss\/","title":{"rendered":"Ilse Aigner zu Gast bei Achim Budde"},"content":{"rendered":"<p class=\"fliess-ERSTER\"><span class=\"Initiale CharOverride-39\">U<\/span>nsere Veranstaltungsreihe\u00a0<span class=\"CharOverride-7\">Noon in the castle\u00a0<\/span>ist bekannt f\u00fcr die besondere Stimmung und lebt von der ungezwungenen, vertraulichen Gespr\u00e4chsatmosph\u00e4re, die in dem kleinen Kreis von G\u00e4sten im Schlossrondell entsteht. Am 30. April 2024 war Ilse Aigner, Pr\u00e4sidentin des Bayerischen Landtags, zu Gast bei Dr. Achim Budde im Schloss Suresnes.<\/p>\n<p class=\"fliess\">Bei dem Gespr\u00e4ch ging es weniger um die politische Agenda und Einstellung von Frau Aigner. Ganz im Gegenteil. Sie zeigte sich von ihrer pers\u00f6nlichen Seite: menschlich, humorvoll, gepr\u00e4gt von Verantwortung und mit gro\u00dfem Sinn f\u00fcr Gerechtigkeit. \u00dcber ihr Amt als Landtagspr\u00e4sidentin sagte sie mit einem L\u00e4cheln: \u201eDas liegt mir.\u201c Ihr Gesp\u00fcr f\u00fcr Ausgleich und<br \/>\nFairness k\u00f6nne sie in ihrem Amt voll zur Geltung bringen. Vielleicht ist es kein Zufall, dass sie im Sternzeichen Sch\u00fctze geboren ist \u2013 \u201eGerechtigkeit habe ich im Blut\u201c, bemerkte sie mit einem Augenzwinkern. Sie bezeichnet sich als \u201eH\u00fcterin der Demokratie\u201c \u2013 ein Begriff, der in diesen Zeiten an Sch\u00e4rfe und Dringlichkeit gewonnen hat. \u201eDas war nicht immer so gedacht. Aber Herausforderungen sind ja dazu da, dass man sie meistert.\u201c Ihr Ziel sei es, den Landtag n\u00e4her an die Menschen zu bringen. Und zwar durch konkrete Initiativen: Gespr\u00e4che vor Ort, Veranstaltungen<br \/>\nmit Jugendlichen, digitale Transparenz.<\/p>\n<p class=\"fliess\">Besonders interessant waren die privaten Einblicke. Sie erz\u00e4hlte von ihrer Freude an der Selbstst\u00e4ndigkeit \u2013 selbst einzukaufen, zu kochen. Und davon, wie sie sich bei Gelegenheit in den Wald zur\u00fcckzieht, um zur Ruhe zu kommen. Mit ihrem E-Mountainbike f\u00e4hrt sie entspannt die Berge hinauf, genie\u00dft den Ausblick und f\u00e4hrt wieder hinunter \u2013 ganz ohne den Druck, sportliche H\u00f6chstleistungen bringen zu m\u00fcssen. Die tiefe Naturverbundenheit ist ein starker Wesenszug von Ilse Aigner. Auch in ihren beruflichen Werdegang gew\u00e4hrte Ilse Aigner seltene Einblicke. Den Wechsel vom Gymnasium auf die Realschule habe sie nie bereut. Ihre an den Schulabschluss anschlie\u00dfende Ausbildung zur Radio- und Fernsehtechnikerin war pr\u00e4gend f\u00fcr sie und ihre Arbeit in der Entwicklung von Hubschrauberelektronik sehr lehrreich. Diese 13 Jahre Berufserfahrung vor dem Politikstart m\u00f6chte sie nicht missen. Im Gegenteil \u2013 sie w\u00fcnscht sich mehr davon auch bei Kolleginnen und Kollegen. Auch das Thema Frauen liegt ihr am Herzen: \u201eMan kann in jedem Beruf etwas lernen.\u201c Sie wolle Mut machen. Wenn sie dann erz\u00e4hlt, dass sich ihre Realschul-M\u00e4dchenklasse bis heute regelm\u00e4\u00dfig trifft, schwingt genau das mit: Zusammenhalt und Gemeinschaft.<\/p>\n<p class=\"fliess\">Zum Abschluss des Gespr\u00e4chs \u2013 das nun mal in einer katholischen Bildungseinrichtung stattfand \u2013 durfte auch die Frage nach Glaube und Religion nicht fehlen. Glaube ist f\u00fcr Ilse Aigner keine Sonntagsangelegenheit, sondern ein Fundament. Das Werteger\u00fcst der katholischen Kirche sch\u00e4tzt sie. Sie pl\u00e4diert daf\u00fcr, die Gemeinschaft nicht am Fehlverhalten Einzelner zu messen. Ihr Wunsch: mehr Demokratie \u00fcber Pfarrgemeinder\u00e4te, mehr Offenheit, mehr Hinausgehen. Kirche d\u00fcrfe nicht warten, dass Menschen zu ihr kommen. Ihr Glaube habe sie auch durch schwere Zeiten getragen. Es sei ein stiller Dialog gewesen, der ihr geholfen habe. Und vielleicht auch das eine oder andere Sto\u00dfgebet. Solche Erfahrungen h\u00e4tten ihr den Blick f\u00fcr das Wesentliche gesch\u00e4rft: \u201eMan muss sich nicht \u00fcber Dinge aufregen, die es nicht wert sind.\u201c<\/p>\n<p class=\"fliess\">Der Mittag im Schloss ging bei Fingerfood, Getr\u00e4nken und lockeren Gespr\u00e4chen in entspannter Atmosph\u00e4re zu Ende.<\/p>","protected":false},"excerpt":{"rendered":"<p>Unsere Veranstaltungsreihe\u00a0Mittags im Schloss\u00a0ist bekannt f\u00fcr die besondere Stimmung und lebt von der ungezwungenen, vertraulichen Gespr\u00e4chsatmosph\u00e4re, die in dem kleinen Kreis von G\u00e4sten im Schlossrondell entsteht. Am 30. April 2024 war Ilse Aigner, Pr\u00e4sidentin des Bayerischen Landtags, zu Gast bei Dr. Achim Budde im Schloss Suresnes. Bei dem Gespr\u00e4ch ging es weniger um die politische&hellip;<\/p>","protected":false},"author":5,"featured_media":104572,"menu_order":464,"template":"","meta":{"_relevanssi_hide_post":"","_relevanssi_hide_content":"","_relevanssi_pin_for_all":"","_relevanssi_pin_keywords":"","_relevanssi_unpin_keywords":"","_relevanssi_related_keywords":"","_relevanssi_related_include_ids":"","_relevanssi_related_exclude_ids":"","_relevanssi_related_no_append":"","_relevanssi_related_not_related":"","_relevanssi_related_posts":"","_relevanssi_noindex_reason":"","footnotes":""},"class_list":["post-107620","media-library","type-media-library","status-publish","has-post-thumbnail","hentry"],"yoast_head":"<!-- This site is optimized with the Yoast SEO plugin v27.4 - https:\/\/yoast.com\/product\/yoast-seo-wordpress\/ -->\n<title>Ilse Aigner zu Gast bei Achim Budde - Katholische Akademie in Bayern<\/title>\n<meta name=\"robots\" content=\"index, follow, max-snippet:-1, max-image-preview:large, max-video-preview:-1\" \/>\n<link rel=\"canonical\" href=\"https:\/\/kath-akademie-bayern.de\/en\/mediathek-eintrag\/ilse-aigner-zu-gast-bei-achim-budde-landtagspraesidentin-in-der-reihe-mittags-im-schloss\/\" \/>\n<meta property=\"og:locale\" content=\"en_GB\" \/>\n<meta property=\"og:type\" content=\"article\" \/>\n<meta property=\"og:title\" content=\"Ilse Aigner zu Gast bei Achim Budde - Katholische Akademie in Bayern\" \/>\n<meta property=\"og:description\" content=\"Unsere Veranstaltungsreihe\u00a0Mittags im Schloss\u00a0ist bekannt f\u00fcr die besondere Stimmung und lebt von der ungezwungenen, vertraulichen Gespr\u00e4chsatmosph\u00e4re, die in dem kleinen Kreis von G\u00e4sten im Schlossrondell entsteht. Am 30. April 2024 war Ilse Aigner, Pr\u00e4sidentin des Bayerischen Landtags, zu Gast bei Dr. Achim Budde im Schloss Suresnes. Bei dem Gespr\u00e4ch ging es weniger um die politische&hellip;\" \/>\n<meta property=\"og:url\" content=\"https:\/\/kath-akademie-bayern.de\/en\/mediathek-eintrag\/ilse-aigner-zu-gast-bei-achim-budde-landtagspraesidentin-in-der-reihe-mittags-im-schloss\/\" \/>\n<meta property=\"og:site_name\" content=\"Katholische Akademie in Bayern\" \/>\n<meta property=\"article:publisher\" content=\"https:\/\/www.facebook.com\/katholische.akademie.bayern\/\" \/>\n<meta property=\"article:modified_time\" content=\"2025-07-03T10:23:26+00:00\" \/>\n<meta property=\"og:image\" content=\"https:\/\/kath-akademie-bayern.de\/wp-content\/uploads\/Schloss-von-Seite.jpg\" \/>\n\t<meta property=\"og:image:width\" content=\"1000\" \/>\n\t<meta property=\"og:image:height\" content=\"563\" \/>\n\t<meta property=\"og:image:type\" content=\"image\/jpeg\" \/>\n<meta name=\"twitter:card\" content=\"summary_large_image\" \/>\n<meta name=\"twitter:label1\" content=\"Estimated reading time\" \/>\n\t<meta name=\"twitter:data1\" content=\"4 minutes\" \/>\n<script type=\"application\/ld+json\" class=\"yoast-schema-graph\">{\"@context\":\"https:\\\/\\\/schema.org\",\"@graph\":[{\"@type\":\"WebPage\",\"@id\":\"https:\\\/\\\/kath-akademie-bayern.de\\\/mediathek-eintrag\\\/ilse-aigner-zu-gast-bei-achim-budde-landtagspraesidentin-in-der-reihe-mittags-im-schloss\\\/\",\"url\":\"https:\\\/\\\/kath-akademie-bayern.de\\\/mediathek-eintrag\\\/ilse-aigner-zu-gast-bei-achim-budde-landtagspraesidentin-in-der-reihe-mittags-im-schloss\\\/\",\"name\":\"Ilse Aigner zu Gast bei Achim Budde - Katholische Akademie in Bayern\",\"isPartOf\":{\"@id\":\"https:\\\/\\\/kath-akademie-bayern.de\\\/#website\"},\"primaryImageOfPage\":{\"@id\":\"https:\\\/\\\/kath-akademie-bayern.de\\\/mediathek-eintrag\\\/ilse-aigner-zu-gast-bei-achim-budde-landtagspraesidentin-in-der-reihe-mittags-im-schloss\\\/#primaryimage\"},\"image\":{\"@id\":\"https:\\\/\\\/kath-akademie-bayern.de\\\/mediathek-eintrag\\\/ilse-aigner-zu-gast-bei-achim-budde-landtagspraesidentin-in-der-reihe-mittags-im-schloss\\\/#primaryimage\"},\"thumbnailUrl\":\"https:\\\/\\\/kath-akademie-bayern.de\\\/wp-content\\\/uploads\\\/Schloss-von-Seite.jpg\",\"datePublished\":\"2025-07-03T10:23:23+00:00\",\"dateModified\":\"2025-07-03T10:23:26+00:00\",\"breadcrumb\":{\"@id\":\"https:\\\/\\\/kath-akademie-bayern.de\\\/mediathek-eintrag\\\/ilse-aigner-zu-gast-bei-achim-budde-landtagspraesidentin-in-der-reihe-mittags-im-schloss\\\/#breadcrumb\"},\"inLanguage\":\"en-GB\",\"potentialAction\":[{\"@type\":\"ReadAction\",\"target\":[\"https:\\\/\\\/kath-akademie-bayern.de\\\/mediathek-eintrag\\\/ilse-aigner-zu-gast-bei-achim-budde-landtagspraesidentin-in-der-reihe-mittags-im-schloss\\\/\"]}]},{\"@type\":\"ImageObject\",\"inLanguage\":\"en-GB\",\"@id\":\"https:\\\/\\\/kath-akademie-bayern.de\\\/mediathek-eintrag\\\/ilse-aigner-zu-gast-bei-achim-budde-landtagspraesidentin-in-der-reihe-mittags-im-schloss\\\/#primaryimage\",\"url\":\"https:\\\/\\\/kath-akademie-bayern.de\\\/wp-content\\\/uploads\\\/Schloss-von-Seite.jpg\",\"contentUrl\":\"https:\\\/\\\/kath-akademie-bayern.de\\\/wp-content\\\/uploads\\\/Schloss-von-Seite.jpg\",\"width\":1000,\"height\":563},{\"@type\":\"BreadcrumbList\",\"@id\":\"https:\\\/\\\/kath-akademie-bayern.de\\\/mediathek-eintrag\\\/ilse-aigner-zu-gast-bei-achim-budde-landtagspraesidentin-in-der-reihe-mittags-im-schloss\\\/#breadcrumb\",\"itemListElement\":[{\"@type\":\"ListItem\",\"position\":1,\"name\":\"Startseite\",\"item\":\"https:\\\/\\\/kath-akademie-bayern.de\\\/\"},{\"@type\":\"ListItem\",\"position\":2,\"name\":\"Ilse Aigner zu Gast bei Achim Budde\"}]},{\"@type\":\"WebSite\",\"@id\":\"https:\\\/\\\/kath-akademie-bayern.de\\\/#website\",\"url\":\"https:\\\/\\\/kath-akademie-bayern.de\\\/\",\"name\":\"Katholische Akademie in Bayern\",\"description\":\"Kirche braucht Debatte: \u201ekatholisch\u201c mit Blick auf das Ganze \u2013 und \u201eakademisch\u201c im Vertrauen auf die Kraft der Argumente\",\"publisher\":{\"@id\":\"https:\\\/\\\/kath-akademie-bayern.de\\\/#organization\"},\"potentialAction\":[{\"@type\":\"SearchAction\",\"target\":{\"@type\":\"EntryPoint\",\"urlTemplate\":\"https:\\\/\\\/kath-akademie-bayern.de\\\/?s={search_term_string}\"},\"query-input\":{\"@type\":\"PropertyValueSpecification\",\"valueRequired\":true,\"valueName\":\"search_term_string\"}}],\"inLanguage\":\"en-GB\"},{\"@type\":\"Organization\",\"@id\":\"https:\\\/\\\/kath-akademie-bayern.de\\\/#organization\",\"name\":\"Katholische Akademie in Bayern\",\"url\":\"https:\\\/\\\/kath-akademie-bayern.de\\\/\",\"logo\":{\"@type\":\"ImageObject\",\"inLanguage\":\"en-GB\",\"@id\":\"https:\\\/\\\/kath-akademie-bayern.de\\\/#\\\/schema\\\/logo\\\/image\\\/\",\"url\":\"https:\\\/\\\/kath-akademie-bayern.de\\\/wp-content\\\/uploads\\\/Menue-Logo-Home@2x.png\",\"contentUrl\":\"https:\\\/\\\/kath-akademie-bayern.de\\\/wp-content\\\/uploads\\\/Menue-Logo-Home@2x.png\",\"width\":496,\"height\":216,\"caption\":\"Katholische Akademie in Bayern\"},\"image\":{\"@id\":\"https:\\\/\\\/kath-akademie-bayern.de\\\/#\\\/schema\\\/logo\\\/image\\\/\"},\"sameAs\":[\"https:\\\/\\\/www.facebook.com\\\/katholische.akademie.bayern\\\/\"]}]}<\/script>\n<!-- \/ Yoast SEO plugin. -->","yoast_head_json":{"title":"Ilse Aigner zu Gast bei Achim Budde - Katholische Akademie in Bayern","robots":{"index":"index","follow":"follow","max-snippet":"max-snippet:-1","max-image-preview":"max-image-preview:large","max-video-preview":"max-video-preview:-1"},"canonical":"https:\/\/kath-akademie-bayern.de\/en\/mediathek-eintrag\/ilse-aigner-zu-gast-bei-achim-budde-landtagspraesidentin-in-der-reihe-mittags-im-schloss\/","og_locale":"en_GB","og_type":"article","og_title":"Ilse Aigner zu Gast bei Achim Budde - Katholische Akademie in Bayern","og_description":"Unsere Veranstaltungsreihe\u00a0Mittags im Schloss\u00a0ist bekannt f\u00fcr die besondere Stimmung und lebt von der ungezwungenen, vertraulichen Gespr\u00e4chsatmosph\u00e4re, die in dem kleinen Kreis von G\u00e4sten im Schlossrondell entsteht. Am 30. April 2024 war Ilse Aigner, Pr\u00e4sidentin des Bayerischen Landtags, zu Gast bei Dr. Achim Budde im Schloss Suresnes. Bei dem Gespr\u00e4ch ging es weniger um die politische&hellip;","og_url":"https:\/\/kath-akademie-bayern.de\/en\/mediathek-eintrag\/ilse-aigner-zu-gast-bei-achim-budde-landtagspraesidentin-in-der-reihe-mittags-im-schloss\/","og_site_name":"Katholische Akademie in Bayern","article_publisher":"https:\/\/www.facebook.com\/katholische.akademie.bayern\/","article_modified_time":"2025-07-03T10:23:26+00:00","og_image":[{"width":1000,"height":563,"url":"https:\/\/kath-akademie-bayern.de\/wp-content\/uploads\/Schloss-von-Seite.jpg","type":"image\/jpeg"}],"twitter_card":"summary_large_image","twitter_misc":{"Estimated reading time":"4 minutes"},"schema":{"@context":"https:\/\/schema.org","@graph":[{"@type":"WebPage","@id":"https:\/\/kath-akademie-bayern.de\/mediathek-eintrag\/ilse-aigner-zu-gast-bei-achim-budde-landtagspraesidentin-in-der-reihe-mittags-im-schloss\/","url":"https:\/\/kath-akademie-bayern.de\/mediathek-eintrag\/ilse-aigner-zu-gast-bei-achim-budde-landtagspraesidentin-in-der-reihe-mittags-im-schloss\/","name":"Ilse Aigner zu Gast bei Achim Budde - Katholische Akademie in Bayern","isPartOf":{"@id":"https:\/\/kath-akademie-bayern.de\/#website"},"primaryImageOfPage":{"@id":"https:\/\/kath-akademie-bayern.de\/mediathek-eintrag\/ilse-aigner-zu-gast-bei-achim-budde-landtagspraesidentin-in-der-reihe-mittags-im-schloss\/#primaryimage"},"image":{"@id":"https:\/\/kath-akademie-bayern.de\/mediathek-eintrag\/ilse-aigner-zu-gast-bei-achim-budde-landtagspraesidentin-in-der-reihe-mittags-im-schloss\/#primaryimage"},"thumbnailUrl":"https:\/\/kath-akademie-bayern.de\/wp-content\/uploads\/Schloss-von-Seite.jpg","datePublished":"2025-07-03T10:23:23+00:00","dateModified":"2025-07-03T10:23:26+00:00","breadcrumb":{"@id":"https:\/\/kath-akademie-bayern.de\/mediathek-eintrag\/ilse-aigner-zu-gast-bei-achim-budde-landtagspraesidentin-in-der-reihe-mittags-im-schloss\/#breadcrumb"},"inLanguage":"en-GB","potentialAction":[{"@type":"ReadAction","target":["https:\/\/kath-akademie-bayern.de\/mediathek-eintrag\/ilse-aigner-zu-gast-bei-achim-budde-landtagspraesidentin-in-der-reihe-mittags-im-schloss\/"]}]},{"@type":"ImageObject","inLanguage":"en-GB","@id":"https:\/\/kath-akademie-bayern.de\/mediathek-eintrag\/ilse-aigner-zu-gast-bei-achim-budde-landtagspraesidentin-in-der-reihe-mittags-im-schloss\/#primaryimage","url":"https:\/\/kath-akademie-bayern.de\/wp-content\/uploads\/Schloss-von-Seite.jpg","contentUrl":"https:\/\/kath-akademie-bayern.de\/wp-content\/uploads\/Schloss-von-Seite.jpg","width":1000,"height":563},{"@type":"BreadcrumbList","@id":"https:\/\/kath-akademie-bayern.de\/mediathek-eintrag\/ilse-aigner-zu-gast-bei-achim-budde-landtagspraesidentin-in-der-reihe-mittags-im-schloss\/#breadcrumb","itemListElement":[{"@type":"ListItem","position":1,"name":"Startseite","item":"https:\/\/kath-akademie-bayern.de\/"},{"@type":"ListItem","position":2,"name":"Ilse Aigner zu Gast bei Achim Budde"}]},{"@type":"WebSite","@id":"https:\/\/kath-akademie-bayern.de\/#website","url":"https:\/\/kath-akademie-bayern.de\/","name":"Catholic Academy in Bavaria","description":"Church needs debate: \"catholic\" looking at the whole - and \"academic\" trusting in the power of arguments","publisher":{"@id":"https:\/\/kath-akademie-bayern.de\/#organization"},"potentialAction":[{"@type":"SearchAction","target":{"@type":"EntryPoint","urlTemplate":"https:\/\/kath-akademie-bayern.de\/?s={search_term_string}"},"query-input":{"@type":"PropertyValueSpecification","valueRequired":true,"valueName":"search_term_string"}}],"inLanguage":"en-GB"},{"@type":"Organization","@id":"https:\/\/kath-akademie-bayern.de\/#organization","name":"Catholic Academy in Bavaria","url":"https:\/\/kath-akademie-bayern.de\/","logo":{"@type":"ImageObject","inLanguage":"en-GB","@id":"https:\/\/kath-akademie-bayern.de\/#\/schema\/logo\/image\/","url":"https:\/\/kath-akademie-bayern.de\/wp-content\/uploads\/Menue-Logo-Home@2x.png","contentUrl":"https:\/\/kath-akademie-bayern.de\/wp-content\/uploads\/Menue-Logo-Home@2x.png","width":496,"height":216,"caption":"Katholische Akademie in Bayern"},"image":{"@id":"https:\/\/kath-akademie-bayern.de\/#\/schema\/logo\/image\/"},"sameAs":["https:\/\/www.facebook.com\/katholische.akademie.bayern\/"]}]}},"_links":{"self":[{"href":"https:\/\/kath-akademie-bayern.de\/en\/wp-json\/wp\/v2\/media-library\/107620","targetHints":{"allow":["GET"]}}],"collection":[{"href":"https:\/\/kath-akademie-bayern.de\/en\/wp-json\/wp\/v2\/media-library"}],"about":[{"href":"https:\/\/kath-akademie-bayern.de\/en\/wp-json\/wp\/v2\/types\/media-library"}],"author":[{"embeddable":true,"href":"https:\/\/kath-akademie-bayern.de\/en\/wp-json\/wp\/v2\/users\/5"}],"version-history":[{"count":1,"href":"https:\/\/kath-akademie-bayern.de\/en\/wp-json\/wp\/v2\/media-library\/107620\/revisions"}],"predecessor-version":[{"id":107621,"href":"https:\/\/kath-akademie-bayern.de\/en\/wp-json\/wp\/v2\/media-library\/107620\/revisions\/107621"}],"wp:featuredmedia":[{"embeddable":true,"href":"https:\/\/kath-akademie-bayern.de\/en\/wp-json\/wp\/v2\/media\/104572"}],"wp:attachment":[{"href":"https:\/\/kath-akademie-bayern.de\/en\/wp-json\/wp\/v2\/media?parent=107620"}],"curies":[{"name":"wp","href":"https:\/\/api.w.org\/{rel}","templated":true}]}}