{"id":107623,"date":"2025-07-03T12:33:18","date_gmt":"2025-07-03T10:33:18","guid":{"rendered":"https:\/\/kath-akademie-bayern.de\/?post_type=media-library&#038;p=107623"},"modified":"2025-07-03T14:40:43","modified_gmt":"2025-07-03T12:40:43","slug":"abends-im-schloss-u20-format-fuer-schuelerinnen-und-schueler","status":"publish","type":"media-library","link":"https:\/\/kath-akademie-bayern.de\/en\/mediathek-eintrag\/abends-im-schloss-u20-format-fuer-schuelerinnen-und-schueler\/","title":{"rendered":"Abends im Schloss U20"},"content":{"rendered":"<p class=\"fliess-ERSTER\"><span class=\"Initiale CharOverride-44\">N<\/span>ach einem erfolgreichen Auftakt am 22. Oktober 2024 mit Frau Prof. Anke Doberauer und einigen ihrer Studierenden wurde das Format\u00a0<span class=\"CharOverride-7\">Abends im Schloss U20\u00a0<\/span>am 8. April 2025 weitergef\u00fchrt. Der \u201eLeistungskurs Geographie\u201c des Maximiliansgymnasiums M\u00fcnchen und die \u201eUmweltscouts\u201c des Edith-Stein-Gymnasiums, insgesamt ca. 25 Sch\u00fcler:innen (in Begleitung mehrerer Lehrkr\u00e4fte), lauschten im Rondell von Schloss Suresnes den Ausf\u00fchrungen von Thomas K\u00f6ster, dem Chef des Englischen Gartens.<\/p>\n<p class=\"fliess\">Thomas K\u00f6ster, der von Kunst und Biologie zur Landschaftsarchitektur kam und nun seit mehreren Jahrzehnten f\u00fcr den Englischen Garten mit 60 Mitarbeiter:innen verantwortlich ist, zeigte in einem Vortrag die unterschiedlichsten Facetten des Englischen Gartens auf: Schon die historische Entstehungsgeschichte der Anlage spannte einen weiten Bogen und zeigte die verschiedenen Gestaltungsprozesse. Diverse Bearbeitungsger\u00e4te und deren technische Weiterentwicklung durch die Jahrzehnte vermittelten ebenso interessante Einblicke in die t\u00e4gliche Arbeit der G\u00e4rtner:innen wie die Ma\u00dfnahmen zur Erhaltung der Flora und Fauna.<\/p>\n<p class=\"fliess\">Die Instandhaltung des Monopteros, der Umgang mit 5 Millionen Besucher:innen im Jahr, die t\u00e4gliche Beseitigung von Tonnen von M\u00fcll \u2013 die Verpackungen und Becher von Fastfood-Restaurants und Kaffeeketten haben den Berg rasant ansteigen lassen \u2013, die Eisbachwelle und die gef\u00e4hrlichen Str\u00f6mungen der Flussarme f\u00fcr Nichtschwimmer:innen, Zigaretten- und Cannabiskonsum, die Unterschiedlichkeit des S\u00fcd- und Nordteils, der Kleinhesseloher See, der Chinesische Turm, die vielf\u00e4ltigen gastronomischen Angebote und deren gro\u00dfer finanzieller Beitrag zur Erhaltung des Englischen Gartens: Thomas K\u00f6ster erz\u00e4hlte mit viel Begeisterung und auch ein wenig aus dem N\u00e4hk\u00e4stchen.<\/p>\n<p class=\"fliess\">Schlie\u00dflich kam auch das leibliche Wohl nicht zu kurz: Bei einem anschlie\u00dfenden Imbiss kamen viele Sch\u00fcler:innen mit dem Chef des Englischen Gartens in ein pers\u00f6nliches Gespr\u00e4ch, holten sich weitere Informationen und lie\u00dfen den Abend ausklingen.<\/p>\n<p class=\"fliess\">Zum Konzept der Veranstaltung: gerade bei j\u00fcngeren Menschen ist vielleicht nicht ganz so bekannt, wie vielf\u00e4ltig und attraktiv das Angebot der Erwachsenenbildung ist. Deshalb haben das\u00a0<span class=\"CharOverride-7\">Ressort 5 \u2013 Bildung<\/span>\u00a0der Erzdi\u00f6zese M\u00fcnchen und Freising und die Katholische Akademie in Bayern in einer Kooperation eine exklusive Veranstaltungsreihe f\u00fcr Oberstufensch\u00fcler:innen der M\u00fcnchner Erzbisch\u00f6flichen Gymnasien gestartet, um sie in die Thematik einzuf\u00fchren und damit vertraut zu machen.<\/p>\n<p class=\"fliess\">Unter dem Titel\u00a0<span class=\"CharOverride-7\">Abends im Schloss U20<\/span>\u00a0werden Sch\u00fcler:innen der Oberstufe in das Schloss Suresnes eingeladen, das in Schwabing neben der Katholischen Akademie in Bayern liegt und von ihr bespielt wird. Jeweils zwischen ca. 18:00 Uhr und 20:30 Uhr soll es beispielsweise Gespr\u00e4che mit interessanten Pers\u00f6nlichkeiten, Spazierg\u00e4nge durch Schwabing oder Filmabende mit Regisseur:innen geben.<\/p>","protected":false},"excerpt":{"rendered":"<p>Nach einem erfolgreichen Auftakt am 22. Oktober 2024 mit Frau Prof. Anke Doberauer und einigen ihrer Studierenden wurde das Format\u00a0Abends im Schloss U20\u00a0am 8. April 2025 weitergef\u00fchrt. Der \u201eLeistungskurs Geographie\u201c des Maximiliansgymnasiums M\u00fcnchen und die \u201eUmweltscouts\u201c des Edith-Stein-Gymnasiums, insgesamt ca. 25 Sch\u00fcler:innen (in Begleitung mehrerer Lehrkr\u00e4fte), lauschten im Rondell von Schloss Suresnes den Ausf\u00fchrungen von&hellip;<\/p>","protected":false},"author":5,"featured_media":107503,"menu_order":466,"template":"","meta":{"_relevanssi_hide_post":"","_relevanssi_hide_content":"","_relevanssi_pin_for_all":"","_relevanssi_pin_keywords":"","_relevanssi_unpin_keywords":"","_relevanssi_related_keywords":"","_relevanssi_related_include_ids":"","_relevanssi_related_exclude_ids":"","_relevanssi_related_no_append":"","_relevanssi_related_not_related":"","_relevanssi_related_posts":"","_relevanssi_noindex_reason":"","footnotes":""},"class_list":["post-107623","media-library","type-media-library","status-publish","has-post-thumbnail","hentry"],"yoast_head":"<!-- This site is optimized with the Yoast SEO plugin v27.4 - https:\/\/yoast.com\/product\/yoast-seo-wordpress\/ -->\n<title>Abends im Schloss U20 - Katholische Akademie in Bayern<\/title>\n<meta name=\"robots\" content=\"noindex, follow\" \/>\n<meta property=\"og:locale\" content=\"en_GB\" \/>\n<meta property=\"og:type\" content=\"article\" \/>\n<meta property=\"og:title\" content=\"Abends im Schloss U20 - Katholische Akademie in Bayern\" \/>\n<meta property=\"og:description\" content=\"Nach einem erfolgreichen Auftakt am 22. Oktober 2024 mit Frau Prof. Anke Doberauer und einigen ihrer Studierenden wurde das Format\u00a0Abends im Schloss U20\u00a0am 8. April 2025 weitergef\u00fchrt. Der \u201eLeistungskurs Geographie\u201c des Maximiliansgymnasiums M\u00fcnchen und die \u201eUmweltscouts\u201c des Edith-Stein-Gymnasiums, insgesamt ca. 25 Sch\u00fcler:innen (in Begleitung mehrerer Lehrkr\u00e4fte), lauschten im Rondell von Schloss Suresnes den Ausf\u00fchrungen von&hellip;\" \/>\n<meta property=\"og:url\" content=\"https:\/\/kath-akademie-bayern.de\/en\/mediathek-eintrag\/abends-im-schloss-u20-format-fuer-schuelerinnen-und-schueler\/\" \/>\n<meta property=\"og:site_name\" content=\"Katholische Akademie in Bayern\" \/>\n<meta property=\"article:publisher\" content=\"https:\/\/www.facebook.com\/katholische.akademie.bayern\/\" \/>\n<meta property=\"article:modified_time\" content=\"2025-07-03T12:40:43+00:00\" \/>\n<meta property=\"og:image\" content=\"https:\/\/kath-akademie-bayern.de\/wp-content\/uploads\/Abends_im_Schloss_Monopteros_2560x1440_c_ARufus46_Wikmedia_Commons.jpg\" \/>\n\t<meta property=\"og:image:width\" content=\"2560\" \/>\n\t<meta property=\"og:image:height\" content=\"1440\" \/>\n\t<meta property=\"og:image:type\" content=\"image\/jpeg\" \/>\n<meta name=\"twitter:card\" content=\"summary_large_image\" \/>\n<meta name=\"twitter:label1\" content=\"Estimated reading time\" \/>\n\t<meta name=\"twitter:data1\" content=\"3 minutes\" \/>\n<script type=\"application\/ld+json\" class=\"yoast-schema-graph\">{\"@context\":\"https:\\\/\\\/schema.org\",\"@graph\":[{\"@type\":\"WebPage\",\"@id\":\"https:\\\/\\\/kath-akademie-bayern.de\\\/mediathek-eintrag\\\/abends-im-schloss-u20-format-fuer-schuelerinnen-und-schueler\\\/\",\"url\":\"https:\\\/\\\/kath-akademie-bayern.de\\\/mediathek-eintrag\\\/abends-im-schloss-u20-format-fuer-schuelerinnen-und-schueler\\\/\",\"name\":\"Abends im Schloss U20 - Katholische Akademie in Bayern\",\"isPartOf\":{\"@id\":\"https:\\\/\\\/kath-akademie-bayern.de\\\/#website\"},\"primaryImageOfPage\":{\"@id\":\"https:\\\/\\\/kath-akademie-bayern.de\\\/mediathek-eintrag\\\/abends-im-schloss-u20-format-fuer-schuelerinnen-und-schueler\\\/#primaryimage\"},\"image\":{\"@id\":\"https:\\\/\\\/kath-akademie-bayern.de\\\/mediathek-eintrag\\\/abends-im-schloss-u20-format-fuer-schuelerinnen-und-schueler\\\/#primaryimage\"},\"thumbnailUrl\":\"https:\\\/\\\/kath-akademie-bayern.de\\\/wp-content\\\/uploads\\\/Abends_im_Schloss_Monopteros_2560x1440_c_ARufus46_Wikmedia_Commons.jpg\",\"datePublished\":\"2025-07-03T10:33:18+00:00\",\"dateModified\":\"2025-07-03T12:40:43+00:00\",\"breadcrumb\":{\"@id\":\"https:\\\/\\\/kath-akademie-bayern.de\\\/mediathek-eintrag\\\/abends-im-schloss-u20-format-fuer-schuelerinnen-und-schueler\\\/#breadcrumb\"},\"inLanguage\":\"en-GB\",\"potentialAction\":[{\"@type\":\"ReadAction\",\"target\":[\"https:\\\/\\\/kath-akademie-bayern.de\\\/mediathek-eintrag\\\/abends-im-schloss-u20-format-fuer-schuelerinnen-und-schueler\\\/\"]}]},{\"@type\":\"ImageObject\",\"inLanguage\":\"en-GB\",\"@id\":\"https:\\\/\\\/kath-akademie-bayern.de\\\/mediathek-eintrag\\\/abends-im-schloss-u20-format-fuer-schuelerinnen-und-schueler\\\/#primaryimage\",\"url\":\"https:\\\/\\\/kath-akademie-bayern.de\\\/wp-content\\\/uploads\\\/Abends_im_Schloss_Monopteros_2560x1440_c_ARufus46_Wikmedia_Commons.jpg\",\"contentUrl\":\"https:\\\/\\\/kath-akademie-bayern.de\\\/wp-content\\\/uploads\\\/Abends_im_Schloss_Monopteros_2560x1440_c_ARufus46_Wikmedia_Commons.jpg\",\"width\":2560,\"height\":1440},{\"@type\":\"BreadcrumbList\",\"@id\":\"https:\\\/\\\/kath-akademie-bayern.de\\\/mediathek-eintrag\\\/abends-im-schloss-u20-format-fuer-schuelerinnen-und-schueler\\\/#breadcrumb\",\"itemListElement\":[{\"@type\":\"ListItem\",\"position\":1,\"name\":\"Startseite\",\"item\":\"https:\\\/\\\/kath-akademie-bayern.de\\\/\"},{\"@type\":\"ListItem\",\"position\":2,\"name\":\"Abends im Schloss U20\"}]},{\"@type\":\"WebSite\",\"@id\":\"https:\\\/\\\/kath-akademie-bayern.de\\\/#website\",\"url\":\"https:\\\/\\\/kath-akademie-bayern.de\\\/\",\"name\":\"Katholische Akademie in Bayern\",\"description\":\"Kirche braucht Debatte: \u201ekatholisch\u201c mit Blick auf das Ganze \u2013 und \u201eakademisch\u201c im Vertrauen auf die Kraft der Argumente\",\"publisher\":{\"@id\":\"https:\\\/\\\/kath-akademie-bayern.de\\\/#organization\"},\"potentialAction\":[{\"@type\":\"SearchAction\",\"target\":{\"@type\":\"EntryPoint\",\"urlTemplate\":\"https:\\\/\\\/kath-akademie-bayern.de\\\/?s={search_term_string}\"},\"query-input\":{\"@type\":\"PropertyValueSpecification\",\"valueRequired\":true,\"valueName\":\"search_term_string\"}}],\"inLanguage\":\"en-GB\"},{\"@type\":\"Organization\",\"@id\":\"https:\\\/\\\/kath-akademie-bayern.de\\\/#organization\",\"name\":\"Katholische Akademie in Bayern\",\"url\":\"https:\\\/\\\/kath-akademie-bayern.de\\\/\",\"logo\":{\"@type\":\"ImageObject\",\"inLanguage\":\"en-GB\",\"@id\":\"https:\\\/\\\/kath-akademie-bayern.de\\\/#\\\/schema\\\/logo\\\/image\\\/\",\"url\":\"https:\\\/\\\/kath-akademie-bayern.de\\\/wp-content\\\/uploads\\\/Menue-Logo-Home@2x.png\",\"contentUrl\":\"https:\\\/\\\/kath-akademie-bayern.de\\\/wp-content\\\/uploads\\\/Menue-Logo-Home@2x.png\",\"width\":496,\"height\":216,\"caption\":\"Katholische Akademie in Bayern\"},\"image\":{\"@id\":\"https:\\\/\\\/kath-akademie-bayern.de\\\/#\\\/schema\\\/logo\\\/image\\\/\"},\"sameAs\":[\"https:\\\/\\\/www.facebook.com\\\/katholische.akademie.bayern\\\/\"]}]}<\/script>\n<!-- \/ Yoast SEO plugin. -->","yoast_head_json":{"title":"Abends im Schloss U20 - Katholische Akademie in Bayern","robots":{"index":"noindex","follow":"follow"},"og_locale":"en_GB","og_type":"article","og_title":"Abends im Schloss U20 - Katholische Akademie in Bayern","og_description":"Nach einem erfolgreichen Auftakt am 22. Oktober 2024 mit Frau Prof. Anke Doberauer und einigen ihrer Studierenden wurde das Format\u00a0Abends im Schloss U20\u00a0am 8. April 2025 weitergef\u00fchrt. Der \u201eLeistungskurs Geographie\u201c des Maximiliansgymnasiums M\u00fcnchen und die \u201eUmweltscouts\u201c des Edith-Stein-Gymnasiums, insgesamt ca. 25 Sch\u00fcler:innen (in Begleitung mehrerer Lehrkr\u00e4fte), lauschten im Rondell von Schloss Suresnes den Ausf\u00fchrungen von&hellip;","og_url":"https:\/\/kath-akademie-bayern.de\/en\/mediathek-eintrag\/abends-im-schloss-u20-format-fuer-schuelerinnen-und-schueler\/","og_site_name":"Katholische Akademie in Bayern","article_publisher":"https:\/\/www.facebook.com\/katholische.akademie.bayern\/","article_modified_time":"2025-07-03T12:40:43+00:00","og_image":[{"width":2560,"height":1440,"url":"https:\/\/kath-akademie-bayern.de\/wp-content\/uploads\/Abends_im_Schloss_Monopteros_2560x1440_c_ARufus46_Wikmedia_Commons.jpg","type":"image\/jpeg"}],"twitter_card":"summary_large_image","twitter_misc":{"Estimated reading time":"3 minutes"},"schema":{"@context":"https:\/\/schema.org","@graph":[{"@type":"WebPage","@id":"https:\/\/kath-akademie-bayern.de\/mediathek-eintrag\/abends-im-schloss-u20-format-fuer-schuelerinnen-und-schueler\/","url":"https:\/\/kath-akademie-bayern.de\/mediathek-eintrag\/abends-im-schloss-u20-format-fuer-schuelerinnen-und-schueler\/","name":"Abends im Schloss U20 - Katholische Akademie in Bayern","isPartOf":{"@id":"https:\/\/kath-akademie-bayern.de\/#website"},"primaryImageOfPage":{"@id":"https:\/\/kath-akademie-bayern.de\/mediathek-eintrag\/abends-im-schloss-u20-format-fuer-schuelerinnen-und-schueler\/#primaryimage"},"image":{"@id":"https:\/\/kath-akademie-bayern.de\/mediathek-eintrag\/abends-im-schloss-u20-format-fuer-schuelerinnen-und-schueler\/#primaryimage"},"thumbnailUrl":"https:\/\/kath-akademie-bayern.de\/wp-content\/uploads\/Abends_im_Schloss_Monopteros_2560x1440_c_ARufus46_Wikmedia_Commons.jpg","datePublished":"2025-07-03T10:33:18+00:00","dateModified":"2025-07-03T12:40:43+00:00","breadcrumb":{"@id":"https:\/\/kath-akademie-bayern.de\/mediathek-eintrag\/abends-im-schloss-u20-format-fuer-schuelerinnen-und-schueler\/#breadcrumb"},"inLanguage":"en-GB","potentialAction":[{"@type":"ReadAction","target":["https:\/\/kath-akademie-bayern.de\/mediathek-eintrag\/abends-im-schloss-u20-format-fuer-schuelerinnen-und-schueler\/"]}]},{"@type":"ImageObject","inLanguage":"en-GB","@id":"https:\/\/kath-akademie-bayern.de\/mediathek-eintrag\/abends-im-schloss-u20-format-fuer-schuelerinnen-und-schueler\/#primaryimage","url":"https:\/\/kath-akademie-bayern.de\/wp-content\/uploads\/Abends_im_Schloss_Monopteros_2560x1440_c_ARufus46_Wikmedia_Commons.jpg","contentUrl":"https:\/\/kath-akademie-bayern.de\/wp-content\/uploads\/Abends_im_Schloss_Monopteros_2560x1440_c_ARufus46_Wikmedia_Commons.jpg","width":2560,"height":1440},{"@type":"BreadcrumbList","@id":"https:\/\/kath-akademie-bayern.de\/mediathek-eintrag\/abends-im-schloss-u20-format-fuer-schuelerinnen-und-schueler\/#breadcrumb","itemListElement":[{"@type":"ListItem","position":1,"name":"Startseite","item":"https:\/\/kath-akademie-bayern.de\/"},{"@type":"ListItem","position":2,"name":"Abends im Schloss U20"}]},{"@type":"WebSite","@id":"https:\/\/kath-akademie-bayern.de\/#website","url":"https:\/\/kath-akademie-bayern.de\/","name":"Catholic Academy in Bavaria","description":"Church needs debate: \"catholic\" looking at the whole - and \"academic\" trusting in the power of arguments","publisher":{"@id":"https:\/\/kath-akademie-bayern.de\/#organization"},"potentialAction":[{"@type":"SearchAction","target":{"@type":"EntryPoint","urlTemplate":"https:\/\/kath-akademie-bayern.de\/?s={search_term_string}"},"query-input":{"@type":"PropertyValueSpecification","valueRequired":true,"valueName":"search_term_string"}}],"inLanguage":"en-GB"},{"@type":"Organization","@id":"https:\/\/kath-akademie-bayern.de\/#organization","name":"Catholic Academy in Bavaria","url":"https:\/\/kath-akademie-bayern.de\/","logo":{"@type":"ImageObject","inLanguage":"en-GB","@id":"https:\/\/kath-akademie-bayern.de\/#\/schema\/logo\/image\/","url":"https:\/\/kath-akademie-bayern.de\/wp-content\/uploads\/Menue-Logo-Home@2x.png","contentUrl":"https:\/\/kath-akademie-bayern.de\/wp-content\/uploads\/Menue-Logo-Home@2x.png","width":496,"height":216,"caption":"Katholische Akademie in Bayern"},"image":{"@id":"https:\/\/kath-akademie-bayern.de\/#\/schema\/logo\/image\/"},"sameAs":["https:\/\/www.facebook.com\/katholische.akademie.bayern\/"]}]}},"_links":{"self":[{"href":"https:\/\/kath-akademie-bayern.de\/en\/wp-json\/wp\/v2\/media-library\/107623","targetHints":{"allow":["GET"]}}],"collection":[{"href":"https:\/\/kath-akademie-bayern.de\/en\/wp-json\/wp\/v2\/media-library"}],"about":[{"href":"https:\/\/kath-akademie-bayern.de\/en\/wp-json\/wp\/v2\/types\/media-library"}],"author":[{"embeddable":true,"href":"https:\/\/kath-akademie-bayern.de\/en\/wp-json\/wp\/v2\/users\/5"}],"version-history":[{"count":1,"href":"https:\/\/kath-akademie-bayern.de\/en\/wp-json\/wp\/v2\/media-library\/107623\/revisions"}],"predecessor-version":[{"id":107624,"href":"https:\/\/kath-akademie-bayern.de\/en\/wp-json\/wp\/v2\/media-library\/107623\/revisions\/107624"}],"wp:featuredmedia":[{"embeddable":true,"href":"https:\/\/kath-akademie-bayern.de\/en\/wp-json\/wp\/v2\/media\/107503"}],"wp:attachment":[{"href":"https:\/\/kath-akademie-bayern.de\/en\/wp-json\/wp\/v2\/media?parent=107623"}],"curies":[{"name":"wp","href":"https:\/\/api.w.org\/{rel}","templated":true}]}}