{"id":109618,"date":"2025-10-07T15:51:54","date_gmt":"2025-10-07T13:51:54","guid":{"rendered":"https:\/\/kath-akademie-bayern.de\/?post_type=media-library&#038;p=109618"},"modified":"2025-10-07T15:51:57","modified_gmt":"2025-10-07T13:51:57","slug":"interdisziplinaer-und-vielfaeltig-jahrestagung-des-european-business-ethics-network-eben","status":"publish","type":"media-library","link":"https:\/\/kath-akademie-bayern.de\/en\/mediathek-eintrag\/interdisziplinaer-und-vielfaeltig-jahrestagung-des-european-business-ethics-network-eben\/","title":{"rendered":"Interdisziplin\u00e4r und vielf\u00e4ltig"},"content":{"rendered":"<p>Vom 29. bis 31. Mai 2025 fand in der Katholischen Akademie in Bayern die Jahrestagung des European Business Ethics Network (EBEN) mit dem Titel Artificial Intelligence, Business Ethics and Corporate Responsibility statt. Die internationale Konferenz widmete sich den dr\u00e4ngenden ethischen Fragen der heutigen Zeit, insbesondere im Kontext von Digitalisierung, K\u00fcnstlicher Intelligenz (KI), Nachhaltigkeit, Corporate Social Responsibility (CSR) und globalen Menschenrechtsfragen. Mit \u00fcber 50 wissenschaftlichen Pr\u00e4sentationen, drei Podiumsdiskussionen sowie vielf\u00e4ltigen parallelen Sitzungen bot die Veranstaltung den 80 Teilnehmerinnen und Teilnehmern aus ganz Europa einen facettenreichen Einblick in aktuelle Diskurse der Wirtschafts- und Unternehmensethik. Veranstalter waren neben EBEN die Katholische Akademie und das Institut f\u00fcr Ethik in der KI der Technischen Universit\u00e4t M\u00fcnchen.<\/p>\n<p>&nbsp;<\/p>\n<h3>KI und Ethik im Fokus<\/h3>\n<p>Bereits die Er\u00f6ffnung der Konferenz stand ganz im Zeichen der K\u00fcnstlichen Intelligenz. Unter dem Titel Business Ethics and Artificial Intelligence dis-<br \/>\nkutierten renommierte Expertinnen und Experten wie Christoph L\u00fctge, Leire San-Jose und Matthias Uhl, moderiert von Jacob Rendtorff, \u00fcber die Herausforderungen und Chancen, die KI f\u00fcr ethisches Handeln in Unternehmen birgt. Dabei standen Fragen im Mittelpunkt, wie KI mit menschlichen<br \/>\nWerten in Einklang gebracht werden kann und inwiefern rechtliche Regelungen dazu beitragen k\u00f6nnen. Besonders betont wurde, dass der Einsatz von KI immer auch einen Wertekompromiss implizieren kann \u2013 etwa zwischen Transparenz und Effizienz \u2013 und dass es entscheidend sei, die Perspektiven der Betroffenen st\u00e4rker einzubeziehen.<\/p>\n<p>Ein zentrales Anliegen der Konferenz war es, die Verantwortungsl\u00fccken aufzuzeigen, die durch automatisierte Entscheidungsprozesse entstehen. In mehreren Beitr\u00e4gen wurden Probleme wie Diskriminierung, mangelnde Erkl\u00e4rbarkeit und Intransparenz von KI-Modellen diskutiert. Der verantwortungsvolle Einsatz von KI \u2013 insbesondere in sensiblen Bereichen wie Personalmanagement \u2013 wurde anhand empirischer Studien und theoretischer Modelle umfassend beleuchtet.<\/p>\n<p>&nbsp;<\/p>\n<h3>Finanzethik und globale Perspektiven<\/h3>\n<p>Ein weiteres Highlight war das von Raphael Max moderierte Panel zur Ethik in der Finanzwirtschaft. Die Diskussion mit Eberhard Schnebel, Leire San-Jose und Christian Hauser thematisierte die Frage, wie sich Betrug und unethisches Verhalten in den Finanzm\u00e4rkten verhindern lassen, ohne dabei deren Effizienz zu gef\u00e4hrden. Die Teilnehmer betonten die Bedeutung integrer Unternehmensf\u00fchrung und betrieblicher Werteorientierung als Gegenmodelle zu kurzfristigem Profitdenken.<\/p>\n<p>&nbsp;<\/p>\n<h3>Interdisziplinarit\u00e4t und Vielfalt<\/h3>\n<p>Die Konferenz war gepr\u00e4gt von einer breiten interdisziplin\u00e4ren und internationalen Ausrichtung. Forschende aus verschiedenen wissenschaftlichen Disziplinen \u2013 darunter Philosophie, Theologie, Wirtschaftswissenschaften, Soziologie und Rechtswissenschaften \u2013 pr\u00e4sentierten ihre Ans\u00e4tze zur Bew\u00e4ltigung ethischer Herausforderungen im Unternehmenskontext. Unter den \u00fcber 50 Pr\u00e4sentationen fanden sich Beitr\u00e4ge zu Themen wie techno-solutionistische L\u00f6sungsans\u00e4tze (Xavier Pavie), die Rolle von Universit\u00e4ten bei sozialer Innovation (R\u00e9ka Horv\u00e1th), und die Vereinbarkeit von Ethik und wirtschaftlicher Effizienz (Dom\u00e8nec Mel\u00e9).<\/p>\n<p>Auch gesellschaftliche Fragestellungen wie Gendergerechtigkeit, soziale Innovationen sowie Nachhaltigkeit in globalen Lieferketten fanden Raum auf der Konferenz. Der zweite und dritte Konferenztag erweiterte jeweils den Fokus um Beitr\u00e4ge zur Rolle von F\u00fchrungskr\u00e4ften in werteorientierten Organisationen und zum ethischen Wandel in der Unternehmenspraxis.<\/p>\n<p>&nbsp;<\/p>\n<h3>Zukunftsperspektiven der Wirtschaftsethik<\/h3>\n<p>Das abschlie\u00dfende Panel, moderiert von Bj\u00f6rn Fasterling und besetzt mit Christoph L\u00fctge, Marianne Thejls Ziegler und Jacob Rendtorff, widmete sich der Zukunft der europ\u00e4ischen Wirtschaftsethik. Besonders kritisch wurde dabei diskutiert, ob ethische Prinzipien durch Gesetzgebung ersetzt werden k\u00f6nnen und inwiefern die Rolle der Wirtschaftsethiker als Aktivist:innen mit demokratischen Idealen vereinbar sind. Diese Debat-<br \/>\nte zeigte die Ambivalenz zwischen ethischer Reflexion und gesetzlicher Regulierung auf und verdeutlichte die Notwendigkeit deliberativer Prozesse in der Entwicklung ethi-scher Standards.<\/p>\n<p>&nbsp;<\/p>\n<h3>Organisatorisches und Ausblick<\/h3>\n<p>Die Generalversammlung des European Business Ethics Network fand ebenfalls im Rahmen der Konferenz statt. Hier wurde Marianne Thejls Ziegler in das EBEN Executive Committee gew\u00e4hlt \u2013 ein Zeichen f\u00fcr die anhaltende Relevanz ihrer Arbeit im Bereich der Unternehmensethik. Von vielen Teilnehmer:innen und Referent:innen wurde die Katholische Akademie in Bayern f\u00fcr die herausragende Organisation der Konferenz und die inspirierende Atmosph\u00e4re der R\u00e4umlichkeiten gelobt. Der Veranstaltungsort trug nach Meinung der Teilnehmer:innen wesentlich zur erfolgreichen Durchf\u00fchrung und zum intellektuellen Austausch bei.<\/p>\n<p>Insgesamt zeigte die EBEN-Konferenz 2025, dass wirtschaftsethische Fragen angesichts globaler und technologischer Ver\u00e4nderungen aktueller denn je sind. Sie machte deutlich, dass ethische Reflexion kein Luxus, sondern eine Notwendigkeit f\u00fcr nachhaltiges Wirtschaften ist \u2013 sowohl in Europa als auch weltweit.<\/p>","protected":false},"excerpt":{"rendered":"<p>Vom 29. bis 31. Mai 2025 fand in der Katholischen Akademie in Bayern die Jahrestagung des European Business Ethics Network (EBEN) mit dem Titel Artificial Intelligence, Business Ethics and Corporate Responsibility statt. Die internationale Konferenz widmete sich den dr\u00e4ngenden ethischen Fragen der heutigen Zeit, insbesondere im Kontext von Digitalisierung, K\u00fcnstlicher Intelligenz (KI), Nachhaltigkeit, Corporate Social&hellip;<\/p>","protected":false},"author":5,"featured_media":89046,"menu_order":352,"template":"","meta":{"_relevanssi_hide_post":"","_relevanssi_hide_content":"","_relevanssi_pin_for_all":"","_relevanssi_pin_keywords":"","_relevanssi_unpin_keywords":"","_relevanssi_related_keywords":"","_relevanssi_related_include_ids":"","_relevanssi_related_exclude_ids":"","_relevanssi_related_no_append":"","_relevanssi_related_not_related":"","_relevanssi_related_posts":"","_relevanssi_noindex_reason":"","footnotes":""},"class_list":["post-109618","media-library","type-media-library","status-publish","has-post-thumbnail","hentry","focus-area-digitale-transformation"],"yoast_head":"<!-- This site is optimized with the Yoast SEO plugin v27.4 - https:\/\/yoast.com\/product\/yoast-seo-wordpress\/ -->\n<title>Interdisziplin\u00e4r und vielf\u00e4ltig - Katholische Akademie in Bayern<\/title>\n<meta name=\"robots\" content=\"index, follow, max-snippet:-1, max-image-preview:large, max-video-preview:-1\" \/>\n<link rel=\"canonical\" href=\"https:\/\/kath-akademie-bayern.de\/en\/mediathek-eintrag\/interdisziplinaer-und-vielfaeltig-jahrestagung-des-european-business-ethics-network-eben\/\" \/>\n<meta property=\"og:locale\" content=\"en_GB\" \/>\n<meta property=\"og:type\" content=\"article\" \/>\n<meta property=\"og:title\" content=\"Interdisziplin\u00e4r und vielf\u00e4ltig - Katholische Akademie in Bayern\" \/>\n<meta property=\"og:description\" content=\"Vom 29. bis 31. Mai 2025 fand in der Katholischen Akademie in Bayern die Jahrestagung des European Business Ethics Network (EBEN) mit dem Titel Artificial Intelligence, Business Ethics and Corporate Responsibility statt. Die internationale Konferenz widmete sich den dr\u00e4ngenden ethischen Fragen der heutigen Zeit, insbesondere im Kontext von Digitalisierung, K\u00fcnstlicher Intelligenz (KI), Nachhaltigkeit, Corporate Social&hellip;\" \/>\n<meta property=\"og:url\" content=\"https:\/\/kath-akademie-bayern.de\/en\/mediathek-eintrag\/interdisziplinaer-und-vielfaeltig-jahrestagung-des-european-business-ethics-network-eben\/\" \/>\n<meta property=\"og:site_name\" content=\"Katholische Akademie in Bayern\" \/>\n<meta property=\"article:publisher\" content=\"https:\/\/www.facebook.com\/katholische.akademie.bayern\/\" \/>\n<meta property=\"article:modified_time\" content=\"2025-10-07T13:51:57+00:00\" \/>\n<meta property=\"og:image\" content=\"https:\/\/kath-akademie-bayern.de\/wp-content\/uploads\/2025-05-29-scaled.jpg\" \/>\n\t<meta property=\"og:image:width\" content=\"2560\" \/>\n\t<meta property=\"og:image:height\" content=\"1440\" \/>\n\t<meta property=\"og:image:type\" content=\"image\/jpeg\" \/>\n<meta name=\"twitter:card\" content=\"summary_large_image\" \/>\n<meta name=\"twitter:label1\" content=\"Estimated reading time\" \/>\n\t<meta name=\"twitter:data1\" content=\"4 minutes\" \/>\n<script type=\"application\/ld+json\" class=\"yoast-schema-graph\">{\"@context\":\"https:\\\/\\\/schema.org\",\"@graph\":[{\"@type\":\"WebPage\",\"@id\":\"https:\\\/\\\/kath-akademie-bayern.de\\\/mediathek-eintrag\\\/interdisziplinaer-und-vielfaeltig-jahrestagung-des-european-business-ethics-network-eben\\\/\",\"url\":\"https:\\\/\\\/kath-akademie-bayern.de\\\/mediathek-eintrag\\\/interdisziplinaer-und-vielfaeltig-jahrestagung-des-european-business-ethics-network-eben\\\/\",\"name\":\"Interdisziplin\u00e4r und vielf\u00e4ltig - Katholische Akademie in Bayern\",\"isPartOf\":{\"@id\":\"https:\\\/\\\/kath-akademie-bayern.de\\\/#website\"},\"primaryImageOfPage\":{\"@id\":\"https:\\\/\\\/kath-akademie-bayern.de\\\/mediathek-eintrag\\\/interdisziplinaer-und-vielfaeltig-jahrestagung-des-european-business-ethics-network-eben\\\/#primaryimage\"},\"image\":{\"@id\":\"https:\\\/\\\/kath-akademie-bayern.de\\\/mediathek-eintrag\\\/interdisziplinaer-und-vielfaeltig-jahrestagung-des-european-business-ethics-network-eben\\\/#primaryimage\"},\"thumbnailUrl\":\"https:\\\/\\\/kath-akademie-bayern.de\\\/wp-content\\\/uploads\\\/2025-05-29-scaled.jpg\",\"datePublished\":\"2025-10-07T13:51:54+00:00\",\"dateModified\":\"2025-10-07T13:51:57+00:00\",\"breadcrumb\":{\"@id\":\"https:\\\/\\\/kath-akademie-bayern.de\\\/mediathek-eintrag\\\/interdisziplinaer-und-vielfaeltig-jahrestagung-des-european-business-ethics-network-eben\\\/#breadcrumb\"},\"inLanguage\":\"en-GB\",\"potentialAction\":[{\"@type\":\"ReadAction\",\"target\":[\"https:\\\/\\\/kath-akademie-bayern.de\\\/mediathek-eintrag\\\/interdisziplinaer-und-vielfaeltig-jahrestagung-des-european-business-ethics-network-eben\\\/\"]}]},{\"@type\":\"ImageObject\",\"inLanguage\":\"en-GB\",\"@id\":\"https:\\\/\\\/kath-akademie-bayern.de\\\/mediathek-eintrag\\\/interdisziplinaer-und-vielfaeltig-jahrestagung-des-european-business-ethics-network-eben\\\/#primaryimage\",\"url\":\"https:\\\/\\\/kath-akademie-bayern.de\\\/wp-content\\\/uploads\\\/2025-05-29-scaled.jpg\",\"contentUrl\":\"https:\\\/\\\/kath-akademie-bayern.de\\\/wp-content\\\/uploads\\\/2025-05-29-scaled.jpg\",\"width\":2560,\"height\":1440},{\"@type\":\"BreadcrumbList\",\"@id\":\"https:\\\/\\\/kath-akademie-bayern.de\\\/mediathek-eintrag\\\/interdisziplinaer-und-vielfaeltig-jahrestagung-des-european-business-ethics-network-eben\\\/#breadcrumb\",\"itemListElement\":[{\"@type\":\"ListItem\",\"position\":1,\"name\":\"Startseite\",\"item\":\"https:\\\/\\\/kath-akademie-bayern.de\\\/\"},{\"@type\":\"ListItem\",\"position\":2,\"name\":\"Interdisziplin\u00e4r und vielf\u00e4ltig\"}]},{\"@type\":\"WebSite\",\"@id\":\"https:\\\/\\\/kath-akademie-bayern.de\\\/#website\",\"url\":\"https:\\\/\\\/kath-akademie-bayern.de\\\/\",\"name\":\"Katholische Akademie in Bayern\",\"description\":\"Kirche braucht Debatte: \u201ekatholisch\u201c mit Blick auf das Ganze \u2013 und \u201eakademisch\u201c im Vertrauen auf die Kraft der Argumente\",\"publisher\":{\"@id\":\"https:\\\/\\\/kath-akademie-bayern.de\\\/#organization\"},\"potentialAction\":[{\"@type\":\"SearchAction\",\"target\":{\"@type\":\"EntryPoint\",\"urlTemplate\":\"https:\\\/\\\/kath-akademie-bayern.de\\\/?s={search_term_string}\"},\"query-input\":{\"@type\":\"PropertyValueSpecification\",\"valueRequired\":true,\"valueName\":\"search_term_string\"}}],\"inLanguage\":\"en-GB\"},{\"@type\":\"Organization\",\"@id\":\"https:\\\/\\\/kath-akademie-bayern.de\\\/#organization\",\"name\":\"Katholische Akademie in Bayern\",\"url\":\"https:\\\/\\\/kath-akademie-bayern.de\\\/\",\"logo\":{\"@type\":\"ImageObject\",\"inLanguage\":\"en-GB\",\"@id\":\"https:\\\/\\\/kath-akademie-bayern.de\\\/#\\\/schema\\\/logo\\\/image\\\/\",\"url\":\"https:\\\/\\\/kath-akademie-bayern.de\\\/wp-content\\\/uploads\\\/Menue-Logo-Home@2x.png\",\"contentUrl\":\"https:\\\/\\\/kath-akademie-bayern.de\\\/wp-content\\\/uploads\\\/Menue-Logo-Home@2x.png\",\"width\":496,\"height\":216,\"caption\":\"Katholische Akademie in Bayern\"},\"image\":{\"@id\":\"https:\\\/\\\/kath-akademie-bayern.de\\\/#\\\/schema\\\/logo\\\/image\\\/\"},\"sameAs\":[\"https:\\\/\\\/www.facebook.com\\\/katholische.akademie.bayern\\\/\"]}]}<\/script>\n<!-- \/ Yoast SEO plugin. -->","yoast_head_json":{"title":"Interdisziplin\u00e4r und vielf\u00e4ltig - Katholische Akademie in Bayern","robots":{"index":"index","follow":"follow","max-snippet":"max-snippet:-1","max-image-preview":"max-image-preview:large","max-video-preview":"max-video-preview:-1"},"canonical":"https:\/\/kath-akademie-bayern.de\/en\/mediathek-eintrag\/interdisziplinaer-und-vielfaeltig-jahrestagung-des-european-business-ethics-network-eben\/","og_locale":"en_GB","og_type":"article","og_title":"Interdisziplin\u00e4r und vielf\u00e4ltig - Katholische Akademie in Bayern","og_description":"Vom 29. bis 31. Mai 2025 fand in der Katholischen Akademie in Bayern die Jahrestagung des European Business Ethics Network (EBEN) mit dem Titel Artificial Intelligence, Business Ethics and Corporate Responsibility statt. Die internationale Konferenz widmete sich den dr\u00e4ngenden ethischen Fragen der heutigen Zeit, insbesondere im Kontext von Digitalisierung, K\u00fcnstlicher Intelligenz (KI), Nachhaltigkeit, Corporate Social&hellip;","og_url":"https:\/\/kath-akademie-bayern.de\/en\/mediathek-eintrag\/interdisziplinaer-und-vielfaeltig-jahrestagung-des-european-business-ethics-network-eben\/","og_site_name":"Katholische Akademie in Bayern","article_publisher":"https:\/\/www.facebook.com\/katholische.akademie.bayern\/","article_modified_time":"2025-10-07T13:51:57+00:00","og_image":[{"width":2560,"height":1440,"url":"https:\/\/kath-akademie-bayern.de\/wp-content\/uploads\/2025-05-29-scaled.jpg","type":"image\/jpeg"}],"twitter_card":"summary_large_image","twitter_misc":{"Estimated reading time":"4 minutes"},"schema":{"@context":"https:\/\/schema.org","@graph":[{"@type":"WebPage","@id":"https:\/\/kath-akademie-bayern.de\/mediathek-eintrag\/interdisziplinaer-und-vielfaeltig-jahrestagung-des-european-business-ethics-network-eben\/","url":"https:\/\/kath-akademie-bayern.de\/mediathek-eintrag\/interdisziplinaer-und-vielfaeltig-jahrestagung-des-european-business-ethics-network-eben\/","name":"Interdisziplin\u00e4r und vielf\u00e4ltig - Katholische Akademie in Bayern","isPartOf":{"@id":"https:\/\/kath-akademie-bayern.de\/#website"},"primaryImageOfPage":{"@id":"https:\/\/kath-akademie-bayern.de\/mediathek-eintrag\/interdisziplinaer-und-vielfaeltig-jahrestagung-des-european-business-ethics-network-eben\/#primaryimage"},"image":{"@id":"https:\/\/kath-akademie-bayern.de\/mediathek-eintrag\/interdisziplinaer-und-vielfaeltig-jahrestagung-des-european-business-ethics-network-eben\/#primaryimage"},"thumbnailUrl":"https:\/\/kath-akademie-bayern.de\/wp-content\/uploads\/2025-05-29-scaled.jpg","datePublished":"2025-10-07T13:51:54+00:00","dateModified":"2025-10-07T13:51:57+00:00","breadcrumb":{"@id":"https:\/\/kath-akademie-bayern.de\/mediathek-eintrag\/interdisziplinaer-und-vielfaeltig-jahrestagung-des-european-business-ethics-network-eben\/#breadcrumb"},"inLanguage":"en-GB","potentialAction":[{"@type":"ReadAction","target":["https:\/\/kath-akademie-bayern.de\/mediathek-eintrag\/interdisziplinaer-und-vielfaeltig-jahrestagung-des-european-business-ethics-network-eben\/"]}]},{"@type":"ImageObject","inLanguage":"en-GB","@id":"https:\/\/kath-akademie-bayern.de\/mediathek-eintrag\/interdisziplinaer-und-vielfaeltig-jahrestagung-des-european-business-ethics-network-eben\/#primaryimage","url":"https:\/\/kath-akademie-bayern.de\/wp-content\/uploads\/2025-05-29-scaled.jpg","contentUrl":"https:\/\/kath-akademie-bayern.de\/wp-content\/uploads\/2025-05-29-scaled.jpg","width":2560,"height":1440},{"@type":"BreadcrumbList","@id":"https:\/\/kath-akademie-bayern.de\/mediathek-eintrag\/interdisziplinaer-und-vielfaeltig-jahrestagung-des-european-business-ethics-network-eben\/#breadcrumb","itemListElement":[{"@type":"ListItem","position":1,"name":"Startseite","item":"https:\/\/kath-akademie-bayern.de\/"},{"@type":"ListItem","position":2,"name":"Interdisziplin\u00e4r und vielf\u00e4ltig"}]},{"@type":"WebSite","@id":"https:\/\/kath-akademie-bayern.de\/#website","url":"https:\/\/kath-akademie-bayern.de\/","name":"Catholic Academy in Bavaria","description":"Church needs debate: \"catholic\" looking at the whole - and \"academic\" trusting in the power of arguments","publisher":{"@id":"https:\/\/kath-akademie-bayern.de\/#organization"},"potentialAction":[{"@type":"SearchAction","target":{"@type":"EntryPoint","urlTemplate":"https:\/\/kath-akademie-bayern.de\/?s={search_term_string}"},"query-input":{"@type":"PropertyValueSpecification","valueRequired":true,"valueName":"search_term_string"}}],"inLanguage":"en-GB"},{"@type":"Organization","@id":"https:\/\/kath-akademie-bayern.de\/#organization","name":"Catholic Academy in Bavaria","url":"https:\/\/kath-akademie-bayern.de\/","logo":{"@type":"ImageObject","inLanguage":"en-GB","@id":"https:\/\/kath-akademie-bayern.de\/#\/schema\/logo\/image\/","url":"https:\/\/kath-akademie-bayern.de\/wp-content\/uploads\/Menue-Logo-Home@2x.png","contentUrl":"https:\/\/kath-akademie-bayern.de\/wp-content\/uploads\/Menue-Logo-Home@2x.png","width":496,"height":216,"caption":"Katholische Akademie in Bayern"},"image":{"@id":"https:\/\/kath-akademie-bayern.de\/#\/schema\/logo\/image\/"},"sameAs":["https:\/\/www.facebook.com\/katholische.akademie.bayern\/"]}]}},"_links":{"self":[{"href":"https:\/\/kath-akademie-bayern.de\/en\/wp-json\/wp\/v2\/media-library\/109618","targetHints":{"allow":["GET"]}}],"collection":[{"href":"https:\/\/kath-akademie-bayern.de\/en\/wp-json\/wp\/v2\/media-library"}],"about":[{"href":"https:\/\/kath-akademie-bayern.de\/en\/wp-json\/wp\/v2\/types\/media-library"}],"author":[{"embeddable":true,"href":"https:\/\/kath-akademie-bayern.de\/en\/wp-json\/wp\/v2\/users\/5"}],"version-history":[{"count":1,"href":"https:\/\/kath-akademie-bayern.de\/en\/wp-json\/wp\/v2\/media-library\/109618\/revisions"}],"predecessor-version":[{"id":109619,"href":"https:\/\/kath-akademie-bayern.de\/en\/wp-json\/wp\/v2\/media-library\/109618\/revisions\/109619"}],"wp:featuredmedia":[{"embeddable":true,"href":"https:\/\/kath-akademie-bayern.de\/en\/wp-json\/wp\/v2\/media\/89046"}],"wp:attachment":[{"href":"https:\/\/kath-akademie-bayern.de\/en\/wp-json\/wp\/v2\/media?parent=109618"}],"curies":[{"name":"wp","href":"https:\/\/api.w.org\/{rel}","templated":true}]}}