{"id":113165,"date":"2025-11-20T10:38:47","date_gmt":"2025-11-20T09:38:47","guid":{"rendered":"https:\/\/kath-akademie-bayern.de\/?post_type=media-library&#038;p=113165"},"modified":"2025-11-20T10:45:38","modified_gmt":"2025-11-20T09:45:38","slug":"grusswort-der-bayerischen-staatsregierung-zur-verleihung-des-romano-guardini-preises-2018","status":"publish","type":"media-library","link":"https:\/\/kath-akademie-bayern.de\/en\/mediathek-eintrag\/grusswort-der-bayerischen-staatsregierung-zur-verleihung-des-romano-guardini-preises-2018\/","title":{"rendered":"Gru\u00dfwort der Bayerischen Staatsregierung zur Verleihung des Romano Guardini Preises 2018"},"content":{"rendered":"<p>Meine Damen und Herren, ich begr\u00fc\u00dfe<\/p>\n<ul>\n<li>den Lehrstuhlinhaber f\u00fcr die \u00d6konomie des Klimawandels an der Technischen Universit\u00e4t Berlin,<\/li>\n<li>den Direktor des \u201eMercator Research Institute on Global Commons and Climate Change\u201c<\/li>\n<li>und den designierten Leiter und Chef\u00f6konom des Potsdam-Instituts f\u00fcr Klimafolgenforschung.<\/li>\n<\/ul>\n<p>Dass ich damit nicht drei 3, sondern nur eine Person hier im Raum begr\u00fc\u00dft habe, zeigt schon: Der Mensch, der heute hier geehrt wird, ist ein \u201eTausendsassa\u201c, ein Multitalent, ein Universalgenie!<\/p>\n<p>Lieber Herr Professor Edenhofer, ein herzliches Gr\u00fc\u00df Gott hier in M\u00fcnchen! K\u00f6nigliche Hoheit, meine sehr verehrten Herren Kardin\u00e4le Marx und Wetter, hochverehrte Geistlichkeit,<\/p>\n<p>Frau Generalsekret\u00e4rin Espinosa Cantellano, meine Damen und Herren des diplomatischen Corps, Herr Ministerpr\u00e4sident a.D. Dr. Beckstein, liebe Kolleginnen und Kollegen aus dem Bayerischen Landtag, lieber Herr Dr. Schuller, verehrte Fest- und Ehreng\u00e4ste!<\/p>\n<p>Auch Sie begr\u00fc\u00dfe ich ganz herzlich zu diesem Festakt in der Katholischen Akademie. Wir sind hier dem M\u00fcnchner Univiertel ganz nahe \u2013 und damit genau auf der Startrampe Ihrer Karriere, lieber Herr Professor Edenhofer. Gut eineinhalb Kilometer von hier, an der Ludwigs-Maximilians-Universit\u00e4t, studierten Sie Volkswirtschaftslehre \u2013 unter anderem bei einem damals ganz jungen Professor Hans-Werner Sinn!<\/p>\n<p>Dann \u2013 auch nur einen Katzensprung von hier \u2013 an der Hochschule f\u00fcr Philosophie M\u00fcnchen studierten Sie Philosophie als Novize im Jesuitenorden<strong>. <\/strong>Von hier sind Sie ausgezogen, um einer der wichtigsten Klimaexperten unserer Zeit zu werden, um Staats- und Regierungschefs zu beraten, um nicht weniger als die Welt zu retten, wie die FAZ einmal geschrieben hat. Und heute sind Sie hierher zur\u00fcckgekehrt, um den renommierten Romano-Guardini-Preis der Katholischen Akademie in Bayern zu empfangen.<\/p>\n<p>Man kann sich kaum einen passenderen Preistr\u00e4ger vorstellen: Romano Guardini, katholischer Priester, Theologe und Philosoph. Auch er wirkte an der Ludwig-Maximilians-Universit\u00e4t und lehrte Christliche Weltanschauung und Religionsphilosophie. Eines seiner einflussreichsten Werke \u2013 <em>The end of the modern era<\/em> \u2013 zeigt die Grenzen des Fortschritts, die Gefahren menschlichen Handelns f\u00fcr die Welt auf. Es ist Grundlage der Umwelt-Enzyklika <em>Laudato s\u00ed<\/em> von Papst Franziskus, die auch Sie ma\u00dfgeblich beeinflusst haben.<\/p>\n<p>Romano Guardini schrieb vor fast 70 Jahren: \u201eEntweder gelingt es dem Menschen, das Herrschaftswerk richtig zu machen, und dann wird es gewaltig \u2013 oder aber alles geht zu Ende.\u201c Und gerade, lieber Herr Professor Edenhofer, schaut es eher nach zweitem aus, wenn die Menschheit nicht ganz schnell auf Ihren Rat h\u00f6rt!<\/p>\n<p>Der Klimawandel tritt immer deutlicher in Erscheinung. Wir erleben einen Temperaturrekord nach dem anderen: 2015, 2016 und 2017 waren die 3 w\u00e4rmsten Jahre seit Beginn der Aufzeichnungen. Hier in Bayern steigt die Temperatur sogar noch schneller als im weltweiten Durchschnitt. In den Alpen sind wir inzwischen bei einem Plus von 1,4 Grad im Vergleich zu den Jahren am Beginn der Aufzeichnungen.<\/p>\n<p>Das hei\u00dft: Wir sind auf dem Weg zum klimatologischen \u201ePoint of no Return\u201c. Jenseits der 2-Grad-Grenze von Paris drohen unabsehbare Szenarien. Schon jetzt m\u00fcssen Menschen in der S\u00fcdsee ihre D\u00f6rfer verlassen, weil der Meeresspiegel unaufh\u00f6rlich steigt. Schon jetzt fallen Ernten in Afrika aus, weil D\u00fcrre und Hitze anhalten und der Regen nicht kommt. Schon jetzt erleben wir hier in Bayern Starkregen, Sturzfluten und extrem lange Trockenperioden.<\/p>\n<p>Doch einen Lichtblick gibt es: Noch ist das Zeitfenster offen, noch haben wir das Heft in der Hand. Noch k\u00f6nnen wir den Klimawandel wenigstens begrenzen. Wir in Bayern wollen alles daf\u00fcr unternehmen! Unsere Ziele sind hoch ambitioniert. Bis 2050 wollen wir die Treibhausgase im Freistaat auf unter zwei Tonnen je Einwohner und Jahr senken. Und bis 2030 wollen wir die Emissionen auf unter f\u00fcnf Tonnen senken.<\/p>\n<p>Zu diesen Zielen braucht es auch die richtigen Ma\u00dfnahmen. Daher veranschlagen wir f\u00fcr unser Klimaschutzprogramm Bayern 2050 alleine im laufenden Doppelhaushalt fast 190 Millionen Euro Investitionen. Und ein zentraler Punkt im Klimaschutzprogramm, lieber Herr Professor Edenhofer, ist die Forschung.<\/p>\n<p>Die Klimaforschung ist dabei in zweifacher Hinsicht eine gro\u00dfartige Sache: Sie liefert uns Wissen, wie wir den Klimawandel vermeiden oder abschw\u00e4chen k\u00f6nnen und wie wir uns an das Unvermeidbare anpassen k\u00f6nnen! Die Bayerische Staatsregierung nutzt und unterst\u00fctzt die Klimaforschung aktiv. Unsere Umweltforschungsstation auf dem Schneefernerhaus betreibt Forschung auf h\u00f6chstem Niveau! Jetzt bauen wir sie zum Zentrum eines internationalen Forschungsnetzwerkes aus, zum virtuellen Alpenobservatorium! Ich sage: Ein starkes Bekenntnis zur Erforschung und Bek\u00e4mpfung des Klimawandels!<\/p>\n<p>Wer sich als Wissenschaftler in der Klimaforschung engagiert, braucht sich nicht nach dem Sinn seines Lebens zu fragen. Er operiert am offenen Herzen unseres Planeten! Und das Potsdam-Institut f\u00fcr Klimafolgenforschung ist daf\u00fcr einfach \u201ethe place to be\u201c! Ich freue mich, dass mit Ihnen, Herr Professor Edenhofer, nach Hans Joachim Schellnhuber wieder ein Bayer die Leitung dieses renommierten Instituts \u00fcbernimmt!<\/p>\n<p>Sie leiten dort bislang den Forschungsbereich \u201eNachhaltige L\u00f6sungsstrategien\u201c und liefern mit Ihren Mitarbeiterinnen und Mitarbeitern Forschung auf Spitzen-Niveau! Der Bereich wurde in der letzten Leibnitz-Evaluierung mit \u201eexzellent\u201c bewertet. Unter Ihrer Leitung entstand der \u201eSonderbericht zu Erneuerbaren Energien und der Vermeidung des Klimawandels\u201c des Weltklimarats. Sie wirken in wichtigen nationalen und internationalen Beratungsgremien mit. Sie sind Mitglied des Wissenschaftlichen Beirats des ifo-Instituts M\u00fcnchen, der Themengruppe \u201eKlima, Energie und Umwelt\u201c der Nationalen Akademie der Wissenschaften Leopoldina, im Beirat \u201eGreen Growth Knowledge Platform\u201c der Weltbank und Mitglied der Deutschen Akademie der Technikwissenschaften sowie Mitglied im Stiftungsrat der Munich Re.<br \/>\nUnd Sie schalten sich immer wieder in die \u00f6ffentliche Klimaschutzdebatte ein \u2013 ambitioniert, aber immer sachlich! Sie kritisieren zurecht die Kohleverstromung, da sie das 2-Grad-Ziel gef\u00e4hrdet. Sie fordern zurecht einen Mindestpreis f\u00fcr CO<sub>2<\/sub>: Nur so k\u00f6nnen wir die Emissionen effizient reduzieren, nur so gelingt die Energiewende. Sie zeigen zurecht: Klimaschutz und Wirtschaftswachstum schlie\u00dfen einander nicht aus. Sie geben damit wichtige Denkanst\u00f6\u00dfe f\u00fcr die Klimapolitik. Ich danke Ihnen f\u00fcr diese Impulse und ich bitte Sie: Machen Sie genauso weiter!<\/p>\n<p>Wir brauchen Menschen, die vorausdenken. Wir brauchen Menschen, die herausfordern. Wir brauchen Menschen, die die <em>\u201cSorge um den Menschen\u201c<\/em> umtreibt \u2013 wie Romano Guardini es nannte. Lieber Herr Professor Edenhofer, ich gratuliere Ihnen ganz herzlich zu diesem Preis und w\u00fcnsche Ihnen \u2013 auch ganz eigenn\u00fctzig \u2013 viel Erfolg bei der Rettung der Welt!<\/p>","protected":false},"excerpt":{"rendered":"<p>Meine Damen und Herren, ich begr\u00fc\u00dfe den Lehrstuhlinhaber f\u00fcr die \u00d6konomie des Klimawandels an der Technischen Universit\u00e4t Berlin, den Direktor des \u201eMercator Research Institute on Global Commons and Climate Change\u201c und den designierten Leiter und Chef\u00f6konom des Potsdam-Instituts f\u00fcr Klimafolgenforschung. Dass ich damit nicht drei 3, sondern nur eine Person hier im Raum begr\u00fc\u00dft habe,&hellip;<\/p>","protected":false},"author":5,"featured_media":0,"menu_order":313,"template":"","meta":{"_relevanssi_hide_post":"","_relevanssi_hide_content":"","_relevanssi_pin_for_all":"","_relevanssi_pin_keywords":"","_relevanssi_unpin_keywords":"","_relevanssi_related_keywords":"","_relevanssi_related_include_ids":"","_relevanssi_related_exclude_ids":"","_relevanssi_related_no_append":"","_relevanssi_related_not_related":"","_relevanssi_related_posts":"","_relevanssi_noindex_reason":"","footnotes":""},"class_list":["post-113165","media-library","type-media-library","status-publish","hentry"],"yoast_head":"<!-- This site is optimized with the Yoast SEO plugin v27.4 - https:\/\/yoast.com\/product\/yoast-seo-wordpress\/ -->\n<title>Gru\u00dfwort der Bayerischen Staatsregierung zur Verleihung des Romano Guardini Preises 2018 - Katholische Akademie in Bayern<\/title>\n<meta name=\"robots\" content=\"index, follow, max-snippet:-1, max-image-preview:large, max-video-preview:-1\" \/>\n<link rel=\"canonical\" href=\"https:\/\/kath-akademie-bayern.de\/en\/mediathek-eintrag\/grusswort-der-bayerischen-staatsregierung-zur-verleihung-des-romano-guardini-preises-2018\/\" \/>\n<meta property=\"og:locale\" content=\"en_GB\" \/>\n<meta property=\"og:type\" content=\"article\" \/>\n<meta property=\"og:title\" content=\"Gru\u00dfwort der Bayerischen Staatsregierung zur Verleihung des Romano Guardini Preises 2018 - Katholische Akademie in Bayern\" \/>\n<meta property=\"og:description\" content=\"Meine Damen und Herren, ich begr\u00fc\u00dfe den Lehrstuhlinhaber f\u00fcr die \u00d6konomie des Klimawandels an der Technischen Universit\u00e4t Berlin, den Direktor des \u201eMercator Research Institute on Global Commons and Climate Change\u201c und den designierten Leiter und Chef\u00f6konom des Potsdam-Instituts f\u00fcr Klimafolgenforschung. Dass ich damit nicht drei 3, sondern nur eine Person hier im Raum begr\u00fc\u00dft habe,&hellip;\" \/>\n<meta property=\"og:url\" content=\"https:\/\/kath-akademie-bayern.de\/en\/mediathek-eintrag\/grusswort-der-bayerischen-staatsregierung-zur-verleihung-des-romano-guardini-preises-2018\/\" \/>\n<meta property=\"og:site_name\" content=\"Katholische Akademie in Bayern\" \/>\n<meta property=\"article:publisher\" content=\"https:\/\/www.facebook.com\/katholische.akademie.bayern\/\" \/>\n<meta property=\"article:modified_time\" content=\"2025-11-20T09:45:38+00:00\" \/>\n<meta property=\"og:image\" content=\"https:\/\/kath-akademie-bayern.de\/wp-content\/uploads\/Menue-Logo-Home@2x.png\" \/>\n\t<meta property=\"og:image:width\" content=\"496\" \/>\n\t<meta property=\"og:image:height\" content=\"216\" \/>\n\t<meta property=\"og:image:type\" content=\"image\/png\" \/>\n<meta name=\"twitter:card\" content=\"summary_large_image\" \/>\n<meta name=\"twitter:label1\" content=\"Estimated reading time\" \/>\n\t<meta name=\"twitter:data1\" content=\"6 minutes\" \/>\n<script type=\"application\/ld+json\" class=\"yoast-schema-graph\">{\"@context\":\"https:\\\/\\\/schema.org\",\"@graph\":[{\"@type\":\"WebPage\",\"@id\":\"https:\\\/\\\/kath-akademie-bayern.de\\\/mediathek-eintrag\\\/grusswort-der-bayerischen-staatsregierung-zur-verleihung-des-romano-guardini-preises-2018\\\/\",\"url\":\"https:\\\/\\\/kath-akademie-bayern.de\\\/mediathek-eintrag\\\/grusswort-der-bayerischen-staatsregierung-zur-verleihung-des-romano-guardini-preises-2018\\\/\",\"name\":\"Gru\u00dfwort der Bayerischen Staatsregierung zur Verleihung des Romano Guardini Preises 2018 - Katholische Akademie in Bayern\",\"isPartOf\":{\"@id\":\"https:\\\/\\\/kath-akademie-bayern.de\\\/#website\"},\"datePublished\":\"2025-11-20T09:38:47+00:00\",\"dateModified\":\"2025-11-20T09:45:38+00:00\",\"breadcrumb\":{\"@id\":\"https:\\\/\\\/kath-akademie-bayern.de\\\/mediathek-eintrag\\\/grusswort-der-bayerischen-staatsregierung-zur-verleihung-des-romano-guardini-preises-2018\\\/#breadcrumb\"},\"inLanguage\":\"en-GB\",\"potentialAction\":[{\"@type\":\"ReadAction\",\"target\":[\"https:\\\/\\\/kath-akademie-bayern.de\\\/mediathek-eintrag\\\/grusswort-der-bayerischen-staatsregierung-zur-verleihung-des-romano-guardini-preises-2018\\\/\"]}]},{\"@type\":\"BreadcrumbList\",\"@id\":\"https:\\\/\\\/kath-akademie-bayern.de\\\/mediathek-eintrag\\\/grusswort-der-bayerischen-staatsregierung-zur-verleihung-des-romano-guardini-preises-2018\\\/#breadcrumb\",\"itemListElement\":[{\"@type\":\"ListItem\",\"position\":1,\"name\":\"Startseite\",\"item\":\"https:\\\/\\\/kath-akademie-bayern.de\\\/\"},{\"@type\":\"ListItem\",\"position\":2,\"name\":\"Gru\u00dfwort der Bayerischen Staatsregierung zur Verleihung des Romano Guardini Preises 2018\"}]},{\"@type\":\"WebSite\",\"@id\":\"https:\\\/\\\/kath-akademie-bayern.de\\\/#website\",\"url\":\"https:\\\/\\\/kath-akademie-bayern.de\\\/\",\"name\":\"Katholische Akademie in Bayern\",\"description\":\"Kirche braucht Debatte: \u201ekatholisch\u201c mit Blick auf das Ganze \u2013 und \u201eakademisch\u201c im Vertrauen auf die Kraft der Argumente\",\"publisher\":{\"@id\":\"https:\\\/\\\/kath-akademie-bayern.de\\\/#organization\"},\"potentialAction\":[{\"@type\":\"SearchAction\",\"target\":{\"@type\":\"EntryPoint\",\"urlTemplate\":\"https:\\\/\\\/kath-akademie-bayern.de\\\/?s={search_term_string}\"},\"query-input\":{\"@type\":\"PropertyValueSpecification\",\"valueRequired\":true,\"valueName\":\"search_term_string\"}}],\"inLanguage\":\"en-GB\"},{\"@type\":\"Organization\",\"@id\":\"https:\\\/\\\/kath-akademie-bayern.de\\\/#organization\",\"name\":\"Katholische Akademie in Bayern\",\"url\":\"https:\\\/\\\/kath-akademie-bayern.de\\\/\",\"logo\":{\"@type\":\"ImageObject\",\"inLanguage\":\"en-GB\",\"@id\":\"https:\\\/\\\/kath-akademie-bayern.de\\\/#\\\/schema\\\/logo\\\/image\\\/\",\"url\":\"https:\\\/\\\/kath-akademie-bayern.de\\\/wp-content\\\/uploads\\\/Menue-Logo-Home@2x.png\",\"contentUrl\":\"https:\\\/\\\/kath-akademie-bayern.de\\\/wp-content\\\/uploads\\\/Menue-Logo-Home@2x.png\",\"width\":496,\"height\":216,\"caption\":\"Katholische Akademie in Bayern\"},\"image\":{\"@id\":\"https:\\\/\\\/kath-akademie-bayern.de\\\/#\\\/schema\\\/logo\\\/image\\\/\"},\"sameAs\":[\"https:\\\/\\\/www.facebook.com\\\/katholische.akademie.bayern\\\/\"]}]}<\/script>\n<!-- \/ Yoast SEO plugin. -->","yoast_head_json":{"title":"Gru\u00dfwort der Bayerischen Staatsregierung zur Verleihung des Romano Guardini Preises 2018 - Katholische Akademie in Bayern","robots":{"index":"index","follow":"follow","max-snippet":"max-snippet:-1","max-image-preview":"max-image-preview:large","max-video-preview":"max-video-preview:-1"},"canonical":"https:\/\/kath-akademie-bayern.de\/en\/mediathek-eintrag\/grusswort-der-bayerischen-staatsregierung-zur-verleihung-des-romano-guardini-preises-2018\/","og_locale":"en_GB","og_type":"article","og_title":"Gru\u00dfwort der Bayerischen Staatsregierung zur Verleihung des Romano Guardini Preises 2018 - Katholische Akademie in Bayern","og_description":"Meine Damen und Herren, ich begr\u00fc\u00dfe den Lehrstuhlinhaber f\u00fcr die \u00d6konomie des Klimawandels an der Technischen Universit\u00e4t Berlin, den Direktor des \u201eMercator Research Institute on Global Commons and Climate Change\u201c und den designierten Leiter und Chef\u00f6konom des Potsdam-Instituts f\u00fcr Klimafolgenforschung. Dass ich damit nicht drei 3, sondern nur eine Person hier im Raum begr\u00fc\u00dft habe,&hellip;","og_url":"https:\/\/kath-akademie-bayern.de\/en\/mediathek-eintrag\/grusswort-der-bayerischen-staatsregierung-zur-verleihung-des-romano-guardini-preises-2018\/","og_site_name":"Katholische Akademie in Bayern","article_publisher":"https:\/\/www.facebook.com\/katholische.akademie.bayern\/","article_modified_time":"2025-11-20T09:45:38+00:00","og_image":[{"width":496,"height":216,"url":"https:\/\/kath-akademie-bayern.de\/wp-content\/uploads\/Menue-Logo-Home@2x.png","type":"image\/png"}],"twitter_card":"summary_large_image","twitter_misc":{"Estimated reading time":"6 minutes"},"schema":{"@context":"https:\/\/schema.org","@graph":[{"@type":"WebPage","@id":"https:\/\/kath-akademie-bayern.de\/mediathek-eintrag\/grusswort-der-bayerischen-staatsregierung-zur-verleihung-des-romano-guardini-preises-2018\/","url":"https:\/\/kath-akademie-bayern.de\/mediathek-eintrag\/grusswort-der-bayerischen-staatsregierung-zur-verleihung-des-romano-guardini-preises-2018\/","name":"Gru\u00dfwort der Bayerischen Staatsregierung zur Verleihung des Romano Guardini Preises 2018 - Katholische Akademie in Bayern","isPartOf":{"@id":"https:\/\/kath-akademie-bayern.de\/#website"},"datePublished":"2025-11-20T09:38:47+00:00","dateModified":"2025-11-20T09:45:38+00:00","breadcrumb":{"@id":"https:\/\/kath-akademie-bayern.de\/mediathek-eintrag\/grusswort-der-bayerischen-staatsregierung-zur-verleihung-des-romano-guardini-preises-2018\/#breadcrumb"},"inLanguage":"en-GB","potentialAction":[{"@type":"ReadAction","target":["https:\/\/kath-akademie-bayern.de\/mediathek-eintrag\/grusswort-der-bayerischen-staatsregierung-zur-verleihung-des-romano-guardini-preises-2018\/"]}]},{"@type":"BreadcrumbList","@id":"https:\/\/kath-akademie-bayern.de\/mediathek-eintrag\/grusswort-der-bayerischen-staatsregierung-zur-verleihung-des-romano-guardini-preises-2018\/#breadcrumb","itemListElement":[{"@type":"ListItem","position":1,"name":"Startseite","item":"https:\/\/kath-akademie-bayern.de\/"},{"@type":"ListItem","position":2,"name":"Gru\u00dfwort der Bayerischen Staatsregierung zur Verleihung des Romano Guardini Preises 2018"}]},{"@type":"WebSite","@id":"https:\/\/kath-akademie-bayern.de\/#website","url":"https:\/\/kath-akademie-bayern.de\/","name":"Catholic Academy in Bavaria","description":"Church needs debate: \"catholic\" looking at the whole - and \"academic\" trusting in the power of arguments","publisher":{"@id":"https:\/\/kath-akademie-bayern.de\/#organization"},"potentialAction":[{"@type":"SearchAction","target":{"@type":"EntryPoint","urlTemplate":"https:\/\/kath-akademie-bayern.de\/?s={search_term_string}"},"query-input":{"@type":"PropertyValueSpecification","valueRequired":true,"valueName":"search_term_string"}}],"inLanguage":"en-GB"},{"@type":"Organization","@id":"https:\/\/kath-akademie-bayern.de\/#organization","name":"Catholic Academy in Bavaria","url":"https:\/\/kath-akademie-bayern.de\/","logo":{"@type":"ImageObject","inLanguage":"en-GB","@id":"https:\/\/kath-akademie-bayern.de\/#\/schema\/logo\/image\/","url":"https:\/\/kath-akademie-bayern.de\/wp-content\/uploads\/Menue-Logo-Home@2x.png","contentUrl":"https:\/\/kath-akademie-bayern.de\/wp-content\/uploads\/Menue-Logo-Home@2x.png","width":496,"height":216,"caption":"Katholische Akademie in Bayern"},"image":{"@id":"https:\/\/kath-akademie-bayern.de\/#\/schema\/logo\/image\/"},"sameAs":["https:\/\/www.facebook.com\/katholische.akademie.bayern\/"]}]}},"_links":{"self":[{"href":"https:\/\/kath-akademie-bayern.de\/en\/wp-json\/wp\/v2\/media-library\/113165","targetHints":{"allow":["GET"]}}],"collection":[{"href":"https:\/\/kath-akademie-bayern.de\/en\/wp-json\/wp\/v2\/media-library"}],"about":[{"href":"https:\/\/kath-akademie-bayern.de\/en\/wp-json\/wp\/v2\/types\/media-library"}],"author":[{"embeddable":true,"href":"https:\/\/kath-akademie-bayern.de\/en\/wp-json\/wp\/v2\/users\/5"}],"version-history":[{"count":1,"href":"https:\/\/kath-akademie-bayern.de\/en\/wp-json\/wp\/v2\/media-library\/113165\/revisions"}],"predecessor-version":[{"id":113166,"href":"https:\/\/kath-akademie-bayern.de\/en\/wp-json\/wp\/v2\/media-library\/113165\/revisions\/113166"}],"wp:attachment":[{"href":"https:\/\/kath-akademie-bayern.de\/en\/wp-json\/wp\/v2\/media?parent=113165"}],"curies":[{"name":"wp","href":"https:\/\/api.w.org\/{rel}","templated":true}]}}