{"id":113169,"date":"2025-11-20T10:43:44","date_gmt":"2025-11-20T09:43:44","guid":{"rendered":"https:\/\/kath-akademie-bayern.de\/?post_type=media-library&#038;p=113169"},"modified":"2025-11-20T10:43:44","modified_gmt":"2025-11-20T09:43:44","slug":"schlusswort-aus-anlass-der-verleihung-des-romano-guardini-preises-2018-an-ottmar-edenhofer","status":"publish","type":"media-library","link":"https:\/\/kath-akademie-bayern.de\/en\/mediathek-eintrag\/schlusswort-aus-anlass-der-verleihung-des-romano-guardini-preises-2018-an-ottmar-edenhofer\/","title":{"rendered":"Schlusswort aus Anlass der Verleihung des Romano Guardini Preises 2018 an Ottmar Edenhofer"},"content":{"rendered":"<p>Verehrter, lieber Herr Edenhofer, liebe Familie Edenhofer, meine sehr verehrten Damen und Herren, liebe G\u00e4ste dieses wunderbaren Festaktes, der uns inspiriert!<\/p>\n<p>Danke f\u00fcr Ihre bewegende Rede, die alle Facetten von ermutigender Predigt, wissenschaftlicher Analyse und politischem Diskurs aufgegriffen hat. Daran k\u00f6nnen sich viele ein Beispiel nehmen, wie man interessant und in einem weiten Horizont Menschen bewegen kann, antreiben kann, inspirieren kann. Danke daf\u00fcr! Uns ist deutlich geworden, was Sie bewegt.<\/p>\n<p>Die erste Begegnung mit Professor Edenhofer, an die ich mich erinnere, war, so glaube ich, ein brieflicher Kontakt. Das ist sicher \u00fcber zw\u00f6lf Jahre her, als ich noch Pr\u00e4sident von Justitia et Pax war und Bischof von Trier, und er, wie er eben schon erz\u00e4hlt hat, die gro\u00dfe Sorge hatte, dass sich im Vatikan und bei der Vorbereitung der Sozialenzyklika \u201eCaritas in veritate\u201c m\u00f6glicherweise hier und dort Personen zu Wort melden k\u00f6nnten, die in eine Richtung gehen, wie er sie eben geschildert hat, das hei\u00dft: zu leugnen, dass der Klimawandel von Menschen gemacht oder \u00fcberhaupt ver\u00e4ndert werden k\u00f6nnte. Daraufhin haben wir Kontakt aufgenommen, und Gott sei Dank ist ja dann \u2013 auch durch die Kongresse, wie Sie geschildert haben \u2013, vieles deutlicher geworden.<\/p>\n<p>Dann haben wir uns genau an dem Tag wieder getroffen, den er gerade geschildert hat. Das war zuf\u00e4llig, weil ich damals in Rom war, im G\u00e4stehaus Santa Marta. Wir hatten uns ein paar Jahre nicht gesehen, eher schriftlich wahrgenommen, und so musste ich zun\u00e4chst fragen: Ich kenne Sie doch \u2026 Ach, das ist ja der Edenhofer. Was machen Sie denn hier? \u201eJa, ich treffe den Papst.\u201c Und Sie haben vorhin erz\u00e4hlt, was daraus geworden ist, und welche Bedeutung diese Begegnung hatte. Ich bin wirklich sehr beeindruckt von den Fragen, die Papst Franziskus in der Enzyklika <em>Laudato si\u00b4<\/em> aufgegriffen hat.<\/p>\n<p>Aber die Inspiration geht ja weiter. Als Erzbischof von M\u00fcnchen und Freising hat man ja zuweilen belastende Erlebnisse, Sorgen und Probleme. Manches lesen Sie in den Medien, aber nicht alles. Manches kommt auf den Schreibtisch, was nicht bekannt wird und trotzdem Sorgen macht. Aber es gibt eben auch viel Sch\u00f6nes, so etwa, als ich eben das Titelblatt des Programms f\u00fcr unseren Festakt gesehen habe, fiel es mir ein: die Einweihung der Zugspitzbahn. Das sind Ereignisse, die nat\u00fcrlich f\u00fcr einen Erzbischof von M\u00fcnchen und Freising etwas Gro\u00dfartiges sind. Diese neue Zugspitzbahn mit den faszinierenden technischen M\u00f6glichkeiten, mit der einen S\u00e4ule zwischen Tal und Bergspitze \u2013 ich war fasziniert, obwohl ich jetzt technisch nicht so unbedingt informiert bin \u2013 im Gegensatz zu meinem Bruder und meinen Neffen.<\/p>\n<p>Was mich aber dann am meisten inspirierte, war nicht unbedingt die Technik. Das war auch schon spannend f\u00fcr mich, vor der Einweihung war n\u00e4mlich eine Einf\u00fchrung in die technischen Herausforderungen. Es sprach auch der zust\u00e4ndige Geologe, der in seiner Tracht dort stand, ein \u00e4lterer Herr, der so anfing: \u201eMeine Damen und Herren, die Zugspitze ist eine afrikanische Sch\u00f6nheit, die sich vor 130 Millionen Jahren auf den Weg hierher gemacht hat, und vor einigen tausend Jahren gab es noch einmal eine Erdersch\u00fctterung, und seitdem sehen wir die Zugspitze, wie sie ist.\u201c Da ging durch meinen Kopf die Fantasie: Was ist das f\u00fcr ein einmaliges Geschehen, unsere Erde! Ich sage es oft auch den Firmlingen: das Universum, unendlich gro\u00df, jedenfalls f\u00fcr unsere Verh\u00e4ltnisse. Dass es diese Erde gibt, diesen wunderbaren Planeten, ist, ich bin kein Mathematiker, aber ich vermute, mathematisch gesehen sehr unwahrscheinlich, absolut unwahrscheinlich. Bis jetzt haben wir nichts Vergleichbares in allen Weiten des Universums gefunden. Nichts Vergleichbares! Dass Sie auf der Welt sind, und Sie, ist mathematisch gesehen absolut unwahrscheinlich. Und dieser Planet ist etwas Einzigartiges!<\/p>\n<p>Da k\u00f6nnen wir ja wenigstens einmal Dankesch\u00f6n sagen! Es gibt nur zwei M\u00f6glichkeiten: Entweder ist das Zufall und sinnlos, oder es ist gewollt, es hat einen Wert, es ist etwas Kostbares, Einmaliges, Unwiederholbares, dieser kleine Erdball, der in den unendlichen Weiten des Universums existiert. Ob es vielleicht noch anderes Leben gibt? Wir wissen es nicht; bisher haben wir keine Information, nichts. Und deswegen glaube ich, ist es wichtig, daran zu erinnern, wie wir mit diesem Erdball umgehen, mit dieser kostbaren Gabe, die uns gegeben ist, und mit dem kostbaren Geschenk unseres eigenen Lebens, etwas Wunderbares, Gro\u00dfartiges. Und daraus kommen die Impulse, von denen Sie auch gesprochen haben.<\/p>\n<p>Romano Guardini schreibt das auch in seinem Werk. Ich will das nicht zitieren, ich kann das alles unterstreichen, und Papst Franziskus nimmt das ja auf. Es geht eigentlich um eine neue Idee des Fortschritts. <em>Laudato si\u00b4<\/em> inspiriert uns und macht uns deutlich, wir m\u00fcssen eine neue Idee des Fortschritts haben, wie Romano Guardini an einer Stelle sagt: Nicht die technische Entwicklung und die \u00f6konomische Entwicklung sind die einzigen Daten, um Fortschritt zu messen, sondern, wie es allen geht, wie das gute Leben sich fortsetzt, wie das Gl\u00fcck sich fortsetzt, die Sch\u00f6nheit, die Kultur, wie alle Elemente des menschlichen Lebens sich entfalten. Erst dann kann ich von einem wirklichen Fortschritt sprechen. Und es ist nicht von der Hand zu weisen, dass sich unsere Fortschrittsidee sehr oft auf das rein \u00d6konomische und Technische reduziert hat. Damit werden wir die Zukunft, wie wir Sie gerade von Ihnen noch einmal aufgerufen bekommen haben, nicht gewinnen. Wir werden an einer anderen Zukunft arbeiten m\u00fcssen. Darum sind diese Enzyklika und das, was Sie getan haben, lieber Herr Edenhofer, und was Sie weiter tun, von so unglaublich gro\u00dfer Bedeutung. Wir stehen nicht nur an Ihrer Seite; Sie stehen auch an unserer Seite. Danke daf\u00fcr, dass Sie das auch noch einmal deutlich gemacht haben.<\/p>\n<p>Umso trauriger bin ich dann, wenn ich manchmal in die politischen und kirchlichen Diskurse schaue: kleinkariert und eng! Wir verzetteln uns in neuen Nationalismen und \u00f6kumenisch nicht sehr weitreichenden kleinen Diskussionen. Und die Welt steht in Flammen, wir stehen vor gro\u00dfen Herausforderungen, wir m\u00fcssen als Christen etwas tun, was Menschen zusammenf\u00fchrt. Aber manche Bewegungen sind heute eigentlich die, die wieder zur\u00fcckf\u00fchren in die kleinen Identit\u00e4tsinteressen, in Selbstbehauptungsstrategien gegen andere. Welch ein Wahnsinn! Wir m\u00fcssen diese Diskussion umdrehen, und da, meine ich, hat die Kirche eine besondere Aufgabe. Sie darf nicht auf der Seite derer stehen, die wieder ins Kleinkarierte zur\u00fcckfallen und im Grunde die alten Gegens\u00e4tze zelebrieren, mit dem Vorwand der Tradition. Das d\u00fcrfen wir nicht zulassen.<\/p>\n<p>Da m\u00fcssen wir den gro\u00dfen Bogen aufnehmen, und das tut der Papst, mit Hilfe auch von Personen wie Ottmar Edenhofer. Sie haben den Preis verdient, herzlichen Gl\u00fcckwunsch! Wir arbeiten gemeinsam weiter.<\/p>\n<p><em>Die freie Rede wurde f\u00fcr die Drucklegung nur geringf\u00fcgig bearbeitet<\/em><\/p>","protected":false},"excerpt":{"rendered":"<p>Verehrter, lieber Herr Edenhofer, liebe Familie Edenhofer, meine sehr verehrten Damen und Herren, liebe G\u00e4ste dieses wunderbaren Festaktes, der uns inspiriert! Danke f\u00fcr Ihre bewegende Rede, die alle Facetten von ermutigender Predigt, wissenschaftlicher Analyse und politischem Diskurs aufgegriffen hat. Daran k\u00f6nnen sich viele ein Beispiel nehmen, wie man interessant und in einem weiten Horizont Menschen&hellip;<\/p>","protected":false},"author":5,"featured_media":0,"menu_order":310,"template":"","meta":{"_relevanssi_hide_post":"","_relevanssi_hide_content":"","_relevanssi_pin_for_all":"","_relevanssi_pin_keywords":"","_relevanssi_unpin_keywords":"","_relevanssi_related_keywords":"","_relevanssi_related_include_ids":"","_relevanssi_related_exclude_ids":"","_relevanssi_related_no_append":"","_relevanssi_related_not_related":"","_relevanssi_related_posts":"","_relevanssi_noindex_reason":"","footnotes":""},"class_list":["post-113169","media-library","type-media-library","status-publish","hentry"],"yoast_head":"<!-- This site is optimized with the Yoast SEO plugin v27.4 - https:\/\/yoast.com\/product\/yoast-seo-wordpress\/ -->\n<title>Schlusswort aus Anlass der Verleihung des Romano Guardini Preises 2018 an Ottmar Edenhofer - Katholische Akademie in Bayern<\/title>\n<meta name=\"robots\" content=\"index, follow, max-snippet:-1, max-image-preview:large, max-video-preview:-1\" \/>\n<link rel=\"canonical\" href=\"https:\/\/kath-akademie-bayern.de\/en\/mediathek-eintrag\/schlusswort-aus-anlass-der-verleihung-des-romano-guardini-preises-2018-an-ottmar-edenhofer\/\" \/>\n<meta property=\"og:locale\" content=\"en_GB\" \/>\n<meta property=\"og:type\" content=\"article\" \/>\n<meta property=\"og:title\" content=\"Schlusswort aus Anlass der Verleihung des Romano Guardini Preises 2018 an Ottmar Edenhofer - Katholische Akademie in Bayern\" \/>\n<meta property=\"og:description\" content=\"Verehrter, lieber Herr Edenhofer, liebe Familie Edenhofer, meine sehr verehrten Damen und Herren, liebe G\u00e4ste dieses wunderbaren Festaktes, der uns inspiriert! Danke f\u00fcr Ihre bewegende Rede, die alle Facetten von ermutigender Predigt, wissenschaftlicher Analyse und politischem Diskurs aufgegriffen hat. Daran k\u00f6nnen sich viele ein Beispiel nehmen, wie man interessant und in einem weiten Horizont Menschen&hellip;\" \/>\n<meta property=\"og:url\" content=\"https:\/\/kath-akademie-bayern.de\/en\/mediathek-eintrag\/schlusswort-aus-anlass-der-verleihung-des-romano-guardini-preises-2018-an-ottmar-edenhofer\/\" \/>\n<meta property=\"og:site_name\" content=\"Katholische Akademie in Bayern\" \/>\n<meta property=\"article:publisher\" content=\"https:\/\/www.facebook.com\/katholische.akademie.bayern\/\" \/>\n<meta property=\"og:image\" content=\"https:\/\/kath-akademie-bayern.de\/wp-content\/uploads\/Menue-Logo-Home@2x.png\" \/>\n\t<meta property=\"og:image:width\" content=\"496\" \/>\n\t<meta property=\"og:image:height\" content=\"216\" \/>\n\t<meta property=\"og:image:type\" content=\"image\/png\" \/>\n<meta name=\"twitter:card\" content=\"summary_large_image\" \/>\n<meta name=\"twitter:label1\" content=\"Estimated reading time\" \/>\n\t<meta name=\"twitter:data1\" content=\"6 minutes\" \/>\n<script type=\"application\/ld+json\" class=\"yoast-schema-graph\">{\"@context\":\"https:\\\/\\\/schema.org\",\"@graph\":[{\"@type\":\"WebPage\",\"@id\":\"https:\\\/\\\/kath-akademie-bayern.de\\\/mediathek-eintrag\\\/schlusswort-aus-anlass-der-verleihung-des-romano-guardini-preises-2018-an-ottmar-edenhofer\\\/\",\"url\":\"https:\\\/\\\/kath-akademie-bayern.de\\\/mediathek-eintrag\\\/schlusswort-aus-anlass-der-verleihung-des-romano-guardini-preises-2018-an-ottmar-edenhofer\\\/\",\"name\":\"Schlusswort aus Anlass der Verleihung des Romano Guardini Preises 2018 an Ottmar Edenhofer - Katholische Akademie in Bayern\",\"isPartOf\":{\"@id\":\"https:\\\/\\\/kath-akademie-bayern.de\\\/#website\"},\"datePublished\":\"2025-11-20T09:43:44+00:00\",\"breadcrumb\":{\"@id\":\"https:\\\/\\\/kath-akademie-bayern.de\\\/mediathek-eintrag\\\/schlusswort-aus-anlass-der-verleihung-des-romano-guardini-preises-2018-an-ottmar-edenhofer\\\/#breadcrumb\"},\"inLanguage\":\"en-GB\",\"potentialAction\":[{\"@type\":\"ReadAction\",\"target\":[\"https:\\\/\\\/kath-akademie-bayern.de\\\/mediathek-eintrag\\\/schlusswort-aus-anlass-der-verleihung-des-romano-guardini-preises-2018-an-ottmar-edenhofer\\\/\"]}]},{\"@type\":\"BreadcrumbList\",\"@id\":\"https:\\\/\\\/kath-akademie-bayern.de\\\/mediathek-eintrag\\\/schlusswort-aus-anlass-der-verleihung-des-romano-guardini-preises-2018-an-ottmar-edenhofer\\\/#breadcrumb\",\"itemListElement\":[{\"@type\":\"ListItem\",\"position\":1,\"name\":\"Startseite\",\"item\":\"https:\\\/\\\/kath-akademie-bayern.de\\\/\"},{\"@type\":\"ListItem\",\"position\":2,\"name\":\"Schlusswort aus Anlass der Verleihung des Romano Guardini Preises 2018 an Ottmar Edenhofer\"}]},{\"@type\":\"WebSite\",\"@id\":\"https:\\\/\\\/kath-akademie-bayern.de\\\/#website\",\"url\":\"https:\\\/\\\/kath-akademie-bayern.de\\\/\",\"name\":\"Katholische Akademie in Bayern\",\"description\":\"Kirche braucht Debatte: \u201ekatholisch\u201c mit Blick auf das Ganze \u2013 und \u201eakademisch\u201c im Vertrauen auf die Kraft der Argumente\",\"publisher\":{\"@id\":\"https:\\\/\\\/kath-akademie-bayern.de\\\/#organization\"},\"potentialAction\":[{\"@type\":\"SearchAction\",\"target\":{\"@type\":\"EntryPoint\",\"urlTemplate\":\"https:\\\/\\\/kath-akademie-bayern.de\\\/?s={search_term_string}\"},\"query-input\":{\"@type\":\"PropertyValueSpecification\",\"valueRequired\":true,\"valueName\":\"search_term_string\"}}],\"inLanguage\":\"en-GB\"},{\"@type\":\"Organization\",\"@id\":\"https:\\\/\\\/kath-akademie-bayern.de\\\/#organization\",\"name\":\"Katholische Akademie in Bayern\",\"url\":\"https:\\\/\\\/kath-akademie-bayern.de\\\/\",\"logo\":{\"@type\":\"ImageObject\",\"inLanguage\":\"en-GB\",\"@id\":\"https:\\\/\\\/kath-akademie-bayern.de\\\/#\\\/schema\\\/logo\\\/image\\\/\",\"url\":\"https:\\\/\\\/kath-akademie-bayern.de\\\/wp-content\\\/uploads\\\/Menue-Logo-Home@2x.png\",\"contentUrl\":\"https:\\\/\\\/kath-akademie-bayern.de\\\/wp-content\\\/uploads\\\/Menue-Logo-Home@2x.png\",\"width\":496,\"height\":216,\"caption\":\"Katholische Akademie in Bayern\"},\"image\":{\"@id\":\"https:\\\/\\\/kath-akademie-bayern.de\\\/#\\\/schema\\\/logo\\\/image\\\/\"},\"sameAs\":[\"https:\\\/\\\/www.facebook.com\\\/katholische.akademie.bayern\\\/\"]}]}<\/script>\n<!-- \/ Yoast SEO plugin. -->","yoast_head_json":{"title":"Schlusswort aus Anlass der Verleihung des Romano Guardini Preises 2018 an Ottmar Edenhofer - Katholische Akademie in Bayern","robots":{"index":"index","follow":"follow","max-snippet":"max-snippet:-1","max-image-preview":"max-image-preview:large","max-video-preview":"max-video-preview:-1"},"canonical":"https:\/\/kath-akademie-bayern.de\/en\/mediathek-eintrag\/schlusswort-aus-anlass-der-verleihung-des-romano-guardini-preises-2018-an-ottmar-edenhofer\/","og_locale":"en_GB","og_type":"article","og_title":"Schlusswort aus Anlass der Verleihung des Romano Guardini Preises 2018 an Ottmar Edenhofer - Katholische Akademie in Bayern","og_description":"Verehrter, lieber Herr Edenhofer, liebe Familie Edenhofer, meine sehr verehrten Damen und Herren, liebe G\u00e4ste dieses wunderbaren Festaktes, der uns inspiriert! Danke f\u00fcr Ihre bewegende Rede, die alle Facetten von ermutigender Predigt, wissenschaftlicher Analyse und politischem Diskurs aufgegriffen hat. Daran k\u00f6nnen sich viele ein Beispiel nehmen, wie man interessant und in einem weiten Horizont Menschen&hellip;","og_url":"https:\/\/kath-akademie-bayern.de\/en\/mediathek-eintrag\/schlusswort-aus-anlass-der-verleihung-des-romano-guardini-preises-2018-an-ottmar-edenhofer\/","og_site_name":"Katholische Akademie in Bayern","article_publisher":"https:\/\/www.facebook.com\/katholische.akademie.bayern\/","og_image":[{"width":496,"height":216,"url":"https:\/\/kath-akademie-bayern.de\/wp-content\/uploads\/Menue-Logo-Home@2x.png","type":"image\/png"}],"twitter_card":"summary_large_image","twitter_misc":{"Estimated reading time":"6 minutes"},"schema":{"@context":"https:\/\/schema.org","@graph":[{"@type":"WebPage","@id":"https:\/\/kath-akademie-bayern.de\/mediathek-eintrag\/schlusswort-aus-anlass-der-verleihung-des-romano-guardini-preises-2018-an-ottmar-edenhofer\/","url":"https:\/\/kath-akademie-bayern.de\/mediathek-eintrag\/schlusswort-aus-anlass-der-verleihung-des-romano-guardini-preises-2018-an-ottmar-edenhofer\/","name":"Schlusswort aus Anlass der Verleihung des Romano Guardini Preises 2018 an Ottmar Edenhofer - Katholische Akademie in Bayern","isPartOf":{"@id":"https:\/\/kath-akademie-bayern.de\/#website"},"datePublished":"2025-11-20T09:43:44+00:00","breadcrumb":{"@id":"https:\/\/kath-akademie-bayern.de\/mediathek-eintrag\/schlusswort-aus-anlass-der-verleihung-des-romano-guardini-preises-2018-an-ottmar-edenhofer\/#breadcrumb"},"inLanguage":"en-GB","potentialAction":[{"@type":"ReadAction","target":["https:\/\/kath-akademie-bayern.de\/mediathek-eintrag\/schlusswort-aus-anlass-der-verleihung-des-romano-guardini-preises-2018-an-ottmar-edenhofer\/"]}]},{"@type":"BreadcrumbList","@id":"https:\/\/kath-akademie-bayern.de\/mediathek-eintrag\/schlusswort-aus-anlass-der-verleihung-des-romano-guardini-preises-2018-an-ottmar-edenhofer\/#breadcrumb","itemListElement":[{"@type":"ListItem","position":1,"name":"Startseite","item":"https:\/\/kath-akademie-bayern.de\/"},{"@type":"ListItem","position":2,"name":"Schlusswort aus Anlass der Verleihung des Romano Guardini Preises 2018 an Ottmar Edenhofer"}]},{"@type":"WebSite","@id":"https:\/\/kath-akademie-bayern.de\/#website","url":"https:\/\/kath-akademie-bayern.de\/","name":"Catholic Academy in Bavaria","description":"Church needs debate: \"catholic\" looking at the whole - and \"academic\" trusting in the power of arguments","publisher":{"@id":"https:\/\/kath-akademie-bayern.de\/#organization"},"potentialAction":[{"@type":"SearchAction","target":{"@type":"EntryPoint","urlTemplate":"https:\/\/kath-akademie-bayern.de\/?s={search_term_string}"},"query-input":{"@type":"PropertyValueSpecification","valueRequired":true,"valueName":"search_term_string"}}],"inLanguage":"en-GB"},{"@type":"Organization","@id":"https:\/\/kath-akademie-bayern.de\/#organization","name":"Catholic Academy in Bavaria","url":"https:\/\/kath-akademie-bayern.de\/","logo":{"@type":"ImageObject","inLanguage":"en-GB","@id":"https:\/\/kath-akademie-bayern.de\/#\/schema\/logo\/image\/","url":"https:\/\/kath-akademie-bayern.de\/wp-content\/uploads\/Menue-Logo-Home@2x.png","contentUrl":"https:\/\/kath-akademie-bayern.de\/wp-content\/uploads\/Menue-Logo-Home@2x.png","width":496,"height":216,"caption":"Katholische Akademie in Bayern"},"image":{"@id":"https:\/\/kath-akademie-bayern.de\/#\/schema\/logo\/image\/"},"sameAs":["https:\/\/www.facebook.com\/katholische.akademie.bayern\/"]}]}},"_links":{"self":[{"href":"https:\/\/kath-akademie-bayern.de\/en\/wp-json\/wp\/v2\/media-library\/113169","targetHints":{"allow":["GET"]}}],"collection":[{"href":"https:\/\/kath-akademie-bayern.de\/en\/wp-json\/wp\/v2\/media-library"}],"about":[{"href":"https:\/\/kath-akademie-bayern.de\/en\/wp-json\/wp\/v2\/types\/media-library"}],"author":[{"embeddable":true,"href":"https:\/\/kath-akademie-bayern.de\/en\/wp-json\/wp\/v2\/users\/5"}],"version-history":[{"count":1,"href":"https:\/\/kath-akademie-bayern.de\/en\/wp-json\/wp\/v2\/media-library\/113169\/revisions"}],"predecessor-version":[{"id":113170,"href":"https:\/\/kath-akademie-bayern.de\/en\/wp-json\/wp\/v2\/media-library\/113169\/revisions\/113170"}],"wp:attachment":[{"href":"https:\/\/kath-akademie-bayern.de\/en\/wp-json\/wp\/v2\/media?parent=113169"}],"curies":[{"name":"wp","href":"https:\/\/api.w.org\/{rel}","templated":true}]}}