{"id":117832,"date":"2026-01-16T10:32:53","date_gmt":"2026-01-16T09:32:53","guid":{"rendered":"https:\/\/kath-akademie-bayern.de\/?post_type=media-library&#038;p=117832"},"modified":"2026-01-16T10:32:53","modified_gmt":"2026-01-16T09:32:53","slug":"digitale-landwirtschaft-was-ist-moeglich","status":"publish","type":"media-library","link":"https:\/\/kath-akademie-bayern.de\/en\/mediathek-eintrag\/digitale-landwirtschaft-was-ist-moeglich\/","title":{"rendered":"Digitale Landwirtschaft \u2013 was ist m\u00f6glich?"},"content":{"rendered":"<p><strong>Frage:<\/strong> Herr Migende, was versteht man heute unter digitaler Landwirtschaft?<\/p>\n<p><strong>J\u00f6rg Migende:<\/strong> Prozessgesteuerte Betriebsf\u00fchrung \u2013 dazu geh\u00f6ren nicht nur vernetzte Maschinen und der Einsatz intelligenter Farm-Management-Systeme, sondern auch die Nutzung von Sensorik auf dem Acker und die Einbindung von Daten von Satelliten. Mit konsequenter Digitalisierung k\u00f6nnen wir die Landwirtschaft noch effizienter gestalten \u2013 diese Entwicklung wird die Prozesse im Agrarsektor dramatisch ver\u00e4ndern.<\/p>\n<p>&nbsp;<\/p>\n<p><strong>Frage:<\/strong> Was ist heute in diesem Bereich schon m\u00f6glich und wo liegen die gr\u00f6\u00dften Chancen, aber auch Herausforderungen f\u00fcr die Zukunft? Vielleicht k\u00f6nnen Sie einige ganz konkrete praktische Nutzungsm\u00f6glichkeiten nennen.<\/p>\n<p><strong>J\u00f6rg Migende:<\/strong> Am weitesten sind derzeit L\u00f6sungen bei denen GPS-Technik, Sensorik und Systeme zur Fernerkundung zum Einsatz kommen. Der Effizienzdruck innerhalb der Landwirtschaft durch die schwierige Preissituation f\u00fcr Erzeugnisse befeuert die Nachfrage nach digitalen L\u00f6sungen sp\u00fcrbar. Die Betriebe verschiedenster Gr\u00f6\u00dfen, also auch kleinere und mittlere Betriebe, wollen von den Vorteilen profitieren um eigene Betriebszweige und Prozesse zu optimieren. Die Chancen liegen darin durch Digital Farming das Zusammenspiel aus Qualit\u00e4t, Effizienz und Ressourcenschonung zu erreichen.<\/p>\n<p>&nbsp;<\/p>\n<p><strong>Frage:<\/strong> Der Einsatz von Pflanzenschutzmitteln und D\u00fcngern wird heute kontrovers diskutiert. Bietet die digitale Landwirtschaft hier neue M\u00f6glichkeiten, die einen (noch) schonenderen Umgang mit der Umwelt erm\u00f6glichen?<\/p>\n<p><strong>J\u00f6rg Migende:<\/strong> Dies ist einer der zentralen Vorteile von Digital Farming. Ein wesentlicher Fortschritt ist die enorm verbesserte Pr\u00e4zision auf dem Feld im Zusammenspiel mit moderner Landtechnik. Dadurch kann heute auf den Quadratmeter genau zum Beispiel D\u00fcnger ausgebracht werden, wodurch Wirtschaftlichkeit und Umweltschutz gleichzeitig verbessert werden.<\/p>\n<p>&nbsp;<\/p>\n<p><strong>Frage:<\/strong> Es gibt bereits ein Projekt f\u00fcr Smart Farming im Obst- und Weinbau gibt. Worum geht es da genau?<\/p>\n<p><strong>J\u00f6rg Migende:<\/strong> Seit Herbst 2016 sind wir hier aktiv. Seither gab es Sondierungen am Bodensee sowie erste Testl\u00e4ufe in Mainfranken und im Raum Forchheim. Dort wollen wir in den n\u00e4chsten Monaten auch neu verf\u00fcgbare Sensorik im Feld testen und neue Anwendermodelle \u00fcberlegen.<\/p>\n<p>Die Digitalisierung ist im Bereich Logistik, Lager, Aufbereitung und Weitervermarktung weit fortgeschritten. Im Bereich Produktionstechnik auf dem Feld gibt es jedoch Nachholbedarf und gute Chancen f\u00fcr die neuen Technologien. Schwerpunkte sind hier Einsparung von Pflanzenschutzaufwendungen durch fr\u00fchzeitige, sensor-gest\u00fctzte Erkennung von Befallsnestern, Sch\u00e4dlingsaufkommen und damit verbundene Prognosemodelle. Dabei hilft GPS gest\u00fctzte Lokalisierung. Damit verbunden ist auch die automatisierte Aufzeichnung von Vorg\u00e4ngen auf dem Feld und die effiziente Planung und Abarbeitung von Arbeitseins\u00e4tzen.<\/p>\n<p>Die Umsetzung solcher M\u00f6glichkeiten scheint am ehesten \u00fcber die Anbaugemeinschaften interessant. \u00dcberbetriebliche Strategien sind klar im Vorteil zu Einzell\u00f6sungen.<\/p>\n<p><strong>Frage:<\/strong> Welchen Beitrag kann Digital Farming leisten, damit der Landwirt Kosten und Erl\u00f6se besser in den Griff bekommt?<\/p>\n<p><strong>J\u00f6rg Migende:<\/strong> Denkbar sind heute digitale L\u00f6sungen in fast allen Bereichen. Dies umfasst s\u00e4mtliche betriebliche Prozesse deren Planung, Steuerung und \u00dcberwachung. Hinzu kommt die Vernetzung der einzelnen Betriebszweige untereinander als auch mit den vor- und nachgelagerten Stufen der Wertsch\u00f6pfungskette \u2013 sofern der Landwirt dies w\u00fcnscht.<\/p>\n<p>&nbsp;<\/p>\n<p><strong>Frage:<\/strong> Ist Digital Farming heute f\u00fcr die Landwirte eigentlich schon ein MUSS, oder kann der Bauer davor noch \u201eberuhigt die Augen verschlie\u00dfen\u201c? In wie weit ist es finanziell leistbar?<\/p>\n<p><strong>J\u00f6rg Migende:<\/strong> Wenn es darum geht, neue Technologien zur Verbesserung der betrieblichen Prozesse einzusetzen, darf man die Innovationskraft der Landwirtschaft keinesfalls untersch\u00e4tzen. Genau dabei unterst\u00fctzen wir unsere Kunden. Unser Ziel ist es, die Vorteile der Digitalisierung wie Zeitersparnis und Ressourcenschonung unabh\u00e4ngig von der jeweiligen Betriebsgr\u00f6\u00dfe in der Praxis nutzbar zu machen \u2013 das hei\u00dft auch, dass es sich rechnen muss.<\/p>\n<p>&nbsp;<\/p>\n<p><strong>Frage:<\/strong> Wie wird sich das Berufsbild des Landwirtes bzw. die Arbeit als Landwirt durch Digital Farming in den n\u00e4chsten Jahren \u00e4ndern? Ihre Vision?<\/p>\n<p><strong>J\u00f6rg Migende:<\/strong> Die Landwirtschaft ist seit jeher durch die Technisierung im Wandel. Durch die zunehmende digitale Automatisierung und Vernetzung wird neben steigender Produktivit\u00e4t eine zus\u00e4tzlich Verschiebung der T\u00e4tigkeit hin zum Management stattfinden. Dabei muss der Landwirt seine Position als eigenst\u00e4ndiger Unternehmer st\u00e4rken. Das unternehmerische Denken und die betriebliche Verantwortung wird ein Computer f\u00fcr den Menschen nicht \u00fcbernehmen k\u00f6nnen.<\/p>\n<p>Die meisten Ver\u00e4nderungen der Digitalisierung sind von au\u00dfen wenig sichtbar. Die Digitalisierung ist zwar in vielen Bereichen f\u00fcr den Landwirt von Nutzen, aber sie ist in erster Linie virtuell. So profitieren heute zum Beispiel in Oberbayern gerade mittlere Familienbetriebe vom Einsatz eines Melkroboters von einer Zeitersparnis und Arbeitserleichterung. Wenn also landwirtschaftliche Betriebe durch die Digitalisierung wirtschaftlicher werden, k\u00f6nnte dies sogar die bestehende Struktur st\u00e4rken.<\/p>","protected":false},"excerpt":{"rendered":"<p>Frage: Herr Migende, was versteht man heute unter digitaler Landwirtschaft? J\u00f6rg Migende: Prozessgesteuerte Betriebsf\u00fchrung \u2013 dazu geh\u00f6ren nicht nur vernetzte Maschinen und der Einsatz intelligenter Farm-Management-Systeme, sondern auch die Nutzung von Sensorik auf dem Acker und die Einbindung von Daten von Satelliten. Mit konsequenter Digitalisierung k\u00f6nnen wir die Landwirtschaft noch effizienter gestalten \u2013 diese Entwicklung&hellip;<\/p>","protected":false},"author":5,"featured_media":32559,"menu_order":198,"template":"","meta":{"_relevanssi_hide_post":"","_relevanssi_hide_content":"","_relevanssi_pin_for_all":"","_relevanssi_pin_keywords":"","_relevanssi_unpin_keywords":"","_relevanssi_related_keywords":"","_relevanssi_related_include_ids":"","_relevanssi_related_exclude_ids":"","_relevanssi_related_no_append":"","_relevanssi_related_not_related":"","_relevanssi_related_posts":"","_relevanssi_noindex_reason":"","footnotes":""},"class_list":["post-117832","media-library","type-media-library","status-publish","has-post-thumbnail","hentry"],"yoast_head":"<!-- This site is optimized with the Yoast SEO plugin v27.4 - https:\/\/yoast.com\/product\/yoast-seo-wordpress\/ -->\n<title>Digitale Landwirtschaft \u2013 was ist m\u00f6glich? - Katholische Akademie in Bayern<\/title>\n<meta name=\"robots\" content=\"index, follow, max-snippet:-1, max-image-preview:large, max-video-preview:-1\" \/>\n<link rel=\"canonical\" href=\"https:\/\/kath-akademie-bayern.de\/en\/mediathek-eintrag\/digitale-landwirtschaft-was-ist-moeglich\/\" \/>\n<meta property=\"og:locale\" content=\"en_GB\" \/>\n<meta property=\"og:type\" content=\"article\" \/>\n<meta property=\"og:title\" content=\"Digitale Landwirtschaft \u2013 was ist m\u00f6glich? - Katholische Akademie in Bayern\" \/>\n<meta property=\"og:description\" content=\"Frage: Herr Migende, was versteht man heute unter digitaler Landwirtschaft? J\u00f6rg Migende: Prozessgesteuerte Betriebsf\u00fchrung \u2013 dazu geh\u00f6ren nicht nur vernetzte Maschinen und der Einsatz intelligenter Farm-Management-Systeme, sondern auch die Nutzung von Sensorik auf dem Acker und die Einbindung von Daten von Satelliten. Mit konsequenter Digitalisierung k\u00f6nnen wir die Landwirtschaft noch effizienter gestalten \u2013 diese Entwicklung&hellip;\" \/>\n<meta property=\"og:url\" content=\"https:\/\/kath-akademie-bayern.de\/en\/mediathek-eintrag\/digitale-landwirtschaft-was-ist-moeglich\/\" \/>\n<meta property=\"og:site_name\" content=\"Katholische Akademie in Bayern\" \/>\n<meta property=\"article:publisher\" content=\"https:\/\/www.facebook.com\/katholische.akademie.bayern\/\" \/>\n<meta property=\"og:image\" content=\"https:\/\/kath-akademie-bayern.de\/wp-content\/uploads\/Naturwissenschaft_Medizin_Technik.jpg\" \/>\n\t<meta property=\"og:image:width\" content=\"872\" \/>\n\t<meta property=\"og:image:height\" content=\"490\" \/>\n\t<meta property=\"og:image:type\" content=\"image\/jpeg\" \/>\n<meta name=\"twitter:card\" content=\"summary_large_image\" \/>\n<meta name=\"twitter:label1\" content=\"Estimated reading time\" \/>\n\t<meta name=\"twitter:data1\" content=\"5 minutes\" \/>\n<script type=\"application\/ld+json\" class=\"yoast-schema-graph\">{\"@context\":\"https:\\\/\\\/schema.org\",\"@graph\":[{\"@type\":\"WebPage\",\"@id\":\"https:\\\/\\\/kath-akademie-bayern.de\\\/mediathek-eintrag\\\/digitale-landwirtschaft-was-ist-moeglich\\\/\",\"url\":\"https:\\\/\\\/kath-akademie-bayern.de\\\/mediathek-eintrag\\\/digitale-landwirtschaft-was-ist-moeglich\\\/\",\"name\":\"Digitale Landwirtschaft \u2013 was ist m\u00f6glich? - Katholische Akademie in Bayern\",\"isPartOf\":{\"@id\":\"https:\\\/\\\/kath-akademie-bayern.de\\\/#website\"},\"primaryImageOfPage\":{\"@id\":\"https:\\\/\\\/kath-akademie-bayern.de\\\/mediathek-eintrag\\\/digitale-landwirtschaft-was-ist-moeglich\\\/#primaryimage\"},\"image\":{\"@id\":\"https:\\\/\\\/kath-akademie-bayern.de\\\/mediathek-eintrag\\\/digitale-landwirtschaft-was-ist-moeglich\\\/#primaryimage\"},\"thumbnailUrl\":\"https:\\\/\\\/kath-akademie-bayern.de\\\/wp-content\\\/uploads\\\/Naturwissenschaft_Medizin_Technik.jpg\",\"datePublished\":\"2026-01-16T09:32:53+00:00\",\"breadcrumb\":{\"@id\":\"https:\\\/\\\/kath-akademie-bayern.de\\\/mediathek-eintrag\\\/digitale-landwirtschaft-was-ist-moeglich\\\/#breadcrumb\"},\"inLanguage\":\"en-GB\",\"potentialAction\":[{\"@type\":\"ReadAction\",\"target\":[\"https:\\\/\\\/kath-akademie-bayern.de\\\/mediathek-eintrag\\\/digitale-landwirtschaft-was-ist-moeglich\\\/\"]}]},{\"@type\":\"ImageObject\",\"inLanguage\":\"en-GB\",\"@id\":\"https:\\\/\\\/kath-akademie-bayern.de\\\/mediathek-eintrag\\\/digitale-landwirtschaft-was-ist-moeglich\\\/#primaryimage\",\"url\":\"https:\\\/\\\/kath-akademie-bayern.de\\\/wp-content\\\/uploads\\\/Naturwissenschaft_Medizin_Technik.jpg\",\"contentUrl\":\"https:\\\/\\\/kath-akademie-bayern.de\\\/wp-content\\\/uploads\\\/Naturwissenschaft_Medizin_Technik.jpg\",\"width\":872,\"height\":490},{\"@type\":\"BreadcrumbList\",\"@id\":\"https:\\\/\\\/kath-akademie-bayern.de\\\/mediathek-eintrag\\\/digitale-landwirtschaft-was-ist-moeglich\\\/#breadcrumb\",\"itemListElement\":[{\"@type\":\"ListItem\",\"position\":1,\"name\":\"Startseite\",\"item\":\"https:\\\/\\\/kath-akademie-bayern.de\\\/\"},{\"@type\":\"ListItem\",\"position\":2,\"name\":\"Digitale Landwirtschaft \u2013 was ist m\u00f6glich?\"}]},{\"@type\":\"WebSite\",\"@id\":\"https:\\\/\\\/kath-akademie-bayern.de\\\/#website\",\"url\":\"https:\\\/\\\/kath-akademie-bayern.de\\\/\",\"name\":\"Katholische Akademie in Bayern\",\"description\":\"Kirche braucht Debatte: \u201ekatholisch\u201c mit Blick auf das Ganze \u2013 und \u201eakademisch\u201c im Vertrauen auf die Kraft der Argumente\",\"publisher\":{\"@id\":\"https:\\\/\\\/kath-akademie-bayern.de\\\/#organization\"},\"potentialAction\":[{\"@type\":\"SearchAction\",\"target\":{\"@type\":\"EntryPoint\",\"urlTemplate\":\"https:\\\/\\\/kath-akademie-bayern.de\\\/?s={search_term_string}\"},\"query-input\":{\"@type\":\"PropertyValueSpecification\",\"valueRequired\":true,\"valueName\":\"search_term_string\"}}],\"inLanguage\":\"en-GB\"},{\"@type\":\"Organization\",\"@id\":\"https:\\\/\\\/kath-akademie-bayern.de\\\/#organization\",\"name\":\"Katholische Akademie in Bayern\",\"url\":\"https:\\\/\\\/kath-akademie-bayern.de\\\/\",\"logo\":{\"@type\":\"ImageObject\",\"inLanguage\":\"en-GB\",\"@id\":\"https:\\\/\\\/kath-akademie-bayern.de\\\/#\\\/schema\\\/logo\\\/image\\\/\",\"url\":\"https:\\\/\\\/kath-akademie-bayern.de\\\/wp-content\\\/uploads\\\/Menue-Logo-Home@2x.png\",\"contentUrl\":\"https:\\\/\\\/kath-akademie-bayern.de\\\/wp-content\\\/uploads\\\/Menue-Logo-Home@2x.png\",\"width\":496,\"height\":216,\"caption\":\"Katholische Akademie in Bayern\"},\"image\":{\"@id\":\"https:\\\/\\\/kath-akademie-bayern.de\\\/#\\\/schema\\\/logo\\\/image\\\/\"},\"sameAs\":[\"https:\\\/\\\/www.facebook.com\\\/katholische.akademie.bayern\\\/\"]}]}<\/script>\n<!-- \/ Yoast SEO plugin. -->","yoast_head_json":{"title":"Digitale Landwirtschaft \u2013 was ist m\u00f6glich? - Katholische Akademie in Bayern","robots":{"index":"index","follow":"follow","max-snippet":"max-snippet:-1","max-image-preview":"max-image-preview:large","max-video-preview":"max-video-preview:-1"},"canonical":"https:\/\/kath-akademie-bayern.de\/en\/mediathek-eintrag\/digitale-landwirtschaft-was-ist-moeglich\/","og_locale":"en_GB","og_type":"article","og_title":"Digitale Landwirtschaft \u2013 was ist m\u00f6glich? - Katholische Akademie in Bayern","og_description":"Frage: Herr Migende, was versteht man heute unter digitaler Landwirtschaft? J\u00f6rg Migende: Prozessgesteuerte Betriebsf\u00fchrung \u2013 dazu geh\u00f6ren nicht nur vernetzte Maschinen und der Einsatz intelligenter Farm-Management-Systeme, sondern auch die Nutzung von Sensorik auf dem Acker und die Einbindung von Daten von Satelliten. Mit konsequenter Digitalisierung k\u00f6nnen wir die Landwirtschaft noch effizienter gestalten \u2013 diese Entwicklung&hellip;","og_url":"https:\/\/kath-akademie-bayern.de\/en\/mediathek-eintrag\/digitale-landwirtschaft-was-ist-moeglich\/","og_site_name":"Katholische Akademie in Bayern","article_publisher":"https:\/\/www.facebook.com\/katholische.akademie.bayern\/","og_image":[{"width":872,"height":490,"url":"https:\/\/kath-akademie-bayern.de\/wp-content\/uploads\/Naturwissenschaft_Medizin_Technik.jpg","type":"image\/jpeg"}],"twitter_card":"summary_large_image","twitter_misc":{"Estimated reading time":"5 minutes"},"schema":{"@context":"https:\/\/schema.org","@graph":[{"@type":"WebPage","@id":"https:\/\/kath-akademie-bayern.de\/mediathek-eintrag\/digitale-landwirtschaft-was-ist-moeglich\/","url":"https:\/\/kath-akademie-bayern.de\/mediathek-eintrag\/digitale-landwirtschaft-was-ist-moeglich\/","name":"Digitale Landwirtschaft \u2013 was ist m\u00f6glich? - Katholische Akademie in Bayern","isPartOf":{"@id":"https:\/\/kath-akademie-bayern.de\/#website"},"primaryImageOfPage":{"@id":"https:\/\/kath-akademie-bayern.de\/mediathek-eintrag\/digitale-landwirtschaft-was-ist-moeglich\/#primaryimage"},"image":{"@id":"https:\/\/kath-akademie-bayern.de\/mediathek-eintrag\/digitale-landwirtschaft-was-ist-moeglich\/#primaryimage"},"thumbnailUrl":"https:\/\/kath-akademie-bayern.de\/wp-content\/uploads\/Naturwissenschaft_Medizin_Technik.jpg","datePublished":"2026-01-16T09:32:53+00:00","breadcrumb":{"@id":"https:\/\/kath-akademie-bayern.de\/mediathek-eintrag\/digitale-landwirtschaft-was-ist-moeglich\/#breadcrumb"},"inLanguage":"en-GB","potentialAction":[{"@type":"ReadAction","target":["https:\/\/kath-akademie-bayern.de\/mediathek-eintrag\/digitale-landwirtschaft-was-ist-moeglich\/"]}]},{"@type":"ImageObject","inLanguage":"en-GB","@id":"https:\/\/kath-akademie-bayern.de\/mediathek-eintrag\/digitale-landwirtschaft-was-ist-moeglich\/#primaryimage","url":"https:\/\/kath-akademie-bayern.de\/wp-content\/uploads\/Naturwissenschaft_Medizin_Technik.jpg","contentUrl":"https:\/\/kath-akademie-bayern.de\/wp-content\/uploads\/Naturwissenschaft_Medizin_Technik.jpg","width":872,"height":490},{"@type":"BreadcrumbList","@id":"https:\/\/kath-akademie-bayern.de\/mediathek-eintrag\/digitale-landwirtschaft-was-ist-moeglich\/#breadcrumb","itemListElement":[{"@type":"ListItem","position":1,"name":"Startseite","item":"https:\/\/kath-akademie-bayern.de\/"},{"@type":"ListItem","position":2,"name":"Digitale Landwirtschaft \u2013 was ist m\u00f6glich?"}]},{"@type":"WebSite","@id":"https:\/\/kath-akademie-bayern.de\/#website","url":"https:\/\/kath-akademie-bayern.de\/","name":"Catholic Academy in Bavaria","description":"Church needs debate: \"catholic\" looking at the whole - and \"academic\" trusting in the power of arguments","publisher":{"@id":"https:\/\/kath-akademie-bayern.de\/#organization"},"potentialAction":[{"@type":"SearchAction","target":{"@type":"EntryPoint","urlTemplate":"https:\/\/kath-akademie-bayern.de\/?s={search_term_string}"},"query-input":{"@type":"PropertyValueSpecification","valueRequired":true,"valueName":"search_term_string"}}],"inLanguage":"en-GB"},{"@type":"Organization","@id":"https:\/\/kath-akademie-bayern.de\/#organization","name":"Catholic Academy in Bavaria","url":"https:\/\/kath-akademie-bayern.de\/","logo":{"@type":"ImageObject","inLanguage":"en-GB","@id":"https:\/\/kath-akademie-bayern.de\/#\/schema\/logo\/image\/","url":"https:\/\/kath-akademie-bayern.de\/wp-content\/uploads\/Menue-Logo-Home@2x.png","contentUrl":"https:\/\/kath-akademie-bayern.de\/wp-content\/uploads\/Menue-Logo-Home@2x.png","width":496,"height":216,"caption":"Katholische Akademie in Bayern"},"image":{"@id":"https:\/\/kath-akademie-bayern.de\/#\/schema\/logo\/image\/"},"sameAs":["https:\/\/www.facebook.com\/katholische.akademie.bayern\/"]}]}},"_links":{"self":[{"href":"https:\/\/kath-akademie-bayern.de\/en\/wp-json\/wp\/v2\/media-library\/117832","targetHints":{"allow":["GET"]}}],"collection":[{"href":"https:\/\/kath-akademie-bayern.de\/en\/wp-json\/wp\/v2\/media-library"}],"about":[{"href":"https:\/\/kath-akademie-bayern.de\/en\/wp-json\/wp\/v2\/types\/media-library"}],"author":[{"embeddable":true,"href":"https:\/\/kath-akademie-bayern.de\/en\/wp-json\/wp\/v2\/users\/5"}],"version-history":[{"count":1,"href":"https:\/\/kath-akademie-bayern.de\/en\/wp-json\/wp\/v2\/media-library\/117832\/revisions"}],"predecessor-version":[{"id":117837,"href":"https:\/\/kath-akademie-bayern.de\/en\/wp-json\/wp\/v2\/media-library\/117832\/revisions\/117837"}],"wp:featuredmedia":[{"embeddable":true,"href":"https:\/\/kath-akademie-bayern.de\/en\/wp-json\/wp\/v2\/media\/32559"}],"wp:attachment":[{"href":"https:\/\/kath-akademie-bayern.de\/en\/wp-json\/wp\/v2\/media?parent=117832"}],"curies":[{"name":"wp","href":"https:\/\/api.w.org\/{rel}","templated":true}]}}