{"id":117849,"date":"2026-01-16T11:40:00","date_gmt":"2026-01-16T10:40:00","guid":{"rendered":"https:\/\/kath-akademie-bayern.de\/?post_type=media-library&#038;p=117849"},"modified":"2026-01-16T11:40:03","modified_gmt":"2026-01-16T10:40:03","slug":"martin-woehrl-domino-vernissage-zur-ausstellung-mit-werken-von-martin-woehrl","status":"publish","type":"media-library","link":"https:\/\/kath-akademie-bayern.de\/en\/mediathek-eintrag\/martin-woehrl-domino-vernissage-zur-ausstellung-mit-werken-von-martin-woehrl\/","title":{"rendered":"Martin W\u00f6hrl: Domino"},"content":{"rendered":"<p>Domino lautet der Name eines Legespieles, bei dem Spielsteine in unz\u00e4hligen Kombinationen abgelegt werden k\u00f6nnen. Domino aber ist auch eine Deklinationsform von lateinisch Dominus f\u00fcr Gott, der Herr. Als Dativ- oder Ablativform hie\u00dfe es dem oder mit dem Herrn, und w\u00fcrde somit eine Besitz- oder eine Ortsangabe beschreiben. Im Falle der Katholischen Akademie als Ausstellungsort k\u00f6nnte beides zutreffen, die vielz\u00e4hligen Kombinationsm\u00f6glichkeiten der Exponate gibt ebenfalls der anderen Bedeutung Raum.<\/p>\n<p>Martin W\u00f6hrl zeigt in seiner Ausstellung \u201eDomino\u201c insgesamt sieben Werkgruppen aus den Jahren 2009 bis 2017, in denen er sich mit einem sakralen Kontext auseinandersetzt.<\/p>\n<p>F\u00fcnf \u00fcberdimensionierte Weizen\u00e4hren (\u201eFeld\u201c, 2015) stehen in einer lockeren Gruppe auf dem Rasen. Die etwa vier Meter hohen \u00c4hren sind individuell gestaltet und verschieden farbig gefasst. Auf dem domestizierten Rasen in direkter Nachbarschaft zum Schl\u00f6sschen Suresnes wirken sie zun\u00e4chst fremd. Gleichzeitig geht von den k\u00fcnstlichen \u00c4hren aber auch eine Selbstverst\u00e4ndlichkeit aus, wachsen sie doch scheinbar unmittelbar aus dem Boden heraus und handelt es sich bei ihnen um von heimischen Getreidefeldern bekannte Pflanzen. Es werden unwillk\u00fcrlich Assoziationen mit der christlichen Symbolik wach: Reife \u00c4hren als Symbol des Segens und Bild f\u00fcr von Gott geschenkten Reichtum sowie der Weizen f\u00fcr Tod und Auferstehung. Martin W\u00f6hrl adaptiert die nat\u00fcrliche Gestalt der \u00c4hren, aber er definiert die \u00c4hre als autonome Skulptur. Er l\u00f6st das traditionelle Bildmotiv der \u00c4hre von ihrer Funktion als Beiwerk und Schmuck f\u00fcr sakrales Ger\u00e4t, indem er die \u00c4hre an sich darstellt. Die \u00c4hren von Martin W\u00f6hrl haben sich als farbige Gro\u00dfskulptur von ihrem nat\u00fcrlichen und von ihrem sakralen Vorbild emanzipiert und erhalten durch ihre Kontextverschiebung und k\u00fcnstlerische Inszenierung neue Inhalte. Dabei ist den Arbeiten eine Dialektik von Handwerk und Kunstwerk inh\u00e4rent. Als Naturpflanze und als Motiv des religi\u00f6sen Brauchtums haben \u00c4hren auf die Lebensweise von Menschen Einfluss genommen.<\/p>\n<p>\u201eDJ Strohhalm\u201c (2009) und \u201eSpooky\u201c (2009) sind die Namen von zwei m\u00e4chtigen Engelsfiguren. Martin W\u00f6hrl hat diese \u00fcberlebensgro\u00dfen gefl\u00fcgelten Figuren geschaffen, abstrahierte Darstellungen der himmlischen Wesen wie sie auch von Weihnachtsdekorationen bekannt sind. Es handelt sich um die aus gebogenen Metallstangen hergestellte \u00fcberdimensionierte Kopie des beliebten, aus Strohhalmen in Handarbeit gefertigten Engelsschmucks. Martin W\u00f6hrl zitiert damit einen kunsthandwerklichen Gegenstand, indem er ihn erneut in Material und Gr\u00f6\u00dfe ver\u00e4ndert. Er adaptiert dabei die h\u00e4ufig verwendete Gestalt des Engels, die selbst eine abstrahierte Darstellung dieses \u00fcberirdischen Wesens bildet.<\/p>\n<p>Auch in diesen Skulpturen thematisiert Martin W\u00f6hrl die Verkn\u00fcpfung von Gestalt und Oberfl\u00e4che mit ihren Vorstellungswelten. Immer wieder zitiert er Gegenst\u00e4nde und Objekte, denen er durch formale Ver\u00e4nderungen in Gr\u00f6\u00dfe, Materialit\u00e4t oder Gestalt eine neue Funktion und Inhaltlichkeit verleiht, und diese Umsetzung ist bei all ihrer Pr\u00e4zision und Ernsthaftigkeit doch immer auch von ironischer Leichtigkeit gepr\u00e4gt.<\/p>\n<p>Martin W\u00f6hrl verwendet f\u00fcr seine Arbeiten h\u00e4ufig einfache H\u00f6lzer wie Pressspan, Furnierh\u00f6lzer oder Resth\u00f6lzer. Seine Buchstabenarbeit \u201eA &amp; O\u201c (2009) ist aus alten T\u00fcrbl\u00e4ttern entwickelt. Das an einem Gestell angebrachte und\u00a0 frei stehende Motiv in gotisierender Schrift erinnert an Reklameschilder. Der Schrift-Anachronismus steht f\u00fcr Traditionsreichtum und bleibende Werte und bildet eine ad\u00e4quate Folie f\u00fcr seine inhaltliche Bedeutung des Allumfassenden.<\/p>\n<p>Eine weitere Gruppe, die sich mit Dekorum besch\u00e4ftigt, bilden die gro\u00dfformatigen strahlenf\u00f6rmigen Wandobjekte, die Martin W\u00f6hrl mit \u201eGloriole\u201c (2016) oder \u201eSternla\u201c (2006-2017) betitelt. Der Begriff Gloriole bezeichnet einen Strahlenkranz, und tats\u00e4chlich erscheinen die aus Holzresten gefertigten und unterschiedlich farbig gefassten Objekte wie \u00fcberdimensionierte Strahlenkr\u00e4nze, wie sie im Barock in Goldfassung hinter den K\u00f6pfen von Heiligen befestigt wurden.<\/p>\n<p>\u201eCover\u201c (2017) ist eine Serie von quadratischen abstrakten Bildern. Bei genauem Hinsehen erkennt man alte Plattenh\u00fcllen, deren Bildern und Texte von Martin W\u00f6hrl \u00fcbermalt und bearbeitet wurden. Es entstanden gleichsam \u201eHommages to the Sqare\u201c, die an Minimal Art oder Neo Geo erinnern.<\/p>\n<p>Ein anderes Quadrat von Martin W\u00f6hrl ist seine Betonarbeit \u201eOhne Titel\u201c (2017). Wie vier aneinandergef\u00fcgte Kacheln ergibt sich eine Wandarbeit, deren Fugen ein Kreuz bilden. Das Material Beton ist eine logische Weiterf\u00fchrung der von Martin W\u00f6hrl benutzen poveren Baumaterialien und bildet gleicherma\u00dfen Verweise auf k\u00fcnstlerische Vorbilder.<\/p>\n<p>Immer haben die Arbeiten von Martin W\u00f6hrl zu tun mit den Inhalten von Kunst und Alltag, Stil und Wert, Form und Oberfl\u00e4che sowie Intention und Projektion. Betrachtet man die Gesamtheit seiner Arbeiten, dann erkennt man ihren Facettenreichtum, aber auch ihre Stringenz im Prozess: die Dekonstruktion, Re-Inszenierung und Kontextverschiebung.<\/p>\n<p>Martin W\u00f6hrl ist interessiert an Lebensbedingungen und -zusammenh\u00e4ngen, die immer auch bestimmt sind von Kultur, Architektur, Mobiliar, Kunst, Film oder Musik. Er analysiert und benennt in seinen Arbeiten diese Kontexte und Traditionen und f\u00fchrt den Rezipienten visuelle und atmosph\u00e4rische Bestandteile ihres eigenen Lebensraumes vor.<\/p>","protected":false},"excerpt":{"rendered":"<p>Domino lautet der Name eines Legespieles, bei dem Spielsteine in unz\u00e4hligen Kombinationen abgelegt werden k\u00f6nnen. Domino aber ist auch eine Deklinationsform von lateinisch Dominus f\u00fcr Gott, der Herr. Als Dativ- oder Ablativform hie\u00dfe es dem oder mit dem Herrn, und w\u00fcrde somit eine Besitz- oder eine Ortsangabe beschreiben. Im Falle der Katholischen Akademie als Ausstellungsort&hellip;<\/p>","protected":false},"author":5,"featured_media":117850,"menu_order":197,"template":"","meta":{"_relevanssi_hide_post":"","_relevanssi_hide_content":"","_relevanssi_pin_for_all":"","_relevanssi_pin_keywords":"","_relevanssi_unpin_keywords":"","_relevanssi_related_keywords":"","_relevanssi_related_include_ids":"","_relevanssi_related_exclude_ids":"","_relevanssi_related_no_append":"","_relevanssi_related_not_related":"","_relevanssi_related_posts":"","_relevanssi_noindex_reason":"","footnotes":""},"class_list":["post-117849","media-library","type-media-library","status-publish","has-post-thumbnail","hentry"],"yoast_head":"<!-- This site is optimized with the Yoast SEO plugin v27.4 - https:\/\/yoast.com\/product\/yoast-seo-wordpress\/ -->\n<title>Martin W\u00f6hrl: Domino - Katholische Akademie in Bayern<\/title>\n<meta name=\"robots\" content=\"index, follow, max-snippet:-1, max-image-preview:large, max-video-preview:-1\" \/>\n<link rel=\"canonical\" href=\"https:\/\/kath-akademie-bayern.de\/en\/mediathek-eintrag\/martin-woehrl-domino-vernissage-zur-ausstellung-mit-werken-von-martin-woehrl\/\" \/>\n<meta property=\"og:locale\" content=\"en_GB\" \/>\n<meta property=\"og:type\" content=\"article\" \/>\n<meta property=\"og:title\" content=\"Martin W\u00f6hrl: Domino - Katholische Akademie in Bayern\" \/>\n<meta property=\"og:description\" content=\"Domino lautet der Name eines Legespieles, bei dem Spielsteine in unz\u00e4hligen Kombinationen abgelegt werden k\u00f6nnen. Domino aber ist auch eine Deklinationsform von lateinisch Dominus f\u00fcr Gott, der Herr. Als Dativ- oder Ablativform hie\u00dfe es dem oder mit dem Herrn, und w\u00fcrde somit eine Besitz- oder eine Ortsangabe beschreiben. Im Falle der Katholischen Akademie als Ausstellungsort&hellip;\" \/>\n<meta property=\"og:url\" content=\"https:\/\/kath-akademie-bayern.de\/en\/mediathek-eintrag\/martin-woehrl-domino-vernissage-zur-ausstellung-mit-werken-von-martin-woehrl\/\" \/>\n<meta property=\"og:site_name\" content=\"Katholische Akademie in Bayern\" \/>\n<meta property=\"article:publisher\" content=\"https:\/\/www.facebook.com\/katholische.akademie.bayern\/\" \/>\n<meta property=\"article:modified_time\" content=\"2026-01-16T10:40:03+00:00\" \/>\n<meta property=\"og:image\" content=\"https:\/\/kath-akademie-bayern.de\/wp-content\/uploads\/AO_web.jpg\" \/>\n\t<meta property=\"og:image:width\" content=\"2362\" \/>\n\t<meta property=\"og:image:height\" content=\"1328\" \/>\n\t<meta property=\"og:image:type\" content=\"image\/jpeg\" \/>\n<meta name=\"twitter:card\" content=\"summary_large_image\" \/>\n<meta name=\"twitter:label1\" content=\"Estimated reading time\" \/>\n\t<meta name=\"twitter:data1\" content=\"5 minutes\" \/>\n<script type=\"application\/ld+json\" class=\"yoast-schema-graph\">{\"@context\":\"https:\\\/\\\/schema.org\",\"@graph\":[{\"@type\":\"WebPage\",\"@id\":\"https:\\\/\\\/kath-akademie-bayern.de\\\/mediathek-eintrag\\\/martin-woehrl-domino-vernissage-zur-ausstellung-mit-werken-von-martin-woehrl\\\/\",\"url\":\"https:\\\/\\\/kath-akademie-bayern.de\\\/mediathek-eintrag\\\/martin-woehrl-domino-vernissage-zur-ausstellung-mit-werken-von-martin-woehrl\\\/\",\"name\":\"Martin W\u00f6hrl: Domino - Katholische Akademie in Bayern\",\"isPartOf\":{\"@id\":\"https:\\\/\\\/kath-akademie-bayern.de\\\/#website\"},\"primaryImageOfPage\":{\"@id\":\"https:\\\/\\\/kath-akademie-bayern.de\\\/mediathek-eintrag\\\/martin-woehrl-domino-vernissage-zur-ausstellung-mit-werken-von-martin-woehrl\\\/#primaryimage\"},\"image\":{\"@id\":\"https:\\\/\\\/kath-akademie-bayern.de\\\/mediathek-eintrag\\\/martin-woehrl-domino-vernissage-zur-ausstellung-mit-werken-von-martin-woehrl\\\/#primaryimage\"},\"thumbnailUrl\":\"https:\\\/\\\/kath-akademie-bayern.de\\\/wp-content\\\/uploads\\\/AO_web.jpg\",\"datePublished\":\"2026-01-16T10:40:00+00:00\",\"dateModified\":\"2026-01-16T10:40:03+00:00\",\"breadcrumb\":{\"@id\":\"https:\\\/\\\/kath-akademie-bayern.de\\\/mediathek-eintrag\\\/martin-woehrl-domino-vernissage-zur-ausstellung-mit-werken-von-martin-woehrl\\\/#breadcrumb\"},\"inLanguage\":\"en-GB\",\"potentialAction\":[{\"@type\":\"ReadAction\",\"target\":[\"https:\\\/\\\/kath-akademie-bayern.de\\\/mediathek-eintrag\\\/martin-woehrl-domino-vernissage-zur-ausstellung-mit-werken-von-martin-woehrl\\\/\"]}]},{\"@type\":\"ImageObject\",\"inLanguage\":\"en-GB\",\"@id\":\"https:\\\/\\\/kath-akademie-bayern.de\\\/mediathek-eintrag\\\/martin-woehrl-domino-vernissage-zur-ausstellung-mit-werken-von-martin-woehrl\\\/#primaryimage\",\"url\":\"https:\\\/\\\/kath-akademie-bayern.de\\\/wp-content\\\/uploads\\\/AO_web.jpg\",\"contentUrl\":\"https:\\\/\\\/kath-akademie-bayern.de\\\/wp-content\\\/uploads\\\/AO_web.jpg\",\"width\":2362,\"height\":1328},{\"@type\":\"BreadcrumbList\",\"@id\":\"https:\\\/\\\/kath-akademie-bayern.de\\\/mediathek-eintrag\\\/martin-woehrl-domino-vernissage-zur-ausstellung-mit-werken-von-martin-woehrl\\\/#breadcrumb\",\"itemListElement\":[{\"@type\":\"ListItem\",\"position\":1,\"name\":\"Startseite\",\"item\":\"https:\\\/\\\/kath-akademie-bayern.de\\\/\"},{\"@type\":\"ListItem\",\"position\":2,\"name\":\"Martin W\u00f6hrl: Domino\"}]},{\"@type\":\"WebSite\",\"@id\":\"https:\\\/\\\/kath-akademie-bayern.de\\\/#website\",\"url\":\"https:\\\/\\\/kath-akademie-bayern.de\\\/\",\"name\":\"Katholische Akademie in Bayern\",\"description\":\"Kirche braucht Debatte: \u201ekatholisch\u201c mit Blick auf das Ganze \u2013 und \u201eakademisch\u201c im Vertrauen auf die Kraft der Argumente\",\"publisher\":{\"@id\":\"https:\\\/\\\/kath-akademie-bayern.de\\\/#organization\"},\"potentialAction\":[{\"@type\":\"SearchAction\",\"target\":{\"@type\":\"EntryPoint\",\"urlTemplate\":\"https:\\\/\\\/kath-akademie-bayern.de\\\/?s={search_term_string}\"},\"query-input\":{\"@type\":\"PropertyValueSpecification\",\"valueRequired\":true,\"valueName\":\"search_term_string\"}}],\"inLanguage\":\"en-GB\"},{\"@type\":\"Organization\",\"@id\":\"https:\\\/\\\/kath-akademie-bayern.de\\\/#organization\",\"name\":\"Katholische Akademie in Bayern\",\"url\":\"https:\\\/\\\/kath-akademie-bayern.de\\\/\",\"logo\":{\"@type\":\"ImageObject\",\"inLanguage\":\"en-GB\",\"@id\":\"https:\\\/\\\/kath-akademie-bayern.de\\\/#\\\/schema\\\/logo\\\/image\\\/\",\"url\":\"https:\\\/\\\/kath-akademie-bayern.de\\\/wp-content\\\/uploads\\\/Menue-Logo-Home@2x.png\",\"contentUrl\":\"https:\\\/\\\/kath-akademie-bayern.de\\\/wp-content\\\/uploads\\\/Menue-Logo-Home@2x.png\",\"width\":496,\"height\":216,\"caption\":\"Katholische Akademie in Bayern\"},\"image\":{\"@id\":\"https:\\\/\\\/kath-akademie-bayern.de\\\/#\\\/schema\\\/logo\\\/image\\\/\"},\"sameAs\":[\"https:\\\/\\\/www.facebook.com\\\/katholische.akademie.bayern\\\/\"]}]}<\/script>\n<!-- \/ Yoast SEO plugin. -->","yoast_head_json":{"title":"Martin W\u00f6hrl: Domino - Katholische Akademie in Bayern","robots":{"index":"index","follow":"follow","max-snippet":"max-snippet:-1","max-image-preview":"max-image-preview:large","max-video-preview":"max-video-preview:-1"},"canonical":"https:\/\/kath-akademie-bayern.de\/en\/mediathek-eintrag\/martin-woehrl-domino-vernissage-zur-ausstellung-mit-werken-von-martin-woehrl\/","og_locale":"en_GB","og_type":"article","og_title":"Martin W\u00f6hrl: Domino - Katholische Akademie in Bayern","og_description":"Domino lautet der Name eines Legespieles, bei dem Spielsteine in unz\u00e4hligen Kombinationen abgelegt werden k\u00f6nnen. Domino aber ist auch eine Deklinationsform von lateinisch Dominus f\u00fcr Gott, der Herr. Als Dativ- oder Ablativform hie\u00dfe es dem oder mit dem Herrn, und w\u00fcrde somit eine Besitz- oder eine Ortsangabe beschreiben. Im Falle der Katholischen Akademie als Ausstellungsort&hellip;","og_url":"https:\/\/kath-akademie-bayern.de\/en\/mediathek-eintrag\/martin-woehrl-domino-vernissage-zur-ausstellung-mit-werken-von-martin-woehrl\/","og_site_name":"Katholische Akademie in Bayern","article_publisher":"https:\/\/www.facebook.com\/katholische.akademie.bayern\/","article_modified_time":"2026-01-16T10:40:03+00:00","og_image":[{"width":2362,"height":1328,"url":"https:\/\/kath-akademie-bayern.de\/wp-content\/uploads\/AO_web.jpg","type":"image\/jpeg"}],"twitter_card":"summary_large_image","twitter_misc":{"Estimated reading time":"5 minutes"},"schema":{"@context":"https:\/\/schema.org","@graph":[{"@type":"WebPage","@id":"https:\/\/kath-akademie-bayern.de\/mediathek-eintrag\/martin-woehrl-domino-vernissage-zur-ausstellung-mit-werken-von-martin-woehrl\/","url":"https:\/\/kath-akademie-bayern.de\/mediathek-eintrag\/martin-woehrl-domino-vernissage-zur-ausstellung-mit-werken-von-martin-woehrl\/","name":"Martin W\u00f6hrl: Domino - Katholische Akademie in Bayern","isPartOf":{"@id":"https:\/\/kath-akademie-bayern.de\/#website"},"primaryImageOfPage":{"@id":"https:\/\/kath-akademie-bayern.de\/mediathek-eintrag\/martin-woehrl-domino-vernissage-zur-ausstellung-mit-werken-von-martin-woehrl\/#primaryimage"},"image":{"@id":"https:\/\/kath-akademie-bayern.de\/mediathek-eintrag\/martin-woehrl-domino-vernissage-zur-ausstellung-mit-werken-von-martin-woehrl\/#primaryimage"},"thumbnailUrl":"https:\/\/kath-akademie-bayern.de\/wp-content\/uploads\/AO_web.jpg","datePublished":"2026-01-16T10:40:00+00:00","dateModified":"2026-01-16T10:40:03+00:00","breadcrumb":{"@id":"https:\/\/kath-akademie-bayern.de\/mediathek-eintrag\/martin-woehrl-domino-vernissage-zur-ausstellung-mit-werken-von-martin-woehrl\/#breadcrumb"},"inLanguage":"en-GB","potentialAction":[{"@type":"ReadAction","target":["https:\/\/kath-akademie-bayern.de\/mediathek-eintrag\/martin-woehrl-domino-vernissage-zur-ausstellung-mit-werken-von-martin-woehrl\/"]}]},{"@type":"ImageObject","inLanguage":"en-GB","@id":"https:\/\/kath-akademie-bayern.de\/mediathek-eintrag\/martin-woehrl-domino-vernissage-zur-ausstellung-mit-werken-von-martin-woehrl\/#primaryimage","url":"https:\/\/kath-akademie-bayern.de\/wp-content\/uploads\/AO_web.jpg","contentUrl":"https:\/\/kath-akademie-bayern.de\/wp-content\/uploads\/AO_web.jpg","width":2362,"height":1328},{"@type":"BreadcrumbList","@id":"https:\/\/kath-akademie-bayern.de\/mediathek-eintrag\/martin-woehrl-domino-vernissage-zur-ausstellung-mit-werken-von-martin-woehrl\/#breadcrumb","itemListElement":[{"@type":"ListItem","position":1,"name":"Startseite","item":"https:\/\/kath-akademie-bayern.de\/"},{"@type":"ListItem","position":2,"name":"Martin W\u00f6hrl: Domino"}]},{"@type":"WebSite","@id":"https:\/\/kath-akademie-bayern.de\/#website","url":"https:\/\/kath-akademie-bayern.de\/","name":"Catholic Academy in Bavaria","description":"Church needs debate: \"catholic\" looking at the whole - and \"academic\" trusting in the power of arguments","publisher":{"@id":"https:\/\/kath-akademie-bayern.de\/#organization"},"potentialAction":[{"@type":"SearchAction","target":{"@type":"EntryPoint","urlTemplate":"https:\/\/kath-akademie-bayern.de\/?s={search_term_string}"},"query-input":{"@type":"PropertyValueSpecification","valueRequired":true,"valueName":"search_term_string"}}],"inLanguage":"en-GB"},{"@type":"Organization","@id":"https:\/\/kath-akademie-bayern.de\/#organization","name":"Catholic Academy in Bavaria","url":"https:\/\/kath-akademie-bayern.de\/","logo":{"@type":"ImageObject","inLanguage":"en-GB","@id":"https:\/\/kath-akademie-bayern.de\/#\/schema\/logo\/image\/","url":"https:\/\/kath-akademie-bayern.de\/wp-content\/uploads\/Menue-Logo-Home@2x.png","contentUrl":"https:\/\/kath-akademie-bayern.de\/wp-content\/uploads\/Menue-Logo-Home@2x.png","width":496,"height":216,"caption":"Katholische Akademie in Bayern"},"image":{"@id":"https:\/\/kath-akademie-bayern.de\/#\/schema\/logo\/image\/"},"sameAs":["https:\/\/www.facebook.com\/katholische.akademie.bayern\/"]}]}},"_links":{"self":[{"href":"https:\/\/kath-akademie-bayern.de\/en\/wp-json\/wp\/v2\/media-library\/117849","targetHints":{"allow":["GET"]}}],"collection":[{"href":"https:\/\/kath-akademie-bayern.de\/en\/wp-json\/wp\/v2\/media-library"}],"about":[{"href":"https:\/\/kath-akademie-bayern.de\/en\/wp-json\/wp\/v2\/types\/media-library"}],"author":[{"embeddable":true,"href":"https:\/\/kath-akademie-bayern.de\/en\/wp-json\/wp\/v2\/users\/5"}],"version-history":[{"count":1,"href":"https:\/\/kath-akademie-bayern.de\/en\/wp-json\/wp\/v2\/media-library\/117849\/revisions"}],"predecessor-version":[{"id":117851,"href":"https:\/\/kath-akademie-bayern.de\/en\/wp-json\/wp\/v2\/media-library\/117849\/revisions\/117851"}],"wp:featuredmedia":[{"embeddable":true,"href":"https:\/\/kath-akademie-bayern.de\/en\/wp-json\/wp\/v2\/media\/117850"}],"wp:attachment":[{"href":"https:\/\/kath-akademie-bayern.de\/en\/wp-json\/wp\/v2\/media?parent=117849"}],"curies":[{"name":"wp","href":"https:\/\/api.w.org\/{rel}","templated":true}]}}