{"id":118343,"date":"2026-01-30T08:59:18","date_gmt":"2026-01-30T07:59:18","guid":{"rendered":"https:\/\/kath-akademie-bayern.de\/?post_type=media-library&#038;p=118343"},"modified":"2026-01-30T08:59:18","modified_gmt":"2026-01-30T07:59:18","slug":"begruessung-zur-verleihung-des-oekumenischen-preises-2016","status":"publish","type":"media-library","link":"https:\/\/kath-akademie-bayern.de\/en\/mediathek-eintrag\/begruessung-zur-verleihung-des-oekumenischen-preises-2016\/","title":{"rendered":"Begr\u00fc\u00dfung zur Verleihung des \u00d6kumenischen Preises 2016"},"content":{"rendered":"<p><em>\u201e\u00d6kumene\u201c<\/em> \u2013 eines unserer gro\u00dfen Worte. Es stammt bekanntlich vom griechischen Wort f\u00fcr \u201ewohnen\u201c ab, <em>\u201eoikein\u201c,<\/em> und dieses wiederum vom Wort <em>\u201eOikos\u201c,<\/em> <em>\u201eHaus\u201c. <\/em><\/p>\n<p>&nbsp;<\/p>\n<h3><strong>I.<\/strong><\/h3>\n<p>&nbsp;<\/p>\n<p>Wenn ich deshalb dem Wortsinn von \u00d6ku-mene nachgehe, darf ich zun\u00e4chst als <em>\u201eHaus\u201c-<\/em>Herr Sie alle sehr herzlich begr\u00fc\u00dfen: Sie, \u00f6kumenisch gesinnte Vertreterinnen und Vertreter unterschiedlicher christlicher Traditionen; Ordensobere, Patres und Schwestern, Priester, Theologinnen und Theologen, Domkapitulare und weitere Repr\u00e4sentanten kirchlicher Leitungsebenen, Institutionen, Hilfswerke, Verb\u00e4nde und Gremien; Professoren der Wissenschaft, Damen und Herren der Medien; Verantwortliche aus Wirtschaft und Finanzwelt, von Politik und Verwaltung; die Romano-Guardini-Preistr\u00e4gerin Sr. Lea Ackermann; den \u00d6kumenepreistr\u00e4ger Landesbischof i.R. Johannes Friedrich; und all die vielen anderen Freunde unseres Hauses. Danke, dass Sie der Einladung gefolgt sind.<\/p>\n<p>&nbsp;<\/p>\n<h3><strong>II.<\/strong><\/h3>\n<p>&nbsp;<\/p>\n<p>Dieses Haus hat stabile Fundamente, sieben an der Zahl, die sieben bayerischen katholischen Di\u00f6zesen. Das Urfundament gleichsam repr\u00e4sentiert der Erzbischof von M\u00fcnchen und Freising, Reinhard Kardinal Marx, der Protektor unserer Institution. Er hat eigens eine wichtige Tagung im Vatikan verschieben lassen, um heute hier dabei sein zu k\u00f6nnen. Ihm zur Seite Friedrich Kardinal Wetter, uns seit Jahrzehnten verbunden.<\/p>\n<p>Die anderen Fundamente, sprich Di\u00f6zesen, vertreten in offiziellem Auftrag ihrer jeweiligen Bisch\u00f6fe Domkapitular Wolfgang Klausnitzer aus Bamberg; Domkapitular Thomas Pinzer und Wolfgang St\u00f6ckl aus Regensburg. Bischofsvikar Pr\u00e4lat Karlheinz Knebel und Pr\u00e4lat Eugen Kleindienst kommen aus der Di\u00f6zese Augsburg, Domkapitular Pr\u00e4lat Dr. Christoph K\u00fchn aus Eichst\u00e4tt.<\/p>\n<p>&nbsp;<\/p>\n<h3><strong>III.<\/strong><\/h3>\n<p>&nbsp;<\/p>\n<p>Dass unser Akademie-Haus die zutreffenden Grundrisse aufweist, manchmal auch entsprechend renoviert wird, daf\u00fcr sorgen die Mitglieder der Akademieleitung, gleichzeitig die Juroren des heute auszulobenden Preises: Hildegard Kronawitter, Wolfgang Schirmer, Prof. Carla Schulz-Hoffmann, Prof. Werner Weidenfeld, Prof. Johann Wittmann, Pr\u00e4lat Lorenz Wolf. Sie m\u00f6gen stehen f\u00fcr alle Mitglieder der Gremien unserer Akademie, deren Mitarbeiterinnen und Mitarbeiter, des Vereins der Freunde und G\u00f6nner mit Prof. Willibald Folz an der Spitze.<\/p>\n<p>&nbsp;<\/p>\n<h3><strong>IV.<\/strong><\/h3>\n<p>&nbsp;<\/p>\n<p>Gehe ich in der Geschichte des Wortes \u201eHaus\u201c, <em>\u201eoikos\u201c,<\/em> wieder zu den antiken Quellen zur\u00fcck, findet es sich dort als eine von mehreren Metaphern f\u00fcr das Weltgeb\u00e4ude insgesamt. <em>\u201e\u00dcber die Sorge f\u00fcr das gemeinsame Haus\u201c,<\/em> diesen Untertitel gab Papst Franziskus seiner Enzyklika <em>Laudato si\u2018<\/em> zur Herausforderung \u00f6ko-logisch angemessenen Verhaltens. Diese weltweite Dimension des Wortes <em>\u201eHaus\u201c<\/em> hat sich dann in das Partizip Passiv des Verbums <em>\u201eoikein\u201c, \u201ewohnen\u201c <\/em>hin\u00fcbergerettet: <em>\u201eh\u00e4 g\u00e4 oikumene\u201c,<\/em> <em>\u201edie bewohnte Erde\u201c.<\/em> In der Antike war das zun\u00e4chst der Begriff f\u00fcr jene Bereiche der Welt, die von Menschen gestaltet werden, wo also Kultur entsteht, im Gegensatz zu den menschenlosen Bereichen der Welt. Ich freue mich, dass viele aus solcher Kultur\u00f6kumene heute da sind:<\/p>\n<p>Nat\u00fcrlich vor allem unter seinem Gr\u00fcnder und Dirigenten Bob Ross der <em>\u201eBlechschaden\u201c;<\/em> vornehmer formuliert: die hoch ber\u00fchmten und h\u00f6chst gelobten Blechbl\u00e4ser der M\u00fcnchner Philharmoniker, begleitet von ihrem Intendanten Paul M\u00fcller.<\/p>\n<p>Dann eine gro\u00dfe Zahl von Pr\u00e4sidenten und Direktoren wichtiger Kulturinstitutionen: Prof. Klaus-Dieter Lehmann f\u00fcr das Goetheinstitut, Prof. Hans-J\u00fcrgen Drescher f\u00fcr die Bayerische Theaterakademie August Everding, BR-H\u00f6rfunkdirektor Martin Wagner, Angelika Nollert, Chefin der \u201eNeuen Sammlung M\u00fcnchen\u201c, Prof. Ursula M\u00fcnch, Akademie f\u00fcr Politische Bildung Tutzing, und Udo Hahn f\u00fcr die Evangelische Akademie Tutzing, Carmen K\u00f6nig-Rothemund, Vorsitzende der Vollmar-Akademie.<\/p>\n<p>&nbsp;<\/p>\n<h3><strong>V.<\/strong><\/h3>\n<p>&nbsp;<\/p>\n<p>Im r\u00f6mischen Reich, sp\u00e4ter dann also, verstand man unter \u00d6kumene die politische Gestalt des Imperium Romanum. F\u00fcr die vielen Anwesenden, die in der Politik Verantwortung tragen, seien stellvertretend genannt:<\/p>\n<p>Von der kommunalen Basis beginnend, wie es sich f\u00fcr ein gutes Subsidiarit\u00e4tsprinzip geh\u00f6rt: Alexander Reissl, Fraktionsvorsitzender der SPD im Stadtrat, und Frau Anja Burkhardt f\u00fcr die CSU; dann f\u00fcr den Freistaat Bayern Frau Staatsministerin Beate Merk, die in Vertretung des Ministerpr\u00e4sidenten ein Gru\u00dfwort sprechen wird.<\/p>\n<p>Offiziell f\u00fcr die Fraktionen aus dem Maximilianeum, in alphabetischer Reihenfolge, Frau Margarete Bause, Fraktionsvorsitzende der Gr\u00fcnen, Karl Freller f\u00fcr die CSU, Markus Rinderspacher, SPD-Fraktionsvorsitzender, zusammen mit etlichen weiteren Landtagsabgeordneten.<\/p>\n<p>Den Souver\u00e4n der Politik unseres Landes, das deutsche Volk, repr\u00e4sentiert der stellvertretende Pr\u00e4sident des Deutschen Bundestags, Johannes Singhammer, begleitet von einer ebenfalls deutlichen Anzahl von Bundestagsabgeordneten. Dazu kommen die fr\u00fcheren Bundesminister Hans-Jochen Vogel und Theo Waigel.<\/p>\n<p>Auch Br\u00fcssel ist heute sehr hochrangig vertreten, und zwar durch das Mitglied der EU-Kommission, Tibor Navracsics, den Kommissar f\u00fcr Bildung, Kultur, Jugend und Sport, zusammen mit seinem Team. 19 \u00a0General- und Honorarkonsuln haben sich angemeldet, an ihrer Spitze der Generalsekret\u00e4r des Konsularischen Corps in Bayern, Friedemann Greiner.<\/p>\n<p>&nbsp;<\/p>\n<h3><strong>VI.<\/strong><\/h3>\n<p>&nbsp;<\/p>\n<p>Bald nach den ersten christlichen Konzilien, ab dem vierten Jahrhundert, verband man mit \u201e\u00f6kumenisch\u201c das, was allgemein g\u00fcltig in der Kirche war, autoritativ und verpflichtend. Zu solcher autoritativer \u00d6kumene passen gut, als Vertreter der hohen Justiz: der Pr\u00e4sident des Bayerischen Verwaltungsgerichtshofs Stephan Kersten, und Christoph Str\u00f6tz, Pr\u00e4sident des Oberlandesgerichts N\u00fcrnberg.<\/p>\n<p>&nbsp;<\/p>\n<h3><strong>VII.<\/strong><\/h3>\n<p>&nbsp;<\/p>\n<p>Bei unserer Wortsinnsuche von \u201e\u00d6kumene\u201c landen wir dann mit einem riesigen Zeitsprung mitten im 19. Jahrhundert. Da entstand jene sich bewusst so nennende \u201e\u00f6kumenische Bewegung\u201c. Die hatte und hat ein doppeltes Ziel: erstens, die getrennte Christenheit im einen Haus zusammenzuf\u00fchren, dessen Grundstein Jesus Christus selbst ist. Und auf diese Weise die bezeugende Kraft des christlichen Glaubens in der Welt zu st\u00e4rken. So bin ich bei den heute hier versammelten Repr\u00e4sentanten der christlichen \u00d6kumene angelangt:<\/p>\n<p>F\u00fcr die evangelische Tradition Landesbischof und EKD-Vorsitzender Heinrich Bedford-Strohm; Simon Froben vom Moderamen der Evangelisch-reformierten Kirche in Bayern; Annekathrin Preidel, Pr\u00e4sidentin der Landessynode der ELKB; sie wird sich mit unseren Albert Schmid und Prof. Hans Tremmel \u00fcber die R\u00e4teerfahrungen in unseren Kirchen austauschen;<\/p>\n<p>In Vertretung von Erzbischof Agostinos Bischofsvikar Apostolos Malamoussis; Weihbischof Sofian von Kronstadt f\u00fcr die Rum\u00e4nisch-Orthodoxe Metropolie M\u00fcnchen und Erzpriester Nikolai Zabelitch von der Berliner Di\u00f6zese der Russisch-Orthodoxen Kirche.<\/p>\n<p>In diese biblisch fundierte Gemeinschaft geh\u00f6rt selbstverst\u00e4ndlich auch das Judentum, hier an der Spitze mit Frau Charlotte Knobloch.<\/p>\n<p>&nbsp;<\/p>\n<h3><strong>VIII.<\/strong><\/h3>\n<p>&nbsp;<\/p>\n<p>Ja, und heute nun steht die Verleihung des \u00d6kumenischen Preises 2016 der Katholischen Akademie Bayern an. Der Name des diesj\u00e4hrigen Tr\u00e4gers hat erfreulicherweise f\u00fcr einen deutlichen Aufmerksamkeitseffekt gesorgt, nicht zuletzt wegen der Preisbegr\u00fcndung. Uns war wichtig:<\/p>\n<p>Erstens, wir verstehen den \u00d6kumenischen Preis nat\u00fcrlich nicht als Auszeichnung f\u00fcr konkrete politische Positionen und deren Durchsetzung. Da wird es, nicht nur unter Christen, h\u00e4ufig ziemlich unterschiedliche Meinungen geben. Nur drei Schlagworte: Armenien, Russland, Gro\u00dfbritannien.<\/p>\n<p>Zweitens, eine \u00f6kumenische Grundhaltung zeigt sich in weit mehr als Mitgliedschaften in \u00f6kumenischen Gremien, so wichtig diese auch seien. Auch weit mehr als beim Verfassen \u00f6kumenischer Resolutionen, so wichtig diese auch seien.<\/p>\n<p>Denn, drittens, zur \u00d6kumene tr\u00e4gt ganz fundamental das konkrete Handeln jedes Einzelnen in der Gesellschaft bei, dessen Engagement f\u00fcr die Menschen man den gl\u00e4ubigen Impetus ansieht, anh\u00f6rt; dessen Handeln deshalb ein \u00f6ffentliches Zeichen christlicher Grund\u00fcberzeugung ausstrahlt; und das deshalb die gemeinsame, die \u00f6kumenische Pr\u00e4senz von Christinnen und Christen in der Gesellschaft gelassen-selbstbewusst verst\u00e4rkt.<\/p>\n<p>Erinnern wir uns deshalb nochmals an die f\u00fcnf Stationen des Verst\u00e4ndnisses von \u00d6kumene, die wir vorhin kurz abgeschritten sind: Verantwortung f\u00fcr das gemeinsame Haus der Welt, Kultur als gesamtmenschliche Aufgabe, die politisch-rechtliche Staatsgestalt, das allgemein verpflichtende Erbe der christlichen Botschaft, \u00fcberzeugendes und damit glaubensbezeugendes Handeln.<\/p>\n<p>Wenn wir diese f\u00fcnf Dimensionen zusammennehmen, dann, ja dann h\u00e4tten wir schlie\u00dflich wohl fast das spirituelle Psychogramm jener Person, wegen derer wir heute hier sind. Sehr verehrter Herr Bundesau\u00dfenminister, ganz intensiven Dank daf\u00fcr, dass Sie bereit sind, in der Katholischen Akademie Bayern deren \u00d6kumenischen Preis 2016 entgegenzunehmen. Ihnen und Ihrer verehrten Gemahlin, Frau Elke B\u00fcdenbender, die Sie erfreulicher- und ehrenderweise begleitet, sage ich ein herzliches Gr\u00fc\u00dfgott.<\/p>\n<p>Manchmal hat man ja in unseren Tagen fast den Eindruck, als h\u00e4tte \u201e\u00d6kumene\u201c jene Bedeutung, mit der zum Beispiel der Evangelist Lukas in der Versuchungsgeschichte Jesu rechnet, wenn er unter \u201e\u00d6kumene\u201c die gesamte Welt meint, insofern sie unter der Herrschaft des Satans steht, des Versuchers, des Diabolos, der alles durcheinanderwirft. Da kommen wohl auf einen Au\u00dfenminister, so stelle ich mir das jedenfalls vor, fast jeden Tag europaweit, weltweit bezogene Krisensitzungen zu. Um so wunderbarer, dass dieser Termin in der Priorit\u00e4tenliste immer ganz oben stand, wie uns Ihr B\u00fcro versichert hat.<\/p>\n<p>Danke allen, die dazu mitgeholfen haben: zun\u00e4chst den Verantwortlichen im B\u00fcro des Herrn Au\u00dfenministers; und von M\u00fcnchen aus haben Prof. Weidenfeld, anschlie\u00dfend Hans-Jochen Vogel mit Frau Hildegard Kronawitter Unterst\u00fctzung geleistet, damit unser Studienleiter Bernhard Forster f\u00fcr die Organisation immer neue Hoffnung sch\u00f6pfen konnte.<\/p>\n<p>Ich komme nochmals auf Oikos, das Haus, zur\u00fcck. In Ihrem pers\u00f6nlichen Haus, sehr verehrter Herr Bundesminister, pflegen Sie konkret die \u00d6kumene mit Ihrer katholischen Gattin. Und was \u201eHaus\u201c als Symbol f\u00fcr Geborgenheit und Sicherheit angeht: Sie haben uns gebeten, das Preisgeld von 10.000 Euro als Spende an das Fl\u00fcchtlingsnetzwerk Brandenburg weiterzuleiten.<\/p>\n<p>&nbsp;<\/p>\n<h3><strong>IX.<\/strong><\/h3>\n<p>&nbsp;<\/p>\n<p>Sehr dankbar bin ich, dass Prof. Thomas Sternberg die Laudatio halten wird. Er ist der ideale Laudator, und das aus mindestens f\u00fcnf Gr\u00fcnden. Erstens, bis vor kurzem hat er \u00fcber mehr als zwei Jahrzehnte ein \u00e4hnliches Haus wie dieses hier geleitet, die renommierte katholisch-soziale Akademie Franz-Hitze Haus in M\u00fcnster. Zweitens, er ist wie Frank-Walter Steinmeier kirchlicher Laie. Drittens, wie dieser ist er Abgeordneter, und zwar im Landtag von Nordrhein-Westfalen. Viertens, anders als der Au\u00dfenminister geh\u00f6rt er der Union an, wodurch das Rednertableau des heutigen Tages sch\u00f6n ausgeglichen ist. Und f\u00fcnftens, am wichtigsten: Thomas Sternberg ist Pr\u00e4sident des Zentralkomitees der deutschen Katholiken und damit Chef der Katholikentage. Eben erst hat er dessen 100. Auflage in Leipzig verantwortet. So fungiert er gleichsam als Kollege von Frank-Walter Steinmeier, der seinerseits zum Pr\u00e4sidenten des 37. Evangelischen Kirchentages 2019 in Dortmund designiert wurde.<\/p>\n<p>&nbsp;<\/p>\n<h3><strong>X.<\/strong><\/h3>\n<p>&nbsp;<\/p>\n<p>Wir hier, wir wissen gemeinsam, was der Psalm 127 so formuliert: \u201eWenn nicht der Herr das Haus baut, m\u00fcht sich jeder umsonst, der daran baut.\u201c In diesem Sinne Ihnen, uns allen gesegnete eineinhalb Stunden.<\/p>","protected":false},"excerpt":{"rendered":"<p>\u201e\u00d6kumene\u201c \u2013 eines unserer gro\u00dfen Worte. Es stammt bekanntlich vom griechischen Wort f\u00fcr \u201ewohnen\u201c ab, \u201eoikein\u201c, und dieses wiederum vom Wort \u201eOikos\u201c, \u201eHaus\u201c. &nbsp; I. &nbsp; Wenn ich deshalb dem Wortsinn von \u00d6ku-mene nachgehe, darf ich zun\u00e4chst als \u201eHaus\u201c-Herr Sie alle sehr herzlich begr\u00fc\u00dfen: Sie, \u00f6kumenisch gesinnte Vertreterinnen und Vertreter unterschiedlicher christlicher Traditionen; Ordensobere, Patres&hellip;<\/p>","protected":false},"author":5,"featured_media":118341,"menu_order":107,"template":"","meta":{"_relevanssi_hide_post":"","_relevanssi_hide_content":"","_relevanssi_pin_for_all":"","_relevanssi_pin_keywords":"","_relevanssi_unpin_keywords":"","_relevanssi_related_keywords":"","_relevanssi_related_include_ids":"","_relevanssi_related_exclude_ids":"","_relevanssi_related_no_append":"","_relevanssi_related_not_related":"","_relevanssi_related_posts":"","_relevanssi_noindex_reason":"","footnotes":""},"class_list":["post-118343","media-library","type-media-library","status-publish","has-post-thumbnail","hentry","focus-area-oekumene"],"yoast_head":"<!-- This site is optimized with the Yoast SEO plugin v27.4 - https:\/\/yoast.com\/product\/yoast-seo-wordpress\/ -->\n<title>Begr\u00fc\u00dfung zur Verleihung des \u00d6kumenischen Preises 2016 - Katholische Akademie in Bayern<\/title>\n<meta name=\"robots\" content=\"index, follow, max-snippet:-1, max-image-preview:large, max-video-preview:-1\" \/>\n<link rel=\"canonical\" href=\"https:\/\/kath-akademie-bayern.de\/en\/mediathek-eintrag\/begruessung-zur-verleihung-des-oekumenischen-preises-2016\/\" \/>\n<meta property=\"og:locale\" content=\"en_GB\" \/>\n<meta property=\"og:type\" content=\"article\" \/>\n<meta property=\"og:title\" content=\"Begr\u00fc\u00dfung zur Verleihung des \u00d6kumenischen Preises 2016 - Katholische Akademie in Bayern\" \/>\n<meta property=\"og:description\" content=\"\u201e\u00d6kumene\u201c \u2013 eines unserer gro\u00dfen Worte. Es stammt bekanntlich vom griechischen Wort f\u00fcr \u201ewohnen\u201c ab, \u201eoikein\u201c, und dieses wiederum vom Wort \u201eOikos\u201c, \u201eHaus\u201c. &nbsp; I. &nbsp; Wenn ich deshalb dem Wortsinn von \u00d6ku-mene nachgehe, darf ich zun\u00e4chst als \u201eHaus\u201c-Herr Sie alle sehr herzlich begr\u00fc\u00dfen: Sie, \u00f6kumenisch gesinnte Vertreterinnen und Vertreter unterschiedlicher christlicher Traditionen; Ordensobere, Patres&hellip;\" \/>\n<meta property=\"og:url\" content=\"https:\/\/kath-akademie-bayern.de\/en\/mediathek-eintrag\/begruessung-zur-verleihung-des-oekumenischen-preises-2016\/\" \/>\n<meta property=\"og:site_name\" content=\"Katholische Akademie in Bayern\" \/>\n<meta property=\"article:publisher\" content=\"https:\/\/www.facebook.com\/katholische.akademie.bayern\/\" \/>\n<meta property=\"og:image\" content=\"https:\/\/kath-akademie-bayern.de\/wp-content\/uploads\/herder_aufmacherfoto-scaled.jpg\" \/>\n\t<meta property=\"og:image:width\" content=\"2560\" \/>\n\t<meta property=\"og:image:height\" content=\"1535\" \/>\n\t<meta property=\"og:image:type\" content=\"image\/jpeg\" \/>\n<meta name=\"twitter:card\" content=\"summary_large_image\" \/>\n<meta name=\"twitter:label1\" content=\"Estimated reading time\" \/>\n\t<meta name=\"twitter:data1\" content=\"9 minutes\" \/>\n<script type=\"application\/ld+json\" class=\"yoast-schema-graph\">{\"@context\":\"https:\\\/\\\/schema.org\",\"@graph\":[{\"@type\":\"WebPage\",\"@id\":\"https:\\\/\\\/kath-akademie-bayern.de\\\/mediathek-eintrag\\\/begruessung-zur-verleihung-des-oekumenischen-preises-2016\\\/\",\"url\":\"https:\\\/\\\/kath-akademie-bayern.de\\\/mediathek-eintrag\\\/begruessung-zur-verleihung-des-oekumenischen-preises-2016\\\/\",\"name\":\"Begr\u00fc\u00dfung zur Verleihung des \u00d6kumenischen Preises 2016 - Katholische Akademie in Bayern\",\"isPartOf\":{\"@id\":\"https:\\\/\\\/kath-akademie-bayern.de\\\/#website\"},\"primaryImageOfPage\":{\"@id\":\"https:\\\/\\\/kath-akademie-bayern.de\\\/mediathek-eintrag\\\/begruessung-zur-verleihung-des-oekumenischen-preises-2016\\\/#primaryimage\"},\"image\":{\"@id\":\"https:\\\/\\\/kath-akademie-bayern.de\\\/mediathek-eintrag\\\/begruessung-zur-verleihung-des-oekumenischen-preises-2016\\\/#primaryimage\"},\"thumbnailUrl\":\"https:\\\/\\\/kath-akademie-bayern.de\\\/wp-content\\\/uploads\\\/herder_aufmacherfoto-scaled.jpg\",\"datePublished\":\"2026-01-30T07:59:18+00:00\",\"breadcrumb\":{\"@id\":\"https:\\\/\\\/kath-akademie-bayern.de\\\/mediathek-eintrag\\\/begruessung-zur-verleihung-des-oekumenischen-preises-2016\\\/#breadcrumb\"},\"inLanguage\":\"en-GB\",\"potentialAction\":[{\"@type\":\"ReadAction\",\"target\":[\"https:\\\/\\\/kath-akademie-bayern.de\\\/mediathek-eintrag\\\/begruessung-zur-verleihung-des-oekumenischen-preises-2016\\\/\"]}]},{\"@type\":\"ImageObject\",\"inLanguage\":\"en-GB\",\"@id\":\"https:\\\/\\\/kath-akademie-bayern.de\\\/mediathek-eintrag\\\/begruessung-zur-verleihung-des-oekumenischen-preises-2016\\\/#primaryimage\",\"url\":\"https:\\\/\\\/kath-akademie-bayern.de\\\/wp-content\\\/uploads\\\/herder_aufmacherfoto-scaled.jpg\",\"contentUrl\":\"https:\\\/\\\/kath-akademie-bayern.de\\\/wp-content\\\/uploads\\\/herder_aufmacherfoto-scaled.jpg\",\"width\":2560,\"height\":1535},{\"@type\":\"BreadcrumbList\",\"@id\":\"https:\\\/\\\/kath-akademie-bayern.de\\\/mediathek-eintrag\\\/begruessung-zur-verleihung-des-oekumenischen-preises-2016\\\/#breadcrumb\",\"itemListElement\":[{\"@type\":\"ListItem\",\"position\":1,\"name\":\"Startseite\",\"item\":\"https:\\\/\\\/kath-akademie-bayern.de\\\/\"},{\"@type\":\"ListItem\",\"position\":2,\"name\":\"Begr\u00fc\u00dfung zur Verleihung des \u00d6kumenischen Preises 2016\"}]},{\"@type\":\"WebSite\",\"@id\":\"https:\\\/\\\/kath-akademie-bayern.de\\\/#website\",\"url\":\"https:\\\/\\\/kath-akademie-bayern.de\\\/\",\"name\":\"Katholische Akademie in Bayern\",\"description\":\"Kirche braucht Debatte: \u201ekatholisch\u201c mit Blick auf das Ganze \u2013 und \u201eakademisch\u201c im Vertrauen auf die Kraft der Argumente\",\"publisher\":{\"@id\":\"https:\\\/\\\/kath-akademie-bayern.de\\\/#organization\"},\"potentialAction\":[{\"@type\":\"SearchAction\",\"target\":{\"@type\":\"EntryPoint\",\"urlTemplate\":\"https:\\\/\\\/kath-akademie-bayern.de\\\/?s={search_term_string}\"},\"query-input\":{\"@type\":\"PropertyValueSpecification\",\"valueRequired\":true,\"valueName\":\"search_term_string\"}}],\"inLanguage\":\"en-GB\"},{\"@type\":\"Organization\",\"@id\":\"https:\\\/\\\/kath-akademie-bayern.de\\\/#organization\",\"name\":\"Katholische Akademie in Bayern\",\"url\":\"https:\\\/\\\/kath-akademie-bayern.de\\\/\",\"logo\":{\"@type\":\"ImageObject\",\"inLanguage\":\"en-GB\",\"@id\":\"https:\\\/\\\/kath-akademie-bayern.de\\\/#\\\/schema\\\/logo\\\/image\\\/\",\"url\":\"https:\\\/\\\/kath-akademie-bayern.de\\\/wp-content\\\/uploads\\\/Menue-Logo-Home@2x.png\",\"contentUrl\":\"https:\\\/\\\/kath-akademie-bayern.de\\\/wp-content\\\/uploads\\\/Menue-Logo-Home@2x.png\",\"width\":496,\"height\":216,\"caption\":\"Katholische Akademie in Bayern\"},\"image\":{\"@id\":\"https:\\\/\\\/kath-akademie-bayern.de\\\/#\\\/schema\\\/logo\\\/image\\\/\"},\"sameAs\":[\"https:\\\/\\\/www.facebook.com\\\/katholische.akademie.bayern\\\/\"]}]}<\/script>\n<!-- \/ Yoast SEO plugin. -->","yoast_head_json":{"title":"Begr\u00fc\u00dfung zur Verleihung des \u00d6kumenischen Preises 2016 - Katholische Akademie in Bayern","robots":{"index":"index","follow":"follow","max-snippet":"max-snippet:-1","max-image-preview":"max-image-preview:large","max-video-preview":"max-video-preview:-1"},"canonical":"https:\/\/kath-akademie-bayern.de\/en\/mediathek-eintrag\/begruessung-zur-verleihung-des-oekumenischen-preises-2016\/","og_locale":"en_GB","og_type":"article","og_title":"Begr\u00fc\u00dfung zur Verleihung des \u00d6kumenischen Preises 2016 - Katholische Akademie in Bayern","og_description":"\u201e\u00d6kumene\u201c \u2013 eines unserer gro\u00dfen Worte. Es stammt bekanntlich vom griechischen Wort f\u00fcr \u201ewohnen\u201c ab, \u201eoikein\u201c, und dieses wiederum vom Wort \u201eOikos\u201c, \u201eHaus\u201c. &nbsp; I. &nbsp; Wenn ich deshalb dem Wortsinn von \u00d6ku-mene nachgehe, darf ich zun\u00e4chst als \u201eHaus\u201c-Herr Sie alle sehr herzlich begr\u00fc\u00dfen: Sie, \u00f6kumenisch gesinnte Vertreterinnen und Vertreter unterschiedlicher christlicher Traditionen; Ordensobere, Patres&hellip;","og_url":"https:\/\/kath-akademie-bayern.de\/en\/mediathek-eintrag\/begruessung-zur-verleihung-des-oekumenischen-preises-2016\/","og_site_name":"Katholische Akademie in Bayern","article_publisher":"https:\/\/www.facebook.com\/katholische.akademie.bayern\/","og_image":[{"width":2560,"height":1535,"url":"https:\/\/kath-akademie-bayern.de\/wp-content\/uploads\/herder_aufmacherfoto-scaled.jpg","type":"image\/jpeg"}],"twitter_card":"summary_large_image","twitter_misc":{"Estimated reading time":"9 minutes"},"schema":{"@context":"https:\/\/schema.org","@graph":[{"@type":"WebPage","@id":"https:\/\/kath-akademie-bayern.de\/mediathek-eintrag\/begruessung-zur-verleihung-des-oekumenischen-preises-2016\/","url":"https:\/\/kath-akademie-bayern.de\/mediathek-eintrag\/begruessung-zur-verleihung-des-oekumenischen-preises-2016\/","name":"Begr\u00fc\u00dfung zur Verleihung des \u00d6kumenischen Preises 2016 - Katholische Akademie in Bayern","isPartOf":{"@id":"https:\/\/kath-akademie-bayern.de\/#website"},"primaryImageOfPage":{"@id":"https:\/\/kath-akademie-bayern.de\/mediathek-eintrag\/begruessung-zur-verleihung-des-oekumenischen-preises-2016\/#primaryimage"},"image":{"@id":"https:\/\/kath-akademie-bayern.de\/mediathek-eintrag\/begruessung-zur-verleihung-des-oekumenischen-preises-2016\/#primaryimage"},"thumbnailUrl":"https:\/\/kath-akademie-bayern.de\/wp-content\/uploads\/herder_aufmacherfoto-scaled.jpg","datePublished":"2026-01-30T07:59:18+00:00","breadcrumb":{"@id":"https:\/\/kath-akademie-bayern.de\/mediathek-eintrag\/begruessung-zur-verleihung-des-oekumenischen-preises-2016\/#breadcrumb"},"inLanguage":"en-GB","potentialAction":[{"@type":"ReadAction","target":["https:\/\/kath-akademie-bayern.de\/mediathek-eintrag\/begruessung-zur-verleihung-des-oekumenischen-preises-2016\/"]}]},{"@type":"ImageObject","inLanguage":"en-GB","@id":"https:\/\/kath-akademie-bayern.de\/mediathek-eintrag\/begruessung-zur-verleihung-des-oekumenischen-preises-2016\/#primaryimage","url":"https:\/\/kath-akademie-bayern.de\/wp-content\/uploads\/herder_aufmacherfoto-scaled.jpg","contentUrl":"https:\/\/kath-akademie-bayern.de\/wp-content\/uploads\/herder_aufmacherfoto-scaled.jpg","width":2560,"height":1535},{"@type":"BreadcrumbList","@id":"https:\/\/kath-akademie-bayern.de\/mediathek-eintrag\/begruessung-zur-verleihung-des-oekumenischen-preises-2016\/#breadcrumb","itemListElement":[{"@type":"ListItem","position":1,"name":"Startseite","item":"https:\/\/kath-akademie-bayern.de\/"},{"@type":"ListItem","position":2,"name":"Begr\u00fc\u00dfung zur Verleihung des \u00d6kumenischen Preises 2016"}]},{"@type":"WebSite","@id":"https:\/\/kath-akademie-bayern.de\/#website","url":"https:\/\/kath-akademie-bayern.de\/","name":"Catholic Academy in Bavaria","description":"Church needs debate: \"catholic\" looking at the whole - and \"academic\" trusting in the power of arguments","publisher":{"@id":"https:\/\/kath-akademie-bayern.de\/#organization"},"potentialAction":[{"@type":"SearchAction","target":{"@type":"EntryPoint","urlTemplate":"https:\/\/kath-akademie-bayern.de\/?s={search_term_string}"},"query-input":{"@type":"PropertyValueSpecification","valueRequired":true,"valueName":"search_term_string"}}],"inLanguage":"en-GB"},{"@type":"Organization","@id":"https:\/\/kath-akademie-bayern.de\/#organization","name":"Catholic Academy in Bavaria","url":"https:\/\/kath-akademie-bayern.de\/","logo":{"@type":"ImageObject","inLanguage":"en-GB","@id":"https:\/\/kath-akademie-bayern.de\/#\/schema\/logo\/image\/","url":"https:\/\/kath-akademie-bayern.de\/wp-content\/uploads\/Menue-Logo-Home@2x.png","contentUrl":"https:\/\/kath-akademie-bayern.de\/wp-content\/uploads\/Menue-Logo-Home@2x.png","width":496,"height":216,"caption":"Katholische Akademie in Bayern"},"image":{"@id":"https:\/\/kath-akademie-bayern.de\/#\/schema\/logo\/image\/"},"sameAs":["https:\/\/www.facebook.com\/katholische.akademie.bayern\/"]}]}},"_links":{"self":[{"href":"https:\/\/kath-akademie-bayern.de\/en\/wp-json\/wp\/v2\/media-library\/118343","targetHints":{"allow":["GET"]}}],"collection":[{"href":"https:\/\/kath-akademie-bayern.de\/en\/wp-json\/wp\/v2\/media-library"}],"about":[{"href":"https:\/\/kath-akademie-bayern.de\/en\/wp-json\/wp\/v2\/types\/media-library"}],"author":[{"embeddable":true,"href":"https:\/\/kath-akademie-bayern.de\/en\/wp-json\/wp\/v2\/users\/5"}],"version-history":[{"count":1,"href":"https:\/\/kath-akademie-bayern.de\/en\/wp-json\/wp\/v2\/media-library\/118343\/revisions"}],"predecessor-version":[{"id":118344,"href":"https:\/\/kath-akademie-bayern.de\/en\/wp-json\/wp\/v2\/media-library\/118343\/revisions\/118344"}],"wp:featuredmedia":[{"embeddable":true,"href":"https:\/\/kath-akademie-bayern.de\/en\/wp-json\/wp\/v2\/media\/118341"}],"wp:attachment":[{"href":"https:\/\/kath-akademie-bayern.de\/en\/wp-json\/wp\/v2\/media?parent=118343"}],"curies":[{"name":"wp","href":"https:\/\/api.w.org\/{rel}","templated":true}]}}