{"id":118345,"date":"2026-01-30T09:02:14","date_gmt":"2026-01-30T08:02:14","guid":{"rendered":"https:\/\/kath-akademie-bayern.de\/?post_type=media-library&#038;p=118345"},"modified":"2026-01-30T09:02:14","modified_gmt":"2026-01-30T08:02:14","slug":"grusswort-zur-verleihung-des-oekumenischen-preises-2016","status":"publish","type":"media-library","link":"https:\/\/kath-akademie-bayern.de\/en\/mediathek-eintrag\/grusswort-zur-verleihung-des-oekumenischen-preises-2016\/","title":{"rendered":"Gru\u00dfwort zur Verleihung des \u00d6kumenischen Preises 2016"},"content":{"rendered":"<p>Die Katholische Akademie hat einen hervorragenden Ruf in Bayern und weit dar\u00fcber hinaus. Die Mandlstra\u00dfe 23 gilt als Premium-Adresse f\u00fcr den anspruchsvollen Austausch von Kirche und Welt. In diesen R\u00e4umen wird um Einsicht und Verst\u00e4ndigung gerungen \u2013 leidenschaftlich, differenziert, immer mit Respekt vor der Meinung und Haltung des Gegen\u00fcbers. Wir in Bayern sind stolz auf diesen Leuchtturm des gelehrten Dialogs!<\/p>\n<p>Hier werden die Werte unseres christlich-j\u00fcdischen Menschenbildes gelebt. Humanit\u00e4t, Rechtsstaatlichkeit, Freiheit \u2013 all das macht unser christliches Wertebild aus. Diese christlich-j\u00fcdische Tradition ist auch das Fundament f\u00fcr den Zusammenhalt in Europa und den Frieden in der Welt.<\/p>\n<p>Zusammenhalt in Europa und Frieden in der Welt \u2013 wer h\u00e4tte noch vor zwei oder drei Jahren gedacht, dass diese Themen und damit die Au\u00dfenpolitik so sehr in den Mittelpunkt der Aufmerksamkeit von uns allen r\u00fccken. Deshalb erh\u00e4lt der diesj\u00e4hrige Preistr\u00e4ger des \u00d6kumenischen Preises den Preis genau zur rechten Zeit!<\/p>\n<p>&nbsp;<\/p>\n<p>Sehr geehrter Herr Bundesminister Steinmeier,<\/p>\n<p>&nbsp;<\/p>\n<p>ich hei\u00dfe Sie herzlich in Bayern willkommen. Gratulation zu dieser Auszeichnung! Der \u00d6kumenische Preis ist eine Anerkennung f\u00fcr Ihr Wirken als Christ und Br\u00fcckenbauer \u2013 und zugleich Ermutigung f\u00fcr alle, denen Solidarit\u00e4t, Frieden und Freiheit am Herzen liegen. Meinen herzlichen Gl\u00fcckwunsch!<\/p>\n<p>Gerade in Zeiten der Krise in Europa, der weltweiten Herausforderungen durch Terror und Krieg, m\u00fcssen wir uns wieder st\u00e4rker auf unsere Werte als Kern unseres Zusammenlebens besinnen.<\/p>\n<p>Sie, Herr Bundesau\u00dfenminister, pr\u00e4gen in zentralem Ma\u00dfe die deutsche Antwort auf die vielen Krisen und Herausforderungen, mit denen wir konfrontiert sind. Wie viele es sind, erfahre auch ich jede Woche aufs Neue. Wo auch immer ich als f\u00fcr die Au\u00dfenbeziehungen des Freistaats Bayern zust\u00e4ndige Ministerin hinkomme: die Themen Flucht und Migration, Ukraine und Russland, jetzt Brexit stehen sofort im Mittelpunkt des Gespr\u00e4chs \u2013 um nur einige ganz besonders aktuelle Beispiele zu nennen.<\/p>\n<p>Und ich merke: au\u00dfen- und europapolitische Themen dominieren jetzt auch \u2013 ganz anders als fr\u00fcher \u2013 die Gespr\u00e4che mit den B\u00fcrgerinnen und B\u00fcrgern hier zu Hause.<\/p>\n<p>Wir m\u00fcssen uns angesichts der F\u00fclle der Probleme umso st\u00e4rker unseres grundlegenden Wertekanons r\u00fcckversichern. Papst Franziskus hat bei der Verleihung des Karlspreises am 6. Mai 2016 mahnende Worte an uns alle gerichtet: \u00a0\u201eWas ist mit Dir los, humanistisches Europa, Du Verfechterin der Menschenrechte, der Demokratie und der Freiheit?\u201c<\/p>\n<p>Die Fl\u00fcchtlingskrise stellt uns alle vor gro\u00dfe Herausforderungen und fordert gerade von uns Christenmenschen ein mutiges Handeln. Klar ist aber auch: Wir k\u00f6nnen diese Herausforderung nicht alleine stemmen. Hier m\u00fcssen alle in Europa zusammenstehen.<\/p>\n<p>Millionen von Menschen machen sich weltweit auf den Weg. Sie fl\u00fcchten vor Krieg und Terror, vor Hunger und Not. Die Menschen hoffen auf Europa, sie hoffen auf unsere Werte: \u00a0Jeder Mensch ist einmalig in seiner W\u00fcrde \u2013 vom Anfang bis zum Ende seines Lebens. Menschenrechte, Gleichberechtigung von Mann und Frau, Freiheit in Verantwortung f\u00fcr den N\u00e4chsten und die Sch\u00f6pfung.<\/p>\n<p>Ich selbst habe Menschen in Fl\u00fcchtlingscamps im Libanon, in der T\u00fcrkei und in Jordanien besucht. Gerade die Kinder haben mich tief ber\u00fchrt. Da ist so viel Hoffnung in den Augen dieser M\u00e4dchen und Buben \u2013 trotz all dem Leid, das sie erfahren haben. Diese Kinder d\u00fcrfen wir nicht vergessen. \u00a0Bayern stellt sich seiner Verantwortung. Wir wollen Perspektiven in den Herkunftsl\u00e4ndern schaffen. Daf\u00fcr werden wir im neuen Doppelhaushalt die Mittel um ein Vielfaches erh\u00f6hen.<\/p>\n<p>F\u00fcr eine bessere Welt brauchen wir Vorbilder, die sich stark machen f\u00fcr Schw\u00e4chere, die Probleme anpacken und handeln, statt sich wegzuducken. Wir brauchen Menschen, die ihre \u00dcberzeugung als Christen leben und wissen: F\u00fcr Vers\u00f6hnung, Frieden und Freiheit m\u00fcssen wir uns Tag f\u00fcr Tag einsetzen. Der \u00d6kumenische Preis der Katholischen Akademie ist ein starkes Signal: Setzen wir uns gemeinsam weiter ein f\u00fcr Verst\u00e4ndigung \u00fcber Grenzen hinweg, f\u00fcr Frieden und Hoffnung in der Welt! Ich freue mich auf die Preisverleihung.<\/p>","protected":false},"excerpt":{"rendered":"<p>Die Katholische Akademie hat einen hervorragenden Ruf in Bayern und weit dar\u00fcber hinaus. Die Mandlstra\u00dfe 23 gilt als Premium-Adresse f\u00fcr den anspruchsvollen Austausch von Kirche und Welt. In diesen R\u00e4umen wird um Einsicht und Verst\u00e4ndigung gerungen \u2013 leidenschaftlich, differenziert, immer mit Respekt vor der Meinung und Haltung des Gegen\u00fcbers. Wir in Bayern sind stolz auf&hellip;<\/p>","protected":false},"author":5,"featured_media":118341,"menu_order":106,"template":"","meta":{"_relevanssi_hide_post":"","_relevanssi_hide_content":"","_relevanssi_pin_for_all":"","_relevanssi_pin_keywords":"","_relevanssi_unpin_keywords":"","_relevanssi_related_keywords":"","_relevanssi_related_include_ids":"","_relevanssi_related_exclude_ids":"","_relevanssi_related_no_append":"","_relevanssi_related_not_related":"","_relevanssi_related_posts":"","_relevanssi_noindex_reason":"","footnotes":""},"class_list":["post-118345","media-library","type-media-library","status-publish","has-post-thumbnail","hentry","focus-area-oekumene"],"yoast_head":"<!-- This site is optimized with the Yoast SEO plugin v27.4 - https:\/\/yoast.com\/product\/yoast-seo-wordpress\/ -->\n<title>Gru\u00dfwort zur Verleihung des \u00d6kumenischen Preises 2016 - Katholische Akademie in Bayern<\/title>\n<meta name=\"robots\" content=\"index, follow, max-snippet:-1, max-image-preview:large, max-video-preview:-1\" \/>\n<link rel=\"canonical\" href=\"https:\/\/kath-akademie-bayern.de\/en\/mediathek-eintrag\/grusswort-zur-verleihung-des-oekumenischen-preises-2016\/\" \/>\n<meta property=\"og:locale\" content=\"en_GB\" \/>\n<meta property=\"og:type\" content=\"article\" \/>\n<meta property=\"og:title\" content=\"Gru\u00dfwort zur Verleihung des \u00d6kumenischen Preises 2016 - Katholische Akademie in Bayern\" \/>\n<meta property=\"og:description\" content=\"Die Katholische Akademie hat einen hervorragenden Ruf in Bayern und weit dar\u00fcber hinaus. Die Mandlstra\u00dfe 23 gilt als Premium-Adresse f\u00fcr den anspruchsvollen Austausch von Kirche und Welt. In diesen R\u00e4umen wird um Einsicht und Verst\u00e4ndigung gerungen \u2013 leidenschaftlich, differenziert, immer mit Respekt vor der Meinung und Haltung des Gegen\u00fcbers. Wir in Bayern sind stolz auf&hellip;\" \/>\n<meta property=\"og:url\" content=\"https:\/\/kath-akademie-bayern.de\/en\/mediathek-eintrag\/grusswort-zur-verleihung-des-oekumenischen-preises-2016\/\" \/>\n<meta property=\"og:site_name\" content=\"Katholische Akademie in Bayern\" \/>\n<meta property=\"article:publisher\" content=\"https:\/\/www.facebook.com\/katholische.akademie.bayern\/\" \/>\n<meta property=\"og:image\" content=\"https:\/\/kath-akademie-bayern.de\/wp-content\/uploads\/herder_aufmacherfoto-scaled.jpg\" \/>\n\t<meta property=\"og:image:width\" content=\"2560\" \/>\n\t<meta property=\"og:image:height\" content=\"1535\" \/>\n\t<meta property=\"og:image:type\" content=\"image\/jpeg\" \/>\n<meta name=\"twitter:card\" content=\"summary_large_image\" \/>\n<meta name=\"twitter:label1\" content=\"Estimated reading time\" \/>\n\t<meta name=\"twitter:data1\" content=\"4 minutes\" \/>\n<script type=\"application\/ld+json\" class=\"yoast-schema-graph\">{\"@context\":\"https:\\\/\\\/schema.org\",\"@graph\":[{\"@type\":\"WebPage\",\"@id\":\"https:\\\/\\\/kath-akademie-bayern.de\\\/mediathek-eintrag\\\/grusswort-zur-verleihung-des-oekumenischen-preises-2016\\\/\",\"url\":\"https:\\\/\\\/kath-akademie-bayern.de\\\/mediathek-eintrag\\\/grusswort-zur-verleihung-des-oekumenischen-preises-2016\\\/\",\"name\":\"Gru\u00dfwort zur Verleihung des \u00d6kumenischen Preises 2016 - Katholische Akademie in Bayern\",\"isPartOf\":{\"@id\":\"https:\\\/\\\/kath-akademie-bayern.de\\\/#website\"},\"primaryImageOfPage\":{\"@id\":\"https:\\\/\\\/kath-akademie-bayern.de\\\/mediathek-eintrag\\\/grusswort-zur-verleihung-des-oekumenischen-preises-2016\\\/#primaryimage\"},\"image\":{\"@id\":\"https:\\\/\\\/kath-akademie-bayern.de\\\/mediathek-eintrag\\\/grusswort-zur-verleihung-des-oekumenischen-preises-2016\\\/#primaryimage\"},\"thumbnailUrl\":\"https:\\\/\\\/kath-akademie-bayern.de\\\/wp-content\\\/uploads\\\/herder_aufmacherfoto-scaled.jpg\",\"datePublished\":\"2026-01-30T08:02:14+00:00\",\"breadcrumb\":{\"@id\":\"https:\\\/\\\/kath-akademie-bayern.de\\\/mediathek-eintrag\\\/grusswort-zur-verleihung-des-oekumenischen-preises-2016\\\/#breadcrumb\"},\"inLanguage\":\"en-GB\",\"potentialAction\":[{\"@type\":\"ReadAction\",\"target\":[\"https:\\\/\\\/kath-akademie-bayern.de\\\/mediathek-eintrag\\\/grusswort-zur-verleihung-des-oekumenischen-preises-2016\\\/\"]}]},{\"@type\":\"ImageObject\",\"inLanguage\":\"en-GB\",\"@id\":\"https:\\\/\\\/kath-akademie-bayern.de\\\/mediathek-eintrag\\\/grusswort-zur-verleihung-des-oekumenischen-preises-2016\\\/#primaryimage\",\"url\":\"https:\\\/\\\/kath-akademie-bayern.de\\\/wp-content\\\/uploads\\\/herder_aufmacherfoto-scaled.jpg\",\"contentUrl\":\"https:\\\/\\\/kath-akademie-bayern.de\\\/wp-content\\\/uploads\\\/herder_aufmacherfoto-scaled.jpg\",\"width\":2560,\"height\":1535},{\"@type\":\"BreadcrumbList\",\"@id\":\"https:\\\/\\\/kath-akademie-bayern.de\\\/mediathek-eintrag\\\/grusswort-zur-verleihung-des-oekumenischen-preises-2016\\\/#breadcrumb\",\"itemListElement\":[{\"@type\":\"ListItem\",\"position\":1,\"name\":\"Startseite\",\"item\":\"https:\\\/\\\/kath-akademie-bayern.de\\\/\"},{\"@type\":\"ListItem\",\"position\":2,\"name\":\"Gru\u00dfwort zur Verleihung des \u00d6kumenischen Preises 2016\"}]},{\"@type\":\"WebSite\",\"@id\":\"https:\\\/\\\/kath-akademie-bayern.de\\\/#website\",\"url\":\"https:\\\/\\\/kath-akademie-bayern.de\\\/\",\"name\":\"Katholische Akademie in Bayern\",\"description\":\"Kirche braucht Debatte: \u201ekatholisch\u201c mit Blick auf das Ganze \u2013 und \u201eakademisch\u201c im Vertrauen auf die Kraft der Argumente\",\"publisher\":{\"@id\":\"https:\\\/\\\/kath-akademie-bayern.de\\\/#organization\"},\"potentialAction\":[{\"@type\":\"SearchAction\",\"target\":{\"@type\":\"EntryPoint\",\"urlTemplate\":\"https:\\\/\\\/kath-akademie-bayern.de\\\/?s={search_term_string}\"},\"query-input\":{\"@type\":\"PropertyValueSpecification\",\"valueRequired\":true,\"valueName\":\"search_term_string\"}}],\"inLanguage\":\"en-GB\"},{\"@type\":\"Organization\",\"@id\":\"https:\\\/\\\/kath-akademie-bayern.de\\\/#organization\",\"name\":\"Katholische Akademie in Bayern\",\"url\":\"https:\\\/\\\/kath-akademie-bayern.de\\\/\",\"logo\":{\"@type\":\"ImageObject\",\"inLanguage\":\"en-GB\",\"@id\":\"https:\\\/\\\/kath-akademie-bayern.de\\\/#\\\/schema\\\/logo\\\/image\\\/\",\"url\":\"https:\\\/\\\/kath-akademie-bayern.de\\\/wp-content\\\/uploads\\\/Menue-Logo-Home@2x.png\",\"contentUrl\":\"https:\\\/\\\/kath-akademie-bayern.de\\\/wp-content\\\/uploads\\\/Menue-Logo-Home@2x.png\",\"width\":496,\"height\":216,\"caption\":\"Katholische Akademie in Bayern\"},\"image\":{\"@id\":\"https:\\\/\\\/kath-akademie-bayern.de\\\/#\\\/schema\\\/logo\\\/image\\\/\"},\"sameAs\":[\"https:\\\/\\\/www.facebook.com\\\/katholische.akademie.bayern\\\/\"]}]}<\/script>\n<!-- \/ Yoast SEO plugin. -->","yoast_head_json":{"title":"Gru\u00dfwort zur Verleihung des \u00d6kumenischen Preises 2016 - Katholische Akademie in Bayern","robots":{"index":"index","follow":"follow","max-snippet":"max-snippet:-1","max-image-preview":"max-image-preview:large","max-video-preview":"max-video-preview:-1"},"canonical":"https:\/\/kath-akademie-bayern.de\/en\/mediathek-eintrag\/grusswort-zur-verleihung-des-oekumenischen-preises-2016\/","og_locale":"en_GB","og_type":"article","og_title":"Gru\u00dfwort zur Verleihung des \u00d6kumenischen Preises 2016 - Katholische Akademie in Bayern","og_description":"Die Katholische Akademie hat einen hervorragenden Ruf in Bayern und weit dar\u00fcber hinaus. Die Mandlstra\u00dfe 23 gilt als Premium-Adresse f\u00fcr den anspruchsvollen Austausch von Kirche und Welt. In diesen R\u00e4umen wird um Einsicht und Verst\u00e4ndigung gerungen \u2013 leidenschaftlich, differenziert, immer mit Respekt vor der Meinung und Haltung des Gegen\u00fcbers. Wir in Bayern sind stolz auf&hellip;","og_url":"https:\/\/kath-akademie-bayern.de\/en\/mediathek-eintrag\/grusswort-zur-verleihung-des-oekumenischen-preises-2016\/","og_site_name":"Katholische Akademie in Bayern","article_publisher":"https:\/\/www.facebook.com\/katholische.akademie.bayern\/","og_image":[{"width":2560,"height":1535,"url":"https:\/\/kath-akademie-bayern.de\/wp-content\/uploads\/herder_aufmacherfoto-scaled.jpg","type":"image\/jpeg"}],"twitter_card":"summary_large_image","twitter_misc":{"Estimated reading time":"4 minutes"},"schema":{"@context":"https:\/\/schema.org","@graph":[{"@type":"WebPage","@id":"https:\/\/kath-akademie-bayern.de\/mediathek-eintrag\/grusswort-zur-verleihung-des-oekumenischen-preises-2016\/","url":"https:\/\/kath-akademie-bayern.de\/mediathek-eintrag\/grusswort-zur-verleihung-des-oekumenischen-preises-2016\/","name":"Gru\u00dfwort zur Verleihung des \u00d6kumenischen Preises 2016 - Katholische Akademie in Bayern","isPartOf":{"@id":"https:\/\/kath-akademie-bayern.de\/#website"},"primaryImageOfPage":{"@id":"https:\/\/kath-akademie-bayern.de\/mediathek-eintrag\/grusswort-zur-verleihung-des-oekumenischen-preises-2016\/#primaryimage"},"image":{"@id":"https:\/\/kath-akademie-bayern.de\/mediathek-eintrag\/grusswort-zur-verleihung-des-oekumenischen-preises-2016\/#primaryimage"},"thumbnailUrl":"https:\/\/kath-akademie-bayern.de\/wp-content\/uploads\/herder_aufmacherfoto-scaled.jpg","datePublished":"2026-01-30T08:02:14+00:00","breadcrumb":{"@id":"https:\/\/kath-akademie-bayern.de\/mediathek-eintrag\/grusswort-zur-verleihung-des-oekumenischen-preises-2016\/#breadcrumb"},"inLanguage":"en-GB","potentialAction":[{"@type":"ReadAction","target":["https:\/\/kath-akademie-bayern.de\/mediathek-eintrag\/grusswort-zur-verleihung-des-oekumenischen-preises-2016\/"]}]},{"@type":"ImageObject","inLanguage":"en-GB","@id":"https:\/\/kath-akademie-bayern.de\/mediathek-eintrag\/grusswort-zur-verleihung-des-oekumenischen-preises-2016\/#primaryimage","url":"https:\/\/kath-akademie-bayern.de\/wp-content\/uploads\/herder_aufmacherfoto-scaled.jpg","contentUrl":"https:\/\/kath-akademie-bayern.de\/wp-content\/uploads\/herder_aufmacherfoto-scaled.jpg","width":2560,"height":1535},{"@type":"BreadcrumbList","@id":"https:\/\/kath-akademie-bayern.de\/mediathek-eintrag\/grusswort-zur-verleihung-des-oekumenischen-preises-2016\/#breadcrumb","itemListElement":[{"@type":"ListItem","position":1,"name":"Startseite","item":"https:\/\/kath-akademie-bayern.de\/"},{"@type":"ListItem","position":2,"name":"Gru\u00dfwort zur Verleihung des \u00d6kumenischen Preises 2016"}]},{"@type":"WebSite","@id":"https:\/\/kath-akademie-bayern.de\/#website","url":"https:\/\/kath-akademie-bayern.de\/","name":"Catholic Academy in Bavaria","description":"Church needs debate: \"catholic\" looking at the whole - and \"academic\" trusting in the power of arguments","publisher":{"@id":"https:\/\/kath-akademie-bayern.de\/#organization"},"potentialAction":[{"@type":"SearchAction","target":{"@type":"EntryPoint","urlTemplate":"https:\/\/kath-akademie-bayern.de\/?s={search_term_string}"},"query-input":{"@type":"PropertyValueSpecification","valueRequired":true,"valueName":"search_term_string"}}],"inLanguage":"en-GB"},{"@type":"Organization","@id":"https:\/\/kath-akademie-bayern.de\/#organization","name":"Catholic Academy in Bavaria","url":"https:\/\/kath-akademie-bayern.de\/","logo":{"@type":"ImageObject","inLanguage":"en-GB","@id":"https:\/\/kath-akademie-bayern.de\/#\/schema\/logo\/image\/","url":"https:\/\/kath-akademie-bayern.de\/wp-content\/uploads\/Menue-Logo-Home@2x.png","contentUrl":"https:\/\/kath-akademie-bayern.de\/wp-content\/uploads\/Menue-Logo-Home@2x.png","width":496,"height":216,"caption":"Katholische Akademie in Bayern"},"image":{"@id":"https:\/\/kath-akademie-bayern.de\/#\/schema\/logo\/image\/"},"sameAs":["https:\/\/www.facebook.com\/katholische.akademie.bayern\/"]}]}},"_links":{"self":[{"href":"https:\/\/kath-akademie-bayern.de\/en\/wp-json\/wp\/v2\/media-library\/118345","targetHints":{"allow":["GET"]}}],"collection":[{"href":"https:\/\/kath-akademie-bayern.de\/en\/wp-json\/wp\/v2\/media-library"}],"about":[{"href":"https:\/\/kath-akademie-bayern.de\/en\/wp-json\/wp\/v2\/types\/media-library"}],"author":[{"embeddable":true,"href":"https:\/\/kath-akademie-bayern.de\/en\/wp-json\/wp\/v2\/users\/5"}],"version-history":[{"count":1,"href":"https:\/\/kath-akademie-bayern.de\/en\/wp-json\/wp\/v2\/media-library\/118345\/revisions"}],"predecessor-version":[{"id":118346,"href":"https:\/\/kath-akademie-bayern.de\/en\/wp-json\/wp\/v2\/media-library\/118345\/revisions\/118346"}],"wp:featuredmedia":[{"embeddable":true,"href":"https:\/\/kath-akademie-bayern.de\/en\/wp-json\/wp\/v2\/media\/118341"}],"wp:attachment":[{"href":"https:\/\/kath-akademie-bayern.de\/en\/wp-json\/wp\/v2\/media?parent=118345"}],"curies":[{"name":"wp","href":"https:\/\/api.w.org\/{rel}","templated":true}]}}