{"id":120708,"date":"2026-03-20T11:08:57","date_gmt":"2026-03-20T10:08:57","guid":{"rendered":"https:\/\/kath-akademie-bayern.de\/?post_type=media-library&#038;p=120708"},"modified":"2026-03-20T11:09:00","modified_gmt":"2026-03-20T10:09:00","slug":"die-pflegenden-staerken-berufspolitische-perspektiven-und-die-frage-der-verkammerung","status":"publish","type":"media-library","link":"https:\/\/kath-akademie-bayern.de\/en\/mediathek-eintrag\/die-pflegenden-staerken-berufspolitische-perspektiven-und-die-frage-der-verkammerung\/","title":{"rendered":"Die Pflegenden st\u00e4rken"},"content":{"rendered":"<h3><strong>I.<\/strong><\/h3>\n<p>&nbsp;<\/p>\n<p>Die Pflegenden zu st\u00e4rken war und ist mir als Vertreterin von zwei Stiftungen im Gesundheits- und Sozialwesen mit 6.500 Pflegekr\u00e4ften nicht nur ein Anliegen, sondern eine Verpflichtung. Abgesehen davon, dass eine meiner Professionen auch Krankenschwester war und ich viele ausbilden durfte, glaube ich, dass Deutschland schon Jahre vers\u00e4umt hat, der Pflege und damit den Pflegenden die Bedeutung in der Gesellschaft zu geben, die Menschen verdienen, die sich t\u00e4glich in den Dienst kranker und alter Menschen stellen und sich f\u00fcr eine noch m\u00f6gliche Lebensqualit\u00e4t und W\u00fcrde nicht nur mit Worten, sondern mit Handlungen einsetzen.<\/p>\n<p>Die Pflegenden st\u00e4rken bedeutet, den Pflegenden eine Stimme zu geben. Ich teile die Meinung des Pr\u00e4sidenten des Deutschen Pflegerats, dass endlich in entscheidenden Fragestellungen <em>with<\/em> der Pflege und nicht <em>about<\/em> die Pflegenden gesprochen und verhandelt wird.<\/p>\n<p>Im Gesundheitswesen im Bereich der Kliniken und ambulanten Dienste arbeitet man heute in komplexen interdisziplin\u00e4ren Teams \u2013 und dies geschieht schon an vielen Orten \u2013 auf Augenh\u00f6he, wenn die Tr\u00e4ger die R\u00fcckendeckung geben. Eine pflegefreundliche Kultur gr\u00fcndet auf der gesellschaftlichen Wertsch\u00e4tzung und Anerkennung pflegerischer T\u00e4tigkeit und der Pflegeberufe.<\/p>\n<p>Diese wird nur in dem Ma\u00dfe herbeizuf\u00fchren sein, in dem in der \u00d6ffentlichkeit dargelegt wird, welche Aufgaben sich im Pflegeprozess stellen, welche Verantwortung Pflegekr\u00e4fte \u00fcbernehmen, welchen Beitrag eine fachlich wie ethisch anspruchsvolle Pflege f\u00fcr die Erhaltung oder Wiedererlangung von Lebensqualit\u00e4t und Wohlbefinden leistet.<\/p>\n<p>Wir haben nicht nur appelliert, sondern die Pflege gest\u00e4rkt durch die Errichtung einer Pflegewissenschaftlichen Fakult\u00e4t an unserer Philosophisch-Theologischen-Hochschule mit Promotionsrecht und durch die Einf\u00fchrung von Studieng\u00e4ngen, die jedem, der die derzeit gesetzlich vorgeschriebene Ausbildung absolviert, zus\u00e4tzlich den Bachelor erm\u00f6glichen.<\/p>\n<p>Die Akademisierung wird nicht alle Probleme der Zukunft l\u00f6sen, aber einige. Sie erm\u00f6glicht den Dialog zwischen Wissenschaft und Praxis. Die Versorgungsforschung ist ein Thema von \u00c4rzten und Pflegenden. Soweit zur St\u00e4rkung der Pflege in der mir vorgegebenen Zeit.<\/p>\n<p>&nbsp;<\/p>\n<h3><strong>II.<\/strong><\/h3>\n<p>&nbsp;<\/p>\n<p>Ich komme zu den berufspolitischen Perspektiven: Die komplexen Gegenwarts- und Zukunftsaufgaben der Pflege erfordern eine Neubestimmung der Rolle der Pflegeberufe im Gesundheitswesen. Die Pflege in Deutschland ist dabei, die jahrzehntelange Fremdbestimmung abzustreifen und die Selbstbestimmung des Berufsstandes zu erreichen.<\/p>\n<p>Als Vorsitzende der Gr\u00fcndungskonferenz der ersten Pflegekammer in Deutschland durfte ich diesen Prozess mitsteuern und die Themen und Probleme der Pflege den Abgeordneten des rheinland-pf\u00e4lzischen Landtags veranschaulichen. Davor liegt ein langer Informationsprozess im Lande mit fast 170 Veranstaltungen.<\/p>\n<p>Viele Pflegende sind nicht politisch interessiert, oder engagiert, sie erleiden die derzeitige Situation mit den schwieriger werdenden Rahmenbedingungen. Sie haben aber verstanden, dass die Pflegenden eine berufspolitische professionelle und schlagkr\u00e4ftige Selbstverwaltungsorganisation aufbauen m\u00fcssen, um zu einer gewichtigen Gr\u00f6\u00dfe im Gesundheitswesen heranzuwachsen, was nat\u00fcrlich von vielen nicht gew\u00fcnscht ist und mit allen Mitteln bek\u00e4mpft wird.<\/p>\n<p>In Rheinland-Pfalz ist das nicht mehr m\u00f6glich; der Landtag hat die Kammer einstimmig beschlossen und die Pflege vom Heilhilfsberuf zum Heilberuf erhoben. Die \u00c4rztekammer hat nach anf\u00e4nglichen Bedenken nach einem Gespr\u00e4ch den Prozess unterst\u00fctzt.<\/p>\n<p>Welchen Weg ein Land w\u00e4hlt, ist m\u00f6glicherweise zweitrangig. Bayern verfolgt einen anderen. Entscheidend ist eine Vertretung des Berufes, die die Pflege st\u00e4rker in die \u00f6ffentliche Wahrnehmung r\u00fcckt, diese in politischen Gremien vertritt und den Pflegenden Unterst\u00fctzung und Service bietet.<\/p>","protected":false},"excerpt":{"rendered":"<p>I. &nbsp; Die Pflegenden zu st\u00e4rken war und ist mir als Vertreterin von zwei Stiftungen im Gesundheits- und Sozialwesen mit 6.500 Pflegekr\u00e4ften nicht nur ein Anliegen, sondern eine Verpflichtung. Abgesehen davon, dass eine meiner Professionen auch Krankenschwester war und ich viele ausbilden durfte, glaube ich, dass Deutschland schon Jahre vers\u00e4umt hat, der Pflege und damit&hellip;<\/p>","protected":false},"author":5,"featured_media":32557,"menu_order":53,"template":"","meta":{"_relevanssi_hide_post":"","_relevanssi_hide_content":"","_relevanssi_pin_for_all":"","_relevanssi_pin_keywords":"","_relevanssi_unpin_keywords":"","_relevanssi_related_keywords":"","_relevanssi_related_include_ids":"","_relevanssi_related_exclude_ids":"","_relevanssi_related_no_append":"","_relevanssi_related_not_related":"","_relevanssi_related_posts":"","_relevanssi_noindex_reason":"","footnotes":""},"class_list":["post-120708","media-library","type-media-library","status-publish","has-post-thumbnail","hentry"],"yoast_head":"<!-- This site is optimized with the Yoast SEO plugin v27.4 - https:\/\/yoast.com\/product\/yoast-seo-wordpress\/ -->\n<title>Die Pflegenden st\u00e4rken - Katholische Akademie in Bayern<\/title>\n<meta name=\"robots\" content=\"index, follow, max-snippet:-1, max-image-preview:large, max-video-preview:-1\" \/>\n<link rel=\"canonical\" href=\"https:\/\/kath-akademie-bayern.de\/en\/mediathek-eintrag\/die-pflegenden-staerken-berufspolitische-perspektiven-und-die-frage-der-verkammerung\/\" \/>\n<meta property=\"og:locale\" content=\"en_GB\" \/>\n<meta property=\"og:type\" content=\"article\" \/>\n<meta property=\"og:title\" content=\"Die Pflegenden st\u00e4rken - Katholische Akademie in Bayern\" \/>\n<meta property=\"og:description\" content=\"I. &nbsp; Die Pflegenden zu st\u00e4rken war und ist mir als Vertreterin von zwei Stiftungen im Gesundheits- und Sozialwesen mit 6.500 Pflegekr\u00e4ften nicht nur ein Anliegen, sondern eine Verpflichtung. Abgesehen davon, dass eine meiner Professionen auch Krankenschwester war und ich viele ausbilden durfte, glaube ich, dass Deutschland schon Jahre vers\u00e4umt hat, der Pflege und damit&hellip;\" \/>\n<meta property=\"og:url\" content=\"https:\/\/kath-akademie-bayern.de\/en\/mediathek-eintrag\/die-pflegenden-staerken-berufspolitische-perspektiven-und-die-frage-der-verkammerung\/\" \/>\n<meta property=\"og:site_name\" content=\"Katholische Akademie in Bayern\" \/>\n<meta property=\"article:publisher\" content=\"https:\/\/www.facebook.com\/katholische.akademie.bayern\/\" \/>\n<meta property=\"article:modified_time\" content=\"2026-03-20T10:09:00+00:00\" \/>\n<meta property=\"og:image\" content=\"https:\/\/kath-akademie-bayern.de\/wp-content\/uploads\/Gesellschaft_Wirtschaft_Politik.jpg\" \/>\n\t<meta property=\"og:image:width\" content=\"872\" \/>\n\t<meta property=\"og:image:height\" content=\"490\" \/>\n\t<meta property=\"og:image:type\" content=\"image\/jpeg\" \/>\n<meta name=\"twitter:card\" content=\"summary_large_image\" \/>\n<meta name=\"twitter:label1\" content=\"Estimated reading time\" \/>\n\t<meta name=\"twitter:data1\" content=\"3 minutes\" \/>\n<script type=\"application\/ld+json\" class=\"yoast-schema-graph\">{\"@context\":\"https:\\\/\\\/schema.org\",\"@graph\":[{\"@type\":\"WebPage\",\"@id\":\"https:\\\/\\\/kath-akademie-bayern.de\\\/mediathek-eintrag\\\/die-pflegenden-staerken-berufspolitische-perspektiven-und-die-frage-der-verkammerung\\\/\",\"url\":\"https:\\\/\\\/kath-akademie-bayern.de\\\/mediathek-eintrag\\\/die-pflegenden-staerken-berufspolitische-perspektiven-und-die-frage-der-verkammerung\\\/\",\"name\":\"Die Pflegenden st\u00e4rken - Katholische Akademie in Bayern\",\"isPartOf\":{\"@id\":\"https:\\\/\\\/kath-akademie-bayern.de\\\/#website\"},\"primaryImageOfPage\":{\"@id\":\"https:\\\/\\\/kath-akademie-bayern.de\\\/mediathek-eintrag\\\/die-pflegenden-staerken-berufspolitische-perspektiven-und-die-frage-der-verkammerung\\\/#primaryimage\"},\"image\":{\"@id\":\"https:\\\/\\\/kath-akademie-bayern.de\\\/mediathek-eintrag\\\/die-pflegenden-staerken-berufspolitische-perspektiven-und-die-frage-der-verkammerung\\\/#primaryimage\"},\"thumbnailUrl\":\"https:\\\/\\\/kath-akademie-bayern.de\\\/wp-content\\\/uploads\\\/Gesellschaft_Wirtschaft_Politik.jpg\",\"datePublished\":\"2026-03-20T10:08:57+00:00\",\"dateModified\":\"2026-03-20T10:09:00+00:00\",\"breadcrumb\":{\"@id\":\"https:\\\/\\\/kath-akademie-bayern.de\\\/mediathek-eintrag\\\/die-pflegenden-staerken-berufspolitische-perspektiven-und-die-frage-der-verkammerung\\\/#breadcrumb\"},\"inLanguage\":\"en-GB\",\"potentialAction\":[{\"@type\":\"ReadAction\",\"target\":[\"https:\\\/\\\/kath-akademie-bayern.de\\\/mediathek-eintrag\\\/die-pflegenden-staerken-berufspolitische-perspektiven-und-die-frage-der-verkammerung\\\/\"]}]},{\"@type\":\"ImageObject\",\"inLanguage\":\"en-GB\",\"@id\":\"https:\\\/\\\/kath-akademie-bayern.de\\\/mediathek-eintrag\\\/die-pflegenden-staerken-berufspolitische-perspektiven-und-die-frage-der-verkammerung\\\/#primaryimage\",\"url\":\"https:\\\/\\\/kath-akademie-bayern.de\\\/wp-content\\\/uploads\\\/Gesellschaft_Wirtschaft_Politik.jpg\",\"contentUrl\":\"https:\\\/\\\/kath-akademie-bayern.de\\\/wp-content\\\/uploads\\\/Gesellschaft_Wirtschaft_Politik.jpg\",\"width\":872,\"height\":490},{\"@type\":\"BreadcrumbList\",\"@id\":\"https:\\\/\\\/kath-akademie-bayern.de\\\/mediathek-eintrag\\\/die-pflegenden-staerken-berufspolitische-perspektiven-und-die-frage-der-verkammerung\\\/#breadcrumb\",\"itemListElement\":[{\"@type\":\"ListItem\",\"position\":1,\"name\":\"Startseite\",\"item\":\"https:\\\/\\\/kath-akademie-bayern.de\\\/\"},{\"@type\":\"ListItem\",\"position\":2,\"name\":\"Die Pflegenden st\u00e4rken\"}]},{\"@type\":\"WebSite\",\"@id\":\"https:\\\/\\\/kath-akademie-bayern.de\\\/#website\",\"url\":\"https:\\\/\\\/kath-akademie-bayern.de\\\/\",\"name\":\"Katholische Akademie in Bayern\",\"description\":\"Kirche braucht Debatte: \u201ekatholisch\u201c mit Blick auf das Ganze \u2013 und \u201eakademisch\u201c im Vertrauen auf die Kraft der Argumente\",\"publisher\":{\"@id\":\"https:\\\/\\\/kath-akademie-bayern.de\\\/#organization\"},\"potentialAction\":[{\"@type\":\"SearchAction\",\"target\":{\"@type\":\"EntryPoint\",\"urlTemplate\":\"https:\\\/\\\/kath-akademie-bayern.de\\\/?s={search_term_string}\"},\"query-input\":{\"@type\":\"PropertyValueSpecification\",\"valueRequired\":true,\"valueName\":\"search_term_string\"}}],\"inLanguage\":\"en-GB\"},{\"@type\":\"Organization\",\"@id\":\"https:\\\/\\\/kath-akademie-bayern.de\\\/#organization\",\"name\":\"Katholische Akademie in Bayern\",\"url\":\"https:\\\/\\\/kath-akademie-bayern.de\\\/\",\"logo\":{\"@type\":\"ImageObject\",\"inLanguage\":\"en-GB\",\"@id\":\"https:\\\/\\\/kath-akademie-bayern.de\\\/#\\\/schema\\\/logo\\\/image\\\/\",\"url\":\"https:\\\/\\\/kath-akademie-bayern.de\\\/wp-content\\\/uploads\\\/Menue-Logo-Home@2x.png\",\"contentUrl\":\"https:\\\/\\\/kath-akademie-bayern.de\\\/wp-content\\\/uploads\\\/Menue-Logo-Home@2x.png\",\"width\":496,\"height\":216,\"caption\":\"Katholische Akademie in Bayern\"},\"image\":{\"@id\":\"https:\\\/\\\/kath-akademie-bayern.de\\\/#\\\/schema\\\/logo\\\/image\\\/\"},\"sameAs\":[\"https:\\\/\\\/www.facebook.com\\\/katholische.akademie.bayern\\\/\"]}]}<\/script>\n<!-- \/ Yoast SEO plugin. -->","yoast_head_json":{"title":"Die Pflegenden st\u00e4rken - Katholische Akademie in Bayern","robots":{"index":"index","follow":"follow","max-snippet":"max-snippet:-1","max-image-preview":"max-image-preview:large","max-video-preview":"max-video-preview:-1"},"canonical":"https:\/\/kath-akademie-bayern.de\/en\/mediathek-eintrag\/die-pflegenden-staerken-berufspolitische-perspektiven-und-die-frage-der-verkammerung\/","og_locale":"en_GB","og_type":"article","og_title":"Die Pflegenden st\u00e4rken - Katholische Akademie in Bayern","og_description":"I. &nbsp; Die Pflegenden zu st\u00e4rken war und ist mir als Vertreterin von zwei Stiftungen im Gesundheits- und Sozialwesen mit 6.500 Pflegekr\u00e4ften nicht nur ein Anliegen, sondern eine Verpflichtung. Abgesehen davon, dass eine meiner Professionen auch Krankenschwester war und ich viele ausbilden durfte, glaube ich, dass Deutschland schon Jahre vers\u00e4umt hat, der Pflege und damit&hellip;","og_url":"https:\/\/kath-akademie-bayern.de\/en\/mediathek-eintrag\/die-pflegenden-staerken-berufspolitische-perspektiven-und-die-frage-der-verkammerung\/","og_site_name":"Katholische Akademie in Bayern","article_publisher":"https:\/\/www.facebook.com\/katholische.akademie.bayern\/","article_modified_time":"2026-03-20T10:09:00+00:00","og_image":[{"width":872,"height":490,"url":"https:\/\/kath-akademie-bayern.de\/wp-content\/uploads\/Gesellschaft_Wirtschaft_Politik.jpg","type":"image\/jpeg"}],"twitter_card":"summary_large_image","twitter_misc":{"Estimated reading time":"3 minutes"},"schema":{"@context":"https:\/\/schema.org","@graph":[{"@type":"WebPage","@id":"https:\/\/kath-akademie-bayern.de\/mediathek-eintrag\/die-pflegenden-staerken-berufspolitische-perspektiven-und-die-frage-der-verkammerung\/","url":"https:\/\/kath-akademie-bayern.de\/mediathek-eintrag\/die-pflegenden-staerken-berufspolitische-perspektiven-und-die-frage-der-verkammerung\/","name":"Die Pflegenden st\u00e4rken - Katholische Akademie in Bayern","isPartOf":{"@id":"https:\/\/kath-akademie-bayern.de\/#website"},"primaryImageOfPage":{"@id":"https:\/\/kath-akademie-bayern.de\/mediathek-eintrag\/die-pflegenden-staerken-berufspolitische-perspektiven-und-die-frage-der-verkammerung\/#primaryimage"},"image":{"@id":"https:\/\/kath-akademie-bayern.de\/mediathek-eintrag\/die-pflegenden-staerken-berufspolitische-perspektiven-und-die-frage-der-verkammerung\/#primaryimage"},"thumbnailUrl":"https:\/\/kath-akademie-bayern.de\/wp-content\/uploads\/Gesellschaft_Wirtschaft_Politik.jpg","datePublished":"2026-03-20T10:08:57+00:00","dateModified":"2026-03-20T10:09:00+00:00","breadcrumb":{"@id":"https:\/\/kath-akademie-bayern.de\/mediathek-eintrag\/die-pflegenden-staerken-berufspolitische-perspektiven-und-die-frage-der-verkammerung\/#breadcrumb"},"inLanguage":"en-GB","potentialAction":[{"@type":"ReadAction","target":["https:\/\/kath-akademie-bayern.de\/mediathek-eintrag\/die-pflegenden-staerken-berufspolitische-perspektiven-und-die-frage-der-verkammerung\/"]}]},{"@type":"ImageObject","inLanguage":"en-GB","@id":"https:\/\/kath-akademie-bayern.de\/mediathek-eintrag\/die-pflegenden-staerken-berufspolitische-perspektiven-und-die-frage-der-verkammerung\/#primaryimage","url":"https:\/\/kath-akademie-bayern.de\/wp-content\/uploads\/Gesellschaft_Wirtschaft_Politik.jpg","contentUrl":"https:\/\/kath-akademie-bayern.de\/wp-content\/uploads\/Gesellschaft_Wirtschaft_Politik.jpg","width":872,"height":490},{"@type":"BreadcrumbList","@id":"https:\/\/kath-akademie-bayern.de\/mediathek-eintrag\/die-pflegenden-staerken-berufspolitische-perspektiven-und-die-frage-der-verkammerung\/#breadcrumb","itemListElement":[{"@type":"ListItem","position":1,"name":"Startseite","item":"https:\/\/kath-akademie-bayern.de\/"},{"@type":"ListItem","position":2,"name":"Die Pflegenden st\u00e4rken"}]},{"@type":"WebSite","@id":"https:\/\/kath-akademie-bayern.de\/#website","url":"https:\/\/kath-akademie-bayern.de\/","name":"Catholic Academy in Bavaria","description":"Church needs debate: \"catholic\" looking at the whole - and \"academic\" trusting in the power of arguments","publisher":{"@id":"https:\/\/kath-akademie-bayern.de\/#organization"},"potentialAction":[{"@type":"SearchAction","target":{"@type":"EntryPoint","urlTemplate":"https:\/\/kath-akademie-bayern.de\/?s={search_term_string}"},"query-input":{"@type":"PropertyValueSpecification","valueRequired":true,"valueName":"search_term_string"}}],"inLanguage":"en-GB"},{"@type":"Organization","@id":"https:\/\/kath-akademie-bayern.de\/#organization","name":"Catholic Academy in Bavaria","url":"https:\/\/kath-akademie-bayern.de\/","logo":{"@type":"ImageObject","inLanguage":"en-GB","@id":"https:\/\/kath-akademie-bayern.de\/#\/schema\/logo\/image\/","url":"https:\/\/kath-akademie-bayern.de\/wp-content\/uploads\/Menue-Logo-Home@2x.png","contentUrl":"https:\/\/kath-akademie-bayern.de\/wp-content\/uploads\/Menue-Logo-Home@2x.png","width":496,"height":216,"caption":"Katholische Akademie in Bayern"},"image":{"@id":"https:\/\/kath-akademie-bayern.de\/#\/schema\/logo\/image\/"},"sameAs":["https:\/\/www.facebook.com\/katholische.akademie.bayern\/"]}]}},"_links":{"self":[{"href":"https:\/\/kath-akademie-bayern.de\/en\/wp-json\/wp\/v2\/media-library\/120708","targetHints":{"allow":["GET"]}}],"collection":[{"href":"https:\/\/kath-akademie-bayern.de\/en\/wp-json\/wp\/v2\/media-library"}],"about":[{"href":"https:\/\/kath-akademie-bayern.de\/en\/wp-json\/wp\/v2\/types\/media-library"}],"author":[{"embeddable":true,"href":"https:\/\/kath-akademie-bayern.de\/en\/wp-json\/wp\/v2\/users\/5"}],"version-history":[{"count":1,"href":"https:\/\/kath-akademie-bayern.de\/en\/wp-json\/wp\/v2\/media-library\/120708\/revisions"}],"predecessor-version":[{"id":120709,"href":"https:\/\/kath-akademie-bayern.de\/en\/wp-json\/wp\/v2\/media-library\/120708\/revisions\/120709"}],"wp:featuredmedia":[{"embeddable":true,"href":"https:\/\/kath-akademie-bayern.de\/en\/wp-json\/wp\/v2\/media\/32557"}],"wp:attachment":[{"href":"https:\/\/kath-akademie-bayern.de\/en\/wp-json\/wp\/v2\/media?parent=120708"}],"curies":[{"name":"wp","href":"https:\/\/api.w.org\/{rel}","templated":true}]}}