{"id":32227,"date":"2023-07-17T14:34:28","date_gmt":"2023-07-17T12:34:28","guid":{"rendered":"https:\/\/kath-akademie-bayern.de\/?media-library=einkommen-identitaet-und-tierwohl"},"modified":"2025-01-09T16:26:09","modified_gmt":"2025-01-09T15:26:09","slug":"einkommen-identitaet-und-tierwohl","status":"publish","type":"media-library","link":"https:\/\/kath-akademie-bayern.de\/en\/mediathek-eintrag\/einkommen-identitaet-und-tierwohl\/","title":{"rendered":"Income, identity and animal welfare"},"content":{"rendered":"<p class=\"fliess-ERSTER\"><span class=\"_idGenDropcap-1\">D<\/span>ie Nutztierhaltung steht aktuell tats\u00e4chlich vor gro\u00dfen Herausforderungen. Die Erwartungen der Gesellschaft, die sich st\u00e4ndig versch\u00e4rfenden gesetzlichen Anforderungen, die immer knapper bemessenen Gewinnspannen f\u00fchren jetzt schon dazu, dass immer mehr Tierhalter die Tierhaltung aufgeben. Zwischen den Jahren 2000 und 2019 ging die Zahl der tierhaltenden Betriebe um 31 Prozent zur\u00fcck.<\/p>\n<p class=\"fliess\">Dagegen setzen wir uns ein. Denn die Tierhaltung ist f\u00fcr viele der bayerischen landwirtschaftlichen Betriebe ein wichtiges Standbein und geh\u00f6rt zur Identit\u00e4t Bayerns. Ca. 70 Prozent aller Landwirte betreiben Tierhaltung und erwirtschaften gr\u00f6\u00dftenteils ihr Einkommen damit. Wird Tierhaltung weiter reduziert, ist dies oftmals gleichbedeutend mit dem Verlust von Betrieben und w\u00fcrde den Strukturwandel in Bayern weiter beschleunigen.<\/p>\n<p class=\"fliess\">Heimische Bauernh\u00f6fe haben viele Funktionen: Sie bedeuten lebendige D\u00f6rfer, wohnortnahe Arbeitspl\u00e4tze, regionale Lebensmittelerzeugung, Gestaltung unserer Kulturlandschaft mit Gr\u00fcnland und Feldern mit Anbau von eigenem Futtergetreide. Gerade das Gr\u00fcnland ist \u00fcberwiegend \u00fcber Tierhaltung nutzbar zu machen und dadurch zu erhalten.<\/p>\n<p class=\"fliess\">Unerl\u00e4sslich sind die Tiere insbesondere f\u00fcr m\u00f6glichst geschlossene N\u00e4hrstoffkreisl\u00e4ufe. Die Ausscheidungen der Tiere k\u00f6nnen als D\u00fcnger verwertet werden, sichern den Humusgehalt und damit die CO<span class=\"CharOverride-27\">2<\/span>-Bindung im Boden sowie die Bodenfruchtbarkeit und vermindern den Einsatz von Minerald\u00fcngern, die oftmals importiert und unter hohem Energieaufwand gewonnen werden.<\/p>\n<p class=\"fliess\">Das Miteinander von Mensch und Tier hat auch einen soziokulturellen Wert, der \u00fcber Jahrtausende gewachsen ist. Der Umgang mit Tieren macht Freude! Tierhalter stehen ihren Tieren 365 Tage im Jahr zur Verf\u00fcgung, bei Bedarf auch nachts \u2013 dazu geh\u00f6rt schon Herzblut! Mein Wunsch ist daher, dass die gesellschaftliche Wertsch\u00e4tzung nicht nur gegen\u00fcber den Nutztieren, sondern auch gegen\u00fcber ihren Haltern w\u00e4chst: Unsere Tierhalter gehen verantwortungsvoll mit allen Ressourcen um, aber insbesondere auch mit ihren Tieren.<\/p>\n<p class=\"fliess\">Das Mehr an Tierwohl, das gesellschaftlich gefordert wird, ist daher durchaus im Sinne der Landwirte! Die Frage lautet: Wer soll die zus\u00e4tzlich erforderlichen Leistungen f\u00fcr die h\u00f6heren Standards bezahlen? Durch die engen Gewinnspannen k\u00f6nnen viele Landwirte ihre Existenz nur durch h\u00f6here Tierzahlen sichern. Da ist finanziell absolut kein Spielraum, den Tieren nennenswert mehr Platz zu geben, Ausl\u00e4ufe zu bauen oder zus\u00e4tzliche Arbeitskraft in Tierbesch\u00e4ftigung zu stecken. W\u00e4re das gew\u00fcnscht, br\u00e4uchten Landwirte die passenden Rahmenbedingungen. Aktuell werden wir z. B. auch vom Gesetzgeber durch Bau- und Immissionsschutzrecht beim Ausbau der St\u00e4lle \u2013 mehr Platz f\u00fcr die Tiere \u2013 massiv ausgebremst: In vielen F\u00e4llen sind Au\u00dfenklimast\u00e4lle oder Ausl\u00e4ufe nicht m\u00f6glich oder nach derzeitigem Recht nicht genehmigungsf\u00e4hig.<\/p>\n<p class=\"fliess\">Ob eine entsprechende Verteuerung der Produkte von der Gesellschaft mitgetragen wird, ist sehr fraglich. Die bekannte Kluft zwischen der Forderung nach Tierwohl und dem dann tats\u00e4chlich gezeigten Kaufverhalten hat bereits einen Namen bekommen: \u201econsumer-citizen-gap\u201c. Eine Studie zum Kaufverhalten der Hochschule Osnabr\u00fcck zeigt dies auch auf wissenschaftlicher Basis.<\/p>\n<p class=\"fliess\">Aber es gibt auch positive Beispiele, wie trotz aller Schwierigkeiten auch jetzt schon mehr Tierwohl als gesetzlich vorgeschrieben realisiert wird, so als Beispiel die\u00a0<span class=\"CharOverride-7\">Initiative Tierwohl<\/span>. Diese Initiative wurde bereits vor Jahren aus freiwilligem Engagement der gesamten Vermarktungskette gegr\u00fcndet: Landwirtschaft, Schlachtbranche und auch Lebensmitteleinzelhandel haben gemeinsam ein transparentes Konzept entwickelt. Die entstehenden Mehrkosten werden entlang der Kette weitergegeben und die Produkte in Zukunft auch als solche gekennzeichnet. Diese Initiative \u2013 die Produkte geh\u00f6ren zur Stufe 2 Haltungsformkennzeichnung \u2013 l\u00e4uft auf einer breiten Basis: 6430 Betriebe mit 553 Millionen Tieren sind dabei. In der neuen Programmphase ab Juli 2021: sogar 10.200 Betriebe, davon 7500 Schweinehalter, 2700 Gefl\u00fcgelhalter \u2013 man beachte die Steigerung, die vollkommen freiwillig geschieht! Das entspricht bisher schon einem Marktanteil von 80 Prozent des im Lebensmitteleinzelhandel verkauften Gefl\u00fcgels und 34 Prozent des Schweinefleisches.<\/p>\n<p class=\"fliess\">Gewisse Hoffnung verbinden wir mit der so genannten Borchert-Kommission, einem wesentlichen Baustein im Rahmen der Nutztier-Strategie des Bundeslandwirtschaftsministeriums. Als ehemaliger Landwirtschaftsminister hat Jochen Borchert die herausfordernde Aufgabe \u00fcbernommen, m\u00f6glichst einen Konsens zu einer verl\u00e4sslichen, langfristigen Perspektive f\u00fcr die Nutztierhaltung herzustellen \u2013 und das \u00fcber alle Parteien hinweg, mit Landwirtschaftsverb\u00e4nden ebenso wie mit Tierschutz- und Umweltschutzorganisationen. Hier ist eine langfristige Co-Finanzierung eingeplant, die den im europ\u00e4ischen Vergleich \u00fcberproportionalen Aufwand abfedern und die Wettbewerbsf\u00e4higkeit sichern soll.<\/p>\n<p class=\"fliess\">So soll die Gesellschaft das Gemeingut Tierwohl mittragen. Die Machbarkeitsstudie zeigt aber auch: Sobald das Ordnungsrecht versch\u00e4rft wird, ist die Co-Finanzierung durch den Staat in Frage gestellt. Ohne diese wird versch\u00e4rftes Ordnungsrecht die Tierhaltung ins Ausland verlagern. Aber auch \u00c4nderungen des Bau- und Immissionsschutzrechts m\u00fcssen folgen. Die bisher erstellten Kriterien und Anforderungen sind wirklich herausfordernd und erfordern teilweise gro\u00dfe Umbauma\u00dfnahmen und damit Investitionen und sind f\u00fcr die Landwirte extrem kostspielig. Aber wenn durch dieses Konzept langfristige Verl\u00e4sslichkeit und Planungssicherheit f\u00fcr die Landwirte und gesellschaftliche Akzeptanz geschaffen werden kann und die offenen Fragen gekl\u00e4rt sind, unterst\u00fctzen wir dies.<\/p>\n<p class=\"fliess\">Abschlie\u00dfend m\u00f6chte ich noch einige Zahlen zur bayerischen Landwirtschaft anf\u00fchren, um die Tragweite zu verdeutlichen:<\/p>\n<p class=\"fliess\">Der Bayerische Bauernverband vertritt ca. 140.000 freiwillige Mitglieder auf ca. 105.000 landwirtschaftlichen Betrieben. Damit steht bundesweit jeder dritte Bauernhof in Bayern. Die bayerischen Betriebe bewirtschaften durchschnittlich knapp 30 Hektar, was im deutschlandweiten Vergleich relativ klein strukturiert ist. Ca. 1,2 Mio. Menschen sind in der bayerischen Land- und Forstwirtschaft t\u00e4tig, inkl. vor- und nachgelagertem Bereich.<\/p>\n<p class=\"fliess\">F\u00fcr all diese Menschen ist die Herstellung von Lebensmitteln die zentrale Aufgabe, und wir w\u00fcnschen uns daher als gro\u00dfe Branche, als versorgende Basis, f\u00fcr die Zukunft einen Weg, der Perspektive hat. Nachhaltigkeit basiert auf den drei gro\u00dfen S\u00e4ulen \u00d6konomie, \u00d6kologie und Soziales! Eine Verlagerung der Produktion ins Ausland gef\u00e4hrdet unsere Betriebe und erweist dem Tier- und Umweltschutz in Deutschland einen B\u00e4rendienst. Wir befinden uns ohnehin schon massiv im Umbruch und w\u00fcnschen uns f\u00fcr die Zukunft wieder mehr Wertsch\u00e4tzung und Anerkennung unserer Arbeit f\u00fcr die Gesellschaft.<\/p>","protected":false},"excerpt":{"rendered":"<p>Die Nutztierhaltung steht aktuell tats\u00e4chlich vor gro\u00dfen Herausforderungen. Die Erwartungen der Gesellschaft, die sich st\u00e4ndig versch\u00e4rfenden gesetzlichen Anforderungen, die immer knapper bemessenen Gewinnspannen f\u00fchren jetzt schon dazu, dass immer mehr Tierhalter die Tierhaltung aufgeben. Zwischen den Jahren 2000 und 2019 ging die Zahl der tierhaltenden Betriebe um 31 Prozent zur\u00fcck. Dagegen setzen wir uns ein.&hellip;<\/p>","protected":false},"author":1,"featured_media":89945,"menu_order":1287,"template":"","meta":{"_relevanssi_hide_post":"","_relevanssi_hide_content":"","_relevanssi_pin_for_all":"","_relevanssi_pin_keywords":"","_relevanssi_unpin_keywords":"","_relevanssi_related_keywords":"","_relevanssi_related_include_ids":"","_relevanssi_related_exclude_ids":"","_relevanssi_related_no_append":"","_relevanssi_related_not_related":"","_relevanssi_related_posts":"","_relevanssi_noindex_reason":"","footnotes":""},"class_list":["post-32227","media-library","type-media-library","status-publish","has-post-thumbnail","hentry","media-library-category-laudato-si","media-library-category-nachhaltigkeit"],"yoast_head":"<!-- This site is optimized with the Yoast SEO plugin v27.4 - https:\/\/yoast.com\/product\/yoast-seo-wordpress\/ -->\n<title>Einkommen, Identit\u00e4t und Tierwohl - Katholische Akademie in Bayern<\/title>\n<meta name=\"robots\" content=\"index, follow, max-snippet:-1, max-image-preview:large, max-video-preview:-1\" \/>\n<link rel=\"canonical\" href=\"https:\/\/kath-akademie-bayern.de\/en\/mediathek-eintrag\/einkommen-identitaet-und-tierwohl\/\" \/>\n<meta property=\"og:locale\" content=\"en_GB\" \/>\n<meta property=\"og:type\" content=\"article\" \/>\n<meta property=\"og:title\" content=\"Einkommen, Identit\u00e4t und Tierwohl - Katholische Akademie in Bayern\" \/>\n<meta property=\"og:description\" content=\"Die Nutztierhaltung steht aktuell tats\u00e4chlich vor gro\u00dfen Herausforderungen. Die Erwartungen der Gesellschaft, die sich st\u00e4ndig versch\u00e4rfenden gesetzlichen Anforderungen, die immer knapper bemessenen Gewinnspannen f\u00fchren jetzt schon dazu, dass immer mehr Tierhalter die Tierhaltung aufgeben. Zwischen den Jahren 2000 und 2019 ging die Zahl der tierhaltenden Betriebe um 31 Prozent zur\u00fcck. Dagegen setzen wir uns ein.&hellip;\" \/>\n<meta property=\"og:url\" content=\"https:\/\/kath-akademie-bayern.de\/en\/mediathek-eintrag\/einkommen-identitaet-und-tierwohl\/\" \/>\n<meta property=\"og:site_name\" content=\"Katholische Akademie in Bayern\" \/>\n<meta property=\"article:publisher\" content=\"https:\/\/www.facebook.com\/katholische.akademie.bayern\/\" \/>\n<meta property=\"article:modified_time\" content=\"2025-01-09T15:26:09+00:00\" \/>\n<meta property=\"og:image\" content=\"https:\/\/kath-akademie-bayern.de\/wp-content\/uploads\/2021-3-10-Stadler.jpg\" \/>\n\t<meta property=\"og:image:width\" content=\"2500\" \/>\n\t<meta property=\"og:image:height\" content=\"1406\" \/>\n\t<meta property=\"og:image:type\" content=\"image\/jpeg\" \/>\n<meta name=\"twitter:card\" content=\"summary_large_image\" \/>\n<meta name=\"twitter:label1\" content=\"Estimated reading time\" \/>\n\t<meta name=\"twitter:data1\" content=\"6 minutes\" \/>\n<script type=\"application\/ld+json\" class=\"yoast-schema-graph\">{\"@context\":\"https:\\\/\\\/schema.org\",\"@graph\":[{\"@type\":\"WebPage\",\"@id\":\"https:\\\/\\\/kath-akademie-bayern.de\\\/mediathek-eintrag\\\/einkommen-identitaet-und-tierwohl\\\/\",\"url\":\"https:\\\/\\\/kath-akademie-bayern.de\\\/mediathek-eintrag\\\/einkommen-identitaet-und-tierwohl\\\/\",\"name\":\"Einkommen, Identit\u00e4t und Tierwohl - Katholische Akademie in Bayern\",\"isPartOf\":{\"@id\":\"https:\\\/\\\/kath-akademie-bayern.de\\\/#website\"},\"primaryImageOfPage\":{\"@id\":\"https:\\\/\\\/kath-akademie-bayern.de\\\/mediathek-eintrag\\\/einkommen-identitaet-und-tierwohl\\\/#primaryimage\"},\"image\":{\"@id\":\"https:\\\/\\\/kath-akademie-bayern.de\\\/mediathek-eintrag\\\/einkommen-identitaet-und-tierwohl\\\/#primaryimage\"},\"thumbnailUrl\":\"https:\\\/\\\/kath-akademie-bayern.de\\\/wp-content\\\/uploads\\\/2021-3-10-Stadler.jpg\",\"datePublished\":\"2023-07-17T12:34:28+00:00\",\"dateModified\":\"2025-01-09T15:26:09+00:00\",\"breadcrumb\":{\"@id\":\"https:\\\/\\\/kath-akademie-bayern.de\\\/mediathek-eintrag\\\/einkommen-identitaet-und-tierwohl\\\/#breadcrumb\"},\"inLanguage\":\"en-GB\",\"potentialAction\":[{\"@type\":\"ReadAction\",\"target\":[\"https:\\\/\\\/kath-akademie-bayern.de\\\/mediathek-eintrag\\\/einkommen-identitaet-und-tierwohl\\\/\"]}]},{\"@type\":\"ImageObject\",\"inLanguage\":\"en-GB\",\"@id\":\"https:\\\/\\\/kath-akademie-bayern.de\\\/mediathek-eintrag\\\/einkommen-identitaet-und-tierwohl\\\/#primaryimage\",\"url\":\"https:\\\/\\\/kath-akademie-bayern.de\\\/wp-content\\\/uploads\\\/2021-3-10-Stadler.jpg\",\"contentUrl\":\"https:\\\/\\\/kath-akademie-bayern.de\\\/wp-content\\\/uploads\\\/2021-3-10-Stadler.jpg\",\"width\":2500,\"height\":1406},{\"@type\":\"BreadcrumbList\",\"@id\":\"https:\\\/\\\/kath-akademie-bayern.de\\\/mediathek-eintrag\\\/einkommen-identitaet-und-tierwohl\\\/#breadcrumb\",\"itemListElement\":[{\"@type\":\"ListItem\",\"position\":1,\"name\":\"Startseite\",\"item\":\"https:\\\/\\\/kath-akademie-bayern.de\\\/\"},{\"@type\":\"ListItem\",\"position\":2,\"name\":\"Einkommen, Identit\u00e4t und Tierwohl\"}]},{\"@type\":\"WebSite\",\"@id\":\"https:\\\/\\\/kath-akademie-bayern.de\\\/#website\",\"url\":\"https:\\\/\\\/kath-akademie-bayern.de\\\/\",\"name\":\"Katholische Akademie in Bayern\",\"description\":\"Kirche braucht Debatte: \u201ekatholisch\u201c mit Blick auf das Ganze \u2013 und \u201eakademisch\u201c im Vertrauen auf die Kraft der Argumente\",\"publisher\":{\"@id\":\"https:\\\/\\\/kath-akademie-bayern.de\\\/#organization\"},\"potentialAction\":[{\"@type\":\"SearchAction\",\"target\":{\"@type\":\"EntryPoint\",\"urlTemplate\":\"https:\\\/\\\/kath-akademie-bayern.de\\\/?s={search_term_string}\"},\"query-input\":{\"@type\":\"PropertyValueSpecification\",\"valueRequired\":true,\"valueName\":\"search_term_string\"}}],\"inLanguage\":\"en-GB\"},{\"@type\":\"Organization\",\"@id\":\"https:\\\/\\\/kath-akademie-bayern.de\\\/#organization\",\"name\":\"Katholische Akademie in Bayern\",\"url\":\"https:\\\/\\\/kath-akademie-bayern.de\\\/\",\"logo\":{\"@type\":\"ImageObject\",\"inLanguage\":\"en-GB\",\"@id\":\"https:\\\/\\\/kath-akademie-bayern.de\\\/#\\\/schema\\\/logo\\\/image\\\/\",\"url\":\"https:\\\/\\\/kath-akademie-bayern.de\\\/wp-content\\\/uploads\\\/Menue-Logo-Home@2x.png\",\"contentUrl\":\"https:\\\/\\\/kath-akademie-bayern.de\\\/wp-content\\\/uploads\\\/Menue-Logo-Home@2x.png\",\"width\":496,\"height\":216,\"caption\":\"Katholische Akademie in Bayern\"},\"image\":{\"@id\":\"https:\\\/\\\/kath-akademie-bayern.de\\\/#\\\/schema\\\/logo\\\/image\\\/\"},\"sameAs\":[\"https:\\\/\\\/www.facebook.com\\\/katholische.akademie.bayern\\\/\"]}]}<\/script>\n<!-- \/ Yoast SEO plugin. -->","yoast_head_json":{"title":"Income, identity and animal welfare - Katholische Akademie in Bayern","robots":{"index":"index","follow":"follow","max-snippet":"max-snippet:-1","max-image-preview":"max-image-preview:large","max-video-preview":"max-video-preview:-1"},"canonical":"https:\/\/kath-akademie-bayern.de\/en\/mediathek-eintrag\/einkommen-identitaet-und-tierwohl\/","og_locale":"en_GB","og_type":"article","og_title":"Einkommen, Identit\u00e4t und Tierwohl - Katholische Akademie in Bayern","og_description":"Die Nutztierhaltung steht aktuell tats\u00e4chlich vor gro\u00dfen Herausforderungen. Die Erwartungen der Gesellschaft, die sich st\u00e4ndig versch\u00e4rfenden gesetzlichen Anforderungen, die immer knapper bemessenen Gewinnspannen f\u00fchren jetzt schon dazu, dass immer mehr Tierhalter die Tierhaltung aufgeben. Zwischen den Jahren 2000 und 2019 ging die Zahl der tierhaltenden Betriebe um 31 Prozent zur\u00fcck. Dagegen setzen wir uns ein.&hellip;","og_url":"https:\/\/kath-akademie-bayern.de\/en\/mediathek-eintrag\/einkommen-identitaet-und-tierwohl\/","og_site_name":"Katholische Akademie in Bayern","article_publisher":"https:\/\/www.facebook.com\/katholische.akademie.bayern\/","article_modified_time":"2025-01-09T15:26:09+00:00","og_image":[{"width":2500,"height":1406,"url":"https:\/\/kath-akademie-bayern.de\/wp-content\/uploads\/2021-3-10-Stadler.jpg","type":"image\/jpeg"}],"twitter_card":"summary_large_image","twitter_misc":{"Estimated reading time":"6 minutes"},"schema":{"@context":"https:\/\/schema.org","@graph":[{"@type":"WebPage","@id":"https:\/\/kath-akademie-bayern.de\/mediathek-eintrag\/einkommen-identitaet-und-tierwohl\/","url":"https:\/\/kath-akademie-bayern.de\/mediathek-eintrag\/einkommen-identitaet-und-tierwohl\/","name":"Income, identity and animal welfare - Katholische Akademie in Bayern","isPartOf":{"@id":"https:\/\/kath-akademie-bayern.de\/#website"},"primaryImageOfPage":{"@id":"https:\/\/kath-akademie-bayern.de\/mediathek-eintrag\/einkommen-identitaet-und-tierwohl\/#primaryimage"},"image":{"@id":"https:\/\/kath-akademie-bayern.de\/mediathek-eintrag\/einkommen-identitaet-und-tierwohl\/#primaryimage"},"thumbnailUrl":"https:\/\/kath-akademie-bayern.de\/wp-content\/uploads\/2021-3-10-Stadler.jpg","datePublished":"2023-07-17T12:34:28+00:00","dateModified":"2025-01-09T15:26:09+00:00","breadcrumb":{"@id":"https:\/\/kath-akademie-bayern.de\/mediathek-eintrag\/einkommen-identitaet-und-tierwohl\/#breadcrumb"},"inLanguage":"en-GB","potentialAction":[{"@type":"ReadAction","target":["https:\/\/kath-akademie-bayern.de\/mediathek-eintrag\/einkommen-identitaet-und-tierwohl\/"]}]},{"@type":"ImageObject","inLanguage":"en-GB","@id":"https:\/\/kath-akademie-bayern.de\/mediathek-eintrag\/einkommen-identitaet-und-tierwohl\/#primaryimage","url":"https:\/\/kath-akademie-bayern.de\/wp-content\/uploads\/2021-3-10-Stadler.jpg","contentUrl":"https:\/\/kath-akademie-bayern.de\/wp-content\/uploads\/2021-3-10-Stadler.jpg","width":2500,"height":1406},{"@type":"BreadcrumbList","@id":"https:\/\/kath-akademie-bayern.de\/mediathek-eintrag\/einkommen-identitaet-und-tierwohl\/#breadcrumb","itemListElement":[{"@type":"ListItem","position":1,"name":"Startseite","item":"https:\/\/kath-akademie-bayern.de\/"},{"@type":"ListItem","position":2,"name":"Einkommen, Identit\u00e4t und Tierwohl"}]},{"@type":"WebSite","@id":"https:\/\/kath-akademie-bayern.de\/#website","url":"https:\/\/kath-akademie-bayern.de\/","name":"Catholic Academy in Bavaria","description":"Church needs debate: \"catholic\" looking at the whole - and \"academic\" trusting in the power of arguments","publisher":{"@id":"https:\/\/kath-akademie-bayern.de\/#organization"},"potentialAction":[{"@type":"SearchAction","target":{"@type":"EntryPoint","urlTemplate":"https:\/\/kath-akademie-bayern.de\/?s={search_term_string}"},"query-input":{"@type":"PropertyValueSpecification","valueRequired":true,"valueName":"search_term_string"}}],"inLanguage":"en-GB"},{"@type":"Organization","@id":"https:\/\/kath-akademie-bayern.de\/#organization","name":"Catholic Academy in Bavaria","url":"https:\/\/kath-akademie-bayern.de\/","logo":{"@type":"ImageObject","inLanguage":"en-GB","@id":"https:\/\/kath-akademie-bayern.de\/#\/schema\/logo\/image\/","url":"https:\/\/kath-akademie-bayern.de\/wp-content\/uploads\/Menue-Logo-Home@2x.png","contentUrl":"https:\/\/kath-akademie-bayern.de\/wp-content\/uploads\/Menue-Logo-Home@2x.png","width":496,"height":216,"caption":"Katholische Akademie in Bayern"},"image":{"@id":"https:\/\/kath-akademie-bayern.de\/#\/schema\/logo\/image\/"},"sameAs":["https:\/\/www.facebook.com\/katholische.akademie.bayern\/"]}]}},"_links":{"self":[{"href":"https:\/\/kath-akademie-bayern.de\/en\/wp-json\/wp\/v2\/media-library\/32227","targetHints":{"allow":["GET"]}}],"collection":[{"href":"https:\/\/kath-akademie-bayern.de\/en\/wp-json\/wp\/v2\/media-library"}],"about":[{"href":"https:\/\/kath-akademie-bayern.de\/en\/wp-json\/wp\/v2\/types\/media-library"}],"author":[{"embeddable":true,"href":"https:\/\/kath-akademie-bayern.de\/en\/wp-json\/wp\/v2\/users\/1"}],"version-history":[{"count":2,"href":"https:\/\/kath-akademie-bayern.de\/en\/wp-json\/wp\/v2\/media-library\/32227\/revisions"}],"predecessor-version":[{"id":97368,"href":"https:\/\/kath-akademie-bayern.de\/en\/wp-json\/wp\/v2\/media-library\/32227\/revisions\/97368"}],"wp:featuredmedia":[{"embeddable":true,"href":"https:\/\/kath-akademie-bayern.de\/en\/wp-json\/wp\/v2\/media\/89945"}],"wp:attachment":[{"href":"https:\/\/kath-akademie-bayern.de\/en\/wp-json\/wp\/v2\/media?parent=32227"}],"curies":[{"name":"wp","href":"https:\/\/api.w.org\/{rel}","templated":true}]}}