{"id":32229,"date":"2023-07-17T14:34:29","date_gmt":"2023-07-17T12:34:29","guid":{"rendered":"https:\/\/kath-akademie-bayern.de\/?media-library=der-beitrag-der-verbraucher"},"modified":"2025-01-09T14:14:38","modified_gmt":"2025-01-09T13:14:38","slug":"der-notwendige-beitrag-der-verbraucher-das-ernaehrungsverhalten-muss-sich-aendern","status":"publish","type":"media-library","link":"https:\/\/kath-akademie-bayern.de\/en\/mediathek-eintrag\/der-notwendige-beitrag-der-verbraucher-das-ernaehrungsverhalten-muss-sich-aendern\/","title":{"rendered":"Der notwendige Beitrag der Verbraucher"},"content":{"rendered":"<p class=\"fliess-ERSTER\"><span class=\"_idGenDropcap-1\">N<\/span>achhaltigkeit in der Tierhaltung ist mit dem derzeitigen Ern\u00e4hrungssystem nicht erreichbar. Es ist vielmehr absolut n\u00f6tig, die Landwirtschaft \u2013 und innerhalb dieser die Tierhaltung \u2013 als Teil des Ern\u00e4hrungssystems zu verstehen und gesellschaftlich zu steuern. Als Beitrag zum Verst\u00e4ndnis dieser Herausforderung will ich kurz auf wesentliche Dimensionen eingehen.<\/p>\n<p class=\"fliess-SCHMAL ParaOverride-19\">Lassen Sie mich im Folgenden einige Fakten zu den vier Dimensionen nennen.<\/p>\n<h3><\/h3>\n<h3 class=\"ZWISCHEN\">Zu Dimension 1<\/h3>\n<p class=\"fliess-ohne-EZG\">Die aktuelle Ern\u00e4hrung \u00fcbersteigt die Tragf\u00e4higkeit des Planeten in einigen Bereichen bereits heute. Gleichzeitig wird eine weitere Steigerung der globalen Nachfrage nach menschlicher Nahrung und insbesondere nach Produkten tierischen Ursprungs prognostiziert. Aus \u00f6kosystemischem Verst\u00e4ndnis geht es einerseits darum, das trophische Niveau der menschlichen Ern\u00e4hrung abzusenken und andererseits die Fotosynthese zu f\u00f6rdern, um mehr Biomasse verf\u00fcgbar zu bekommen.<\/p>\n<p>&nbsp;<\/p>\n<h3 class=\"ZWISCHEN\">Zu Dimension 2<\/h3>\n<p class=\"fliess-ohne-EZG\">Aktuell leben etwa zwei Milliarden \u00fcbergewichtige und \u00fcberern\u00e4hrte Menschen auf der Erde und 800 Millionen Menschen leiden unter Hunger. Deren Zahl nimmt in den letzten Jahren leider wieder zu. F\u00fcr ca. eine Milliarde Menschen \u2013 in der Regel die \u00c4rmsten des globalen S\u00fcdens \u2013 sind Nutztiere die \u00dcberlebensgrundlage.<\/p>\n<p>&nbsp;<\/p>\n<h3 class=\"ZWISCHEN\">Zu Dimension 3<\/h3>\n<p class=\"fliess-ohne-EZG\">Heute werden ca. 77 Prozent der globalen, landwirtschaftlich nutzbaren Fl\u00e4che f\u00fcr die Erzeugung von Viehfutter genutzt. Die tierischen Produkte liefern jedoch nur 17 Prozent der von Menschen aufgenommenen Nahrungsenergie und 33 Prozent der von Menschen verzehrten Eiwei\u00dfe. Andererseits wachsen j\u00e4hrlich ca. sechs Milliarden Tonnen Trockensubstanz an pflanzlicher Biomasse, die f\u00fcr Menschen nicht direkt verwertbar ist. Die Fl\u00e4chen, auf denen dieses Futter w\u00e4chst, sind also nur mit Hilfe von Tieren als Fl\u00e4chen mit einem Beitrag zur menschlichen Ern\u00e4hrung zu nutzen. Diese Tiere sind Teil eines \u00d6kosystems, und folglich sind deren Produkte als Teil eines nachhaltigen Ern\u00e4hrungssystems zu verstehen.<\/p>\n<p>&nbsp;<\/p>\n<h3 class=\"ZWISCHEN\">Zu Dimension 4<\/h3>\n<p class=\"fliess-ohne-EZG\">Bereits das Verst\u00e4ndnis des Zusammenspiels von Produzenten, Konsumenten und Destruenten in einem \u00d6kosystem ist hoch komplex, dynamisch, zum Teil selbstregulierend und folglich schwer zu verstehen. Wenn wir \u00fcber Ern\u00e4hrungssysteme sprechen, dann ist das \u00d6kosystem zwar die Basis, wird aber von sozialen und wirtschaftlichen Erwartungen und Mechanismen beeinflusst. Die Komplexit\u00e4t nimmt weiter zu und die gezielte Beeinflussbarkeit nimmt ab. Umso wichtiger ist, dass wir immer besser verstehen, mit solchen Komplexit\u00e4ten verantwortungsvoll umzugehen, statt mit Detaill\u00f6sungen das Ganze aus den Augen zu verlieren.<\/p>\n<p class=\"fliess\">Gern m\u00f6chte ich hier das Gleichnis von den blinden M\u00e4nnern und dem Elefanten erw\u00e4hnen. Aufgrund des fehlenden Sehverm\u00f6gens k\u00f6nnen sie den Elefanten als Ganzes nicht erkennen, sondern jeder ertastet einen Teil des K\u00f6rpers und beschreibt dieses Detail recht treffend. Die Summe der Beschreibung der Einzelteile ergibt keine Hinweise auf das Ganze! Das Newtonsche Prinzip, alles in seine Einzelteile zu zerlegen, diese bestm\u00f6glich zu beschreiben und dar\u00fcber ein Verst\u00e4ndnis vom Ganzen zu erlangen, st\u00f6\u00dft selbst schon bei rein mechanischen Apparaten auf Grenzen. Nichtsdestotrotz dominiert dieses Vorgehen das menschliche Handeln bis heute, leider in nahezu allen Bereichen der Gesellschaft.<\/p>\n<p class=\"fliess\">Um also das hochkomplexe, dynamische und zum Teil sich selbst regulierende Ern\u00e4hrungssystem in den \u00f6kologischen Grenzen unseres Planeten nachhaltig zu gestalten, ist die Wissenschaft genauso gefordert wie Wirtschaft und Politik, aber auch die Verbraucher, also jeder Einzelne und die Gesellschaft als Ganze.<\/p>\n<p class=\"fliess\">Bezogen auf die Nutztierhaltung gilt es, verschiedene Zielkonflikte besser zu verstehen, aber vor allem, diese m\u00f6glichst aufzul\u00f6sen. Die L\u00f6sungswege k\u00f6nnen vielf\u00e4ltig sein, und keiner ist per se besser als ein anderer. Prinzipielle M\u00f6glichkeiten zur Konfliktl\u00f6sung sind Verst\u00e4ndnis, Priorisierung von Zielen und Effizienzsteigerung, aber auch Tierbestandsreduzierungen.<\/p>\n<p class=\"fliess-ohne-EZG\">An dieser Stelle k\u00f6nnte ich normalerweise meinen Impuls beenden, w\u00e4re da nicht noch die besondere Stellung des Tieres in unserem Moral- und Rechtssystem. Die ethische Rechtfertigung des Nutzens und T\u00f6tens von Tieren \u00fcberlagert meines Erachtens die Nachhaltigkeitsdiskussion, weil damit der Umgang mit den Tieren (Gew\u00e4hrleisten von Tierwohl) nicht mehr nur ein Aspekt der sozialen Dimension von Nachhaltigkeit ist.<\/p>\n<p class=\"fliess\">Der Deutsche Ethikrat schreibt in seiner Stellungnahme vom Juni 2020: \u201eVon denjenigen, die Nutztierhaltung nicht grunds\u00e4tzlich ablehnen, kann daher erwartet werden, dass die Bedingungen von Zucht, Haltung und Verwertung einschlie\u00dflich der T\u00f6tung von Nutztieren mit guten Gr\u00fcnden gerechtfertigt werden. Dabei darf nicht pauschal auf die (Ern\u00e4hrungs-) Bed\u00fcrfnisse der Menschen verwiesen werden: (\u2026) Jenseits dessen bleibt nur die Nutztierhaltung als wertvolles historisches Kulturgut und der Aspekt des mit dem Verzehr verbundenen guten Lebens der Menschen.\u201c<\/p>\n<p class=\"fliess\">Ich empfinde diese Formulierungen als eine gro\u00dfe Herausforderung nicht nur an die Nutztierwissenschaften, aber an diese im Besonderen.<\/p>\n<p class=\"fliess\">Zusammenfassen m\u00f6chte ich meinen Impuls zur Nachhaltigkeit der Nutztierhaltung wie folgt: Ethisch vertretbar ist noch l\u00e4ngst nicht nachhaltig, aber nachhaltige Tierhaltung ohne ethische Vertretbarkeit kann es nicht geben!<\/p>","protected":false},"excerpt":{"rendered":"<p>Nachhaltigkeit in der Tierhaltung ist mit dem derzeitigen Ern\u00e4hrungssystem nicht erreichbar. Es ist vielmehr absolut n\u00f6tig, die Landwirtschaft \u2013 und innerhalb dieser die Tierhaltung \u2013 als Teil des Ern\u00e4hrungssystems zu verstehen und gesellschaftlich zu steuern. Als Beitrag zum Verst\u00e4ndnis dieser Herausforderung will ich kurz auf wesentliche Dimensionen eingehen. Lassen Sie mich im Folgenden einige Fakten&hellip;<\/p>","protected":false},"author":1,"featured_media":89943,"menu_order":1289,"template":"","meta":{"_relevanssi_hide_post":"","_relevanssi_hide_content":"","_relevanssi_pin_for_all":"","_relevanssi_pin_keywords":"","_relevanssi_unpin_keywords":"","_relevanssi_related_keywords":"","_relevanssi_related_include_ids":"","_relevanssi_related_exclude_ids":"","_relevanssi_related_no_append":"","_relevanssi_related_not_related":"","_relevanssi_related_posts":"","_relevanssi_noindex_reason":"","footnotes":""},"class_list":["post-32229","media-library","type-media-library","status-publish","has-post-thumbnail","hentry","media-library-category-laudato-si","media-library-category-nachhaltigkeit"],"yoast_head":"<!-- This site is optimized with the Yoast SEO plugin v27.4 - https:\/\/yoast.com\/product\/yoast-seo-wordpress\/ -->\n<title>Der notwendige Beitrag der Verbraucher - Katholische Akademie in Bayern<\/title>\n<meta name=\"robots\" content=\"index, follow, max-snippet:-1, max-image-preview:large, max-video-preview:-1\" \/>\n<link rel=\"canonical\" href=\"https:\/\/kath-akademie-bayern.de\/en\/mediathek-eintrag\/der-notwendige-beitrag-der-verbraucher-das-ernaehrungsverhalten-muss-sich-aendern\/\" \/>\n<meta property=\"og:locale\" content=\"en_GB\" \/>\n<meta property=\"og:type\" content=\"article\" \/>\n<meta property=\"og:title\" content=\"Der notwendige Beitrag der Verbraucher - Katholische Akademie in Bayern\" \/>\n<meta property=\"og:description\" content=\"Nachhaltigkeit in der Tierhaltung ist mit dem derzeitigen Ern\u00e4hrungssystem nicht erreichbar. Es ist vielmehr absolut n\u00f6tig, die Landwirtschaft \u2013 und innerhalb dieser die Tierhaltung \u2013 als Teil des Ern\u00e4hrungssystems zu verstehen und gesellschaftlich zu steuern. Als Beitrag zum Verst\u00e4ndnis dieser Herausforderung will ich kurz auf wesentliche Dimensionen eingehen. Lassen Sie mich im Folgenden einige Fakten&hellip;\" \/>\n<meta property=\"og:url\" content=\"https:\/\/kath-akademie-bayern.de\/en\/mediathek-eintrag\/der-notwendige-beitrag-der-verbraucher-das-ernaehrungsverhalten-muss-sich-aendern\/\" \/>\n<meta property=\"og:site_name\" content=\"Katholische Akademie in Bayern\" \/>\n<meta property=\"article:publisher\" content=\"https:\/\/www.facebook.com\/katholische.akademie.bayern\/\" \/>\n<meta property=\"article:modified_time\" content=\"2025-01-09T13:14:38+00:00\" \/>\n<meta property=\"og:image\" content=\"https:\/\/kath-akademie-bayern.de\/wp-content\/uploads\/2021-3-6-Brunsch-e1736428128614.jpg\" \/>\n\t<meta property=\"og:image:width\" content=\"2500\" \/>\n\t<meta property=\"og:image:height\" content=\"1408\" \/>\n\t<meta property=\"og:image:type\" content=\"image\/jpeg\" \/>\n<meta name=\"twitter:card\" content=\"summary_large_image\" \/>\n<meta name=\"twitter:label1\" content=\"Estimated reading time\" \/>\n\t<meta name=\"twitter:data1\" content=\"5 minutes\" \/>\n<script type=\"application\/ld+json\" class=\"yoast-schema-graph\">{\"@context\":\"https:\\\/\\\/schema.org\",\"@graph\":[{\"@type\":\"WebPage\",\"@id\":\"https:\\\/\\\/kath-akademie-bayern.de\\\/mediathek-eintrag\\\/der-notwendige-beitrag-der-verbraucher-das-ernaehrungsverhalten-muss-sich-aendern\\\/\",\"url\":\"https:\\\/\\\/kath-akademie-bayern.de\\\/mediathek-eintrag\\\/der-notwendige-beitrag-der-verbraucher-das-ernaehrungsverhalten-muss-sich-aendern\\\/\",\"name\":\"Der notwendige Beitrag der Verbraucher - Katholische Akademie in Bayern\",\"isPartOf\":{\"@id\":\"https:\\\/\\\/kath-akademie-bayern.de\\\/#website\"},\"primaryImageOfPage\":{\"@id\":\"https:\\\/\\\/kath-akademie-bayern.de\\\/mediathek-eintrag\\\/der-notwendige-beitrag-der-verbraucher-das-ernaehrungsverhalten-muss-sich-aendern\\\/#primaryimage\"},\"image\":{\"@id\":\"https:\\\/\\\/kath-akademie-bayern.de\\\/mediathek-eintrag\\\/der-notwendige-beitrag-der-verbraucher-das-ernaehrungsverhalten-muss-sich-aendern\\\/#primaryimage\"},\"thumbnailUrl\":\"https:\\\/\\\/kath-akademie-bayern.de\\\/wp-content\\\/uploads\\\/2021-3-6-Brunsch-e1736428128614.jpg\",\"datePublished\":\"2023-07-17T12:34:29+00:00\",\"dateModified\":\"2025-01-09T13:14:38+00:00\",\"breadcrumb\":{\"@id\":\"https:\\\/\\\/kath-akademie-bayern.de\\\/mediathek-eintrag\\\/der-notwendige-beitrag-der-verbraucher-das-ernaehrungsverhalten-muss-sich-aendern\\\/#breadcrumb\"},\"inLanguage\":\"en-GB\",\"potentialAction\":[{\"@type\":\"ReadAction\",\"target\":[\"https:\\\/\\\/kath-akademie-bayern.de\\\/mediathek-eintrag\\\/der-notwendige-beitrag-der-verbraucher-das-ernaehrungsverhalten-muss-sich-aendern\\\/\"]}]},{\"@type\":\"ImageObject\",\"inLanguage\":\"en-GB\",\"@id\":\"https:\\\/\\\/kath-akademie-bayern.de\\\/mediathek-eintrag\\\/der-notwendige-beitrag-der-verbraucher-das-ernaehrungsverhalten-muss-sich-aendern\\\/#primaryimage\",\"url\":\"https:\\\/\\\/kath-akademie-bayern.de\\\/wp-content\\\/uploads\\\/2021-3-6-Brunsch-e1736428128614.jpg\",\"contentUrl\":\"https:\\\/\\\/kath-akademie-bayern.de\\\/wp-content\\\/uploads\\\/2021-3-6-Brunsch-e1736428128614.jpg\",\"width\":2500,\"height\":1408},{\"@type\":\"BreadcrumbList\",\"@id\":\"https:\\\/\\\/kath-akademie-bayern.de\\\/mediathek-eintrag\\\/der-notwendige-beitrag-der-verbraucher-das-ernaehrungsverhalten-muss-sich-aendern\\\/#breadcrumb\",\"itemListElement\":[{\"@type\":\"ListItem\",\"position\":1,\"name\":\"Startseite\",\"item\":\"https:\\\/\\\/kath-akademie-bayern.de\\\/\"},{\"@type\":\"ListItem\",\"position\":2,\"name\":\"Der notwendige Beitrag der Verbraucher\"}]},{\"@type\":\"WebSite\",\"@id\":\"https:\\\/\\\/kath-akademie-bayern.de\\\/#website\",\"url\":\"https:\\\/\\\/kath-akademie-bayern.de\\\/\",\"name\":\"Katholische Akademie in Bayern\",\"description\":\"Kirche braucht Debatte: \u201ekatholisch\u201c mit Blick auf das Ganze \u2013 und \u201eakademisch\u201c im Vertrauen auf die Kraft der Argumente\",\"publisher\":{\"@id\":\"https:\\\/\\\/kath-akademie-bayern.de\\\/#organization\"},\"potentialAction\":[{\"@type\":\"SearchAction\",\"target\":{\"@type\":\"EntryPoint\",\"urlTemplate\":\"https:\\\/\\\/kath-akademie-bayern.de\\\/?s={search_term_string}\"},\"query-input\":{\"@type\":\"PropertyValueSpecification\",\"valueRequired\":true,\"valueName\":\"search_term_string\"}}],\"inLanguage\":\"en-GB\"},{\"@type\":\"Organization\",\"@id\":\"https:\\\/\\\/kath-akademie-bayern.de\\\/#organization\",\"name\":\"Katholische Akademie in Bayern\",\"url\":\"https:\\\/\\\/kath-akademie-bayern.de\\\/\",\"logo\":{\"@type\":\"ImageObject\",\"inLanguage\":\"en-GB\",\"@id\":\"https:\\\/\\\/kath-akademie-bayern.de\\\/#\\\/schema\\\/logo\\\/image\\\/\",\"url\":\"https:\\\/\\\/kath-akademie-bayern.de\\\/wp-content\\\/uploads\\\/Menue-Logo-Home@2x.png\",\"contentUrl\":\"https:\\\/\\\/kath-akademie-bayern.de\\\/wp-content\\\/uploads\\\/Menue-Logo-Home@2x.png\",\"width\":496,\"height\":216,\"caption\":\"Katholische Akademie in Bayern\"},\"image\":{\"@id\":\"https:\\\/\\\/kath-akademie-bayern.de\\\/#\\\/schema\\\/logo\\\/image\\\/\"},\"sameAs\":[\"https:\\\/\\\/www.facebook.com\\\/katholische.akademie.bayern\\\/\"]}]}<\/script>\n<!-- \/ Yoast SEO plugin. -->","yoast_head_json":{"title":"Der notwendige Beitrag der Verbraucher - Katholische Akademie in Bayern","robots":{"index":"index","follow":"follow","max-snippet":"max-snippet:-1","max-image-preview":"max-image-preview:large","max-video-preview":"max-video-preview:-1"},"canonical":"https:\/\/kath-akademie-bayern.de\/en\/mediathek-eintrag\/der-notwendige-beitrag-der-verbraucher-das-ernaehrungsverhalten-muss-sich-aendern\/","og_locale":"en_GB","og_type":"article","og_title":"Der notwendige Beitrag der Verbraucher - Katholische Akademie in Bayern","og_description":"Nachhaltigkeit in der Tierhaltung ist mit dem derzeitigen Ern\u00e4hrungssystem nicht erreichbar. Es ist vielmehr absolut n\u00f6tig, die Landwirtschaft \u2013 und innerhalb dieser die Tierhaltung \u2013 als Teil des Ern\u00e4hrungssystems zu verstehen und gesellschaftlich zu steuern. Als Beitrag zum Verst\u00e4ndnis dieser Herausforderung will ich kurz auf wesentliche Dimensionen eingehen. Lassen Sie mich im Folgenden einige Fakten&hellip;","og_url":"https:\/\/kath-akademie-bayern.de\/en\/mediathek-eintrag\/der-notwendige-beitrag-der-verbraucher-das-ernaehrungsverhalten-muss-sich-aendern\/","og_site_name":"Katholische Akademie in Bayern","article_publisher":"https:\/\/www.facebook.com\/katholische.akademie.bayern\/","article_modified_time":"2025-01-09T13:14:38+00:00","og_image":[{"width":2500,"height":1408,"url":"https:\/\/kath-akademie-bayern.de\/wp-content\/uploads\/2021-3-6-Brunsch-e1736428128614.jpg","type":"image\/jpeg"}],"twitter_card":"summary_large_image","twitter_misc":{"Estimated reading time":"5 minutes"},"schema":{"@context":"https:\/\/schema.org","@graph":[{"@type":"WebPage","@id":"https:\/\/kath-akademie-bayern.de\/mediathek-eintrag\/der-notwendige-beitrag-der-verbraucher-das-ernaehrungsverhalten-muss-sich-aendern\/","url":"https:\/\/kath-akademie-bayern.de\/mediathek-eintrag\/der-notwendige-beitrag-der-verbraucher-das-ernaehrungsverhalten-muss-sich-aendern\/","name":"Der notwendige Beitrag der Verbraucher - Katholische Akademie in Bayern","isPartOf":{"@id":"https:\/\/kath-akademie-bayern.de\/#website"},"primaryImageOfPage":{"@id":"https:\/\/kath-akademie-bayern.de\/mediathek-eintrag\/der-notwendige-beitrag-der-verbraucher-das-ernaehrungsverhalten-muss-sich-aendern\/#primaryimage"},"image":{"@id":"https:\/\/kath-akademie-bayern.de\/mediathek-eintrag\/der-notwendige-beitrag-der-verbraucher-das-ernaehrungsverhalten-muss-sich-aendern\/#primaryimage"},"thumbnailUrl":"https:\/\/kath-akademie-bayern.de\/wp-content\/uploads\/2021-3-6-Brunsch-e1736428128614.jpg","datePublished":"2023-07-17T12:34:29+00:00","dateModified":"2025-01-09T13:14:38+00:00","breadcrumb":{"@id":"https:\/\/kath-akademie-bayern.de\/mediathek-eintrag\/der-notwendige-beitrag-der-verbraucher-das-ernaehrungsverhalten-muss-sich-aendern\/#breadcrumb"},"inLanguage":"en-GB","potentialAction":[{"@type":"ReadAction","target":["https:\/\/kath-akademie-bayern.de\/mediathek-eintrag\/der-notwendige-beitrag-der-verbraucher-das-ernaehrungsverhalten-muss-sich-aendern\/"]}]},{"@type":"ImageObject","inLanguage":"en-GB","@id":"https:\/\/kath-akademie-bayern.de\/mediathek-eintrag\/der-notwendige-beitrag-der-verbraucher-das-ernaehrungsverhalten-muss-sich-aendern\/#primaryimage","url":"https:\/\/kath-akademie-bayern.de\/wp-content\/uploads\/2021-3-6-Brunsch-e1736428128614.jpg","contentUrl":"https:\/\/kath-akademie-bayern.de\/wp-content\/uploads\/2021-3-6-Brunsch-e1736428128614.jpg","width":2500,"height":1408},{"@type":"BreadcrumbList","@id":"https:\/\/kath-akademie-bayern.de\/mediathek-eintrag\/der-notwendige-beitrag-der-verbraucher-das-ernaehrungsverhalten-muss-sich-aendern\/#breadcrumb","itemListElement":[{"@type":"ListItem","position":1,"name":"Startseite","item":"https:\/\/kath-akademie-bayern.de\/"},{"@type":"ListItem","position":2,"name":"Der notwendige Beitrag der Verbraucher"}]},{"@type":"WebSite","@id":"https:\/\/kath-akademie-bayern.de\/#website","url":"https:\/\/kath-akademie-bayern.de\/","name":"Catholic Academy in Bavaria","description":"Church needs debate: \"catholic\" looking at the whole - and \"academic\" trusting in the power of arguments","publisher":{"@id":"https:\/\/kath-akademie-bayern.de\/#organization"},"potentialAction":[{"@type":"SearchAction","target":{"@type":"EntryPoint","urlTemplate":"https:\/\/kath-akademie-bayern.de\/?s={search_term_string}"},"query-input":{"@type":"PropertyValueSpecification","valueRequired":true,"valueName":"search_term_string"}}],"inLanguage":"en-GB"},{"@type":"Organization","@id":"https:\/\/kath-akademie-bayern.de\/#organization","name":"Catholic Academy in Bavaria","url":"https:\/\/kath-akademie-bayern.de\/","logo":{"@type":"ImageObject","inLanguage":"en-GB","@id":"https:\/\/kath-akademie-bayern.de\/#\/schema\/logo\/image\/","url":"https:\/\/kath-akademie-bayern.de\/wp-content\/uploads\/Menue-Logo-Home@2x.png","contentUrl":"https:\/\/kath-akademie-bayern.de\/wp-content\/uploads\/Menue-Logo-Home@2x.png","width":496,"height":216,"caption":"Katholische Akademie in Bayern"},"image":{"@id":"https:\/\/kath-akademie-bayern.de\/#\/schema\/logo\/image\/"},"sameAs":["https:\/\/www.facebook.com\/katholische.akademie.bayern\/"]}]}},"_links":{"self":[{"href":"https:\/\/kath-akademie-bayern.de\/en\/wp-json\/wp\/v2\/media-library\/32229","targetHints":{"allow":["GET"]}}],"collection":[{"href":"https:\/\/kath-akademie-bayern.de\/en\/wp-json\/wp\/v2\/media-library"}],"about":[{"href":"https:\/\/kath-akademie-bayern.de\/en\/wp-json\/wp\/v2\/types\/media-library"}],"author":[{"embeddable":true,"href":"https:\/\/kath-akademie-bayern.de\/en\/wp-json\/wp\/v2\/users\/1"}],"version-history":[{"count":2,"href":"https:\/\/kath-akademie-bayern.de\/en\/wp-json\/wp\/v2\/media-library\/32229\/revisions"}],"predecessor-version":[{"id":97354,"href":"https:\/\/kath-akademie-bayern.de\/en\/wp-json\/wp\/v2\/media-library\/32229\/revisions\/97354"}],"wp:featuredmedia":[{"embeddable":true,"href":"https:\/\/kath-akademie-bayern.de\/en\/wp-json\/wp\/v2\/media\/89943"}],"wp:attachment":[{"href":"https:\/\/kath-akademie-bayern.de\/en\/wp-json\/wp\/v2\/media?parent=32229"}],"curies":[{"name":"wp","href":"https:\/\/api.w.org\/{rel}","templated":true}]}}