{"id":32328,"date":"2023-07-17T14:35:50","date_gmt":"2023-07-17T12:35:50","guid":{"rendered":"https:\/\/kath-akademie-bayern.de\/?media-library=faulhaber-tagebuecher-1945"},"modified":"2025-07-10T11:18:00","modified_gmt":"2025-07-10T09:18:00","slug":"eingangsstatement-zu-den-faulhaber-tagebuechern-1945","status":"publish","type":"media-library","link":"https:\/\/kath-akademie-bayern.de\/en\/mediathek-eintrag\/eingangsstatement-zu-den-faulhaber-tagebuechern-1945\/","title":{"rendered":"Eingangsstatement zu den Faulhaber-Tageb\u00fcchern 1945"},"content":{"rendered":"<p>\u201eEs ward Morgen und Abend. Der dritte Tag. In der Nacht habe ich keine halbe Stunde geschlafen. \u2026 Herzklopfen l\u00e4\u00dft mich nicht schlafen und Magenverstimmung, weil das Essen gar nicht gehen will, \u2013 Seit drei Tagen nichts mehr recht gegessen\u201c, so Kardinal Michael von Faulhaber in einem seiner Tagebucheintr\u00e4ge.<\/p>\n<p>\u201eEs ward Morgen und Abend. Der dritte Tag.\u201c Sehr verehrte Damen und Herren, vielleicht erinnert Sie diese Passage, die Michael von Faulhaber am Ende des Weltkriegs in sein Tagebuch schrieb, auch an die biblische Sch\u00f6pfungsgeschichte. Dort hei\u00dft es: \u201eGott sah, dass es gut war. Es wurde Abend und es wurde Morgen: dritter Tag.\u201c<\/p>\n<p>Wohlgemerkt: Hier wird es erst Abend, und dann bricht ein neuer Morgen an. In Faulhabers Tagebuch folgt dagegen auf den Morgen der Abend. Das l\u00e4sst weitreichende theologische Interpretationen zu: Faulhaber sieht in M\u00fcnchen wom\u00f6glich nicht die g\u00f6ttliche Sch\u00f6pfung, sondern eine diabolische Anti-Sch\u00f6pfung am Werk. Die Welt wird nicht erschaffen, sondern zerst\u00f6rt.<\/p>\n<p>Diejenigen unter Ihnen, die vor dreieinhalb Jahren anwesend waren, als wir an gleicher Stelle die Eintr\u00e4ge aus den Tageb\u00fcchern Faulhabers der Jahrg\u00e4nge 1918\/19 und 1933 pr\u00e4sentierten, m\u00f6gen nun vielleicht irritiert sein. Haben Sie diese Worte Faulhabers nicht schon einmal geh\u00f6rt? Ja, Sie erinnern sich richtig, denn ich habe Sie ein wenig hinters Licht gef\u00fchrt. Im Tagebuchzitat, das wir einleitend geh\u00f6rt haben, geht es nicht um 1945, sondern um das Ende des Ersten Weltkrieges, genaugenommen um den 10. November 2018, verbunden mit der Revolution, deren Tage Faulhaber z\u00e4hlte. Diese Ereignisse st\u00fcrzten Faulhaber, den Anh\u00e4nger der alten Monarchien, in eine tiefe Krise; und sie regten ihn zu anspruchsvollen theologischen Reflexionen an, wie sich anhand der Tageb\u00fccher sehr sch\u00f6n erkennen l\u00e4sst.<\/p>\n<p>Und das Kriegsende 1945? Was schreibt Faulhaber dazu? Damit kommen wir zum Titel der heutigen Veranstaltung. \u201eAm letzten April \u2026 ist der Krieg zu Ende.\u201c Das ist alles. So lapidar vermerkt Faulhaber den vermeintlichen Epochenumbruch, die Stunde null in M\u00fcnchen, am 30. April in seinem Tagebuch. Keine schlaflosen N\u00e4chte, keine Magenverstimmung, kein Herzklopfen, keine theologischen Reflexionen. Nichts.<\/p>\n<p>Das Ende des Zweiten Weltkriegs scheint Faulhaber vergleichsweise wenig bewegt zu haben. Wie kann das sein? Im November 1918 herrschte in M\u00fcnchen die Revolution, aber der Krieg war weit weg.<\/p>\n<p>Aber nun, im Fr\u00fchjahr 1945, lag die M\u00fcnchener Innenstadt in Tr\u00fcmmern. Deutsche hatten einen Vernichtungskrieg begonnen und verloren, sechs Millionen Juden ermordet und zahlreiche weitere Verbrechen begangen. Nur rund 20 Kilometer von M\u00fcnchen entfernt lag das Konzentrationslager Dachau, in dem auch viele Priester starben, f\u00fcr die Faulhaber als Bischof verantwortlich war.<\/p>\n<p>Wenn Faulhaber den \u00dcbergang vom K\u00f6nigreich Bayern zur Republik im November 1918 als Anti-Sch\u00f6pfung verstand, wie interpretierte er 1945 den Untergang des nationalsozialistischen Regimes? Am 23. August unterschrieb der M\u00fcnchener Erzbischof ein gemeinsames Hirtenwort der in Fulda versammelten Bisch\u00f6fe, in dem es hei\u00dft: \u201eFurchtbares ist schon vor dem Krieg in Deutschland und w\u00e4hrend des Krieges durch Deutsche in den besetzten Gebieten geschehen. Wir beklagen es zutiefst: \u2026 Schwere Verantwortung trifft jene, die auf Grund ihrer Stellung wissen konnten, was bei uns vorging, die durch ihren Einflu\u00df solche Verbrechen h\u00e4tten hindern k\u00f6nnen und es nicht getan haben, ja diese Verbrechen erm\u00f6glicht und sich dadurch mit den Verbrechern solidarisch erkl\u00e4rt haben.\u201c<\/p>\n<p>Das war es aber auch. \u201eJene\u201c waren die anderen. Aber wie wollte Faulhaber seine <em>eigene<\/em> Rolle und die der katholischen Kirche in den vergangenen zw\u00f6lf Jahren verstanden wissen? Und wie versuchte er, die Zukunft mit den amerikanischen Besatzungsbeh\u00f6rden zu gestalten?<\/p>\n<p>Auf diese und andere Fragen m\u00f6chten wir heute Abend \u2013 immer mit Blick auf Faulhabers Tageb\u00fccher \u2013 einige Antwortversuche wagen. Dazu werden wir vier k\u00fcrzere Vortr\u00e4ge h\u00f6ren. Beginnen wird <strong>Philipp Gahn<\/strong>, der \u00fcber Faulhabers Schilderung des Kriegs spricht. Anschlie\u00dfend wendet sich <strong>Raphael H\u00fclsb\u00f6mer<\/strong> dem KZ Dachau zu. Es folgt <strong>Moritz Fischer<\/strong>, der der Frage nach Faulhabers Umgang mit der Entnazifizierung nachgeht. <strong>Franziska Nicolay-Fischbach<\/strong> pr\u00e4sentiert im letzten Vortrag das Thema Umerziehung und Umschulung, das sowohl Faulhaber als auch der US-Besatzungsbeh\u00f6rde besonders wichtig war. Abschlie\u00dfend wird Kollege Andreas Wirsching die gesammelten Eindr\u00fccke b\u00fcndeln, bevor wir in eine hoffentlich intensive Diskussion \u00fcbergehen.<\/p>\n<p>Ich w\u00fcnsche Ihnen \u2013 trotz der anspruchsvollen und teilweise traurigen Themen \u2013 einen sch\u00f6nen Abend, auf den ein neuer Morgen folgen m\u00f6ge.<\/p>","protected":false},"excerpt":{"rendered":"<p>\u201eEs ward Morgen und Abend. Der dritte Tag. In der Nacht habe ich keine halbe Stunde geschlafen. \u2026 Herzklopfen l\u00e4\u00dft mich nicht schlafen und Magenverstimmung, weil das Essen gar nicht gehen will, \u2013 Seit drei Tagen nichts mehr recht gegessen\u201c, so Kardinal Michael von Faulhaber in einem seiner Tagebucheintr\u00e4ge. \u201eEs ward Morgen und Abend. Der&hellip;<\/p>","protected":false},"author":1,"featured_media":3833,"menu_order":1460,"template":"","meta":{"_relevanssi_hide_post":"","_relevanssi_hide_content":"","_relevanssi_pin_for_all":"","_relevanssi_pin_keywords":"","_relevanssi_unpin_keywords":"","_relevanssi_related_keywords":"","_relevanssi_related_include_ids":"","_relevanssi_related_exclude_ids":"","_relevanssi_related_no_append":"","_relevanssi_related_not_related":"","_relevanssi_related_posts":"","_relevanssi_noindex_reason":"","footnotes":""},"class_list":["post-32328","media-library","type-media-library","status-publish","has-post-thumbnail","hentry","media-library-category-faulhaber","media-library-category-institut-fuer-zeitgeschichte","media-library-category-nachkriegszeit","media-library-category-zweiter-weltkrieg"],"yoast_head":"<!-- This site is optimized with the Yoast SEO plugin v27.4 - https:\/\/yoast.com\/product\/yoast-seo-wordpress\/ -->\n<title>Eingangsstatement zu den Faulhaber-Tageb\u00fcchern 1945 - Katholische Akademie in Bayern<\/title>\n<meta name=\"robots\" content=\"index, follow, max-snippet:-1, max-image-preview:large, max-video-preview:-1\" \/>\n<link rel=\"canonical\" href=\"https:\/\/kath-akademie-bayern.de\/en\/mediathek-eintrag\/eingangsstatement-zu-den-faulhaber-tagebuechern-1945\/\" \/>\n<meta property=\"og:locale\" content=\"en_GB\" \/>\n<meta property=\"og:type\" content=\"article\" \/>\n<meta property=\"og:title\" content=\"Eingangsstatement zu den Faulhaber-Tageb\u00fcchern 1945 - Katholische Akademie in Bayern\" \/>\n<meta property=\"og:description\" content=\"\u201eEs ward Morgen und Abend. Der dritte Tag. In der Nacht habe ich keine halbe Stunde geschlafen. \u2026 Herzklopfen l\u00e4\u00dft mich nicht schlafen und Magenverstimmung, weil das Essen gar nicht gehen will, \u2013 Seit drei Tagen nichts mehr recht gegessen\u201c, so Kardinal Michael von Faulhaber in einem seiner Tagebucheintr\u00e4ge. \u201eEs ward Morgen und Abend. Der&hellip;\" \/>\n<meta property=\"og:url\" content=\"https:\/\/kath-akademie-bayern.de\/en\/mediathek-eintrag\/eingangsstatement-zu-den-faulhaber-tagebuechern-1945\/\" \/>\n<meta property=\"og:site_name\" content=\"Katholische Akademie in Bayern\" \/>\n<meta property=\"article:publisher\" content=\"https:\/\/www.facebook.com\/katholische.akademie.bayern\/\" \/>\n<meta property=\"article:modified_time\" content=\"2025-07-10T09:18:00+00:00\" \/>\n<meta property=\"og:image\" content=\"https:\/\/kath-akademie-bayern.de\/wp-content\/uploads\/Faulhaber_neu-scaled.jpg\" \/>\n\t<meta property=\"og:image:width\" content=\"2560\" \/>\n\t<meta property=\"og:image:height\" content=\"1650\" \/>\n\t<meta property=\"og:image:type\" content=\"image\/jpeg\" \/>\n<meta name=\"twitter:card\" content=\"summary_large_image\" \/>\n<meta name=\"twitter:label1\" content=\"Estimated reading time\" \/>\n\t<meta name=\"twitter:data1\" content=\"4 minutes\" \/>\n<script type=\"application\/ld+json\" class=\"yoast-schema-graph\">{\"@context\":\"https:\\\/\\\/schema.org\",\"@graph\":[{\"@type\":\"WebPage\",\"@id\":\"https:\\\/\\\/kath-akademie-bayern.de\\\/mediathek-eintrag\\\/eingangsstatement-zu-den-faulhaber-tagebuechern-1945\\\/\",\"url\":\"https:\\\/\\\/kath-akademie-bayern.de\\\/mediathek-eintrag\\\/eingangsstatement-zu-den-faulhaber-tagebuechern-1945\\\/\",\"name\":\"Eingangsstatement zu den Faulhaber-Tageb\u00fcchern 1945 - Katholische Akademie in Bayern\",\"isPartOf\":{\"@id\":\"https:\\\/\\\/kath-akademie-bayern.de\\\/#website\"},\"primaryImageOfPage\":{\"@id\":\"https:\\\/\\\/kath-akademie-bayern.de\\\/mediathek-eintrag\\\/eingangsstatement-zu-den-faulhaber-tagebuechern-1945\\\/#primaryimage\"},\"image\":{\"@id\":\"https:\\\/\\\/kath-akademie-bayern.de\\\/mediathek-eintrag\\\/eingangsstatement-zu-den-faulhaber-tagebuechern-1945\\\/#primaryimage\"},\"thumbnailUrl\":\"https:\\\/\\\/kath-akademie-bayern.de\\\/wp-content\\\/uploads\\\/Faulhaber_neu-scaled.jpg\",\"datePublished\":\"2023-07-17T12:35:50+00:00\",\"dateModified\":\"2025-07-10T09:18:00+00:00\",\"breadcrumb\":{\"@id\":\"https:\\\/\\\/kath-akademie-bayern.de\\\/mediathek-eintrag\\\/eingangsstatement-zu-den-faulhaber-tagebuechern-1945\\\/#breadcrumb\"},\"inLanguage\":\"en-GB\",\"potentialAction\":[{\"@type\":\"ReadAction\",\"target\":[\"https:\\\/\\\/kath-akademie-bayern.de\\\/mediathek-eintrag\\\/eingangsstatement-zu-den-faulhaber-tagebuechern-1945\\\/\"]}]},{\"@type\":\"ImageObject\",\"inLanguage\":\"en-GB\",\"@id\":\"https:\\\/\\\/kath-akademie-bayern.de\\\/mediathek-eintrag\\\/eingangsstatement-zu-den-faulhaber-tagebuechern-1945\\\/#primaryimage\",\"url\":\"https:\\\/\\\/kath-akademie-bayern.de\\\/wp-content\\\/uploads\\\/Faulhaber_neu-scaled.jpg\",\"contentUrl\":\"https:\\\/\\\/kath-akademie-bayern.de\\\/wp-content\\\/uploads\\\/Faulhaber_neu-scaled.jpg\",\"width\":2560,\"height\":1650},{\"@type\":\"BreadcrumbList\",\"@id\":\"https:\\\/\\\/kath-akademie-bayern.de\\\/mediathek-eintrag\\\/eingangsstatement-zu-den-faulhaber-tagebuechern-1945\\\/#breadcrumb\",\"itemListElement\":[{\"@type\":\"ListItem\",\"position\":1,\"name\":\"Startseite\",\"item\":\"https:\\\/\\\/kath-akademie-bayern.de\\\/\"},{\"@type\":\"ListItem\",\"position\":2,\"name\":\"Eingangsstatement zu den Faulhaber-Tageb\u00fcchern 1945\"}]},{\"@type\":\"WebSite\",\"@id\":\"https:\\\/\\\/kath-akademie-bayern.de\\\/#website\",\"url\":\"https:\\\/\\\/kath-akademie-bayern.de\\\/\",\"name\":\"Katholische Akademie in Bayern\",\"description\":\"Kirche braucht Debatte: \u201ekatholisch\u201c mit Blick auf das Ganze \u2013 und \u201eakademisch\u201c im Vertrauen auf die Kraft der Argumente\",\"publisher\":{\"@id\":\"https:\\\/\\\/kath-akademie-bayern.de\\\/#organization\"},\"potentialAction\":[{\"@type\":\"SearchAction\",\"target\":{\"@type\":\"EntryPoint\",\"urlTemplate\":\"https:\\\/\\\/kath-akademie-bayern.de\\\/?s={search_term_string}\"},\"query-input\":{\"@type\":\"PropertyValueSpecification\",\"valueRequired\":true,\"valueName\":\"search_term_string\"}}],\"inLanguage\":\"en-GB\"},{\"@type\":\"Organization\",\"@id\":\"https:\\\/\\\/kath-akademie-bayern.de\\\/#organization\",\"name\":\"Katholische Akademie in Bayern\",\"url\":\"https:\\\/\\\/kath-akademie-bayern.de\\\/\",\"logo\":{\"@type\":\"ImageObject\",\"inLanguage\":\"en-GB\",\"@id\":\"https:\\\/\\\/kath-akademie-bayern.de\\\/#\\\/schema\\\/logo\\\/image\\\/\",\"url\":\"https:\\\/\\\/kath-akademie-bayern.de\\\/wp-content\\\/uploads\\\/Menue-Logo-Home@2x.png\",\"contentUrl\":\"https:\\\/\\\/kath-akademie-bayern.de\\\/wp-content\\\/uploads\\\/Menue-Logo-Home@2x.png\",\"width\":496,\"height\":216,\"caption\":\"Katholische Akademie in Bayern\"},\"image\":{\"@id\":\"https:\\\/\\\/kath-akademie-bayern.de\\\/#\\\/schema\\\/logo\\\/image\\\/\"},\"sameAs\":[\"https:\\\/\\\/www.facebook.com\\\/katholische.akademie.bayern\\\/\"]}]}<\/script>\n<!-- \/ Yoast SEO plugin. -->","yoast_head_json":{"title":"Eingangsstatement zu den Faulhaber-Tageb\u00fcchern 1945 - Katholische Akademie in Bayern","robots":{"index":"index","follow":"follow","max-snippet":"max-snippet:-1","max-image-preview":"max-image-preview:large","max-video-preview":"max-video-preview:-1"},"canonical":"https:\/\/kath-akademie-bayern.de\/en\/mediathek-eintrag\/eingangsstatement-zu-den-faulhaber-tagebuechern-1945\/","og_locale":"en_GB","og_type":"article","og_title":"Eingangsstatement zu den Faulhaber-Tageb\u00fcchern 1945 - Katholische Akademie in Bayern","og_description":"\u201eEs ward Morgen und Abend. Der dritte Tag. In der Nacht habe ich keine halbe Stunde geschlafen. \u2026 Herzklopfen l\u00e4\u00dft mich nicht schlafen und Magenverstimmung, weil das Essen gar nicht gehen will, \u2013 Seit drei Tagen nichts mehr recht gegessen\u201c, so Kardinal Michael von Faulhaber in einem seiner Tagebucheintr\u00e4ge. \u201eEs ward Morgen und Abend. Der&hellip;","og_url":"https:\/\/kath-akademie-bayern.de\/en\/mediathek-eintrag\/eingangsstatement-zu-den-faulhaber-tagebuechern-1945\/","og_site_name":"Katholische Akademie in Bayern","article_publisher":"https:\/\/www.facebook.com\/katholische.akademie.bayern\/","article_modified_time":"2025-07-10T09:18:00+00:00","og_image":[{"width":2560,"height":1650,"url":"https:\/\/kath-akademie-bayern.de\/wp-content\/uploads\/Faulhaber_neu-scaled.jpg","type":"image\/jpeg"}],"twitter_card":"summary_large_image","twitter_misc":{"Estimated reading time":"4 minutes"},"schema":{"@context":"https:\/\/schema.org","@graph":[{"@type":"WebPage","@id":"https:\/\/kath-akademie-bayern.de\/mediathek-eintrag\/eingangsstatement-zu-den-faulhaber-tagebuechern-1945\/","url":"https:\/\/kath-akademie-bayern.de\/mediathek-eintrag\/eingangsstatement-zu-den-faulhaber-tagebuechern-1945\/","name":"Eingangsstatement zu den Faulhaber-Tageb\u00fcchern 1945 - Katholische Akademie in Bayern","isPartOf":{"@id":"https:\/\/kath-akademie-bayern.de\/#website"},"primaryImageOfPage":{"@id":"https:\/\/kath-akademie-bayern.de\/mediathek-eintrag\/eingangsstatement-zu-den-faulhaber-tagebuechern-1945\/#primaryimage"},"image":{"@id":"https:\/\/kath-akademie-bayern.de\/mediathek-eintrag\/eingangsstatement-zu-den-faulhaber-tagebuechern-1945\/#primaryimage"},"thumbnailUrl":"https:\/\/kath-akademie-bayern.de\/wp-content\/uploads\/Faulhaber_neu-scaled.jpg","datePublished":"2023-07-17T12:35:50+00:00","dateModified":"2025-07-10T09:18:00+00:00","breadcrumb":{"@id":"https:\/\/kath-akademie-bayern.de\/mediathek-eintrag\/eingangsstatement-zu-den-faulhaber-tagebuechern-1945\/#breadcrumb"},"inLanguage":"en-GB","potentialAction":[{"@type":"ReadAction","target":["https:\/\/kath-akademie-bayern.de\/mediathek-eintrag\/eingangsstatement-zu-den-faulhaber-tagebuechern-1945\/"]}]},{"@type":"ImageObject","inLanguage":"en-GB","@id":"https:\/\/kath-akademie-bayern.de\/mediathek-eintrag\/eingangsstatement-zu-den-faulhaber-tagebuechern-1945\/#primaryimage","url":"https:\/\/kath-akademie-bayern.de\/wp-content\/uploads\/Faulhaber_neu-scaled.jpg","contentUrl":"https:\/\/kath-akademie-bayern.de\/wp-content\/uploads\/Faulhaber_neu-scaled.jpg","width":2560,"height":1650},{"@type":"BreadcrumbList","@id":"https:\/\/kath-akademie-bayern.de\/mediathek-eintrag\/eingangsstatement-zu-den-faulhaber-tagebuechern-1945\/#breadcrumb","itemListElement":[{"@type":"ListItem","position":1,"name":"Startseite","item":"https:\/\/kath-akademie-bayern.de\/"},{"@type":"ListItem","position":2,"name":"Eingangsstatement zu den Faulhaber-Tageb\u00fcchern 1945"}]},{"@type":"WebSite","@id":"https:\/\/kath-akademie-bayern.de\/#website","url":"https:\/\/kath-akademie-bayern.de\/","name":"Catholic Academy in Bavaria","description":"Church needs debate: \"catholic\" looking at the whole - and \"academic\" trusting in the power of arguments","publisher":{"@id":"https:\/\/kath-akademie-bayern.de\/#organization"},"potentialAction":[{"@type":"SearchAction","target":{"@type":"EntryPoint","urlTemplate":"https:\/\/kath-akademie-bayern.de\/?s={search_term_string}"},"query-input":{"@type":"PropertyValueSpecification","valueRequired":true,"valueName":"search_term_string"}}],"inLanguage":"en-GB"},{"@type":"Organization","@id":"https:\/\/kath-akademie-bayern.de\/#organization","name":"Catholic Academy in Bavaria","url":"https:\/\/kath-akademie-bayern.de\/","logo":{"@type":"ImageObject","inLanguage":"en-GB","@id":"https:\/\/kath-akademie-bayern.de\/#\/schema\/logo\/image\/","url":"https:\/\/kath-akademie-bayern.de\/wp-content\/uploads\/Menue-Logo-Home@2x.png","contentUrl":"https:\/\/kath-akademie-bayern.de\/wp-content\/uploads\/Menue-Logo-Home@2x.png","width":496,"height":216,"caption":"Katholische Akademie in Bayern"},"image":{"@id":"https:\/\/kath-akademie-bayern.de\/#\/schema\/logo\/image\/"},"sameAs":["https:\/\/www.facebook.com\/katholische.akademie.bayern\/"]}]}},"_links":{"self":[{"href":"https:\/\/kath-akademie-bayern.de\/en\/wp-json\/wp\/v2\/media-library\/32328","targetHints":{"allow":["GET"]}}],"collection":[{"href":"https:\/\/kath-akademie-bayern.de\/en\/wp-json\/wp\/v2\/media-library"}],"about":[{"href":"https:\/\/kath-akademie-bayern.de\/en\/wp-json\/wp\/v2\/types\/media-library"}],"author":[{"embeddable":true,"href":"https:\/\/kath-akademie-bayern.de\/en\/wp-json\/wp\/v2\/users\/1"}],"version-history":[{"count":2,"href":"https:\/\/kath-akademie-bayern.de\/en\/wp-json\/wp\/v2\/media-library\/32328\/revisions"}],"predecessor-version":[{"id":108210,"href":"https:\/\/kath-akademie-bayern.de\/en\/wp-json\/wp\/v2\/media-library\/32328\/revisions\/108210"}],"wp:featuredmedia":[{"embeddable":true,"href":"https:\/\/kath-akademie-bayern.de\/en\/wp-json\/wp\/v2\/media\/3833"}],"wp:attachment":[{"href":"https:\/\/kath-akademie-bayern.de\/en\/wp-json\/wp\/v2\/media?parent=32328"}],"curies":[{"name":"wp","href":"https:\/\/api.w.org\/{rel}","templated":true}]}}