{"id":32385,"date":"2023-07-17T14:36:42","date_gmt":"2023-07-17T12:36:42","guid":{"rendered":"https:\/\/kath-akademie-bayern.de\/?media-library=kraft-koerper-form"},"modified":"2025-12-05T16:23:29","modified_gmt":"2025-12-05T15:23:29","slug":"rueckkehr-zu-den-wurzeln-zur-eroeffnung-der-ausstellung-kraft-koerper-form-von-alf-lechner","status":"publish","type":"media-library","link":"https:\/\/kath-akademie-bayern.de\/en\/mediathek-eintrag\/rueckkehr-zu-den-wurzeln-zur-eroeffnung-der-ausstellung-kraft-koerper-form-von-alf-lechner\/","title":{"rendered":"R\u00fcckkehr zu den Wurzeln"},"content":{"rendered":"<p>Wir freuen uns nicht nur, die 117. Kunstausstellung der Katholischen Akademie Bayern er\u00f6ffnen zu k\u00f6nnen unter dem Motto \u201eAlf Lechner. Kraft K\u00f6rper Form. Skulpturen, Collagen, Zeichnungen\u201c. Sondern dieser Abend bewegt wirklich das Herz. Und zwar aus mehreren Gr\u00fcnden. Ich fasse diese Gr\u00fcnde zusammen mit der einen \u00dcberschrift: \u201eR\u00fcckkehr zu den Wurzeln\u201c.<\/p>\n<p>&nbsp;<\/p>\n<h3><strong>I.<\/strong><\/h3>\n<p>&nbsp;<\/p>\n<p>Es ist erstens eine R\u00fcckkehr in die Schwabinger Mandlstra\u00dfe, zu den Wurzeln der Kindheit, der Jugend. Alf Lechner, am 17. April 1925 in M\u00fcnchen geboren, wuchs in Altschwabing auf. Seine Familie lebte genau hier gegen\u00fcber, auf der anderen Stra\u00dfenseite, im Haus Mandlstra\u00dfe 24.<\/p>\n<p>1956 zog er aus und hat sich die Dachgescho\u00dfwohnung im Eckhaus, beim Eingang zum Englischen Garten renoviert: Mandlstra\u00dfe 28. Dort sind auch seine drei T\u00f6chter geboren und anfangs aufgewachsen.<\/p>\n<p>Das hei\u00dft, er konnte als unmittelbarer Nachbar den Bau unseres Kardinal Wendel Hauses der Katholischen Akademie Bayern von seinem Dachfenster aus beobachten. Am 25. November 1960 hatte Weihbischof Dr. Johannes Neuh\u00e4usler den Grundstein gelegt, und Julius Kardinal D\u00f6pfner weihte am 29. September 1962 die Hauskapelle und segnete den fertiggestellten Bau.<\/p>\n<p>&nbsp;<\/p>\n<h3><strong>II.<\/strong><\/h3>\n<p>&nbsp;<\/p>\n<p>Die Ausstellung ist zweitens eine R\u00fcckkehr Alf Lechners zu den Wurzeln seines k\u00fcnstlerischen Schaffens. Denn in der Mandlstra\u00dfe 1c lernte er noch als Sch\u00fcler ab 1940 bei dem Marine- und Landschaftsmaler Alf Bachmann Pastell- und \u00d6lmalerei. Nach dem Notabitur 1943, der Verpflichtung zur Kriegsmarine und der Kriegsgefangenschaft setze er von 1946 bis 1950 diese mehr oder weniger private Ausbildung fort.<\/p>\n<p>1948 machte er dann eine Ausbildung zum Schlosser, arbeitete als Gebrauchsgrafiker, baute Messest\u00e4nde, gr\u00fcndete die Firma Litema\u00a0 f\u00fcr Lichttechnik und Metallverarbeitung und stellte erfolgreich eigene Erfindungen her, unter anderem Operationsleuchten f\u00fcr Zahn\u00e4rzte.<\/p>\n<p>1962 zog Lechner mit seiner Familie nach Degerndorf am Starnberger See, verkaufte die Firma Litema, und verwirklichte seinen Traum, sich voll und ganz der Kunst zu widmen.<\/p>\n<p>&nbsp;<\/p>\n<h3><strong>III.<\/strong><\/h3>\n<p>&nbsp;<\/p>\n<p>Damit in Zusammenhang steht eine dritte R\u00fcckkehr, die unsere Ausstellung initiiert, n\u00e4mlich eine R\u00fcckkehr zum Beginn der Ausstellungsgeschichte Alf Lechners. Denn bereits im November 1968 hatte Alf Lechner eine erste Einzelausstellung in M\u00fcnchen, und zwar im Preysingpalais in der Galerie Heseler. So kehrt er heute nach 50 Jahren wieder nach M\u00fcnchen zur\u00fcck, und zwar erstmals seit seinem Tod im Jahr 2017.<\/p>\n<p>W\u00e4hrend dieser vergangenen 50, bzw. 49 Jahre, hatte er mit \u00fcber 800 Skulpturen und mehr als 4500 Zeichnungen und Collagen eines der bedeutendsten k\u00fcnstlerischen Werke der Nachkriegszeit in Deutschland geschaffen und wurde mit den \u00fcber 80 \u00f6ffentlich ausgestellten Werken allein in Deutschland einer von dessen popul\u00e4rsten Stahlk\u00fcnstlern. Hier in M\u00fcnchen findet man seine Werke zum Beispiel vor der Alten Pinakothek, vor dem Kulturzentrum Gasteig oder am M\u00fcnchener Flughafen.<\/p>\n<p>Wir k\u00f6nnen nun drei Skulpturen zeigen, alle drei 2014 mit insgesamt knapp 90 Tonnen Stahl entstanden. Dazu kommen Collagen und Zeichnungen verschiedener Werksserien der vergangenen 20 Jahre.<\/p>\n<p>Die Skulpturen stammen vom faszinierenden, 23.000 Quadratmeter umfassenden Skulpturenpark in Obereichst\u00e4tt, einem in einem alten Steinbruch angelegten ehemals K\u00f6niglich-Bayerischen Eisen-H\u00fcttenwerk. 2001 war Alf Lechner mit seiner Frau Camilla von Geretsried dorthin gezogen und hat sowohl ein Freiluftmuseum wie eine gro\u00dfe Ausstellungshalle geschaffen. Dort starb er auch am 25. Februar 2017, im Alter von 91 Jahren, nachdem er noch am gleichen Tag an einer Zeichnung gearbeitet hatte. Die ausgestellten Collagen und Zeichnungen wurden vom Alf Lechner Museum in Ingolstadt zur Verf\u00fcgung gestellt.<\/p>\n<p>&nbsp;<\/p>\n<h3><strong>IV.<\/strong><\/h3>\n<p>&nbsp;<\/p>\n<p>Vor allem an seinen graphischen Arbeiten lassen sich die \u00dcberlegungen und Studien Alf Lechners nachvollziehen, wie er sich mit den Grundformen Quadrat, Rechteck oder besonders dem W\u00fcrfel auseinandersetzt. Da entwickelt er Bildr\u00e4ume aus Kontrasten, bearbeitet positiven und negativen Raum, zerteilt W\u00fcrfel und ordnet neu die entstandenen Formen.<\/p>\n<p>Hier nun zeigt sich eine vierte Wendung, diesmal hin zu den Aufgaben, die sich einer Akademie wie der unseren stellen. Denn tun wir eigentlich nicht das Gleiche wie Alf Lechner mit seinen W\u00fcrfeln? N\u00e4mlich Themen wahrnehmen, zerteilen, neu kombinieren, zu versuchen, hinter das Geheimnis klassischer Formen zu kommen, Selbstverst\u00e4ndliches neu zu sehen und zu denken.<\/p>\n<p>Das ist harte, n\u00fcchterne, manchmal schwere Arbeit. Auch Theologie hat es \u2013 wie bei Stahl \u2013 mit Feuer zu tun und einem Material, das verwandelt wird, das manchmal vielleicht etwas roh aussieht oder sogar Rost angesetzt hat. Aber gelingt es, kann das Ergebnis faszinieren.<\/p>\n<p>Mit ganz gro\u00dfem Dank an Frau Camilla Lechner und Herrn Daniel McLaughlin, ohne die diese Ausstellung nicht zustanden gekommen w\u00e4re, sei deshalb abschlie\u00dfend und hinf\u00fchrend gesagt: Die Ausstellung \u201eAlf Lechner. Kraft K\u00f6rper Form. Skulpturen, Collagen, Zeichnungen\u201c geh\u00f6rt wirklich in unser Haus und vor unser Haus.<\/p>","protected":false},"excerpt":{"rendered":"<p>Vernissage of the exhibition with works by Alf Lechner<\/p>","protected":false},"author":1,"featured_media":0,"menu_order":1503,"template":"","meta":{"_relevanssi_hide_post":"","_relevanssi_hide_content":"","_relevanssi_pin_for_all":"","_relevanssi_pin_keywords":"","_relevanssi_unpin_keywords":"","_relevanssi_related_keywords":"","_relevanssi_related_include_ids":"","_relevanssi_related_exclude_ids":"","_relevanssi_related_no_append":"","_relevanssi_related_not_related":"","_relevanssi_related_posts":"","_relevanssi_noindex_reason":"","footnotes":""},"class_list":["post-32385","media-library","type-media-library","status-publish","hentry","media-library-category-ausstellung","media-library-category-bildende-kunst","media-library-category-vernissage"],"yoast_head":"<!-- This site is optimized with the Yoast SEO plugin v27.4 - https:\/\/yoast.com\/product\/yoast-seo-wordpress\/ -->\n<title>R\u00fcckkehr zu den Wurzeln - Katholische Akademie in Bayern<\/title>\n<meta name=\"robots\" content=\"index, follow, max-snippet:-1, max-image-preview:large, max-video-preview:-1\" \/>\n<link rel=\"canonical\" href=\"https:\/\/kath-akademie-bayern.de\/en\/mediathek-eintrag\/rueckkehr-zu-den-wurzeln-zur-eroeffnung-der-ausstellung-kraft-koerper-form-von-alf-lechner\/\" \/>\n<meta property=\"og:locale\" content=\"en_GB\" \/>\n<meta property=\"og:type\" content=\"article\" \/>\n<meta property=\"og:title\" content=\"R\u00fcckkehr zu den Wurzeln - Katholische Akademie in Bayern\" \/>\n<meta property=\"og:description\" content=\"Vernissage zur Ausstellung mit Werken von Alf Lechner\" \/>\n<meta property=\"og:url\" content=\"https:\/\/kath-akademie-bayern.de\/en\/mediathek-eintrag\/rueckkehr-zu-den-wurzeln-zur-eroeffnung-der-ausstellung-kraft-koerper-form-von-alf-lechner\/\" \/>\n<meta property=\"og:site_name\" content=\"Katholische Akademie in Bayern\" \/>\n<meta property=\"article:publisher\" content=\"https:\/\/www.facebook.com\/katholische.akademie.bayern\/\" \/>\n<meta property=\"article:modified_time\" content=\"2025-12-05T15:23:29+00:00\" \/>\n<meta property=\"og:image\" content=\"https:\/\/kath-akademie-bayern.de\/wp-content\/uploads\/Menue-Logo-Home@2x.png\" \/>\n\t<meta property=\"og:image:width\" content=\"496\" \/>\n\t<meta property=\"og:image:height\" content=\"216\" \/>\n\t<meta property=\"og:image:type\" content=\"image\/png\" \/>\n<meta name=\"twitter:card\" content=\"summary_large_image\" \/>\n<meta name=\"twitter:label1\" content=\"Estimated reading time\" \/>\n\t<meta name=\"twitter:data1\" content=\"5 minutes\" \/>\n<script type=\"application\/ld+json\" class=\"yoast-schema-graph\">{\"@context\":\"https:\\\/\\\/schema.org\",\"@graph\":[{\"@type\":\"WebPage\",\"@id\":\"https:\\\/\\\/kath-akademie-bayern.de\\\/mediathek-eintrag\\\/rueckkehr-zu-den-wurzeln-zur-eroeffnung-der-ausstellung-kraft-koerper-form-von-alf-lechner\\\/\",\"url\":\"https:\\\/\\\/kath-akademie-bayern.de\\\/mediathek-eintrag\\\/rueckkehr-zu-den-wurzeln-zur-eroeffnung-der-ausstellung-kraft-koerper-form-von-alf-lechner\\\/\",\"name\":\"R\u00fcckkehr zu den Wurzeln - Katholische Akademie in Bayern\",\"isPartOf\":{\"@id\":\"https:\\\/\\\/kath-akademie-bayern.de\\\/#website\"},\"datePublished\":\"2023-07-17T12:36:42+00:00\",\"dateModified\":\"2025-12-05T15:23:29+00:00\",\"breadcrumb\":{\"@id\":\"https:\\\/\\\/kath-akademie-bayern.de\\\/mediathek-eintrag\\\/rueckkehr-zu-den-wurzeln-zur-eroeffnung-der-ausstellung-kraft-koerper-form-von-alf-lechner\\\/#breadcrumb\"},\"inLanguage\":\"en-GB\",\"potentialAction\":[{\"@type\":\"ReadAction\",\"target\":[\"https:\\\/\\\/kath-akademie-bayern.de\\\/mediathek-eintrag\\\/rueckkehr-zu-den-wurzeln-zur-eroeffnung-der-ausstellung-kraft-koerper-form-von-alf-lechner\\\/\"]}]},{\"@type\":\"BreadcrumbList\",\"@id\":\"https:\\\/\\\/kath-akademie-bayern.de\\\/mediathek-eintrag\\\/rueckkehr-zu-den-wurzeln-zur-eroeffnung-der-ausstellung-kraft-koerper-form-von-alf-lechner\\\/#breadcrumb\",\"itemListElement\":[{\"@type\":\"ListItem\",\"position\":1,\"name\":\"Startseite\",\"item\":\"https:\\\/\\\/kath-akademie-bayern.de\\\/\"},{\"@type\":\"ListItem\",\"position\":2,\"name\":\"R\u00fcckkehr zu den Wurzeln\"}]},{\"@type\":\"WebSite\",\"@id\":\"https:\\\/\\\/kath-akademie-bayern.de\\\/#website\",\"url\":\"https:\\\/\\\/kath-akademie-bayern.de\\\/\",\"name\":\"Katholische Akademie in Bayern\",\"description\":\"Kirche braucht Debatte: \u201ekatholisch\u201c mit Blick auf das Ganze \u2013 und \u201eakademisch\u201c im Vertrauen auf die Kraft der Argumente\",\"publisher\":{\"@id\":\"https:\\\/\\\/kath-akademie-bayern.de\\\/#organization\"},\"potentialAction\":[{\"@type\":\"SearchAction\",\"target\":{\"@type\":\"EntryPoint\",\"urlTemplate\":\"https:\\\/\\\/kath-akademie-bayern.de\\\/?s={search_term_string}\"},\"query-input\":{\"@type\":\"PropertyValueSpecification\",\"valueRequired\":true,\"valueName\":\"search_term_string\"}}],\"inLanguage\":\"en-GB\"},{\"@type\":\"Organization\",\"@id\":\"https:\\\/\\\/kath-akademie-bayern.de\\\/#organization\",\"name\":\"Katholische Akademie in Bayern\",\"url\":\"https:\\\/\\\/kath-akademie-bayern.de\\\/\",\"logo\":{\"@type\":\"ImageObject\",\"inLanguage\":\"en-GB\",\"@id\":\"https:\\\/\\\/kath-akademie-bayern.de\\\/#\\\/schema\\\/logo\\\/image\\\/\",\"url\":\"https:\\\/\\\/kath-akademie-bayern.de\\\/wp-content\\\/uploads\\\/Menue-Logo-Home@2x.png\",\"contentUrl\":\"https:\\\/\\\/kath-akademie-bayern.de\\\/wp-content\\\/uploads\\\/Menue-Logo-Home@2x.png\",\"width\":496,\"height\":216,\"caption\":\"Katholische Akademie in Bayern\"},\"image\":{\"@id\":\"https:\\\/\\\/kath-akademie-bayern.de\\\/#\\\/schema\\\/logo\\\/image\\\/\"},\"sameAs\":[\"https:\\\/\\\/www.facebook.com\\\/katholische.akademie.bayern\\\/\"]}]}<\/script>\n<!-- \/ Yoast SEO plugin. -->","yoast_head_json":{"title":"R\u00fcckkehr zu den Wurzeln - Katholische Akademie in Bayern","robots":{"index":"index","follow":"follow","max-snippet":"max-snippet:-1","max-image-preview":"max-image-preview:large","max-video-preview":"max-video-preview:-1"},"canonical":"https:\/\/kath-akademie-bayern.de\/en\/mediathek-eintrag\/rueckkehr-zu-den-wurzeln-zur-eroeffnung-der-ausstellung-kraft-koerper-form-von-alf-lechner\/","og_locale":"en_GB","og_type":"article","og_title":"R\u00fcckkehr zu den Wurzeln - Katholische Akademie in Bayern","og_description":"Vernissage zur Ausstellung mit Werken von Alf Lechner","og_url":"https:\/\/kath-akademie-bayern.de\/en\/mediathek-eintrag\/rueckkehr-zu-den-wurzeln-zur-eroeffnung-der-ausstellung-kraft-koerper-form-von-alf-lechner\/","og_site_name":"Katholische Akademie in Bayern","article_publisher":"https:\/\/www.facebook.com\/katholische.akademie.bayern\/","article_modified_time":"2025-12-05T15:23:29+00:00","og_image":[{"width":496,"height":216,"url":"https:\/\/kath-akademie-bayern.de\/wp-content\/uploads\/Menue-Logo-Home@2x.png","type":"image\/png"}],"twitter_card":"summary_large_image","twitter_misc":{"Estimated reading time":"5 minutes"},"schema":{"@context":"https:\/\/schema.org","@graph":[{"@type":"WebPage","@id":"https:\/\/kath-akademie-bayern.de\/mediathek-eintrag\/rueckkehr-zu-den-wurzeln-zur-eroeffnung-der-ausstellung-kraft-koerper-form-von-alf-lechner\/","url":"https:\/\/kath-akademie-bayern.de\/mediathek-eintrag\/rueckkehr-zu-den-wurzeln-zur-eroeffnung-der-ausstellung-kraft-koerper-form-von-alf-lechner\/","name":"R\u00fcckkehr zu den Wurzeln - Katholische Akademie in Bayern","isPartOf":{"@id":"https:\/\/kath-akademie-bayern.de\/#website"},"datePublished":"2023-07-17T12:36:42+00:00","dateModified":"2025-12-05T15:23:29+00:00","breadcrumb":{"@id":"https:\/\/kath-akademie-bayern.de\/mediathek-eintrag\/rueckkehr-zu-den-wurzeln-zur-eroeffnung-der-ausstellung-kraft-koerper-form-von-alf-lechner\/#breadcrumb"},"inLanguage":"en-GB","potentialAction":[{"@type":"ReadAction","target":["https:\/\/kath-akademie-bayern.de\/mediathek-eintrag\/rueckkehr-zu-den-wurzeln-zur-eroeffnung-der-ausstellung-kraft-koerper-form-von-alf-lechner\/"]}]},{"@type":"BreadcrumbList","@id":"https:\/\/kath-akademie-bayern.de\/mediathek-eintrag\/rueckkehr-zu-den-wurzeln-zur-eroeffnung-der-ausstellung-kraft-koerper-form-von-alf-lechner\/#breadcrumb","itemListElement":[{"@type":"ListItem","position":1,"name":"Startseite","item":"https:\/\/kath-akademie-bayern.de\/"},{"@type":"ListItem","position":2,"name":"R\u00fcckkehr zu den Wurzeln"}]},{"@type":"WebSite","@id":"https:\/\/kath-akademie-bayern.de\/#website","url":"https:\/\/kath-akademie-bayern.de\/","name":"Catholic Academy in Bavaria","description":"Church needs debate: \"catholic\" looking at the whole - and \"academic\" trusting in the power of arguments","publisher":{"@id":"https:\/\/kath-akademie-bayern.de\/#organization"},"potentialAction":[{"@type":"SearchAction","target":{"@type":"EntryPoint","urlTemplate":"https:\/\/kath-akademie-bayern.de\/?s={search_term_string}"},"query-input":{"@type":"PropertyValueSpecification","valueRequired":true,"valueName":"search_term_string"}}],"inLanguage":"en-GB"},{"@type":"Organization","@id":"https:\/\/kath-akademie-bayern.de\/#organization","name":"Catholic Academy in Bavaria","url":"https:\/\/kath-akademie-bayern.de\/","logo":{"@type":"ImageObject","inLanguage":"en-GB","@id":"https:\/\/kath-akademie-bayern.de\/#\/schema\/logo\/image\/","url":"https:\/\/kath-akademie-bayern.de\/wp-content\/uploads\/Menue-Logo-Home@2x.png","contentUrl":"https:\/\/kath-akademie-bayern.de\/wp-content\/uploads\/Menue-Logo-Home@2x.png","width":496,"height":216,"caption":"Katholische Akademie in Bayern"},"image":{"@id":"https:\/\/kath-akademie-bayern.de\/#\/schema\/logo\/image\/"},"sameAs":["https:\/\/www.facebook.com\/katholische.akademie.bayern\/"]}]}},"_links":{"self":[{"href":"https:\/\/kath-akademie-bayern.de\/en\/wp-json\/wp\/v2\/media-library\/32385","targetHints":{"allow":["GET"]}}],"collection":[{"href":"https:\/\/kath-akademie-bayern.de\/en\/wp-json\/wp\/v2\/media-library"}],"about":[{"href":"https:\/\/kath-akademie-bayern.de\/en\/wp-json\/wp\/v2\/types\/media-library"}],"author":[{"embeddable":true,"href":"https:\/\/kath-akademie-bayern.de\/en\/wp-json\/wp\/v2\/users\/1"}],"version-history":[{"count":2,"href":"https:\/\/kath-akademie-bayern.de\/en\/wp-json\/wp\/v2\/media-library\/32385\/revisions"}],"predecessor-version":[{"id":115235,"href":"https:\/\/kath-akademie-bayern.de\/en\/wp-json\/wp\/v2\/media-library\/32385\/revisions\/115235"}],"wp:attachment":[{"href":"https:\/\/kath-akademie-bayern.de\/en\/wp-json\/wp\/v2\/media?parent=32385"}],"curies":[{"name":"wp","href":"https:\/\/api.w.org\/{rel}","templated":true}]}}