{"id":102055,"date":"2025-03-17T14:39:49","date_gmt":"2025-03-17T13:39:49","guid":{"rendered":"https:\/\/kath-akademie-bayern.de\/?page_id=102055"},"modified":"2025-03-20T10:45:38","modified_gmt":"2025-03-20T09:45:38","slug":"kunst-im-speisesaal","status":"publish","type":"page","link":"https:\/\/kath-akademie-bayern.de\/en\/akademie\/kunst-in-der-akademie\/kunst-im-speisesaal\/","title":{"rendered":"Kunst im Speisesaal"},"content":{"rendered":"<div data-elementor-type=\"wp-page\" data-elementor-id=\"102055\" class=\"elementor elementor-102055\" data-elementor-post-type=\"page\">\n\t\t\t\t<div class=\"elementor-element elementor-element-cb4b639 e-grid e-con-boxed e-con e-parent\" data-id=\"cb4b639\" data-element_type=\"container\" data-e-type=\"container\">\n\t\t\t\t\t<div class=\"e-con-inner\">\n\t\t\t\t<div class=\"elementor-element elementor-element-0574810 elementor-extension-display-condition-disabled elementor-widget elementor-widget-image\" data-id=\"0574810\" data-element_type=\"widget\" data-e-type=\"widget\" data-widget_type=\"image.default\">\n\t\t\t\t<div class=\"elementor-widget-container\">\n\t\t\t\t\t\t\t\t\t\t\t\t\t\t\t<img loading=\"lazy\" decoding=\"async\" width=\"512\" height=\"341\" src=\"https:\/\/kath-akademie-bayern.de\/wp-content\/uploads\/Vaticano-21.-novembre-2009-Nr.1-512x341.jpg\" class=\"attachment-medium size-medium wp-image-102051\" alt=\"\" srcset=\"https:\/\/kath-akademie-bayern.de\/wp-content\/uploads\/Vaticano-21.-novembre-2009-Nr.1-512x341.jpg 512w, https:\/\/kath-akademie-bayern.de\/wp-content\/uploads\/Vaticano-21.-novembre-2009-Nr.1-768x512.jpg 768w, https:\/\/kath-akademie-bayern.de\/wp-content\/uploads\/Vaticano-21.-novembre-2009-Nr.1-18x12.jpg 18w, https:\/\/kath-akademie-bayern.de\/wp-content\/uploads\/Vaticano-21.-novembre-2009-Nr.1-360x240.jpg 360w, https:\/\/kath-akademie-bayern.de\/wp-content\/uploads\/Vaticano-21.-novembre-2009-Nr.1.jpg 800w\" sizes=\"auto, (max-width: 512px) 100vw, 512px\" \/>\t\t\t\t\t\t\t\t\t\t\t\t\t\t\t<\/div>\n\t\t\t\t<\/div>\n\t\t\t\t<div class=\"elementor-element elementor-element-a035275 elementor-extension-display-condition-disabled elementor-widget elementor-widget-text-editor\" data-id=\"a035275\" data-element_type=\"widget\" data-e-type=\"widget\" data-widget_type=\"text-editor.default\">\n\t\t\t\t<div class=\"elementor-widget-container\">\n\t\t\t\t\t\t\t\t\t<p><strong>CHRISTOPH BRECH<\/strong><\/p><p>(*1964 in Schweinfurt)<\/p><p><strong>Vaticano, 21. novembre 2009, Nr.1<\/strong><\/p><p>2009<\/p><p>202cm x 140cm<\/p><p>Im November 2009 lud Papst Benedikt XVI. K\u00fcnstler:innen aller Sparten aus der ganzen Welt zu einem Empfang &#8222;Kunst und Kirche&#8220; in die Vatikanischen Museen. Christoph Brech war einer der vier deutschen Geladenen und hatte sich eine Sondererlaubnis besorgt, um w\u00e4hrend der zwei Tage fotografieren zu d\u00fcrfen. Aus dem gesammelten Material entstand am Ende u.a. diese kleine Serie von vier Aufnahmen. Sie wurden f\u00fcr den Speisesaal der Katholischen Akademie angekauft. Die Kombination von Kultur und Essen geh\u00f6rt zum Wesen der Akademie.\u00a0<\/p><p>Mehr Informationen: <a href=\"https:\/\/www.christophbrech.com\">https:\/\/www.christophbrech.com<\/a><\/p>\t\t\t\t\t\t\t\t<\/div>\n\t\t\t\t<\/div>\n\t\t\t\t<div class=\"elementor-element elementor-element-07630da elementor-extension-display-condition-disabled elementor-widget elementor-widget-image\" data-id=\"07630da\" data-element_type=\"widget\" data-e-type=\"widget\" data-widget_type=\"image.default\">\n\t\t\t\t<div class=\"elementor-widget-container\">\n\t\t\t\t\t\t\t\t\t\t\t\t\t\t\t<img loading=\"lazy\" decoding=\"async\" width=\"512\" height=\"354\" src=\"https:\/\/kath-akademie-bayern.de\/wp-content\/uploads\/Vaticano-21.-novembre-2009-Nr.2-512x354.jpg\" class=\"attachment-medium size-medium wp-image-102052\" alt=\"\" srcset=\"https:\/\/kath-akademie-bayern.de\/wp-content\/uploads\/Vaticano-21.-novembre-2009-Nr.2-512x354.jpg 512w, https:\/\/kath-akademie-bayern.de\/wp-content\/uploads\/Vaticano-21.-novembre-2009-Nr.2-768x531.jpg 768w, https:\/\/kath-akademie-bayern.de\/wp-content\/uploads\/Vaticano-21.-novembre-2009-Nr.2-18x12.jpg 18w, https:\/\/kath-akademie-bayern.de\/wp-content\/uploads\/Vaticano-21.-novembre-2009-Nr.2-360x249.jpg 360w, https:\/\/kath-akademie-bayern.de\/wp-content\/uploads\/Vaticano-21.-novembre-2009-Nr.2.jpg 800w\" sizes=\"auto, (max-width: 512px) 100vw, 512px\" \/>\t\t\t\t\t\t\t\t\t\t\t\t\t\t\t<\/div>\n\t\t\t\t<\/div>\n\t\t\t\t<div class=\"elementor-element elementor-element-3581140 elementor-extension-display-condition-disabled elementor-widget elementor-widget-text-editor\" data-id=\"3581140\" data-element_type=\"widget\" data-e-type=\"widget\" data-widget_type=\"text-editor.default\">\n\t\t\t\t<div class=\"elementor-widget-container\">\n\t\t\t\t\t\t\t\t\t<p><strong>CHRISTOPH BRECH<\/strong><\/p><p>(*1964 in Schweinfurt)<\/p><p><strong>Vaticano, 21. novembre 2009, Nr.2<\/strong><\/p><p>2009<\/p><p>202cm x 140cm<\/p><p>Im November 2009 lud Papst Benedikt XVI. K\u00fcnstler:innen aller Sparten aus der ganzen Welt zu einem Empfang &#8222;Kunst und Kirche&#8220; in die Vatikanischen Museen. Christoph Brech war einer der vier deutschen Geladenen und hatte sich eine Sondererlaubnis besorgt, um w\u00e4hrend der zwei Tage fotografieren zu d\u00fcrfen. Aus dem gesammelten Material entstand am Ende u.a. diese kleine Serie von vier Aufnahmen. Sie wurden f\u00fcr den Speisesaal der Katholischen Akademie angekauft. Die Kombination von Kultur und Essen geh\u00f6rt zum Wesen der Akademie.\u00a0<\/p><p>Mehr Informationen: <a href=\"https:\/\/www.christophbrech.com\">https:\/\/www.christophbrech.com<\/a><\/p>\t\t\t\t\t\t\t\t<\/div>\n\t\t\t\t<\/div>\n\t\t\t\t<div class=\"elementor-element elementor-element-20c5fb7 elementor-extension-display-condition-disabled elementor-widget elementor-widget-image\" data-id=\"20c5fb7\" data-element_type=\"widget\" data-e-type=\"widget\" data-widget_type=\"image.default\">\n\t\t\t\t<div class=\"elementor-widget-container\">\n\t\t\t\t\t\t\t\t\t\t\t\t\t\t\t<img loading=\"lazy\" decoding=\"async\" width=\"512\" height=\"353\" src=\"https:\/\/kath-akademie-bayern.de\/wp-content\/uploads\/Vaticano-21.-novembre-2009-Nr.3-512x353.jpg\" class=\"attachment-medium size-medium wp-image-102053\" alt=\"\" srcset=\"https:\/\/kath-akademie-bayern.de\/wp-content\/uploads\/Vaticano-21.-novembre-2009-Nr.3-512x353.jpg 512w, https:\/\/kath-akademie-bayern.de\/wp-content\/uploads\/Vaticano-21.-novembre-2009-Nr.3-768x530.jpg 768w, https:\/\/kath-akademie-bayern.de\/wp-content\/uploads\/Vaticano-21.-novembre-2009-Nr.3-18x12.jpg 18w, https:\/\/kath-akademie-bayern.de\/wp-content\/uploads\/Vaticano-21.-novembre-2009-Nr.3-360x248.jpg 360w, https:\/\/kath-akademie-bayern.de\/wp-content\/uploads\/Vaticano-21.-novembre-2009-Nr.3.jpg 800w\" sizes=\"auto, (max-width: 512px) 100vw, 512px\" \/>\t\t\t\t\t\t\t\t\t\t\t\t\t\t\t<\/div>\n\t\t\t\t<\/div>\n\t\t\t\t<div class=\"elementor-element elementor-element-19bedff elementor-extension-display-condition-disabled elementor-widget elementor-widget-text-editor\" data-id=\"19bedff\" data-element_type=\"widget\" data-e-type=\"widget\" data-widget_type=\"text-editor.default\">\n\t\t\t\t<div class=\"elementor-widget-container\">\n\t\t\t\t\t\t\t\t\t<p><strong>CHRISTOPH BRECH<\/strong><\/p><p>(*1964 in Schweinfurt)<\/p><p><strong>Vaticano, 21. novembre 2009, Nr.3<\/strong><\/p><p>2009<\/p><p>202cm x 140cm<\/p><p>Im November 2009 lud Papst Benedikt XVI. K\u00fcnstler:innen aller Sparten aus der ganzen Welt zu einem Empfang &#8222;Kunst und Kirche&#8220; in die Vatikanischen Museen. Christoph Brech war einer der vier deutschen Geladenen und hatte sich eine Sondererlaubnis besorgt, um w\u00e4hrend der zwei Tage fotografieren zu d\u00fcrfen. Aus dem gesammelten Material entstand am Ende u.a. diese kleine Serie von vier Aufnahmen. Sie wurden f\u00fcr den Speisesaal der Katholischen Akademie angekauft. Die Kombination von Kultur und Essen geh\u00f6rt zum Wesen der Akademie.\u00a0<\/p><p>Mehr Informationen: <a href=\"https:\/\/www.christophbrech.com\">https:\/\/www.christophbrech.com<\/a><\/p>\t\t\t\t\t\t\t\t<\/div>\n\t\t\t\t<\/div>\n\t\t\t\t<div class=\"elementor-element elementor-element-336e215 elementor-extension-display-condition-disabled elementor-widget elementor-widget-image\" data-id=\"336e215\" data-element_type=\"widget\" data-e-type=\"widget\" data-widget_type=\"image.default\">\n\t\t\t\t<div class=\"elementor-widget-container\">\n\t\t\t\t\t\t\t\t\t\t\t\t\t\t\t<img loading=\"lazy\" decoding=\"async\" width=\"512\" height=\"354\" src=\"https:\/\/kath-akademie-bayern.de\/wp-content\/uploads\/Vaticano-21.-novembre-2009-Nr.4-512x354.jpg\" class=\"attachment-medium size-medium wp-image-102054\" alt=\"\" srcset=\"https:\/\/kath-akademie-bayern.de\/wp-content\/uploads\/Vaticano-21.-novembre-2009-Nr.4-512x354.jpg 512w, https:\/\/kath-akademie-bayern.de\/wp-content\/uploads\/Vaticano-21.-novembre-2009-Nr.4-768x531.jpg 768w, https:\/\/kath-akademie-bayern.de\/wp-content\/uploads\/Vaticano-21.-novembre-2009-Nr.4-18x12.jpg 18w, https:\/\/kath-akademie-bayern.de\/wp-content\/uploads\/Vaticano-21.-novembre-2009-Nr.4-360x249.jpg 360w, https:\/\/kath-akademie-bayern.de\/wp-content\/uploads\/Vaticano-21.-novembre-2009-Nr.4.jpg 800w\" sizes=\"auto, (max-width: 512px) 100vw, 512px\" \/>\t\t\t\t\t\t\t\t\t\t\t\t\t\t\t<\/div>\n\t\t\t\t<\/div>\n\t\t\t\t<div class=\"elementor-element elementor-element-ec5884b elementor-extension-display-condition-disabled elementor-widget elementor-widget-text-editor\" data-id=\"ec5884b\" data-element_type=\"widget\" data-e-type=\"widget\" data-widget_type=\"text-editor.default\">\n\t\t\t\t<div class=\"elementor-widget-container\">\n\t\t\t\t\t\t\t\t\t<p><strong>CHRISTOPH BRECH<\/strong><\/p><p>(*1964 in Schweinfurt)<\/p><p><strong>Vaticano, 21. novembre 2009, Nr.4<\/strong><\/p><p>2009<\/p><p>202cm x 140cm<\/p><p>Im November 2009 lud Papst Benedikt XVI. K\u00fcnstler:innen aller Sparten aus der ganzen Welt zu einem Empfang &#8222;Kunst und Kirche&#8220; in die Vatikanischen Museen. Christoph Brech war einer der vier deutschen Geladenen und hatte sich eine Sondererlaubnis besorgt, um w\u00e4hrend der zwei Tage fotografieren zu d\u00fcrfen. Aus dem gesammelten Material entstand am Ende u.a. diese kleine Serie von vier Aufnahmen. Sie wurden f\u00fcr den Speisesaal der Katholischen Akademie angekauft. Die Kombination von Kultur und Essen geh\u00f6rt zum Wesen der Akademie.\u00a0<\/p><p>Mehr Informationen: <a href=\"https:\/\/www.christophbrech.com\">https:\/\/www.christophbrech.com<\/a><\/p>\t\t\t\t\t\t\t\t<\/div>\n\t\t\t\t<\/div>\n\t\t\t\t\t<\/div>\n\t\t\t\t<\/div>\n\t\t\t\t<\/div>","protected":false},"excerpt":{"rendered":"<p>CHRISTOPH BRECH (*1964 in Schweinfurt) Vaticano, 21. novembre 2009, Nr.1 2009 202cm x 140cm Im November 2009 lud Papst Benedikt XVI. K\u00fcnstler:innen aller Sparten aus der ganzen Welt zu einem Empfang &#8222;Kunst und Kirche&#8220; in die Vatikanischen Museen. Christoph Brech war einer der vier deutschen Geladenen und hatte sich eine Sondererlaubnis besorgt, um w\u00e4hrend der&hellip;<\/p>","protected":false},"author":13,"featured_media":0,"parent":98610,"menu_order":3,"comment_status":"closed","ping_status":"closed","template":"","meta":{"_relevanssi_hide_post":"","_relevanssi_hide_content":"","_relevanssi_pin_for_all":"","_relevanssi_pin_keywords":"","_relevanssi_unpin_keywords":"","_relevanssi_related_keywords":"","_relevanssi_related_include_ids":"","_relevanssi_related_exclude_ids":"","_relevanssi_related_no_append":"","_relevanssi_related_not_related":"","_relevanssi_related_posts":"","_relevanssi_noindex_reason":"","footnotes":""},"class_list":["post-102055","page","type-page","status-publish","hentry"],"yoast_head":"<!-- This site is optimized with the Yoast SEO plugin v27.4 - https:\/\/yoast.com\/product\/yoast-seo-wordpress\/ -->\n<title>Kunst im Speisesaal - Katholische Akademie in Bayern<\/title>\n<meta name=\"robots\" content=\"index, follow, max-snippet:-1, max-image-preview:large, max-video-preview:-1\" \/>\n<link rel=\"canonical\" href=\"https:\/\/kath-akademie-bayern.de\/en\/akademie\/kunst-in-der-akademie\/kunst-im-speisesaal\/\" \/>\n<meta property=\"og:locale\" content=\"en_GB\" \/>\n<meta property=\"og:type\" content=\"article\" \/>\n<meta property=\"og:title\" content=\"Kunst im Speisesaal - Katholische Akademie in Bayern\" \/>\n<meta property=\"og:description\" content=\"CHRISTOPH BRECH (*1964 in Schweinfurt) Vaticano, 21. novembre 2009, Nr.1 2009 202cm x 140cm Im November 2009 lud Papst Benedikt XVI. K\u00fcnstler:innen aller Sparten aus der ganzen Welt zu einem Empfang &#8222;Kunst und Kirche&#8220; in die Vatikanischen Museen. Christoph Brech war einer der vier deutschen Geladenen und hatte sich eine Sondererlaubnis besorgt, um w\u00e4hrend der&hellip;\" \/>\n<meta property=\"og:url\" content=\"https:\/\/kath-akademie-bayern.de\/en\/akademie\/kunst-in-der-akademie\/kunst-im-speisesaal\/\" \/>\n<meta property=\"og:site_name\" content=\"Katholische Akademie in Bayern\" \/>\n<meta property=\"article:publisher\" content=\"https:\/\/www.facebook.com\/katholische.akademie.bayern\/\" \/>\n<meta property=\"article:modified_time\" content=\"2025-03-20T09:45:38+00:00\" \/>\n<meta property=\"og:image\" content=\"https:\/\/kath-akademie-bayern.de\/wp-content\/uploads\/Vaticano-21.-novembre-2009-Nr.1.jpg\" \/>\n\t<meta property=\"og:image:width\" content=\"800\" \/>\n\t<meta property=\"og:image:height\" content=\"533\" \/>\n\t<meta property=\"og:image:type\" content=\"image\/jpeg\" \/>\n<meta name=\"twitter:card\" content=\"summary_large_image\" \/>\n<meta name=\"twitter:label1\" content=\"Estimated reading time\" \/>\n\t<meta name=\"twitter:data1\" content=\"3 minutes\" \/>\n<script type=\"application\/ld+json\" class=\"yoast-schema-graph\">{\"@context\":\"https:\\\/\\\/schema.org\",\"@graph\":[{\"@type\":\"WebPage\",\"@id\":\"https:\\\/\\\/kath-akademie-bayern.de\\\/akademie\\\/kunst-in-der-akademie\\\/kunst-im-speisesaal\\\/\",\"url\":\"https:\\\/\\\/kath-akademie-bayern.de\\\/akademie\\\/kunst-in-der-akademie\\\/kunst-im-speisesaal\\\/\",\"name\":\"Kunst im Speisesaal - Katholische Akademie in Bayern\",\"isPartOf\":{\"@id\":\"https:\\\/\\\/kath-akademie-bayern.de\\\/#website\"},\"primaryImageOfPage\":{\"@id\":\"https:\\\/\\\/kath-akademie-bayern.de\\\/akademie\\\/kunst-in-der-akademie\\\/kunst-im-speisesaal\\\/#primaryimage\"},\"image\":{\"@id\":\"https:\\\/\\\/kath-akademie-bayern.de\\\/akademie\\\/kunst-in-der-akademie\\\/kunst-im-speisesaal\\\/#primaryimage\"},\"thumbnailUrl\":\"https:\\\/\\\/kath-akademie-bayern.de\\\/wp-content\\\/uploads\\\/Vaticano-21.-novembre-2009-Nr.1-512x341.jpg\",\"datePublished\":\"2025-03-17T13:39:49+00:00\",\"dateModified\":\"2025-03-20T09:45:38+00:00\",\"breadcrumb\":{\"@id\":\"https:\\\/\\\/kath-akademie-bayern.de\\\/akademie\\\/kunst-in-der-akademie\\\/kunst-im-speisesaal\\\/#breadcrumb\"},\"inLanguage\":\"en-GB\",\"potentialAction\":[{\"@type\":\"ReadAction\",\"target\":[\"https:\\\/\\\/kath-akademie-bayern.de\\\/akademie\\\/kunst-in-der-akademie\\\/kunst-im-speisesaal\\\/\"]}]},{\"@type\":\"ImageObject\",\"inLanguage\":\"en-GB\",\"@id\":\"https:\\\/\\\/kath-akademie-bayern.de\\\/akademie\\\/kunst-in-der-akademie\\\/kunst-im-speisesaal\\\/#primaryimage\",\"url\":\"https:\\\/\\\/kath-akademie-bayern.de\\\/wp-content\\\/uploads\\\/Vaticano-21.-novembre-2009-Nr.1-512x341.jpg\",\"contentUrl\":\"https:\\\/\\\/kath-akademie-bayern.de\\\/wp-content\\\/uploads\\\/Vaticano-21.-novembre-2009-Nr.1-512x341.jpg\"},{\"@type\":\"BreadcrumbList\",\"@id\":\"https:\\\/\\\/kath-akademie-bayern.de\\\/akademie\\\/kunst-in-der-akademie\\\/kunst-im-speisesaal\\\/#breadcrumb\",\"itemListElement\":[{\"@type\":\"ListItem\",\"position\":1,\"name\":\"Startseite\",\"item\":\"https:\\\/\\\/kath-akademie-bayern.de\\\/\"},{\"@type\":\"ListItem\",\"position\":2,\"name\":\"Akademie\",\"item\":\"https:\\\/\\\/kath-akademie-bayern.de\\\/akademie\\\/\"},{\"@type\":\"ListItem\",\"position\":3,\"name\":\"Kunst in der Akademie\",\"item\":\"https:\\\/\\\/kath-akademie-bayern.de\\\/akademie\\\/kunst-in-der-akademie\\\/\"},{\"@type\":\"ListItem\",\"position\":4,\"name\":\"Kunst im Speisesaal\"}]},{\"@type\":\"WebSite\",\"@id\":\"https:\\\/\\\/kath-akademie-bayern.de\\\/#website\",\"url\":\"https:\\\/\\\/kath-akademie-bayern.de\\\/\",\"name\":\"Katholische Akademie in Bayern\",\"description\":\"Kirche braucht Debatte: \u201ekatholisch\u201c mit Blick auf das Ganze \u2013 und \u201eakademisch\u201c im Vertrauen auf die Kraft der Argumente\",\"publisher\":{\"@id\":\"https:\\\/\\\/kath-akademie-bayern.de\\\/#organization\"},\"potentialAction\":[{\"@type\":\"SearchAction\",\"target\":{\"@type\":\"EntryPoint\",\"urlTemplate\":\"https:\\\/\\\/kath-akademie-bayern.de\\\/?s={search_term_string}\"},\"query-input\":{\"@type\":\"PropertyValueSpecification\",\"valueRequired\":true,\"valueName\":\"search_term_string\"}}],\"inLanguage\":\"en-GB\"},{\"@type\":\"Organization\",\"@id\":\"https:\\\/\\\/kath-akademie-bayern.de\\\/#organization\",\"name\":\"Katholische Akademie in Bayern\",\"url\":\"https:\\\/\\\/kath-akademie-bayern.de\\\/\",\"logo\":{\"@type\":\"ImageObject\",\"inLanguage\":\"en-GB\",\"@id\":\"https:\\\/\\\/kath-akademie-bayern.de\\\/#\\\/schema\\\/logo\\\/image\\\/\",\"url\":\"https:\\\/\\\/kath-akademie-bayern.de\\\/wp-content\\\/uploads\\\/Menue-Logo-Home@2x.png\",\"contentUrl\":\"https:\\\/\\\/kath-akademie-bayern.de\\\/wp-content\\\/uploads\\\/Menue-Logo-Home@2x.png\",\"width\":496,\"height\":216,\"caption\":\"Katholische Akademie in Bayern\"},\"image\":{\"@id\":\"https:\\\/\\\/kath-akademie-bayern.de\\\/#\\\/schema\\\/logo\\\/image\\\/\"},\"sameAs\":[\"https:\\\/\\\/www.facebook.com\\\/katholische.akademie.bayern\\\/\"]}]}<\/script>\n<!-- \/ Yoast SEO plugin. -->","yoast_head_json":{"title":"Kunst im Speisesaal - Katholische Akademie in Bayern","robots":{"index":"index","follow":"follow","max-snippet":"max-snippet:-1","max-image-preview":"max-image-preview:large","max-video-preview":"max-video-preview:-1"},"canonical":"https:\/\/kath-akademie-bayern.de\/en\/akademie\/kunst-in-der-akademie\/kunst-im-speisesaal\/","og_locale":"en_GB","og_type":"article","og_title":"Kunst im Speisesaal - Katholische Akademie in Bayern","og_description":"CHRISTOPH BRECH (*1964 in Schweinfurt) Vaticano, 21. novembre 2009, Nr.1 2009 202cm x 140cm Im November 2009 lud Papst Benedikt XVI. K\u00fcnstler:innen aller Sparten aus der ganzen Welt zu einem Empfang &#8222;Kunst und Kirche&#8220; in die Vatikanischen Museen. Christoph Brech war einer der vier deutschen Geladenen und hatte sich eine Sondererlaubnis besorgt, um w\u00e4hrend der&hellip;","og_url":"https:\/\/kath-akademie-bayern.de\/en\/akademie\/kunst-in-der-akademie\/kunst-im-speisesaal\/","og_site_name":"Katholische Akademie in Bayern","article_publisher":"https:\/\/www.facebook.com\/katholische.akademie.bayern\/","article_modified_time":"2025-03-20T09:45:38+00:00","og_image":[{"width":800,"height":533,"url":"https:\/\/kath-akademie-bayern.de\/wp-content\/uploads\/Vaticano-21.-novembre-2009-Nr.1.jpg","type":"image\/jpeg"}],"twitter_card":"summary_large_image","twitter_misc":{"Estimated reading time":"3 minutes"},"schema":{"@context":"https:\/\/schema.org","@graph":[{"@type":"WebPage","@id":"https:\/\/kath-akademie-bayern.de\/akademie\/kunst-in-der-akademie\/kunst-im-speisesaal\/","url":"https:\/\/kath-akademie-bayern.de\/akademie\/kunst-in-der-akademie\/kunst-im-speisesaal\/","name":"Kunst im Speisesaal - Katholische Akademie in Bayern","isPartOf":{"@id":"https:\/\/kath-akademie-bayern.de\/#website"},"primaryImageOfPage":{"@id":"https:\/\/kath-akademie-bayern.de\/akademie\/kunst-in-der-akademie\/kunst-im-speisesaal\/#primaryimage"},"image":{"@id":"https:\/\/kath-akademie-bayern.de\/akademie\/kunst-in-der-akademie\/kunst-im-speisesaal\/#primaryimage"},"thumbnailUrl":"https:\/\/kath-akademie-bayern.de\/wp-content\/uploads\/Vaticano-21.-novembre-2009-Nr.1-512x341.jpg","datePublished":"2025-03-17T13:39:49+00:00","dateModified":"2025-03-20T09:45:38+00:00","breadcrumb":{"@id":"https:\/\/kath-akademie-bayern.de\/akademie\/kunst-in-der-akademie\/kunst-im-speisesaal\/#breadcrumb"},"inLanguage":"en-GB","potentialAction":[{"@type":"ReadAction","target":["https:\/\/kath-akademie-bayern.de\/akademie\/kunst-in-der-akademie\/kunst-im-speisesaal\/"]}]},{"@type":"ImageObject","inLanguage":"en-GB","@id":"https:\/\/kath-akademie-bayern.de\/akademie\/kunst-in-der-akademie\/kunst-im-speisesaal\/#primaryimage","url":"https:\/\/kath-akademie-bayern.de\/wp-content\/uploads\/Vaticano-21.-novembre-2009-Nr.1-512x341.jpg","contentUrl":"https:\/\/kath-akademie-bayern.de\/wp-content\/uploads\/Vaticano-21.-novembre-2009-Nr.1-512x341.jpg"},{"@type":"BreadcrumbList","@id":"https:\/\/kath-akademie-bayern.de\/akademie\/kunst-in-der-akademie\/kunst-im-speisesaal\/#breadcrumb","itemListElement":[{"@type":"ListItem","position":1,"name":"Startseite","item":"https:\/\/kath-akademie-bayern.de\/"},{"@type":"ListItem","position":2,"name":"Akademie","item":"https:\/\/kath-akademie-bayern.de\/akademie\/"},{"@type":"ListItem","position":3,"name":"Kunst in der Akademie","item":"https:\/\/kath-akademie-bayern.de\/akademie\/kunst-in-der-akademie\/"},{"@type":"ListItem","position":4,"name":"Kunst im Speisesaal"}]},{"@type":"WebSite","@id":"https:\/\/kath-akademie-bayern.de\/#website","url":"https:\/\/kath-akademie-bayern.de\/","name":"Catholic Academy in Bavaria","description":"Church needs debate: \"catholic\" looking at the whole - and \"academic\" trusting in the power of arguments","publisher":{"@id":"https:\/\/kath-akademie-bayern.de\/#organization"},"potentialAction":[{"@type":"SearchAction","target":{"@type":"EntryPoint","urlTemplate":"https:\/\/kath-akademie-bayern.de\/?s={search_term_string}"},"query-input":{"@type":"PropertyValueSpecification","valueRequired":true,"valueName":"search_term_string"}}],"inLanguage":"en-GB"},{"@type":"Organization","@id":"https:\/\/kath-akademie-bayern.de\/#organization","name":"Catholic Academy in Bavaria","url":"https:\/\/kath-akademie-bayern.de\/","logo":{"@type":"ImageObject","inLanguage":"en-GB","@id":"https:\/\/kath-akademie-bayern.de\/#\/schema\/logo\/image\/","url":"https:\/\/kath-akademie-bayern.de\/wp-content\/uploads\/Menue-Logo-Home@2x.png","contentUrl":"https:\/\/kath-akademie-bayern.de\/wp-content\/uploads\/Menue-Logo-Home@2x.png","width":496,"height":216,"caption":"Katholische Akademie in Bayern"},"image":{"@id":"https:\/\/kath-akademie-bayern.de\/#\/schema\/logo\/image\/"},"sameAs":["https:\/\/www.facebook.com\/katholische.akademie.bayern\/"]}]}},"_links":{"self":[{"href":"https:\/\/kath-akademie-bayern.de\/en\/wp-json\/wp\/v2\/pages\/102055","targetHints":{"allow":["GET"]}}],"collection":[{"href":"https:\/\/kath-akademie-bayern.de\/en\/wp-json\/wp\/v2\/pages"}],"about":[{"href":"https:\/\/kath-akademie-bayern.de\/en\/wp-json\/wp\/v2\/types\/page"}],"author":[{"embeddable":true,"href":"https:\/\/kath-akademie-bayern.de\/en\/wp-json\/wp\/v2\/users\/13"}],"replies":[{"embeddable":true,"href":"https:\/\/kath-akademie-bayern.de\/en\/wp-json\/wp\/v2\/comments?post=102055"}],"version-history":[{"count":38,"href":"https:\/\/kath-akademie-bayern.de\/en\/wp-json\/wp\/v2\/pages\/102055\/revisions"}],"predecessor-version":[{"id":102448,"href":"https:\/\/kath-akademie-bayern.de\/en\/wp-json\/wp\/v2\/pages\/102055\/revisions\/102448"}],"up":[{"embeddable":true,"href":"https:\/\/kath-akademie-bayern.de\/en\/wp-json\/wp\/v2\/pages\/98610"}],"wp:attachment":[{"href":"https:\/\/kath-akademie-bayern.de\/en\/wp-json\/wp\/v2\/media?parent=102055"}],"curies":[{"name":"wp","href":"https:\/\/api.w.org\/{rel}","templated":true}]}}