{"id":10451,"date":"2023-06-22T11:05:19","date_gmt":"2023-06-22T09:05:19","guid":{"rendered":"https:\/\/kath-akademie-bayern.de\/?page_id=10451"},"modified":"2023-11-02T14:20:15","modified_gmt":"2023-11-02T13:20:15","slug":"zur-debatte","status":"publish","type":"page","link":"https:\/\/kath-akademie-bayern.de\/en\/mediathek\/zur-debatte\/","title":{"rendered":"to the debate"},"content":{"rendered":"<div data-elementor-type=\"wp-page\" data-elementor-id=\"10451\" class=\"elementor elementor-10451\" data-elementor-post-type=\"page\">\n\t\t\t\t\t\t<section class=\"elementor-section elementor-top-section elementor-element elementor-element-d6ba1fa elementor-section-stretched elementor-section-boxed elementor-section-height-default elementor-section-height-default elementor-extension-display-condition-disabled\" data-id=\"d6ba1fa\" data-element_type=\"section\" data-e-type=\"section\" data-settings=\"{&quot;stretch_section&quot;:&quot;section-stretched&quot;,&quot;background_background&quot;:&quot;classic&quot;}\">\n\t\t\t\t\t\t<div class=\"elementor-container elementor-column-gap-default\">\n\t\t\t\t\t<div class=\"elementor-column elementor-col-100 elementor-top-column elementor-element elementor-element-ae7395a elementor-extension-display-condition-disabled\" data-id=\"ae7395a\" data-element_type=\"column\" data-e-type=\"column\">\n\t\t\t<div class=\"elementor-widget-wrap elementor-element-populated\">\n\t\t\t\t\t\t<div class=\"elementor-element elementor-element-3027189 elementor-extension-display-condition-disabled elementor-widget elementor-widget-heading\" data-id=\"3027189\" data-element_type=\"widget\" data-e-type=\"widget\" data-widget_type=\"heading.default\">\n\t\t\t\t<div class=\"elementor-widget-container\">\n\t\t\t\t\t<h2 class=\"elementor-heading-title elementor-size-default\">Current issues<\/h2>\t\t\t\t<\/div>\n\t\t\t\t<\/div>\n\t\t\t\t<div class=\"elementor-element elementor-element-26cb5d4 elementor-extension-display-condition-disabled elementor-widget elementor-widget-debate-list\" data-id=\"26cb5d4\" data-element_type=\"widget\" data-e-type=\"widget\" data-widget_type=\"debate-list.default\">\n\t\t\t\t<div class=\"elementor-widget-container\">\n\t\t\t\t\t<div class=\"debate-latest row row-cols-1 row-cols-sm-2 row-cols-lg-4\" id=\"latest-debate-list\"><div class=\"debate-current-item col\">\r\n    <a href=\"#\" class=\"debate-bg\" data-bs-toggle=\"modal\" data-bs-target=\"#modal-debate-heft-1-2026\">\r\n        <span class=\"screen-reader-text\">View debate<\/span>\r\n        <span class=\"debate-image\">\r\n            <img decoding=\"async\" src=\"https:\/\/kath-akademie-bayern.de\/wp-content\/uploads\/Titelbild_debatte-1-2026.png\" alt=\"\" title=\"Titelbild_debatte 1-2026\" \/>            <i class=\"fal fa-arrows fa-rotate-45\" aria-hidden=\"true\"><\/i>\r\n        <\/span>\r\n    <\/a>\r\n    <div class=\"debate-info\">\r\n        <p>Heft 1\/2026<\/p>\r\n\r\n        <div class=\"d-flex gap-3\">\r\n            <div class=\"elementor-widget-button elementor-button-primary\">\r\n                <a href=\"https:\/\/kath-akademie-bayern.de\/wp-content\/uploads\/debatte_2026-1.pdf\" target=\"_blank\" class=\"elementor-button\">Download<\/a>\r\n            <\/div>\r\n                            <div class=\"download-button elementor-widget-button elementor-button-primary\">\r\n                    <button class=\"elementor-button d-flex align-items-center gap-3\" type=\"button\" data-bs-toggle=\"collapse\" data-bs-target=\"#list-debate-heft-1-202669f34af617a8e\" aria-expanded=\"false\" aria-controls=\"list-debate-heft-1-202669f34af617a8e\">\r\n                        <span class=\"elementor-button-text\">Artikel<\/span>\r\n                        <i class=\"fas fa-chevron-down\" aria-hidden=\"true\"><\/i>\r\n                    <\/button>\r\n                <\/div>\r\n                    <\/div>\r\n    <\/div>\r\n    <div class=\"modal fade\" id=\"modal-debate-heft-1-2026\" tabindex=\"-1\" aria-hidden=\"true\">\r\n    <button type=\"button\" class=\"modal-close\" data-bs-dismiss=\"modal\" aria-label=\"Close\">\r\n        <span class=\"screen-reader-text\">Close<\/span>\r\n        <i class=\"fas fa-times\" aria-hidden=\"true\"><\/i>\r\n    <\/button>\r\n\r\n    <div class=\"modal-dialog modal-dialog-centered\">\r\n        <div class=\"modal-content\">\r\n            <div class=\"modal-body\">\r\n                <div class=\"image-wrapper\">\r\n                                            <div class=\"debate-preview\"><img decoding=\"async\" src=\"https:\/\/kath-akademie-bayern.de\/wp-content\/uploads\/Titelbild_debatte-1-2026.png\" alt=\"\" title=\"Titelbild_debatte 1-2026\" \/><\/div>\r\n                                    <\/div>\r\n                <div class=\"d-flex flex-wrap gap-4\">\r\n                    <div class=\"download-button elementor-widget-button elementor-button-primary\">\r\n                        <a href=\"https:\/\/kath-akademie-bayern.de\/wp-content\/uploads\/debatte_2026-1.pdf\" target=\"_blank\" class=\"elementor-button\">Download<\/a>\r\n                    <\/div>\r\n                                            <div class=\"download-button elementor-widget-button elementor-button-primary\">\r\n                            <button class=\"elementor-button d-flex align-items-center gap-3\" type=\"button\" data-bs-toggle=\"collapse\" data-bs-target=\"#modal-debate-heft-1-2026-media-list-69f34af62a2b7\" aria-expanded=\"false\" aria-controls=\"modal-debate-heft-1-2026-media-list-69f34af62a2b7\">\r\n                                <span class=\"elementor-button-text\">Artikel<\/span>\r\n                                <i class=\"fas fa-chevron-down\" aria-hidden=\"true\"><\/i>\r\n                            <\/button>\r\n                        <\/div>\r\n                                    <\/div>\r\n\r\n                <div class=\"debate-list collapse mt-6\" id=\"modal-debate-heft-1-2026-media-list-69f34af62a2b7\" data-bs-parent=\"#latest-debate-list\">\n            <div class=\"debate-list-item\">\n            <div class=\"debate-inner d-flex justify-content-between align-items-center\">\n                <div class=\"debate-list-content\">\n                    <div class=\"debate-excerpt fw-normal\"><\/div>\n                    <div class=\"debate-name w-auto\">\n                        <a href=\"https:\/\/kath-akademie-bayern.de\/en\/mediathek-eintrag\/menschenrechte-verteidigen-nach-dem-seitenwechsel-der-usa-2\/\" target=\"_blank\">Menschenrechte verteidigen<\/a>\n                    <\/div>\n                    <div class=\"debate-excerpt\">... nach dem Seitenwechsel der USA<\/div>\n                <\/div>\n\n                <div class=\"debate-icon\">\n                    <a href=\"https:\/\/kath-akademie-bayern.de\/en\/mediathek-eintrag\/menschenrechte-verteidigen-nach-dem-seitenwechsel-der-usa-2\/\" target=\"_blank\" class=\"elementor-button debate-arrow\">\n                        <span class=\"screen-reader-text\">Download file<\/span>\n                        <i class=\"fas fa-file\" aria-hidden=\"true\"><\/i>\n                    <\/a>\n                <\/div>\n            <\/div>\n        <\/div>\n                    <div class=\"debate-list-item\">\n            <div class=\"debate-inner d-flex justify-content-between align-items-center\">\n                <div class=\"debate-list-content\">\n                    <div class=\"debate-excerpt fw-normal\"><\/div>\n                    <div class=\"debate-name w-auto\">\n                        <a href=\"https:\/\/kath-akademie-bayern.de\/en\/mediathek-eintrag\/vom-sein-zum-werden-harald-lesch-und-wilhelm-vossenkuhl-zu-schellings-naturbegriff\/\" target=\"_blank\">Vom Sein zum Werden<\/a>\n                    <\/div>\n                    <div class=\"debate-excerpt\">Harald Lesch und Wilhelm Vossenkuhl zu Schellings Naturbegriff<\/div>\n                <\/div>\n\n                <div class=\"debate-icon\">\n                    <a href=\"https:\/\/kath-akademie-bayern.de\/en\/mediathek-eintrag\/vom-sein-zum-werden-harald-lesch-und-wilhelm-vossenkuhl-zu-schellings-naturbegriff\/\" target=\"_blank\" class=\"elementor-button debate-arrow\">\n                        <span class=\"screen-reader-text\">Download file<\/span>\n                        <i class=\"fas fa-file\" aria-hidden=\"true\"><\/i>\n                    <\/a>\n                <\/div>\n            <\/div>\n        <\/div>\n                    <div class=\"debate-list-item\">\n            <div class=\"debate-inner d-flex justify-content-between align-items-center\">\n                <div class=\"debate-list-content\">\n                    <div class=\"debate-excerpt fw-normal\"><\/div>\n                    <div class=\"debate-name w-auto\">\n                        <a href=\"https:\/\/kath-akademie-bayern.de\/en\/mediathek-eintrag\/klimaschutz-durch-unternehmen-und-maerkte-verantwortung-uebernehmen-und-chancen-nutzen\/\" target=\"_blank\">Klimaschutz durch Unternehmen und M\u00e4rkte<\/a>\n                    <\/div>\n                    <div class=\"debate-excerpt\">Verantwortung \u00fcbernehmen und Chancen nutzen<\/div>\n                <\/div>\n\n                <div class=\"debate-icon\">\n                    <a href=\"https:\/\/kath-akademie-bayern.de\/en\/mediathek-eintrag\/klimaschutz-durch-unternehmen-und-maerkte-verantwortung-uebernehmen-und-chancen-nutzen\/\" target=\"_blank\" class=\"elementor-button debate-arrow\">\n                        <span class=\"screen-reader-text\">Download file<\/span>\n                        <i class=\"fas fa-file\" aria-hidden=\"true\"><\/i>\n                    <\/a>\n                <\/div>\n            <\/div>\n        <\/div>\n                    <div class=\"debate-list-item\">\n            <div class=\"debate-inner d-flex justify-content-between align-items-center\">\n                <div class=\"debate-list-content\">\n                    <div class=\"debate-excerpt fw-normal\"><a href=\"https:\/\/kath-akademie-bayern.de\/en\/referent\/prof-dr-erich-garhammer\/\" target=\"_blank\">Garhammer, Erich<\/a><\/div>\n                    <div class=\"debate-name w-auto\">\n                        <a href=\"https:\/\/kath-akademie-bayern.de\/en\/mediathek-eintrag\/literatur-als-selbstheilung-der-seele\/\" target=\"_blank\">Literatur als Selbstheilung der Seele<\/a>\n                    <\/div>\n                    <div class=\"debate-excerpt\"><\/div>\n                <\/div>\n\n                <div class=\"debate-icon\">\n                    <a href=\"https:\/\/kath-akademie-bayern.de\/en\/mediathek-eintrag\/literatur-als-selbstheilung-der-seele\/\" target=\"_blank\" class=\"elementor-button debate-arrow\">\n                        <span class=\"screen-reader-text\">Download file<\/span>\n                        <i class=\"fas fa-file\" aria-hidden=\"true\"><\/i>\n                    <\/a>\n                <\/div>\n            <\/div>\n        <\/div>\n                    <div class=\"debate-list-item\">\n            <div class=\"debate-inner d-flex justify-content-between align-items-center\">\n                <div class=\"debate-list-content\">\n                    <div class=\"debate-excerpt fw-normal\"><\/div>\n                    <div class=\"debate-name w-auto\">\n                        <a href=\"https:\/\/kath-akademie-bayern.de\/en\/mediathek-eintrag\/digitale-meinungsbildung-desinformation-und-abhaengigkeiten-digitaler-salon-mit-acatech\/\" target=\"_blank\">Digitale Meinungsbildung, Desinformation und Abh\u00e4ngigkeiten<\/a>\n                    <\/div>\n                    <div class=\"debate-excerpt\">Digitaler Salon mit acatech<\/div>\n                <\/div>\n\n                <div class=\"debate-icon\">\n                    <a href=\"https:\/\/kath-akademie-bayern.de\/en\/mediathek-eintrag\/digitale-meinungsbildung-desinformation-und-abhaengigkeiten-digitaler-salon-mit-acatech\/\" target=\"_blank\" class=\"elementor-button debate-arrow\">\n                        <span class=\"screen-reader-text\">Download file<\/span>\n                        <i class=\"fas fa-file\" aria-hidden=\"true\"><\/i>\n                    <\/a>\n                <\/div>\n            <\/div>\n        <\/div>\n                    <div class=\"debate-list-item\">\n            <div class=\"debate-inner d-flex justify-content-between align-items-center\">\n                <div class=\"debate-list-content\">\n                    <div class=\"debate-excerpt fw-normal\"><\/div>\n                    <div class=\"debate-name w-auto\">\n                        <a href=\"https:\/\/kath-akademie-bayern.de\/en\/mediathek-eintrag\/das-ich-in-todesnaehe-grenzerfahrung-sterben\/\" target=\"_blank\">Das Ich in Todesn\u00e4he<\/a>\n                    <\/div>\n                    <div class=\"debate-excerpt\">Grenzerfahrung Sterben<\/div>\n                <\/div>\n\n                <div class=\"debate-icon\">\n                    <a href=\"https:\/\/kath-akademie-bayern.de\/en\/mediathek-eintrag\/das-ich-in-todesnaehe-grenzerfahrung-sterben\/\" target=\"_blank\" class=\"elementor-button debate-arrow\">\n                        <span class=\"screen-reader-text\">Download file<\/span>\n                        <i class=\"fas fa-file\" aria-hidden=\"true\"><\/i>\n                    <\/a>\n                <\/div>\n            <\/div>\n        <\/div>\n                    <div class=\"debate-list-item\">\n            <div class=\"debate-inner d-flex justify-content-between align-items-center\">\n                <div class=\"debate-list-content\">\n                    <div class=\"debate-excerpt fw-normal\"><a href=\"https:\/\/kath-akademie-bayern.de\/en\/referent\/prof-dr-marita-krauss\/\" target=\"_blank\">Krauss, Marita<\/a><\/div>\n                    <div class=\"debate-name w-auto\">\n                        <a href=\"https:\/\/kath-akademie-bayern.de\/en\/mediathek-eintrag\/ein-katholischer-herrscher-praegungen-konzepte-und-politik\/\" target=\"_blank\">Ein katholischer Herrscher<\/a>\n                    <\/div>\n                    <div class=\"debate-excerpt\">Pr\u00e4gungen, Konzepte und Politik<\/div>\n                <\/div>\n\n                <div class=\"debate-icon\">\n                    <a href=\"https:\/\/kath-akademie-bayern.de\/en\/mediathek-eintrag\/ein-katholischer-herrscher-praegungen-konzepte-und-politik\/\" target=\"_blank\" class=\"elementor-button debate-arrow\">\n                        <span class=\"screen-reader-text\">Download file<\/span>\n                        <i class=\"fas fa-file\" aria-hidden=\"true\"><\/i>\n                    <\/a>\n                <\/div>\n            <\/div>\n        <\/div>\n                    <div class=\"debate-list-item\">\n            <div class=\"debate-inner d-flex justify-content-between align-items-center\">\n                <div class=\"debate-list-content\">\n                    <div class=\"debate-excerpt fw-normal\"><\/div>\n                    <div class=\"debate-name w-auto\">\n                        <a href=\"https:\/\/kath-akademie-bayern.de\/en\/mediathek-eintrag\/rente-und-generationengerechtigkeit\/\" target=\"_blank\">Rente- und Generationengerechtigkeit<\/a>\n                    <\/div>\n                    <div class=\"debate-excerpt\"><\/div>\n                <\/div>\n\n                <div class=\"debate-icon\">\n                    <a href=\"https:\/\/kath-akademie-bayern.de\/en\/mediathek-eintrag\/rente-und-generationengerechtigkeit\/\" target=\"_blank\" class=\"elementor-button debate-arrow\">\n                        <span class=\"screen-reader-text\">Download file<\/span>\n                        <i class=\"fas fa-file\" aria-hidden=\"true\"><\/i>\n                    <\/a>\n                <\/div>\n            <\/div>\n        <\/div>\n                    <div class=\"debate-list-item\">\n            <div class=\"debate-inner d-flex justify-content-between align-items-center\">\n                <div class=\"debate-list-content\">\n                    <div class=\"debate-excerpt fw-normal\"><\/div>\n                    <div class=\"debate-name w-auto\">\n                        <a href=\"https:\/\/kath-akademie-bayern.de\/en\/mediathek-eintrag\/wenn-das-wachstum-endet-neue-perspektiven-fuer-religion-wirtschaft-und-gesellschaftlichkeit-2\/\" target=\"_blank\">Wenn das Wachstum endet<\/a>\n                    <\/div>\n                    <div class=\"debate-excerpt\">Neue Perspektiven f\u00fcr Religion, Wirtschaft und Gesellschaftlichkeit<\/div>\n                <\/div>\n\n                <div class=\"debate-icon\">\n                    <a href=\"https:\/\/kath-akademie-bayern.de\/en\/mediathek-eintrag\/wenn-das-wachstum-endet-neue-perspektiven-fuer-religion-wirtschaft-und-gesellschaftlichkeit-2\/\" target=\"_blank\" class=\"elementor-button debate-arrow\">\n                        <span class=\"screen-reader-text\">Download file<\/span>\n                        <i class=\"fas fa-file\" aria-hidden=\"true\"><\/i>\n                    <\/a>\n                <\/div>\n            <\/div>\n        <\/div>\n                    <div class=\"debate-list-item\">\n            <div class=\"debate-inner d-flex justify-content-between align-items-center\">\n                <div class=\"debate-list-content\">\n                    <div class=\"debate-excerpt fw-normal\"><a href=\"https:\/\/kath-akademie-bayern.de\/en\/referent\/dr-annette-jantzen\/\" target=\"_blank\">Jantzen, Annette<\/a><\/div>\n                    <div class=\"debate-name w-auto\">\n                        <a href=\"https:\/\/kath-akademie-bayern.de\/en\/mediathek-eintrag\/keine-theologie-nach-verdun-kriegserleben-katholischer-geistlicher-im-ersten-weltkrieg\/\" target=\"_blank\">Keine \u201eTheologie nach Verdun\u201c<\/a>\n                    <\/div>\n                    <div class=\"debate-excerpt\">Kriegserleben katholischer Geistlicher im Ersten Weltkrieg<\/div>\n                <\/div>\n\n                <div class=\"debate-icon\">\n                    <a href=\"https:\/\/kath-akademie-bayern.de\/en\/mediathek-eintrag\/keine-theologie-nach-verdun-kriegserleben-katholischer-geistlicher-im-ersten-weltkrieg\/\" target=\"_blank\" class=\"elementor-button debate-arrow\">\n                        <span class=\"screen-reader-text\">Download file<\/span>\n                        <i class=\"fas fa-file\" aria-hidden=\"true\"><\/i>\n                    <\/a>\n                <\/div>\n            <\/div>\n        <\/div>\n                    <div class=\"debate-list-item\">\n            <div class=\"debate-inner d-flex justify-content-between align-items-center\">\n                <div class=\"debate-list-content\">\n                    <div class=\"debate-excerpt fw-normal\"><a href=\"https:\/\/kath-akademie-bayern.de\/en\/referent\/markus-krumm\/\" target=\"_blank\">Krumm, Markus<\/a><\/div>\n                    <div class=\"debate-name w-auto\">\n                        <a href=\"https:\/\/kath-akademie-bayern.de\/en\/mediathek-eintrag\/krieg-gegen-erfundene-ketzer-der-albigenserkreuzzug-1209-1229\/\" target=\"_blank\">War against invented heretics?<\/a>\n                    <\/div>\n                    <div class=\"debate-excerpt\">Der Albigenserkreuzzug (1209\u20131229)<\/div>\n                <\/div>\n\n                <div class=\"debate-icon\">\n                    <a href=\"https:\/\/kath-akademie-bayern.de\/en\/mediathek-eintrag\/krieg-gegen-erfundene-ketzer-der-albigenserkreuzzug-1209-1229\/\" target=\"_blank\" class=\"elementor-button debate-arrow\">\n                        <span class=\"screen-reader-text\">Download file<\/span>\n                        <i class=\"fas fa-file\" aria-hidden=\"true\"><\/i>\n                    <\/a>\n                <\/div>\n            <\/div>\n        <\/div>\n                    <div class=\"debate-list-item\">\n            <div class=\"debate-inner d-flex justify-content-between align-items-center\">\n                <div class=\"debate-list-content\">\n                    <div class=\"debate-excerpt fw-normal\"><a href=\"https:\/\/kath-akademie-bayern.de\/en\/referent\/prof-dr-klaus-herbers\/\" target=\"_blank\">Herbers, Klaus<\/a><\/div>\n                    <div class=\"debate-name w-auto\">\n                        <a href=\"https:\/\/kath-akademie-bayern.de\/en\/mediathek-eintrag\/heilige-oder-gerechte-kriege-auf-der-iberischen-halbinsel-die-vielen-facetten-der-re-conquista\/\" target=\"_blank\">Heilige oder Gerechte Kriege auf der Iberischen Halbinsel?<\/a>\n                    <\/div>\n                    <div class=\"debate-excerpt\">Die vielen Facetten der (Re-)Conquista<\/div>\n                <\/div>\n\n                <div class=\"debate-icon\">\n                    <a href=\"https:\/\/kath-akademie-bayern.de\/en\/mediathek-eintrag\/heilige-oder-gerechte-kriege-auf-der-iberischen-halbinsel-die-vielen-facetten-der-re-conquista\/\" target=\"_blank\" class=\"elementor-button debate-arrow\">\n                        <span class=\"screen-reader-text\">Download file<\/span>\n                        <i class=\"fas fa-file\" aria-hidden=\"true\"><\/i>\n                    <\/a>\n                <\/div>\n            <\/div>\n        <\/div>\n                    <div class=\"debate-list-item\">\n            <div class=\"debate-inner d-flex justify-content-between align-items-center\">\n                <div class=\"debate-list-content\">\n                    <div class=\"debate-excerpt fw-normal\"><a href=\"https:\/\/kath-akademie-bayern.de\/en\/referent\/prof-dr-lothar-schilling\/\" target=\"_blank\">Schilling, Lothar<\/a><\/div>\n                    <div class=\"debate-name w-auto\">\n                        <a href=\"https:\/\/kath-akademie-bayern.de\/en\/mediathek-eintrag\/glaubensspaltung-religioese-gewalt-und-krise-des-koenigtums-die-franzoesischen-religionskriege-und-ihre-ueberwindung\/\" target=\"_blank\">Glaubensspaltung, religi\u00f6se Gewalt und Krise des K\u00f6nigtums<\/a>\n                    <\/div>\n                    <div class=\"debate-excerpt\">Die franz\u00f6sischen Religionskriege und ihre \u00dcberwindung<\/div>\n                <\/div>\n\n                <div class=\"debate-icon\">\n                    <a href=\"https:\/\/kath-akademie-bayern.de\/en\/mediathek-eintrag\/glaubensspaltung-religioese-gewalt-und-krise-des-koenigtums-die-franzoesischen-religionskriege-und-ihre-ueberwindung\/\" target=\"_blank\" class=\"elementor-button debate-arrow\">\n                        <span class=\"screen-reader-text\">Download file<\/span>\n                        <i class=\"fas fa-file\" aria-hidden=\"true\"><\/i>\n                    <\/a>\n                <\/div>\n            <\/div>\n        <\/div>\n                    <div class=\"debate-list-item\">\n            <div class=\"debate-inner d-flex justify-content-between align-items-center\">\n                <div class=\"debate-list-content\">\n                    <div class=\"debate-excerpt fw-normal\"><a href=\"https:\/\/kath-akademie-bayern.de\/en\/referent\/prof-dr-markus-vogt\/\" target=\"_blank\">Vogt, Markus<\/a><\/div>\n                    <div class=\"debate-name w-auto\">\n                        <a href=\"https:\/\/kath-akademie-bayern.de\/en\/mediathek-eintrag\/die-rolle-der-religion-in-aktuellen-kriegen\/\" target=\"_blank\">The role of religion in current wars<\/a>\n                    <\/div>\n                    <div class=\"debate-excerpt\"><\/div>\n                <\/div>\n\n                <div class=\"debate-icon\">\n                    <a href=\"https:\/\/kath-akademie-bayern.de\/en\/mediathek-eintrag\/die-rolle-der-religion-in-aktuellen-kriegen\/\" target=\"_blank\" class=\"elementor-button debate-arrow\">\n                        <span class=\"screen-reader-text\">Download file<\/span>\n                        <i class=\"fas fa-file\" aria-hidden=\"true\"><\/i>\n                    <\/a>\n                <\/div>\n            <\/div>\n        <\/div>\n                    <div class=\"debate-list-item\">\n            <div class=\"debate-inner d-flex justify-content-between align-items-center\">\n                <div class=\"debate-list-content\">\n                    <div class=\"debate-excerpt fw-normal\"><a href=\"https:\/\/kath-akademie-bayern.de\/en\/referent\/prof-dr-julia-budka\/\" target=\"_blank\">Budka, Julia<\/a><\/div>\n                    <div class=\"debate-name w-auto\">\n                        <a href=\"https:\/\/kath-akademie-bayern.de\/en\/mediathek-eintrag\/heiliger-krieg-im-alten-aegypten-zu-koenigsideologie-goettergericht-und-machtinszenierung-der-pharaonenzeit\/\" target=\"_blank\">\u201eHeiliger\u201c Krieg im alten \u00c4gypten<\/a>\n                    <\/div>\n                    <div class=\"debate-excerpt\">Zu K\u00f6nigsideologie, G\u00f6ttergericht und Machtinszenierung der Pharaonenzeit<\/div>\n                <\/div>\n\n                <div class=\"debate-icon\">\n                    <a href=\"https:\/\/kath-akademie-bayern.de\/en\/mediathek-eintrag\/heiliger-krieg-im-alten-aegypten-zu-koenigsideologie-goettergericht-und-machtinszenierung-der-pharaonenzeit\/\" target=\"_blank\" class=\"elementor-button debate-arrow\">\n                        <span class=\"screen-reader-text\">Download file<\/span>\n                        <i class=\"fas fa-file\" aria-hidden=\"true\"><\/i>\n                    <\/a>\n                <\/div>\n            <\/div>\n        <\/div>\n                    <div class=\"debate-list-item\">\n            <div class=\"debate-inner d-flex justify-content-between align-items-center\">\n                <div class=\"debate-list-content\">\n                    <div class=\"debate-excerpt fw-normal\"><a href=\"https:\/\/kath-akademie-bayern.de\/en\/referent\/prof-dr-stefan-tebruck\/\" target=\"_blank\">Tebruck, Stefan<\/a><\/div>\n                    <div class=\"debate-name w-auto\">\n                        <a href=\"https:\/\/kath-akademie-bayern.de\/en\/mediathek-eintrag\/der-kreuzzug-heiliger-krieg-pilgerfahrt-werk-der-barmherzigkeit\/\" target=\"_blank\">Der Kreuzzug<\/a>\n                    <\/div>\n                    <div class=\"debate-excerpt\">Heiliger Krieg \u2013 Pilgerfahrt \u2013 Werk der Barmherzigkeit?<\/div>\n                <\/div>\n\n                <div class=\"debate-icon\">\n                    <a href=\"https:\/\/kath-akademie-bayern.de\/en\/mediathek-eintrag\/der-kreuzzug-heiliger-krieg-pilgerfahrt-werk-der-barmherzigkeit\/\" target=\"_blank\" class=\"elementor-button debate-arrow\">\n                        <span class=\"screen-reader-text\">Download file<\/span>\n                        <i class=\"fas fa-file\" aria-hidden=\"true\"><\/i>\n                    <\/a>\n                <\/div>\n            <\/div>\n        <\/div>\n            <\/div>\n            <\/div>\r\n        <\/div>\r\n    <\/div>\r\n<\/div>\r\n<\/div>\r\n<div class=\"w-100 p-0 order-last\">\r\n    <div class=\"debate-list collapse mt-6\" id=\"list-debate-heft-1-202669f34af617a8e\" data-bs-parent=\"#latest-debate-list\">\n            <div class=\"debate-list-item\">\n            <div class=\"debate-inner d-flex justify-content-between align-items-center\">\n                <div class=\"debate-list-content\">\n                    <div class=\"debate-excerpt fw-normal\"><\/div>\n                    <div class=\"debate-name w-auto\">\n                        <a href=\"https:\/\/kath-akademie-bayern.de\/en\/mediathek-eintrag\/menschenrechte-verteidigen-nach-dem-seitenwechsel-der-usa-2\/\" target=\"_blank\">Menschenrechte verteidigen<\/a>\n                    <\/div>\n                    <div class=\"debate-excerpt\">... nach dem Seitenwechsel der USA<\/div>\n                <\/div>\n\n                <div class=\"debate-icon\">\n                    <a href=\"https:\/\/kath-akademie-bayern.de\/en\/mediathek-eintrag\/menschenrechte-verteidigen-nach-dem-seitenwechsel-der-usa-2\/\" target=\"_blank\" class=\"elementor-button debate-arrow\">\n                        <span class=\"screen-reader-text\">Download file<\/span>\n                        <i class=\"fas fa-file\" aria-hidden=\"true\"><\/i>\n                    <\/a>\n                <\/div>\n            <\/div>\n        <\/div>\n                    <div class=\"debate-list-item\">\n            <div class=\"debate-inner d-flex justify-content-between align-items-center\">\n                <div class=\"debate-list-content\">\n                    <div class=\"debate-excerpt fw-normal\"><\/div>\n                    <div class=\"debate-name w-auto\">\n                        <a href=\"https:\/\/kath-akademie-bayern.de\/en\/mediathek-eintrag\/vom-sein-zum-werden-harald-lesch-und-wilhelm-vossenkuhl-zu-schellings-naturbegriff\/\" target=\"_blank\">Vom Sein zum Werden<\/a>\n                    <\/div>\n                    <div class=\"debate-excerpt\">Harald Lesch und Wilhelm Vossenkuhl zu Schellings Naturbegriff<\/div>\n                <\/div>\n\n                <div class=\"debate-icon\">\n                    <a href=\"https:\/\/kath-akademie-bayern.de\/en\/mediathek-eintrag\/vom-sein-zum-werden-harald-lesch-und-wilhelm-vossenkuhl-zu-schellings-naturbegriff\/\" target=\"_blank\" class=\"elementor-button debate-arrow\">\n                        <span class=\"screen-reader-text\">Download file<\/span>\n                        <i class=\"fas fa-file\" aria-hidden=\"true\"><\/i>\n                    <\/a>\n                <\/div>\n            <\/div>\n        <\/div>\n                    <div class=\"debate-list-item\">\n            <div class=\"debate-inner d-flex justify-content-between align-items-center\">\n                <div class=\"debate-list-content\">\n                    <div class=\"debate-excerpt fw-normal\"><\/div>\n                    <div class=\"debate-name w-auto\">\n                        <a href=\"https:\/\/kath-akademie-bayern.de\/en\/mediathek-eintrag\/klimaschutz-durch-unternehmen-und-maerkte-verantwortung-uebernehmen-und-chancen-nutzen\/\" target=\"_blank\">Klimaschutz durch Unternehmen und M\u00e4rkte<\/a>\n                    <\/div>\n                    <div class=\"debate-excerpt\">Verantwortung \u00fcbernehmen und Chancen nutzen<\/div>\n                <\/div>\n\n                <div class=\"debate-icon\">\n                    <a href=\"https:\/\/kath-akademie-bayern.de\/en\/mediathek-eintrag\/klimaschutz-durch-unternehmen-und-maerkte-verantwortung-uebernehmen-und-chancen-nutzen\/\" target=\"_blank\" class=\"elementor-button debate-arrow\">\n                        <span class=\"screen-reader-text\">Download file<\/span>\n                        <i class=\"fas fa-file\" aria-hidden=\"true\"><\/i>\n                    <\/a>\n                <\/div>\n            <\/div>\n        <\/div>\n                    <div class=\"debate-list-item\">\n            <div class=\"debate-inner d-flex justify-content-between align-items-center\">\n                <div class=\"debate-list-content\">\n                    <div class=\"debate-excerpt fw-normal\"><a href=\"https:\/\/kath-akademie-bayern.de\/en\/referent\/prof-dr-erich-garhammer\/\" target=\"_blank\">Garhammer, Erich<\/a><\/div>\n                    <div class=\"debate-name w-auto\">\n                        <a href=\"https:\/\/kath-akademie-bayern.de\/en\/mediathek-eintrag\/literatur-als-selbstheilung-der-seele\/\" target=\"_blank\">Literatur als Selbstheilung der Seele<\/a>\n                    <\/div>\n                    <div class=\"debate-excerpt\"><\/div>\n                <\/div>\n\n                <div class=\"debate-icon\">\n                    <a href=\"https:\/\/kath-akademie-bayern.de\/en\/mediathek-eintrag\/literatur-als-selbstheilung-der-seele\/\" target=\"_blank\" class=\"elementor-button debate-arrow\">\n                        <span class=\"screen-reader-text\">Download file<\/span>\n                        <i class=\"fas fa-file\" aria-hidden=\"true\"><\/i>\n                    <\/a>\n                <\/div>\n            <\/div>\n        <\/div>\n                    <div class=\"debate-list-item\">\n            <div class=\"debate-inner d-flex justify-content-between align-items-center\">\n                <div class=\"debate-list-content\">\n                    <div class=\"debate-excerpt fw-normal\"><\/div>\n                    <div class=\"debate-name w-auto\">\n                        <a href=\"https:\/\/kath-akademie-bayern.de\/en\/mediathek-eintrag\/digitale-meinungsbildung-desinformation-und-abhaengigkeiten-digitaler-salon-mit-acatech\/\" target=\"_blank\">Digitale Meinungsbildung, Desinformation und Abh\u00e4ngigkeiten<\/a>\n                    <\/div>\n                    <div class=\"debate-excerpt\">Digitaler Salon mit acatech<\/div>\n                <\/div>\n\n                <div class=\"debate-icon\">\n                    <a href=\"https:\/\/kath-akademie-bayern.de\/en\/mediathek-eintrag\/digitale-meinungsbildung-desinformation-und-abhaengigkeiten-digitaler-salon-mit-acatech\/\" target=\"_blank\" class=\"elementor-button debate-arrow\">\n                        <span class=\"screen-reader-text\">Download file<\/span>\n                        <i class=\"fas fa-file\" aria-hidden=\"true\"><\/i>\n                    <\/a>\n                <\/div>\n            <\/div>\n        <\/div>\n                    <div class=\"debate-list-item\">\n            <div class=\"debate-inner d-flex justify-content-between align-items-center\">\n                <div class=\"debate-list-content\">\n                    <div class=\"debate-excerpt fw-normal\"><\/div>\n                    <div class=\"debate-name w-auto\">\n                        <a href=\"https:\/\/kath-akademie-bayern.de\/en\/mediathek-eintrag\/das-ich-in-todesnaehe-grenzerfahrung-sterben\/\" target=\"_blank\">Das Ich in Todesn\u00e4he<\/a>\n                    <\/div>\n                    <div class=\"debate-excerpt\">Grenzerfahrung Sterben<\/div>\n                <\/div>\n\n                <div class=\"debate-icon\">\n                    <a href=\"https:\/\/kath-akademie-bayern.de\/en\/mediathek-eintrag\/das-ich-in-todesnaehe-grenzerfahrung-sterben\/\" target=\"_blank\" class=\"elementor-button debate-arrow\">\n                        <span class=\"screen-reader-text\">Download file<\/span>\n                        <i class=\"fas fa-file\" aria-hidden=\"true\"><\/i>\n                    <\/a>\n                <\/div>\n            <\/div>\n        <\/div>\n                    <div class=\"debate-list-item\">\n            <div class=\"debate-inner d-flex justify-content-between align-items-center\">\n                <div class=\"debate-list-content\">\n                    <div class=\"debate-excerpt fw-normal\"><a href=\"https:\/\/kath-akademie-bayern.de\/en\/referent\/prof-dr-marita-krauss\/\" target=\"_blank\">Krauss, Marita<\/a><\/div>\n                    <div class=\"debate-name w-auto\">\n                        <a href=\"https:\/\/kath-akademie-bayern.de\/en\/mediathek-eintrag\/ein-katholischer-herrscher-praegungen-konzepte-und-politik\/\" target=\"_blank\">Ein katholischer Herrscher<\/a>\n                    <\/div>\n                    <div class=\"debate-excerpt\">Pr\u00e4gungen, Konzepte und Politik<\/div>\n                <\/div>\n\n                <div class=\"debate-icon\">\n                    <a href=\"https:\/\/kath-akademie-bayern.de\/en\/mediathek-eintrag\/ein-katholischer-herrscher-praegungen-konzepte-und-politik\/\" target=\"_blank\" class=\"elementor-button debate-arrow\">\n                        <span class=\"screen-reader-text\">Download file<\/span>\n                        <i class=\"fas fa-file\" aria-hidden=\"true\"><\/i>\n                    <\/a>\n                <\/div>\n            <\/div>\n        <\/div>\n                    <div class=\"debate-list-item\">\n            <div class=\"debate-inner d-flex justify-content-between align-items-center\">\n                <div class=\"debate-list-content\">\n                    <div class=\"debate-excerpt fw-normal\"><\/div>\n                    <div class=\"debate-name w-auto\">\n                        <a href=\"https:\/\/kath-akademie-bayern.de\/en\/mediathek-eintrag\/rente-und-generationengerechtigkeit\/\" target=\"_blank\">Rente- und Generationengerechtigkeit<\/a>\n                    <\/div>\n                    <div class=\"debate-excerpt\"><\/div>\n                <\/div>\n\n                <div class=\"debate-icon\">\n                    <a href=\"https:\/\/kath-akademie-bayern.de\/en\/mediathek-eintrag\/rente-und-generationengerechtigkeit\/\" target=\"_blank\" class=\"elementor-button debate-arrow\">\n                        <span class=\"screen-reader-text\">Download file<\/span>\n                        <i class=\"fas fa-file\" aria-hidden=\"true\"><\/i>\n                    <\/a>\n                <\/div>\n            <\/div>\n        <\/div>\n                    <div class=\"debate-list-item\">\n            <div class=\"debate-inner d-flex justify-content-between align-items-center\">\n                <div class=\"debate-list-content\">\n                    <div class=\"debate-excerpt fw-normal\"><\/div>\n                    <div class=\"debate-name w-auto\">\n                        <a href=\"https:\/\/kath-akademie-bayern.de\/en\/mediathek-eintrag\/wenn-das-wachstum-endet-neue-perspektiven-fuer-religion-wirtschaft-und-gesellschaftlichkeit-2\/\" target=\"_blank\">Wenn das Wachstum endet<\/a>\n                    <\/div>\n                    <div class=\"debate-excerpt\">Neue Perspektiven f\u00fcr Religion, Wirtschaft und Gesellschaftlichkeit<\/div>\n                <\/div>\n\n                <div class=\"debate-icon\">\n                    <a href=\"https:\/\/kath-akademie-bayern.de\/en\/mediathek-eintrag\/wenn-das-wachstum-endet-neue-perspektiven-fuer-religion-wirtschaft-und-gesellschaftlichkeit-2\/\" target=\"_blank\" class=\"elementor-button debate-arrow\">\n                        <span class=\"screen-reader-text\">Download file<\/span>\n                        <i class=\"fas fa-file\" aria-hidden=\"true\"><\/i>\n                    <\/a>\n                <\/div>\n            <\/div>\n        <\/div>\n                    <div class=\"debate-list-item\">\n            <div class=\"debate-inner d-flex justify-content-between align-items-center\">\n                <div class=\"debate-list-content\">\n                    <div class=\"debate-excerpt fw-normal\"><a href=\"https:\/\/kath-akademie-bayern.de\/en\/referent\/dr-annette-jantzen\/\" target=\"_blank\">Jantzen, Annette<\/a><\/div>\n                    <div class=\"debate-name w-auto\">\n                        <a href=\"https:\/\/kath-akademie-bayern.de\/en\/mediathek-eintrag\/keine-theologie-nach-verdun-kriegserleben-katholischer-geistlicher-im-ersten-weltkrieg\/\" target=\"_blank\">Keine \u201eTheologie nach Verdun\u201c<\/a>\n                    <\/div>\n                    <div class=\"debate-excerpt\">Kriegserleben katholischer Geistlicher im Ersten Weltkrieg<\/div>\n                <\/div>\n\n                <div class=\"debate-icon\">\n                    <a href=\"https:\/\/kath-akademie-bayern.de\/en\/mediathek-eintrag\/keine-theologie-nach-verdun-kriegserleben-katholischer-geistlicher-im-ersten-weltkrieg\/\" target=\"_blank\" class=\"elementor-button debate-arrow\">\n                        <span class=\"screen-reader-text\">Download file<\/span>\n                        <i class=\"fas fa-file\" aria-hidden=\"true\"><\/i>\n                    <\/a>\n                <\/div>\n            <\/div>\n        <\/div>\n                    <div class=\"debate-list-item\">\n            <div class=\"debate-inner d-flex justify-content-between align-items-center\">\n                <div class=\"debate-list-content\">\n                    <div class=\"debate-excerpt fw-normal\"><a href=\"https:\/\/kath-akademie-bayern.de\/en\/referent\/markus-krumm\/\" target=\"_blank\">Krumm, Markus<\/a><\/div>\n                    <div class=\"debate-name w-auto\">\n                        <a href=\"https:\/\/kath-akademie-bayern.de\/en\/mediathek-eintrag\/krieg-gegen-erfundene-ketzer-der-albigenserkreuzzug-1209-1229\/\" target=\"_blank\">War against invented heretics?<\/a>\n                    <\/div>\n                    <div class=\"debate-excerpt\">Der Albigenserkreuzzug (1209\u20131229)<\/div>\n                <\/div>\n\n                <div class=\"debate-icon\">\n                    <a href=\"https:\/\/kath-akademie-bayern.de\/en\/mediathek-eintrag\/krieg-gegen-erfundene-ketzer-der-albigenserkreuzzug-1209-1229\/\" target=\"_blank\" class=\"elementor-button debate-arrow\">\n                        <span class=\"screen-reader-text\">Download file<\/span>\n                        <i class=\"fas fa-file\" aria-hidden=\"true\"><\/i>\n                    <\/a>\n                <\/div>\n            <\/div>\n        <\/div>\n                    <div class=\"debate-list-item\">\n            <div class=\"debate-inner d-flex justify-content-between align-items-center\">\n                <div class=\"debate-list-content\">\n                    <div class=\"debate-excerpt fw-normal\"><a href=\"https:\/\/kath-akademie-bayern.de\/en\/referent\/prof-dr-klaus-herbers\/\" target=\"_blank\">Herbers, Klaus<\/a><\/div>\n                    <div class=\"debate-name w-auto\">\n                        <a href=\"https:\/\/kath-akademie-bayern.de\/en\/mediathek-eintrag\/heilige-oder-gerechte-kriege-auf-der-iberischen-halbinsel-die-vielen-facetten-der-re-conquista\/\" target=\"_blank\">Heilige oder Gerechte Kriege auf der Iberischen Halbinsel?<\/a>\n                    <\/div>\n                    <div class=\"debate-excerpt\">Die vielen Facetten der (Re-)Conquista<\/div>\n                <\/div>\n\n                <div class=\"debate-icon\">\n                    <a href=\"https:\/\/kath-akademie-bayern.de\/en\/mediathek-eintrag\/heilige-oder-gerechte-kriege-auf-der-iberischen-halbinsel-die-vielen-facetten-der-re-conquista\/\" target=\"_blank\" class=\"elementor-button debate-arrow\">\n                        <span class=\"screen-reader-text\">Download file<\/span>\n                        <i class=\"fas fa-file\" aria-hidden=\"true\"><\/i>\n                    <\/a>\n                <\/div>\n            <\/div>\n        <\/div>\n                    <div class=\"debate-list-item\">\n            <div class=\"debate-inner d-flex justify-content-between align-items-center\">\n                <div class=\"debate-list-content\">\n                    <div class=\"debate-excerpt fw-normal\"><a href=\"https:\/\/kath-akademie-bayern.de\/en\/referent\/prof-dr-lothar-schilling\/\" target=\"_blank\">Schilling, Lothar<\/a><\/div>\n                    <div class=\"debate-name w-auto\">\n                        <a href=\"https:\/\/kath-akademie-bayern.de\/en\/mediathek-eintrag\/glaubensspaltung-religioese-gewalt-und-krise-des-koenigtums-die-franzoesischen-religionskriege-und-ihre-ueberwindung\/\" target=\"_blank\">Glaubensspaltung, religi\u00f6se Gewalt und Krise des K\u00f6nigtums<\/a>\n                    <\/div>\n                    <div class=\"debate-excerpt\">Die franz\u00f6sischen Religionskriege und ihre \u00dcberwindung<\/div>\n                <\/div>\n\n                <div class=\"debate-icon\">\n                    <a href=\"https:\/\/kath-akademie-bayern.de\/en\/mediathek-eintrag\/glaubensspaltung-religioese-gewalt-und-krise-des-koenigtums-die-franzoesischen-religionskriege-und-ihre-ueberwindung\/\" target=\"_blank\" class=\"elementor-button debate-arrow\">\n                        <span class=\"screen-reader-text\">Download file<\/span>\n                        <i class=\"fas fa-file\" aria-hidden=\"true\"><\/i>\n                    <\/a>\n                <\/div>\n            <\/div>\n        <\/div>\n                    <div class=\"debate-list-item\">\n            <div class=\"debate-inner d-flex justify-content-between align-items-center\">\n                <div class=\"debate-list-content\">\n                    <div class=\"debate-excerpt fw-normal\"><a href=\"https:\/\/kath-akademie-bayern.de\/en\/referent\/prof-dr-markus-vogt\/\" target=\"_blank\">Vogt, Markus<\/a><\/div>\n                    <div class=\"debate-name w-auto\">\n                        <a href=\"https:\/\/kath-akademie-bayern.de\/en\/mediathek-eintrag\/die-rolle-der-religion-in-aktuellen-kriegen\/\" target=\"_blank\">The role of religion in current wars<\/a>\n                    <\/div>\n                    <div class=\"debate-excerpt\"><\/div>\n                <\/div>\n\n                <div class=\"debate-icon\">\n                    <a href=\"https:\/\/kath-akademie-bayern.de\/en\/mediathek-eintrag\/die-rolle-der-religion-in-aktuellen-kriegen\/\" target=\"_blank\" class=\"elementor-button debate-arrow\">\n                        <span class=\"screen-reader-text\">Download file<\/span>\n                        <i class=\"fas fa-file\" aria-hidden=\"true\"><\/i>\n                    <\/a>\n                <\/div>\n            <\/div>\n        <\/div>\n                    <div class=\"debate-list-item\">\n            <div class=\"debate-inner d-flex justify-content-between align-items-center\">\n                <div class=\"debate-list-content\">\n                    <div class=\"debate-excerpt fw-normal\"><a href=\"https:\/\/kath-akademie-bayern.de\/en\/referent\/prof-dr-julia-budka\/\" target=\"_blank\">Budka, Julia<\/a><\/div>\n                    <div class=\"debate-name w-auto\">\n                        <a href=\"https:\/\/kath-akademie-bayern.de\/en\/mediathek-eintrag\/heiliger-krieg-im-alten-aegypten-zu-koenigsideologie-goettergericht-und-machtinszenierung-der-pharaonenzeit\/\" target=\"_blank\">\u201eHeiliger\u201c Krieg im alten \u00c4gypten<\/a>\n                    <\/div>\n                    <div class=\"debate-excerpt\">Zu K\u00f6nigsideologie, G\u00f6ttergericht und Machtinszenierung der Pharaonenzeit<\/div>\n                <\/div>\n\n                <div class=\"debate-icon\">\n                    <a href=\"https:\/\/kath-akademie-bayern.de\/en\/mediathek-eintrag\/heiliger-krieg-im-alten-aegypten-zu-koenigsideologie-goettergericht-und-machtinszenierung-der-pharaonenzeit\/\" target=\"_blank\" class=\"elementor-button debate-arrow\">\n                        <span class=\"screen-reader-text\">Download file<\/span>\n                        <i class=\"fas fa-file\" aria-hidden=\"true\"><\/i>\n                    <\/a>\n                <\/div>\n            <\/div>\n        <\/div>\n                    <div class=\"debate-list-item\">\n            <div class=\"debate-inner d-flex justify-content-between align-items-center\">\n                <div class=\"debate-list-content\">\n                    <div class=\"debate-excerpt fw-normal\"><a href=\"https:\/\/kath-akademie-bayern.de\/en\/referent\/prof-dr-stefan-tebruck\/\" target=\"_blank\">Tebruck, Stefan<\/a><\/div>\n                    <div class=\"debate-name w-auto\">\n                        <a href=\"https:\/\/kath-akademie-bayern.de\/en\/mediathek-eintrag\/der-kreuzzug-heiliger-krieg-pilgerfahrt-werk-der-barmherzigkeit\/\" target=\"_blank\">Der Kreuzzug<\/a>\n                    <\/div>\n                    <div class=\"debate-excerpt\">Heiliger Krieg \u2013 Pilgerfahrt \u2013 Werk der Barmherzigkeit?<\/div>\n                <\/div>\n\n                <div class=\"debate-icon\">\n                    <a href=\"https:\/\/kath-akademie-bayern.de\/en\/mediathek-eintrag\/der-kreuzzug-heiliger-krieg-pilgerfahrt-werk-der-barmherzigkeit\/\" target=\"_blank\" class=\"elementor-button debate-arrow\">\n                        <span class=\"screen-reader-text\">Download file<\/span>\n                        <i class=\"fas fa-file\" aria-hidden=\"true\"><\/i>\n                    <\/a>\n                <\/div>\n            <\/div>\n        <\/div>\n            <\/div>\n<\/div>\r\n<div class=\"debate-current-item col\">\r\n    <a href=\"#\" class=\"debate-bg\" data-bs-toggle=\"modal\" data-bs-target=\"#modal-debate-heft-4-2025\">\r\n        <span class=\"screen-reader-text\">View debate<\/span>\r\n        <span class=\"debate-image\">\r\n            <img decoding=\"async\" src=\"https:\/\/kath-akademie-bayern.de\/wp-content\/uploads\/Titelbild_debatte_2025-4.png\" alt=\"\" title=\"Titelbild_debatte_2025-4\" \/>            <i class=\"fal fa-arrows fa-rotate-45\" aria-hidden=\"true\"><\/i>\r\n        <\/span>\r\n    <\/a>\r\n    <div class=\"debate-info\">\r\n        <p>Heft 4\/2025<\/p>\r\n\r\n        <div class=\"d-flex gap-3\">\r\n            <div class=\"elementor-widget-button elementor-button-primary\">\r\n                <a href=\"https:\/\/kath-akademie-bayern.de\/wp-content\/uploads\/debatte_2025-4.pdf\" target=\"_blank\" class=\"elementor-button\">Download<\/a>\r\n            <\/div>\r\n                            <div class=\"download-button elementor-widget-button elementor-button-primary\">\r\n                    <button class=\"elementor-button d-flex align-items-center gap-3\" type=\"button\" data-bs-toggle=\"collapse\" data-bs-target=\"#list-debate-heft-4-202569f34af6791c0\" aria-expanded=\"false\" aria-controls=\"list-debate-heft-4-202569f34af6791c0\">\r\n                        <span class=\"elementor-button-text\">Artikel<\/span>\r\n                        <i class=\"fas fa-chevron-down\" aria-hidden=\"true\"><\/i>\r\n                    <\/button>\r\n                <\/div>\r\n                    <\/div>\r\n    <\/div>\r\n    <div class=\"modal fade\" id=\"modal-debate-heft-4-2025\" tabindex=\"-1\" aria-hidden=\"true\">\r\n    <button type=\"button\" class=\"modal-close\" data-bs-dismiss=\"modal\" aria-label=\"Close\">\r\n        <span class=\"screen-reader-text\">Close<\/span>\r\n        <i class=\"fas fa-times\" aria-hidden=\"true\"><\/i>\r\n    <\/button>\r\n\r\n    <div class=\"modal-dialog modal-dialog-centered\">\r\n        <div class=\"modal-content\">\r\n            <div class=\"modal-body\">\r\n                <div class=\"image-wrapper\">\r\n                    <div class=\"_3d-flip-book  fb3d-fullscreen-mode full-size\" data-id=\"114064\" data-mode=\"fullscreen\" data-title=\"false\" data-template=\"short-white-book-view\" data-lightbox=\"dark-shadow\" data-urlparam=\"fb3d-page\" data-page-n=\"0\" data-pdf=\"\" data-tax=\"null\" data-thumbnail=\"\" data-cols=\"3\" data-book-template=\"default\" data-trigger=\"\"><\/div><script type=\"text\/javascript\">window.FB3D_CLIENT_DATA = window.FB3D_CLIENT_DATA || [];FB3D_CLIENT_DATA.push('eyJwb3N0cyI6eyIxMTQwNjQiOnsiSUQiOjExNDA2NCwidGl0bGUiOiJIZWZ0IDRcLzIwMjUiLCJ0eXBlIjoicGRmIiwicmVhZHlfZnVuY3Rpb24iOiIiLCJib29rX3N0eWxlIjoidm9sdW1lIiwiYm9va190ZW1wbGF0ZSI6Im5vbmUiLCJvdXRsaW5lIjpbXSwiZGF0YSI6eyJwb3N0X0lEIjoiMTE0MDM1IiwiZ3VpZCI6Imh0dHBzOlwvXC9rYXRoLWFrYWRlbWllLWJheWVybi5kZVwvd3AtY29udGVudFwvdXBsb2Fkc1wvZGViYXR0ZV8yMDI1LTQucGRmIiwicGRmX3BhZ2VzIjoiODUiLCJwYWdlc19jdXN0b21pemF0aW9uIjoibm9uZSJ9LCJ0aHVtYm5haWwiOnsiZGF0YSI6eyJwb3N0X0lEIjoiMCJ9LCJ0eXBlIjoiYXV0byJ9LCJwcm9wcyI6eyJiYWNrZ3JvdW5kQ29sb3IiOiJhdXRvIiwiYmFja2dyb3VuZEltYWdlIjoiYXV0byIsImJhY2tncm91bmRTdHlsZSI6ImF1dG8iLCJoaWdobGlnaHRMaW5rcyI6ImF1dG8iLCJsaWdodGluZyI6ImF1dG8iLCJzaW5nbGVQYWdlTW9kZSI6ImF1dG8iLCJjYWNoZWRQYWdlcyI6ImF1dG8iLCJyZW5kZXJJbmFjdGl2ZVBhZ2VzIjoiYXV0byIsInJlbmRlckluYWN0aXZlUGFnZXNPbk1vYmlsZSI6ImF1dG8iLCJyZW5kZXJXaGlsZUZsaXBwaW5nIjoiYXV0byIsInByZWxvYWRQYWdlcyI6ImF1dG8iLCJhdXRvUGxheUR1cmF0aW9uIjoiYXV0byIsInJ0bCI6ImF1dG8iLCJpbnRlcmFjdGl2ZUNvcm5lcnMiOiJhdXRvIiwibWF4RGVwdGgiOiJhdXRvIiwic2hlZXQiOnsic3RhcnRWZWxvY2l0eSI6ImF1dG8iLCJ3YXZlIjoiYXV0byIsInNoYXBlIjoiYXV0byIsIndpZHRoVGV4ZWxzIjoiYXV0byIsImNvbG9yIjoiYXV0byIsInNpZGUiOiJhdXRvIiwic3RyZXRjaEltYWdlcyI6ImF1dG8iLCJjb3JuZXJEZXZpYXRpb24iOiJhdXRvIiwiZmxleGliaWxpdHkiOiJhdXRvIiwiZmxleGlibGVDb3JuZXIiOiJhdXRvIiwiYmVuZGluZyI6ImF1dG8iLCJoZWlnaHRUZXhlbHMiOiJhdXRvIn0sImNvdmVyIjp7IndhdmUiOiJhdXRvIiwiY29sb3IiOiJhdXRvIiwic2lkZSI6ImF1dG8iLCJzdHJldGNoSW1hZ2VzIjoiYXV0byIsImJpbmRlclRleHR1cmUiOiJhdXRvIiwiZGVwdGgiOiJhdXRvIiwicGFkZGluZyI6ImF1dG8iLCJzdGFydFZlbG9jaXR5IjoiYXV0byIsImZsZXhpYmlsaXR5IjoiYXV0byIsImZsZXhpYmxlQ29ybmVyIjoiYXV0byIsImJlbmRpbmciOiJhdXRvIiwid2lkdGhUZXhlbHMiOiJhdXRvIiwiaGVpZ2h0VGV4ZWxzIjoiYXV0byIsIm1hc3MiOiJhdXRvIiwic2hhcGUiOiJhdXRvIn0sInBhZ2UiOnsid2F2ZSI6ImF1dG8iLCJjb2xvciI6ImF1dG8iLCJzaWRlIjoiYXV0byIsInN0cmV0Y2hJbWFnZXMiOiJhdXRvIiwiZGVwdGgiOiJhdXRvIiwic3RhcnRWZWxvY2l0eSI6ImF1dG8iLCJmbGV4aWJpbGl0eSI6ImF1dG8iLCJmbGV4aWJsZUNvcm5lciI6ImF1dG8iLCJiZW5kaW5nIjoiYXV0byIsIndpZHRoVGV4ZWxzIjoiYXV0byIsImhlaWdodFRleGVscyI6ImF1dG8iLCJtYXNzIjoiYXV0byIsInNoYXBlIjoiYXV0byJ9LCJoZWlnaHQiOiJhdXRvIiwid2lkdGgiOiJhdXRvIiwiZ3Jhdml0eSI6ImF1dG8iLCJwYWdlc0ZvclByZWRpY3RpbmciOiJhdXRvIn0sImNvbnRyb2xQcm9wcyI6eyJhY3Rpb25zIjp7ImNtZFRvYyI6eyJlbmFibGVkIjoiYXV0byIsImVuYWJsZWRJbk5hcnJvdyI6ImF1dG8iLCJhY3RpdmUiOiJhdXRvIiwiZGVmYXVsdFRhYiI6ImF1dG8ifSwiY21kQXV0b1BsYXkiOnsiZW5hYmxlZCI6ImF1dG8iLCJlbmFibGVkSW5OYXJyb3ciOiJhdXRvIiwiYWN0aXZlIjoiYXV0byJ9LCJjbWRTYXZlIjp7ImVuYWJsZWQiOiJhdXRvIiwiZW5hYmxlZEluTmFycm93IjoiYXV0byJ9LCJjbWRQcmludCI6eyJlbmFibGVkIjoiYXV0byIsImVuYWJsZWRJbk5hcnJvdyI6ImF1dG8ifSwiY21kU2luZ2xlUGFnZSI6eyJlbmFibGVkIjoiYXV0byIsImVuYWJsZWRJbk5hcnJvdyI6ImF1dG8iLCJhY3RpdmUiOiJhdXRvIiwiYWN0aXZlRm9yTW9iaWxlIjoiYXV0byJ9LCJ3aWRUb29sYmFyIjp7ImVuYWJsZWQiOiJhdXRvIiwiZW5hYmxlZEluTmFycm93IjoiYXV0byJ9fX0sImF1dG9UaHVtYm5haWwiOiJodHRwczpcL1wva2F0aC1ha2FkZW1pZS1iYXllcm4uZGVcL3dwLWNvbnRlbnRcL3VwbG9hZHNcLzNkLWZsaXAtYm9va1wvYXV0by10aHVtYm5haWxzXC8xMTQwNjQucG5nIiwicG9zdF9uYW1lIjoiaGVmdC00LTIwMjUiLCJwb3N0X3R5cGUiOiIzZC1mbGlwLWJvb2sifX0sInBhZ2VzIjpbXSwiZmlyc3RQYWdlcyI6W119');window.FB3D_CLIENT_LOCALE && FB3D_CLIENT_LOCALE.render && FB3D_CLIENT_LOCALE.render();<\/script>                <\/div>\r\n                <div class=\"d-flex flex-wrap gap-4\">\r\n                    <div class=\"download-button elementor-widget-button elementor-button-primary\">\r\n                        <a href=\"https:\/\/kath-akademie-bayern.de\/wp-content\/uploads\/debatte_2025-4.pdf\" target=\"_blank\" class=\"elementor-button\">Download<\/a>\r\n                    <\/div>\r\n                                            <div class=\"download-button elementor-widget-button elementor-button-primary\">\r\n                            <button class=\"elementor-button d-flex align-items-center gap-3\" type=\"button\" data-bs-toggle=\"collapse\" data-bs-target=\"#modal-debate-heft-4-2025-media-list-69f34af683d5f\" aria-expanded=\"false\" aria-controls=\"modal-debate-heft-4-2025-media-list-69f34af683d5f\">\r\n                                <span class=\"elementor-button-text\">Artikel<\/span>\r\n                                <i class=\"fas fa-chevron-down\" aria-hidden=\"true\"><\/i>\r\n                            <\/button>\r\n                        <\/div>\r\n                                    <\/div>\r\n\r\n                <div class=\"debate-list collapse mt-6\" id=\"modal-debate-heft-4-2025-media-list-69f34af683d5f\" data-bs-parent=\"#latest-debate-list\">\n            <div class=\"debate-list-item\">\n            <div class=\"debate-inner d-flex justify-content-between align-items-center\">\n                <div class=\"debate-list-content\">\n                    <div class=\"debate-excerpt fw-normal\"><\/div>\n                    <div class=\"debate-name w-auto\">\n                        <a href=\"https:\/\/kath-akademie-bayern.de\/en\/mediathek-eintrag\/die-dritte-gewalt-in-gefahr-akademiegespraech-am-mittag-vom-17-september-2025-mit-prof-dr-angelika-nussberger-und-dr-hans-joachim-hessler\/\" target=\"_blank\">Die Dritte Gewalt in Gefahr<\/a>\n                    <\/div>\n                    <div class=\"debate-excerpt\">Akademiegespr\u00e4ch am Mittag vom 17. September 2025 mit Prof. Dr. Angelika Nu\u00dfberger und Dr. Hans-Joachim He\u00dfler<\/div>\n                <\/div>\n\n                <div class=\"debate-icon\">\n                    <a href=\"https:\/\/kath-akademie-bayern.de\/en\/mediathek-eintrag\/die-dritte-gewalt-in-gefahr-akademiegespraech-am-mittag-vom-17-september-2025-mit-prof-dr-angelika-nussberger-und-dr-hans-joachim-hessler\/\" target=\"_blank\" class=\"elementor-button debate-arrow\">\n                        <span class=\"screen-reader-text\">Download file<\/span>\n                        <i class=\"fas fa-file\" aria-hidden=\"true\"><\/i>\n                    <\/a>\n                <\/div>\n            <\/div>\n        <\/div>\n                    <div class=\"debate-list-item\">\n            <div class=\"debate-inner d-flex justify-content-between align-items-center\">\n                <div class=\"debate-list-content\">\n                    <div class=\"debate-excerpt fw-normal\"><\/div>\n                    <div class=\"debate-name w-auto\">\n                        <a href=\"https:\/\/kath-akademie-bayern.de\/en\/mediathek-eintrag\/bodenlose-ungerechtigkeit-gesellschaftspolitische-implikationen-der-aktuellen-bodenpreisentwicklung\/\" target=\"_blank\">Bottomless injustice<\/a>\n                    <\/div>\n                    <div class=\"debate-excerpt\">Gesellschaftspolitische Implikationen der aktuellen Bodenpreisentwicklung<\/div>\n                <\/div>\n\n                <div class=\"debate-icon\">\n                    <a href=\"https:\/\/kath-akademie-bayern.de\/en\/mediathek-eintrag\/bodenlose-ungerechtigkeit-gesellschaftspolitische-implikationen-der-aktuellen-bodenpreisentwicklung\/\" target=\"_blank\" class=\"elementor-button debate-arrow\">\n                        <span class=\"screen-reader-text\">Download file<\/span>\n                        <i class=\"fas fa-file\" aria-hidden=\"true\"><\/i>\n                    <\/a>\n                <\/div>\n            <\/div>\n        <\/div>\n                    <div class=\"debate-list-item\">\n            <div class=\"debate-inner d-flex justify-content-between align-items-center\">\n                <div class=\"debate-list-content\">\n                    <div class=\"debate-excerpt fw-normal\"><a href=\"https:\/\/kath-akademie-bayern.de\/en\/referent\/prof-dr-irmtraud-fischer\/\" target=\"_blank\">Fischer, Irmtraud<\/a><\/div>\n                    <div class=\"debate-name w-auto\">\n                        <a href=\"https:\/\/kath-akademie-bayern.de\/en\/mediathek-eintrag\/queere-identitaeten-im-alten-testament-eine-exegetische-spurensuche-jenseits-binaerer-geschlechter\/\" target=\"_blank\">Queere Identit\u00e4ten im Alten Testament<\/a>\n                    <\/div>\n                    <div class=\"debate-excerpt\">Eine exegetische Spurensuche jenseits bin\u00e4rer Geschlechter<\/div>\n                <\/div>\n\n                <div class=\"debate-icon\">\n                    <a href=\"https:\/\/kath-akademie-bayern.de\/en\/mediathek-eintrag\/queere-identitaeten-im-alten-testament-eine-exegetische-spurensuche-jenseits-binaerer-geschlechter\/\" target=\"_blank\" class=\"elementor-button debate-arrow\">\n                        <span class=\"screen-reader-text\">Download file<\/span>\n                        <i class=\"fas fa-file\" aria-hidden=\"true\"><\/i>\n                    <\/a>\n                <\/div>\n            <\/div>\n        <\/div>\n                    <div class=\"debate-list-item\">\n            <div class=\"debate-inner d-flex justify-content-between align-items-center\">\n                <div class=\"debate-list-content\">\n                    <div class=\"debate-excerpt fw-normal\"><\/div>\n                    <div class=\"debate-name w-auto\">\n                        <a href=\"https:\/\/kath-akademie-bayern.de\/en\/mediathek-eintrag\/geschlechtliche-vielfalt-im-kirchlichen-raum-ein-tagungsbericht-zur-zweiten-veranstaltung-zum-thema-inter-und-trans\/\" target=\"_blank\">Geschlechtliche Vielfalt im kirchlichen Raum<\/a>\n                    <\/div>\n                    <div class=\"debate-excerpt\">Ein Tagungsbericht zur zweiten Veranstaltung zum Thema Inter* und Trans*<\/div>\n                <\/div>\n\n                <div class=\"debate-icon\">\n                    <a href=\"https:\/\/kath-akademie-bayern.de\/en\/mediathek-eintrag\/geschlechtliche-vielfalt-im-kirchlichen-raum-ein-tagungsbericht-zur-zweiten-veranstaltung-zum-thema-inter-und-trans\/\" target=\"_blank\" class=\"elementor-button debate-arrow\">\n                        <span class=\"screen-reader-text\">Download file<\/span>\n                        <i class=\"fas fa-file\" aria-hidden=\"true\"><\/i>\n                    <\/a>\n                <\/div>\n            <\/div>\n        <\/div>\n                    <div class=\"debate-list-item\">\n            <div class=\"debate-inner d-flex justify-content-between align-items-center\">\n                <div class=\"debate-list-content\">\n                    <div class=\"debate-excerpt fw-normal\"><\/div>\n                    <div class=\"debate-name w-auto\">\n                        <a href=\"https:\/\/kath-akademie-bayern.de\/en\/mediathek-eintrag\/transformation-der-landnutzung-zukunftsverantwortung-fuer-gesellschaft-politik-und-land-wirtschaft-2\/\" target=\"_blank\">Transformation der Landnutzung<\/a>\n                    <\/div>\n                    <div class=\"debate-excerpt\">Zukunftsverantwortung f\u00fcr Gesellschaft, Politik und Land-Wirtschaft<\/div>\n                <\/div>\n\n                <div class=\"debate-icon\">\n                    <a href=\"https:\/\/kath-akademie-bayern.de\/en\/mediathek-eintrag\/transformation-der-landnutzung-zukunftsverantwortung-fuer-gesellschaft-politik-und-land-wirtschaft-2\/\" target=\"_blank\" class=\"elementor-button debate-arrow\">\n                        <span class=\"screen-reader-text\">Download file<\/span>\n                        <i class=\"fas fa-file\" aria-hidden=\"true\"><\/i>\n                    <\/a>\n                <\/div>\n            <\/div>\n        <\/div>\n                    <div class=\"debate-list-item\">\n            <div class=\"debate-inner d-flex justify-content-between align-items-center\">\n                <div class=\"debate-list-content\">\n                    <div class=\"debate-excerpt fw-normal\"><a href=\"https:\/\/kath-akademie-bayern.de\/en\/referent\/prof-dr-hanna-barbara-gerl-falkovitz\/\" target=\"_blank\">Gerl-Falkovitz, Prof. Dr. Hanna-Barbara<\/a><\/div>\n                    <div class=\"debate-name w-auto\">\n                        <a href=\"https:\/\/kath-akademie-bayern.de\/en\/mediathek-eintrag\/das-jahr-des-herrn-im-rosenkranz-zur-beziehung-von-christologie-und-mariologie-bei-romano-guardini\/\" target=\"_blank\">Das Jahr des Herrn im Rosenkranz<\/a>\n                    <\/div>\n                    <div class=\"debate-excerpt\">Zur Beziehung von Christologie und Mariologie bei Romano Guardini<\/div>\n                <\/div>\n\n                <div class=\"debate-icon\">\n                    <a href=\"https:\/\/kath-akademie-bayern.de\/en\/mediathek-eintrag\/das-jahr-des-herrn-im-rosenkranz-zur-beziehung-von-christologie-und-mariologie-bei-romano-guardini\/\" target=\"_blank\" class=\"elementor-button debate-arrow\">\n                        <span class=\"screen-reader-text\">Download file<\/span>\n                        <i class=\"fas fa-file\" aria-hidden=\"true\"><\/i>\n                    <\/a>\n                <\/div>\n            <\/div>\n        <\/div>\n                    <div class=\"debate-list-item\">\n            <div class=\"debate-inner d-flex justify-content-between align-items-center\">\n                <div class=\"debate-list-content\">\n                    <div class=\"debate-excerpt fw-normal\"><a href=\"https:\/\/kath-akademie-bayern.de\/en\/referent\/prof-dr-ludger-schwienhorst-schoenberger\/\" target=\"_blank\">Schwienhorst-Sch\u00f6nberger, Prof. Dr. Ludger<\/a><\/div>\n                    <div class=\"debate-name w-auto\">\n                        <a href=\"https:\/\/kath-akademie-bayern.de\/en\/mediathek-eintrag\/die-psalmen-und-das-gebet-der-sammlung-bei-romano-guardini\/\" target=\"_blank\">Die Psalmen und das Gebet der Sammlung bei Romano Guardini<\/a>\n                    <\/div>\n                    <div class=\"debate-excerpt\"><\/div>\n                <\/div>\n\n                <div class=\"debate-icon\">\n                    <a href=\"https:\/\/kath-akademie-bayern.de\/en\/mediathek-eintrag\/die-psalmen-und-das-gebet-der-sammlung-bei-romano-guardini\/\" target=\"_blank\" class=\"elementor-button debate-arrow\">\n                        <span class=\"screen-reader-text\">Download file<\/span>\n                        <i class=\"fas fa-file\" aria-hidden=\"true\"><\/i>\n                    <\/a>\n                <\/div>\n            <\/div>\n        <\/div>\n                    <div class=\"debate-list-item\">\n            <div class=\"debate-inner d-flex justify-content-between align-items-center\">\n                <div class=\"debate-list-content\">\n                    <div class=\"debate-excerpt fw-normal\"><a href=\"https:\/\/kath-akademie-bayern.de\/en\/referent\/prof-dr-wolfgang-augustyn\/\" target=\"_blank\">Augustyn, Wolfgang<\/a><\/div>\n                    <div class=\"debate-name w-auto\">\n                        <a href=\"https:\/\/kath-akademie-bayern.de\/en\/mediathek-eintrag\/wie-soll-man-beten-beispiele-aus-der-kunst-veranschaulichen-den-sichtbaren-ausdruck-des-gebets\/\" target=\"_blank\">Wie soll man beten?<\/a>\n                    <\/div>\n                    <div class=\"debate-excerpt\">Beispiele aus der Kunst veranschaulichen den sichtbaren Ausdruck des Gebets<\/div>\n                <\/div>\n\n                <div class=\"debate-icon\">\n                    <a href=\"https:\/\/kath-akademie-bayern.de\/en\/mediathek-eintrag\/wie-soll-man-beten-beispiele-aus-der-kunst-veranschaulichen-den-sichtbaren-ausdruck-des-gebets\/\" target=\"_blank\" class=\"elementor-button debate-arrow\">\n                        <span class=\"screen-reader-text\">Download file<\/span>\n                        <i class=\"fas fa-file\" aria-hidden=\"true\"><\/i>\n                    <\/a>\n                <\/div>\n            <\/div>\n        <\/div>\n                    <div class=\"debate-list-item\">\n            <div class=\"debate-inner d-flex justify-content-between align-items-center\">\n                <div class=\"debate-list-content\">\n                    <div class=\"debate-excerpt fw-normal\"><\/div>\n                    <div class=\"debate-name w-auto\">\n                        <a href=\"https:\/\/kath-akademie-bayern.de\/en\/mediathek-eintrag\/ins-gebet-genommen-ein-tagungsbericht-vom-guardini-tag-2025\/\" target=\"_blank\">Ins Gebet genommen<\/a>\n                    <\/div>\n                    <div class=\"debate-excerpt\">Ein Tagungsbericht vom Guardini-Tag 2025<\/div>\n                <\/div>\n\n                <div class=\"debate-icon\">\n                    <a href=\"https:\/\/kath-akademie-bayern.de\/en\/mediathek-eintrag\/ins-gebet-genommen-ein-tagungsbericht-vom-guardini-tag-2025\/\" target=\"_blank\" class=\"elementor-button debate-arrow\">\n                        <span class=\"screen-reader-text\">Download file<\/span>\n                        <i class=\"fas fa-file\" aria-hidden=\"true\"><\/i>\n                    <\/a>\n                <\/div>\n            <\/div>\n        <\/div>\n                    <div class=\"debate-list-item\">\n            <div class=\"debate-inner d-flex justify-content-between align-items-center\">\n                <div class=\"debate-list-content\">\n                    <div class=\"debate-excerpt fw-normal\"><\/div>\n                    <div class=\"debate-name w-auto\">\n                        <a href=\"https:\/\/kath-akademie-bayern.de\/en\/mediathek-eintrag\/wie-kann-musik-ein-leben-veraendern-dirigent-sir-simon-rattle-zu-gast\/\" target=\"_blank\">How can music change a life?<\/a>\n                    <\/div>\n                    <div class=\"debate-excerpt\">Dirigent Sir Simon Rattle zu Gast<\/div>\n                <\/div>\n\n                <div class=\"debate-icon\">\n                    <a href=\"https:\/\/kath-akademie-bayern.de\/en\/mediathek-eintrag\/wie-kann-musik-ein-leben-veraendern-dirigent-sir-simon-rattle-zu-gast\/\" target=\"_blank\" class=\"elementor-button debate-arrow\">\n                        <span class=\"screen-reader-text\">Download file<\/span>\n                        <i class=\"fas fa-file\" aria-hidden=\"true\"><\/i>\n                    <\/a>\n                <\/div>\n            <\/div>\n        <\/div>\n                    <div class=\"debate-list-item\">\n            <div class=\"debate-inner d-flex justify-content-between align-items-center\">\n                <div class=\"debate-list-content\">\n                    <div class=\"debate-excerpt fw-normal\"><a href=\"https:\/\/kath-akademie-bayern.de\/en\/referent\/prof-dr-markus-vogt\/\" target=\"_blank\">Vogt, Markus<\/a><\/div>\n                    <div class=\"debate-name w-auto\">\n                        <a href=\"https:\/\/kath-akademie-bayern.de\/en\/mediathek-eintrag\/neue-batterietechniken-als-unterpfand-fuer-mikrooptomismus-eine-sozialethische-einordnung\/\" target=\"_blank\">Neue Batterietechniken als Unterpfand f\u00fcr Mikrooptomismus<\/a>\n                    <\/div>\n                    <div class=\"debate-excerpt\">A socio-ethical classification<\/div>\n                <\/div>\n\n                <div class=\"debate-icon\">\n                    <a href=\"https:\/\/kath-akademie-bayern.de\/en\/mediathek-eintrag\/neue-batterietechniken-als-unterpfand-fuer-mikrooptomismus-eine-sozialethische-einordnung\/\" target=\"_blank\" class=\"elementor-button debate-arrow\">\n                        <span class=\"screen-reader-text\">Download file<\/span>\n                        <i class=\"fas fa-file\" aria-hidden=\"true\"><\/i>\n                    <\/a>\n                <\/div>\n            <\/div>\n        <\/div>\n                    <div class=\"debate-list-item\">\n            <div class=\"debate-inner d-flex justify-content-between align-items-center\">\n                <div class=\"debate-list-content\">\n                    <div class=\"debate-excerpt fw-normal\"><\/div>\n                    <div class=\"debate-name w-auto\">\n                        <a href=\"https:\/\/kath-akademie-bayern.de\/en\/mediathek-eintrag\/mehr-streit-wagen-die-thesen-aus-dem-fachvortrag-von-christian-boeser\/\" target=\"_blank\">Mehr Streit wagen!<\/a>\n                    <\/div>\n                    <div class=\"debate-excerpt\">Die Thesen aus dem Fachvortrag von Christian Boeser<\/div>\n                <\/div>\n\n                <div class=\"debate-icon\">\n                    <a href=\"https:\/\/kath-akademie-bayern.de\/en\/mediathek-eintrag\/mehr-streit-wagen-die-thesen-aus-dem-fachvortrag-von-christian-boeser\/\" target=\"_blank\" class=\"elementor-button debate-arrow\">\n                        <span class=\"screen-reader-text\">Download file<\/span>\n                        <i class=\"fas fa-file\" aria-hidden=\"true\"><\/i>\n                    <\/a>\n                <\/div>\n            <\/div>\n        <\/div>\n                    <div class=\"debate-list-item\">\n            <div class=\"debate-inner d-flex justify-content-between align-items-center\">\n                <div class=\"debate-list-content\">\n                    <div class=\"debate-excerpt fw-normal\"><\/div>\n                    <div class=\"debate-name w-auto\">\n                        <a href=\"https:\/\/kath-akademie-bayern.de\/en\/mediathek-eintrag\/orientierung-bieten-begegnung-ermoeglichen-ein-tagungsbericht-ueber-die-mitgliederversammlung-der-keb-2025\/\" target=\"_blank\">Orientierung bieten, Begegnung erm\u00f6glichen<\/a>\n                    <\/div>\n                    <div class=\"debate-excerpt\">Ein Tagungsbericht \u00fcber die Mitgliederversammlung der KEB 2025<\/div>\n                <\/div>\n\n                <div class=\"debate-icon\">\n                    <a href=\"https:\/\/kath-akademie-bayern.de\/en\/mediathek-eintrag\/orientierung-bieten-begegnung-ermoeglichen-ein-tagungsbericht-ueber-die-mitgliederversammlung-der-keb-2025\/\" target=\"_blank\" class=\"elementor-button debate-arrow\">\n                        <span class=\"screen-reader-text\">Download file<\/span>\n                        <i class=\"fas fa-file\" aria-hidden=\"true\"><\/i>\n                    <\/a>\n                <\/div>\n            <\/div>\n        <\/div>\n                    <div class=\"debate-list-item\">\n            <div class=\"debate-inner d-flex justify-content-between align-items-center\">\n                <div class=\"debate-list-content\">\n                    <div class=\"debate-excerpt fw-normal\"><a href=\"https:\/\/kath-akademie-bayern.de\/en\/referent\/prof-dr-michael-bongardt\/\" target=\"_blank\">Bongardt, Michael<\/a><\/div>\n                    <div class=\"debate-name w-auto\">\n                        <a href=\"https:\/\/kath-akademie-bayern.de\/en\/mediathek-eintrag\/die-religion-und-ihre-bilder\/\" target=\"_blank\">Die Religion und ihre Bilder<\/a>\n                    <\/div>\n                    <div class=\"debate-excerpt\"><\/div>\n                <\/div>\n\n                <div class=\"debate-icon\">\n                    <a href=\"https:\/\/kath-akademie-bayern.de\/en\/mediathek-eintrag\/die-religion-und-ihre-bilder\/\" target=\"_blank\" class=\"elementor-button debate-arrow\">\n                        <span class=\"screen-reader-text\">Download file<\/span>\n                        <i class=\"fas fa-file\" aria-hidden=\"true\"><\/i>\n                    <\/a>\n                <\/div>\n            <\/div>\n        <\/div>\n                    <div class=\"debate-list-item\">\n            <div class=\"debate-inner d-flex justify-content-between align-items-center\">\n                <div class=\"debate-list-content\">\n                    <div class=\"debate-excerpt fw-normal\"><a href=\"https:\/\/kath-akademie-bayern.de\/en\/referent\/prof-dr-klaus-bieberstein-2\/\" target=\"_blank\">Bieberstein, Klaus<\/a><\/div>\n                    <div class=\"debate-name w-auto\">\n                        <a href=\"https:\/\/kath-akademie-bayern.de\/en\/mediathek-eintrag\/sich-orientieren-jerusalems-sinnlandschaft-mythologisch-gelesen\/\" target=\"_blank\">Sich orientieren<\/a>\n                    <\/div>\n                    <div class=\"debate-excerpt\">Jerusalems Sinnlandschaft mythologisch gelesen<\/div>\n                <\/div>\n\n                <div class=\"debate-icon\">\n                    <a href=\"https:\/\/kath-akademie-bayern.de\/en\/mediathek-eintrag\/sich-orientieren-jerusalems-sinnlandschaft-mythologisch-gelesen\/\" target=\"_blank\" class=\"elementor-button debate-arrow\">\n                        <span class=\"screen-reader-text\">Download file<\/span>\n                        <i class=\"fas fa-file\" aria-hidden=\"true\"><\/i>\n                    <\/a>\n                <\/div>\n            <\/div>\n        <\/div>\n                    <div class=\"debate-list-item\">\n            <div class=\"debate-inner d-flex justify-content-between align-items-center\">\n                <div class=\"debate-list-content\">\n                    <div class=\"debate-excerpt fw-normal\"><a href=\"https:\/\/kath-akademie-bayern.de\/en\/referent\/prof-dr-klaus-bieberstein-2\/\" target=\"_blank\">Bieberstein, Klaus<\/a><\/div>\n                    <div class=\"debate-name w-auto\">\n                        <a href=\"https:\/\/kath-akademie-bayern.de\/en\/mediathek-eintrag\/festhalten-an-dem-was-aussteht-eschatologische-texte-mythologisch-lesen\/\" target=\"_blank\">Festhalten an dem, was aussteht<\/a>\n                    <\/div>\n                    <div class=\"debate-excerpt\">Eschatologische Texte mythologisch lesen<\/div>\n                <\/div>\n\n                <div class=\"debate-icon\">\n                    <a href=\"https:\/\/kath-akademie-bayern.de\/en\/mediathek-eintrag\/festhalten-an-dem-was-aussteht-eschatologische-texte-mythologisch-lesen\/\" target=\"_blank\" class=\"elementor-button debate-arrow\">\n                        <span class=\"screen-reader-text\">Download file<\/span>\n                        <i class=\"fas fa-file\" aria-hidden=\"true\"><\/i>\n                    <\/a>\n                <\/div>\n            <\/div>\n        <\/div>\n                    <div class=\"debate-list-item\">\n            <div class=\"debate-inner d-flex justify-content-between align-items-center\">\n                <div class=\"debate-list-content\">\n                    <div class=\"debate-excerpt fw-normal\"><a href=\"https:\/\/kath-akademie-bayern.de\/en\/referent\/prof-dr-klaus-bieberstein-2\/\" target=\"_blank\">Bieberstein, Klaus<\/a><\/div>\n                    <div class=\"debate-name w-auto\">\n                        <a href=\"https:\/\/kath-akademie-bayern.de\/en\/mediathek-eintrag\/formulieren-was-der-mensch-ist-schoepfungserzaehlungen-mythologisch-gelesen\/\" target=\"_blank\">Formulieren, was der Mensch ist<\/a>\n                    <\/div>\n                    <div class=\"debate-excerpt\">Sch\u00f6pfungserz\u00e4hlungen mythologisch gelesen<\/div>\n                <\/div>\n\n                <div class=\"debate-icon\">\n                    <a href=\"https:\/\/kath-akademie-bayern.de\/en\/mediathek-eintrag\/formulieren-was-der-mensch-ist-schoepfungserzaehlungen-mythologisch-gelesen\/\" target=\"_blank\" class=\"elementor-button debate-arrow\">\n                        <span class=\"screen-reader-text\">Download file<\/span>\n                        <i class=\"fas fa-file\" aria-hidden=\"true\"><\/i>\n                    <\/a>\n                <\/div>\n            <\/div>\n        <\/div>\n                    <div class=\"debate-list-item\">\n            <div class=\"debate-inner d-flex justify-content-between align-items-center\">\n                <div class=\"debate-list-content\">\n                    <div class=\"debate-excerpt fw-normal\"><a href=\"https:\/\/kath-akademie-bayern.de\/en\/referent\/prof-dr-michael-bongardt\/\" target=\"_blank\">Bongardt, Michael<\/a><\/div>\n                    <div class=\"debate-name w-auto\">\n                        <a href=\"https:\/\/kath-akademie-bayern.de\/en\/mediathek-eintrag\/der-mythos-urform-menschlicher-kultur\/\" target=\"_blank\">Der Mythos &#8211; Urform menschlicher Kultur<\/a>\n                    <\/div>\n                    <div class=\"debate-excerpt\"><\/div>\n                <\/div>\n\n                <div class=\"debate-icon\">\n                    <a href=\"https:\/\/kath-akademie-bayern.de\/en\/mediathek-eintrag\/der-mythos-urform-menschlicher-kultur\/\" target=\"_blank\" class=\"elementor-button debate-arrow\">\n                        <span class=\"screen-reader-text\">Download file<\/span>\n                        <i class=\"fas fa-file\" aria-hidden=\"true\"><\/i>\n                    <\/a>\n                <\/div>\n            <\/div>\n        <\/div>\n            <\/div>\n            <\/div>\r\n        <\/div>\r\n    <\/div>\r\n<\/div>\r\n<\/div>\r\n<div class=\"w-100 p-0 order-last\">\r\n    <div class=\"debate-list collapse mt-6\" id=\"list-debate-heft-4-202569f34af6791c0\" data-bs-parent=\"#latest-debate-list\">\n            <div class=\"debate-list-item\">\n            <div class=\"debate-inner d-flex justify-content-between align-items-center\">\n                <div class=\"debate-list-content\">\n                    <div class=\"debate-excerpt fw-normal\"><\/div>\n                    <div class=\"debate-name w-auto\">\n                        <a href=\"https:\/\/kath-akademie-bayern.de\/en\/mediathek-eintrag\/die-dritte-gewalt-in-gefahr-akademiegespraech-am-mittag-vom-17-september-2025-mit-prof-dr-angelika-nussberger-und-dr-hans-joachim-hessler\/\" target=\"_blank\">Die Dritte Gewalt in Gefahr<\/a>\n                    <\/div>\n                    <div class=\"debate-excerpt\">Akademiegespr\u00e4ch am Mittag vom 17. September 2025 mit Prof. Dr. Angelika Nu\u00dfberger und Dr. Hans-Joachim He\u00dfler<\/div>\n                <\/div>\n\n                <div class=\"debate-icon\">\n                    <a href=\"https:\/\/kath-akademie-bayern.de\/en\/mediathek-eintrag\/die-dritte-gewalt-in-gefahr-akademiegespraech-am-mittag-vom-17-september-2025-mit-prof-dr-angelika-nussberger-und-dr-hans-joachim-hessler\/\" target=\"_blank\" class=\"elementor-button debate-arrow\">\n                        <span class=\"screen-reader-text\">Download file<\/span>\n                        <i class=\"fas fa-file\" aria-hidden=\"true\"><\/i>\n                    <\/a>\n                <\/div>\n            <\/div>\n        <\/div>\n                    <div class=\"debate-list-item\">\n            <div class=\"debate-inner d-flex justify-content-between align-items-center\">\n                <div class=\"debate-list-content\">\n                    <div class=\"debate-excerpt fw-normal\"><\/div>\n                    <div class=\"debate-name w-auto\">\n                        <a href=\"https:\/\/kath-akademie-bayern.de\/en\/mediathek-eintrag\/bodenlose-ungerechtigkeit-gesellschaftspolitische-implikationen-der-aktuellen-bodenpreisentwicklung\/\" target=\"_blank\">Bottomless injustice<\/a>\n                    <\/div>\n                    <div class=\"debate-excerpt\">Gesellschaftspolitische Implikationen der aktuellen Bodenpreisentwicklung<\/div>\n                <\/div>\n\n                <div class=\"debate-icon\">\n                    <a href=\"https:\/\/kath-akademie-bayern.de\/en\/mediathek-eintrag\/bodenlose-ungerechtigkeit-gesellschaftspolitische-implikationen-der-aktuellen-bodenpreisentwicklung\/\" target=\"_blank\" class=\"elementor-button debate-arrow\">\n                        <span class=\"screen-reader-text\">Download file<\/span>\n                        <i class=\"fas fa-file\" aria-hidden=\"true\"><\/i>\n                    <\/a>\n                <\/div>\n            <\/div>\n        <\/div>\n                    <div class=\"debate-list-item\">\n            <div class=\"debate-inner d-flex justify-content-between align-items-center\">\n                <div class=\"debate-list-content\">\n                    <div class=\"debate-excerpt fw-normal\"><a href=\"https:\/\/kath-akademie-bayern.de\/en\/referent\/prof-dr-irmtraud-fischer\/\" target=\"_blank\">Fischer, Irmtraud<\/a><\/div>\n                    <div class=\"debate-name w-auto\">\n                        <a href=\"https:\/\/kath-akademie-bayern.de\/en\/mediathek-eintrag\/queere-identitaeten-im-alten-testament-eine-exegetische-spurensuche-jenseits-binaerer-geschlechter\/\" target=\"_blank\">Queere Identit\u00e4ten im Alten Testament<\/a>\n                    <\/div>\n                    <div class=\"debate-excerpt\">Eine exegetische Spurensuche jenseits bin\u00e4rer Geschlechter<\/div>\n                <\/div>\n\n                <div class=\"debate-icon\">\n                    <a href=\"https:\/\/kath-akademie-bayern.de\/en\/mediathek-eintrag\/queere-identitaeten-im-alten-testament-eine-exegetische-spurensuche-jenseits-binaerer-geschlechter\/\" target=\"_blank\" class=\"elementor-button debate-arrow\">\n                        <span class=\"screen-reader-text\">Download file<\/span>\n                        <i class=\"fas fa-file\" aria-hidden=\"true\"><\/i>\n                    <\/a>\n                <\/div>\n            <\/div>\n        <\/div>\n                    <div class=\"debate-list-item\">\n            <div class=\"debate-inner d-flex justify-content-between align-items-center\">\n                <div class=\"debate-list-content\">\n                    <div class=\"debate-excerpt fw-normal\"><\/div>\n                    <div class=\"debate-name w-auto\">\n                        <a href=\"https:\/\/kath-akademie-bayern.de\/en\/mediathek-eintrag\/geschlechtliche-vielfalt-im-kirchlichen-raum-ein-tagungsbericht-zur-zweiten-veranstaltung-zum-thema-inter-und-trans\/\" target=\"_blank\">Geschlechtliche Vielfalt im kirchlichen Raum<\/a>\n                    <\/div>\n                    <div class=\"debate-excerpt\">Ein Tagungsbericht zur zweiten Veranstaltung zum Thema Inter* und Trans*<\/div>\n                <\/div>\n\n                <div class=\"debate-icon\">\n                    <a href=\"https:\/\/kath-akademie-bayern.de\/en\/mediathek-eintrag\/geschlechtliche-vielfalt-im-kirchlichen-raum-ein-tagungsbericht-zur-zweiten-veranstaltung-zum-thema-inter-und-trans\/\" target=\"_blank\" class=\"elementor-button debate-arrow\">\n                        <span class=\"screen-reader-text\">Download file<\/span>\n                        <i class=\"fas fa-file\" aria-hidden=\"true\"><\/i>\n                    <\/a>\n                <\/div>\n            <\/div>\n        <\/div>\n                    <div class=\"debate-list-item\">\n            <div class=\"debate-inner d-flex justify-content-between align-items-center\">\n                <div class=\"debate-list-content\">\n                    <div class=\"debate-excerpt fw-normal\"><\/div>\n                    <div class=\"debate-name w-auto\">\n                        <a href=\"https:\/\/kath-akademie-bayern.de\/en\/mediathek-eintrag\/transformation-der-landnutzung-zukunftsverantwortung-fuer-gesellschaft-politik-und-land-wirtschaft-2\/\" target=\"_blank\">Transformation der Landnutzung<\/a>\n                    <\/div>\n                    <div class=\"debate-excerpt\">Zukunftsverantwortung f\u00fcr Gesellschaft, Politik und Land-Wirtschaft<\/div>\n                <\/div>\n\n                <div class=\"debate-icon\">\n                    <a href=\"https:\/\/kath-akademie-bayern.de\/en\/mediathek-eintrag\/transformation-der-landnutzung-zukunftsverantwortung-fuer-gesellschaft-politik-und-land-wirtschaft-2\/\" target=\"_blank\" class=\"elementor-button debate-arrow\">\n                        <span class=\"screen-reader-text\">Download file<\/span>\n                        <i class=\"fas fa-file\" aria-hidden=\"true\"><\/i>\n                    <\/a>\n                <\/div>\n            <\/div>\n        <\/div>\n                    <div class=\"debate-list-item\">\n            <div class=\"debate-inner d-flex justify-content-between align-items-center\">\n                <div class=\"debate-list-content\">\n                    <div class=\"debate-excerpt fw-normal\"><a href=\"https:\/\/kath-akademie-bayern.de\/en\/referent\/prof-dr-hanna-barbara-gerl-falkovitz\/\" target=\"_blank\">Gerl-Falkovitz, Prof. Dr. Hanna-Barbara<\/a><\/div>\n                    <div class=\"debate-name w-auto\">\n                        <a href=\"https:\/\/kath-akademie-bayern.de\/en\/mediathek-eintrag\/das-jahr-des-herrn-im-rosenkranz-zur-beziehung-von-christologie-und-mariologie-bei-romano-guardini\/\" target=\"_blank\">Das Jahr des Herrn im Rosenkranz<\/a>\n                    <\/div>\n                    <div class=\"debate-excerpt\">Zur Beziehung von Christologie und Mariologie bei Romano Guardini<\/div>\n                <\/div>\n\n                <div class=\"debate-icon\">\n                    <a href=\"https:\/\/kath-akademie-bayern.de\/en\/mediathek-eintrag\/das-jahr-des-herrn-im-rosenkranz-zur-beziehung-von-christologie-und-mariologie-bei-romano-guardini\/\" target=\"_blank\" class=\"elementor-button debate-arrow\">\n                        <span class=\"screen-reader-text\">Download file<\/span>\n                        <i class=\"fas fa-file\" aria-hidden=\"true\"><\/i>\n                    <\/a>\n                <\/div>\n            <\/div>\n        <\/div>\n                    <div class=\"debate-list-item\">\n            <div class=\"debate-inner d-flex justify-content-between align-items-center\">\n                <div class=\"debate-list-content\">\n                    <div class=\"debate-excerpt fw-normal\"><a href=\"https:\/\/kath-akademie-bayern.de\/en\/referent\/prof-dr-ludger-schwienhorst-schoenberger\/\" target=\"_blank\">Schwienhorst-Sch\u00f6nberger, Prof. Dr. Ludger<\/a><\/div>\n                    <div class=\"debate-name w-auto\">\n                        <a href=\"https:\/\/kath-akademie-bayern.de\/en\/mediathek-eintrag\/die-psalmen-und-das-gebet-der-sammlung-bei-romano-guardini\/\" target=\"_blank\">Die Psalmen und das Gebet der Sammlung bei Romano Guardini<\/a>\n                    <\/div>\n                    <div class=\"debate-excerpt\"><\/div>\n                <\/div>\n\n                <div class=\"debate-icon\">\n                    <a href=\"https:\/\/kath-akademie-bayern.de\/en\/mediathek-eintrag\/die-psalmen-und-das-gebet-der-sammlung-bei-romano-guardini\/\" target=\"_blank\" class=\"elementor-button debate-arrow\">\n                        <span class=\"screen-reader-text\">Download file<\/span>\n                        <i class=\"fas fa-file\" aria-hidden=\"true\"><\/i>\n                    <\/a>\n                <\/div>\n            <\/div>\n        <\/div>\n                    <div class=\"debate-list-item\">\n            <div class=\"debate-inner d-flex justify-content-between align-items-center\">\n                <div class=\"debate-list-content\">\n                    <div class=\"debate-excerpt fw-normal\"><a href=\"https:\/\/kath-akademie-bayern.de\/en\/referent\/prof-dr-wolfgang-augustyn\/\" target=\"_blank\">Augustyn, Wolfgang<\/a><\/div>\n                    <div class=\"debate-name w-auto\">\n                        <a href=\"https:\/\/kath-akademie-bayern.de\/en\/mediathek-eintrag\/wie-soll-man-beten-beispiele-aus-der-kunst-veranschaulichen-den-sichtbaren-ausdruck-des-gebets\/\" target=\"_blank\">Wie soll man beten?<\/a>\n                    <\/div>\n                    <div class=\"debate-excerpt\">Beispiele aus der Kunst veranschaulichen den sichtbaren Ausdruck des Gebets<\/div>\n                <\/div>\n\n                <div class=\"debate-icon\">\n                    <a href=\"https:\/\/kath-akademie-bayern.de\/en\/mediathek-eintrag\/wie-soll-man-beten-beispiele-aus-der-kunst-veranschaulichen-den-sichtbaren-ausdruck-des-gebets\/\" target=\"_blank\" class=\"elementor-button debate-arrow\">\n                        <span class=\"screen-reader-text\">Download file<\/span>\n                        <i class=\"fas fa-file\" aria-hidden=\"true\"><\/i>\n                    <\/a>\n                <\/div>\n            <\/div>\n        <\/div>\n                    <div class=\"debate-list-item\">\n            <div class=\"debate-inner d-flex justify-content-between align-items-center\">\n                <div class=\"debate-list-content\">\n                    <div class=\"debate-excerpt fw-normal\"><\/div>\n                    <div class=\"debate-name w-auto\">\n                        <a href=\"https:\/\/kath-akademie-bayern.de\/en\/mediathek-eintrag\/ins-gebet-genommen-ein-tagungsbericht-vom-guardini-tag-2025\/\" target=\"_blank\">Ins Gebet genommen<\/a>\n                    <\/div>\n                    <div class=\"debate-excerpt\">Ein Tagungsbericht vom Guardini-Tag 2025<\/div>\n                <\/div>\n\n                <div class=\"debate-icon\">\n                    <a href=\"https:\/\/kath-akademie-bayern.de\/en\/mediathek-eintrag\/ins-gebet-genommen-ein-tagungsbericht-vom-guardini-tag-2025\/\" target=\"_blank\" class=\"elementor-button debate-arrow\">\n                        <span class=\"screen-reader-text\">Download file<\/span>\n                        <i class=\"fas fa-file\" aria-hidden=\"true\"><\/i>\n                    <\/a>\n                <\/div>\n            <\/div>\n        <\/div>\n                    <div class=\"debate-list-item\">\n            <div class=\"debate-inner d-flex justify-content-between align-items-center\">\n                <div class=\"debate-list-content\">\n                    <div class=\"debate-excerpt fw-normal\"><\/div>\n                    <div class=\"debate-name w-auto\">\n                        <a href=\"https:\/\/kath-akademie-bayern.de\/en\/mediathek-eintrag\/wie-kann-musik-ein-leben-veraendern-dirigent-sir-simon-rattle-zu-gast\/\" target=\"_blank\">How can music change a life?<\/a>\n                    <\/div>\n                    <div class=\"debate-excerpt\">Dirigent Sir Simon Rattle zu Gast<\/div>\n                <\/div>\n\n                <div class=\"debate-icon\">\n                    <a href=\"https:\/\/kath-akademie-bayern.de\/en\/mediathek-eintrag\/wie-kann-musik-ein-leben-veraendern-dirigent-sir-simon-rattle-zu-gast\/\" target=\"_blank\" class=\"elementor-button debate-arrow\">\n                        <span class=\"screen-reader-text\">Download file<\/span>\n                        <i class=\"fas fa-file\" aria-hidden=\"true\"><\/i>\n                    <\/a>\n                <\/div>\n            <\/div>\n        <\/div>\n                    <div class=\"debate-list-item\">\n            <div class=\"debate-inner d-flex justify-content-between align-items-center\">\n                <div class=\"debate-list-content\">\n                    <div class=\"debate-excerpt fw-normal\"><a href=\"https:\/\/kath-akademie-bayern.de\/en\/referent\/prof-dr-markus-vogt\/\" target=\"_blank\">Vogt, Markus<\/a><\/div>\n                    <div class=\"debate-name w-auto\">\n                        <a href=\"https:\/\/kath-akademie-bayern.de\/en\/mediathek-eintrag\/neue-batterietechniken-als-unterpfand-fuer-mikrooptomismus-eine-sozialethische-einordnung\/\" target=\"_blank\">Neue Batterietechniken als Unterpfand f\u00fcr Mikrooptomismus<\/a>\n                    <\/div>\n                    <div class=\"debate-excerpt\">A socio-ethical classification<\/div>\n                <\/div>\n\n                <div class=\"debate-icon\">\n                    <a href=\"https:\/\/kath-akademie-bayern.de\/en\/mediathek-eintrag\/neue-batterietechniken-als-unterpfand-fuer-mikrooptomismus-eine-sozialethische-einordnung\/\" target=\"_blank\" class=\"elementor-button debate-arrow\">\n                        <span class=\"screen-reader-text\">Download file<\/span>\n                        <i class=\"fas fa-file\" aria-hidden=\"true\"><\/i>\n                    <\/a>\n                <\/div>\n            <\/div>\n        <\/div>\n                    <div class=\"debate-list-item\">\n            <div class=\"debate-inner d-flex justify-content-between align-items-center\">\n                <div class=\"debate-list-content\">\n                    <div class=\"debate-excerpt fw-normal\"><\/div>\n                    <div class=\"debate-name w-auto\">\n                        <a href=\"https:\/\/kath-akademie-bayern.de\/en\/mediathek-eintrag\/mehr-streit-wagen-die-thesen-aus-dem-fachvortrag-von-christian-boeser\/\" target=\"_blank\">Mehr Streit wagen!<\/a>\n                    <\/div>\n                    <div class=\"debate-excerpt\">Die Thesen aus dem Fachvortrag von Christian Boeser<\/div>\n                <\/div>\n\n                <div class=\"debate-icon\">\n                    <a href=\"https:\/\/kath-akademie-bayern.de\/en\/mediathek-eintrag\/mehr-streit-wagen-die-thesen-aus-dem-fachvortrag-von-christian-boeser\/\" target=\"_blank\" class=\"elementor-button debate-arrow\">\n                        <span class=\"screen-reader-text\">Download file<\/span>\n                        <i class=\"fas fa-file\" aria-hidden=\"true\"><\/i>\n                    <\/a>\n                <\/div>\n            <\/div>\n        <\/div>\n                    <div class=\"debate-list-item\">\n            <div class=\"debate-inner d-flex justify-content-between align-items-center\">\n                <div class=\"debate-list-content\">\n                    <div class=\"debate-excerpt fw-normal\"><\/div>\n                    <div class=\"debate-name w-auto\">\n                        <a href=\"https:\/\/kath-akademie-bayern.de\/en\/mediathek-eintrag\/orientierung-bieten-begegnung-ermoeglichen-ein-tagungsbericht-ueber-die-mitgliederversammlung-der-keb-2025\/\" target=\"_blank\">Orientierung bieten, Begegnung erm\u00f6glichen<\/a>\n                    <\/div>\n                    <div class=\"debate-excerpt\">Ein Tagungsbericht \u00fcber die Mitgliederversammlung der KEB 2025<\/div>\n                <\/div>\n\n                <div class=\"debate-icon\">\n                    <a href=\"https:\/\/kath-akademie-bayern.de\/en\/mediathek-eintrag\/orientierung-bieten-begegnung-ermoeglichen-ein-tagungsbericht-ueber-die-mitgliederversammlung-der-keb-2025\/\" target=\"_blank\" class=\"elementor-button debate-arrow\">\n                        <span class=\"screen-reader-text\">Download file<\/span>\n                        <i class=\"fas fa-file\" aria-hidden=\"true\"><\/i>\n                    <\/a>\n                <\/div>\n            <\/div>\n        <\/div>\n                    <div class=\"debate-list-item\">\n            <div class=\"debate-inner d-flex justify-content-between align-items-center\">\n                <div class=\"debate-list-content\">\n                    <div class=\"debate-excerpt fw-normal\"><a href=\"https:\/\/kath-akademie-bayern.de\/en\/referent\/prof-dr-michael-bongardt\/\" target=\"_blank\">Bongardt, Michael<\/a><\/div>\n                    <div class=\"debate-name w-auto\">\n                        <a href=\"https:\/\/kath-akademie-bayern.de\/en\/mediathek-eintrag\/die-religion-und-ihre-bilder\/\" target=\"_blank\">Die Religion und ihre Bilder<\/a>\n                    <\/div>\n                    <div class=\"debate-excerpt\"><\/div>\n                <\/div>\n\n                <div class=\"debate-icon\">\n                    <a href=\"https:\/\/kath-akademie-bayern.de\/en\/mediathek-eintrag\/die-religion-und-ihre-bilder\/\" target=\"_blank\" class=\"elementor-button debate-arrow\">\n                        <span class=\"screen-reader-text\">Download file<\/span>\n                        <i class=\"fas fa-file\" aria-hidden=\"true\"><\/i>\n                    <\/a>\n                <\/div>\n            <\/div>\n        <\/div>\n                    <div class=\"debate-list-item\">\n            <div class=\"debate-inner d-flex justify-content-between align-items-center\">\n                <div class=\"debate-list-content\">\n                    <div class=\"debate-excerpt fw-normal\"><a href=\"https:\/\/kath-akademie-bayern.de\/en\/referent\/prof-dr-klaus-bieberstein-2\/\" target=\"_blank\">Bieberstein, Klaus<\/a><\/div>\n                    <div class=\"debate-name w-auto\">\n                        <a href=\"https:\/\/kath-akademie-bayern.de\/en\/mediathek-eintrag\/sich-orientieren-jerusalems-sinnlandschaft-mythologisch-gelesen\/\" target=\"_blank\">Sich orientieren<\/a>\n                    <\/div>\n                    <div class=\"debate-excerpt\">Jerusalems Sinnlandschaft mythologisch gelesen<\/div>\n                <\/div>\n\n                <div class=\"debate-icon\">\n                    <a href=\"https:\/\/kath-akademie-bayern.de\/en\/mediathek-eintrag\/sich-orientieren-jerusalems-sinnlandschaft-mythologisch-gelesen\/\" target=\"_blank\" class=\"elementor-button debate-arrow\">\n                        <span class=\"screen-reader-text\">Download file<\/span>\n                        <i class=\"fas fa-file\" aria-hidden=\"true\"><\/i>\n                    <\/a>\n                <\/div>\n            <\/div>\n        <\/div>\n                    <div class=\"debate-list-item\">\n            <div class=\"debate-inner d-flex justify-content-between align-items-center\">\n                <div class=\"debate-list-content\">\n                    <div class=\"debate-excerpt fw-normal\"><a href=\"https:\/\/kath-akademie-bayern.de\/en\/referent\/prof-dr-klaus-bieberstein-2\/\" target=\"_blank\">Bieberstein, Klaus<\/a><\/div>\n                    <div class=\"debate-name w-auto\">\n                        <a href=\"https:\/\/kath-akademie-bayern.de\/en\/mediathek-eintrag\/festhalten-an-dem-was-aussteht-eschatologische-texte-mythologisch-lesen\/\" target=\"_blank\">Festhalten an dem, was aussteht<\/a>\n                    <\/div>\n                    <div class=\"debate-excerpt\">Eschatologische Texte mythologisch lesen<\/div>\n                <\/div>\n\n                <div class=\"debate-icon\">\n                    <a href=\"https:\/\/kath-akademie-bayern.de\/en\/mediathek-eintrag\/festhalten-an-dem-was-aussteht-eschatologische-texte-mythologisch-lesen\/\" target=\"_blank\" class=\"elementor-button debate-arrow\">\n                        <span class=\"screen-reader-text\">Download file<\/span>\n                        <i class=\"fas fa-file\" aria-hidden=\"true\"><\/i>\n                    <\/a>\n                <\/div>\n            <\/div>\n        <\/div>\n                    <div class=\"debate-list-item\">\n            <div class=\"debate-inner d-flex justify-content-between align-items-center\">\n                <div class=\"debate-list-content\">\n                    <div class=\"debate-excerpt fw-normal\"><a href=\"https:\/\/kath-akademie-bayern.de\/en\/referent\/prof-dr-klaus-bieberstein-2\/\" target=\"_blank\">Bieberstein, Klaus<\/a><\/div>\n                    <div class=\"debate-name w-auto\">\n                        <a href=\"https:\/\/kath-akademie-bayern.de\/en\/mediathek-eintrag\/formulieren-was-der-mensch-ist-schoepfungserzaehlungen-mythologisch-gelesen\/\" target=\"_blank\">Formulieren, was der Mensch ist<\/a>\n                    <\/div>\n                    <div class=\"debate-excerpt\">Sch\u00f6pfungserz\u00e4hlungen mythologisch gelesen<\/div>\n                <\/div>\n\n                <div class=\"debate-icon\">\n                    <a href=\"https:\/\/kath-akademie-bayern.de\/en\/mediathek-eintrag\/formulieren-was-der-mensch-ist-schoepfungserzaehlungen-mythologisch-gelesen\/\" target=\"_blank\" class=\"elementor-button debate-arrow\">\n                        <span class=\"screen-reader-text\">Download file<\/span>\n                        <i class=\"fas fa-file\" aria-hidden=\"true\"><\/i>\n                    <\/a>\n                <\/div>\n            <\/div>\n        <\/div>\n                    <div class=\"debate-list-item\">\n            <div class=\"debate-inner d-flex justify-content-between align-items-center\">\n                <div class=\"debate-list-content\">\n                    <div class=\"debate-excerpt fw-normal\"><a href=\"https:\/\/kath-akademie-bayern.de\/en\/referent\/prof-dr-michael-bongardt\/\" target=\"_blank\">Bongardt, Michael<\/a><\/div>\n                    <div class=\"debate-name w-auto\">\n                        <a href=\"https:\/\/kath-akademie-bayern.de\/en\/mediathek-eintrag\/der-mythos-urform-menschlicher-kultur\/\" target=\"_blank\">Der Mythos &#8211; Urform menschlicher Kultur<\/a>\n                    <\/div>\n                    <div class=\"debate-excerpt\"><\/div>\n                <\/div>\n\n                <div class=\"debate-icon\">\n                    <a href=\"https:\/\/kath-akademie-bayern.de\/en\/mediathek-eintrag\/der-mythos-urform-menschlicher-kultur\/\" target=\"_blank\" class=\"elementor-button debate-arrow\">\n                        <span class=\"screen-reader-text\">Download file<\/span>\n                        <i class=\"fas fa-file\" aria-hidden=\"true\"><\/i>\n                    <\/a>\n                <\/div>\n            <\/div>\n        <\/div>\n            <\/div>\n<\/div>\r\n<div class=\"debate-current-item col\">\r\n    <a href=\"#\" class=\"debate-bg\" data-bs-toggle=\"modal\" data-bs-target=\"#modal-debate-heft-3-2025\">\r\n        <span class=\"screen-reader-text\">View debate<\/span>\r\n        <span class=\"debate-image\">\r\n            <img decoding=\"async\" src=\"https:\/\/kath-akademie-bayern.de\/wp-content\/uploads\/Titelbild_debatte_2025-3_titel.png\" alt=\"\" title=\"Titelbild_debatte_2025-3_titel\" \/>            <i class=\"fal fa-arrows fa-rotate-45\" aria-hidden=\"true\"><\/i>\r\n        <\/span>\r\n    <\/a>\r\n    <div class=\"debate-info\">\r\n        <p>Heft 3\/2025<\/p>\r\n\r\n        <div class=\"d-flex gap-3\">\r\n            <div class=\"elementor-widget-button elementor-button-primary\">\r\n                <a href=\"https:\/\/kath-akademie-bayern.de\/wp-content\/uploads\/debatte_2025-3.pdf\" target=\"_blank\" class=\"elementor-button\">Download<\/a>\r\n            <\/div>\r\n                            <div class=\"download-button elementor-widget-button elementor-button-primary\">\r\n                    <button class=\"elementor-button d-flex align-items-center gap-3\" type=\"button\" data-bs-toggle=\"collapse\" data-bs-target=\"#list-debate-heft-3-202569f34af6c76aa\" aria-expanded=\"false\" aria-controls=\"list-debate-heft-3-202569f34af6c76aa\">\r\n                        <span class=\"elementor-button-text\">Artikel<\/span>\r\n                        <i class=\"fas fa-chevron-down\" aria-hidden=\"true\"><\/i>\r\n                    <\/button>\r\n                <\/div>\r\n                    <\/div>\r\n    <\/div>\r\n    <div class=\"modal fade\" id=\"modal-debate-heft-3-2025\" tabindex=\"-1\" aria-hidden=\"true\">\r\n    <button type=\"button\" class=\"modal-close\" data-bs-dismiss=\"modal\" aria-label=\"Close\">\r\n        <span class=\"screen-reader-text\">Close<\/span>\r\n        <i class=\"fas fa-times\" aria-hidden=\"true\"><\/i>\r\n    <\/button>\r\n\r\n    <div class=\"modal-dialog modal-dialog-centered\">\r\n        <div class=\"modal-content\">\r\n            <div class=\"modal-body\">\r\n                <div class=\"image-wrapper\">\r\n                                            <div class=\"debate-preview\"><img decoding=\"async\" src=\"https:\/\/kath-akademie-bayern.de\/wp-content\/uploads\/Titelbild_debatte_2025-3_titel.png\" alt=\"\" title=\"Titelbild_debatte_2025-3_titel\" \/><\/div>\r\n                                    <\/div>\r\n                <div class=\"d-flex flex-wrap gap-4\">\r\n                    <div class=\"download-button elementor-widget-button elementor-button-primary\">\r\n                        <a href=\"https:\/\/kath-akademie-bayern.de\/wp-content\/uploads\/debatte_2025-3.pdf\" target=\"_blank\" class=\"elementor-button\">Download<\/a>\r\n                    <\/div>\r\n                                            <div class=\"download-button elementor-widget-button elementor-button-primary\">\r\n                            <button class=\"elementor-button d-flex align-items-center gap-3\" type=\"button\" data-bs-toggle=\"collapse\" data-bs-target=\"#modal-debate-heft-3-2025-media-list-69f34af6d199a\" aria-expanded=\"false\" aria-controls=\"modal-debate-heft-3-2025-media-list-69f34af6d199a\">\r\n                                <span class=\"elementor-button-text\">Artikel<\/span>\r\n                                <i class=\"fas fa-chevron-down\" aria-hidden=\"true\"><\/i>\r\n                            <\/button>\r\n                        <\/div>\r\n                                    <\/div>\r\n\r\n                <div class=\"debate-list collapse mt-6\" id=\"modal-debate-heft-3-2025-media-list-69f34af6d199a\" data-bs-parent=\"#latest-debate-list\">\n            <div class=\"debate-list-item\">\n            <div class=\"debate-inner d-flex justify-content-between align-items-center\">\n                <div class=\"debate-list-content\">\n                    <div class=\"debate-excerpt fw-normal\"><\/div>\n                    <div class=\"debate-name w-auto\">\n                        <a href=\"https:\/\/kath-akademie-bayern.de\/en\/mediathek-eintrag\/interdisziplinaer-und-vielfaeltig-jahrestagung-des-european-business-ethics-network-eben\/\" target=\"_blank\">Interdisziplin\u00e4r und vielf\u00e4ltig<\/a>\n                    <\/div>\n                    <div class=\"debate-excerpt\">Jahrestagung des European Business Ethics Network (EBEN)<\/div>\n                <\/div>\n\n                <div class=\"debate-icon\">\n                    <a href=\"https:\/\/kath-akademie-bayern.de\/en\/mediathek-eintrag\/interdisziplinaer-und-vielfaeltig-jahrestagung-des-european-business-ethics-network-eben\/\" target=\"_blank\" class=\"elementor-button debate-arrow\">\n                        <span class=\"screen-reader-text\">Download file<\/span>\n                        <i class=\"fas fa-file\" aria-hidden=\"true\"><\/i>\n                    <\/a>\n                <\/div>\n            <\/div>\n        <\/div>\n                    <div class=\"debate-list-item\">\n            <div class=\"debate-inner d-flex justify-content-between align-items-center\">\n                <div class=\"debate-list-content\">\n                    <div class=\"debate-excerpt fw-normal\"><\/div>\n                    <div class=\"debate-name w-auto\">\n                        <a href=\"https:\/\/kath-akademie-bayern.de\/en\/mediathek-eintrag\/abends-im-schloss-u20-format-fuer-schuelerinnen-und-schueler-2\/\" target=\"_blank\">Abends im Schloss U20<\/a>\n                    <\/div>\n                    <div class=\"debate-excerpt\">Format f\u00fcr Sch\u00fclerinnen und Sch\u00fcler<\/div>\n                <\/div>\n\n                <div class=\"debate-icon\">\n                    <a href=\"https:\/\/kath-akademie-bayern.de\/en\/mediathek-eintrag\/abends-im-schloss-u20-format-fuer-schuelerinnen-und-schueler-2\/\" target=\"_blank\" class=\"elementor-button debate-arrow\">\n                        <span class=\"screen-reader-text\">Download file<\/span>\n                        <i class=\"fas fa-file\" aria-hidden=\"true\"><\/i>\n                    <\/a>\n                <\/div>\n            <\/div>\n        <\/div>\n                    <div class=\"debate-list-item\">\n            <div class=\"debate-inner d-flex justify-content-between align-items-center\">\n                <div class=\"debate-list-content\">\n                    <div class=\"debate-excerpt fw-normal\"><\/div>\n                    <div class=\"debate-name w-auto\">\n                        <a href=\"https:\/\/kath-akademie-bayern.de\/en\/mediathek-eintrag\/kirchenvolk-im-wandel-analysen-und-perspektiven-2\/\" target=\"_blank\">Church people in transition<\/a>\n                    <\/div>\n                    <div class=\"debate-excerpt\">Analyses and perspectives<\/div>\n                <\/div>\n\n                <div class=\"debate-icon\">\n                    <a href=\"https:\/\/kath-akademie-bayern.de\/en\/mediathek-eintrag\/kirchenvolk-im-wandel-analysen-und-perspektiven-2\/\" target=\"_blank\" class=\"elementor-button debate-arrow\">\n                        <span class=\"screen-reader-text\">Download file<\/span>\n                        <i class=\"fas fa-file\" aria-hidden=\"true\"><\/i>\n                    <\/a>\n                <\/div>\n            <\/div>\n        <\/div>\n                    <div class=\"debate-list-item\">\n            <div class=\"debate-inner d-flex justify-content-between align-items-center\">\n                <div class=\"debate-list-content\">\n                    <div class=\"debate-excerpt fw-normal\"><a href=\"https:\/\/kath-akademie-bayern.de\/en\/referent\/dr-janosch-freuding\/\" target=\"_blank\">Freuding, Janosch<\/a><\/div>\n                    <div class=\"debate-name w-auto\">\n                        <a href=\"https:\/\/kath-akademie-bayern.de\/en\/mediathek-eintrag\/kein-aussen-der-macht-othering-ordnungen-und-subjektorientierung\/\" target=\"_blank\">Kein Au\u00dfen der Macht?<\/a>\n                    <\/div>\n                    <div class=\"debate-excerpt\">Othering-Ordnungen und Subjektorientierung<\/div>\n                <\/div>\n\n                <div class=\"debate-icon\">\n                    <a href=\"https:\/\/kath-akademie-bayern.de\/en\/mediathek-eintrag\/kein-aussen-der-macht-othering-ordnungen-und-subjektorientierung\/\" target=\"_blank\" class=\"elementor-button debate-arrow\">\n                        <span class=\"screen-reader-text\">Download file<\/span>\n                        <i class=\"fas fa-file\" aria-hidden=\"true\"><\/i>\n                    <\/a>\n                <\/div>\n            <\/div>\n        <\/div>\n                    <div class=\"debate-list-item\">\n            <div class=\"debate-inner d-flex justify-content-between align-items-center\">\n                <div class=\"debate-list-content\">\n                    <div class=\"debate-excerpt fw-normal\"><\/div>\n                    <div class=\"debate-name w-auto\">\n                        <a href=\"https:\/\/kath-akademie-bayern.de\/en\/mediathek-eintrag\/wuerdigung-einer-religionspaedagogischen-dissertation-dr-janosch-freuding-wird-ausgezeichnet\/\" target=\"_blank\">W\u00fcrdigung einer religionsp\u00e4dagogischen Dissertation<\/a>\n                    <\/div>\n                    <div class=\"debate-excerpt\">Dr. Janosch Freuding wird ausgezeichnet<\/div>\n                <\/div>\n\n                <div class=\"debate-icon\">\n                    <a href=\"https:\/\/kath-akademie-bayern.de\/en\/mediathek-eintrag\/wuerdigung-einer-religionspaedagogischen-dissertation-dr-janosch-freuding-wird-ausgezeichnet\/\" target=\"_blank\" class=\"elementor-button debate-arrow\">\n                        <span class=\"screen-reader-text\">Download file<\/span>\n                        <i class=\"fas fa-file\" aria-hidden=\"true\"><\/i>\n                    <\/a>\n                <\/div>\n            <\/div>\n        <\/div>\n                    <div class=\"debate-list-item\">\n            <div class=\"debate-inner d-flex justify-content-between align-items-center\">\n                <div class=\"debate-list-content\">\n                    <div class=\"debate-excerpt fw-normal\"><\/div>\n                    <div class=\"debate-name w-auto\">\n                        <a href=\"https:\/\/kath-akademie-bayern.de\/en\/mediathek-eintrag\/seitenaltaere-und-heiligenverehrung-in-der-reihe-kirche-kunst-verkuendigung\/\" target=\"_blank\">Seitenalt\u00e4re und Heiligenverehrung<\/a>\n                    <\/div>\n                    <div class=\"debate-excerpt\">In der Reihe Kirche.Kunst.Verk\u00fcndigung<\/div>\n                <\/div>\n\n                <div class=\"debate-icon\">\n                    <a href=\"https:\/\/kath-akademie-bayern.de\/en\/mediathek-eintrag\/seitenaltaere-und-heiligenverehrung-in-der-reihe-kirche-kunst-verkuendigung\/\" target=\"_blank\" class=\"elementor-button debate-arrow\">\n                        <span class=\"screen-reader-text\">Download file<\/span>\n                        <i class=\"fas fa-file\" aria-hidden=\"true\"><\/i>\n                    <\/a>\n                <\/div>\n            <\/div>\n        <\/div>\n                    <div class=\"debate-list-item\">\n            <div class=\"debate-inner d-flex justify-content-between align-items-center\">\n                <div class=\"debate-list-content\">\n                    <div class=\"debate-excerpt fw-normal\"><a href=\"https:\/\/kath-akademie-bayern.de\/en\/referent\/ferdinand-josef-mueller\/\" target=\"_blank\">M\u00fcller, Ferdinand Josef<\/a><\/div>\n                    <div class=\"debate-name w-auto\">\n                        <a href=\"https:\/\/kath-akademie-bayern.de\/en\/mediathek-eintrag\/heilsnotwendig-oder-schaedlich-der-kirchenstaat-historischer-ueberblick-und-analyse\/\" target=\"_blank\">Heilsnotwendig oder sch\u00e4dlich?<\/a>\n                    <\/div>\n                    <div class=\"debate-excerpt\">Der Kirchenstaat \u2013 historischer \u00dcberblick und Analyse<\/div>\n                <\/div>\n\n                <div class=\"debate-icon\">\n                    <a href=\"https:\/\/kath-akademie-bayern.de\/en\/mediathek-eintrag\/heilsnotwendig-oder-schaedlich-der-kirchenstaat-historischer-ueberblick-und-analyse\/\" target=\"_blank\" class=\"elementor-button debate-arrow\">\n                        <span class=\"screen-reader-text\">Download file<\/span>\n                        <i class=\"fas fa-file\" aria-hidden=\"true\"><\/i>\n                    <\/a>\n                <\/div>\n            <\/div>\n        <\/div>\n                    <div class=\"debate-list-item\">\n            <div class=\"debate-inner d-flex justify-content-between align-items-center\">\n                <div class=\"debate-list-content\">\n                    <div class=\"debate-excerpt fw-normal\"><\/div>\n                    <div class=\"debate-name w-auto\">\n                        <a href=\"https:\/\/kath-akademie-bayern.de\/en\/mediathek-eintrag\/die-vertraege-und-ihre-hintergruende-tagung-in-der-casa-santa-maria-in-rom\/\" target=\"_blank\">Die Vertr\u00e4ge und ihre Hintergr\u00fcnde<\/a>\n                    <\/div>\n                    <div class=\"debate-excerpt\">Tagung in der Casa Santa Maria in Rom<\/div>\n                <\/div>\n\n                <div class=\"debate-icon\">\n                    <a href=\"https:\/\/kath-akademie-bayern.de\/en\/mediathek-eintrag\/die-vertraege-und-ihre-hintergruende-tagung-in-der-casa-santa-maria-in-rom\/\" target=\"_blank\" class=\"elementor-button debate-arrow\">\n                        <span class=\"screen-reader-text\">Download file<\/span>\n                        <i class=\"fas fa-file\" aria-hidden=\"true\"><\/i>\n                    <\/a>\n                <\/div>\n            <\/div>\n        <\/div>\n                    <div class=\"debate-list-item\">\n            <div class=\"debate-inner d-flex justify-content-between align-items-center\">\n                <div class=\"debate-list-content\">\n                    <div class=\"debate-excerpt fw-normal\"><a href=\"https:\/\/kath-akademie-bayern.de\/en\/referent\/reinhard-kardinal-marx\/\" target=\"_blank\">Marx, Reinhard<\/a><\/div>\n                    <div class=\"debate-name w-auto\">\n                        <a href=\"https:\/\/kath-akademie-bayern.de\/en\/mediathek-eintrag\/oekumene-ist-kein-nice-to-have-schlusswort-zur-verleihung-des-oekumenischem-preises-und-des-abt-emmanuel-neufelder-preises\/\" target=\"_blank\">\u00d6kumene ist kein Nice to have<\/a>\n                    <\/div>\n                    <div class=\"debate-excerpt\">Schlusswort zur Verleihung des \u00d6kumenischem Preises und des Abt-Emmanuel-Neufelder-Preises<\/div>\n                <\/div>\n\n                <div class=\"debate-icon\">\n                    <a href=\"https:\/\/kath-akademie-bayern.de\/en\/mediathek-eintrag\/oekumene-ist-kein-nice-to-have-schlusswort-zur-verleihung-des-oekumenischem-preises-und-des-abt-emmanuel-neufelder-preises\/\" target=\"_blank\" class=\"elementor-button debate-arrow\">\n                        <span class=\"screen-reader-text\">Download file<\/span>\n                        <i class=\"fas fa-file\" aria-hidden=\"true\"><\/i>\n                    <\/a>\n                <\/div>\n            <\/div>\n        <\/div>\n                    <div class=\"debate-list-item\">\n            <div class=\"debate-inner d-flex justify-content-between align-items-center\">\n                <div class=\"debate-list-content\">\n                    <div class=\"debate-excerpt fw-normal\"><\/div>\n                    <div class=\"debate-name w-auto\">\n                        <a href=\"https:\/\/kath-akademie-bayern.de\/en\/mediathek-eintrag\/dialog-des-lebens-dankesrede-fuer-den-oekumenischen-preis-und-den-abt-emmanuel-heufelder-preis-2025\/\" target=\"_blank\">Dialog des Lebens<\/a>\n                    <\/div>\n                    <div class=\"debate-excerpt\">Dankesrede f\u00fcr den \u00d6kumenischen Preis und den Abt-Emmanuel-Heufelder-Preis 2025<\/div>\n                <\/div>\n\n                <div class=\"debate-icon\">\n                    <a href=\"https:\/\/kath-akademie-bayern.de\/en\/mediathek-eintrag\/dialog-des-lebens-dankesrede-fuer-den-oekumenischen-preis-und-den-abt-emmanuel-heufelder-preis-2025\/\" target=\"_blank\" class=\"elementor-button debate-arrow\">\n                        <span class=\"screen-reader-text\">Download file<\/span>\n                        <i class=\"fas fa-file\" aria-hidden=\"true\"><\/i>\n                    <\/a>\n                <\/div>\n            <\/div>\n        <\/div>\n                    <div class=\"debate-list-item\">\n            <div class=\"debate-inner d-flex justify-content-between align-items-center\">\n                <div class=\"debate-list-content\">\n                    <div class=\"debate-excerpt fw-normal\"><a href=\"https:\/\/kath-akademie-bayern.de\/en\/referent\/bischof-prof-dr-heinrich-bedfort-strohm\/\" target=\"_blank\">Bedford-Strohm, Heinrich<\/a><\/div>\n                    <div class=\"debate-name w-auto\">\n                        <a href=\"https:\/\/kath-akademie-bayern.de\/en\/mediathek-eintrag\/eine-global-hochgeachtete-kirchliche-und-moralische-stimme-laudatio-auf-den-oekumenischen-patriarchen-bartholomaeus-i\/\" target=\"_blank\">Eine global hochgeachtete kirchliche und moralische Stimme<\/a>\n                    <\/div>\n                    <div class=\"debate-excerpt\">Laudatio auf den \u00d6kumenischen Patriarchen Bartholom\u00e4us I.<\/div>\n                <\/div>\n\n                <div class=\"debate-icon\">\n                    <a href=\"https:\/\/kath-akademie-bayern.de\/en\/mediathek-eintrag\/eine-global-hochgeachtete-kirchliche-und-moralische-stimme-laudatio-auf-den-oekumenischen-patriarchen-bartholomaeus-i\/\" target=\"_blank\" class=\"elementor-button debate-arrow\">\n                        <span class=\"screen-reader-text\">Download file<\/span>\n                        <i class=\"fas fa-file\" aria-hidden=\"true\"><\/i>\n                    <\/a>\n                <\/div>\n            <\/div>\n        <\/div>\n                    <div class=\"debate-list-item\">\n            <div class=\"debate-inner d-flex justify-content-between align-items-center\">\n                <div class=\"debate-list-content\">\n                    <div class=\"debate-excerpt fw-normal\"><a href=\"https:\/\/kath-akademie-bayern.de\/en\/referent\/dr-florian-herrmann-mdl\/\" target=\"_blank\">Herrmann MdL, Florian<\/a><\/div>\n                    <div class=\"debate-name w-auto\">\n                        <a href=\"https:\/\/kath-akademie-bayern.de\/en\/mediathek-eintrag\/grusswort-der-bayerischen-staatsregierung\/\" target=\"_blank\">Greeting from the Bavarian State Government<\/a>\n                    <\/div>\n                    <div class=\"debate-excerpt\"><\/div>\n                <\/div>\n\n                <div class=\"debate-icon\">\n                    <a href=\"https:\/\/kath-akademie-bayern.de\/en\/mediathek-eintrag\/grusswort-der-bayerischen-staatsregierung\/\" target=\"_blank\" class=\"elementor-button debate-arrow\">\n                        <span class=\"screen-reader-text\">Download file<\/span>\n                        <i class=\"fas fa-file\" aria-hidden=\"true\"><\/i>\n                    <\/a>\n                <\/div>\n            <\/div>\n        <\/div>\n                    <div class=\"debate-list-item\">\n            <div class=\"debate-inner d-flex justify-content-between align-items-center\">\n                <div class=\"debate-list-content\">\n                    <div class=\"debate-excerpt fw-normal\"><a href=\"https:\/\/kath-akademie-bayern.de\/en\/referent\/dr-marianus-bieber-osb\/\" target=\"_blank\">Bieber OSB, Dr. Marianus<\/a> | <a href=\"https:\/\/kath-akademie-bayern.de\/en\/referent\/pd-dr-achim-budde-2\/\" target=\"_blank\">Budde, Achim<\/a><\/div>\n                    <div class=\"debate-name w-auto\">\n                        <a href=\"https:\/\/kath-akademie-bayern.de\/en\/mediathek-eintrag\/das-inspirierende-oberhaupt-der-weltorthodoxie-begruessung-zur-verleihung-von-oekumenischem-preis-und-abt-emmanuel-heufelder-preis\/\" target=\"_blank\">Das inspirierende Oberhaupt der Weltorthodoxie<\/a>\n                    <\/div>\n                    <div class=\"debate-excerpt\">Begr\u00fc\u00dfung zur Verleihung von \u00d6kumenischem Preis und Abt-Emmanuel-Heufelder-Preis<\/div>\n                <\/div>\n\n                <div class=\"debate-icon\">\n                    <a href=\"https:\/\/kath-akademie-bayern.de\/en\/mediathek-eintrag\/das-inspirierende-oberhaupt-der-weltorthodoxie-begruessung-zur-verleihung-von-oekumenischem-preis-und-abt-emmanuel-heufelder-preis\/\" target=\"_blank\" class=\"elementor-button debate-arrow\">\n                        <span class=\"screen-reader-text\">Download file<\/span>\n                        <i class=\"fas fa-file\" aria-hidden=\"true\"><\/i>\n                    <\/a>\n                <\/div>\n            <\/div>\n        <\/div>\n            <\/div>\n            <\/div>\r\n        <\/div>\r\n    <\/div>\r\n<\/div>\r\n<\/div>\r\n<div class=\"w-100 p-0 order-last\">\r\n    <div class=\"debate-list collapse mt-6\" id=\"list-debate-heft-3-202569f34af6c76aa\" data-bs-parent=\"#latest-debate-list\">\n            <div class=\"debate-list-item\">\n            <div class=\"debate-inner d-flex justify-content-between align-items-center\">\n                <div class=\"debate-list-content\">\n                    <div class=\"debate-excerpt fw-normal\"><\/div>\n                    <div class=\"debate-name w-auto\">\n                        <a href=\"https:\/\/kath-akademie-bayern.de\/en\/mediathek-eintrag\/interdisziplinaer-und-vielfaeltig-jahrestagung-des-european-business-ethics-network-eben\/\" target=\"_blank\">Interdisziplin\u00e4r und vielf\u00e4ltig<\/a>\n                    <\/div>\n                    <div class=\"debate-excerpt\">Jahrestagung des European Business Ethics Network (EBEN)<\/div>\n                <\/div>\n\n                <div class=\"debate-icon\">\n                    <a href=\"https:\/\/kath-akademie-bayern.de\/en\/mediathek-eintrag\/interdisziplinaer-und-vielfaeltig-jahrestagung-des-european-business-ethics-network-eben\/\" target=\"_blank\" class=\"elementor-button debate-arrow\">\n                        <span class=\"screen-reader-text\">Download file<\/span>\n                        <i class=\"fas fa-file\" aria-hidden=\"true\"><\/i>\n                    <\/a>\n                <\/div>\n            <\/div>\n        <\/div>\n                    <div class=\"debate-list-item\">\n            <div class=\"debate-inner d-flex justify-content-between align-items-center\">\n                <div class=\"debate-list-content\">\n                    <div class=\"debate-excerpt fw-normal\"><\/div>\n                    <div class=\"debate-name w-auto\">\n                        <a href=\"https:\/\/kath-akademie-bayern.de\/en\/mediathek-eintrag\/abends-im-schloss-u20-format-fuer-schuelerinnen-und-schueler-2\/\" target=\"_blank\">Abends im Schloss U20<\/a>\n                    <\/div>\n                    <div class=\"debate-excerpt\">Format f\u00fcr Sch\u00fclerinnen und Sch\u00fcler<\/div>\n                <\/div>\n\n                <div class=\"debate-icon\">\n                    <a href=\"https:\/\/kath-akademie-bayern.de\/en\/mediathek-eintrag\/abends-im-schloss-u20-format-fuer-schuelerinnen-und-schueler-2\/\" target=\"_blank\" class=\"elementor-button debate-arrow\">\n                        <span class=\"screen-reader-text\">Download file<\/span>\n                        <i class=\"fas fa-file\" aria-hidden=\"true\"><\/i>\n                    <\/a>\n                <\/div>\n            <\/div>\n        <\/div>\n                    <div class=\"debate-list-item\">\n            <div class=\"debate-inner d-flex justify-content-between align-items-center\">\n                <div class=\"debate-list-content\">\n                    <div class=\"debate-excerpt fw-normal\"><\/div>\n                    <div class=\"debate-name w-auto\">\n                        <a href=\"https:\/\/kath-akademie-bayern.de\/en\/mediathek-eintrag\/kirchenvolk-im-wandel-analysen-und-perspektiven-2\/\" target=\"_blank\">Church people in transition<\/a>\n                    <\/div>\n                    <div class=\"debate-excerpt\">Analyses and perspectives<\/div>\n                <\/div>\n\n                <div class=\"debate-icon\">\n                    <a href=\"https:\/\/kath-akademie-bayern.de\/en\/mediathek-eintrag\/kirchenvolk-im-wandel-analysen-und-perspektiven-2\/\" target=\"_blank\" class=\"elementor-button debate-arrow\">\n                        <span class=\"screen-reader-text\">Download file<\/span>\n                        <i class=\"fas fa-file\" aria-hidden=\"true\"><\/i>\n                    <\/a>\n                <\/div>\n            <\/div>\n        <\/div>\n                    <div class=\"debate-list-item\">\n            <div class=\"debate-inner d-flex justify-content-between align-items-center\">\n                <div class=\"debate-list-content\">\n                    <div class=\"debate-excerpt fw-normal\"><a href=\"https:\/\/kath-akademie-bayern.de\/en\/referent\/dr-janosch-freuding\/\" target=\"_blank\">Freuding, Janosch<\/a><\/div>\n                    <div class=\"debate-name w-auto\">\n                        <a href=\"https:\/\/kath-akademie-bayern.de\/en\/mediathek-eintrag\/kein-aussen-der-macht-othering-ordnungen-und-subjektorientierung\/\" target=\"_blank\">Kein Au\u00dfen der Macht?<\/a>\n                    <\/div>\n                    <div class=\"debate-excerpt\">Othering-Ordnungen und Subjektorientierung<\/div>\n                <\/div>\n\n                <div class=\"debate-icon\">\n                    <a href=\"https:\/\/kath-akademie-bayern.de\/en\/mediathek-eintrag\/kein-aussen-der-macht-othering-ordnungen-und-subjektorientierung\/\" target=\"_blank\" class=\"elementor-button debate-arrow\">\n                        <span class=\"screen-reader-text\">Download file<\/span>\n                        <i class=\"fas fa-file\" aria-hidden=\"true\"><\/i>\n                    <\/a>\n                <\/div>\n            <\/div>\n        <\/div>\n                    <div class=\"debate-list-item\">\n            <div class=\"debate-inner d-flex justify-content-between align-items-center\">\n                <div class=\"debate-list-content\">\n                    <div class=\"debate-excerpt fw-normal\"><\/div>\n                    <div class=\"debate-name w-auto\">\n                        <a href=\"https:\/\/kath-akademie-bayern.de\/en\/mediathek-eintrag\/wuerdigung-einer-religionspaedagogischen-dissertation-dr-janosch-freuding-wird-ausgezeichnet\/\" target=\"_blank\">W\u00fcrdigung einer religionsp\u00e4dagogischen Dissertation<\/a>\n                    <\/div>\n                    <div class=\"debate-excerpt\">Dr. Janosch Freuding wird ausgezeichnet<\/div>\n                <\/div>\n\n                <div class=\"debate-icon\">\n                    <a href=\"https:\/\/kath-akademie-bayern.de\/en\/mediathek-eintrag\/wuerdigung-einer-religionspaedagogischen-dissertation-dr-janosch-freuding-wird-ausgezeichnet\/\" target=\"_blank\" class=\"elementor-button debate-arrow\">\n                        <span class=\"screen-reader-text\">Download file<\/span>\n                        <i class=\"fas fa-file\" aria-hidden=\"true\"><\/i>\n                    <\/a>\n                <\/div>\n            <\/div>\n        <\/div>\n                    <div class=\"debate-list-item\">\n            <div class=\"debate-inner d-flex justify-content-between align-items-center\">\n                <div class=\"debate-list-content\">\n                    <div class=\"debate-excerpt fw-normal\"><\/div>\n                    <div class=\"debate-name w-auto\">\n                        <a href=\"https:\/\/kath-akademie-bayern.de\/en\/mediathek-eintrag\/seitenaltaere-und-heiligenverehrung-in-der-reihe-kirche-kunst-verkuendigung\/\" target=\"_blank\">Seitenalt\u00e4re und Heiligenverehrung<\/a>\n                    <\/div>\n                    <div class=\"debate-excerpt\">In der Reihe Kirche.Kunst.Verk\u00fcndigung<\/div>\n                <\/div>\n\n                <div class=\"debate-icon\">\n                    <a href=\"https:\/\/kath-akademie-bayern.de\/en\/mediathek-eintrag\/seitenaltaere-und-heiligenverehrung-in-der-reihe-kirche-kunst-verkuendigung\/\" target=\"_blank\" class=\"elementor-button debate-arrow\">\n                        <span class=\"screen-reader-text\">Download file<\/span>\n                        <i class=\"fas fa-file\" aria-hidden=\"true\"><\/i>\n                    <\/a>\n                <\/div>\n            <\/div>\n        <\/div>\n                    <div class=\"debate-list-item\">\n            <div class=\"debate-inner d-flex justify-content-between align-items-center\">\n                <div class=\"debate-list-content\">\n                    <div class=\"debate-excerpt fw-normal\"><a href=\"https:\/\/kath-akademie-bayern.de\/en\/referent\/ferdinand-josef-mueller\/\" target=\"_blank\">M\u00fcller, Ferdinand Josef<\/a><\/div>\n                    <div class=\"debate-name w-auto\">\n                        <a href=\"https:\/\/kath-akademie-bayern.de\/en\/mediathek-eintrag\/heilsnotwendig-oder-schaedlich-der-kirchenstaat-historischer-ueberblick-und-analyse\/\" target=\"_blank\">Heilsnotwendig oder sch\u00e4dlich?<\/a>\n                    <\/div>\n                    <div class=\"debate-excerpt\">Der Kirchenstaat \u2013 historischer \u00dcberblick und Analyse<\/div>\n                <\/div>\n\n                <div class=\"debate-icon\">\n                    <a href=\"https:\/\/kath-akademie-bayern.de\/en\/mediathek-eintrag\/heilsnotwendig-oder-schaedlich-der-kirchenstaat-historischer-ueberblick-und-analyse\/\" target=\"_blank\" class=\"elementor-button debate-arrow\">\n                        <span class=\"screen-reader-text\">Download file<\/span>\n                        <i class=\"fas fa-file\" aria-hidden=\"true\"><\/i>\n                    <\/a>\n                <\/div>\n            <\/div>\n        <\/div>\n                    <div class=\"debate-list-item\">\n            <div class=\"debate-inner d-flex justify-content-between align-items-center\">\n                <div class=\"debate-list-content\">\n                    <div class=\"debate-excerpt fw-normal\"><\/div>\n                    <div class=\"debate-name w-auto\">\n                        <a href=\"https:\/\/kath-akademie-bayern.de\/en\/mediathek-eintrag\/die-vertraege-und-ihre-hintergruende-tagung-in-der-casa-santa-maria-in-rom\/\" target=\"_blank\">Die Vertr\u00e4ge und ihre Hintergr\u00fcnde<\/a>\n                    <\/div>\n                    <div class=\"debate-excerpt\">Tagung in der Casa Santa Maria in Rom<\/div>\n                <\/div>\n\n                <div class=\"debate-icon\">\n                    <a href=\"https:\/\/kath-akademie-bayern.de\/en\/mediathek-eintrag\/die-vertraege-und-ihre-hintergruende-tagung-in-der-casa-santa-maria-in-rom\/\" target=\"_blank\" class=\"elementor-button debate-arrow\">\n                        <span class=\"screen-reader-text\">Download file<\/span>\n                        <i class=\"fas fa-file\" aria-hidden=\"true\"><\/i>\n                    <\/a>\n                <\/div>\n            <\/div>\n        <\/div>\n                    <div class=\"debate-list-item\">\n            <div class=\"debate-inner d-flex justify-content-between align-items-center\">\n                <div class=\"debate-list-content\">\n                    <div class=\"debate-excerpt fw-normal\"><a href=\"https:\/\/kath-akademie-bayern.de\/en\/referent\/reinhard-kardinal-marx\/\" target=\"_blank\">Marx, Reinhard<\/a><\/div>\n                    <div class=\"debate-name w-auto\">\n                        <a href=\"https:\/\/kath-akademie-bayern.de\/en\/mediathek-eintrag\/oekumene-ist-kein-nice-to-have-schlusswort-zur-verleihung-des-oekumenischem-preises-und-des-abt-emmanuel-neufelder-preises\/\" target=\"_blank\">\u00d6kumene ist kein Nice to have<\/a>\n                    <\/div>\n                    <div class=\"debate-excerpt\">Schlusswort zur Verleihung des \u00d6kumenischem Preises und des Abt-Emmanuel-Neufelder-Preises<\/div>\n                <\/div>\n\n                <div class=\"debate-icon\">\n                    <a href=\"https:\/\/kath-akademie-bayern.de\/en\/mediathek-eintrag\/oekumene-ist-kein-nice-to-have-schlusswort-zur-verleihung-des-oekumenischem-preises-und-des-abt-emmanuel-neufelder-preises\/\" target=\"_blank\" class=\"elementor-button debate-arrow\">\n                        <span class=\"screen-reader-text\">Download file<\/span>\n                        <i class=\"fas fa-file\" aria-hidden=\"true\"><\/i>\n                    <\/a>\n                <\/div>\n            <\/div>\n        <\/div>\n                    <div class=\"debate-list-item\">\n            <div class=\"debate-inner d-flex justify-content-between align-items-center\">\n                <div class=\"debate-list-content\">\n                    <div class=\"debate-excerpt fw-normal\"><\/div>\n                    <div class=\"debate-name w-auto\">\n                        <a href=\"https:\/\/kath-akademie-bayern.de\/en\/mediathek-eintrag\/dialog-des-lebens-dankesrede-fuer-den-oekumenischen-preis-und-den-abt-emmanuel-heufelder-preis-2025\/\" target=\"_blank\">Dialog des Lebens<\/a>\n                    <\/div>\n                    <div class=\"debate-excerpt\">Dankesrede f\u00fcr den \u00d6kumenischen Preis und den Abt-Emmanuel-Heufelder-Preis 2025<\/div>\n                <\/div>\n\n                <div class=\"debate-icon\">\n                    <a href=\"https:\/\/kath-akademie-bayern.de\/en\/mediathek-eintrag\/dialog-des-lebens-dankesrede-fuer-den-oekumenischen-preis-und-den-abt-emmanuel-heufelder-preis-2025\/\" target=\"_blank\" class=\"elementor-button debate-arrow\">\n                        <span class=\"screen-reader-text\">Download file<\/span>\n                        <i class=\"fas fa-file\" aria-hidden=\"true\"><\/i>\n                    <\/a>\n                <\/div>\n            <\/div>\n        <\/div>\n                    <div class=\"debate-list-item\">\n            <div class=\"debate-inner d-flex justify-content-between align-items-center\">\n                <div class=\"debate-list-content\">\n                    <div class=\"debate-excerpt fw-normal\"><a href=\"https:\/\/kath-akademie-bayern.de\/en\/referent\/bischof-prof-dr-heinrich-bedfort-strohm\/\" target=\"_blank\">Bedford-Strohm, Heinrich<\/a><\/div>\n                    <div class=\"debate-name w-auto\">\n                        <a href=\"https:\/\/kath-akademie-bayern.de\/en\/mediathek-eintrag\/eine-global-hochgeachtete-kirchliche-und-moralische-stimme-laudatio-auf-den-oekumenischen-patriarchen-bartholomaeus-i\/\" target=\"_blank\">Eine global hochgeachtete kirchliche und moralische Stimme<\/a>\n                    <\/div>\n                    <div class=\"debate-excerpt\">Laudatio auf den \u00d6kumenischen Patriarchen Bartholom\u00e4us I.<\/div>\n                <\/div>\n\n                <div class=\"debate-icon\">\n                    <a href=\"https:\/\/kath-akademie-bayern.de\/en\/mediathek-eintrag\/eine-global-hochgeachtete-kirchliche-und-moralische-stimme-laudatio-auf-den-oekumenischen-patriarchen-bartholomaeus-i\/\" target=\"_blank\" class=\"elementor-button debate-arrow\">\n                        <span class=\"screen-reader-text\">Download file<\/span>\n                        <i class=\"fas fa-file\" aria-hidden=\"true\"><\/i>\n                    <\/a>\n                <\/div>\n            <\/div>\n        <\/div>\n                    <div class=\"debate-list-item\">\n            <div class=\"debate-inner d-flex justify-content-between align-items-center\">\n                <div class=\"debate-list-content\">\n                    <div class=\"debate-excerpt fw-normal\"><a href=\"https:\/\/kath-akademie-bayern.de\/en\/referent\/dr-florian-herrmann-mdl\/\" target=\"_blank\">Herrmann MdL, Florian<\/a><\/div>\n                    <div class=\"debate-name w-auto\">\n                        <a href=\"https:\/\/kath-akademie-bayern.de\/en\/mediathek-eintrag\/grusswort-der-bayerischen-staatsregierung\/\" target=\"_blank\">Greeting from the Bavarian State Government<\/a>\n                    <\/div>\n                    <div class=\"debate-excerpt\"><\/div>\n                <\/div>\n\n                <div class=\"debate-icon\">\n                    <a href=\"https:\/\/kath-akademie-bayern.de\/en\/mediathek-eintrag\/grusswort-der-bayerischen-staatsregierung\/\" target=\"_blank\" class=\"elementor-button debate-arrow\">\n                        <span class=\"screen-reader-text\">Download file<\/span>\n                        <i class=\"fas fa-file\" aria-hidden=\"true\"><\/i>\n                    <\/a>\n                <\/div>\n            <\/div>\n        <\/div>\n                    <div class=\"debate-list-item\">\n            <div class=\"debate-inner d-flex justify-content-between align-items-center\">\n                <div class=\"debate-list-content\">\n                    <div class=\"debate-excerpt fw-normal\"><a href=\"https:\/\/kath-akademie-bayern.de\/en\/referent\/dr-marianus-bieber-osb\/\" target=\"_blank\">Bieber OSB, Dr. Marianus<\/a> | <a href=\"https:\/\/kath-akademie-bayern.de\/en\/referent\/pd-dr-achim-budde-2\/\" target=\"_blank\">Budde, Achim<\/a><\/div>\n                    <div class=\"debate-name w-auto\">\n                        <a href=\"https:\/\/kath-akademie-bayern.de\/en\/mediathek-eintrag\/das-inspirierende-oberhaupt-der-weltorthodoxie-begruessung-zur-verleihung-von-oekumenischem-preis-und-abt-emmanuel-heufelder-preis\/\" target=\"_blank\">Das inspirierende Oberhaupt der Weltorthodoxie<\/a>\n                    <\/div>\n                    <div class=\"debate-excerpt\">Begr\u00fc\u00dfung zur Verleihung von \u00d6kumenischem Preis und Abt-Emmanuel-Heufelder-Preis<\/div>\n                <\/div>\n\n                <div class=\"debate-icon\">\n                    <a href=\"https:\/\/kath-akademie-bayern.de\/en\/mediathek-eintrag\/das-inspirierende-oberhaupt-der-weltorthodoxie-begruessung-zur-verleihung-von-oekumenischem-preis-und-abt-emmanuel-heufelder-preis\/\" target=\"_blank\" class=\"elementor-button debate-arrow\">\n                        <span class=\"screen-reader-text\">Download file<\/span>\n                        <i class=\"fas fa-file\" aria-hidden=\"true\"><\/i>\n                    <\/a>\n                <\/div>\n            <\/div>\n        <\/div>\n            <\/div>\n<\/div>\r\n<div class=\"debate-current-item col\">\r\n    <a href=\"#\" class=\"debate-bg\" data-bs-toggle=\"modal\" data-bs-target=\"#modal-debate-heft-2-2025\">\r\n        <span class=\"screen-reader-text\">View debate<\/span>\r\n        <span class=\"debate-image\">\r\n            <img decoding=\"async\" src=\"https:\/\/kath-akademie-bayern.de\/wp-content\/uploads\/Titelbild_debatte_2025-2.png\" alt=\"\" title=\"Titelbild_debatte_2025-2\" \/>            <i class=\"fal fa-arrows fa-rotate-45\" aria-hidden=\"true\"><\/i>\r\n        <\/span>\r\n    <\/a>\r\n    <div class=\"debate-info\">\r\n        <p>Heft 2\/2025<\/p>\r\n\r\n        <div class=\"d-flex gap-3\">\r\n            <div class=\"elementor-widget-button elementor-button-primary\">\r\n                <a href=\"https:\/\/kath-akademie-bayern.de\/wp-content\/uploads\/debatte_2025-2.pdf\" target=\"_blank\" class=\"elementor-button\">Download<\/a>\r\n            <\/div>\r\n                            <div class=\"download-button elementor-widget-button elementor-button-primary\">\r\n                    <button class=\"elementor-button d-flex align-items-center gap-3\" type=\"button\" data-bs-toggle=\"collapse\" data-bs-target=\"#list-debate-heft-2-202569f34af7115a2\" aria-expanded=\"false\" aria-controls=\"list-debate-heft-2-202569f34af7115a2\">\r\n                        <span class=\"elementor-button-text\">Artikel<\/span>\r\n                        <i class=\"fas fa-chevron-down\" aria-hidden=\"true\"><\/i>\r\n                    <\/button>\r\n                <\/div>\r\n                    <\/div>\r\n    <\/div>\r\n    <div class=\"modal fade\" id=\"modal-debate-heft-2-2025\" tabindex=\"-1\" aria-hidden=\"true\">\r\n    <button type=\"button\" class=\"modal-close\" data-bs-dismiss=\"modal\" aria-label=\"Close\">\r\n        <span class=\"screen-reader-text\">Close<\/span>\r\n        <i class=\"fas fa-times\" aria-hidden=\"true\"><\/i>\r\n    <\/button>\r\n\r\n    <div class=\"modal-dialog modal-dialog-centered\">\r\n        <div class=\"modal-content\">\r\n            <div class=\"modal-body\">\r\n                <div class=\"image-wrapper\">\r\n                    <div class=\"_3d-flip-book  fb3d-fullscreen-mode full-size\" data-id=\"107635\" data-mode=\"fullscreen\" data-title=\"false\" data-template=\"short-white-book-view\" data-lightbox=\"dark-shadow\" data-urlparam=\"fb3d-page\" data-page-n=\"0\" data-pdf=\"\" data-tax=\"null\" data-thumbnail=\"\" data-cols=\"3\" data-book-template=\"default\" data-trigger=\"\"><\/div><script type=\"text\/javascript\">window.FB3D_CLIENT_DATA = window.FB3D_CLIENT_DATA || [];FB3D_CLIENT_DATA.push('eyJwb3N0cyI6eyIxMDc2MzUiOnsiSUQiOjEwNzYzNSwidGl0bGUiOiJIZWZ0IDJcLzIwMjUiLCJ0eXBlIjoicGRmIiwicmVhZHlfZnVuY3Rpb24iOiIiLCJib29rX3N0eWxlIjoidm9sdW1lIiwiYm9va190ZW1wbGF0ZSI6Im5vbmUiLCJvdXRsaW5lIjpbXSwiZGF0YSI6eyJwb3N0X0lEIjoiMTA3NTY5IiwiZ3VpZCI6Imh0dHBzOlwvXC9rYXRoLWFrYWRlbWllLWJheWVybi5kZVwvd3AtY29udGVudFwvdXBsb2Fkc1wvZGViYXR0ZV8yMDI1LTIucGRmIiwicGRmX3BhZ2VzIjoiNjQiLCJwYWdlc19jdXN0b21pemF0aW9uIjoibm9uZSJ9LCJ0aHVtYm5haWwiOnsiZGF0YSI6eyJwb3N0X0lEIjoiMTA3NDg1In0sInR5cGUiOiJtZWRpYUltYWdlIn0sInByb3BzIjp7ImJhY2tncm91bmRDb2xvciI6ImF1dG8iLCJiYWNrZ3JvdW5kSW1hZ2UiOiJhdXRvIiwiYmFja2dyb3VuZFN0eWxlIjoiYXV0byIsImhpZ2hsaWdodExpbmtzIjoiYXV0byIsImxpZ2h0aW5nIjoiYXV0byIsInNpbmdsZVBhZ2VNb2RlIjoiYXV0byIsImNhY2hlZFBhZ2VzIjoiYXV0byIsInJlbmRlckluYWN0aXZlUGFnZXMiOiJhdXRvIiwicmVuZGVySW5hY3RpdmVQYWdlc09uTW9iaWxlIjoiYXV0byIsInJlbmRlcldoaWxlRmxpcHBpbmciOiJhdXRvIiwicHJlbG9hZFBhZ2VzIjoiYXV0byIsImF1dG9QbGF5RHVyYXRpb24iOiJhdXRvIiwicnRsIjoiYXV0byIsImludGVyYWN0aXZlQ29ybmVycyI6ImF1dG8iLCJtYXhEZXB0aCI6ImF1dG8iLCJzaGVldCI6eyJzdGFydFZlbG9jaXR5IjoiYXV0byIsIndhdmUiOiJhdXRvIiwic2hhcGUiOiJhdXRvIiwid2lkdGhUZXhlbHMiOiJhdXRvIiwiY29sb3IiOiJhdXRvIiwic2lkZSI6ImF1dG8iLCJzdHJldGNoSW1hZ2VzIjoiYXV0byIsImNvcm5lckRldmlhdGlvbiI6ImF1dG8iLCJmbGV4aWJpbGl0eSI6ImF1dG8iLCJmbGV4aWJsZUNvcm5lciI6ImF1dG8iLCJiZW5kaW5nIjoiYXV0byIsImhlaWdodFRleGVscyI6ImF1dG8ifSwiY292ZXIiOnsid2F2ZSI6ImF1dG8iLCJjb2xvciI6ImF1dG8iLCJzaWRlIjoiYXV0byIsInN0cmV0Y2hJbWFnZXMiOiJhdXRvIiwiYmluZGVyVGV4dHVyZSI6ImF1dG8iLCJkZXB0aCI6ImF1dG8iLCJwYWRkaW5nIjoiYXV0byIsInN0YXJ0VmVsb2NpdHkiOiJhdXRvIiwiZmxleGliaWxpdHkiOiJhdXRvIiwiZmxleGlibGVDb3JuZXIiOiJhdXRvIiwiYmVuZGluZyI6ImF1dG8iLCJ3aWR0aFRleGVscyI6ImF1dG8iLCJoZWlnaHRUZXhlbHMiOiJhdXRvIiwibWFzcyI6ImF1dG8iLCJzaGFwZSI6ImF1dG8ifSwicGFnZSI6eyJ3YXZlIjoiYXV0byIsImNvbG9yIjoiYXV0byIsInNpZGUiOiJhdXRvIiwic3RyZXRjaEltYWdlcyI6ImF1dG8iLCJkZXB0aCI6ImF1dG8iLCJzdGFydFZlbG9jaXR5IjoiYXV0byIsImZsZXhpYmlsaXR5IjoiYXV0byIsImZsZXhpYmxlQ29ybmVyIjoiYXV0byIsImJlbmRpbmciOiJhdXRvIiwid2lkdGhUZXhlbHMiOiJhdXRvIiwiaGVpZ2h0VGV4ZWxzIjoiYXV0byIsIm1hc3MiOiJhdXRvIiwic2hhcGUiOiJhdXRvIn0sImhlaWdodCI6ImF1dG8iLCJ3aWR0aCI6ImF1dG8iLCJncmF2aXR5IjoiYXV0byIsInBhZ2VzRm9yUHJlZGljdGluZyI6ImF1dG8ifSwiY29udHJvbFByb3BzIjp7ImFjdGlvbnMiOnsiY21kVG9jIjp7ImVuYWJsZWQiOiJhdXRvIiwiZW5hYmxlZEluTmFycm93IjoiYXV0byIsImFjdGl2ZSI6ImF1dG8iLCJkZWZhdWx0VGFiIjoiYXV0byJ9LCJjbWRBdXRvUGxheSI6eyJlbmFibGVkIjoiYXV0byIsImVuYWJsZWRJbk5hcnJvdyI6ImF1dG8iLCJhY3RpdmUiOiJhdXRvIn0sImNtZFNhdmUiOnsiZW5hYmxlZCI6ImF1dG8iLCJlbmFibGVkSW5OYXJyb3ciOiJhdXRvIn0sImNtZFByaW50Ijp7ImVuYWJsZWQiOiJhdXRvIiwiZW5hYmxlZEluTmFycm93IjoiYXV0byJ9LCJjbWRTaW5nbGVQYWdlIjp7ImVuYWJsZWQiOiJhdXRvIiwiZW5hYmxlZEluTmFycm93IjoiYXV0byIsImFjdGl2ZSI6ImF1dG8iLCJhY3RpdmVGb3JNb2JpbGUiOiJhdXRvIn0sIndpZFRvb2xiYXIiOnsiZW5hYmxlZCI6ImF1dG8iLCJlbmFibGVkSW5OYXJyb3ciOiJhdXRvIn19fSwiYXV0b1RodW1ibmFpbCI6bnVsbCwicG9zdF9uYW1lIjoiaGVmdC0yLTIwMjUiLCJwb3N0X3R5cGUiOiIzZC1mbGlwLWJvb2sifX0sInBhZ2VzIjpbXSwiZmlyc3RQYWdlcyI6W119');window.FB3D_CLIENT_LOCALE && FB3D_CLIENT_LOCALE.render && FB3D_CLIENT_LOCALE.render();<\/script>                <\/div>\r\n                <div class=\"d-flex flex-wrap gap-4\">\r\n                    <div class=\"download-button elementor-widget-button elementor-button-primary\">\r\n                        <a href=\"https:\/\/kath-akademie-bayern.de\/wp-content\/uploads\/debatte_2025-2.pdf\" target=\"_blank\" class=\"elementor-button\">Download<\/a>\r\n                    <\/div>\r\n                                            <div class=\"download-button elementor-widget-button elementor-button-primary\">\r\n                            <button class=\"elementor-button d-flex align-items-center gap-3\" type=\"button\" data-bs-toggle=\"collapse\" data-bs-target=\"#modal-debate-heft-2-2025-media-list-69f34af713f13\" aria-expanded=\"false\" aria-controls=\"modal-debate-heft-2-2025-media-list-69f34af713f13\">\r\n                                <span class=\"elementor-button-text\">Artikel<\/span>\r\n                                <i class=\"fas fa-chevron-down\" aria-hidden=\"true\"><\/i>\r\n                            <\/button>\r\n                        <\/div>\r\n                                    <\/div>\r\n\r\n                <div class=\"debate-list collapse mt-6\" id=\"modal-debate-heft-2-2025-media-list-69f34af713f13\" data-bs-parent=\"#latest-debate-list\">\n            <div class=\"debate-list-item\">\n            <div class=\"debate-inner d-flex justify-content-between align-items-center\">\n                <div class=\"debate-list-content\">\n                    <div class=\"debate-excerpt fw-normal\"><\/div>\n                    <div class=\"debate-name w-auto\">\n                        <a href=\"https:\/\/kath-akademie-bayern.de\/en\/mediathek-eintrag\/abends-im-schloss-u20-format-fuer-schuelerinnen-und-schueler\/\" target=\"_blank\">Abends im Schloss U20<\/a>\n                    <\/div>\n                    <div class=\"debate-excerpt\">Format f\u00fcr Sch\u00fclerinnen und Sch\u00fcler<\/div>\n                <\/div>\n\n                <div class=\"debate-icon\">\n                    <a href=\"https:\/\/kath-akademie-bayern.de\/en\/mediathek-eintrag\/abends-im-schloss-u20-format-fuer-schuelerinnen-und-schueler\/\" target=\"_blank\" class=\"elementor-button debate-arrow\">\n                        <span class=\"screen-reader-text\">Download file<\/span>\n                        <i class=\"fas fa-file\" aria-hidden=\"true\"><\/i>\n                    <\/a>\n                <\/div>\n            <\/div>\n        <\/div>\n                    <div class=\"debate-list-item\">\n            <div class=\"debate-inner d-flex justify-content-between align-items-center\">\n                <div class=\"debate-list-content\">\n                    <div class=\"debate-excerpt fw-normal\"><\/div>\n                    <div class=\"debate-name w-auto\">\n                        <a href=\"https:\/\/kath-akademie-bayern.de\/en\/mediathek-eintrag\/ilse-aigner-zu-gast-bei-achim-budde-landtagspraesidentin-in-der-reihe-mittags-im-schloss\/\" target=\"_blank\">Ilse Aigner zu Gast bei Achim Budde<\/a>\n                    <\/div>\n                    <div class=\"debate-excerpt\">Landtagspr\u00e4sidentin in der Reihe Mittags im Schloss<\/div>\n                <\/div>\n\n                <div class=\"debate-icon\">\n                    <a href=\"https:\/\/kath-akademie-bayern.de\/en\/mediathek-eintrag\/ilse-aigner-zu-gast-bei-achim-budde-landtagspraesidentin-in-der-reihe-mittags-im-schloss\/\" target=\"_blank\" class=\"elementor-button debate-arrow\">\n                        <span class=\"screen-reader-text\">Download file<\/span>\n                        <i class=\"fas fa-file\" aria-hidden=\"true\"><\/i>\n                    <\/a>\n                <\/div>\n            <\/div>\n        <\/div>\n                    <div class=\"debate-list-item\">\n            <div class=\"debate-inner d-flex justify-content-between align-items-center\">\n                <div class=\"debate-list-content\">\n                    <div class=\"debate-excerpt fw-normal\"><\/div>\n                    <div class=\"debate-name w-auto\">\n                        <a href=\"https:\/\/kath-akademie-bayern.de\/en\/mediathek-eintrag\/wenn-nichts-fehlt-wo-gott-fehlt-akademiegespraech-der-bundeswehr\/\" target=\"_blank\">Wenn nichts fehlt, wo Gott fehlt<\/a>\n                    <\/div>\n                    <div class=\"debate-excerpt\">Bundeswehr Academy Talk<\/div>\n                <\/div>\n\n                <div class=\"debate-icon\">\n                    <a href=\"https:\/\/kath-akademie-bayern.de\/en\/mediathek-eintrag\/wenn-nichts-fehlt-wo-gott-fehlt-akademiegespraech-der-bundeswehr\/\" target=\"_blank\" class=\"elementor-button debate-arrow\">\n                        <span class=\"screen-reader-text\">Download file<\/span>\n                        <i class=\"fas fa-file\" aria-hidden=\"true\"><\/i>\n                    <\/a>\n                <\/div>\n            <\/div>\n        <\/div>\n                    <div class=\"debate-list-item\">\n            <div class=\"debate-inner d-flex justify-content-between align-items-center\">\n                <div class=\"debate-list-content\">\n                    <div class=\"debate-excerpt fw-normal\"><\/div>\n                    <div class=\"debate-name w-auto\">\n                        <a href=\"https:\/\/kath-akademie-bayern.de\/en\/mediathek-eintrag\/wer-zahlt-die-zeche-ueber-staatsfinanzen-und-generationengerechtigkeit\/\" target=\"_blank\">Who pays the bill?<\/a>\n                    <\/div>\n                    <div class=\"debate-excerpt\">On public finances and intergenerational justice<\/div>\n                <\/div>\n\n                <div class=\"debate-icon\">\n                    <a href=\"https:\/\/kath-akademie-bayern.de\/en\/mediathek-eintrag\/wer-zahlt-die-zeche-ueber-staatsfinanzen-und-generationengerechtigkeit\/\" target=\"_blank\" class=\"elementor-button debate-arrow\">\n                        <span class=\"screen-reader-text\">Download file<\/span>\n                        <i class=\"fas fa-file\" aria-hidden=\"true\"><\/i>\n                    <\/a>\n                <\/div>\n            <\/div>\n        <\/div>\n                    <div class=\"debate-list-item\">\n            <div class=\"debate-inner d-flex justify-content-between align-items-center\">\n                <div class=\"debate-list-content\">\n                    <div class=\"debate-excerpt fw-normal\"><\/div>\n                    <div class=\"debate-name w-auto\">\n                        <a href=\"https:\/\/kath-akademie-bayern.de\/en\/mediathek-eintrag\/rohstoffe-fuer-die-energiewende-veranstaltung-mit-acatech\/\" target=\"_blank\">Raw materials for the energy transition<\/a>\n                    <\/div>\n                    <div class=\"debate-excerpt\">Veranstaltung mit acatech<\/div>\n                <\/div>\n\n                <div class=\"debate-icon\">\n                    <a href=\"https:\/\/kath-akademie-bayern.de\/en\/mediathek-eintrag\/rohstoffe-fuer-die-energiewende-veranstaltung-mit-acatech\/\" target=\"_blank\" class=\"elementor-button debate-arrow\">\n                        <span class=\"screen-reader-text\">Download file<\/span>\n                        <i class=\"fas fa-file\" aria-hidden=\"true\"><\/i>\n                    <\/a>\n                <\/div>\n            <\/div>\n        <\/div>\n                    <div class=\"debate-list-item\">\n            <div class=\"debate-inner d-flex justify-content-between align-items-center\">\n                <div class=\"debate-list-content\">\n                    <div class=\"debate-excerpt fw-normal\"><\/div>\n                    <div class=\"debate-name w-auto\">\n                        <a href=\"https:\/\/kath-akademie-bayern.de\/en\/mediathek-eintrag\/zwischen-shitstorm-und-pfarreifusion-kirche-lernt-ki-kommunikation\/\" target=\"_blank\">Between shitstorm and parish fusion<\/a>\n                    <\/div>\n                    <div class=\"debate-excerpt\">Kirche lernt KI-Kommunikation<\/div>\n                <\/div>\n\n                <div class=\"debate-icon\">\n                    <a href=\"https:\/\/kath-akademie-bayern.de\/en\/mediathek-eintrag\/zwischen-shitstorm-und-pfarreifusion-kirche-lernt-ki-kommunikation\/\" target=\"_blank\" class=\"elementor-button debate-arrow\">\n                        <span class=\"screen-reader-text\">Download file<\/span>\n                        <i class=\"fas fa-file\" aria-hidden=\"true\"><\/i>\n                    <\/a>\n                <\/div>\n            <\/div>\n        <\/div>\n                    <div class=\"debate-list-item\">\n            <div class=\"debate-inner d-flex justify-content-between align-items-center\">\n                <div class=\"debate-list-content\">\n                    <div class=\"debate-excerpt fw-normal\"><\/div>\n                    <div class=\"debate-name w-auto\">\n                        <a href=\"https:\/\/kath-akademie-bayern.de\/en\/mediathek-eintrag\/whats-ancient-about-ancient-philosophy-im-rahmen-des-philosophischen-meisterkurses-2025\/\" target=\"_blank\">What&#8217;s ancient about Ancient Philosophy?<\/a>\n                    <\/div>\n                    <div class=\"debate-excerpt\">Im Rahmen des Philosophischen Meisterkurses 2025<\/div>\n                <\/div>\n\n                <div class=\"debate-icon\">\n                    <a href=\"https:\/\/kath-akademie-bayern.de\/en\/mediathek-eintrag\/whats-ancient-about-ancient-philosophy-im-rahmen-des-philosophischen-meisterkurses-2025\/\" target=\"_blank\" class=\"elementor-button debate-arrow\">\n                        <span class=\"screen-reader-text\">Download file<\/span>\n                        <i class=\"fas fa-file\" aria-hidden=\"true\"><\/i>\n                    <\/a>\n                <\/div>\n            <\/div>\n        <\/div>\n                    <div class=\"debate-list-item\">\n            <div class=\"debate-inner d-flex justify-content-between align-items-center\">\n                <div class=\"debate-list-content\">\n                    <div class=\"debate-excerpt fw-normal\"><\/div>\n                    <div class=\"debate-name w-auto\">\n                        <a href=\"https:\/\/kath-akademie-bayern.de\/en\/mediathek-eintrag\/habemus-papam-online-veranstaltungen-zur-papstwahl-und-leo-xiv\/\" target=\"_blank\">Habemus Papam<\/a>\n                    <\/div>\n                    <div class=\"debate-excerpt\">Online-Veranstaltungen zur Papstwahl und Leo XIV.<\/div>\n                <\/div>\n\n                <div class=\"debate-icon\">\n                    <a href=\"https:\/\/kath-akademie-bayern.de\/en\/mediathek-eintrag\/habemus-papam-online-veranstaltungen-zur-papstwahl-und-leo-xiv\/\" target=\"_blank\" class=\"elementor-button debate-arrow\">\n                        <span class=\"screen-reader-text\">Download file<\/span>\n                        <i class=\"fas fa-file\" aria-hidden=\"true\"><\/i>\n                    <\/a>\n                <\/div>\n            <\/div>\n        <\/div>\n                    <div class=\"debate-list-item\">\n            <div class=\"debate-inner d-flex justify-content-between align-items-center\">\n                <div class=\"debate-list-content\">\n                    <div class=\"debate-excerpt fw-normal\"><\/div>\n                    <div class=\"debate-name w-auto\">\n                        <a href=\"https:\/\/kath-akademie-bayern.de\/en\/mediathek-eintrag\/transformation-vernissage-der-ausstellung-von-werken-alf-lechners\/\" target=\"_blank\">Transformation<\/a>\n                    <\/div>\n                    <div class=\"debate-excerpt\">Vernissage der Ausstellung von Werken Alf Lechners<\/div>\n                <\/div>\n\n                <div class=\"debate-icon\">\n                    <a href=\"https:\/\/kath-akademie-bayern.de\/en\/mediathek-eintrag\/transformation-vernissage-der-ausstellung-von-werken-alf-lechners\/\" target=\"_blank\" class=\"elementor-button debate-arrow\">\n                        <span class=\"screen-reader-text\">Download file<\/span>\n                        <i class=\"fas fa-file\" aria-hidden=\"true\"><\/i>\n                    <\/a>\n                <\/div>\n            <\/div>\n        <\/div>\n                    <div class=\"debate-list-item\">\n            <div class=\"debate-inner d-flex justify-content-between align-items-center\">\n                <div class=\"debate-list-content\">\n                    <div class=\"debate-excerpt fw-normal\"><a href=\"https:\/\/kath-akademie-bayern.de\/en\/referent\/prof-dr-freimut-loeser\/\" target=\"_blank\">L\u00f6ser, Freimut<\/a><\/div>\n                    <div class=\"debate-name w-auto\">\n                        <a href=\"https:\/\/kath-akademie-bayern.de\/en\/mediathek-eintrag\/das-verhaeltnis-von-meister-eckhart-zur-kirche-eine-uebersicht-und-zusammenfassung-aller-vortraege-der-tagung\/\" target=\"_blank\">Das Verh\u00e4ltnis von Meister Eckhart zur Kirche<\/a>\n                    <\/div>\n                    <div class=\"debate-excerpt\">Eine \u00dcbersicht und Zusammenfassung aller Vortr\u00e4ge der Tagung<\/div>\n                <\/div>\n\n                <div class=\"debate-icon\">\n                    <a href=\"https:\/\/kath-akademie-bayern.de\/en\/mediathek-eintrag\/das-verhaeltnis-von-meister-eckhart-zur-kirche-eine-uebersicht-und-zusammenfassung-aller-vortraege-der-tagung\/\" target=\"_blank\" class=\"elementor-button debate-arrow\">\n                        <span class=\"screen-reader-text\">Download file<\/span>\n                        <i class=\"fas fa-file\" aria-hidden=\"true\"><\/i>\n                    <\/a>\n                <\/div>\n            <\/div>\n        <\/div>\n                    <div class=\"debate-list-item\">\n            <div class=\"debate-inner d-flex justify-content-between align-items-center\">\n                <div class=\"debate-list-content\">\n                    <div class=\"debate-excerpt fw-normal\"><\/div>\n                    <div class=\"debate-name w-auto\">\n                        <a href=\"https:\/\/kath-akademie-bayern.de\/en\/mediathek-eintrag\/globale-klimafinanzierung-verantwortung-und-herausforderung-ein-tagungsbericht\/\" target=\"_blank\">Globale Klimafinanzierung: Verantwortung und Herausforderung<\/a>\n                    <\/div>\n                    <div class=\"debate-excerpt\">Ein Tagungsbericht<\/div>\n                <\/div>\n\n                <div class=\"debate-icon\">\n                    <a href=\"https:\/\/kath-akademie-bayern.de\/en\/mediathek-eintrag\/globale-klimafinanzierung-verantwortung-und-herausforderung-ein-tagungsbericht\/\" target=\"_blank\" class=\"elementor-button debate-arrow\">\n                        <span class=\"screen-reader-text\">Download file<\/span>\n                        <i class=\"fas fa-file\" aria-hidden=\"true\"><\/i>\n                    <\/a>\n                <\/div>\n            <\/div>\n        <\/div>\n                    <div class=\"debate-list-item\">\n            <div class=\"debate-inner d-flex justify-content-between align-items-center\">\n                <div class=\"debate-list-content\">\n                    <div class=\"debate-excerpt fw-normal\"><a href=\"https:\/\/kath-akademie-bayern.de\/en\/referent\/prof-dr-florian-egli\/\" target=\"_blank\">Egli, Florian<\/a><\/div>\n                    <div class=\"debate-name w-auto\">\n                        <a href=\"https:\/\/kath-akademie-bayern.de\/en\/mediathek-eintrag\/es-kostet-weniger-doch-niemand-zahlt-wieso-klimafinanzierung-sich-gesellschaftlich-lohnt-und-trotzdem-stockt\/\" target=\"_blank\">Es kostet weniger, doch niemand zahlt<\/a>\n                    <\/div>\n                    <div class=\"debate-excerpt\">Wieso Klimafinanzierung sich gesellschaftlich lohnt und trotzdem stockt<\/div>\n                <\/div>\n\n                <div class=\"debate-icon\">\n                    <a href=\"https:\/\/kath-akademie-bayern.de\/en\/mediathek-eintrag\/es-kostet-weniger-doch-niemand-zahlt-wieso-klimafinanzierung-sich-gesellschaftlich-lohnt-und-trotzdem-stockt\/\" target=\"_blank\" class=\"elementor-button debate-arrow\">\n                        <span class=\"screen-reader-text\">Download file<\/span>\n                        <i class=\"fas fa-file\" aria-hidden=\"true\"><\/i>\n                    <\/a>\n                <\/div>\n            <\/div>\n        <\/div>\n                    <div class=\"debate-list-item\">\n            <div class=\"debate-inner d-flex justify-content-between align-items-center\">\n                <div class=\"debate-list-content\">\n                    <div class=\"debate-excerpt fw-normal\"><a href=\"https:\/\/kath-akademie-bayern.de\/en\/referent\/reinhard-kardinal-marx\/\" target=\"_blank\">Marx, Reinhard<\/a><\/div>\n                    <div class=\"debate-name w-auto\">\n                        <a href=\"https:\/\/kath-akademie-bayern.de\/en\/mediathek-eintrag\/zu-recht-und-gerechtigkeit-gehoeren-freiheit-und-versoehnung-schlusswort-zur-verleihung-des-romano-guardini-preises\/\" target=\"_blank\">Zu Recht und Gerechtigkeit geh\u00f6ren Freiheit und Vers\u00f6hnung<\/a>\n                    <\/div>\n                    <div class=\"debate-excerpt\">Schlusswort zur Verleihung des Romano-Guardini-Preises<\/div>\n                <\/div>\n\n                <div class=\"debate-icon\">\n                    <a href=\"https:\/\/kath-akademie-bayern.de\/en\/mediathek-eintrag\/zu-recht-und-gerechtigkeit-gehoeren-freiheit-und-versoehnung-schlusswort-zur-verleihung-des-romano-guardini-preises\/\" target=\"_blank\" class=\"elementor-button debate-arrow\">\n                        <span class=\"screen-reader-text\">Download file<\/span>\n                        <i class=\"fas fa-file\" aria-hidden=\"true\"><\/i>\n                    <\/a>\n                <\/div>\n            <\/div>\n        <\/div>\n                    <div class=\"debate-list-item\">\n            <div class=\"debate-inner d-flex justify-content-between align-items-center\">\n                <div class=\"debate-list-content\">\n                    <div class=\"debate-excerpt fw-normal\"><a href=\"https:\/\/kath-akademie-bayern.de\/en\/referent\/prof-ddr-angelika-nussberger\/\" target=\"_blank\">Nu\u00dfberger, Angelika<\/a><\/div>\n                    <div class=\"debate-name w-auto\">\n                        <a href=\"https:\/\/kath-akademie-bayern.de\/en\/mediathek-eintrag\/das-ausrufezeichen-hinter-den-menschenrechten-dankesrede-fuer-den-romano-guardini-preis\/\" target=\"_blank\">Das Ausrufezeichen hinter den Menschenrechten<\/a>\n                    <\/div>\n                    <div class=\"debate-excerpt\">Dankesrede f\u00fcr den Romano-Guardini-Preis<\/div>\n                <\/div>\n\n                <div class=\"debate-icon\">\n                    <a href=\"https:\/\/kath-akademie-bayern.de\/en\/mediathek-eintrag\/das-ausrufezeichen-hinter-den-menschenrechten-dankesrede-fuer-den-romano-guardini-preis\/\" target=\"_blank\" class=\"elementor-button debate-arrow\">\n                        <span class=\"screen-reader-text\">Download file<\/span>\n                        <i class=\"fas fa-file\" aria-hidden=\"true\"><\/i>\n                    <\/a>\n                <\/div>\n            <\/div>\n        <\/div>\n                    <div class=\"debate-list-item\">\n            <div class=\"debate-inner d-flex justify-content-between align-items-center\">\n                <div class=\"debate-list-content\">\n                    <div class=\"debate-excerpt fw-normal\"><a href=\"https:\/\/kath-akademie-bayern.de\/en\/referent\/prof-dr-andreas-vosskuhle\/\" target=\"_blank\">Vo\u00dfkuhle, Andreas<\/a><\/div>\n                    <div class=\"debate-name w-auto\">\n                        <a href=\"https:\/\/kath-akademie-bayern.de\/en\/mediathek-eintrag\/eine-powerfrau-die-vor-keiner-herausforderung-zurueckschreckt-laudatio-auf-die-preistraegerin-angelika-nussberger\/\" target=\"_blank\">Eine Powerfrau, die vor keiner Herausforderung zur\u00fcckschreckt<\/a>\n                    <\/div>\n                    <div class=\"debate-excerpt\">Laudatio auf die Preistr\u00e4gerin Angelika Nu\u00dfberger<\/div>\n                <\/div>\n\n                <div class=\"debate-icon\">\n                    <a href=\"https:\/\/kath-akademie-bayern.de\/en\/mediathek-eintrag\/eine-powerfrau-die-vor-keiner-herausforderung-zurueckschreckt-laudatio-auf-die-preistraegerin-angelika-nussberger\/\" target=\"_blank\" class=\"elementor-button debate-arrow\">\n                        <span class=\"screen-reader-text\">Download file<\/span>\n                        <i class=\"fas fa-file\" aria-hidden=\"true\"><\/i>\n                    <\/a>\n                <\/div>\n            <\/div>\n        <\/div>\n                    <div class=\"debate-list-item\">\n            <div class=\"debate-inner d-flex justify-content-between align-items-center\">\n                <div class=\"debate-list-content\">\n                    <div class=\"debate-excerpt fw-normal\"><a href=\"https:\/\/kath-akademie-bayern.de\/en\/referent\/joachim-herrmann-mdl\/\" target=\"_blank\">Herrmann MdL, Joachim<\/a><\/div>\n                    <div class=\"debate-name w-auto\">\n                        <a href=\"https:\/\/kath-akademie-bayern.de\/en\/mediathek-eintrag\/mit-messerscharfem-sachverstand-und-entwaffnender-herzlichkeit\/\" target=\"_blank\">Mit messerscharfem Sachverstand und entwaffnender Herzlichkeit<\/a>\n                    <\/div>\n                    <div class=\"debate-excerpt\"><\/div>\n                <\/div>\n\n                <div class=\"debate-icon\">\n                    <a href=\"https:\/\/kath-akademie-bayern.de\/en\/mediathek-eintrag\/mit-messerscharfem-sachverstand-und-entwaffnender-herzlichkeit\/\" target=\"_blank\" class=\"elementor-button debate-arrow\">\n                        <span class=\"screen-reader-text\">Download file<\/span>\n                        <i class=\"fas fa-file\" aria-hidden=\"true\"><\/i>\n                    <\/a>\n                <\/div>\n            <\/div>\n        <\/div>\n                    <div class=\"debate-list-item\">\n            <div class=\"debate-inner d-flex justify-content-between align-items-center\">\n                <div class=\"debate-list-content\">\n                    <div class=\"debate-excerpt fw-normal\"><a href=\"https:\/\/kath-akademie-bayern.de\/en\/referent\/pd-dr-achim-budde-2\/\" target=\"_blank\">Budde, Achim<\/a><\/div>\n                    <div class=\"debate-name w-auto\">\n                        <a href=\"https:\/\/kath-akademie-bayern.de\/en\/mediathek-eintrag\/verdient-auf-allen-ebenen-begruessung-und-einfuehrung-zur-verleihung-des-romano-guardini-preises-2024\/\" target=\"_blank\">Verdient auf allen Ebenen<\/a>\n                    <\/div>\n                    <div class=\"debate-excerpt\">Begr\u00fc\u00dfung und Einf\u00fchrung zur Verleihung des Romano-Guardini-Preises 2024<\/div>\n                <\/div>\n\n                <div class=\"debate-icon\">\n                    <a href=\"https:\/\/kath-akademie-bayern.de\/en\/mediathek-eintrag\/verdient-auf-allen-ebenen-begruessung-und-einfuehrung-zur-verleihung-des-romano-guardini-preises-2024\/\" target=\"_blank\" class=\"elementor-button debate-arrow\">\n                        <span class=\"screen-reader-text\">Download file<\/span>\n                        <i class=\"fas fa-file\" aria-hidden=\"true\"><\/i>\n                    <\/a>\n                <\/div>\n            <\/div>\n        <\/div>\n            <\/div>\n            <\/div>\r\n        <\/div>\r\n    <\/div>\r\n<\/div>\r\n<\/div>\r\n<div class=\"w-100 p-0 order-last\">\r\n    <div class=\"debate-list collapse mt-6\" id=\"list-debate-heft-2-202569f34af7115a2\" data-bs-parent=\"#latest-debate-list\">\n            <div class=\"debate-list-item\">\n            <div class=\"debate-inner d-flex justify-content-between align-items-center\">\n                <div class=\"debate-list-content\">\n                    <div class=\"debate-excerpt fw-normal\"><\/div>\n                    <div class=\"debate-name w-auto\">\n                        <a href=\"https:\/\/kath-akademie-bayern.de\/en\/mediathek-eintrag\/abends-im-schloss-u20-format-fuer-schuelerinnen-und-schueler\/\" target=\"_blank\">Abends im Schloss U20<\/a>\n                    <\/div>\n                    <div class=\"debate-excerpt\">Format f\u00fcr Sch\u00fclerinnen und Sch\u00fcler<\/div>\n                <\/div>\n\n                <div class=\"debate-icon\">\n                    <a href=\"https:\/\/kath-akademie-bayern.de\/en\/mediathek-eintrag\/abends-im-schloss-u20-format-fuer-schuelerinnen-und-schueler\/\" target=\"_blank\" class=\"elementor-button debate-arrow\">\n                        <span class=\"screen-reader-text\">Download file<\/span>\n                        <i class=\"fas fa-file\" aria-hidden=\"true\"><\/i>\n                    <\/a>\n                <\/div>\n            <\/div>\n        <\/div>\n                    <div class=\"debate-list-item\">\n            <div class=\"debate-inner d-flex justify-content-between align-items-center\">\n                <div class=\"debate-list-content\">\n                    <div class=\"debate-excerpt fw-normal\"><\/div>\n                    <div class=\"debate-name w-auto\">\n                        <a href=\"https:\/\/kath-akademie-bayern.de\/en\/mediathek-eintrag\/ilse-aigner-zu-gast-bei-achim-budde-landtagspraesidentin-in-der-reihe-mittags-im-schloss\/\" target=\"_blank\">Ilse Aigner zu Gast bei Achim Budde<\/a>\n                    <\/div>\n                    <div class=\"debate-excerpt\">Landtagspr\u00e4sidentin in der Reihe Mittags im Schloss<\/div>\n                <\/div>\n\n                <div class=\"debate-icon\">\n                    <a href=\"https:\/\/kath-akademie-bayern.de\/en\/mediathek-eintrag\/ilse-aigner-zu-gast-bei-achim-budde-landtagspraesidentin-in-der-reihe-mittags-im-schloss\/\" target=\"_blank\" class=\"elementor-button debate-arrow\">\n                        <span class=\"screen-reader-text\">Download file<\/span>\n                        <i class=\"fas fa-file\" aria-hidden=\"true\"><\/i>\n                    <\/a>\n                <\/div>\n            <\/div>\n        <\/div>\n                    <div class=\"debate-list-item\">\n            <div class=\"debate-inner d-flex justify-content-between align-items-center\">\n                <div class=\"debate-list-content\">\n                    <div class=\"debate-excerpt fw-normal\"><\/div>\n                    <div class=\"debate-name w-auto\">\n                        <a href=\"https:\/\/kath-akademie-bayern.de\/en\/mediathek-eintrag\/wenn-nichts-fehlt-wo-gott-fehlt-akademiegespraech-der-bundeswehr\/\" target=\"_blank\">Wenn nichts fehlt, wo Gott fehlt<\/a>\n                    <\/div>\n                    <div class=\"debate-excerpt\">Bundeswehr Academy Talk<\/div>\n                <\/div>\n\n                <div class=\"debate-icon\">\n                    <a href=\"https:\/\/kath-akademie-bayern.de\/en\/mediathek-eintrag\/wenn-nichts-fehlt-wo-gott-fehlt-akademiegespraech-der-bundeswehr\/\" target=\"_blank\" class=\"elementor-button debate-arrow\">\n                        <span class=\"screen-reader-text\">Download file<\/span>\n                        <i class=\"fas fa-file\" aria-hidden=\"true\"><\/i>\n                    <\/a>\n                <\/div>\n            <\/div>\n        <\/div>\n                    <div class=\"debate-list-item\">\n            <div class=\"debate-inner d-flex justify-content-between align-items-center\">\n                <div class=\"debate-list-content\">\n                    <div class=\"debate-excerpt fw-normal\"><\/div>\n                    <div class=\"debate-name w-auto\">\n                        <a href=\"https:\/\/kath-akademie-bayern.de\/en\/mediathek-eintrag\/wer-zahlt-die-zeche-ueber-staatsfinanzen-und-generationengerechtigkeit\/\" target=\"_blank\">Who pays the bill?<\/a>\n                    <\/div>\n                    <div class=\"debate-excerpt\">On public finances and intergenerational justice<\/div>\n                <\/div>\n\n                <div class=\"debate-icon\">\n                    <a href=\"https:\/\/kath-akademie-bayern.de\/en\/mediathek-eintrag\/wer-zahlt-die-zeche-ueber-staatsfinanzen-und-generationengerechtigkeit\/\" target=\"_blank\" class=\"elementor-button debate-arrow\">\n                        <span class=\"screen-reader-text\">Download file<\/span>\n                        <i class=\"fas fa-file\" aria-hidden=\"true\"><\/i>\n                    <\/a>\n                <\/div>\n            <\/div>\n        <\/div>\n                    <div class=\"debate-list-item\">\n            <div class=\"debate-inner d-flex justify-content-between align-items-center\">\n                <div class=\"debate-list-content\">\n                    <div class=\"debate-excerpt fw-normal\"><\/div>\n                    <div class=\"debate-name w-auto\">\n                        <a href=\"https:\/\/kath-akademie-bayern.de\/en\/mediathek-eintrag\/rohstoffe-fuer-die-energiewende-veranstaltung-mit-acatech\/\" target=\"_blank\">Raw materials for the energy transition<\/a>\n                    <\/div>\n                    <div class=\"debate-excerpt\">Veranstaltung mit acatech<\/div>\n                <\/div>\n\n                <div class=\"debate-icon\">\n                    <a href=\"https:\/\/kath-akademie-bayern.de\/en\/mediathek-eintrag\/rohstoffe-fuer-die-energiewende-veranstaltung-mit-acatech\/\" target=\"_blank\" class=\"elementor-button debate-arrow\">\n                        <span class=\"screen-reader-text\">Download file<\/span>\n                        <i class=\"fas fa-file\" aria-hidden=\"true\"><\/i>\n                    <\/a>\n                <\/div>\n            <\/div>\n        <\/div>\n                    <div class=\"debate-list-item\">\n            <div class=\"debate-inner d-flex justify-content-between align-items-center\">\n                <div class=\"debate-list-content\">\n                    <div class=\"debate-excerpt fw-normal\"><\/div>\n                    <div class=\"debate-name w-auto\">\n                        <a href=\"https:\/\/kath-akademie-bayern.de\/en\/mediathek-eintrag\/zwischen-shitstorm-und-pfarreifusion-kirche-lernt-ki-kommunikation\/\" target=\"_blank\">Between shitstorm and parish fusion<\/a>\n                    <\/div>\n                    <div class=\"debate-excerpt\">Kirche lernt KI-Kommunikation<\/div>\n                <\/div>\n\n                <div class=\"debate-icon\">\n                    <a href=\"https:\/\/kath-akademie-bayern.de\/en\/mediathek-eintrag\/zwischen-shitstorm-und-pfarreifusion-kirche-lernt-ki-kommunikation\/\" target=\"_blank\" class=\"elementor-button debate-arrow\">\n                        <span class=\"screen-reader-text\">Download file<\/span>\n                        <i class=\"fas fa-file\" aria-hidden=\"true\"><\/i>\n                    <\/a>\n                <\/div>\n            <\/div>\n        <\/div>\n                    <div class=\"debate-list-item\">\n            <div class=\"debate-inner d-flex justify-content-between align-items-center\">\n                <div class=\"debate-list-content\">\n                    <div class=\"debate-excerpt fw-normal\"><\/div>\n                    <div class=\"debate-name w-auto\">\n                        <a href=\"https:\/\/kath-akademie-bayern.de\/en\/mediathek-eintrag\/whats-ancient-about-ancient-philosophy-im-rahmen-des-philosophischen-meisterkurses-2025\/\" target=\"_blank\">What&#8217;s ancient about Ancient Philosophy?<\/a>\n                    <\/div>\n                    <div class=\"debate-excerpt\">Im Rahmen des Philosophischen Meisterkurses 2025<\/div>\n                <\/div>\n\n                <div class=\"debate-icon\">\n                    <a href=\"https:\/\/kath-akademie-bayern.de\/en\/mediathek-eintrag\/whats-ancient-about-ancient-philosophy-im-rahmen-des-philosophischen-meisterkurses-2025\/\" target=\"_blank\" class=\"elementor-button debate-arrow\">\n                        <span class=\"screen-reader-text\">Download file<\/span>\n                        <i class=\"fas fa-file\" aria-hidden=\"true\"><\/i>\n                    <\/a>\n                <\/div>\n            <\/div>\n        <\/div>\n                    <div class=\"debate-list-item\">\n            <div class=\"debate-inner d-flex justify-content-between align-items-center\">\n                <div class=\"debate-list-content\">\n                    <div class=\"debate-excerpt fw-normal\"><\/div>\n                    <div class=\"debate-name w-auto\">\n                        <a href=\"https:\/\/kath-akademie-bayern.de\/en\/mediathek-eintrag\/habemus-papam-online-veranstaltungen-zur-papstwahl-und-leo-xiv\/\" target=\"_blank\">Habemus Papam<\/a>\n                    <\/div>\n                    <div class=\"debate-excerpt\">Online-Veranstaltungen zur Papstwahl und Leo XIV.<\/div>\n                <\/div>\n\n                <div class=\"debate-icon\">\n                    <a href=\"https:\/\/kath-akademie-bayern.de\/en\/mediathek-eintrag\/habemus-papam-online-veranstaltungen-zur-papstwahl-und-leo-xiv\/\" target=\"_blank\" class=\"elementor-button debate-arrow\">\n                        <span class=\"screen-reader-text\">Download file<\/span>\n                        <i class=\"fas fa-file\" aria-hidden=\"true\"><\/i>\n                    <\/a>\n                <\/div>\n            <\/div>\n        <\/div>\n                    <div class=\"debate-list-item\">\n            <div class=\"debate-inner d-flex justify-content-between align-items-center\">\n                <div class=\"debate-list-content\">\n                    <div class=\"debate-excerpt fw-normal\"><\/div>\n                    <div class=\"debate-name w-auto\">\n                        <a href=\"https:\/\/kath-akademie-bayern.de\/en\/mediathek-eintrag\/transformation-vernissage-der-ausstellung-von-werken-alf-lechners\/\" target=\"_blank\">Transformation<\/a>\n                    <\/div>\n                    <div class=\"debate-excerpt\">Vernissage der Ausstellung von Werken Alf Lechners<\/div>\n                <\/div>\n\n                <div class=\"debate-icon\">\n                    <a href=\"https:\/\/kath-akademie-bayern.de\/en\/mediathek-eintrag\/transformation-vernissage-der-ausstellung-von-werken-alf-lechners\/\" target=\"_blank\" class=\"elementor-button debate-arrow\">\n                        <span class=\"screen-reader-text\">Download file<\/span>\n                        <i class=\"fas fa-file\" aria-hidden=\"true\"><\/i>\n                    <\/a>\n                <\/div>\n            <\/div>\n        <\/div>\n                    <div class=\"debate-list-item\">\n            <div class=\"debate-inner d-flex justify-content-between align-items-center\">\n                <div class=\"debate-list-content\">\n                    <div class=\"debate-excerpt fw-normal\"><a href=\"https:\/\/kath-akademie-bayern.de\/en\/referent\/prof-dr-freimut-loeser\/\" target=\"_blank\">L\u00f6ser, Freimut<\/a><\/div>\n                    <div class=\"debate-name w-auto\">\n                        <a href=\"https:\/\/kath-akademie-bayern.de\/en\/mediathek-eintrag\/das-verhaeltnis-von-meister-eckhart-zur-kirche-eine-uebersicht-und-zusammenfassung-aller-vortraege-der-tagung\/\" target=\"_blank\">Das Verh\u00e4ltnis von Meister Eckhart zur Kirche<\/a>\n                    <\/div>\n                    <div class=\"debate-excerpt\">Eine \u00dcbersicht und Zusammenfassung aller Vortr\u00e4ge der Tagung<\/div>\n                <\/div>\n\n                <div class=\"debate-icon\">\n                    <a href=\"https:\/\/kath-akademie-bayern.de\/en\/mediathek-eintrag\/das-verhaeltnis-von-meister-eckhart-zur-kirche-eine-uebersicht-und-zusammenfassung-aller-vortraege-der-tagung\/\" target=\"_blank\" class=\"elementor-button debate-arrow\">\n                        <span class=\"screen-reader-text\">Download file<\/span>\n                        <i class=\"fas fa-file\" aria-hidden=\"true\"><\/i>\n                    <\/a>\n                <\/div>\n            <\/div>\n        <\/div>\n                    <div class=\"debate-list-item\">\n            <div class=\"debate-inner d-flex justify-content-between align-items-center\">\n                <div class=\"debate-list-content\">\n                    <div class=\"debate-excerpt fw-normal\"><\/div>\n                    <div class=\"debate-name w-auto\">\n                        <a href=\"https:\/\/kath-akademie-bayern.de\/en\/mediathek-eintrag\/globale-klimafinanzierung-verantwortung-und-herausforderung-ein-tagungsbericht\/\" target=\"_blank\">Globale Klimafinanzierung: Verantwortung und Herausforderung<\/a>\n                    <\/div>\n                    <div class=\"debate-excerpt\">Ein Tagungsbericht<\/div>\n                <\/div>\n\n                <div class=\"debate-icon\">\n                    <a href=\"https:\/\/kath-akademie-bayern.de\/en\/mediathek-eintrag\/globale-klimafinanzierung-verantwortung-und-herausforderung-ein-tagungsbericht\/\" target=\"_blank\" class=\"elementor-button debate-arrow\">\n                        <span class=\"screen-reader-text\">Download file<\/span>\n                        <i class=\"fas fa-file\" aria-hidden=\"true\"><\/i>\n                    <\/a>\n                <\/div>\n            <\/div>\n        <\/div>\n                    <div class=\"debate-list-item\">\n            <div class=\"debate-inner d-flex justify-content-between align-items-center\">\n                <div class=\"debate-list-content\">\n                    <div class=\"debate-excerpt fw-normal\"><a href=\"https:\/\/kath-akademie-bayern.de\/en\/referent\/prof-dr-florian-egli\/\" target=\"_blank\">Egli, Florian<\/a><\/div>\n                    <div class=\"debate-name w-auto\">\n                        <a href=\"https:\/\/kath-akademie-bayern.de\/en\/mediathek-eintrag\/es-kostet-weniger-doch-niemand-zahlt-wieso-klimafinanzierung-sich-gesellschaftlich-lohnt-und-trotzdem-stockt\/\" target=\"_blank\">Es kostet weniger, doch niemand zahlt<\/a>\n                    <\/div>\n                    <div class=\"debate-excerpt\">Wieso Klimafinanzierung sich gesellschaftlich lohnt und trotzdem stockt<\/div>\n                <\/div>\n\n                <div class=\"debate-icon\">\n                    <a href=\"https:\/\/kath-akademie-bayern.de\/en\/mediathek-eintrag\/es-kostet-weniger-doch-niemand-zahlt-wieso-klimafinanzierung-sich-gesellschaftlich-lohnt-und-trotzdem-stockt\/\" target=\"_blank\" class=\"elementor-button debate-arrow\">\n                        <span class=\"screen-reader-text\">Download file<\/span>\n                        <i class=\"fas fa-file\" aria-hidden=\"true\"><\/i>\n                    <\/a>\n                <\/div>\n            <\/div>\n        <\/div>\n                    <div class=\"debate-list-item\">\n            <div class=\"debate-inner d-flex justify-content-between align-items-center\">\n                <div class=\"debate-list-content\">\n                    <div class=\"debate-excerpt fw-normal\"><a href=\"https:\/\/kath-akademie-bayern.de\/en\/referent\/reinhard-kardinal-marx\/\" target=\"_blank\">Marx, Reinhard<\/a><\/div>\n                    <div class=\"debate-name w-auto\">\n                        <a href=\"https:\/\/kath-akademie-bayern.de\/en\/mediathek-eintrag\/zu-recht-und-gerechtigkeit-gehoeren-freiheit-und-versoehnung-schlusswort-zur-verleihung-des-romano-guardini-preises\/\" target=\"_blank\">Zu Recht und Gerechtigkeit geh\u00f6ren Freiheit und Vers\u00f6hnung<\/a>\n                    <\/div>\n                    <div class=\"debate-excerpt\">Schlusswort zur Verleihung des Romano-Guardini-Preises<\/div>\n                <\/div>\n\n                <div class=\"debate-icon\">\n                    <a href=\"https:\/\/kath-akademie-bayern.de\/en\/mediathek-eintrag\/zu-recht-und-gerechtigkeit-gehoeren-freiheit-und-versoehnung-schlusswort-zur-verleihung-des-romano-guardini-preises\/\" target=\"_blank\" class=\"elementor-button debate-arrow\">\n                        <span class=\"screen-reader-text\">Download file<\/span>\n                        <i class=\"fas fa-file\" aria-hidden=\"true\"><\/i>\n                    <\/a>\n                <\/div>\n            <\/div>\n        <\/div>\n                    <div class=\"debate-list-item\">\n            <div class=\"debate-inner d-flex justify-content-between align-items-center\">\n                <div class=\"debate-list-content\">\n                    <div class=\"debate-excerpt fw-normal\"><a href=\"https:\/\/kath-akademie-bayern.de\/en\/referent\/prof-ddr-angelika-nussberger\/\" target=\"_blank\">Nu\u00dfberger, Angelika<\/a><\/div>\n                    <div class=\"debate-name w-auto\">\n                        <a href=\"https:\/\/kath-akademie-bayern.de\/en\/mediathek-eintrag\/das-ausrufezeichen-hinter-den-menschenrechten-dankesrede-fuer-den-romano-guardini-preis\/\" target=\"_blank\">Das Ausrufezeichen hinter den Menschenrechten<\/a>\n                    <\/div>\n                    <div class=\"debate-excerpt\">Dankesrede f\u00fcr den Romano-Guardini-Preis<\/div>\n                <\/div>\n\n                <div class=\"debate-icon\">\n                    <a href=\"https:\/\/kath-akademie-bayern.de\/en\/mediathek-eintrag\/das-ausrufezeichen-hinter-den-menschenrechten-dankesrede-fuer-den-romano-guardini-preis\/\" target=\"_blank\" class=\"elementor-button debate-arrow\">\n                        <span class=\"screen-reader-text\">Download file<\/span>\n                        <i class=\"fas fa-file\" aria-hidden=\"true\"><\/i>\n                    <\/a>\n                <\/div>\n            <\/div>\n        <\/div>\n                    <div class=\"debate-list-item\">\n            <div class=\"debate-inner d-flex justify-content-between align-items-center\">\n                <div class=\"debate-list-content\">\n                    <div class=\"debate-excerpt fw-normal\"><a href=\"https:\/\/kath-akademie-bayern.de\/en\/referent\/prof-dr-andreas-vosskuhle\/\" target=\"_blank\">Vo\u00dfkuhle, Andreas<\/a><\/div>\n                    <div class=\"debate-name w-auto\">\n                        <a href=\"https:\/\/kath-akademie-bayern.de\/en\/mediathek-eintrag\/eine-powerfrau-die-vor-keiner-herausforderung-zurueckschreckt-laudatio-auf-die-preistraegerin-angelika-nussberger\/\" target=\"_blank\">Eine Powerfrau, die vor keiner Herausforderung zur\u00fcckschreckt<\/a>\n                    <\/div>\n                    <div class=\"debate-excerpt\">Laudatio auf die Preistr\u00e4gerin Angelika Nu\u00dfberger<\/div>\n                <\/div>\n\n                <div class=\"debate-icon\">\n                    <a href=\"https:\/\/kath-akademie-bayern.de\/en\/mediathek-eintrag\/eine-powerfrau-die-vor-keiner-herausforderung-zurueckschreckt-laudatio-auf-die-preistraegerin-angelika-nussberger\/\" target=\"_blank\" class=\"elementor-button debate-arrow\">\n                        <span class=\"screen-reader-text\">Download file<\/span>\n                        <i class=\"fas fa-file\" aria-hidden=\"true\"><\/i>\n                    <\/a>\n                <\/div>\n            <\/div>\n        <\/div>\n                    <div class=\"debate-list-item\">\n            <div class=\"debate-inner d-flex justify-content-between align-items-center\">\n                <div class=\"debate-list-content\">\n                    <div class=\"debate-excerpt fw-normal\"><a href=\"https:\/\/kath-akademie-bayern.de\/en\/referent\/joachim-herrmann-mdl\/\" target=\"_blank\">Herrmann MdL, Joachim<\/a><\/div>\n                    <div class=\"debate-name w-auto\">\n                        <a href=\"https:\/\/kath-akademie-bayern.de\/en\/mediathek-eintrag\/mit-messerscharfem-sachverstand-und-entwaffnender-herzlichkeit\/\" target=\"_blank\">Mit messerscharfem Sachverstand und entwaffnender Herzlichkeit<\/a>\n                    <\/div>\n                    <div class=\"debate-excerpt\"><\/div>\n                <\/div>\n\n                <div class=\"debate-icon\">\n                    <a href=\"https:\/\/kath-akademie-bayern.de\/en\/mediathek-eintrag\/mit-messerscharfem-sachverstand-und-entwaffnender-herzlichkeit\/\" target=\"_blank\" class=\"elementor-button debate-arrow\">\n                        <span class=\"screen-reader-text\">Download file<\/span>\n                        <i class=\"fas fa-file\" aria-hidden=\"true\"><\/i>\n                    <\/a>\n                <\/div>\n            <\/div>\n        <\/div>\n                    <div class=\"debate-list-item\">\n            <div class=\"debate-inner d-flex justify-content-between align-items-center\">\n                <div class=\"debate-list-content\">\n                    <div class=\"debate-excerpt fw-normal\"><a href=\"https:\/\/kath-akademie-bayern.de\/en\/referent\/pd-dr-achim-budde-2\/\" target=\"_blank\">Budde, Achim<\/a><\/div>\n                    <div class=\"debate-name w-auto\">\n                        <a href=\"https:\/\/kath-akademie-bayern.de\/en\/mediathek-eintrag\/verdient-auf-allen-ebenen-begruessung-und-einfuehrung-zur-verleihung-des-romano-guardini-preises-2024\/\" target=\"_blank\">Verdient auf allen Ebenen<\/a>\n                    <\/div>\n                    <div class=\"debate-excerpt\">Begr\u00fc\u00dfung und Einf\u00fchrung zur Verleihung des Romano-Guardini-Preises 2024<\/div>\n                <\/div>\n\n                <div class=\"debate-icon\">\n                    <a href=\"https:\/\/kath-akademie-bayern.de\/en\/mediathek-eintrag\/verdient-auf-allen-ebenen-begruessung-und-einfuehrung-zur-verleihung-des-romano-guardini-preises-2024\/\" target=\"_blank\" class=\"elementor-button debate-arrow\">\n                        <span class=\"screen-reader-text\">Download file<\/span>\n                        <i class=\"fas fa-file\" aria-hidden=\"true\"><\/i>\n                    <\/a>\n                <\/div>\n            <\/div>\n        <\/div>\n            <\/div>\n<\/div>\r\n<\/div>\t\t\t\t<\/div>\n\t\t\t\t<\/div>\n\t\t\t\t\t<\/div>\n\t\t<\/div>\n\t\t\t\t\t<\/div>\n\t\t<\/section>\n\t\t\t\t<section class=\"elementor-section elementor-top-section elementor-element elementor-element-a7fb162 elementor-section-stretched elementor-section-boxed elementor-section-height-default elementor-section-height-default elementor-extension-display-condition-disabled\" data-id=\"a7fb162\" data-element_type=\"section\" data-e-type=\"section\" data-settings=\"{&quot;background_background&quot;:&quot;classic&quot;,&quot;stretch_section&quot;:&quot;section-stretched&quot;}\">\n\t\t\t\t\t\t<div class=\"elementor-container elementor-column-gap-default\">\n\t\t\t\t\t<div class=\"elementor-column elementor-col-50 elementor-top-column elementor-element elementor-element-67f8aab elementor-extension-display-condition-disabled\" data-id=\"67f8aab\" data-element_type=\"column\" data-e-type=\"column\">\n\t\t\t<div class=\"elementor-widget-wrap elementor-element-populated\">\n\t\t\t\t\t\t<div class=\"elementor-element elementor-element-44fa8f0 mb-0 elementor-widget__width-initial elementor-extension-display-condition-disabled elementor-widget elementor-widget-heading\" data-id=\"44fa8f0\" data-element_type=\"widget\" data-e-type=\"widget\" data-widget_type=\"heading.default\">\n\t\t\t\t<div class=\"elementor-widget-container\">\n\t\t\t\t\t<h3 class=\"elementor-heading-title elementor-size-default\">Online edition \"zur debatte <br>via the newsletter <br>Subscribe free of charge<\/h3>\t\t\t\t<\/div>\n\t\t\t\t<\/div>\n\t\t\t\t<div class=\"elementor-element elementor-element-af5545b mb-0 elementor-widget__width-initial elementor-extension-display-condition-disabled elementor-widget elementor-widget-heading\" data-id=\"af5545b\" data-element_type=\"widget\" data-e-type=\"widget\" data-widget_type=\"heading.default\">\n\t\t\t\t<div class=\"elementor-widget-container\">\n\t\t\t\t\t<h3 class=\"elementor-heading-title elementor-size-default\"><br>Print edition \"zur debatte\nsubscribe <\/h3>\t\t\t\t<\/div>\n\t\t\t\t<\/div>\n\t\t\t\t\t<\/div>\n\t\t<\/div>\n\t\t\t\t<div class=\"elementor-column elementor-col-50 elementor-top-column elementor-element elementor-element-3587ee2 elementor-extension-display-condition-disabled\" data-id=\"3587ee2\" data-element_type=\"column\" data-e-type=\"column\">\n\t\t\t<div class=\"elementor-widget-wrap elementor-element-populated\">\n\t\t\t\t\t\t<div class=\"elementor-element elementor-element-7d2ec81 elementor-extension-display-condition-disabled elementor-widget elementor-widget-shortcode\" data-id=\"7d2ec81\" data-element_type=\"widget\" data-e-type=\"widget\" data-widget_type=\"shortcode.default\">\n\t\t\t\t<div class=\"elementor-widget-container\">\n\t\t\t\t\t\t\t<div class=\"elementor-shortcode\"><div class=\"haet-cleverreach\">\n\t        <form method=\"post\" class=\"haet-cleverreach-form\" action=\"\">\n            <input type=\"hidden\" name=\"haet-cleverreach-is-widget\" value=\"0\">\n            <input type=\"hidden\" name=\"haet-cleverreach-form-id\" value=\"187403\">\n            <input type=\"hidden\" name=\"haet-cleverreach-list-id\" value=\"567371\">\n\t\t\t                    <div class=\"haet-cleverreach-field-wrap label-inside type-email\">\n\t\t\t\t\t\t\t\t\t\t\t\t\t\t\t\t\t\t\t\t                                <input type=\"email\"\n                                       id=\"haet-cleverreach-cleverreach_email\"\n                                       name=\"haet-cleverreach-cleverreach_email\"\n                                       value=\"\"\n\t\t\t\t\t\t\t\t\t placeholder=\"Your e-mail address\" \t\t\t\t\t\t\t\t\t required>\n\t\t\t\t\t\t\t\n\t\t\t\t\t\t\t\t\t\t\t\t\t                    <\/div>\n\t\t\t\t                    <div class=\"haet-cleverreach-field-wrap label-inside type-submit\">\n\t\t\t\t\t\t                            <button type=\"submit\" class=\"button\" id=\"haet-cleverreach-submit\">\n\t\t\t\t\t\t\t\tLog in                            <\/button>\n\t\t\t\t\t\t                    <\/div>\n\t\t\t\t                    <div class=\"haet-cleverreach-field-wrap label-inside type-gender\">\n\t\t\t\t\t\t\t\t\t\t\t\t\t\t\t\t\t\t\t\t                                <select id=\"haet-cleverreach-GLOBAL_salutation\" name=\"haet-cleverreach-GLOBAL_salutation\" >\n\t\t\t\t\t\t\t\t\t                                        <option value=\"\">Salutation<\/option>\n\t\t\t\t\t\t\t\t\t\t\t\t\t\t\t\t\t\t                                        <option>k.a.<\/option>\n\t\t\t\t\t\t\t\t\t                                        <option>Ms<\/option>\n\t\t\t\t\t\t\t\t\t                                        <option>Mr<\/option>\n\t\t\t\t\t\t\t\t\t                                <\/select>\n\t\t\t\t\t\t\t\n\t\t\t\t\t\t\t\t\t\t\t\t\t                    <\/div>\n\t\t\t\t                    <div class=\"haet-cleverreach-field-wrap label-inside type-text\">\n\t\t\t\t\t\t\t\t\t\t\t\t\t\t\t\t\t\t\t\t                                <input type=\"text\"\n                                       id=\"haet-cleverreach-GLOBAL_title\"\n                                       name=\"haet-cleverreach-GLOBAL_title\"\n                                       value=\"\"\n\t\t\t\t\t\t\t\t\t placeholder=\"Title\" \t\t\t\t\t\t\t\t\t                                >\n\t\t\t\t\t\t\t\n\t\t\t\t\t\t\t\t\t\t\t\t\t                    <\/div>\n\t\t\t\t                    <div class=\"haet-cleverreach-field-wrap label-inside type-text\">\n\t\t\t\t\t\t\t\t\t\t\t\t\t\t\t\t\t\t\t\t                                <input type=\"text\"\n                                       id=\"haet-cleverreach-GLOBAL_firstname\"\n                                       name=\"haet-cleverreach-GLOBAL_firstname\"\n                                       value=\"\"\n\t\t\t\t\t\t\t\t\t placeholder=\"First name\" \t\t\t\t\t\t\t\t\t                                >\n\t\t\t\t\t\t\t\n\t\t\t\t\t\t\t\t\t\t\t\t\t                    <\/div>\n\t\t\t\t                    <div class=\"haet-cleverreach-field-wrap label-inside type-text\">\n\t\t\t\t\t\t\t\t\t\t\t\t\t\t\t\t\t\t\t\t                                <input type=\"text\"\n                                       id=\"haet-cleverreach-GLOBAL_lastname\"\n                                       name=\"haet-cleverreach-GLOBAL_lastname\"\n                                       value=\"\"\n\t\t\t\t\t\t\t\t\t placeholder=\"Last name\" \t\t\t\t\t\t\t\t\t                                >\n\t\t\t\t\t\t\t\n\t\t\t\t\t\t\t\t\t\t\t\t\t                    <\/div>\n\t\t\t\t        <input\n                    class=\"apbct_special_field apbct_email_id__elementor_form\"\n                    name=\"apbct__email_id__elementor_form\"\n                    aria-label=\"apbct__label_id__elementor_form\"\n                    type=\"text\" size=\"30\" maxlength=\"200\" autocomplete=\"off\"\n                    value=\"\"\n                \/><input type=\"hidden\" name=\"trp-form-language\" value=\"en\"\/><\/form>\n\t\t<\/div>\n<\/div>\n\t\t\t\t\t\t<\/div>\n\t\t\t\t<\/div>\n\t\t\t\t<div class=\"elementor-element elementor-element-1f8534b elementor-align-left elementor-extension-display-condition-disabled elementor-widget elementor-widget-button\" data-id=\"1f8534b\" data-element_type=\"widget\" data-e-type=\"widget\" data-widget_type=\"button.default\">\n\t\t\t\t<div class=\"elementor-widget-container\">\n\t\t\t\t\t\t\t\t\t<div class=\"elementor-button-wrapper\">\n\t\t\t\t\t<a class=\"elementor-button elementor-button-link elementor-size-sm\" href=\"https:\/\/kath-akademie-bayern.de\/en\/mediathek\/zur-debatte\/printabo-zur-debatte\/\">\n\t\t\t\t\t\t<span class=\"elementor-button-content-wrapper\">\n\t\t\t\t\t\t\t\t\t<span class=\"elementor-button-text\">Subscribe to print edition<\/span>\n\t\t\t\t\t<\/span>\n\t\t\t\t\t<\/a>\n\t\t\t\t<\/div>\n\t\t\t\t\t\t\t\t<\/div>\n\t\t\t\t<\/div>\n\t\t\t\t\t<\/div>\n\t\t<\/div>\n\t\t\t\t\t<\/div>\n\t\t<\/section>\n\t\t\t\t<section class=\"elementor-section elementor-top-section elementor-element elementor-element-80c6bb9 elementor-section-stretched elementor-section-boxed elementor-section-height-default elementor-section-height-default elementor-extension-display-condition-disabled\" data-id=\"80c6bb9\" data-element_type=\"section\" data-e-type=\"section\" data-settings=\"{&quot;stretch_section&quot;:&quot;section-stretched&quot;,&quot;background_background&quot;:&quot;classic&quot;}\">\n\t\t\t\t\t\t<div class=\"elementor-container elementor-column-gap-default\">\n\t\t\t\t\t<div class=\"elementor-column elementor-col-100 elementor-top-column elementor-element elementor-element-a23d360 elementor-extension-display-condition-disabled\" data-id=\"a23d360\" data-element_type=\"column\" data-e-type=\"column\">\n\t\t\t<div class=\"elementor-widget-wrap elementor-element-populated\">\n\t\t\t\t\t\t<div class=\"elementor-element elementor-element-db9190a elementor-extension-display-condition-disabled elementor-widget elementor-widget-heading\" data-id=\"db9190a\" data-element_type=\"widget\" data-e-type=\"widget\" data-widget_type=\"heading.default\">\n\t\t\t\t<div class=\"elementor-widget-container\">\n\t\t\t\t\t<h2 class=\"elementor-heading-title elementor-size-default\">Archived issues<\/h2>\t\t\t\t<\/div>\n\t\t\t\t<\/div>\n\t\t\t\t<div class=\"elementor-element elementor-element-242722b elementor-extension-display-condition-disabled elementor-widget elementor-widget-debate-list\" data-id=\"242722b\" data-element_type=\"widget\" data-e-type=\"widget\" data-widget_type=\"debate-list.default\">\n\t\t\t\t<div class=\"elementor-widget-container\">\n\t\t\t\t\t<div class=\"debate-list\" id=\"list-debate-list\"><div class=\"debate-list-item\">\r\n    <div class=\"debate-inner d-flex justify-content-between align-items-center\">\r\n        <div class=\"debate-list-content\">\r\n            <div class=\"preview-icon\"><img decoding=\"async\" src=\"https:\/\/kath-akademie-bayern.de\/wp-content\/uploads\/Titelbild_debatte-1-2026-362x512.png\" alt=\"\" title=\"Titelbild_debatte 1-2026\" \/><\/div>            <div class=\"debate-name\">\r\n                <a href=\"https:\/\/kath-akademie-bayern.de\/wp-content\/uploads\/debatte_2026-1.pdf\" target=\"_blank\">Heft 1\/2026 <\/a>\r\n            <\/div>\r\n            <div class=\"debate-excerpt\">\"Heilige\" Kriege. Im Namen Gottes oder im Dienst der Macht?<\/div>\r\n        <\/div>\r\n        <div class=\"debate-icon\">\r\n            <button data-bs-toggle=\"modal\" data-bs-target=\"#modal-debate-heft-1-2026\" class=\"elementor-button debate-arrow\">\r\n                <span class=\"screen-reader-text\">View debate<\/span>\r\n                <i class=\"fal fa-arrows fa-rotate-45\" aria-hidden=\"true\"><\/i>\r\n            <\/button>\r\n\r\n                        <div class=\"modal fade\" id=\"modal-debate-heft-1-2026\" tabindex=\"-1\" aria-hidden=\"true\">\r\n    <button type=\"button\" class=\"modal-close\" data-bs-dismiss=\"modal\" aria-label=\"Close\">\r\n        <span class=\"screen-reader-text\">Close<\/span>\r\n        <i class=\"fas fa-times\" aria-hidden=\"true\"><\/i>\r\n    <\/button>\r\n\r\n    <div class=\"modal-dialog modal-dialog-centered\">\r\n        <div class=\"modal-content\">\r\n            <div class=\"modal-body\">\r\n                <div class=\"image-wrapper\">\r\n                                            <div class=\"debate-preview\"><img decoding=\"async\" src=\"https:\/\/kath-akademie-bayern.de\/wp-content\/uploads\/Titelbild_debatte-1-2026.png\" alt=\"\" title=\"Titelbild_debatte 1-2026\" \/><\/div>\r\n                                    <\/div>\r\n                <div class=\"d-flex flex-wrap gap-4\">\r\n                    <div class=\"download-button elementor-widget-button elementor-button-primary\">\r\n                        <a href=\"https:\/\/kath-akademie-bayern.de\/wp-content\/uploads\/debatte_2026-1.pdf\" target=\"_blank\" class=\"elementor-button\">Download<\/a>\r\n                    <\/div>\r\n                                            <div class=\"download-button elementor-widget-button elementor-button-primary\">\r\n                            <button class=\"elementor-button d-flex align-items-center gap-3\" type=\"button\" data-bs-toggle=\"collapse\" data-bs-target=\"#modal-debate-heft-1-2026-media-list-69f34af74e3f1\" aria-expanded=\"false\" aria-controls=\"modal-debate-heft-1-2026-media-list-69f34af74e3f1\">\r\n                                <span class=\"elementor-button-text\">Artikel<\/span>\r\n                                <i class=\"fas fa-chevron-down\" aria-hidden=\"true\"><\/i>\r\n                            <\/button>\r\n                        <\/div>\r\n                                    <\/div>\r\n\r\n                <div class=\"debate-list collapse mt-6\" id=\"modal-debate-heft-1-2026-media-list-69f34af74e3f1\" data-bs-parent=\"#latest-debate-list\">\n            <div class=\"debate-list-item\">\n            <div class=\"debate-inner d-flex justify-content-between align-items-center\">\n                <div class=\"debate-list-content\">\n                    <div class=\"debate-excerpt fw-normal\"><\/div>\n                    <div class=\"debate-name w-auto\">\n                        <a href=\"https:\/\/kath-akademie-bayern.de\/en\/mediathek-eintrag\/menschenrechte-verteidigen-nach-dem-seitenwechsel-der-usa-2\/\" target=\"_blank\">Menschenrechte verteidigen<\/a>\n                    <\/div>\n                    <div class=\"debate-excerpt\">... nach dem Seitenwechsel der USA<\/div>\n                <\/div>\n\n                <div class=\"debate-icon\">\n                    <a href=\"https:\/\/kath-akademie-bayern.de\/en\/mediathek-eintrag\/menschenrechte-verteidigen-nach-dem-seitenwechsel-der-usa-2\/\" target=\"_blank\" class=\"elementor-button debate-arrow\">\n                        <span class=\"screen-reader-text\">Download file<\/span>\n                        <i class=\"fas fa-file\" aria-hidden=\"true\"><\/i>\n                    <\/a>\n                <\/div>\n            <\/div>\n        <\/div>\n                    <div class=\"debate-list-item\">\n            <div class=\"debate-inner d-flex justify-content-between align-items-center\">\n                <div class=\"debate-list-content\">\n                    <div class=\"debate-excerpt fw-normal\"><\/div>\n                    <div class=\"debate-name w-auto\">\n                        <a href=\"https:\/\/kath-akademie-bayern.de\/en\/mediathek-eintrag\/vom-sein-zum-werden-harald-lesch-und-wilhelm-vossenkuhl-zu-schellings-naturbegriff\/\" target=\"_blank\">Vom Sein zum Werden<\/a>\n                    <\/div>\n                    <div class=\"debate-excerpt\">Harald Lesch und Wilhelm Vossenkuhl zu Schellings Naturbegriff<\/div>\n                <\/div>\n\n                <div class=\"debate-icon\">\n                    <a href=\"https:\/\/kath-akademie-bayern.de\/en\/mediathek-eintrag\/vom-sein-zum-werden-harald-lesch-und-wilhelm-vossenkuhl-zu-schellings-naturbegriff\/\" target=\"_blank\" class=\"elementor-button debate-arrow\">\n                        <span class=\"screen-reader-text\">Download file<\/span>\n                        <i class=\"fas fa-file\" aria-hidden=\"true\"><\/i>\n                    <\/a>\n                <\/div>\n            <\/div>\n        <\/div>\n                    <div class=\"debate-list-item\">\n            <div class=\"debate-inner d-flex justify-content-between align-items-center\">\n                <div class=\"debate-list-content\">\n                    <div class=\"debate-excerpt fw-normal\"><\/div>\n                    <div class=\"debate-name w-auto\">\n                        <a href=\"https:\/\/kath-akademie-bayern.de\/en\/mediathek-eintrag\/klimaschutz-durch-unternehmen-und-maerkte-verantwortung-uebernehmen-und-chancen-nutzen\/\" target=\"_blank\">Klimaschutz durch Unternehmen und M\u00e4rkte<\/a>\n                    <\/div>\n                    <div class=\"debate-excerpt\">Verantwortung \u00fcbernehmen und Chancen nutzen<\/div>\n                <\/div>\n\n                <div class=\"debate-icon\">\n                    <a href=\"https:\/\/kath-akademie-bayern.de\/en\/mediathek-eintrag\/klimaschutz-durch-unternehmen-und-maerkte-verantwortung-uebernehmen-und-chancen-nutzen\/\" target=\"_blank\" class=\"elementor-button debate-arrow\">\n                        <span class=\"screen-reader-text\">Download file<\/span>\n                        <i class=\"fas fa-file\" aria-hidden=\"true\"><\/i>\n                    <\/a>\n                <\/div>\n            <\/div>\n        <\/div>\n                    <div class=\"debate-list-item\">\n            <div class=\"debate-inner d-flex justify-content-between align-items-center\">\n                <div class=\"debate-list-content\">\n                    <div class=\"debate-excerpt fw-normal\"><a href=\"https:\/\/kath-akademie-bayern.de\/en\/referent\/prof-dr-erich-garhammer\/\" target=\"_blank\">Garhammer, Erich<\/a><\/div>\n                    <div class=\"debate-name w-auto\">\n                        <a href=\"https:\/\/kath-akademie-bayern.de\/en\/mediathek-eintrag\/literatur-als-selbstheilung-der-seele\/\" target=\"_blank\">Literatur als Selbstheilung der Seele<\/a>\n                    <\/div>\n                    <div class=\"debate-excerpt\"><\/div>\n                <\/div>\n\n                <div class=\"debate-icon\">\n                    <a href=\"https:\/\/kath-akademie-bayern.de\/en\/mediathek-eintrag\/literatur-als-selbstheilung-der-seele\/\" target=\"_blank\" class=\"elementor-button debate-arrow\">\n                        <span class=\"screen-reader-text\">Download file<\/span>\n                        <i class=\"fas fa-file\" aria-hidden=\"true\"><\/i>\n                    <\/a>\n                <\/div>\n            <\/div>\n        <\/div>\n                    <div class=\"debate-list-item\">\n            <div class=\"debate-inner d-flex justify-content-between align-items-center\">\n                <div class=\"debate-list-content\">\n                    <div class=\"debate-excerpt fw-normal\"><\/div>\n                    <div class=\"debate-name w-auto\">\n                        <a href=\"https:\/\/kath-akademie-bayern.de\/en\/mediathek-eintrag\/digitale-meinungsbildung-desinformation-und-abhaengigkeiten-digitaler-salon-mit-acatech\/\" target=\"_blank\">Digitale Meinungsbildung, Desinformation und Abh\u00e4ngigkeiten<\/a>\n                    <\/div>\n                    <div class=\"debate-excerpt\">Digitaler Salon mit acatech<\/div>\n                <\/div>\n\n                <div class=\"debate-icon\">\n                    <a href=\"https:\/\/kath-akademie-bayern.de\/en\/mediathek-eintrag\/digitale-meinungsbildung-desinformation-und-abhaengigkeiten-digitaler-salon-mit-acatech\/\" target=\"_blank\" class=\"elementor-button debate-arrow\">\n                        <span class=\"screen-reader-text\">Download file<\/span>\n                        <i class=\"fas fa-file\" aria-hidden=\"true\"><\/i>\n                    <\/a>\n                <\/div>\n            <\/div>\n        <\/div>\n                    <div class=\"debate-list-item\">\n            <div class=\"debate-inner d-flex justify-content-between align-items-center\">\n                <div class=\"debate-list-content\">\n                    <div class=\"debate-excerpt fw-normal\"><\/div>\n                    <div class=\"debate-name w-auto\">\n                        <a href=\"https:\/\/kath-akademie-bayern.de\/en\/mediathek-eintrag\/das-ich-in-todesnaehe-grenzerfahrung-sterben\/\" target=\"_blank\">Das Ich in Todesn\u00e4he<\/a>\n                    <\/div>\n                    <div class=\"debate-excerpt\">Grenzerfahrung Sterben<\/div>\n                <\/div>\n\n                <div class=\"debate-icon\">\n                    <a href=\"https:\/\/kath-akademie-bayern.de\/en\/mediathek-eintrag\/das-ich-in-todesnaehe-grenzerfahrung-sterben\/\" target=\"_blank\" class=\"elementor-button debate-arrow\">\n                        <span class=\"screen-reader-text\">Download file<\/span>\n                        <i class=\"fas fa-file\" aria-hidden=\"true\"><\/i>\n                    <\/a>\n                <\/div>\n            <\/div>\n        <\/div>\n                    <div class=\"debate-list-item\">\n            <div class=\"debate-inner d-flex justify-content-between align-items-center\">\n                <div class=\"debate-list-content\">\n                    <div class=\"debate-excerpt fw-normal\"><a href=\"https:\/\/kath-akademie-bayern.de\/en\/referent\/prof-dr-marita-krauss\/\" target=\"_blank\">Krauss, Marita<\/a><\/div>\n                    <div class=\"debate-name w-auto\">\n                        <a href=\"https:\/\/kath-akademie-bayern.de\/en\/mediathek-eintrag\/ein-katholischer-herrscher-praegungen-konzepte-und-politik\/\" target=\"_blank\">Ein katholischer Herrscher<\/a>\n                    <\/div>\n                    <div class=\"debate-excerpt\">Pr\u00e4gungen, Konzepte und Politik<\/div>\n                <\/div>\n\n                <div class=\"debate-icon\">\n                    <a href=\"https:\/\/kath-akademie-bayern.de\/en\/mediathek-eintrag\/ein-katholischer-herrscher-praegungen-konzepte-und-politik\/\" target=\"_blank\" class=\"elementor-button debate-arrow\">\n                        <span class=\"screen-reader-text\">Download file<\/span>\n                        <i class=\"fas fa-file\" aria-hidden=\"true\"><\/i>\n                    <\/a>\n                <\/div>\n            <\/div>\n        <\/div>\n                    <div class=\"debate-list-item\">\n            <div class=\"debate-inner d-flex justify-content-between align-items-center\">\n                <div class=\"debate-list-content\">\n                    <div class=\"debate-excerpt fw-normal\"><\/div>\n                    <div class=\"debate-name w-auto\">\n                        <a href=\"https:\/\/kath-akademie-bayern.de\/en\/mediathek-eintrag\/rente-und-generationengerechtigkeit\/\" target=\"_blank\">Rente- und Generationengerechtigkeit<\/a>\n                    <\/div>\n                    <div class=\"debate-excerpt\"><\/div>\n                <\/div>\n\n                <div class=\"debate-icon\">\n                    <a href=\"https:\/\/kath-akademie-bayern.de\/en\/mediathek-eintrag\/rente-und-generationengerechtigkeit\/\" target=\"_blank\" class=\"elementor-button debate-arrow\">\n                        <span class=\"screen-reader-text\">Download file<\/span>\n                        <i class=\"fas fa-file\" aria-hidden=\"true\"><\/i>\n                    <\/a>\n                <\/div>\n            <\/div>\n        <\/div>\n                    <div class=\"debate-list-item\">\n            <div class=\"debate-inner d-flex justify-content-between align-items-center\">\n                <div class=\"debate-list-content\">\n                    <div class=\"debate-excerpt fw-normal\"><\/div>\n                    <div class=\"debate-name w-auto\">\n                        <a href=\"https:\/\/kath-akademie-bayern.de\/en\/mediathek-eintrag\/wenn-das-wachstum-endet-neue-perspektiven-fuer-religion-wirtschaft-und-gesellschaftlichkeit-2\/\" target=\"_blank\">Wenn das Wachstum endet<\/a>\n                    <\/div>\n                    <div class=\"debate-excerpt\">Neue Perspektiven f\u00fcr Religion, Wirtschaft und Gesellschaftlichkeit<\/div>\n                <\/div>\n\n                <div class=\"debate-icon\">\n                    <a href=\"https:\/\/kath-akademie-bayern.de\/en\/mediathek-eintrag\/wenn-das-wachstum-endet-neue-perspektiven-fuer-religion-wirtschaft-und-gesellschaftlichkeit-2\/\" target=\"_blank\" class=\"elementor-button debate-arrow\">\n                        <span class=\"screen-reader-text\">Download file<\/span>\n                        <i class=\"fas fa-file\" aria-hidden=\"true\"><\/i>\n                    <\/a>\n                <\/div>\n            <\/div>\n        <\/div>\n                    <div class=\"debate-list-item\">\n            <div class=\"debate-inner d-flex justify-content-between align-items-center\">\n                <div class=\"debate-list-content\">\n                    <div class=\"debate-excerpt fw-normal\"><a href=\"https:\/\/kath-akademie-bayern.de\/en\/referent\/dr-annette-jantzen\/\" target=\"_blank\">Jantzen, Annette<\/a><\/div>\n                    <div class=\"debate-name w-auto\">\n                        <a href=\"https:\/\/kath-akademie-bayern.de\/en\/mediathek-eintrag\/keine-theologie-nach-verdun-kriegserleben-katholischer-geistlicher-im-ersten-weltkrieg\/\" target=\"_blank\">Keine \u201eTheologie nach Verdun\u201c<\/a>\n                    <\/div>\n                    <div class=\"debate-excerpt\">Kriegserleben katholischer Geistlicher im Ersten Weltkrieg<\/div>\n                <\/div>\n\n                <div class=\"debate-icon\">\n                    <a href=\"https:\/\/kath-akademie-bayern.de\/en\/mediathek-eintrag\/keine-theologie-nach-verdun-kriegserleben-katholischer-geistlicher-im-ersten-weltkrieg\/\" target=\"_blank\" class=\"elementor-button debate-arrow\">\n                        <span class=\"screen-reader-text\">Download file<\/span>\n                        <i class=\"fas fa-file\" aria-hidden=\"true\"><\/i>\n                    <\/a>\n                <\/div>\n            <\/div>\n        <\/div>\n                    <div class=\"debate-list-item\">\n            <div class=\"debate-inner d-flex justify-content-between align-items-center\">\n                <div class=\"debate-list-content\">\n                    <div class=\"debate-excerpt fw-normal\"><a href=\"https:\/\/kath-akademie-bayern.de\/en\/referent\/markus-krumm\/\" target=\"_blank\">Krumm, Markus<\/a><\/div>\n                    <div class=\"debate-name w-auto\">\n                        <a href=\"https:\/\/kath-akademie-bayern.de\/en\/mediathek-eintrag\/krieg-gegen-erfundene-ketzer-der-albigenserkreuzzug-1209-1229\/\" target=\"_blank\">War against invented heretics?<\/a>\n                    <\/div>\n                    <div class=\"debate-excerpt\">Der Albigenserkreuzzug (1209\u20131229)<\/div>\n                <\/div>\n\n                <div class=\"debate-icon\">\n                    <a href=\"https:\/\/kath-akademie-bayern.de\/en\/mediathek-eintrag\/krieg-gegen-erfundene-ketzer-der-albigenserkreuzzug-1209-1229\/\" target=\"_blank\" class=\"elementor-button debate-arrow\">\n                        <span class=\"screen-reader-text\">Download file<\/span>\n                        <i class=\"fas fa-file\" aria-hidden=\"true\"><\/i>\n                    <\/a>\n                <\/div>\n            <\/div>\n        <\/div>\n                    <div class=\"debate-list-item\">\n            <div class=\"debate-inner d-flex justify-content-between align-items-center\">\n                <div class=\"debate-list-content\">\n                    <div class=\"debate-excerpt fw-normal\"><a href=\"https:\/\/kath-akademie-bayern.de\/en\/referent\/prof-dr-klaus-herbers\/\" target=\"_blank\">Herbers, Klaus<\/a><\/div>\n                    <div class=\"debate-name w-auto\">\n                        <a href=\"https:\/\/kath-akademie-bayern.de\/en\/mediathek-eintrag\/heilige-oder-gerechte-kriege-auf-der-iberischen-halbinsel-die-vielen-facetten-der-re-conquista\/\" target=\"_blank\">Heilige oder Gerechte Kriege auf der Iberischen Halbinsel?<\/a>\n                    <\/div>\n                    <div class=\"debate-excerpt\">Die vielen Facetten der (Re-)Conquista<\/div>\n                <\/div>\n\n                <div class=\"debate-icon\">\n                    <a href=\"https:\/\/kath-akademie-bayern.de\/en\/mediathek-eintrag\/heilige-oder-gerechte-kriege-auf-der-iberischen-halbinsel-die-vielen-facetten-der-re-conquista\/\" target=\"_blank\" class=\"elementor-button debate-arrow\">\n                        <span class=\"screen-reader-text\">Download file<\/span>\n                        <i class=\"fas fa-file\" aria-hidden=\"true\"><\/i>\n                    <\/a>\n                <\/div>\n            <\/div>\n        <\/div>\n                    <div class=\"debate-list-item\">\n            <div class=\"debate-inner d-flex justify-content-between align-items-center\">\n                <div class=\"debate-list-content\">\n                    <div class=\"debate-excerpt fw-normal\"><a href=\"https:\/\/kath-akademie-bayern.de\/en\/referent\/prof-dr-lothar-schilling\/\" target=\"_blank\">Schilling, Lothar<\/a><\/div>\n                    <div class=\"debate-name w-auto\">\n                        <a href=\"https:\/\/kath-akademie-bayern.de\/en\/mediathek-eintrag\/glaubensspaltung-religioese-gewalt-und-krise-des-koenigtums-die-franzoesischen-religionskriege-und-ihre-ueberwindung\/\" target=\"_blank\">Glaubensspaltung, religi\u00f6se Gewalt und Krise des K\u00f6nigtums<\/a>\n                    <\/div>\n                    <div class=\"debate-excerpt\">Die franz\u00f6sischen Religionskriege und ihre \u00dcberwindung<\/div>\n                <\/div>\n\n                <div class=\"debate-icon\">\n                    <a href=\"https:\/\/kath-akademie-bayern.de\/en\/mediathek-eintrag\/glaubensspaltung-religioese-gewalt-und-krise-des-koenigtums-die-franzoesischen-religionskriege-und-ihre-ueberwindung\/\" target=\"_blank\" class=\"elementor-button debate-arrow\">\n                        <span class=\"screen-reader-text\">Download file<\/span>\n                        <i class=\"fas fa-file\" aria-hidden=\"true\"><\/i>\n                    <\/a>\n                <\/div>\n            <\/div>\n        <\/div>\n                    <div class=\"debate-list-item\">\n            <div class=\"debate-inner d-flex justify-content-between align-items-center\">\n                <div class=\"debate-list-content\">\n                    <div class=\"debate-excerpt fw-normal\"><a href=\"https:\/\/kath-akademie-bayern.de\/en\/referent\/prof-dr-markus-vogt\/\" target=\"_blank\">Vogt, Markus<\/a><\/div>\n                    <div class=\"debate-name w-auto\">\n                        <a href=\"https:\/\/kath-akademie-bayern.de\/en\/mediathek-eintrag\/die-rolle-der-religion-in-aktuellen-kriegen\/\" target=\"_blank\">The role of religion in current wars<\/a>\n                    <\/div>\n                    <div class=\"debate-excerpt\"><\/div>\n                <\/div>\n\n                <div class=\"debate-icon\">\n                    <a href=\"https:\/\/kath-akademie-bayern.de\/en\/mediathek-eintrag\/die-rolle-der-religion-in-aktuellen-kriegen\/\" target=\"_blank\" class=\"elementor-button debate-arrow\">\n                        <span class=\"screen-reader-text\">Download file<\/span>\n                        <i class=\"fas fa-file\" aria-hidden=\"true\"><\/i>\n                    <\/a>\n                <\/div>\n            <\/div>\n        <\/div>\n                    <div class=\"debate-list-item\">\n            <div class=\"debate-inner d-flex justify-content-between align-items-center\">\n                <div class=\"debate-list-content\">\n                    <div class=\"debate-excerpt fw-normal\"><a href=\"https:\/\/kath-akademie-bayern.de\/en\/referent\/prof-dr-julia-budka\/\" target=\"_blank\">Budka, Julia<\/a><\/div>\n                    <div class=\"debate-name w-auto\">\n                        <a href=\"https:\/\/kath-akademie-bayern.de\/en\/mediathek-eintrag\/heiliger-krieg-im-alten-aegypten-zu-koenigsideologie-goettergericht-und-machtinszenierung-der-pharaonenzeit\/\" target=\"_blank\">\u201eHeiliger\u201c Krieg im alten \u00c4gypten<\/a>\n                    <\/div>\n                    <div class=\"debate-excerpt\">Zu K\u00f6nigsideologie, G\u00f6ttergericht und Machtinszenierung der Pharaonenzeit<\/div>\n                <\/div>\n\n                <div class=\"debate-icon\">\n                    <a href=\"https:\/\/kath-akademie-bayern.de\/en\/mediathek-eintrag\/heiliger-krieg-im-alten-aegypten-zu-koenigsideologie-goettergericht-und-machtinszenierung-der-pharaonenzeit\/\" target=\"_blank\" class=\"elementor-button debate-arrow\">\n                        <span class=\"screen-reader-text\">Download file<\/span>\n                        <i class=\"fas fa-file\" aria-hidden=\"true\"><\/i>\n                    <\/a>\n                <\/div>\n            <\/div>\n        <\/div>\n                    <div class=\"debate-list-item\">\n            <div class=\"debate-inner d-flex justify-content-between align-items-center\">\n                <div class=\"debate-list-content\">\n                    <div class=\"debate-excerpt fw-normal\"><a href=\"https:\/\/kath-akademie-bayern.de\/en\/referent\/prof-dr-stefan-tebruck\/\" target=\"_blank\">Tebruck, Stefan<\/a><\/div>\n                    <div class=\"debate-name w-auto\">\n                        <a href=\"https:\/\/kath-akademie-bayern.de\/en\/mediathek-eintrag\/der-kreuzzug-heiliger-krieg-pilgerfahrt-werk-der-barmherzigkeit\/\" target=\"_blank\">Der Kreuzzug<\/a>\n                    <\/div>\n                    <div class=\"debate-excerpt\">Heiliger Krieg \u2013 Pilgerfahrt \u2013 Werk der Barmherzigkeit?<\/div>\n                <\/div>\n\n                <div class=\"debate-icon\">\n                    <a href=\"https:\/\/kath-akademie-bayern.de\/en\/mediathek-eintrag\/der-kreuzzug-heiliger-krieg-pilgerfahrt-werk-der-barmherzigkeit\/\" target=\"_blank\" class=\"elementor-button debate-arrow\">\n                        <span class=\"screen-reader-text\">Download file<\/span>\n                        <i class=\"fas fa-file\" aria-hidden=\"true\"><\/i>\n                    <\/a>\n                <\/div>\n            <\/div>\n        <\/div>\n            <\/div>\n            <\/div>\r\n        <\/div>\r\n    <\/div>\r\n<\/div>\r\n        <\/div>\r\n    <\/div>\r\n<\/div>\r\n<div class=\"debate-list-item\">\r\n    <div class=\"debate-inner d-flex justify-content-between align-items-center\">\r\n        <div class=\"debate-list-content\">\r\n            <div class=\"preview-icon\"><img decoding=\"async\" src=\"https:\/\/kath-akademie-bayern.de\/wp-content\/uploads\/Titelbild_debatte_2025-4-362x512.png\" alt=\"\" title=\"Titelbild_debatte_2025-4\" \/><\/div>            <div class=\"debate-name\">\r\n                <a href=\"https:\/\/kath-akademie-bayern.de\/wp-content\/uploads\/debatte_2025-4.pdf\" target=\"_blank\">Heft 4\/2025 <\/a>\r\n            <\/div>\r\n            <div class=\"debate-excerpt\">Mythos? Oder Wahrheit? Biblische Botschaften jenseits der Naturwissenschaft verstehen<\/div>\r\n        <\/div>\r\n        <div class=\"debate-icon\">\r\n            <button data-bs-toggle=\"modal\" data-bs-target=\"#modal-debate-heft-4-2025\" class=\"elementor-button debate-arrow\">\r\n                <span class=\"screen-reader-text\">View debate<\/span>\r\n                <i class=\"fal fa-arrows fa-rotate-45\" aria-hidden=\"true\"><\/i>\r\n            <\/button>\r\n\r\n                        <div class=\"modal fade\" id=\"modal-debate-heft-4-2025\" tabindex=\"-1\" aria-hidden=\"true\">\r\n    <button type=\"button\" class=\"modal-close\" data-bs-dismiss=\"modal\" aria-label=\"Close\">\r\n        <span class=\"screen-reader-text\">Close<\/span>\r\n        <i class=\"fas fa-times\" aria-hidden=\"true\"><\/i>\r\n    <\/button>\r\n\r\n    <div class=\"modal-dialog modal-dialog-centered\">\r\n        <div class=\"modal-content\">\r\n            <div class=\"modal-body\">\r\n                <div class=\"image-wrapper\">\r\n                    <div class=\"_3d-flip-book  fb3d-fullscreen-mode full-size\" data-id=\"114064\" data-mode=\"fullscreen\" data-title=\"false\" data-template=\"short-white-book-view\" data-lightbox=\"dark-shadow\" data-urlparam=\"fb3d-page\" data-page-n=\"0\" data-pdf=\"\" data-tax=\"null\" data-thumbnail=\"\" data-cols=\"3\" data-book-template=\"default\" data-trigger=\"\"><\/div><script type=\"text\/javascript\">window.FB3D_CLIENT_DATA = window.FB3D_CLIENT_DATA || [];FB3D_CLIENT_DATA.push('eyJwb3N0cyI6eyIxMTQwNjQiOnsiSUQiOjExNDA2NCwidGl0bGUiOiJIZWZ0IDRcLzIwMjUiLCJ0eXBlIjoicGRmIiwicmVhZHlfZnVuY3Rpb24iOiIiLCJib29rX3N0eWxlIjoidm9sdW1lIiwiYm9va190ZW1wbGF0ZSI6Im5vbmUiLCJvdXRsaW5lIjpbXSwiZGF0YSI6eyJwb3N0X0lEIjoiMTE0MDM1IiwiZ3VpZCI6Imh0dHBzOlwvXC9rYXRoLWFrYWRlbWllLWJheWVybi5kZVwvd3AtY29udGVudFwvdXBsb2Fkc1wvZGViYXR0ZV8yMDI1LTQucGRmIiwicGRmX3BhZ2VzIjoiODUiLCJwYWdlc19jdXN0b21pemF0aW9uIjoibm9uZSJ9LCJ0aHVtYm5haWwiOnsiZGF0YSI6eyJwb3N0X0lEIjoiMCJ9LCJ0eXBlIjoiYXV0byJ9LCJwcm9wcyI6eyJiYWNrZ3JvdW5kQ29sb3IiOiJhdXRvIiwiYmFja2dyb3VuZEltYWdlIjoiYXV0byIsImJhY2tncm91bmRTdHlsZSI6ImF1dG8iLCJoaWdobGlnaHRMaW5rcyI6ImF1dG8iLCJsaWdodGluZyI6ImF1dG8iLCJzaW5nbGVQYWdlTW9kZSI6ImF1dG8iLCJjYWNoZWRQYWdlcyI6ImF1dG8iLCJyZW5kZXJJbmFjdGl2ZVBhZ2VzIjoiYXV0byIsInJlbmRlckluYWN0aXZlUGFnZXNPbk1vYmlsZSI6ImF1dG8iLCJyZW5kZXJXaGlsZUZsaXBwaW5nIjoiYXV0byIsInByZWxvYWRQYWdlcyI6ImF1dG8iLCJhdXRvUGxheUR1cmF0aW9uIjoiYXV0byIsInJ0bCI6ImF1dG8iLCJpbnRlcmFjdGl2ZUNvcm5lcnMiOiJhdXRvIiwibWF4RGVwdGgiOiJhdXRvIiwic2hlZXQiOnsic3RhcnRWZWxvY2l0eSI6ImF1dG8iLCJ3YXZlIjoiYXV0byIsInNoYXBlIjoiYXV0byIsIndpZHRoVGV4ZWxzIjoiYXV0byIsImNvbG9yIjoiYXV0byIsInNpZGUiOiJhdXRvIiwic3RyZXRjaEltYWdlcyI6ImF1dG8iLCJjb3JuZXJEZXZpYXRpb24iOiJhdXRvIiwiZmxleGliaWxpdHkiOiJhdXRvIiwiZmxleGlibGVDb3JuZXIiOiJhdXRvIiwiYmVuZGluZyI6ImF1dG8iLCJoZWlnaHRUZXhlbHMiOiJhdXRvIn0sImNvdmVyIjp7IndhdmUiOiJhdXRvIiwiY29sb3IiOiJhdXRvIiwic2lkZSI6ImF1dG8iLCJzdHJldGNoSW1hZ2VzIjoiYXV0byIsImJpbmRlclRleHR1cmUiOiJhdXRvIiwiZGVwdGgiOiJhdXRvIiwicGFkZGluZyI6ImF1dG8iLCJzdGFydFZlbG9jaXR5IjoiYXV0byIsImZsZXhpYmlsaXR5IjoiYXV0byIsImZsZXhpYmxlQ29ybmVyIjoiYXV0byIsImJlbmRpbmciOiJhdXRvIiwid2lkdGhUZXhlbHMiOiJhdXRvIiwiaGVpZ2h0VGV4ZWxzIjoiYXV0byIsIm1hc3MiOiJhdXRvIiwic2hhcGUiOiJhdXRvIn0sInBhZ2UiOnsid2F2ZSI6ImF1dG8iLCJjb2xvciI6ImF1dG8iLCJzaWRlIjoiYXV0byIsInN0cmV0Y2hJbWFnZXMiOiJhdXRvIiwiZGVwdGgiOiJhdXRvIiwic3RhcnRWZWxvY2l0eSI6ImF1dG8iLCJmbGV4aWJpbGl0eSI6ImF1dG8iLCJmbGV4aWJsZUNvcm5lciI6ImF1dG8iLCJiZW5kaW5nIjoiYXV0byIsIndpZHRoVGV4ZWxzIjoiYXV0byIsImhlaWdodFRleGVscyI6ImF1dG8iLCJtYXNzIjoiYXV0byIsInNoYXBlIjoiYXV0byJ9LCJoZWlnaHQiOiJhdXRvIiwid2lkdGgiOiJhdXRvIiwiZ3Jhdml0eSI6ImF1dG8iLCJwYWdlc0ZvclByZWRpY3RpbmciOiJhdXRvIn0sImNvbnRyb2xQcm9wcyI6eyJhY3Rpb25zIjp7ImNtZFRvYyI6eyJlbmFibGVkIjoiYXV0byIsImVuYWJsZWRJbk5hcnJvdyI6ImF1dG8iLCJhY3RpdmUiOiJhdXRvIiwiZGVmYXVsdFRhYiI6ImF1dG8ifSwiY21kQXV0b1BsYXkiOnsiZW5hYmxlZCI6ImF1dG8iLCJlbmFibGVkSW5OYXJyb3ciOiJhdXRvIiwiYWN0aXZlIjoiYXV0byJ9LCJjbWRTYXZlIjp7ImVuYWJsZWQiOiJhdXRvIiwiZW5hYmxlZEluTmFycm93IjoiYXV0byJ9LCJjbWRQcmludCI6eyJlbmFibGVkIjoiYXV0byIsImVuYWJsZWRJbk5hcnJvdyI6ImF1dG8ifSwiY21kU2luZ2xlUGFnZSI6eyJlbmFibGVkIjoiYXV0byIsImVuYWJsZWRJbk5hcnJvdyI6ImF1dG8iLCJhY3RpdmUiOiJhdXRvIiwiYWN0aXZlRm9yTW9iaWxlIjoiYXV0byJ9LCJ3aWRUb29sYmFyIjp7ImVuYWJsZWQiOiJhdXRvIiwiZW5hYmxlZEluTmFycm93IjoiYXV0byJ9fX0sImF1dG9UaHVtYm5haWwiOiJodHRwczpcL1wva2F0aC1ha2FkZW1pZS1iYXllcm4uZGVcL3dwLWNvbnRlbnRcL3VwbG9hZHNcLzNkLWZsaXAtYm9va1wvYXV0by10aHVtYm5haWxzXC8xMTQwNjQucG5nIiwicG9zdF9uYW1lIjoiaGVmdC00LTIwMjUiLCJwb3N0X3R5cGUiOiIzZC1mbGlwLWJvb2sifX0sInBhZ2VzIjpbXSwiZmlyc3RQYWdlcyI6W119');window.FB3D_CLIENT_LOCALE && FB3D_CLIENT_LOCALE.render && FB3D_CLIENT_LOCALE.render();<\/script>                <\/div>\r\n                <div class=\"d-flex flex-wrap gap-4\">\r\n                    <div class=\"download-button elementor-widget-button elementor-button-primary\">\r\n                        <a href=\"https:\/\/kath-akademie-bayern.de\/wp-content\/uploads\/debatte_2025-4.pdf\" target=\"_blank\" class=\"elementor-button\">Download<\/a>\r\n                    <\/div>\r\n                                            <div class=\"download-button elementor-widget-button elementor-button-primary\">\r\n                            <button class=\"elementor-button d-flex align-items-center gap-3\" type=\"button\" data-bs-toggle=\"collapse\" data-bs-target=\"#modal-debate-heft-4-2025-media-list-69f34af7616af\" aria-expanded=\"false\" aria-controls=\"modal-debate-heft-4-2025-media-list-69f34af7616af\">\r\n                                <span class=\"elementor-button-text\">Artikel<\/span>\r\n                                <i class=\"fas fa-chevron-down\" aria-hidden=\"true\"><\/i>\r\n                            <\/button>\r\n                        <\/div>\r\n                                    <\/div>\r\n\r\n                <div class=\"debate-list collapse mt-6\" id=\"modal-debate-heft-4-2025-media-list-69f34af7616af\" data-bs-parent=\"#latest-debate-list\">\n            <div class=\"debate-list-item\">\n            <div class=\"debate-inner d-flex justify-content-between align-items-center\">\n                <div class=\"debate-list-content\">\n                    <div class=\"debate-excerpt fw-normal\"><\/div>\n                    <div class=\"debate-name w-auto\">\n                        <a href=\"https:\/\/kath-akademie-bayern.de\/en\/mediathek-eintrag\/die-dritte-gewalt-in-gefahr-akademiegespraech-am-mittag-vom-17-september-2025-mit-prof-dr-angelika-nussberger-und-dr-hans-joachim-hessler\/\" target=\"_blank\">Die Dritte Gewalt in Gefahr<\/a>\n                    <\/div>\n                    <div class=\"debate-excerpt\">Akademiegespr\u00e4ch am Mittag vom 17. September 2025 mit Prof. Dr. Angelika Nu\u00dfberger und Dr. Hans-Joachim He\u00dfler<\/div>\n                <\/div>\n\n                <div class=\"debate-icon\">\n                    <a href=\"https:\/\/kath-akademie-bayern.de\/en\/mediathek-eintrag\/die-dritte-gewalt-in-gefahr-akademiegespraech-am-mittag-vom-17-september-2025-mit-prof-dr-angelika-nussberger-und-dr-hans-joachim-hessler\/\" target=\"_blank\" class=\"elementor-button debate-arrow\">\n                        <span class=\"screen-reader-text\">Download file<\/span>\n                        <i class=\"fas fa-file\" aria-hidden=\"true\"><\/i>\n                    <\/a>\n                <\/div>\n            <\/div>\n        <\/div>\n                    <div class=\"debate-list-item\">\n            <div class=\"debate-inner d-flex justify-content-between align-items-center\">\n                <div class=\"debate-list-content\">\n                    <div class=\"debate-excerpt fw-normal\"><\/div>\n                    <div class=\"debate-name w-auto\">\n                        <a href=\"https:\/\/kath-akademie-bayern.de\/en\/mediathek-eintrag\/bodenlose-ungerechtigkeit-gesellschaftspolitische-implikationen-der-aktuellen-bodenpreisentwicklung\/\" target=\"_blank\">Bottomless injustice<\/a>\n                    <\/div>\n                    <div class=\"debate-excerpt\">Gesellschaftspolitische Implikationen der aktuellen Bodenpreisentwicklung<\/div>\n                <\/div>\n\n                <div class=\"debate-icon\">\n                    <a href=\"https:\/\/kath-akademie-bayern.de\/en\/mediathek-eintrag\/bodenlose-ungerechtigkeit-gesellschaftspolitische-implikationen-der-aktuellen-bodenpreisentwicklung\/\" target=\"_blank\" class=\"elementor-button debate-arrow\">\n                        <span class=\"screen-reader-text\">Download file<\/span>\n                        <i class=\"fas fa-file\" aria-hidden=\"true\"><\/i>\n                    <\/a>\n                <\/div>\n            <\/div>\n        <\/div>\n                    <div class=\"debate-list-item\">\n            <div class=\"debate-inner d-flex justify-content-between align-items-center\">\n                <div class=\"debate-list-content\">\n                    <div class=\"debate-excerpt fw-normal\"><a href=\"https:\/\/kath-akademie-bayern.de\/en\/referent\/prof-dr-irmtraud-fischer\/\" target=\"_blank\">Fischer, Irmtraud<\/a><\/div>\n                    <div class=\"debate-name w-auto\">\n                        <a href=\"https:\/\/kath-akademie-bayern.de\/en\/mediathek-eintrag\/queere-identitaeten-im-alten-testament-eine-exegetische-spurensuche-jenseits-binaerer-geschlechter\/\" target=\"_blank\">Queere Identit\u00e4ten im Alten Testament<\/a>\n                    <\/div>\n                    <div class=\"debate-excerpt\">Eine exegetische Spurensuche jenseits bin\u00e4rer Geschlechter<\/div>\n                <\/div>\n\n                <div class=\"debate-icon\">\n                    <a href=\"https:\/\/kath-akademie-bayern.de\/en\/mediathek-eintrag\/queere-identitaeten-im-alten-testament-eine-exegetische-spurensuche-jenseits-binaerer-geschlechter\/\" target=\"_blank\" class=\"elementor-button debate-arrow\">\n                        <span class=\"screen-reader-text\">Download file<\/span>\n                        <i class=\"fas fa-file\" aria-hidden=\"true\"><\/i>\n                    <\/a>\n                <\/div>\n            <\/div>\n        <\/div>\n                    <div class=\"debate-list-item\">\n            <div class=\"debate-inner d-flex justify-content-between align-items-center\">\n                <div class=\"debate-list-content\">\n                    <div class=\"debate-excerpt fw-normal\"><\/div>\n                    <div class=\"debate-name w-auto\">\n                        <a href=\"https:\/\/kath-akademie-bayern.de\/en\/mediathek-eintrag\/geschlechtliche-vielfalt-im-kirchlichen-raum-ein-tagungsbericht-zur-zweiten-veranstaltung-zum-thema-inter-und-trans\/\" target=\"_blank\">Geschlechtliche Vielfalt im kirchlichen Raum<\/a>\n                    <\/div>\n                    <div class=\"debate-excerpt\">Ein Tagungsbericht zur zweiten Veranstaltung zum Thema Inter* und Trans*<\/div>\n                <\/div>\n\n                <div class=\"debate-icon\">\n                    <a href=\"https:\/\/kath-akademie-bayern.de\/en\/mediathek-eintrag\/geschlechtliche-vielfalt-im-kirchlichen-raum-ein-tagungsbericht-zur-zweiten-veranstaltung-zum-thema-inter-und-trans\/\" target=\"_blank\" class=\"elementor-button debate-arrow\">\n                        <span class=\"screen-reader-text\">Download file<\/span>\n                        <i class=\"fas fa-file\" aria-hidden=\"true\"><\/i>\n                    <\/a>\n                <\/div>\n            <\/div>\n        <\/div>\n                    <div class=\"debate-list-item\">\n            <div class=\"debate-inner d-flex justify-content-between align-items-center\">\n                <div class=\"debate-list-content\">\n                    <div class=\"debate-excerpt fw-normal\"><\/div>\n                    <div class=\"debate-name w-auto\">\n                        <a href=\"https:\/\/kath-akademie-bayern.de\/en\/mediathek-eintrag\/transformation-der-landnutzung-zukunftsverantwortung-fuer-gesellschaft-politik-und-land-wirtschaft-2\/\" target=\"_blank\">Transformation der Landnutzung<\/a>\n                    <\/div>\n                    <div class=\"debate-excerpt\">Zukunftsverantwortung f\u00fcr Gesellschaft, Politik und Land-Wirtschaft<\/div>\n                <\/div>\n\n                <div class=\"debate-icon\">\n                    <a href=\"https:\/\/kath-akademie-bayern.de\/en\/mediathek-eintrag\/transformation-der-landnutzung-zukunftsverantwortung-fuer-gesellschaft-politik-und-land-wirtschaft-2\/\" target=\"_blank\" class=\"elementor-button debate-arrow\">\n                        <span class=\"screen-reader-text\">Download file<\/span>\n                        <i class=\"fas fa-file\" aria-hidden=\"true\"><\/i>\n                    <\/a>\n                <\/div>\n            <\/div>\n        <\/div>\n                    <div class=\"debate-list-item\">\n            <div class=\"debate-inner d-flex justify-content-between align-items-center\">\n                <div class=\"debate-list-content\">\n                    <div class=\"debate-excerpt fw-normal\"><a href=\"https:\/\/kath-akademie-bayern.de\/en\/referent\/prof-dr-hanna-barbara-gerl-falkovitz\/\" target=\"_blank\">Gerl-Falkovitz, Prof. Dr. Hanna-Barbara<\/a><\/div>\n                    <div class=\"debate-name w-auto\">\n                        <a href=\"https:\/\/kath-akademie-bayern.de\/en\/mediathek-eintrag\/das-jahr-des-herrn-im-rosenkranz-zur-beziehung-von-christologie-und-mariologie-bei-romano-guardini\/\" target=\"_blank\">Das Jahr des Herrn im Rosenkranz<\/a>\n                    <\/div>\n                    <div class=\"debate-excerpt\">Zur Beziehung von Christologie und Mariologie bei Romano Guardini<\/div>\n                <\/div>\n\n                <div class=\"debate-icon\">\n                    <a href=\"https:\/\/kath-akademie-bayern.de\/en\/mediathek-eintrag\/das-jahr-des-herrn-im-rosenkranz-zur-beziehung-von-christologie-und-mariologie-bei-romano-guardini\/\" target=\"_blank\" class=\"elementor-button debate-arrow\">\n                        <span class=\"screen-reader-text\">Download file<\/span>\n                        <i class=\"fas fa-file\" aria-hidden=\"true\"><\/i>\n                    <\/a>\n                <\/div>\n            <\/div>\n        <\/div>\n                    <div class=\"debate-list-item\">\n            <div class=\"debate-inner d-flex justify-content-between align-items-center\">\n                <div class=\"debate-list-content\">\n                    <div class=\"debate-excerpt fw-normal\"><a href=\"https:\/\/kath-akademie-bayern.de\/en\/referent\/prof-dr-ludger-schwienhorst-schoenberger\/\" target=\"_blank\">Schwienhorst-Sch\u00f6nberger, Prof. Dr. Ludger<\/a><\/div>\n                    <div class=\"debate-name w-auto\">\n                        <a href=\"https:\/\/kath-akademie-bayern.de\/en\/mediathek-eintrag\/die-psalmen-und-das-gebet-der-sammlung-bei-romano-guardini\/\" target=\"_blank\">Die Psalmen und das Gebet der Sammlung bei Romano Guardini<\/a>\n                    <\/div>\n                    <div class=\"debate-excerpt\"><\/div>\n                <\/div>\n\n                <div class=\"debate-icon\">\n                    <a href=\"https:\/\/kath-akademie-bayern.de\/en\/mediathek-eintrag\/die-psalmen-und-das-gebet-der-sammlung-bei-romano-guardini\/\" target=\"_blank\" class=\"elementor-button debate-arrow\">\n                        <span class=\"screen-reader-text\">Download file<\/span>\n                        <i class=\"fas fa-file\" aria-hidden=\"true\"><\/i>\n                    <\/a>\n                <\/div>\n            <\/div>\n        <\/div>\n                    <div class=\"debate-list-item\">\n            <div class=\"debate-inner d-flex justify-content-between align-items-center\">\n                <div class=\"debate-list-content\">\n                    <div class=\"debate-excerpt fw-normal\"><a href=\"https:\/\/kath-akademie-bayern.de\/en\/referent\/prof-dr-wolfgang-augustyn\/\" target=\"_blank\">Augustyn, Wolfgang<\/a><\/div>\n                    <div class=\"debate-name w-auto\">\n                        <a href=\"https:\/\/kath-akademie-bayern.de\/en\/mediathek-eintrag\/wie-soll-man-beten-beispiele-aus-der-kunst-veranschaulichen-den-sichtbaren-ausdruck-des-gebets\/\" target=\"_blank\">Wie soll man beten?<\/a>\n                    <\/div>\n                    <div class=\"debate-excerpt\">Beispiele aus der Kunst veranschaulichen den sichtbaren Ausdruck des Gebets<\/div>\n                <\/div>\n\n                <div class=\"debate-icon\">\n                    <a href=\"https:\/\/kath-akademie-bayern.de\/en\/mediathek-eintrag\/wie-soll-man-beten-beispiele-aus-der-kunst-veranschaulichen-den-sichtbaren-ausdruck-des-gebets\/\" target=\"_blank\" class=\"elementor-button debate-arrow\">\n                        <span class=\"screen-reader-text\">Download file<\/span>\n                        <i class=\"fas fa-file\" aria-hidden=\"true\"><\/i>\n                    <\/a>\n                <\/div>\n            <\/div>\n        <\/div>\n                    <div class=\"debate-list-item\">\n            <div class=\"debate-inner d-flex justify-content-between align-items-center\">\n                <div class=\"debate-list-content\">\n                    <div class=\"debate-excerpt fw-normal\"><\/div>\n                    <div class=\"debate-name w-auto\">\n                        <a href=\"https:\/\/kath-akademie-bayern.de\/en\/mediathek-eintrag\/ins-gebet-genommen-ein-tagungsbericht-vom-guardini-tag-2025\/\" target=\"_blank\">Ins Gebet genommen<\/a>\n                    <\/div>\n                    <div class=\"debate-excerpt\">Ein Tagungsbericht vom Guardini-Tag 2025<\/div>\n                <\/div>\n\n                <div class=\"debate-icon\">\n                    <a href=\"https:\/\/kath-akademie-bayern.de\/en\/mediathek-eintrag\/ins-gebet-genommen-ein-tagungsbericht-vom-guardini-tag-2025\/\" target=\"_blank\" class=\"elementor-button debate-arrow\">\n                        <span class=\"screen-reader-text\">Download file<\/span>\n                        <i class=\"fas fa-file\" aria-hidden=\"true\"><\/i>\n                    <\/a>\n                <\/div>\n            <\/div>\n        <\/div>\n                    <div class=\"debate-list-item\">\n            <div class=\"debate-inner d-flex justify-content-between align-items-center\">\n                <div class=\"debate-list-content\">\n                    <div class=\"debate-excerpt fw-normal\"><\/div>\n                    <div class=\"debate-name w-auto\">\n                        <a href=\"https:\/\/kath-akademie-bayern.de\/en\/mediathek-eintrag\/wie-kann-musik-ein-leben-veraendern-dirigent-sir-simon-rattle-zu-gast\/\" target=\"_blank\">How can music change a life?<\/a>\n                    <\/div>\n                    <div class=\"debate-excerpt\">Dirigent Sir Simon Rattle zu Gast<\/div>\n                <\/div>\n\n                <div class=\"debate-icon\">\n                    <a href=\"https:\/\/kath-akademie-bayern.de\/en\/mediathek-eintrag\/wie-kann-musik-ein-leben-veraendern-dirigent-sir-simon-rattle-zu-gast\/\" target=\"_blank\" class=\"elementor-button debate-arrow\">\n                        <span class=\"screen-reader-text\">Download file<\/span>\n                        <i class=\"fas fa-file\" aria-hidden=\"true\"><\/i>\n                    <\/a>\n                <\/div>\n            <\/div>\n        <\/div>\n                    <div class=\"debate-list-item\">\n            <div class=\"debate-inner d-flex justify-content-between align-items-center\">\n                <div class=\"debate-list-content\">\n                    <div class=\"debate-excerpt fw-normal\"><a href=\"https:\/\/kath-akademie-bayern.de\/en\/referent\/prof-dr-markus-vogt\/\" target=\"_blank\">Vogt, Markus<\/a><\/div>\n                    <div class=\"debate-name w-auto\">\n                        <a href=\"https:\/\/kath-akademie-bayern.de\/en\/mediathek-eintrag\/neue-batterietechniken-als-unterpfand-fuer-mikrooptomismus-eine-sozialethische-einordnung\/\" target=\"_blank\">Neue Batterietechniken als Unterpfand f\u00fcr Mikrooptomismus<\/a>\n                    <\/div>\n                    <div class=\"debate-excerpt\">A socio-ethical classification<\/div>\n                <\/div>\n\n                <div class=\"debate-icon\">\n                    <a href=\"https:\/\/kath-akademie-bayern.de\/en\/mediathek-eintrag\/neue-batterietechniken-als-unterpfand-fuer-mikrooptomismus-eine-sozialethische-einordnung\/\" target=\"_blank\" class=\"elementor-button debate-arrow\">\n                        <span class=\"screen-reader-text\">Download file<\/span>\n                        <i class=\"fas fa-file\" aria-hidden=\"true\"><\/i>\n                    <\/a>\n                <\/div>\n            <\/div>\n        <\/div>\n                    <div class=\"debate-list-item\">\n            <div class=\"debate-inner d-flex justify-content-between align-items-center\">\n                <div class=\"debate-list-content\">\n                    <div class=\"debate-excerpt fw-normal\"><\/div>\n                    <div class=\"debate-name w-auto\">\n                        <a href=\"https:\/\/kath-akademie-bayern.de\/en\/mediathek-eintrag\/mehr-streit-wagen-die-thesen-aus-dem-fachvortrag-von-christian-boeser\/\" target=\"_blank\">Mehr Streit wagen!<\/a>\n                    <\/div>\n                    <div class=\"debate-excerpt\">Die Thesen aus dem Fachvortrag von Christian Boeser<\/div>\n                <\/div>\n\n                <div class=\"debate-icon\">\n                    <a href=\"https:\/\/kath-akademie-bayern.de\/en\/mediathek-eintrag\/mehr-streit-wagen-die-thesen-aus-dem-fachvortrag-von-christian-boeser\/\" target=\"_blank\" class=\"elementor-button debate-arrow\">\n                        <span class=\"screen-reader-text\">Download file<\/span>\n                        <i class=\"fas fa-file\" aria-hidden=\"true\"><\/i>\n                    <\/a>\n                <\/div>\n            <\/div>\n        <\/div>\n                    <div class=\"debate-list-item\">\n            <div class=\"debate-inner d-flex justify-content-between align-items-center\">\n                <div class=\"debate-list-content\">\n                    <div class=\"debate-excerpt fw-normal\"><\/div>\n                    <div class=\"debate-name w-auto\">\n                        <a href=\"https:\/\/kath-akademie-bayern.de\/en\/mediathek-eintrag\/orientierung-bieten-begegnung-ermoeglichen-ein-tagungsbericht-ueber-die-mitgliederversammlung-der-keb-2025\/\" target=\"_blank\">Orientierung bieten, Begegnung erm\u00f6glichen<\/a>\n                    <\/div>\n                    <div class=\"debate-excerpt\">Ein Tagungsbericht \u00fcber die Mitgliederversammlung der KEB 2025<\/div>\n                <\/div>\n\n                <div class=\"debate-icon\">\n                    <a href=\"https:\/\/kath-akademie-bayern.de\/en\/mediathek-eintrag\/orientierung-bieten-begegnung-ermoeglichen-ein-tagungsbericht-ueber-die-mitgliederversammlung-der-keb-2025\/\" target=\"_blank\" class=\"elementor-button debate-arrow\">\n                        <span class=\"screen-reader-text\">Download file<\/span>\n                        <i class=\"fas fa-file\" aria-hidden=\"true\"><\/i>\n                    <\/a>\n                <\/div>\n            <\/div>\n        <\/div>\n                    <div class=\"debate-list-item\">\n            <div class=\"debate-inner d-flex justify-content-between align-items-center\">\n                <div class=\"debate-list-content\">\n                    <div class=\"debate-excerpt fw-normal\"><a href=\"https:\/\/kath-akademie-bayern.de\/en\/referent\/prof-dr-michael-bongardt\/\" target=\"_blank\">Bongardt, Michael<\/a><\/div>\n                    <div class=\"debate-name w-auto\">\n                        <a href=\"https:\/\/kath-akademie-bayern.de\/en\/mediathek-eintrag\/die-religion-und-ihre-bilder\/\" target=\"_blank\">Die Religion und ihre Bilder<\/a>\n                    <\/div>\n                    <div class=\"debate-excerpt\"><\/div>\n                <\/div>\n\n                <div class=\"debate-icon\">\n                    <a href=\"https:\/\/kath-akademie-bayern.de\/en\/mediathek-eintrag\/die-religion-und-ihre-bilder\/\" target=\"_blank\" class=\"elementor-button debate-arrow\">\n                        <span class=\"screen-reader-text\">Download file<\/span>\n                        <i class=\"fas fa-file\" aria-hidden=\"true\"><\/i>\n                    <\/a>\n                <\/div>\n            <\/div>\n        <\/div>\n                    <div class=\"debate-list-item\">\n            <div class=\"debate-inner d-flex justify-content-between align-items-center\">\n                <div class=\"debate-list-content\">\n                    <div class=\"debate-excerpt fw-normal\"><a href=\"https:\/\/kath-akademie-bayern.de\/en\/referent\/prof-dr-klaus-bieberstein-2\/\" target=\"_blank\">Bieberstein, Klaus<\/a><\/div>\n                    <div class=\"debate-name w-auto\">\n                        <a href=\"https:\/\/kath-akademie-bayern.de\/en\/mediathek-eintrag\/sich-orientieren-jerusalems-sinnlandschaft-mythologisch-gelesen\/\" target=\"_blank\">Sich orientieren<\/a>\n                    <\/div>\n                    <div class=\"debate-excerpt\">Jerusalems Sinnlandschaft mythologisch gelesen<\/div>\n                <\/div>\n\n                <div class=\"debate-icon\">\n                    <a href=\"https:\/\/kath-akademie-bayern.de\/en\/mediathek-eintrag\/sich-orientieren-jerusalems-sinnlandschaft-mythologisch-gelesen\/\" target=\"_blank\" class=\"elementor-button debate-arrow\">\n                        <span class=\"screen-reader-text\">Download file<\/span>\n                        <i class=\"fas fa-file\" aria-hidden=\"true\"><\/i>\n                    <\/a>\n                <\/div>\n            <\/div>\n        <\/div>\n                    <div class=\"debate-list-item\">\n            <div class=\"debate-inner d-flex justify-content-between align-items-center\">\n                <div class=\"debate-list-content\">\n                    <div class=\"debate-excerpt fw-normal\"><a href=\"https:\/\/kath-akademie-bayern.de\/en\/referent\/prof-dr-klaus-bieberstein-2\/\" target=\"_blank\">Bieberstein, Klaus<\/a><\/div>\n                    <div class=\"debate-name w-auto\">\n                        <a href=\"https:\/\/kath-akademie-bayern.de\/en\/mediathek-eintrag\/festhalten-an-dem-was-aussteht-eschatologische-texte-mythologisch-lesen\/\" target=\"_blank\">Festhalten an dem, was aussteht<\/a>\n                    <\/div>\n                    <div class=\"debate-excerpt\">Eschatologische Texte mythologisch lesen<\/div>\n                <\/div>\n\n                <div class=\"debate-icon\">\n                    <a href=\"https:\/\/kath-akademie-bayern.de\/en\/mediathek-eintrag\/festhalten-an-dem-was-aussteht-eschatologische-texte-mythologisch-lesen\/\" target=\"_blank\" class=\"elementor-button debate-arrow\">\n                        <span class=\"screen-reader-text\">Download file<\/span>\n                        <i class=\"fas fa-file\" aria-hidden=\"true\"><\/i>\n                    <\/a>\n                <\/div>\n            <\/div>\n        <\/div>\n                    <div class=\"debate-list-item\">\n            <div class=\"debate-inner d-flex justify-content-between align-items-center\">\n                <div class=\"debate-list-content\">\n                    <div class=\"debate-excerpt fw-normal\"><a href=\"https:\/\/kath-akademie-bayern.de\/en\/referent\/prof-dr-klaus-bieberstein-2\/\" target=\"_blank\">Bieberstein, Klaus<\/a><\/div>\n                    <div class=\"debate-name w-auto\">\n                        <a href=\"https:\/\/kath-akademie-bayern.de\/en\/mediathek-eintrag\/formulieren-was-der-mensch-ist-schoepfungserzaehlungen-mythologisch-gelesen\/\" target=\"_blank\">Formulieren, was der Mensch ist<\/a>\n                    <\/div>\n                    <div class=\"debate-excerpt\">Sch\u00f6pfungserz\u00e4hlungen mythologisch gelesen<\/div>\n                <\/div>\n\n                <div class=\"debate-icon\">\n                    <a href=\"https:\/\/kath-akademie-bayern.de\/en\/mediathek-eintrag\/formulieren-was-der-mensch-ist-schoepfungserzaehlungen-mythologisch-gelesen\/\" target=\"_blank\" class=\"elementor-button debate-arrow\">\n                        <span class=\"screen-reader-text\">Download file<\/span>\n                        <i class=\"fas fa-file\" aria-hidden=\"true\"><\/i>\n                    <\/a>\n                <\/div>\n            <\/div>\n        <\/div>\n                    <div class=\"debate-list-item\">\n            <div class=\"debate-inner d-flex justify-content-between align-items-center\">\n                <div class=\"debate-list-content\">\n                    <div class=\"debate-excerpt fw-normal\"><a href=\"https:\/\/kath-akademie-bayern.de\/en\/referent\/prof-dr-michael-bongardt\/\" target=\"_blank\">Bongardt, Michael<\/a><\/div>\n                    <div class=\"debate-name w-auto\">\n                        <a href=\"https:\/\/kath-akademie-bayern.de\/en\/mediathek-eintrag\/der-mythos-urform-menschlicher-kultur\/\" target=\"_blank\">Der Mythos &#8211; Urform menschlicher Kultur<\/a>\n                    <\/div>\n                    <div class=\"debate-excerpt\"><\/div>\n                <\/div>\n\n                <div class=\"debate-icon\">\n                    <a href=\"https:\/\/kath-akademie-bayern.de\/en\/mediathek-eintrag\/der-mythos-urform-menschlicher-kultur\/\" target=\"_blank\" class=\"elementor-button debate-arrow\">\n                        <span class=\"screen-reader-text\">Download file<\/span>\n                        <i class=\"fas fa-file\" aria-hidden=\"true\"><\/i>\n                    <\/a>\n                <\/div>\n            <\/div>\n        <\/div>\n            <\/div>\n            <\/div>\r\n        <\/div>\r\n    <\/div>\r\n<\/div>\r\n        <\/div>\r\n    <\/div>\r\n<\/div>\r\n<div class=\"debate-list-item\">\r\n    <div class=\"debate-inner d-flex justify-content-between align-items-center\">\r\n        <div class=\"debate-list-content\">\r\n            <div class=\"preview-icon\"><img decoding=\"async\" src=\"https:\/\/kath-akademie-bayern.de\/wp-content\/uploads\/Titelbild_debatte_2025-3_titel-362x512.png\" alt=\"\" title=\"Titelbild_debatte_2025-3_titel\" \/><\/div>            <div class=\"debate-name\">\r\n                <a href=\"https:\/\/kath-akademie-bayern.de\/wp-content\/uploads\/debatte_2025-3.pdf\" target=\"_blank\">Heft 3\/2025 <\/a>\r\n            <\/div>\r\n            <div class=\"debate-excerpt\">Bartholom\u00e4us I. Patriarch und Pontifex<\/div>\r\n        <\/div>\r\n        <div class=\"debate-icon\">\r\n            <button data-bs-toggle=\"modal\" data-bs-target=\"#modal-debate-heft-3-2025\" class=\"elementor-button debate-arrow\">\r\n                <span class=\"screen-reader-text\">View debate<\/span>\r\n                <i class=\"fal fa-arrows fa-rotate-45\" aria-hidden=\"true\"><\/i>\r\n            <\/button>\r\n\r\n                        <div class=\"modal fade\" id=\"modal-debate-heft-3-2025\" tabindex=\"-1\" aria-hidden=\"true\">\r\n    <button type=\"button\" class=\"modal-close\" data-bs-dismiss=\"modal\" aria-label=\"Close\">\r\n        <span class=\"screen-reader-text\">Close<\/span>\r\n        <i class=\"fas fa-times\" aria-hidden=\"true\"><\/i>\r\n    <\/button>\r\n\r\n    <div class=\"modal-dialog modal-dialog-centered\">\r\n        <div class=\"modal-content\">\r\n            <div class=\"modal-body\">\r\n                <div class=\"image-wrapper\">\r\n                                            <div class=\"debate-preview\"><img decoding=\"async\" src=\"https:\/\/kath-akademie-bayern.de\/wp-content\/uploads\/Titelbild_debatte_2025-3_titel.png\" alt=\"\" title=\"Titelbild_debatte_2025-3_titel\" \/><\/div>\r\n                                    <\/div>\r\n                <div class=\"d-flex flex-wrap gap-4\">\r\n                    <div class=\"download-button elementor-widget-button elementor-button-primary\">\r\n                        <a href=\"https:\/\/kath-akademie-bayern.de\/wp-content\/uploads\/debatte_2025-3.pdf\" target=\"_blank\" class=\"elementor-button\">Download<\/a>\r\n                    <\/div>\r\n                                            <div class=\"download-button elementor-widget-button elementor-button-primary\">\r\n                            <button class=\"elementor-button d-flex align-items-center gap-3\" type=\"button\" data-bs-toggle=\"collapse\" data-bs-target=\"#modal-debate-heft-3-2025-media-list-69f34af778977\" aria-expanded=\"false\" aria-controls=\"modal-debate-heft-3-2025-media-list-69f34af778977\">\r\n                                <span class=\"elementor-button-text\">Artikel<\/span>\r\n                                <i class=\"fas fa-chevron-down\" aria-hidden=\"true\"><\/i>\r\n                            <\/button>\r\n                        <\/div>\r\n                                    <\/div>\r\n\r\n                <div class=\"debate-list collapse mt-6\" id=\"modal-debate-heft-3-2025-media-list-69f34af778977\" data-bs-parent=\"#latest-debate-list\">\n            <div class=\"debate-list-item\">\n            <div class=\"debate-inner d-flex justify-content-between align-items-center\">\n                <div class=\"debate-list-content\">\n                    <div class=\"debate-excerpt fw-normal\"><\/div>\n                    <div class=\"debate-name w-auto\">\n                        <a href=\"https:\/\/kath-akademie-bayern.de\/en\/mediathek-eintrag\/interdisziplinaer-und-vielfaeltig-jahrestagung-des-european-business-ethics-network-eben\/\" target=\"_blank\">Interdisziplin\u00e4r und vielf\u00e4ltig<\/a>\n                    <\/div>\n                    <div class=\"debate-excerpt\">Jahrestagung des European Business Ethics Network (EBEN)<\/div>\n                <\/div>\n\n                <div class=\"debate-icon\">\n                    <a href=\"https:\/\/kath-akademie-bayern.de\/en\/mediathek-eintrag\/interdisziplinaer-und-vielfaeltig-jahrestagung-des-european-business-ethics-network-eben\/\" target=\"_blank\" class=\"elementor-button debate-arrow\">\n                        <span class=\"screen-reader-text\">Download file<\/span>\n                        <i class=\"fas fa-file\" aria-hidden=\"true\"><\/i>\n                    <\/a>\n                <\/div>\n            <\/div>\n        <\/div>\n                    <div class=\"debate-list-item\">\n            <div class=\"debate-inner d-flex justify-content-between align-items-center\">\n                <div class=\"debate-list-content\">\n                    <div class=\"debate-excerpt fw-normal\"><\/div>\n                    <div class=\"debate-name w-auto\">\n                        <a href=\"https:\/\/kath-akademie-bayern.de\/en\/mediathek-eintrag\/abends-im-schloss-u20-format-fuer-schuelerinnen-und-schueler-2\/\" target=\"_blank\">Abends im Schloss U20<\/a>\n                    <\/div>\n                    <div class=\"debate-excerpt\">Format f\u00fcr Sch\u00fclerinnen und Sch\u00fcler<\/div>\n                <\/div>\n\n                <div class=\"debate-icon\">\n                    <a href=\"https:\/\/kath-akademie-bayern.de\/en\/mediathek-eintrag\/abends-im-schloss-u20-format-fuer-schuelerinnen-und-schueler-2\/\" target=\"_blank\" class=\"elementor-button debate-arrow\">\n                        <span class=\"screen-reader-text\">Download file<\/span>\n                        <i class=\"fas fa-file\" aria-hidden=\"true\"><\/i>\n                    <\/a>\n                <\/div>\n            <\/div>\n        <\/div>\n                    <div class=\"debate-list-item\">\n            <div class=\"debate-inner d-flex justify-content-between align-items-center\">\n                <div class=\"debate-list-content\">\n                    <div class=\"debate-excerpt fw-normal\"><\/div>\n                    <div class=\"debate-name w-auto\">\n                        <a href=\"https:\/\/kath-akademie-bayern.de\/en\/mediathek-eintrag\/kirchenvolk-im-wandel-analysen-und-perspektiven-2\/\" target=\"_blank\">Church people in transition<\/a>\n                    <\/div>\n                    <div class=\"debate-excerpt\">Analyses and perspectives<\/div>\n                <\/div>\n\n                <div class=\"debate-icon\">\n                    <a href=\"https:\/\/kath-akademie-bayern.de\/en\/mediathek-eintrag\/kirchenvolk-im-wandel-analysen-und-perspektiven-2\/\" target=\"_blank\" class=\"elementor-button debate-arrow\">\n                        <span class=\"screen-reader-text\">Download file<\/span>\n                        <i class=\"fas fa-file\" aria-hidden=\"true\"><\/i>\n                    <\/a>\n                <\/div>\n            <\/div>\n        <\/div>\n                    <div class=\"debate-list-item\">\n            <div class=\"debate-inner d-flex justify-content-between align-items-center\">\n                <div class=\"debate-list-content\">\n                    <div class=\"debate-excerpt fw-normal\"><a href=\"https:\/\/kath-akademie-bayern.de\/en\/referent\/dr-janosch-freuding\/\" target=\"_blank\">Freuding, Janosch<\/a><\/div>\n                    <div class=\"debate-name w-auto\">\n                        <a href=\"https:\/\/kath-akademie-bayern.de\/en\/mediathek-eintrag\/kein-aussen-der-macht-othering-ordnungen-und-subjektorientierung\/\" target=\"_blank\">Kein Au\u00dfen der Macht?<\/a>\n                    <\/div>\n                    <div class=\"debate-excerpt\">Othering-Ordnungen und Subjektorientierung<\/div>\n                <\/div>\n\n                <div class=\"debate-icon\">\n                    <a href=\"https:\/\/kath-akademie-bayern.de\/en\/mediathek-eintrag\/kein-aussen-der-macht-othering-ordnungen-und-subjektorientierung\/\" target=\"_blank\" class=\"elementor-button debate-arrow\">\n                        <span class=\"screen-reader-text\">Download file<\/span>\n                        <i class=\"fas fa-file\" aria-hidden=\"true\"><\/i>\n                    <\/a>\n                <\/div>\n            <\/div>\n        <\/div>\n                    <div class=\"debate-list-item\">\n            <div class=\"debate-inner d-flex justify-content-between align-items-center\">\n                <div class=\"debate-list-content\">\n                    <div class=\"debate-excerpt fw-normal\"><\/div>\n                    <div class=\"debate-name w-auto\">\n                        <a href=\"https:\/\/kath-akademie-bayern.de\/en\/mediathek-eintrag\/wuerdigung-einer-religionspaedagogischen-dissertation-dr-janosch-freuding-wird-ausgezeichnet\/\" target=\"_blank\">W\u00fcrdigung einer religionsp\u00e4dagogischen Dissertation<\/a>\n                    <\/div>\n                    <div class=\"debate-excerpt\">Dr. Janosch Freuding wird ausgezeichnet<\/div>\n                <\/div>\n\n                <div class=\"debate-icon\">\n                    <a href=\"https:\/\/kath-akademie-bayern.de\/en\/mediathek-eintrag\/wuerdigung-einer-religionspaedagogischen-dissertation-dr-janosch-freuding-wird-ausgezeichnet\/\" target=\"_blank\" class=\"elementor-button debate-arrow\">\n                        <span class=\"screen-reader-text\">Download file<\/span>\n                        <i class=\"fas fa-file\" aria-hidden=\"true\"><\/i>\n                    <\/a>\n                <\/div>\n            <\/div>\n        <\/div>\n                    <div class=\"debate-list-item\">\n            <div class=\"debate-inner d-flex justify-content-between align-items-center\">\n                <div class=\"debate-list-content\">\n                    <div class=\"debate-excerpt fw-normal\"><\/div>\n                    <div class=\"debate-name w-auto\">\n                        <a href=\"https:\/\/kath-akademie-bayern.de\/en\/mediathek-eintrag\/seitenaltaere-und-heiligenverehrung-in-der-reihe-kirche-kunst-verkuendigung\/\" target=\"_blank\">Seitenalt\u00e4re und Heiligenverehrung<\/a>\n                    <\/div>\n                    <div class=\"debate-excerpt\">In der Reihe Kirche.Kunst.Verk\u00fcndigung<\/div>\n                <\/div>\n\n                <div class=\"debate-icon\">\n                    <a href=\"https:\/\/kath-akademie-bayern.de\/en\/mediathek-eintrag\/seitenaltaere-und-heiligenverehrung-in-der-reihe-kirche-kunst-verkuendigung\/\" target=\"_blank\" class=\"elementor-button debate-arrow\">\n                        <span class=\"screen-reader-text\">Download file<\/span>\n                        <i class=\"fas fa-file\" aria-hidden=\"true\"><\/i>\n                    <\/a>\n                <\/div>\n            <\/div>\n        <\/div>\n                    <div class=\"debate-list-item\">\n            <div class=\"debate-inner d-flex justify-content-between align-items-center\">\n                <div class=\"debate-list-content\">\n                    <div class=\"debate-excerpt fw-normal\"><a href=\"https:\/\/kath-akademie-bayern.de\/en\/referent\/ferdinand-josef-mueller\/\" target=\"_blank\">M\u00fcller, Ferdinand Josef<\/a><\/div>\n                    <div class=\"debate-name w-auto\">\n                        <a href=\"https:\/\/kath-akademie-bayern.de\/en\/mediathek-eintrag\/heilsnotwendig-oder-schaedlich-der-kirchenstaat-historischer-ueberblick-und-analyse\/\" target=\"_blank\">Heilsnotwendig oder sch\u00e4dlich?<\/a>\n                    <\/div>\n                    <div class=\"debate-excerpt\">Der Kirchenstaat \u2013 historischer \u00dcberblick und Analyse<\/div>\n                <\/div>\n\n                <div class=\"debate-icon\">\n                    <a href=\"https:\/\/kath-akademie-bayern.de\/en\/mediathek-eintrag\/heilsnotwendig-oder-schaedlich-der-kirchenstaat-historischer-ueberblick-und-analyse\/\" target=\"_blank\" class=\"elementor-button debate-arrow\">\n                        <span class=\"screen-reader-text\">Download file<\/span>\n                        <i class=\"fas fa-file\" aria-hidden=\"true\"><\/i>\n                    <\/a>\n                <\/div>\n            <\/div>\n        <\/div>\n                    <div class=\"debate-list-item\">\n            <div class=\"debate-inner d-flex justify-content-between align-items-center\">\n                <div class=\"debate-list-content\">\n                    <div class=\"debate-excerpt fw-normal\"><\/div>\n                    <div class=\"debate-name w-auto\">\n                        <a href=\"https:\/\/kath-akademie-bayern.de\/en\/mediathek-eintrag\/die-vertraege-und-ihre-hintergruende-tagung-in-der-casa-santa-maria-in-rom\/\" target=\"_blank\">Die Vertr\u00e4ge und ihre Hintergr\u00fcnde<\/a>\n                    <\/div>\n                    <div class=\"debate-excerpt\">Tagung in der Casa Santa Maria in Rom<\/div>\n                <\/div>\n\n                <div class=\"debate-icon\">\n                    <a href=\"https:\/\/kath-akademie-bayern.de\/en\/mediathek-eintrag\/die-vertraege-und-ihre-hintergruende-tagung-in-der-casa-santa-maria-in-rom\/\" target=\"_blank\" class=\"elementor-button debate-arrow\">\n                        <span class=\"screen-reader-text\">Download file<\/span>\n                        <i class=\"fas fa-file\" aria-hidden=\"true\"><\/i>\n                    <\/a>\n                <\/div>\n            <\/div>\n        <\/div>\n                    <div class=\"debate-list-item\">\n            <div class=\"debate-inner d-flex justify-content-between align-items-center\">\n                <div class=\"debate-list-content\">\n                    <div class=\"debate-excerpt fw-normal\"><a href=\"https:\/\/kath-akademie-bayern.de\/en\/referent\/reinhard-kardinal-marx\/\" target=\"_blank\">Marx, Reinhard<\/a><\/div>\n                    <div class=\"debate-name w-auto\">\n                        <a href=\"https:\/\/kath-akademie-bayern.de\/en\/mediathek-eintrag\/oekumene-ist-kein-nice-to-have-schlusswort-zur-verleihung-des-oekumenischem-preises-und-des-abt-emmanuel-neufelder-preises\/\" target=\"_blank\">\u00d6kumene ist kein Nice to have<\/a>\n                    <\/div>\n                    <div class=\"debate-excerpt\">Schlusswort zur Verleihung des \u00d6kumenischem Preises und des Abt-Emmanuel-Neufelder-Preises<\/div>\n                <\/div>\n\n                <div class=\"debate-icon\">\n                    <a href=\"https:\/\/kath-akademie-bayern.de\/en\/mediathek-eintrag\/oekumene-ist-kein-nice-to-have-schlusswort-zur-verleihung-des-oekumenischem-preises-und-des-abt-emmanuel-neufelder-preises\/\" target=\"_blank\" class=\"elementor-button debate-arrow\">\n                        <span class=\"screen-reader-text\">Download file<\/span>\n                        <i class=\"fas fa-file\" aria-hidden=\"true\"><\/i>\n                    <\/a>\n                <\/div>\n            <\/div>\n        <\/div>\n                    <div class=\"debate-list-item\">\n            <div class=\"debate-inner d-flex justify-content-between align-items-center\">\n                <div class=\"debate-list-content\">\n                    <div class=\"debate-excerpt fw-normal\"><\/div>\n                    <div class=\"debate-name w-auto\">\n                        <a href=\"https:\/\/kath-akademie-bayern.de\/en\/mediathek-eintrag\/dialog-des-lebens-dankesrede-fuer-den-oekumenischen-preis-und-den-abt-emmanuel-heufelder-preis-2025\/\" target=\"_blank\">Dialog des Lebens<\/a>\n                    <\/div>\n                    <div class=\"debate-excerpt\">Dankesrede f\u00fcr den \u00d6kumenischen Preis und den Abt-Emmanuel-Heufelder-Preis 2025<\/div>\n                <\/div>\n\n                <div class=\"debate-icon\">\n                    <a href=\"https:\/\/kath-akademie-bayern.de\/en\/mediathek-eintrag\/dialog-des-lebens-dankesrede-fuer-den-oekumenischen-preis-und-den-abt-emmanuel-heufelder-preis-2025\/\" target=\"_blank\" class=\"elementor-button debate-arrow\">\n                        <span class=\"screen-reader-text\">Download file<\/span>\n                        <i class=\"fas fa-file\" aria-hidden=\"true\"><\/i>\n                    <\/a>\n                <\/div>\n            <\/div>\n        <\/div>\n                    <div class=\"debate-list-item\">\n            <div class=\"debate-inner d-flex justify-content-between align-items-center\">\n                <div class=\"debate-list-content\">\n                    <div class=\"debate-excerpt fw-normal\"><a href=\"https:\/\/kath-akademie-bayern.de\/en\/referent\/bischof-prof-dr-heinrich-bedfort-strohm\/\" target=\"_blank\">Bedford-Strohm, Heinrich<\/a><\/div>\n                    <div class=\"debate-name w-auto\">\n                        <a href=\"https:\/\/kath-akademie-bayern.de\/en\/mediathek-eintrag\/eine-global-hochgeachtete-kirchliche-und-moralische-stimme-laudatio-auf-den-oekumenischen-patriarchen-bartholomaeus-i\/\" target=\"_blank\">Eine global hochgeachtete kirchliche und moralische Stimme<\/a>\n                    <\/div>\n                    <div class=\"debate-excerpt\">Laudatio auf den \u00d6kumenischen Patriarchen Bartholom\u00e4us I.<\/div>\n                <\/div>\n\n                <div class=\"debate-icon\">\n                    <a href=\"https:\/\/kath-akademie-bayern.de\/en\/mediathek-eintrag\/eine-global-hochgeachtete-kirchliche-und-moralische-stimme-laudatio-auf-den-oekumenischen-patriarchen-bartholomaeus-i\/\" target=\"_blank\" class=\"elementor-button debate-arrow\">\n                        <span class=\"screen-reader-text\">Download file<\/span>\n                        <i class=\"fas fa-file\" aria-hidden=\"true\"><\/i>\n                    <\/a>\n                <\/div>\n            <\/div>\n        <\/div>\n                    <div class=\"debate-list-item\">\n            <div class=\"debate-inner d-flex justify-content-between align-items-center\">\n                <div class=\"debate-list-content\">\n                    <div class=\"debate-excerpt fw-normal\"><a href=\"https:\/\/kath-akademie-bayern.de\/en\/referent\/dr-florian-herrmann-mdl\/\" target=\"_blank\">Herrmann MdL, Florian<\/a><\/div>\n                    <div class=\"debate-name w-auto\">\n                        <a href=\"https:\/\/kath-akademie-bayern.de\/en\/mediathek-eintrag\/grusswort-der-bayerischen-staatsregierung\/\" target=\"_blank\">Greeting from the Bavarian State Government<\/a>\n                    <\/div>\n                    <div class=\"debate-excerpt\"><\/div>\n                <\/div>\n\n                <div class=\"debate-icon\">\n                    <a href=\"https:\/\/kath-akademie-bayern.de\/en\/mediathek-eintrag\/grusswort-der-bayerischen-staatsregierung\/\" target=\"_blank\" class=\"elementor-button debate-arrow\">\n                        <span class=\"screen-reader-text\">Download file<\/span>\n                        <i class=\"fas fa-file\" aria-hidden=\"true\"><\/i>\n                    <\/a>\n                <\/div>\n            <\/div>\n        <\/div>\n                    <div class=\"debate-list-item\">\n            <div class=\"debate-inner d-flex justify-content-between align-items-center\">\n                <div class=\"debate-list-content\">\n                    <div class=\"debate-excerpt fw-normal\"><a href=\"https:\/\/kath-akademie-bayern.de\/en\/referent\/dr-marianus-bieber-osb\/\" target=\"_blank\">Bieber OSB, Dr. Marianus<\/a> | <a href=\"https:\/\/kath-akademie-bayern.de\/en\/referent\/pd-dr-achim-budde-2\/\" target=\"_blank\">Budde, Achim<\/a><\/div>\n                    <div class=\"debate-name w-auto\">\n                        <a href=\"https:\/\/kath-akademie-bayern.de\/en\/mediathek-eintrag\/das-inspirierende-oberhaupt-der-weltorthodoxie-begruessung-zur-verleihung-von-oekumenischem-preis-und-abt-emmanuel-heufelder-preis\/\" target=\"_blank\">Das inspirierende Oberhaupt der Weltorthodoxie<\/a>\n                    <\/div>\n                    <div class=\"debate-excerpt\">Begr\u00fc\u00dfung zur Verleihung von \u00d6kumenischem Preis und Abt-Emmanuel-Heufelder-Preis<\/div>\n                <\/div>\n\n                <div class=\"debate-icon\">\n                    <a href=\"https:\/\/kath-akademie-bayern.de\/en\/mediathek-eintrag\/das-inspirierende-oberhaupt-der-weltorthodoxie-begruessung-zur-verleihung-von-oekumenischem-preis-und-abt-emmanuel-heufelder-preis\/\" target=\"_blank\" class=\"elementor-button debate-arrow\">\n                        <span class=\"screen-reader-text\">Download file<\/span>\n                        <i class=\"fas fa-file\" aria-hidden=\"true\"><\/i>\n                    <\/a>\n                <\/div>\n            <\/div>\n        <\/div>\n            <\/div>\n            <\/div>\r\n        <\/div>\r\n    <\/div>\r\n<\/div>\r\n        <\/div>\r\n    <\/div>\r\n<\/div>\r\n<div class=\"debate-list-item\">\r\n    <div class=\"debate-inner d-flex justify-content-between align-items-center\">\r\n        <div class=\"debate-list-content\">\r\n            <div class=\"preview-icon\"><img decoding=\"async\" src=\"https:\/\/kath-akademie-bayern.de\/wp-content\/uploads\/Titelbild_debatte_2025-2-362x512.png\" alt=\"\" title=\"Titelbild_debatte_2025-2\" \/><\/div>            <div class=\"debate-name\">\r\n                <a href=\"https:\/\/kath-akademie-bayern.de\/wp-content\/uploads\/debatte_2025-2.pdf\" target=\"_blank\">Heft 2\/2025 <\/a>\r\n            <\/div>\r\n            <div class=\"debate-excerpt\">Hochfest der Menschenrecht<\/div>\r\n        <\/div>\r\n        <div class=\"debate-icon\">\r\n            <button data-bs-toggle=\"modal\" data-bs-target=\"#modal-debate-heft-2-2025\" class=\"elementor-button debate-arrow\">\r\n                <span class=\"screen-reader-text\">View debate<\/span>\r\n                <i class=\"fal fa-arrows fa-rotate-45\" aria-hidden=\"true\"><\/i>\r\n            <\/button>\r\n\r\n                        <div class=\"modal fade\" id=\"modal-debate-heft-2-2025\" tabindex=\"-1\" aria-hidden=\"true\">\r\n    <button type=\"button\" class=\"modal-close\" data-bs-dismiss=\"modal\" aria-label=\"Close\">\r\n        <span class=\"screen-reader-text\">Close<\/span>\r\n        <i class=\"fas fa-times\" aria-hidden=\"true\"><\/i>\r\n    <\/button>\r\n\r\n    <div class=\"modal-dialog modal-dialog-centered\">\r\n        <div class=\"modal-content\">\r\n            <div class=\"modal-body\">\r\n                <div class=\"image-wrapper\">\r\n                    <div class=\"_3d-flip-book  fb3d-fullscreen-mode full-size\" data-id=\"107635\" data-mode=\"fullscreen\" data-title=\"false\" data-template=\"short-white-book-view\" data-lightbox=\"dark-shadow\" data-urlparam=\"fb3d-page\" data-page-n=\"0\" data-pdf=\"\" data-tax=\"null\" data-thumbnail=\"\" data-cols=\"3\" data-book-template=\"default\" data-trigger=\"\"><\/div><script type=\"text\/javascript\">window.FB3D_CLIENT_DATA = window.FB3D_CLIENT_DATA || [];FB3D_CLIENT_DATA.push('eyJwb3N0cyI6eyIxMDc2MzUiOnsiSUQiOjEwNzYzNSwidGl0bGUiOiJIZWZ0IDJcLzIwMjUiLCJ0eXBlIjoicGRmIiwicmVhZHlfZnVuY3Rpb24iOiIiLCJib29rX3N0eWxlIjoidm9sdW1lIiwiYm9va190ZW1wbGF0ZSI6Im5vbmUiLCJvdXRsaW5lIjpbXSwiZGF0YSI6eyJwb3N0X0lEIjoiMTA3NTY5IiwiZ3VpZCI6Imh0dHBzOlwvXC9rYXRoLWFrYWRlbWllLWJheWVybi5kZVwvd3AtY29udGVudFwvdXBsb2Fkc1wvZGViYXR0ZV8yMDI1LTIucGRmIiwicGRmX3BhZ2VzIjoiNjQiLCJwYWdlc19jdXN0b21pemF0aW9uIjoibm9uZSJ9LCJ0aHVtYm5haWwiOnsiZGF0YSI6eyJwb3N0X0lEIjoiMTA3NDg1In0sInR5cGUiOiJtZWRpYUltYWdlIn0sInByb3BzIjp7ImJhY2tncm91bmRDb2xvciI6ImF1dG8iLCJiYWNrZ3JvdW5kSW1hZ2UiOiJhdXRvIiwiYmFja2dyb3VuZFN0eWxlIjoiYXV0byIsImhpZ2hsaWdodExpbmtzIjoiYXV0byIsImxpZ2h0aW5nIjoiYXV0byIsInNpbmdsZVBhZ2VNb2RlIjoiYXV0byIsImNhY2hlZFBhZ2VzIjoiYXV0byIsInJlbmRlckluYWN0aXZlUGFnZXMiOiJhdXRvIiwicmVuZGVySW5hY3RpdmVQYWdlc09uTW9iaWxlIjoiYXV0byIsInJlbmRlcldoaWxlRmxpcHBpbmciOiJhdXRvIiwicHJlbG9hZFBhZ2VzIjoiYXV0byIsImF1dG9QbGF5RHVyYXRpb24iOiJhdXRvIiwicnRsIjoiYXV0byIsImludGVyYWN0aXZlQ29ybmVycyI6ImF1dG8iLCJtYXhEZXB0aCI6ImF1dG8iLCJzaGVldCI6eyJzdGFydFZlbG9jaXR5IjoiYXV0byIsIndhdmUiOiJhdXRvIiwic2hhcGUiOiJhdXRvIiwid2lkdGhUZXhlbHMiOiJhdXRvIiwiY29sb3IiOiJhdXRvIiwic2lkZSI6ImF1dG8iLCJzdHJldGNoSW1hZ2VzIjoiYXV0byIsImNvcm5lckRldmlhdGlvbiI6ImF1dG8iLCJmbGV4aWJpbGl0eSI6ImF1dG8iLCJmbGV4aWJsZUNvcm5lciI6ImF1dG8iLCJiZW5kaW5nIjoiYXV0byIsImhlaWdodFRleGVscyI6ImF1dG8ifSwiY292ZXIiOnsid2F2ZSI6ImF1dG8iLCJjb2xvciI6ImF1dG8iLCJzaWRlIjoiYXV0byIsInN0cmV0Y2hJbWFnZXMiOiJhdXRvIiwiYmluZGVyVGV4dHVyZSI6ImF1dG8iLCJkZXB0aCI6ImF1dG8iLCJwYWRkaW5nIjoiYXV0byIsInN0YXJ0VmVsb2NpdHkiOiJhdXRvIiwiZmxleGliaWxpdHkiOiJhdXRvIiwiZmxleGlibGVDb3JuZXIiOiJhdXRvIiwiYmVuZGluZyI6ImF1dG8iLCJ3aWR0aFRleGVscyI6ImF1dG8iLCJoZWlnaHRUZXhlbHMiOiJhdXRvIiwibWFzcyI6ImF1dG8iLCJzaGFwZSI6ImF1dG8ifSwicGFnZSI6eyJ3YXZlIjoiYXV0byIsImNvbG9yIjoiYXV0byIsInNpZGUiOiJhdXRvIiwic3RyZXRjaEltYWdlcyI6ImF1dG8iLCJkZXB0aCI6ImF1dG8iLCJzdGFydFZlbG9jaXR5IjoiYXV0byIsImZsZXhpYmlsaXR5IjoiYXV0byIsImZsZXhpYmxlQ29ybmVyIjoiYXV0byIsImJlbmRpbmciOiJhdXRvIiwid2lkdGhUZXhlbHMiOiJhdXRvIiwiaGVpZ2h0VGV4ZWxzIjoiYXV0byIsIm1hc3MiOiJhdXRvIiwic2hhcGUiOiJhdXRvIn0sImhlaWdodCI6ImF1dG8iLCJ3aWR0aCI6ImF1dG8iLCJncmF2aXR5IjoiYXV0byIsInBhZ2VzRm9yUHJlZGljdGluZyI6ImF1dG8ifSwiY29udHJvbFByb3BzIjp7ImFjdGlvbnMiOnsiY21kVG9jIjp7ImVuYWJsZWQiOiJhdXRvIiwiZW5hYmxlZEluTmFycm93IjoiYXV0byIsImFjdGl2ZSI6ImF1dG8iLCJkZWZhdWx0VGFiIjoiYXV0byJ9LCJjbWRBdXRvUGxheSI6eyJlbmFibGVkIjoiYXV0byIsImVuYWJsZWRJbk5hcnJvdyI6ImF1dG8iLCJhY3RpdmUiOiJhdXRvIn0sImNtZFNhdmUiOnsiZW5hYmxlZCI6ImF1dG8iLCJlbmFibGVkSW5OYXJyb3ciOiJhdXRvIn0sImNtZFByaW50Ijp7ImVuYWJsZWQiOiJhdXRvIiwiZW5hYmxlZEluTmFycm93IjoiYXV0byJ9LCJjbWRTaW5nbGVQYWdlIjp7ImVuYWJsZWQiOiJhdXRvIiwiZW5hYmxlZEluTmFycm93IjoiYXV0byIsImFjdGl2ZSI6ImF1dG8iLCJhY3RpdmVGb3JNb2JpbGUiOiJhdXRvIn0sIndpZFRvb2xiYXIiOnsiZW5hYmxlZCI6ImF1dG8iLCJlbmFibGVkSW5OYXJyb3ciOiJhdXRvIn19fSwiYXV0b1RodW1ibmFpbCI6bnVsbCwicG9zdF9uYW1lIjoiaGVmdC0yLTIwMjUiLCJwb3N0X3R5cGUiOiIzZC1mbGlwLWJvb2sifX0sInBhZ2VzIjpbXSwiZmlyc3RQYWdlcyI6W119');window.FB3D_CLIENT_LOCALE && FB3D_CLIENT_LOCALE.render && FB3D_CLIENT_LOCALE.render();<\/script>                <\/div>\r\n                <div class=\"d-flex flex-wrap gap-4\">\r\n                    <div class=\"download-button elementor-widget-button elementor-button-primary\">\r\n                        <a href=\"https:\/\/kath-akademie-bayern.de\/wp-content\/uploads\/debatte_2025-2.pdf\" target=\"_blank\" class=\"elementor-button\">Download<\/a>\r\n                    <\/div>\r\n                                            <div class=\"download-button elementor-widget-button elementor-button-primary\">\r\n                            <button class=\"elementor-button d-flex align-items-center gap-3\" type=\"button\" data-bs-toggle=\"collapse\" data-bs-target=\"#modal-debate-heft-2-2025-media-list-69f34af786ce2\" aria-expanded=\"false\" aria-controls=\"modal-debate-heft-2-2025-media-list-69f34af786ce2\">\r\n                                <span class=\"elementor-button-text\">Artikel<\/span>\r\n                                <i class=\"fas fa-chevron-down\" aria-hidden=\"true\"><\/i>\r\n                            <\/button>\r\n                        <\/div>\r\n                                    <\/div>\r\n\r\n                <div class=\"debate-list collapse mt-6\" id=\"modal-debate-heft-2-2025-media-list-69f34af786ce2\" data-bs-parent=\"#latest-debate-list\">\n            <div class=\"debate-list-item\">\n            <div class=\"debate-inner d-flex justify-content-between align-items-center\">\n                <div class=\"debate-list-content\">\n                    <div class=\"debate-excerpt fw-normal\"><\/div>\n                    <div class=\"debate-name w-auto\">\n                        <a href=\"https:\/\/kath-akademie-bayern.de\/en\/mediathek-eintrag\/abends-im-schloss-u20-format-fuer-schuelerinnen-und-schueler\/\" target=\"_blank\">Abends im Schloss U20<\/a>\n                    <\/div>\n                    <div class=\"debate-excerpt\">Format f\u00fcr Sch\u00fclerinnen und Sch\u00fcler<\/div>\n                <\/div>\n\n                <div class=\"debate-icon\">\n                    <a href=\"https:\/\/kath-akademie-bayern.de\/en\/mediathek-eintrag\/abends-im-schloss-u20-format-fuer-schuelerinnen-und-schueler\/\" target=\"_blank\" class=\"elementor-button debate-arrow\">\n                        <span class=\"screen-reader-text\">Download file<\/span>\n                        <i class=\"fas fa-file\" aria-hidden=\"true\"><\/i>\n                    <\/a>\n                <\/div>\n            <\/div>\n        <\/div>\n                    <div class=\"debate-list-item\">\n            <div class=\"debate-inner d-flex justify-content-between align-items-center\">\n                <div class=\"debate-list-content\">\n                    <div class=\"debate-excerpt fw-normal\"><\/div>\n                    <div class=\"debate-name w-auto\">\n                        <a href=\"https:\/\/kath-akademie-bayern.de\/en\/mediathek-eintrag\/ilse-aigner-zu-gast-bei-achim-budde-landtagspraesidentin-in-der-reihe-mittags-im-schloss\/\" target=\"_blank\">Ilse Aigner zu Gast bei Achim Budde<\/a>\n                    <\/div>\n                    <div class=\"debate-excerpt\">Landtagspr\u00e4sidentin in der Reihe Mittags im Schloss<\/div>\n                <\/div>\n\n                <div class=\"debate-icon\">\n                    <a href=\"https:\/\/kath-akademie-bayern.de\/en\/mediathek-eintrag\/ilse-aigner-zu-gast-bei-achim-budde-landtagspraesidentin-in-der-reihe-mittags-im-schloss\/\" target=\"_blank\" class=\"elementor-button debate-arrow\">\n                        <span class=\"screen-reader-text\">Download file<\/span>\n                        <i class=\"fas fa-file\" aria-hidden=\"true\"><\/i>\n                    <\/a>\n                <\/div>\n            <\/div>\n        <\/div>\n                    <div class=\"debate-list-item\">\n            <div class=\"debate-inner d-flex justify-content-between align-items-center\">\n                <div class=\"debate-list-content\">\n                    <div class=\"debate-excerpt fw-normal\"><\/div>\n                    <div class=\"debate-name w-auto\">\n                        <a href=\"https:\/\/kath-akademie-bayern.de\/en\/mediathek-eintrag\/wenn-nichts-fehlt-wo-gott-fehlt-akademiegespraech-der-bundeswehr\/\" target=\"_blank\">Wenn nichts fehlt, wo Gott fehlt<\/a>\n                    <\/div>\n                    <div class=\"debate-excerpt\">Bundeswehr Academy Talk<\/div>\n                <\/div>\n\n                <div class=\"debate-icon\">\n                    <a href=\"https:\/\/kath-akademie-bayern.de\/en\/mediathek-eintrag\/wenn-nichts-fehlt-wo-gott-fehlt-akademiegespraech-der-bundeswehr\/\" target=\"_blank\" class=\"elementor-button debate-arrow\">\n                        <span class=\"screen-reader-text\">Download file<\/span>\n                        <i class=\"fas fa-file\" aria-hidden=\"true\"><\/i>\n                    <\/a>\n                <\/div>\n            <\/div>\n        <\/div>\n                    <div class=\"debate-list-item\">\n            <div class=\"debate-inner d-flex justify-content-between align-items-center\">\n                <div class=\"debate-list-content\">\n                    <div class=\"debate-excerpt fw-normal\"><\/div>\n                    <div class=\"debate-name w-auto\">\n                        <a href=\"https:\/\/kath-akademie-bayern.de\/en\/mediathek-eintrag\/wer-zahlt-die-zeche-ueber-staatsfinanzen-und-generationengerechtigkeit\/\" target=\"_blank\">Who pays the bill?<\/a>\n                    <\/div>\n                    <div class=\"debate-excerpt\">On public finances and intergenerational justice<\/div>\n                <\/div>\n\n                <div class=\"debate-icon\">\n                    <a href=\"https:\/\/kath-akademie-bayern.de\/en\/mediathek-eintrag\/wer-zahlt-die-zeche-ueber-staatsfinanzen-und-generationengerechtigkeit\/\" target=\"_blank\" class=\"elementor-button debate-arrow\">\n                        <span class=\"screen-reader-text\">Download file<\/span>\n                        <i class=\"fas fa-file\" aria-hidden=\"true\"><\/i>\n                    <\/a>\n                <\/div>\n            <\/div>\n        <\/div>\n                    <div class=\"debate-list-item\">\n            <div class=\"debate-inner d-flex justify-content-between align-items-center\">\n                <div class=\"debate-list-content\">\n                    <div class=\"debate-excerpt fw-normal\"><\/div>\n                    <div class=\"debate-name w-auto\">\n                        <a href=\"https:\/\/kath-akademie-bayern.de\/en\/mediathek-eintrag\/rohstoffe-fuer-die-energiewende-veranstaltung-mit-acatech\/\" target=\"_blank\">Raw materials for the energy transition<\/a>\n                    <\/div>\n                    <div class=\"debate-excerpt\">Veranstaltung mit acatech<\/div>\n                <\/div>\n\n                <div class=\"debate-icon\">\n                    <a href=\"https:\/\/kath-akademie-bayern.de\/en\/mediathek-eintrag\/rohstoffe-fuer-die-energiewende-veranstaltung-mit-acatech\/\" target=\"_blank\" class=\"elementor-button debate-arrow\">\n                        <span class=\"screen-reader-text\">Download file<\/span>\n                        <i class=\"fas fa-file\" aria-hidden=\"true\"><\/i>\n                    <\/a>\n                <\/div>\n            <\/div>\n        <\/div>\n                    <div class=\"debate-list-item\">\n            <div class=\"debate-inner d-flex justify-content-between align-items-center\">\n                <div class=\"debate-list-content\">\n                    <div class=\"debate-excerpt fw-normal\"><\/div>\n                    <div class=\"debate-name w-auto\">\n                        <a href=\"https:\/\/kath-akademie-bayern.de\/en\/mediathek-eintrag\/zwischen-shitstorm-und-pfarreifusion-kirche-lernt-ki-kommunikation\/\" target=\"_blank\">Between shitstorm and parish fusion<\/a>\n                    <\/div>\n                    <div class=\"debate-excerpt\">Kirche lernt KI-Kommunikation<\/div>\n                <\/div>\n\n                <div class=\"debate-icon\">\n                    <a href=\"https:\/\/kath-akademie-bayern.de\/en\/mediathek-eintrag\/zwischen-shitstorm-und-pfarreifusion-kirche-lernt-ki-kommunikation\/\" target=\"_blank\" class=\"elementor-button debate-arrow\">\n                        <span class=\"screen-reader-text\">Download file<\/span>\n                        <i class=\"fas fa-file\" aria-hidden=\"true\"><\/i>\n                    <\/a>\n                <\/div>\n            <\/div>\n        <\/div>\n                    <div class=\"debate-list-item\">\n            <div class=\"debate-inner d-flex justify-content-between align-items-center\">\n                <div class=\"debate-list-content\">\n                    <div class=\"debate-excerpt fw-normal\"><\/div>\n                    <div class=\"debate-name w-auto\">\n                        <a href=\"https:\/\/kath-akademie-bayern.de\/en\/mediathek-eintrag\/whats-ancient-about-ancient-philosophy-im-rahmen-des-philosophischen-meisterkurses-2025\/\" target=\"_blank\">What&#8217;s ancient about Ancient Philosophy?<\/a>\n                    <\/div>\n                    <div class=\"debate-excerpt\">Im Rahmen des Philosophischen Meisterkurses 2025<\/div>\n                <\/div>\n\n                <div class=\"debate-icon\">\n                    <a href=\"https:\/\/kath-akademie-bayern.de\/en\/mediathek-eintrag\/whats-ancient-about-ancient-philosophy-im-rahmen-des-philosophischen-meisterkurses-2025\/\" target=\"_blank\" class=\"elementor-button debate-arrow\">\n                        <span class=\"screen-reader-text\">Download file<\/span>\n                        <i class=\"fas fa-file\" aria-hidden=\"true\"><\/i>\n                    <\/a>\n                <\/div>\n            <\/div>\n        <\/div>\n                    <div class=\"debate-list-item\">\n            <div class=\"debate-inner d-flex justify-content-between align-items-center\">\n                <div class=\"debate-list-content\">\n                    <div class=\"debate-excerpt fw-normal\"><\/div>\n                    <div class=\"debate-name w-auto\">\n                        <a href=\"https:\/\/kath-akademie-bayern.de\/en\/mediathek-eintrag\/habemus-papam-online-veranstaltungen-zur-papstwahl-und-leo-xiv\/\" target=\"_blank\">Habemus Papam<\/a>\n                    <\/div>\n                    <div class=\"debate-excerpt\">Online-Veranstaltungen zur Papstwahl und Leo XIV.<\/div>\n                <\/div>\n\n                <div class=\"debate-icon\">\n                    <a href=\"https:\/\/kath-akademie-bayern.de\/en\/mediathek-eintrag\/habemus-papam-online-veranstaltungen-zur-papstwahl-und-leo-xiv\/\" target=\"_blank\" class=\"elementor-button debate-arrow\">\n                        <span class=\"screen-reader-text\">Download file<\/span>\n                        <i class=\"fas fa-file\" aria-hidden=\"true\"><\/i>\n                    <\/a>\n                <\/div>\n            <\/div>\n        <\/div>\n                    <div class=\"debate-list-item\">\n            <div class=\"debate-inner d-flex justify-content-between align-items-center\">\n                <div class=\"debate-list-content\">\n                    <div class=\"debate-excerpt fw-normal\"><\/div>\n                    <div class=\"debate-name w-auto\">\n                        <a href=\"https:\/\/kath-akademie-bayern.de\/en\/mediathek-eintrag\/transformation-vernissage-der-ausstellung-von-werken-alf-lechners\/\" target=\"_blank\">Transformation<\/a>\n                    <\/div>\n                    <div class=\"debate-excerpt\">Vernissage der Ausstellung von Werken Alf Lechners<\/div>\n                <\/div>\n\n                <div class=\"debate-icon\">\n                    <a href=\"https:\/\/kath-akademie-bayern.de\/en\/mediathek-eintrag\/transformation-vernissage-der-ausstellung-von-werken-alf-lechners\/\" target=\"_blank\" class=\"elementor-button debate-arrow\">\n                        <span class=\"screen-reader-text\">Download file<\/span>\n                        <i class=\"fas fa-file\" aria-hidden=\"true\"><\/i>\n                    <\/a>\n                <\/div>\n            <\/div>\n        <\/div>\n                    <div class=\"debate-list-item\">\n            <div class=\"debate-inner d-flex justify-content-between align-items-center\">\n                <div class=\"debate-list-content\">\n                    <div class=\"debate-excerpt fw-normal\"><a href=\"https:\/\/kath-akademie-bayern.de\/en\/referent\/prof-dr-freimut-loeser\/\" target=\"_blank\">L\u00f6ser, Freimut<\/a><\/div>\n                    <div class=\"debate-name w-auto\">\n                        <a href=\"https:\/\/kath-akademie-bayern.de\/en\/mediathek-eintrag\/das-verhaeltnis-von-meister-eckhart-zur-kirche-eine-uebersicht-und-zusammenfassung-aller-vortraege-der-tagung\/\" target=\"_blank\">Das Verh\u00e4ltnis von Meister Eckhart zur Kirche<\/a>\n                    <\/div>\n                    <div class=\"debate-excerpt\">Eine \u00dcbersicht und Zusammenfassung aller Vortr\u00e4ge der Tagung<\/div>\n                <\/div>\n\n                <div class=\"debate-icon\">\n                    <a href=\"https:\/\/kath-akademie-bayern.de\/en\/mediathek-eintrag\/das-verhaeltnis-von-meister-eckhart-zur-kirche-eine-uebersicht-und-zusammenfassung-aller-vortraege-der-tagung\/\" target=\"_blank\" class=\"elementor-button debate-arrow\">\n                        <span class=\"screen-reader-text\">Download file<\/span>\n                        <i class=\"fas fa-file\" aria-hidden=\"true\"><\/i>\n                    <\/a>\n                <\/div>\n            <\/div>\n        <\/div>\n                    <div class=\"debate-list-item\">\n            <div class=\"debate-inner d-flex justify-content-between align-items-center\">\n                <div class=\"debate-list-content\">\n                    <div class=\"debate-excerpt fw-normal\"><\/div>\n                    <div class=\"debate-name w-auto\">\n                        <a href=\"https:\/\/kath-akademie-bayern.de\/en\/mediathek-eintrag\/globale-klimafinanzierung-verantwortung-und-herausforderung-ein-tagungsbericht\/\" target=\"_blank\">Globale Klimafinanzierung: Verantwortung und Herausforderung<\/a>\n                    <\/div>\n                    <div class=\"debate-excerpt\">Ein Tagungsbericht<\/div>\n                <\/div>\n\n                <div class=\"debate-icon\">\n                    <a href=\"https:\/\/kath-akademie-bayern.de\/en\/mediathek-eintrag\/globale-klimafinanzierung-verantwortung-und-herausforderung-ein-tagungsbericht\/\" target=\"_blank\" class=\"elementor-button debate-arrow\">\n                        <span class=\"screen-reader-text\">Download file<\/span>\n                        <i class=\"fas fa-file\" aria-hidden=\"true\"><\/i>\n                    <\/a>\n                <\/div>\n            <\/div>\n        <\/div>\n                    <div class=\"debate-list-item\">\n            <div class=\"debate-inner d-flex justify-content-between align-items-center\">\n                <div class=\"debate-list-content\">\n                    <div class=\"debate-excerpt fw-normal\"><a href=\"https:\/\/kath-akademie-bayern.de\/en\/referent\/prof-dr-florian-egli\/\" target=\"_blank\">Egli, Florian<\/a><\/div>\n                    <div class=\"debate-name w-auto\">\n                        <a href=\"https:\/\/kath-akademie-bayern.de\/en\/mediathek-eintrag\/es-kostet-weniger-doch-niemand-zahlt-wieso-klimafinanzierung-sich-gesellschaftlich-lohnt-und-trotzdem-stockt\/\" target=\"_blank\">Es kostet weniger, doch niemand zahlt<\/a>\n                    <\/div>\n                    <div class=\"debate-excerpt\">Wieso Klimafinanzierung sich gesellschaftlich lohnt und trotzdem stockt<\/div>\n                <\/div>\n\n                <div class=\"debate-icon\">\n                    <a href=\"https:\/\/kath-akademie-bayern.de\/en\/mediathek-eintrag\/es-kostet-weniger-doch-niemand-zahlt-wieso-klimafinanzierung-sich-gesellschaftlich-lohnt-und-trotzdem-stockt\/\" target=\"_blank\" class=\"elementor-button debate-arrow\">\n                        <span class=\"screen-reader-text\">Download file<\/span>\n                        <i class=\"fas fa-file\" aria-hidden=\"true\"><\/i>\n                    <\/a>\n                <\/div>\n            <\/div>\n        <\/div>\n                    <div class=\"debate-list-item\">\n            <div class=\"debate-inner d-flex justify-content-between align-items-center\">\n                <div class=\"debate-list-content\">\n                    <div class=\"debate-excerpt fw-normal\"><a href=\"https:\/\/kath-akademie-bayern.de\/en\/referent\/reinhard-kardinal-marx\/\" target=\"_blank\">Marx, Reinhard<\/a><\/div>\n                    <div class=\"debate-name w-auto\">\n                        <a href=\"https:\/\/kath-akademie-bayern.de\/en\/mediathek-eintrag\/zu-recht-und-gerechtigkeit-gehoeren-freiheit-und-versoehnung-schlusswort-zur-verleihung-des-romano-guardini-preises\/\" target=\"_blank\">Zu Recht und Gerechtigkeit geh\u00f6ren Freiheit und Vers\u00f6hnung<\/a>\n                    <\/div>\n                    <div class=\"debate-excerpt\">Schlusswort zur Verleihung des Romano-Guardini-Preises<\/div>\n                <\/div>\n\n                <div class=\"debate-icon\">\n                    <a href=\"https:\/\/kath-akademie-bayern.de\/en\/mediathek-eintrag\/zu-recht-und-gerechtigkeit-gehoeren-freiheit-und-versoehnung-schlusswort-zur-verleihung-des-romano-guardini-preises\/\" target=\"_blank\" class=\"elementor-button debate-arrow\">\n                        <span class=\"screen-reader-text\">Download file<\/span>\n                        <i class=\"fas fa-file\" aria-hidden=\"true\"><\/i>\n                    <\/a>\n                <\/div>\n            <\/div>\n        <\/div>\n                    <div class=\"debate-list-item\">\n            <div class=\"debate-inner d-flex justify-content-between align-items-center\">\n                <div class=\"debate-list-content\">\n                    <div class=\"debate-excerpt fw-normal\"><a href=\"https:\/\/kath-akademie-bayern.de\/en\/referent\/prof-ddr-angelika-nussberger\/\" target=\"_blank\">Nu\u00dfberger, Angelika<\/a><\/div>\n                    <div class=\"debate-name w-auto\">\n                        <a href=\"https:\/\/kath-akademie-bayern.de\/en\/mediathek-eintrag\/das-ausrufezeichen-hinter-den-menschenrechten-dankesrede-fuer-den-romano-guardini-preis\/\" target=\"_blank\">Das Ausrufezeichen hinter den Menschenrechten<\/a>\n                    <\/div>\n                    <div class=\"debate-excerpt\">Dankesrede f\u00fcr den Romano-Guardini-Preis<\/div>\n                <\/div>\n\n                <div class=\"debate-icon\">\n                    <a href=\"https:\/\/kath-akademie-bayern.de\/en\/mediathek-eintrag\/das-ausrufezeichen-hinter-den-menschenrechten-dankesrede-fuer-den-romano-guardini-preis\/\" target=\"_blank\" class=\"elementor-button debate-arrow\">\n                        <span class=\"screen-reader-text\">Download file<\/span>\n                        <i class=\"fas fa-file\" aria-hidden=\"true\"><\/i>\n                    <\/a>\n                <\/div>\n            <\/div>\n        <\/div>\n                    <div class=\"debate-list-item\">\n            <div class=\"debate-inner d-flex justify-content-between align-items-center\">\n                <div class=\"debate-list-content\">\n                    <div class=\"debate-excerpt fw-normal\"><a href=\"https:\/\/kath-akademie-bayern.de\/en\/referent\/prof-dr-andreas-vosskuhle\/\" target=\"_blank\">Vo\u00dfkuhle, Andreas<\/a><\/div>\n                    <div class=\"debate-name w-auto\">\n                        <a href=\"https:\/\/kath-akademie-bayern.de\/en\/mediathek-eintrag\/eine-powerfrau-die-vor-keiner-herausforderung-zurueckschreckt-laudatio-auf-die-preistraegerin-angelika-nussberger\/\" target=\"_blank\">Eine Powerfrau, die vor keiner Herausforderung zur\u00fcckschreckt<\/a>\n                    <\/div>\n                    <div class=\"debate-excerpt\">Laudatio auf die Preistr\u00e4gerin Angelika Nu\u00dfberger<\/div>\n                <\/div>\n\n                <div class=\"debate-icon\">\n                    <a href=\"https:\/\/kath-akademie-bayern.de\/en\/mediathek-eintrag\/eine-powerfrau-die-vor-keiner-herausforderung-zurueckschreckt-laudatio-auf-die-preistraegerin-angelika-nussberger\/\" target=\"_blank\" class=\"elementor-button debate-arrow\">\n                        <span class=\"screen-reader-text\">Download file<\/span>\n                        <i class=\"fas fa-file\" aria-hidden=\"true\"><\/i>\n                    <\/a>\n                <\/div>\n            <\/div>\n        <\/div>\n                    <div class=\"debate-list-item\">\n            <div class=\"debate-inner d-flex justify-content-between align-items-center\">\n                <div class=\"debate-list-content\">\n                    <div class=\"debate-excerpt fw-normal\"><a href=\"https:\/\/kath-akademie-bayern.de\/en\/referent\/joachim-herrmann-mdl\/\" target=\"_blank\">Herrmann MdL, Joachim<\/a><\/div>\n                    <div class=\"debate-name w-auto\">\n                        <a href=\"https:\/\/kath-akademie-bayern.de\/en\/mediathek-eintrag\/mit-messerscharfem-sachverstand-und-entwaffnender-herzlichkeit\/\" target=\"_blank\">Mit messerscharfem Sachverstand und entwaffnender Herzlichkeit<\/a>\n                    <\/div>\n                    <div class=\"debate-excerpt\"><\/div>\n                <\/div>\n\n                <div class=\"debate-icon\">\n                    <a href=\"https:\/\/kath-akademie-bayern.de\/en\/mediathek-eintrag\/mit-messerscharfem-sachverstand-und-entwaffnender-herzlichkeit\/\" target=\"_blank\" class=\"elementor-button debate-arrow\">\n                        <span class=\"screen-reader-text\">Download file<\/span>\n                        <i class=\"fas fa-file\" aria-hidden=\"true\"><\/i>\n                    <\/a>\n                <\/div>\n            <\/div>\n        <\/div>\n                    <div class=\"debate-list-item\">\n            <div class=\"debate-inner d-flex justify-content-between align-items-center\">\n                <div class=\"debate-list-content\">\n                    <div class=\"debate-excerpt fw-normal\"><a href=\"https:\/\/kath-akademie-bayern.de\/en\/referent\/pd-dr-achim-budde-2\/\" target=\"_blank\">Budde, Achim<\/a><\/div>\n                    <div class=\"debate-name w-auto\">\n                        <a href=\"https:\/\/kath-akademie-bayern.de\/en\/mediathek-eintrag\/verdient-auf-allen-ebenen-begruessung-und-einfuehrung-zur-verleihung-des-romano-guardini-preises-2024\/\" target=\"_blank\">Verdient auf allen Ebenen<\/a>\n                    <\/div>\n                    <div class=\"debate-excerpt\">Begr\u00fc\u00dfung und Einf\u00fchrung zur Verleihung des Romano-Guardini-Preises 2024<\/div>\n                <\/div>\n\n                <div class=\"debate-icon\">\n                    <a href=\"https:\/\/kath-akademie-bayern.de\/en\/mediathek-eintrag\/verdient-auf-allen-ebenen-begruessung-und-einfuehrung-zur-verleihung-des-romano-guardini-preises-2024\/\" target=\"_blank\" class=\"elementor-button debate-arrow\">\n                        <span class=\"screen-reader-text\">Download file<\/span>\n                        <i class=\"fas fa-file\" aria-hidden=\"true\"><\/i>\n                    <\/a>\n                <\/div>\n            <\/div>\n        <\/div>\n            <\/div>\n            <\/div>\r\n        <\/div>\r\n    <\/div>\r\n<\/div>\r\n        <\/div>\r\n    <\/div>\r\n<\/div>\r\n<div class=\"debate-list-item\">\r\n    <div class=\"debate-inner d-flex justify-content-between align-items-center\">\r\n        <div class=\"debate-list-content\">\r\n            <div class=\"preview-icon\"><img decoding=\"async\" src=\"https:\/\/kath-akademie-bayern.de\/wp-content\/uploads\/Titebild_debatte_2025-1-362x512.png\" alt=\"\" title=\"Titebild_debatte_2025-1\" \/><\/div>            <div class=\"debate-name\">\r\n                <a href=\"https:\/\/kath-akademie-bayern.de\/wp-content\/uploads\/debatte_2025-1.pdf\" target=\"_blank\">Heft 1\/2025 <\/a>\r\n            <\/div>\r\n            <div class=\"debate-excerpt\">Lieferketten & Verantwortung<\/div>\r\n        <\/div>\r\n        <div class=\"debate-icon\">\r\n            <button data-bs-toggle=\"modal\" data-bs-target=\"#modal-debate-heft-1-2025\" class=\"elementor-button debate-arrow\">\r\n                <span class=\"screen-reader-text\">View debate<\/span>\r\n                <i class=\"fal fa-arrows fa-rotate-45\" aria-hidden=\"true\"><\/i>\r\n            <\/button>\r\n\r\n                        <div class=\"modal fade\" id=\"modal-debate-heft-1-2025\" tabindex=\"-1\" aria-hidden=\"true\">\r\n    <button type=\"button\" class=\"modal-close\" data-bs-dismiss=\"modal\" aria-label=\"Close\">\r\n        <span class=\"screen-reader-text\">Close<\/span>\r\n        <i class=\"fas fa-times\" aria-hidden=\"true\"><\/i>\r\n    <\/button>\r\n\r\n    <div class=\"modal-dialog modal-dialog-centered\">\r\n        <div class=\"modal-content\">\r\n            <div class=\"modal-body\">\r\n                <div class=\"image-wrapper\">\r\n                    <div class=\"_3d-flip-book  fb3d-fullscreen-mode full-size\" data-id=\"103933\" data-mode=\"fullscreen\" data-title=\"false\" data-template=\"short-white-book-view\" data-lightbox=\"dark-shadow\" data-urlparam=\"fb3d-page\" data-page-n=\"0\" data-pdf=\"\" data-tax=\"null\" data-thumbnail=\"\" data-cols=\"3\" data-book-template=\"default\" data-trigger=\"\"><\/div><script type=\"text\/javascript\">window.FB3D_CLIENT_DATA = window.FB3D_CLIENT_DATA || [];FB3D_CLIENT_DATA.push('eyJwb3N0cyI6eyIxMDM5MzMiOnsiSUQiOjEwMzkzMywidGl0bGUiOiJIZWZ0IDFcLzIwMjUiLCJ0eXBlIjoicGRmIiwicmVhZHlfZnVuY3Rpb24iOiIiLCJib29rX3N0eWxlIjoidm9sdW1lIiwiYm9va190ZW1wbGF0ZSI6Im5vbmUiLCJvdXRsaW5lIjpbXSwiZGF0YSI6eyJwb3N0X0lEIjoiMTAyOTY0IiwiZ3VpZCI6Imh0dHBzOlwvXC9rYXRoLWFrYWRlbWllLWJheWVybi5kZVwvd3AtY29udGVudFwvdXBsb2Fkc1wvZGViYXR0ZV8yMDI1LTEucGRmIiwicGRmX3BhZ2VzIjoiOTEiLCJwYWdlc19jdXN0b21pemF0aW9uIjoibm9uZSJ9LCJ0aHVtYm5haWwiOnsiZGF0YSI6eyJwb3N0X0lEIjoiMTAyOTY1In0sInR5cGUiOiJtZWRpYUltYWdlIn0sInByb3BzIjp7ImJhY2tncm91bmRDb2xvciI6ImF1dG8iLCJiYWNrZ3JvdW5kSW1hZ2UiOiJhdXRvIiwiYmFja2dyb3VuZFN0eWxlIjoiYXV0byIsImhpZ2hsaWdodExpbmtzIjoiYXV0byIsImxpZ2h0aW5nIjoiYXV0byIsInNpbmdsZVBhZ2VNb2RlIjoiYXV0byIsImNhY2hlZFBhZ2VzIjoiYXV0byIsInJlbmRlckluYWN0aXZlUGFnZXMiOiJhdXRvIiwicmVuZGVySW5hY3RpdmVQYWdlc09uTW9iaWxlIjoiYXV0byIsInJlbmRlcldoaWxlRmxpcHBpbmciOiJhdXRvIiwicHJlbG9hZFBhZ2VzIjoiYXV0byIsImF1dG9QbGF5RHVyYXRpb24iOiJhdXRvIiwicnRsIjoiYXV0byIsImludGVyYWN0aXZlQ29ybmVycyI6ImF1dG8iLCJtYXhEZXB0aCI6ImF1dG8iLCJzaGVldCI6eyJzdGFydFZlbG9jaXR5IjoiYXV0byIsIndhdmUiOiJhdXRvIiwic2hhcGUiOiJhdXRvIiwid2lkdGhUZXhlbHMiOiJhdXRvIiwiY29sb3IiOiJhdXRvIiwic2lkZSI6ImF1dG8iLCJzdHJldGNoSW1hZ2VzIjoiYXV0byIsImNvcm5lckRldmlhdGlvbiI6ImF1dG8iLCJmbGV4aWJpbGl0eSI6ImF1dG8iLCJmbGV4aWJsZUNvcm5lciI6ImF1dG8iLCJiZW5kaW5nIjoiYXV0byIsImhlaWdodFRleGVscyI6ImF1dG8ifSwiY292ZXIiOnsid2F2ZSI6ImF1dG8iLCJjb2xvciI6ImF1dG8iLCJzaWRlIjoiYXV0byIsInN0cmV0Y2hJbWFnZXMiOiJhdXRvIiwiYmluZGVyVGV4dHVyZSI6ImF1dG8iLCJkZXB0aCI6ImF1dG8iLCJwYWRkaW5nIjoiYXV0byIsInN0YXJ0VmVsb2NpdHkiOiJhdXRvIiwiZmxleGliaWxpdHkiOiJhdXRvIiwiZmxleGlibGVDb3JuZXIiOiJhdXRvIiwiYmVuZGluZyI6ImF1dG8iLCJ3aWR0aFRleGVscyI6ImF1dG8iLCJoZWlnaHRUZXhlbHMiOiJhdXRvIiwibWFzcyI6ImF1dG8iLCJzaGFwZSI6ImF1dG8ifSwicGFnZSI6eyJ3YXZlIjoiYXV0byIsImNvbG9yIjoiYXV0byIsInNpZGUiOiJhdXRvIiwic3RyZXRjaEltYWdlcyI6ImF1dG8iLCJkZXB0aCI6ImF1dG8iLCJzdGFydFZlbG9jaXR5IjoiYXV0byIsImZsZXhpYmlsaXR5IjoiYXV0byIsImZsZXhpYmxlQ29ybmVyIjoiYXV0byIsImJlbmRpbmciOiJhdXRvIiwid2lkdGhUZXhlbHMiOiJhdXRvIiwiaGVpZ2h0VGV4ZWxzIjoiYXV0byIsIm1hc3MiOiJhdXRvIiwic2hhcGUiOiJhdXRvIn0sImhlaWdodCI6ImF1dG8iLCJ3aWR0aCI6ImF1dG8iLCJncmF2aXR5IjoiYXV0byIsInBhZ2VzRm9yUHJlZGljdGluZyI6ImF1dG8ifSwiY29udHJvbFByb3BzIjp7ImFjdGlvbnMiOnsiY21kVG9jIjp7ImVuYWJsZWQiOiJhdXRvIiwiZW5hYmxlZEluTmFycm93IjoiYXV0byIsImFjdGl2ZSI6ImF1dG8iLCJkZWZhdWx0VGFiIjoiYXV0byJ9LCJjbWRBdXRvUGxheSI6eyJlbmFibGVkIjoiYXV0byIsImVuYWJsZWRJbk5hcnJvdyI6ImF1dG8iLCJhY3RpdmUiOiJhdXRvIn0sImNtZFNhdmUiOnsiZW5hYmxlZCI6ImF1dG8iLCJlbmFibGVkSW5OYXJyb3ciOiJhdXRvIn0sImNtZFByaW50Ijp7ImVuYWJsZWQiOiJhdXRvIiwiZW5hYmxlZEluTmFycm93IjoiYXV0byJ9LCJjbWRTaW5nbGVQYWdlIjp7ImVuYWJsZWQiOiJhdXRvIiwiZW5hYmxlZEluTmFycm93IjoiYXV0byIsImFjdGl2ZSI6ImF1dG8iLCJhY3RpdmVGb3JNb2JpbGUiOiJhdXRvIn0sIndpZFRvb2xiYXIiOnsiZW5hYmxlZCI6ImF1dG8iLCJlbmFibGVkSW5OYXJyb3ciOiJhdXRvIn19fSwiYXV0b1RodW1ibmFpbCI6bnVsbCwicG9zdF9uYW1lIjoiaGVmdC0xLTIwMjUiLCJwb3N0X3R5cGUiOiIzZC1mbGlwLWJvb2sifX0sInBhZ2VzIjpbXSwiZmlyc3RQYWdlcyI6W119');window.FB3D_CLIENT_LOCALE && FB3D_CLIENT_LOCALE.render && FB3D_CLIENT_LOCALE.render();<\/script>                <\/div>\r\n                <div class=\"d-flex flex-wrap gap-4\">\r\n                    <div class=\"download-button elementor-widget-button elementor-button-primary\">\r\n                        <a href=\"https:\/\/kath-akademie-bayern.de\/wp-content\/uploads\/debatte_2025-1.pdf\" target=\"_blank\" class=\"elementor-button\">Download<\/a>\r\n                    <\/div>\r\n                                            <div class=\"download-button elementor-widget-button elementor-button-primary\">\r\n                            <button class=\"elementor-button d-flex align-items-center gap-3\" type=\"button\" data-bs-toggle=\"collapse\" data-bs-target=\"#modal-debate-heft-1-2025-media-list-69f34af79ec6b\" aria-expanded=\"false\" aria-controls=\"modal-debate-heft-1-2025-media-list-69f34af79ec6b\">\r\n                                <span class=\"elementor-button-text\">Artikel<\/span>\r\n                                <i class=\"fas fa-chevron-down\" aria-hidden=\"true\"><\/i>\r\n                            <\/button>\r\n                        <\/div>\r\n                                    <\/div>\r\n\r\n                <div class=\"debate-list collapse mt-6\" id=\"modal-debate-heft-1-2025-media-list-69f34af79ec6b\" data-bs-parent=\"#latest-debate-list\">\n            <div class=\"debate-list-item\">\n            <div class=\"debate-inner d-flex justify-content-between align-items-center\">\n                <div class=\"debate-list-content\">\n                    <div class=\"debate-excerpt fw-normal\"><\/div>\n                    <div class=\"debate-name w-auto\">\n                        <a href=\"https:\/\/kath-akademie-bayern.de\/en\/mediathek-eintrag\/die-sozial-oekologische-transformation-als-chance-fuer-wirtschaft-und-unternehmen-begreifen-2\/\" target=\"_blank\">The socio-ecological transformation<\/a>\n                    <\/div>\n                    <div class=\"debate-excerpt\">- als Chance f\u00fcr Wirtschaft und Unternehmen begreifen<\/div>\n                <\/div>\n\n                <div class=\"debate-icon\">\n                    <a href=\"https:\/\/kath-akademie-bayern.de\/en\/mediathek-eintrag\/die-sozial-oekologische-transformation-als-chance-fuer-wirtschaft-und-unternehmen-begreifen-2\/\" target=\"_blank\" class=\"elementor-button debate-arrow\">\n                        <span class=\"screen-reader-text\">Download file<\/span>\n                        <i class=\"fas fa-file\" aria-hidden=\"true\"><\/i>\n                    <\/a>\n                <\/div>\n            <\/div>\n        <\/div>\n                    <div class=\"debate-list-item\">\n            <div class=\"debate-inner d-flex justify-content-between align-items-center\">\n                <div class=\"debate-list-content\">\n                    <div class=\"debate-excerpt fw-normal\"><\/div>\n                    <div class=\"debate-name w-auto\">\n                        <a href=\"https:\/\/kath-akademie-bayern.de\/en\/mediathek-eintrag\/depression-und-suizidalitaet-akademiegespraech-der-bundeswehr\/\" target=\"_blank\">Depression und Suizidalit\u00e4t<\/a>\n                    <\/div>\n                    <div class=\"debate-excerpt\">Bundeswehr Academy Talk<\/div>\n                <\/div>\n\n                <div class=\"debate-icon\">\n                    <a href=\"https:\/\/kath-akademie-bayern.de\/en\/mediathek-eintrag\/depression-und-suizidalitaet-akademiegespraech-der-bundeswehr\/\" target=\"_blank\" class=\"elementor-button debate-arrow\">\n                        <span class=\"screen-reader-text\">Download file<\/span>\n                        <i class=\"fas fa-file\" aria-hidden=\"true\"><\/i>\n                    <\/a>\n                <\/div>\n            <\/div>\n        <\/div>\n                    <div class=\"debate-list-item\">\n            <div class=\"debate-inner d-flex justify-content-between align-items-center\">\n                <div class=\"debate-list-content\">\n                    <div class=\"debate-excerpt fw-normal\"><\/div>\n                    <div class=\"debate-name w-auto\">\n                        <a href=\"https:\/\/kath-akademie-bayern.de\/en\/mediathek-eintrag\/theologisches-terzett-zu-gast-friedrich-wilhelm-graf\/\" target=\"_blank\">Theological trio<\/a>\n                    <\/div>\n                    <div class=\"debate-excerpt\">Guest: Friedrich Wilhelm Graf<\/div>\n                <\/div>\n\n                <div class=\"debate-icon\">\n                    <a href=\"https:\/\/kath-akademie-bayern.de\/en\/mediathek-eintrag\/theologisches-terzett-zu-gast-friedrich-wilhelm-graf\/\" target=\"_blank\" class=\"elementor-button debate-arrow\">\n                        <span class=\"screen-reader-text\">Download file<\/span>\n                        <i class=\"fas fa-file\" aria-hidden=\"true\"><\/i>\n                    <\/a>\n                <\/div>\n            <\/div>\n        <\/div>\n                    <div class=\"debate-list-item\">\n            <div class=\"debate-inner d-flex justify-content-between align-items-center\">\n                <div class=\"debate-list-content\">\n                    <div class=\"debate-excerpt fw-normal\"><\/div>\n                    <div class=\"debate-name w-auto\">\n                        <a href=\"https:\/\/kath-akademie-bayern.de\/en\/mediathek-eintrag\/der-oekologische-fussabdruck-der-digitalisierung-digitaler-salon-2024\/\" target=\"_blank\">The ecological footprint of digitalisation<\/a>\n                    <\/div>\n                    <div class=\"debate-excerpt\">Digitaler Salon 2024<\/div>\n                <\/div>\n\n                <div class=\"debate-icon\">\n                    <a href=\"https:\/\/kath-akademie-bayern.de\/en\/mediathek-eintrag\/der-oekologische-fussabdruck-der-digitalisierung-digitaler-salon-2024\/\" target=\"_blank\" class=\"elementor-button debate-arrow\">\n                        <span class=\"screen-reader-text\">Download file<\/span>\n                        <i class=\"fas fa-file\" aria-hidden=\"true\"><\/i>\n                    <\/a>\n                <\/div>\n            <\/div>\n        <\/div>\n                    <div class=\"debate-list-item\">\n            <div class=\"debate-inner d-flex justify-content-between align-items-center\">\n                <div class=\"debate-list-content\">\n                    <div class=\"debate-excerpt fw-normal\"><\/div>\n                    <div class=\"debate-name w-auto\">\n                        <a href=\"https:\/\/kath-akademie-bayern.de\/en\/mediathek-eintrag\/zwischen-innovation-und-ethik-der-einsatz-von-kuenstlicher-intelligenz-in-den-medien\/\" target=\"_blank\">Between innovation and ethics<\/a>\n                    <\/div>\n                    <div class=\"debate-excerpt\">Der Einsatz von K\u00fcnstlicher Intelligenz in den Medien<\/div>\n                <\/div>\n\n                <div class=\"debate-icon\">\n                    <a href=\"https:\/\/kath-akademie-bayern.de\/en\/mediathek-eintrag\/zwischen-innovation-und-ethik-der-einsatz-von-kuenstlicher-intelligenz-in-den-medien\/\" target=\"_blank\" class=\"elementor-button debate-arrow\">\n                        <span class=\"screen-reader-text\">Download file<\/span>\n                        <i class=\"fas fa-file\" aria-hidden=\"true\"><\/i>\n                    <\/a>\n                <\/div>\n            <\/div>\n        <\/div>\n                    <div class=\"debate-list-item\">\n            <div class=\"debate-inner d-flex justify-content-between align-items-center\">\n                <div class=\"debate-list-content\">\n                    <div class=\"debate-excerpt fw-normal\"><\/div>\n                    <div class=\"debate-name w-auto\">\n                        <a href=\"https:\/\/kath-akademie-bayern.de\/en\/mediathek-eintrag\/keine-kirche-der-zukunft-der-kirche-ohne-kunst-oekumenischer-kunstempfang\/\" target=\"_blank\">Keine Kirche der Zukunft der Kirche ohne Kunst<\/a>\n                    <\/div>\n                    <div class=\"debate-excerpt\">Ecumenical art reception<\/div>\n                <\/div>\n\n                <div class=\"debate-icon\">\n                    <a href=\"https:\/\/kath-akademie-bayern.de\/en\/mediathek-eintrag\/keine-kirche-der-zukunft-der-kirche-ohne-kunst-oekumenischer-kunstempfang\/\" target=\"_blank\" class=\"elementor-button debate-arrow\">\n                        <span class=\"screen-reader-text\">Download file<\/span>\n                        <i class=\"fas fa-file\" aria-hidden=\"true\"><\/i>\n                    <\/a>\n                <\/div>\n            <\/div>\n        <\/div>\n                    <div class=\"debate-list-item\">\n            <div class=\"debate-inner d-flex justify-content-between align-items-center\">\n                <div class=\"debate-list-content\">\n                    <div class=\"debate-excerpt fw-normal\"><\/div>\n                    <div class=\"debate-name w-auto\">\n                        <a href=\"https:\/\/kath-akademie-bayern.de\/en\/mediathek-eintrag\/journalistenadvent-palaeopathologe-spricht-ueber-wilhelm-von-jordan\/\" target=\"_blank\">Journalistenadvent<\/a>\n                    <\/div>\n                    <div class=\"debate-excerpt\">Pal\u00e4opathologe spricht \u00fcber Wilhelm von Jordan<\/div>\n                <\/div>\n\n                <div class=\"debate-icon\">\n                    <a href=\"https:\/\/kath-akademie-bayern.de\/en\/mediathek-eintrag\/journalistenadvent-palaeopathologe-spricht-ueber-wilhelm-von-jordan\/\" target=\"_blank\" class=\"elementor-button debate-arrow\">\n                        <span class=\"screen-reader-text\">Download file<\/span>\n                        <i class=\"fas fa-file\" aria-hidden=\"true\"><\/i>\n                    <\/a>\n                <\/div>\n            <\/div>\n        <\/div>\n                    <div class=\"debate-list-item\">\n            <div class=\"debate-inner d-flex justify-content-between align-items-center\">\n                <div class=\"debate-list-content\">\n                    <div class=\"debate-excerpt fw-normal\"><a href=\"https:\/\/kath-akademie-bayern.de\/en\/referent\/martin-allerchen\/\" target=\"_blank\">Allerchen, Martin<\/a><\/div>\n                    <div class=\"debate-name w-auto\">\n                        <a href=\"https:\/\/kath-akademie-bayern.de\/en\/mediathek-eintrag\/das-lieferkettensorgfaltspflichtengesetz-erste-erfahrungen-und-umgang-in-der-praxis\/\" target=\"_blank\">Das Lieferkettensorgfaltspflichtengesetz &#8211; erste Erfahrungen und Umgang in der Praxis<\/a>\n                    <\/div>\n                    <div class=\"debate-excerpt\"><\/div>\n                <\/div>\n\n                <div class=\"debate-icon\">\n                    <a href=\"https:\/\/kath-akademie-bayern.de\/en\/mediathek-eintrag\/das-lieferkettensorgfaltspflichtengesetz-erste-erfahrungen-und-umgang-in-der-praxis\/\" target=\"_blank\" class=\"elementor-button debate-arrow\">\n                        <span class=\"screen-reader-text\">Download file<\/span>\n                        <i class=\"fas fa-file\" aria-hidden=\"true\"><\/i>\n                    <\/a>\n                <\/div>\n            <\/div>\n        <\/div>\n                    <div class=\"debate-list-item\">\n            <div class=\"debate-inner d-flex justify-content-between align-items-center\">\n                <div class=\"debate-list-content\">\n                    <div class=\"debate-excerpt fw-normal\"><a href=\"https:\/\/kath-akademie-bayern.de\/en\/referent\/dr-eva-katharina-donner\/\" target=\"_blank\">Donner, Eva Katharina<\/a> | <a href=\"https:\/\/kath-akademie-bayern.de\/en\/referent\/dr-annekatrin-meissner\/\" target=\"_blank\">Mei\u00dfner, Annekatrin<\/a><\/div>\n                    <div class=\"debate-name w-auto\">\n                        <a href=\"https:\/\/kath-akademie-bayern.de\/en\/mediathek-eintrag\/lieferkettengesetze-und-unternehmerische-verantwortung\/\" target=\"_blank\">Supply chain laws and corporate responsibility<\/a>\n                    <\/div>\n                    <div class=\"debate-excerpt\"><\/div>\n                <\/div>\n\n                <div class=\"debate-icon\">\n                    <a href=\"https:\/\/kath-akademie-bayern.de\/en\/mediathek-eintrag\/lieferkettengesetze-und-unternehmerische-verantwortung\/\" target=\"_blank\" class=\"elementor-button debate-arrow\">\n                        <span class=\"screen-reader-text\">Download file<\/span>\n                        <i class=\"fas fa-file\" aria-hidden=\"true\"><\/i>\n                    <\/a>\n                <\/div>\n            <\/div>\n        <\/div>\n                    <div class=\"debate-list-item\">\n            <div class=\"debate-inner d-flex justify-content-between align-items-center\">\n                <div class=\"debate-list-content\">\n                    <div class=\"debate-excerpt fw-normal\"><a href=\"https:\/\/kath-akademie-bayern.de\/en\/referent\/prof-dr-michael-stuerner\/\" target=\"_blank\">St\u00fcrner, Michael<\/a><\/div>\n                    <div class=\"debate-name w-auto\">\n                        <a href=\"https:\/\/kath-akademie-bayern.de\/en\/mediathek-eintrag\/lieferkettenregulierungen-empirische-evidenz-und-wirtschaftspolitische-implikationen-2\/\" target=\"_blank\">Lieferkettenregulierungen: empirische Evidenz und wirtschaftspolitische Implikationen<\/a>\n                    <\/div>\n                    <div class=\"debate-excerpt\"><\/div>\n                <\/div>\n\n                <div class=\"debate-icon\">\n                    <a href=\"https:\/\/kath-akademie-bayern.de\/en\/mediathek-eintrag\/lieferkettenregulierungen-empirische-evidenz-und-wirtschaftspolitische-implikationen-2\/\" target=\"_blank\" class=\"elementor-button debate-arrow\">\n                        <span class=\"screen-reader-text\">Download file<\/span>\n                        <i class=\"fas fa-file\" aria-hidden=\"true\"><\/i>\n                    <\/a>\n                <\/div>\n            <\/div>\n        <\/div>\n                    <div class=\"debate-list-item\">\n            <div class=\"debate-inner d-flex justify-content-between align-items-center\">\n                <div class=\"debate-list-content\">\n                    <div class=\"debate-excerpt fw-normal\"><a href=\"https:\/\/kath-akademie-bayern.de\/en\/referent\/dr-verena-rauen\/\" target=\"_blank\">Rauen, Verena<\/a><\/div>\n                    <div class=\"debate-name w-auto\">\n                        <a href=\"https:\/\/kath-akademie-bayern.de\/en\/mediathek-eintrag\/lieferkettenregulierung-als-element-der-systemverantwortung\/\" target=\"_blank\">Lieferkettenregulierung als Element der Systemverantwortung<\/a>\n                    <\/div>\n                    <div class=\"debate-excerpt\"><\/div>\n                <\/div>\n\n                <div class=\"debate-icon\">\n                    <a href=\"https:\/\/kath-akademie-bayern.de\/en\/mediathek-eintrag\/lieferkettenregulierung-als-element-der-systemverantwortung\/\" target=\"_blank\" class=\"elementor-button debate-arrow\">\n                        <span class=\"screen-reader-text\">Download file<\/span>\n                        <i class=\"fas fa-file\" aria-hidden=\"true\"><\/i>\n                    <\/a>\n                <\/div>\n            <\/div>\n        <\/div>\n                    <div class=\"debate-list-item\">\n            <div class=\"debate-inner d-flex justify-content-between align-items-center\">\n                <div class=\"debate-list-content\">\n                    <div class=\"debate-excerpt fw-normal\"><a href=\"https:\/\/kath-akademie-bayern.de\/en\/referent\/prof-dr-dr-patricia-wiater\/\" target=\"_blank\">Wiater, Patricia<\/a><\/div>\n                    <div class=\"debate-name w-auto\">\n                        <a href=\"https:\/\/kath-akademie-bayern.de\/en\/mediathek-eintrag\/kommentar-zu-friendshoring-von-torheiten-trugschluessen-und-tretminen\/\" target=\"_blank\">Kommentar zu Friendshoring: Von Torheiten, Trugschl\u00fcssen und Tretminen<\/a>\n                    <\/div>\n                    <div class=\"debate-excerpt\"><\/div>\n                <\/div>\n\n                <div class=\"debate-icon\">\n                    <a href=\"https:\/\/kath-akademie-bayern.de\/en\/mediathek-eintrag\/kommentar-zu-friendshoring-von-torheiten-trugschluessen-und-tretminen\/\" target=\"_blank\" class=\"elementor-button debate-arrow\">\n                        <span class=\"screen-reader-text\">Download file<\/span>\n                        <i class=\"fas fa-file\" aria-hidden=\"true\"><\/i>\n                    <\/a>\n                <\/div>\n            <\/div>\n        <\/div>\n                    <div class=\"debate-list-item\">\n            <div class=\"debate-inner d-flex justify-content-between align-items-center\">\n                <div class=\"debate-list-content\">\n                    <div class=\"debate-excerpt fw-normal\"><a href=\"https:\/\/kath-akademie-bayern.de\/en\/referent\/dr-eric-meyer\/\" target=\"_blank\">Meyer, Eric<\/a><\/div>\n                    <div class=\"debate-name w-auto\">\n                        <a href=\"https:\/\/kath-akademie-bayern.de\/en\/mediathek-eintrag\/friendshoring-nearshoring-was-bestimmt-unternehmerische-handels-und-investitionsentscheidungen\/\" target=\"_blank\">Friendshoring, Nearshoring &#8211; Was bestimmt unternehmerische Handels- und Investitionsentscheidungen?<\/a>\n                    <\/div>\n                    <div class=\"debate-excerpt\"><\/div>\n                <\/div>\n\n                <div class=\"debate-icon\">\n                    <a href=\"https:\/\/kath-akademie-bayern.de\/en\/mediathek-eintrag\/friendshoring-nearshoring-was-bestimmt-unternehmerische-handels-und-investitionsentscheidungen\/\" target=\"_blank\" class=\"elementor-button debate-arrow\">\n                        <span class=\"screen-reader-text\">Download file<\/span>\n                        <i class=\"fas fa-file\" aria-hidden=\"true\"><\/i>\n                    <\/a>\n                <\/div>\n            <\/div>\n        <\/div>\n                    <div class=\"debate-list-item\">\n            <div class=\"debate-inner d-flex justify-content-between align-items-center\">\n                <div class=\"debate-list-content\">\n                    <div class=\"debate-excerpt fw-normal\"><a href=\"https:\/\/kath-akademie-bayern.de\/en\/referent\/pd-dr-laura-mahrenbach\/\" target=\"_blank\">Mahrenbach, Laura<\/a><\/div>\n                    <div class=\"debate-name w-auto\">\n                        <a href=\"https:\/\/kath-akademie-bayern.de\/en\/mediathek-eintrag\/kontinuitaet-und-wandel-im-geopolitischen-kontext\/\" target=\"_blank\">Kontinuit\u00e4t und Wandel im geopolitischen Kontext<\/a>\n                    <\/div>\n                    <div class=\"debate-excerpt\"><\/div>\n                <\/div>\n\n                <div class=\"debate-icon\">\n                    <a href=\"https:\/\/kath-akademie-bayern.de\/en\/mediathek-eintrag\/kontinuitaet-und-wandel-im-geopolitischen-kontext\/\" target=\"_blank\" class=\"elementor-button debate-arrow\">\n                        <span class=\"screen-reader-text\">Download file<\/span>\n                        <i class=\"fas fa-file\" aria-hidden=\"true\"><\/i>\n                    <\/a>\n                <\/div>\n            <\/div>\n        <\/div>\n                    <div class=\"debate-list-item\">\n            <div class=\"debate-inner d-flex justify-content-between align-items-center\">\n                <div class=\"debate-list-content\">\n                    <div class=\"debate-excerpt fw-normal\"><a href=\"https:\/\/kath-akademie-bayern.de\/en\/referent\/prof-dr-gerhard-kruip\/\" target=\"_blank\">Kruip, Gerhard<\/a><\/div>\n                    <div class=\"debate-name w-auto\">\n                        <a href=\"https:\/\/kath-akademie-bayern.de\/en\/mediathek-eintrag\/globale-gerechtigkeit-als-grundlage-fuer-die-gestaltung-internationaler-wirtschaftsbeziehungen\/\" target=\"_blank\">Globale Gerechtigkeit als Grundlage f\u00fcr die Gestaltung internationaler Wirtschaftsbeziehungen<\/a>\n                    <\/div>\n                    <div class=\"debate-excerpt\"><\/div>\n                <\/div>\n\n                <div class=\"debate-icon\">\n                    <a href=\"https:\/\/kath-akademie-bayern.de\/en\/mediathek-eintrag\/globale-gerechtigkeit-als-grundlage-fuer-die-gestaltung-internationaler-wirtschaftsbeziehungen\/\" target=\"_blank\" class=\"elementor-button debate-arrow\">\n                        <span class=\"screen-reader-text\">Download file<\/span>\n                        <i class=\"fas fa-file\" aria-hidden=\"true\"><\/i>\n                    <\/a>\n                <\/div>\n            <\/div>\n        <\/div>\n                    <div class=\"debate-list-item\">\n            <div class=\"debate-inner d-flex justify-content-between align-items-center\">\n                <div class=\"debate-list-content\">\n                    <div class=\"debate-excerpt fw-normal\"><a href=\"https:\/\/kath-akademie-bayern.de\/en\/referent\/prof-dr-markus-vogt\/\" target=\"_blank\">Vogt, Markus<\/a><\/div>\n                    <div class=\"debate-name w-auto\">\n                        <a href=\"https:\/\/kath-akademie-bayern.de\/en\/mediathek-eintrag\/quantensprung-in-der-forschung-biocomputing-bringt-auch-philosophische-herausforderungen-mit-sich\/\" target=\"_blank\">Quantensprung in der Forschung<\/a>\n                    <\/div>\n                    <div class=\"debate-excerpt\">Biocomputing bringt auch philosophische Herausforderungen mit sich<\/div>\n                <\/div>\n\n                <div class=\"debate-icon\">\n                    <a href=\"https:\/\/kath-akademie-bayern.de\/en\/mediathek-eintrag\/quantensprung-in-der-forschung-biocomputing-bringt-auch-philosophische-herausforderungen-mit-sich\/\" target=\"_blank\" class=\"elementor-button debate-arrow\">\n                        <span class=\"screen-reader-text\">Download file<\/span>\n                        <i class=\"fas fa-file\" aria-hidden=\"true\"><\/i>\n                    <\/a>\n                <\/div>\n            <\/div>\n        <\/div>\n                    <div class=\"debate-list-item\">\n            <div class=\"debate-inner d-flex justify-content-between align-items-center\">\n                <div class=\"debate-list-content\">\n                    <div class=\"debate-excerpt fw-normal\"><a href=\"https:\/\/kath-akademie-bayern.de\/en\/referent\/prof-dr-erich-garhammer\/\" target=\"_blank\">Garhammer, Erich<\/a><\/div>\n                    <div class=\"debate-name w-auto\">\n                        <a href=\"https:\/\/kath-akademie-bayern.de\/en\/mediathek-eintrag\/die-kostbarkeit-des-letzten-atemzugs-begruessung-von-adolf-muschg\/\" target=\"_blank\">Die Kostbarkeit des letzten Atemzugs<\/a>\n                    <\/div>\n                    <div class=\"debate-excerpt\">Begr\u00fc\u00dfung von Adolf Muschg<\/div>\n                <\/div>\n\n                <div class=\"debate-icon\">\n                    <a href=\"https:\/\/kath-akademie-bayern.de\/en\/mediathek-eintrag\/die-kostbarkeit-des-letzten-atemzugs-begruessung-von-adolf-muschg\/\" target=\"_blank\" class=\"elementor-button debate-arrow\">\n                        <span class=\"screen-reader-text\">Download file<\/span>\n                        <i class=\"fas fa-file\" aria-hidden=\"true\"><\/i>\n                    <\/a>\n                <\/div>\n            <\/div>\n        <\/div>\n                    <div class=\"debate-list-item\">\n            <div class=\"debate-inner d-flex justify-content-between align-items-center\">\n                <div class=\"debate-list-content\">\n                    <div class=\"debate-excerpt fw-normal\"><a href=\"https:\/\/kath-akademie-bayern.de\/en\/referent\/prof-dr-markus-krajewski\/\" target=\"_blank\">Krajewski, Markus<\/a><\/div>\n                    <div class=\"debate-name w-auto\">\n                        <a href=\"https:\/\/kath-akademie-bayern.de\/en\/mediathek-eintrag\/lieferketten-und-unternehmerische-verantwortung\/\" target=\"_blank\">Lieferketten und unternehmerische Verantwortung<\/a>\n                    <\/div>\n                    <div class=\"debate-excerpt\"><\/div>\n                <\/div>\n\n                <div class=\"debate-icon\">\n                    <a href=\"https:\/\/kath-akademie-bayern.de\/en\/mediathek-eintrag\/lieferketten-und-unternehmerische-verantwortung\/\" target=\"_blank\" class=\"elementor-button debate-arrow\">\n                        <span class=\"screen-reader-text\">Download file<\/span>\n                        <i class=\"fas fa-file\" aria-hidden=\"true\"><\/i>\n                    <\/a>\n                <\/div>\n            <\/div>\n        <\/div>\n                    <div class=\"debate-list-item\">\n            <div class=\"debate-inner d-flex justify-content-between align-items-center\">\n                <div class=\"debate-list-content\">\n                    <div class=\"debate-excerpt fw-normal\"><a href=\"https:\/\/kath-akademie-bayern.de\/en\/referent\/prof-dr-galina-kolev-schaefer\/\" target=\"_blank\">Kolev-Schaefer, Galina<\/a><\/div>\n                    <div class=\"debate-name w-auto\">\n                        <a href=\"https:\/\/kath-akademie-bayern.de\/en\/mediathek-eintrag\/lieferkettenregulierungen-empirische-evidenz-und-wirtschaftspolitische-implikationen\/\" target=\"_blank\">Lieferkettenregulierungen<\/a>\n                    <\/div>\n                    <div class=\"debate-excerpt\">Empirische Evidenz und wirtschaftspolitische Implikationen<\/div>\n                <\/div>\n\n                <div class=\"debate-icon\">\n                    <a href=\"https:\/\/kath-akademie-bayern.de\/en\/mediathek-eintrag\/lieferkettenregulierungen-empirische-evidenz-und-wirtschaftspolitische-implikationen\/\" target=\"_blank\" class=\"elementor-button debate-arrow\">\n                        <span class=\"screen-reader-text\">Download file<\/span>\n                        <i class=\"fas fa-file\" aria-hidden=\"true\"><\/i>\n                    <\/a>\n                <\/div>\n            <\/div>\n        <\/div>\n                    <div class=\"debate-list-item\">\n            <div class=\"debate-inner d-flex justify-content-between align-items-center\">\n                <div class=\"debate-list-content\">\n                    <div class=\"debate-excerpt fw-normal\"><a href=\"https:\/\/kath-akademie-bayern.de\/en\/referent\/prof-dr-stefan-kooths\/\" target=\"_blank\">Kooths, Stefan<\/a> | <a href=\"https:\/\/kath-akademie-bayern.de\/en\/referent\/prof-dr-rolf-j-langhammer\/\" target=\"_blank\">Langhammer, Rolf J.<\/a><\/div>\n                    <div class=\"debate-name w-auto\">\n                        <a href=\"https:\/\/kath-akademie-bayern.de\/en\/mediathek-eintrag\/nearshoring-reshoring-friendshoring-de-risking-als-resilienz-strategien\/\" target=\"_blank\">Nearshoring, reshoring, friendshoring, de-risking as resilience strategies?<\/a>\n                    <\/div>\n                    <div class=\"debate-excerpt\"><\/div>\n                <\/div>\n\n                <div class=\"debate-icon\">\n                    <a href=\"https:\/\/kath-akademie-bayern.de\/en\/mediathek-eintrag\/nearshoring-reshoring-friendshoring-de-risking-als-resilienz-strategien\/\" target=\"_blank\" class=\"elementor-button debate-arrow\">\n                        <span class=\"screen-reader-text\">Download file<\/span>\n                        <i class=\"fas fa-file\" aria-hidden=\"true\"><\/i>\n                    <\/a>\n                <\/div>\n            <\/div>\n        <\/div>\n                    <div class=\"debate-list-item\">\n            <div class=\"debate-inner d-flex justify-content-between align-items-center\">\n                <div class=\"debate-list-content\">\n                    <div class=\"debate-excerpt fw-normal\"><a href=\"https:\/\/kath-akademie-bayern.de\/en\/referent\/dr-christian-hecker\/\" target=\"_blank\">Hecker, Christian<\/a><\/div>\n                    <div class=\"debate-name w-auto\">\n                        <a href=\"https:\/\/kath-akademie-bayern.de\/en\/mediathek-eintrag\/de-globalisierung-oekonomische-und-ethische-herausforderungen-veraenderter-rahmenbedingungen-fuer-internationale-wirtschaftsbeziehungen\/\" target=\"_blank\">De-globalisation?<\/a>\n                    <\/div>\n                    <div class=\"debate-excerpt\">Economic and ethical challenges of changing framework conditions for international economic relations<\/div>\n                <\/div>\n\n                <div class=\"debate-icon\">\n                    <a href=\"https:\/\/kath-akademie-bayern.de\/en\/mediathek-eintrag\/de-globalisierung-oekonomische-und-ethische-herausforderungen-veraenderter-rahmenbedingungen-fuer-internationale-wirtschaftsbeziehungen\/\" target=\"_blank\" class=\"elementor-button debate-arrow\">\n                        <span class=\"screen-reader-text\">Download file<\/span>\n                        <i class=\"fas fa-file\" aria-hidden=\"true\"><\/i>\n                    <\/a>\n                <\/div>\n            <\/div>\n        <\/div>\n                    <div class=\"debate-list-item\">\n            <div class=\"debate-inner d-flex justify-content-between align-items-center\">\n                <div class=\"debate-list-content\">\n                    <div class=\"debate-excerpt fw-normal\"><a href=\"https:\/\/kath-akademie-bayern.de\/en\/referent\/prof-dr-detlef-aufderheide\/\" target=\"_blank\">Aufderheide, Detlef<\/a> | <a href=\"https:\/\/kath-akademie-bayern.de\/en\/referent\/dr-martin-dabrowski\/\" target=\"_blank\">Dabrowski, Martin<\/a><\/div>\n                    <div class=\"debate-name w-auto\">\n                        <a href=\"https:\/\/kath-akademie-bayern.de\/en\/mediathek-eintrag\/einfuehrung-in-thema-und-konzeption\/\" target=\"_blank\">Einf\u00fchrung in Thema und Konzeption<\/a>\n                    <\/div>\n                    <div class=\"debate-excerpt\"><\/div>\n                <\/div>\n\n                <div class=\"debate-icon\">\n                    <a href=\"https:\/\/kath-akademie-bayern.de\/en\/mediathek-eintrag\/einfuehrung-in-thema-und-konzeption\/\" target=\"_blank\" class=\"elementor-button debate-arrow\">\n                        <span class=\"screen-reader-text\">Download file<\/span>\n                        <i class=\"fas fa-file\" aria-hidden=\"true\"><\/i>\n                    <\/a>\n                <\/div>\n            <\/div>\n        <\/div>\n            <\/div>\n            <\/div>\r\n        <\/div>\r\n    <\/div>\r\n<\/div>\r\n        <\/div>\r\n    <\/div>\r\n<\/div>\r\n<div class=\"debate-list-item\">\r\n    <div class=\"debate-inner d-flex justify-content-between align-items-center\">\r\n        <div class=\"debate-list-content\">\r\n            <div class=\"preview-icon\"><img decoding=\"async\" src=\"https:\/\/kath-akademie-bayern.de\/wp-content\/uploads\/Titelbild_debatte_2024-3-362x512.png\" alt=\"\" title=\"Titelbild_debatte_2024-3\" \/><\/div>            <div class=\"debate-name\">\r\n                <a href=\"https:\/\/kath-akademie-bayern.de\/wp-content\/uploads\/debatte_2024-3.pdf\" target=\"_blank\">Issue 3\/2024 <\/a>\r\n            <\/div>\r\n            <div class=\"debate-excerpt\">Successful model of cooperation<\/div>\r\n        <\/div>\r\n        <div class=\"debate-icon\">\r\n            <button data-bs-toggle=\"modal\" data-bs-target=\"#modal-debate-heft-3-2024\" class=\"elementor-button debate-arrow\">\r\n                <span class=\"screen-reader-text\">View debate<\/span>\r\n                <i class=\"fal fa-arrows fa-rotate-45\" aria-hidden=\"true\"><\/i>\r\n            <\/button>\r\n\r\n                        <div class=\"modal fade\" id=\"modal-debate-heft-3-2024\" tabindex=\"-1\" aria-hidden=\"true\">\r\n    <button type=\"button\" class=\"modal-close\" data-bs-dismiss=\"modal\" aria-label=\"Close\">\r\n        <span class=\"screen-reader-text\">Close<\/span>\r\n        <i class=\"fas fa-times\" aria-hidden=\"true\"><\/i>\r\n    <\/button>\r\n\r\n    <div class=\"modal-dialog modal-dialog-centered\">\r\n        <div class=\"modal-content\">\r\n            <div class=\"modal-body\">\r\n                <div class=\"image-wrapper\">\r\n                    <div class=\"_3d-flip-book  fb3d-fullscreen-mode full-size\" data-id=\"104026\" data-mode=\"fullscreen\" data-title=\"false\" data-template=\"short-white-book-view\" data-lightbox=\"dark-shadow\" data-urlparam=\"fb3d-page\" data-page-n=\"0\" data-pdf=\"\" data-tax=\"null\" data-thumbnail=\"\" data-cols=\"3\" data-book-template=\"default\" data-trigger=\"\"><\/div><script type=\"text\/javascript\">window.FB3D_CLIENT_DATA = window.FB3D_CLIENT_DATA || [];FB3D_CLIENT_DATA.push('eyJwb3N0cyI6eyIxMDQwMjYiOnsiSUQiOjEwNDAyNiwidGl0bGUiOiJIZWZ0IDNcLzIwMjQiLCJ0eXBlIjoicGRmIiwicmVhZHlfZnVuY3Rpb24iOiIiLCJib29rX3N0eWxlIjoidm9sdW1lIiwiYm9va190ZW1wbGF0ZSI6Im5vbmUiLCJvdXRsaW5lIjpbXSwiZGF0YSI6eyJwb3N0X0lEIjoiOTU5MjMiLCJndWlkIjoiaHR0cHM6XC9cL2thdGgtYWthZGVtaWUtYmF5ZXJuLmRlXC93cC1jb250ZW50XC91cGxvYWRzXC9kZWJhdHRlXzIwMjQtMy5wZGYiLCJwZGZfcGFnZXMiOiIxMDciLCJwYWdlc19jdXN0b21pemF0aW9uIjoibm9uZSJ9LCJ0aHVtYm5haWwiOnsiZGF0YSI6eyJwb3N0X0lEIjoiOTU5MjUifSwidHlwZSI6Im1lZGlhSW1hZ2UifSwicHJvcHMiOnsiYmFja2dyb3VuZENvbG9yIjoiYXV0byIsImJhY2tncm91bmRJbWFnZSI6ImF1dG8iLCJiYWNrZ3JvdW5kU3R5bGUiOiJhdXRvIiwiaGlnaGxpZ2h0TGlua3MiOiJhdXRvIiwibGlnaHRpbmciOiJhdXRvIiwic2luZ2xlUGFnZU1vZGUiOiJhdXRvIiwiY2FjaGVkUGFnZXMiOiJhdXRvIiwicmVuZGVySW5hY3RpdmVQYWdlcyI6ImF1dG8iLCJyZW5kZXJJbmFjdGl2ZVBhZ2VzT25Nb2JpbGUiOiJhdXRvIiwicmVuZGVyV2hpbGVGbGlwcGluZyI6ImF1dG8iLCJwcmVsb2FkUGFnZXMiOiJhdXRvIiwiYXV0b1BsYXlEdXJhdGlvbiI6ImF1dG8iLCJydGwiOiJhdXRvIiwiaW50ZXJhY3RpdmVDb3JuZXJzIjoiYXV0byIsIm1heERlcHRoIjoiYXV0byIsInNoZWV0Ijp7InN0YXJ0VmVsb2NpdHkiOiJhdXRvIiwid2F2ZSI6ImF1dG8iLCJzaGFwZSI6ImF1dG8iLCJ3aWR0aFRleGVscyI6ImF1dG8iLCJjb2xvciI6ImF1dG8iLCJzaWRlIjoiYXV0byIsInN0cmV0Y2hJbWFnZXMiOiJhdXRvIiwiY29ybmVyRGV2aWF0aW9uIjoiYXV0byIsImZsZXhpYmlsaXR5IjoiYXV0byIsImZsZXhpYmxlQ29ybmVyIjoiYXV0byIsImJlbmRpbmciOiJhdXRvIiwiaGVpZ2h0VGV4ZWxzIjoiYXV0byJ9LCJjb3ZlciI6eyJ3YXZlIjoiYXV0byIsImNvbG9yIjoiYXV0byIsInNpZGUiOiJhdXRvIiwic3RyZXRjaEltYWdlcyI6ImF1dG8iLCJiaW5kZXJUZXh0dXJlIjoiYXV0byIsImRlcHRoIjoiYXV0byIsInBhZGRpbmciOiJhdXRvIiwic3RhcnRWZWxvY2l0eSI6ImF1dG8iLCJmbGV4aWJpbGl0eSI6ImF1dG8iLCJmbGV4aWJsZUNvcm5lciI6ImF1dG8iLCJiZW5kaW5nIjoiYXV0byIsIndpZHRoVGV4ZWxzIjoiYXV0byIsImhlaWdodFRleGVscyI6ImF1dG8iLCJtYXNzIjoiYXV0byIsInNoYXBlIjoiYXV0byJ9LCJwYWdlIjp7IndhdmUiOiJhdXRvIiwiY29sb3IiOiJhdXRvIiwic2lkZSI6ImF1dG8iLCJzdHJldGNoSW1hZ2VzIjoiYXV0byIsImRlcHRoIjoiYXV0byIsInN0YXJ0VmVsb2NpdHkiOiJhdXRvIiwiZmxleGliaWxpdHkiOiJhdXRvIiwiZmxleGlibGVDb3JuZXIiOiJhdXRvIiwiYmVuZGluZyI6ImF1dG8iLCJ3aWR0aFRleGVscyI6ImF1dG8iLCJoZWlnaHRUZXhlbHMiOiJhdXRvIiwibWFzcyI6ImF1dG8iLCJzaGFwZSI6ImF1dG8ifSwiaGVpZ2h0IjoiYXV0byIsIndpZHRoIjoiYXV0byIsImdyYXZpdHkiOiJhdXRvIiwicGFnZXNGb3JQcmVkaWN0aW5nIjoiYXV0byJ9LCJjb250cm9sUHJvcHMiOnsiYWN0aW9ucyI6eyJjbWRUb2MiOnsiZW5hYmxlZCI6ImF1dG8iLCJlbmFibGVkSW5OYXJyb3ciOiJhdXRvIiwiYWN0aXZlIjoiYXV0byIsImRlZmF1bHRUYWIiOiJhdXRvIn0sImNtZEF1dG9QbGF5Ijp7ImVuYWJsZWQiOiJhdXRvIiwiZW5hYmxlZEluTmFycm93IjoiYXV0byIsImFjdGl2ZSI6ImF1dG8ifSwiY21kU2F2ZSI6eyJlbmFibGVkIjoiYXV0byIsImVuYWJsZWRJbk5hcnJvdyI6ImF1dG8ifSwiY21kUHJpbnQiOnsiZW5hYmxlZCI6ImF1dG8iLCJlbmFibGVkSW5OYXJyb3ciOiJhdXRvIn0sImNtZFNpbmdsZVBhZ2UiOnsiZW5hYmxlZCI6ImF1dG8iLCJlbmFibGVkSW5OYXJyb3ciOiJhdXRvIiwiYWN0aXZlIjoiYXV0byIsImFjdGl2ZUZvck1vYmlsZSI6ImF1dG8ifSwid2lkVG9vbGJhciI6eyJlbmFibGVkIjoiYXV0byIsImVuYWJsZWRJbk5hcnJvdyI6ImF1dG8ifX19LCJhdXRvVGh1bWJuYWlsIjpudWxsLCJwb3N0X25hbWUiOiJoZWZ0LTQtMjAyNCIsInBvc3RfdHlwZSI6IjNkLWZsaXAtYm9vayJ9fSwicGFnZXMiOltdLCJmaXJzdFBhZ2VzIjpbXX0=');window.FB3D_CLIENT_LOCALE && FB3D_CLIENT_LOCALE.render && FB3D_CLIENT_LOCALE.render();<\/script>                <\/div>\r\n                <div class=\"d-flex flex-wrap gap-4\">\r\n                    <div class=\"download-button elementor-widget-button elementor-button-primary\">\r\n                        <a href=\"https:\/\/kath-akademie-bayern.de\/wp-content\/uploads\/debatte_2024-3.pdf\" target=\"_blank\" class=\"elementor-button\">Download<\/a>\r\n                    <\/div>\r\n                                            <div class=\"download-button elementor-widget-button elementor-button-primary\">\r\n                            <button class=\"elementor-button d-flex align-items-center gap-3\" type=\"button\" data-bs-toggle=\"collapse\" data-bs-target=\"#modal-debate-heft-3-2024-media-list-69f34af7db393\" aria-expanded=\"false\" aria-controls=\"modal-debate-heft-3-2024-media-list-69f34af7db393\">\r\n                                <span class=\"elementor-button-text\">Artikel<\/span>\r\n                                <i class=\"fas fa-chevron-down\" aria-hidden=\"true\"><\/i>\r\n                            <\/button>\r\n                        <\/div>\r\n                                    <\/div>\r\n\r\n                <div class=\"debate-list collapse mt-6\" id=\"modal-debate-heft-3-2024-media-list-69f34af7db393\" data-bs-parent=\"#latest-debate-list\">\n            <div class=\"debate-list-item\">\n            <div class=\"debate-inner d-flex justify-content-between align-items-center\">\n                <div class=\"debate-list-content\">\n                    <div class=\"debate-excerpt fw-normal\"><a href=\"https:\/\/kath-akademie-bayern.de\/en\/referent\/dr-michael-stephan\/\" target=\"_blank\">Stephan, Dr. Michael<\/a><\/div>\n                    <div class=\"debate-name w-auto\">\n                        <a href=\"https:\/\/kath-akademie-bayern.de\/en\/mediathek-eintrag\/das-muenchner-patriziat-im-wandel-vom-buergertum-zum-adel\/\" target=\"_blank\">Das M\u00fcnchner Patriziat im Wandel vom B\u00fcrgertum zum Adel<\/a>\n                    <\/div>\n                    <div class=\"debate-excerpt\"><\/div>\n                <\/div>\n\n                <div class=\"debate-icon\">\n                    <a href=\"https:\/\/kath-akademie-bayern.de\/en\/mediathek-eintrag\/das-muenchner-patriziat-im-wandel-vom-buergertum-zum-adel\/\" target=\"_blank\" class=\"elementor-button debate-arrow\">\n                        <span class=\"screen-reader-text\"><\/span>\n                        <i class=\"fal fa-long-arrow-right\" aria-hidden=\"true\"><\/i>\n                    <\/a>\n                <\/div>\n            <\/div>\n        <\/div>\n                    <div class=\"debate-list-item\">\n            <div class=\"debate-inner d-flex justify-content-between align-items-center\">\n                <div class=\"debate-list-content\">\n                    <div class=\"debate-excerpt fw-normal\"><\/div>\n                    <div class=\"debate-name w-auto\">\n                        <a href=\"https:\/\/kath-akademie-bayern.de\/en\/mediathek-eintrag\/abends-im-schloss-u20-schuelerinnen-und-schueler-exklusiv-im-gespraech-mit-kunstschaffenden\/\" target=\"_blank\">Abends im Schloss U20<\/a>\n                    <\/div>\n                    <div class=\"debate-excerpt\">Sch\u00fclerinnen und Sch\u00fcler exklusiv im Gespr\u00e4ch mit Kunstschaffenden<\/div>\n                <\/div>\n\n                <div class=\"debate-icon\">\n                    <a href=\"https:\/\/kath-akademie-bayern.de\/en\/mediathek-eintrag\/abends-im-schloss-u20-schuelerinnen-und-schueler-exklusiv-im-gespraech-mit-kunstschaffenden\/\" target=\"_blank\" class=\"elementor-button debate-arrow\">\n                        <span class=\"screen-reader-text\">Download file<\/span>\n                        <i class=\"fas fa-file\" aria-hidden=\"true\"><\/i>\n                    <\/a>\n                <\/div>\n            <\/div>\n        <\/div>\n                    <div class=\"debate-list-item\">\n            <div class=\"debate-inner d-flex justify-content-between align-items-center\">\n                <div class=\"debate-list-content\">\n                    <div class=\"debate-excerpt fw-normal\"><\/div>\n                    <div class=\"debate-name w-auto\">\n                        <a href=\"https:\/\/kath-akademie-bayern.de\/en\/mediathek-eintrag\/die-us-wahl-als-richtungsentscheidung-politische-und-oekonomische-auswirkungen-auf-europa-und-weltweit\/\" target=\"_blank\">The US election as a decision on direction<\/a>\n                    <\/div>\n                    <div class=\"debate-excerpt\">Political and economic impact on Europe and worldwide<\/div>\n                <\/div>\n\n                <div class=\"debate-icon\">\n                    <a href=\"https:\/\/kath-akademie-bayern.de\/en\/mediathek-eintrag\/die-us-wahl-als-richtungsentscheidung-politische-und-oekonomische-auswirkungen-auf-europa-und-weltweit\/\" target=\"_blank\" class=\"elementor-button debate-arrow\">\n                        <span class=\"screen-reader-text\">Download file<\/span>\n                        <i class=\"fas fa-file\" aria-hidden=\"true\"><\/i>\n                    <\/a>\n                <\/div>\n            <\/div>\n        <\/div>\n                    <div class=\"debate-list-item\">\n            <div class=\"debate-inner d-flex justify-content-between align-items-center\">\n                <div class=\"debate-list-content\">\n                    <div class=\"debate-excerpt fw-normal\"><\/div>\n                    <div class=\"debate-name w-auto\">\n                        <a href=\"https:\/\/kath-akademie-bayern.de\/en\/mediathek-eintrag\/die-orgel-sommernacht-der-kuenste-zur-koenigin-der-instrumente\/\" target=\"_blank\">The organ<\/a>\n                    <\/div>\n                    <div class=\"debate-excerpt\">Sommernacht der K\u00fcnste zur K\u00f6nigin der Instrumente<\/div>\n                <\/div>\n\n                <div class=\"debate-icon\">\n                    <a href=\"https:\/\/kath-akademie-bayern.de\/en\/mediathek-eintrag\/die-orgel-sommernacht-der-kuenste-zur-koenigin-der-instrumente\/\" target=\"_blank\" class=\"elementor-button debate-arrow\">\n                        <span class=\"screen-reader-text\">Download file<\/span>\n                        <i class=\"fas fa-file\" aria-hidden=\"true\"><\/i>\n                    <\/a>\n                <\/div>\n            <\/div>\n        <\/div>\n                    <div class=\"debate-list-item\">\n            <div class=\"debate-inner d-flex justify-content-between align-items-center\">\n                <div class=\"debate-list-content\">\n                    <div class=\"debate-excerpt fw-normal\"><\/div>\n                    <div class=\"debate-name w-auto\">\n                        <a href=\"https:\/\/kath-akademie-bayern.de\/en\/mediathek-eintrag\/theologisches-terzett-zu-gast-hans-joas\/\" target=\"_blank\">Theological trio<\/a>\n                    <\/div>\n                    <div class=\"debate-excerpt\">Zu Gast: Hans Joas<\/div>\n                <\/div>\n\n                <div class=\"debate-icon\">\n                    <a href=\"https:\/\/kath-akademie-bayern.de\/en\/mediathek-eintrag\/theologisches-terzett-zu-gast-hans-joas\/\" target=\"_blank\" class=\"elementor-button debate-arrow\">\n                        <span class=\"screen-reader-text\">Download file<\/span>\n                        <i class=\"fas fa-file\" aria-hidden=\"true\"><\/i>\n                    <\/a>\n                <\/div>\n            <\/div>\n        <\/div>\n                    <div class=\"debate-list-item\">\n            <div class=\"debate-inner d-flex justify-content-between align-items-center\">\n                <div class=\"debate-list-content\">\n                    <div class=\"debate-excerpt fw-normal\"><\/div>\n                    <div class=\"debate-name w-auto\">\n                        <a href=\"https:\/\/kath-akademie-bayern.de\/en\/mediathek-eintrag\/ueber-geist-und-natur-im-zeitalter-der-ki-ein-gespraechsabend-mit-harald-lesch-und-wilhelm-vossenkuhl\/\" target=\"_blank\">On mind and nature in the age of AI<\/a>\n                    <\/div>\n                    <div class=\"debate-excerpt\">Ein Gespr\u00e4chsabend mit Harald Lesch und Wilhelm Vossenkuhl<\/div>\n                <\/div>\n\n                <div class=\"debate-icon\">\n                    <a href=\"https:\/\/kath-akademie-bayern.de\/en\/mediathek-eintrag\/ueber-geist-und-natur-im-zeitalter-der-ki-ein-gespraechsabend-mit-harald-lesch-und-wilhelm-vossenkuhl\/\" target=\"_blank\" class=\"elementor-button debate-arrow\">\n                        <span class=\"screen-reader-text\">Download file<\/span>\n                        <i class=\"fas fa-file\" aria-hidden=\"true\"><\/i>\n                    <\/a>\n                <\/div>\n            <\/div>\n        <\/div>\n                    <div class=\"debate-list-item\">\n            <div class=\"debate-inner d-flex justify-content-between align-items-center\">\n                <div class=\"debate-list-content\">\n                    <div class=\"debate-excerpt fw-normal\"><\/div>\n                    <div class=\"debate-name w-auto\">\n                        <a href=\"https:\/\/kath-akademie-bayern.de\/en\/mediathek-eintrag\/demokratie-am-ende-ursula-muench-und-christoph-moellers-im-gespraech-ueber-die-demokratie\/\" target=\"_blank\">Democracy at an end?<\/a>\n                    <\/div>\n                    <div class=\"debate-excerpt\">Ursula M\u00fcnch und Christoph M\u00f6llers im Gespr\u00e4ch \u00fcber die Demokratie<\/div>\n                <\/div>\n\n                <div class=\"debate-icon\">\n                    <a href=\"https:\/\/kath-akademie-bayern.de\/en\/mediathek-eintrag\/demokratie-am-ende-ursula-muench-und-christoph-moellers-im-gespraech-ueber-die-demokratie\/\" target=\"_blank\" class=\"elementor-button debate-arrow\">\n                        <span class=\"screen-reader-text\">Download file<\/span>\n                        <i class=\"fas fa-file\" aria-hidden=\"true\"><\/i>\n                    <\/a>\n                <\/div>\n            <\/div>\n        <\/div>\n                    <div class=\"debate-list-item\">\n            <div class=\"debate-inner d-flex justify-content-between align-items-center\">\n                <div class=\"debate-list-content\">\n                    <div class=\"debate-excerpt fw-normal\"><\/div>\n                    <div class=\"debate-name w-auto\">\n                        <a href=\"https:\/\/kath-akademie-bayern.de\/en\/mediathek-eintrag\/franz-kafka-und-das-judentum-zum-100-todestag-des-schriftstellers\/\" target=\"_blank\">Franz Kafka and Judaism<\/a>\n                    <\/div>\n                    <div class=\"debate-excerpt\">Zum 100. Todestag des Schriftstellers<\/div>\n                <\/div>\n\n                <div class=\"debate-icon\">\n                    <a href=\"https:\/\/kath-akademie-bayern.de\/en\/mediathek-eintrag\/franz-kafka-und-das-judentum-zum-100-todestag-des-schriftstellers\/\" target=\"_blank\" class=\"elementor-button debate-arrow\">\n                        <span class=\"screen-reader-text\">Download file<\/span>\n                        <i class=\"fas fa-file\" aria-hidden=\"true\"><\/i>\n                    <\/a>\n                <\/div>\n            <\/div>\n        <\/div>\n                    <div class=\"debate-list-item\">\n            <div class=\"debate-inner d-flex justify-content-between align-items-center\">\n                <div class=\"debate-list-content\">\n                    <div class=\"debate-excerpt fw-normal\"><\/div>\n                    <div class=\"debate-name w-auto\">\n                        <a href=\"https:\/\/kath-akademie-bayern.de\/en\/mediathek-eintrag\/israels-richtungsstreit-um-sicherheit-demokratie-und-religion-ein-vortragsabend-mit-moshe-zimmermann\/\" target=\"_blank\">Israel's dispute over security, democracy and religion<\/a>\n                    <\/div>\n                    <div class=\"debate-excerpt\">Ein Vortragsabend mit Moshe Zimmermann<\/div>\n                <\/div>\n\n                <div class=\"debate-icon\">\n                    <a href=\"https:\/\/kath-akademie-bayern.de\/en\/mediathek-eintrag\/israels-richtungsstreit-um-sicherheit-demokratie-und-religion-ein-vortragsabend-mit-moshe-zimmermann\/\" target=\"_blank\" class=\"elementor-button debate-arrow\">\n                        <span class=\"screen-reader-text\">Download file<\/span>\n                        <i class=\"fas fa-file\" aria-hidden=\"true\"><\/i>\n                    <\/a>\n                <\/div>\n            <\/div>\n        <\/div>\n                    <div class=\"debate-list-item\">\n            <div class=\"debate-inner d-flex justify-content-between align-items-center\">\n                <div class=\"debate-list-content\">\n                    <div class=\"debate-excerpt fw-normal\"><\/div>\n                    <div class=\"debate-name w-auto\">\n                        <a href=\"https:\/\/kath-akademie-bayern.de\/en\/mediathek-eintrag\/brennpunkt-naher-osten-gespraechsabend-mit-abt-nikodemus-schnabel\/\" target=\"_blank\">Focus on the Middle East<\/a>\n                    <\/div>\n                    <div class=\"debate-excerpt\">Gespr\u00e4chsabend mit Abt Nikodemus Schnabel<\/div>\n                <\/div>\n\n                <div class=\"debate-icon\">\n                    <a href=\"https:\/\/kath-akademie-bayern.de\/en\/mediathek-eintrag\/brennpunkt-naher-osten-gespraechsabend-mit-abt-nikodemus-schnabel\/\" target=\"_blank\" class=\"elementor-button debate-arrow\">\n                        <span class=\"screen-reader-text\">Download file<\/span>\n                        <i class=\"fas fa-file\" aria-hidden=\"true\"><\/i>\n                    <\/a>\n                <\/div>\n            <\/div>\n        <\/div>\n                    <div class=\"debate-list-item\">\n            <div class=\"debate-inner d-flex justify-content-between align-items-center\">\n                <div class=\"debate-list-content\">\n                    <div class=\"debate-excerpt fw-normal\"><a href=\"https:\/\/kath-akademie-bayern.de\/en\/referent\/prof-dr-tobias-nicklas\/\" target=\"_blank\">Nicklas, Tobias<\/a><\/div>\n                    <div class=\"debate-name w-auto\">\n                        <a href=\"https:\/\/kath-akademie-bayern.de\/en\/mediathek-eintrag\/wichtige-themen-der-forschung-zur-johannesapokalypse-eine-skizze\/\" target=\"_blank\">Important topics of research on the Apocalypse of St John<\/a>\n                    <\/div>\n                    <div class=\"debate-excerpt\">A sketch<\/div>\n                <\/div>\n\n                <div class=\"debate-icon\">\n                    <a href=\"https:\/\/kath-akademie-bayern.de\/en\/mediathek-eintrag\/wichtige-themen-der-forschung-zur-johannesapokalypse-eine-skizze\/\" target=\"_blank\" class=\"elementor-button debate-arrow\">\n                        <span class=\"screen-reader-text\">Download file<\/span>\n                        <i class=\"fas fa-file\" aria-hidden=\"true\"><\/i>\n                    <\/a>\n                <\/div>\n            <\/div>\n        <\/div>\n                    <div class=\"debate-list-item\">\n            <div class=\"debate-inner d-flex justify-content-between align-items-center\">\n                <div class=\"debate-list-content\">\n                    <div class=\"debate-excerpt fw-normal\"><a href=\"https:\/\/kath-akademie-bayern.de\/en\/referent\/prof-dr-reinhold-zwick\/\" target=\"_blank\">Zwick, Reinhold<\/a><\/div>\n                    <div class=\"debate-name w-auto\">\n                        <a href=\"https:\/\/kath-akademie-bayern.de\/en\/mediathek-eintrag\/zunehmende-verfinsterung-mit-silberstreifen-apokalyptische-visionen-im-film\/\" target=\"_blank\">Increasing eclipse - with silver lining<\/a>\n                    <\/div>\n                    <div class=\"debate-excerpt\">Apocalyptic visions in film<\/div>\n                <\/div>\n\n                <div class=\"debate-icon\">\n                    <a href=\"https:\/\/kath-akademie-bayern.de\/en\/mediathek-eintrag\/zunehmende-verfinsterung-mit-silberstreifen-apokalyptische-visionen-im-film\/\" target=\"_blank\" class=\"elementor-button debate-arrow\">\n                        <span class=\"screen-reader-text\">Download file<\/span>\n                        <i class=\"fas fa-file\" aria-hidden=\"true\"><\/i>\n                    <\/a>\n                <\/div>\n            <\/div>\n        <\/div>\n                    <div class=\"debate-list-item\">\n            <div class=\"debate-inner d-flex justify-content-between align-items-center\">\n                <div class=\"debate-list-content\">\n                    <div class=\"debate-excerpt fw-normal\"><a href=\"https:\/\/kath-akademie-bayern.de\/en\/referent\/prof-dr-beate-kowalski\/\" target=\"_blank\">Kowalski, Beate<\/a><\/div>\n                    <div class=\"debate-name w-auto\">\n                        <a href=\"https:\/\/kath-akademie-bayern.de\/en\/mediathek-eintrag\/stiefkind-und-streitfall-zur-auslegung-der-johannesapokalypse\/\" target=\"_blank\">Stepchild and dispute<\/a>\n                    <\/div>\n                    <div class=\"debate-excerpt\">On the interpretation of the Apocalypse of John<\/div>\n                <\/div>\n\n                <div class=\"debate-icon\">\n                    <a href=\"https:\/\/kath-akademie-bayern.de\/en\/mediathek-eintrag\/stiefkind-und-streitfall-zur-auslegung-der-johannesapokalypse\/\" target=\"_blank\" class=\"elementor-button debate-arrow\">\n                        <span class=\"screen-reader-text\">Download file<\/span>\n                        <i class=\"fas fa-file\" aria-hidden=\"true\"><\/i>\n                    <\/a>\n                <\/div>\n            <\/div>\n        <\/div>\n                    <div class=\"debate-list-item\">\n            <div class=\"debate-inner d-flex justify-content-between align-items-center\">\n                <div class=\"debate-list-content\">\n                    <div class=\"debate-excerpt fw-normal\"><a href=\"https:\/\/kath-akademie-bayern.de\/en\/referent\/dipl-theol-florian-heinritzi\/\" target=\"_blank\">Heinritzi, Florian<\/a><\/div>\n                    <div class=\"debate-name w-auto\">\n                        <a href=\"https:\/\/kath-akademie-bayern.de\/en\/mediathek-eintrag\/ein-teures-wunschkind-bayern-der-heilige-stuhl-und-das-konkordat-von-1924-2\/\" target=\"_blank\">An expensive dream child<\/a>\n                    <\/div>\n                    <div class=\"debate-excerpt\">Bavaria, the Holy See and the Concordat of 1924<\/div>\n                <\/div>\n\n                <div class=\"debate-icon\">\n                    <a href=\"https:\/\/kath-akademie-bayern.de\/en\/mediathek-eintrag\/ein-teures-wunschkind-bayern-der-heilige-stuhl-und-das-konkordat-von-1924-2\/\" target=\"_blank\" class=\"elementor-button debate-arrow\">\n                        <span class=\"screen-reader-text\">Download file<\/span>\n                        <i class=\"fas fa-file\" aria-hidden=\"true\"><\/i>\n                    <\/a>\n                <\/div>\n            <\/div>\n        <\/div>\n                    <div class=\"debate-list-item\">\n            <div class=\"debate-inner d-flex justify-content-between align-items-center\">\n                <div class=\"debate-list-content\">\n                    <div class=\"debate-excerpt fw-normal\"><a href=\"https:\/\/kath-akademie-bayern.de\/en\/referent\/prof-dr-erich-garhammer\/\" target=\"_blank\">Garhammer, Erich<\/a><\/div>\n                    <div class=\"debate-name w-auto\">\n                        <a href=\"https:\/\/kath-akademie-bayern.de\/en\/mediathek-eintrag\/ausgang-jedes-schreibens-ist-die-neugier-einfuehrung-in-die-lesung-von-arno-geiger\/\" target=\"_blank\">The starting point for every letter is curiosity<\/a>\n                    <\/div>\n                    <div class=\"debate-excerpt\">Introduction to the reading by Arno Geiger<\/div>\n                <\/div>\n\n                <div class=\"debate-icon\">\n                    <a href=\"https:\/\/kath-akademie-bayern.de\/en\/mediathek-eintrag\/ausgang-jedes-schreibens-ist-die-neugier-einfuehrung-in-die-lesung-von-arno-geiger\/\" target=\"_blank\" class=\"elementor-button debate-arrow\">\n                        <span class=\"screen-reader-text\">Download file<\/span>\n                        <i class=\"fas fa-file\" aria-hidden=\"true\"><\/i>\n                    <\/a>\n                <\/div>\n            <\/div>\n        <\/div>\n                    <div class=\"debate-list-item\">\n            <div class=\"debate-inner d-flex justify-content-between align-items-center\">\n                <div class=\"debate-list-content\">\n                    <div class=\"debate-excerpt fw-normal\"><a href=\"https:\/\/kath-akademie-bayern.de\/en\/referent\/hakan-turan\/\" target=\"_blank\">Turan, Hakan<\/a><\/div>\n                    <div class=\"debate-name w-auto\">\n                        <a href=\"https:\/\/kath-akademie-bayern.de\/en\/mediathek-eintrag\/antisemitismus-aus-muslimischen-kontexten-ueber-wurzeln-verbreitung-und-handlungsperspektiven\/\" target=\"_blank\">Anti-Semitism from Muslim contexts<\/a>\n                    <\/div>\n                    <div class=\"debate-excerpt\">Roots, dissemination and prospects for action<\/div>\n                <\/div>\n\n                <div class=\"debate-icon\">\n                    <a href=\"https:\/\/kath-akademie-bayern.de\/en\/mediathek-eintrag\/antisemitismus-aus-muslimischen-kontexten-ueber-wurzeln-verbreitung-und-handlungsperspektiven\/\" target=\"_blank\" class=\"elementor-button debate-arrow\">\n                        <span class=\"screen-reader-text\">Download file<\/span>\n                        <i class=\"fas fa-file\" aria-hidden=\"true\"><\/i>\n                    <\/a>\n                <\/div>\n            <\/div>\n        <\/div>\n                    <div class=\"debate-list-item\">\n            <div class=\"debate-inner d-flex justify-content-between align-items-center\">\n                <div class=\"debate-list-content\">\n                    <div class=\"debate-excerpt fw-normal\"><a href=\"https:\/\/kath-akademie-bayern.de\/en\/referent\/dr-elisabeth-maier\/\" target=\"_blank\">Maier, Elisabeth<\/a><\/div>\n                    <div class=\"debate-name w-auto\">\n                        <a href=\"https:\/\/kath-akademie-bayern.de\/en\/mediathek-eintrag\/non-confundar-anton-bruckners-glaube\/\" target=\"_blank\">&#8222;Non confundar&#8230;&#8220;<\/a>\n                    <\/div>\n                    <div class=\"debate-excerpt\">Anton Bruckner's faith<\/div>\n                <\/div>\n\n                <div class=\"debate-icon\">\n                    <a href=\"https:\/\/kath-akademie-bayern.de\/en\/mediathek-eintrag\/non-confundar-anton-bruckners-glaube\/\" target=\"_blank\" class=\"elementor-button debate-arrow\">\n                        <span class=\"screen-reader-text\">Download file<\/span>\n                        <i class=\"fas fa-file\" aria-hidden=\"true\"><\/i>\n                    <\/a>\n                <\/div>\n            <\/div>\n        <\/div>\n                    <div class=\"debate-list-item\">\n            <div class=\"debate-inner d-flex justify-content-between align-items-center\">\n                <div class=\"debate-list-content\">\n                    <div class=\"debate-excerpt fw-normal\"><a href=\"https:\/\/kath-akademie-bayern.de\/en\/referent\/prof-dr-michael-kissener\/\" target=\"_blank\">Ki\u00dfener, Prof Dr Michael<\/a><\/div>\n                    <div class=\"debate-name w-auto\">\n                        <a href=\"https:\/\/kath-akademie-bayern.de\/en\/mediathek-eintrag\/die-katholiken-im-dritten-reich-ueber-die-begriffe-widerstand-distanz-anpassung-und-kollaboration\/\" target=\"_blank\">Die Katholiken im &#8222;Dritten Reich&#8220;<\/a>\n                    <\/div>\n                    <div class=\"debate-excerpt\">On the concepts of \"resistance\", \"distance\", \"adaptation\" and \"collaboration\"<\/div>\n                <\/div>\n\n                <div class=\"debate-icon\">\n                    <a href=\"https:\/\/kath-akademie-bayern.de\/en\/mediathek-eintrag\/die-katholiken-im-dritten-reich-ueber-die-begriffe-widerstand-distanz-anpassung-und-kollaboration\/\" target=\"_blank\" class=\"elementor-button debate-arrow\">\n                        <span class=\"screen-reader-text\">Download file<\/span>\n                        <i class=\"fas fa-file\" aria-hidden=\"true\"><\/i>\n                    <\/a>\n                <\/div>\n            <\/div>\n        <\/div>\n                    <div class=\"debate-list-item\">\n            <div class=\"debate-inner d-flex justify-content-between align-items-center\">\n                <div class=\"debate-list-content\">\n                    <div class=\"debate-excerpt fw-normal\"><a href=\"https:\/\/kath-akademie-bayern.de\/en\/referent\/prof-dr-markus-vogt\/\" target=\"_blank\">Vogt, Markus<\/a><\/div>\n                    <div class=\"debate-name w-auto\">\n                        <a href=\"https:\/\/kath-akademie-bayern.de\/en\/mediathek-eintrag\/elektrisches-fliegen-hoffnungstraeger-fuer-gruene-luftfahrt-eine-sozialethische-einordnung-der-chancen-und-herausforderungen\/\" target=\"_blank\">Electric flying: A beacon of hope for green aviation?<\/a>\n                    <\/div>\n                    <div class=\"debate-excerpt\">A socio-ethical categorisation of the opportunities and challenges<\/div>\n                <\/div>\n\n                <div class=\"debate-icon\">\n                    <a href=\"https:\/\/kath-akademie-bayern.de\/en\/mediathek-eintrag\/elektrisches-fliegen-hoffnungstraeger-fuer-gruene-luftfahrt-eine-sozialethische-einordnung-der-chancen-und-herausforderungen\/\" target=\"_blank\" class=\"elementor-button debate-arrow\">\n                        <span class=\"screen-reader-text\">Download file<\/span>\n                        <i class=\"fas fa-file\" aria-hidden=\"true\"><\/i>\n                    <\/a>\n                <\/div>\n            <\/div>\n        <\/div>\n                    <div class=\"debate-list-item\">\n            <div class=\"debate-inner d-flex justify-content-between align-items-center\">\n                <div class=\"debate-list-content\">\n                    <div class=\"debate-excerpt fw-normal\"><a href=\"https:\/\/kath-akademie-bayern.de\/en\/referent\/prof-dr-wolfgang-augustyn\/\" target=\"_blank\">Augustyn, Wolfgang<\/a><\/div>\n                    <div class=\"debate-name w-auto\">\n                        <a href=\"https:\/\/kath-akademie-bayern.de\/en\/mediathek-eintrag\/die-apokalypse-in-der-kunst\/\" target=\"_blank\">The apocalypse in art<\/a>\n                    <\/div>\n                    <div class=\"debate-excerpt\"><\/div>\n                <\/div>\n\n                <div class=\"debate-icon\">\n                    <a href=\"https:\/\/kath-akademie-bayern.de\/en\/mediathek-eintrag\/die-apokalypse-in-der-kunst\/\" target=\"_blank\" class=\"elementor-button debate-arrow\">\n                        <span class=\"screen-reader-text\">Download file<\/span>\n                        <i class=\"fas fa-file\" aria-hidden=\"true\"><\/i>\n                    <\/a>\n                <\/div>\n            <\/div>\n        <\/div>\n                    <div class=\"debate-list-item\">\n            <div class=\"debate-inner d-flex justify-content-between align-items-center\">\n                <div class=\"debate-list-content\">\n                    <div class=\"debate-excerpt fw-normal\"><a href=\"https:\/\/kath-akademie-bayern.de\/en\/referent\/prof-dr-hans-georg-gradl\/\" target=\"_blank\">Gradl, Hans-Georg<\/a><\/div>\n                    <div class=\"debate-name w-auto\">\n                        <a href=\"https:\/\/kath-akademie-bayern.de\/en\/mediathek-eintrag\/ein-buch-mit-sieben-siegeln-eine-einfuehrung-in-die-johannesapokalypse\/\" target=\"_blank\">A book with seven seals<\/a>\n                    <\/div>\n                    <div class=\"debate-excerpt\">An introduction to the Apocalypse of St John<\/div>\n                <\/div>\n\n                <div class=\"debate-icon\">\n                    <a href=\"https:\/\/kath-akademie-bayern.de\/en\/mediathek-eintrag\/ein-buch-mit-sieben-siegeln-eine-einfuehrung-in-die-johannesapokalypse\/\" target=\"_blank\" class=\"elementor-button debate-arrow\">\n                        <span class=\"screen-reader-text\">Download file<\/span>\n                        <i class=\"fas fa-file\" aria-hidden=\"true\"><\/i>\n                    <\/a>\n                <\/div>\n            <\/div>\n        <\/div>\n                    <div class=\"debate-list-item\">\n            <div class=\"debate-inner d-flex justify-content-between align-items-center\">\n                <div class=\"debate-list-content\">\n                    <div class=\"debate-excerpt fw-normal\"><a href=\"https:\/\/kath-akademie-bayern.de\/en\/referent\/pd-dr-joerg-zedler\/\" target=\"_blank\">Zedler, J\u00f6rg<\/a><\/div>\n                    <div class=\"debate-name w-auto\">\n                        <a href=\"https:\/\/kath-akademie-bayern.de\/en\/mediathek-eintrag\/ein-ungeliebtes-kind-bayern-der-heilige-stuhl-und-das-konkordat-von-1817-2\/\" target=\"_blank\">An unloved child?<\/a>\n                    <\/div>\n                    <div class=\"debate-excerpt\">Bavaria, the Holy See and the Concordat of 1817<\/div>\n                <\/div>\n\n                <div class=\"debate-icon\">\n                    <a href=\"https:\/\/kath-akademie-bayern.de\/en\/mediathek-eintrag\/ein-ungeliebtes-kind-bayern-der-heilige-stuhl-und-das-konkordat-von-1817-2\/\" target=\"_blank\" class=\"elementor-button debate-arrow\">\n                        <span class=\"screen-reader-text\">Download file<\/span>\n                        <i class=\"fas fa-file\" aria-hidden=\"true\"><\/i>\n                    <\/a>\n                <\/div>\n            <\/div>\n        <\/div>\n                    <div class=\"debate-list-item\">\n            <div class=\"debate-inner d-flex justify-content-between align-items-center\">\n                <div class=\"debate-list-content\">\n                    <div class=\"debate-excerpt fw-normal\"><a href=\"https:\/\/kath-akademie-bayern.de\/en\/referent\/dr-katharina-weigand\/\" target=\"_blank\">Weigand, Katharina<\/a><\/div>\n                    <div class=\"debate-name w-auto\">\n                        <a href=\"https:\/\/kath-akademie-bayern.de\/en\/mediathek-eintrag\/die-entstehung-des-modernen-bayern-die-folgen-fuer-die-kirchlichen-verhaeltnisse\/\" target=\"_blank\">The emergence of modern Bavaria<\/a>\n                    <\/div>\n                    <div class=\"debate-excerpt\">The consequences for the ecclesiastical situation<\/div>\n                <\/div>\n\n                <div class=\"debate-icon\">\n                    <a href=\"https:\/\/kath-akademie-bayern.de\/en\/mediathek-eintrag\/die-entstehung-des-modernen-bayern-die-folgen-fuer-die-kirchlichen-verhaeltnisse\/\" target=\"_blank\" class=\"elementor-button debate-arrow\">\n                        <span class=\"screen-reader-text\">Download file<\/span>\n                        <i class=\"fas fa-file\" aria-hidden=\"true\"><\/i>\n                    <\/a>\n                <\/div>\n            <\/div>\n        <\/div>\n                    <div class=\"debate-list-item\">\n            <div class=\"debate-inner d-flex justify-content-between align-items-center\">\n                <div class=\"debate-list-content\">\n                    <div class=\"debate-excerpt fw-normal\"><a href=\"https:\/\/kath-akademie-bayern.de\/en\/referent\/prof-dr-klaus-unterburger\/\" target=\"_blank\">Unterburger, Klaus<\/a><\/div>\n                    <div class=\"debate-name w-auto\">\n                        <a href=\"https:\/\/kath-akademie-bayern.de\/en\/mediathek-eintrag\/das-bayerische-konkordat-von-1924-25-eine-historische-hinfuehrung-zum-vertragswerk\/\" target=\"_blank\">The Bavarian Concordat of 1924\/25<\/a>\n                    <\/div>\n                    <div class=\"debate-excerpt\">A historical introduction to the treaty<\/div>\n                <\/div>\n\n                <div class=\"debate-icon\">\n                    <a href=\"https:\/\/kath-akademie-bayern.de\/en\/mediathek-eintrag\/das-bayerische-konkordat-von-1924-25-eine-historische-hinfuehrung-zum-vertragswerk\/\" target=\"_blank\" class=\"elementor-button debate-arrow\">\n                        <span class=\"screen-reader-text\">Download file<\/span>\n                        <i class=\"fas fa-file\" aria-hidden=\"true\"><\/i>\n                    <\/a>\n                <\/div>\n            <\/div>\n        <\/div>\n            <\/div>\n            <\/div>\r\n        <\/div>\r\n    <\/div>\r\n<\/div>\r\n        <\/div>\r\n    <\/div>\r\n<\/div>\r\n<div class=\"debate-list-item\">\r\n    <div class=\"debate-inner d-flex justify-content-between align-items-center\">\r\n        <div class=\"debate-list-content\">\r\n            <div class=\"preview-icon\"><img decoding=\"async\" src=\"https:\/\/kath-akademie-bayern.de\/wp-content\/uploads\/Titelbild_debatte_kompakt_2024-362x512.png\" alt=\"\" title=\"cover_picture_debate_compact_2024\" \/><\/div>            <div class=\"debate-name\">\r\n                <a href=\"https:\/\/kath-akademie-bayern.de\/wp-content\/uploads\/debatte_kompakt_2024.pdf\" target=\"_blank\">Special issue 2024 <\/a>\r\n            <\/div>\r\n            <div class=\"debate-excerpt\">Digital Academy<\/div>\r\n        <\/div>\r\n        <div class=\"debate-icon\">\r\n            <button data-bs-toggle=\"modal\" data-bs-target=\"#modal-debate-sonderheft-2024\" class=\"elementor-button debate-arrow\">\r\n                <span class=\"screen-reader-text\">View debate<\/span>\r\n                <i class=\"fal fa-arrows fa-rotate-45\" aria-hidden=\"true\"><\/i>\r\n            <\/button>\r\n\r\n                        <div class=\"modal fade\" id=\"modal-debate-sonderheft-2024\" tabindex=\"-1\" aria-hidden=\"true\">\r\n    <button type=\"button\" class=\"modal-close\" data-bs-dismiss=\"modal\" aria-label=\"Close\">\r\n        <span class=\"screen-reader-text\">Close<\/span>\r\n        <i class=\"fas fa-times\" aria-hidden=\"true\"><\/i>\r\n    <\/button>\r\n\r\n    <div class=\"modal-dialog modal-dialog-centered\">\r\n        <div class=\"modal-content\">\r\n            <div class=\"modal-body\">\r\n                <div class=\"image-wrapper\">\r\n                                            <div class=\"debate-preview\"><img loading=\"lazy\" decoding=\"async\" width=\"1024\" height=\"724\" src=\"https:\/\/kath-akademie-bayern.de\/wp-content\/uploads\/Inhaltsverzeichnis_debatte_kompakt_2024-1024x724.jpg\" class=\"attachment-large size-large\" alt=\"\" srcset=\"https:\/\/kath-akademie-bayern.de\/wp-content\/uploads\/Inhaltsverzeichnis_debatte_kompakt_2024-1024x724.jpg 1024w, https:\/\/kath-akademie-bayern.de\/wp-content\/uploads\/Inhaltsverzeichnis_debatte_kompakt_2024-512x362.jpg 512w, https:\/\/kath-akademie-bayern.de\/wp-content\/uploads\/Inhaltsverzeichnis_debatte_kompakt_2024-768x543.jpg 768w, https:\/\/kath-akademie-bayern.de\/wp-content\/uploads\/Inhaltsverzeichnis_debatte_kompakt_2024-1536x1086.jpg 1536w, https:\/\/kath-akademie-bayern.de\/wp-content\/uploads\/Inhaltsverzeichnis_debatte_kompakt_2024-18x12.jpg 18w, https:\/\/kath-akademie-bayern.de\/wp-content\/uploads\/Inhaltsverzeichnis_debatte_kompakt_2024-360x255.jpg 360w, https:\/\/kath-akademie-bayern.de\/wp-content\/uploads\/Inhaltsverzeichnis_debatte_kompakt_2024-1440x1018.jpg 1440w, https:\/\/kath-akademie-bayern.de\/wp-content\/uploads\/Inhaltsverzeichnis_debatte_kompakt_2024.jpg 1700w\" sizes=\"auto, (max-width: 1024px) 100vw, 1024px\" \/><\/div>\r\n                                    <\/div>\r\n                <div class=\"d-flex flex-wrap gap-4\">\r\n                    <div class=\"download-button elementor-widget-button elementor-button-primary\">\r\n                        <a href=\"https:\/\/kath-akademie-bayern.de\/wp-content\/uploads\/debatte_kompakt_2024.pdf\" target=\"_blank\" class=\"elementor-button\">Download<\/a>\r\n                    <\/div>\r\n                                    <\/div>\r\n\r\n                            <\/div>\r\n        <\/div>\r\n    <\/div>\r\n<\/div>\r\n        <\/div>\r\n    <\/div>\r\n<\/div>\r\n<div class=\"debate-list-item\">\r\n    <div class=\"debate-inner d-flex justify-content-between align-items-center\">\r\n        <div class=\"debate-list-content\">\r\n            <div class=\"preview-icon\"><img decoding=\"async\" src=\"https:\/\/kath-akademie-bayern.de\/wp-content\/uploads\/Titelbild_debatte_2024-2-362x512.png\" alt=\"\" title=\"Titelbild_debatte_2024-2\" \/><\/div>            <div class=\"debate-name\">\r\n                <a href=\"https:\/\/kath-akademie-bayern.de\/wp-content\/uploads\/debatte_2024-2.pdf\" target=\"_blank\">Issue 2\/2024 <\/a>\r\n            <\/div>\r\n            <div class=\"debate-excerpt\">Up to the challenge of change?<\/div>\r\n        <\/div>\r\n        <div class=\"debate-icon\">\r\n            <button data-bs-toggle=\"modal\" data-bs-target=\"#modal-debate-heft-2-2024\" class=\"elementor-button debate-arrow\">\r\n                <span class=\"screen-reader-text\">View debate<\/span>\r\n                <i class=\"fal fa-arrows fa-rotate-45\" aria-hidden=\"true\"><\/i>\r\n            <\/button>\r\n\r\n                        <div class=\"modal fade\" id=\"modal-debate-heft-2-2024\" tabindex=\"-1\" aria-hidden=\"true\">\r\n    <button type=\"button\" class=\"modal-close\" data-bs-dismiss=\"modal\" aria-label=\"Close\">\r\n        <span class=\"screen-reader-text\">Close<\/span>\r\n        <i class=\"fas fa-times\" aria-hidden=\"true\"><\/i>\r\n    <\/button>\r\n\r\n    <div class=\"modal-dialog modal-dialog-centered\">\r\n        <div class=\"modal-content\">\r\n            <div class=\"modal-body\">\r\n                <div class=\"image-wrapper\">\r\n                    <div class=\"_3d-flip-book  fb3d-fullscreen-mode full-size\" data-id=\"104027\" data-mode=\"fullscreen\" data-title=\"false\" data-template=\"short-white-book-view\" data-lightbox=\"dark-shadow\" data-urlparam=\"fb3d-page\" data-page-n=\"0\" data-pdf=\"\" data-tax=\"null\" data-thumbnail=\"\" data-cols=\"3\" data-book-template=\"default\" data-trigger=\"\"><\/div><script type=\"text\/javascript\">window.FB3D_CLIENT_DATA = window.FB3D_CLIENT_DATA || [];FB3D_CLIENT_DATA.push('eyJwb3N0cyI6eyIxMDQwMjciOnsiSUQiOjEwNDAyNywidGl0bGUiOiJIZWZ0IDJcLzIwMjQiLCJ0eXBlIjoicGRmIiwicmVhZHlfZnVuY3Rpb24iOiIiLCJib29rX3N0eWxlIjoidm9sdW1lIiwiYm9va190ZW1wbGF0ZSI6Im5vbmUiLCJvdXRsaW5lIjpbXSwiZGF0YSI6eyJwb3N0X0lEIjoiODM1MjMiLCJndWlkIjoiaHR0cHM6XC9cL2thdGgtYWthZGVtaWUtYmF5ZXJuLmRlXC93cC1jb250ZW50XC91cGxvYWRzXC9kZWJhdHRlXzIwMjQtMi5wZGYiLCJwZGZfcGFnZXMiOiIxMDAiLCJwYWdlc19jdXN0b21pemF0aW9uIjoibm9uZSJ9LCJ0aHVtYm5haWwiOnsiZGF0YSI6eyJwb3N0X0lEIjoiODM1MjQifSwidHlwZSI6Im1lZGlhSW1hZ2UifSwicHJvcHMiOnsiYmFja2dyb3VuZENvbG9yIjoiYXV0byIsImJhY2tncm91bmRJbWFnZSI6ImF1dG8iLCJiYWNrZ3JvdW5kU3R5bGUiOiJhdXRvIiwiaGlnaGxpZ2h0TGlua3MiOiJhdXRvIiwibGlnaHRpbmciOiJhdXRvIiwic2luZ2xlUGFnZU1vZGUiOiJhdXRvIiwiY2FjaGVkUGFnZXMiOiJhdXRvIiwicmVuZGVySW5hY3RpdmVQYWdlcyI6ImF1dG8iLCJyZW5kZXJJbmFjdGl2ZVBhZ2VzT25Nb2JpbGUiOiJhdXRvIiwicmVuZGVyV2hpbGVGbGlwcGluZyI6ImF1dG8iLCJwcmVsb2FkUGFnZXMiOiJhdXRvIiwiYXV0b1BsYXlEdXJhdGlvbiI6ImF1dG8iLCJydGwiOiJhdXRvIiwiaW50ZXJhY3RpdmVDb3JuZXJzIjoiYXV0byIsIm1heERlcHRoIjoiYXV0byIsInNoZWV0Ijp7InN0YXJ0VmVsb2NpdHkiOiJhdXRvIiwid2F2ZSI6ImF1dG8iLCJzaGFwZSI6ImF1dG8iLCJ3aWR0aFRleGVscyI6ImF1dG8iLCJjb2xvciI6ImF1dG8iLCJzaWRlIjoiYXV0byIsInN0cmV0Y2hJbWFnZXMiOiJhdXRvIiwiY29ybmVyRGV2aWF0aW9uIjoiYXV0byIsImZsZXhpYmlsaXR5IjoiYXV0byIsImZsZXhpYmxlQ29ybmVyIjoiYXV0byIsImJlbmRpbmciOiJhdXRvIiwiaGVpZ2h0VGV4ZWxzIjoiYXV0byJ9LCJjb3ZlciI6eyJ3YXZlIjoiYXV0byIsImNvbG9yIjoiYXV0byIsInNpZGUiOiJhdXRvIiwic3RyZXRjaEltYWdlcyI6ImF1dG8iLCJiaW5kZXJUZXh0dXJlIjoiYXV0byIsImRlcHRoIjoiYXV0byIsInBhZGRpbmciOiJhdXRvIiwic3RhcnRWZWxvY2l0eSI6ImF1dG8iLCJmbGV4aWJpbGl0eSI6ImF1dG8iLCJmbGV4aWJsZUNvcm5lciI6ImF1dG8iLCJiZW5kaW5nIjoiYXV0byIsIndpZHRoVGV4ZWxzIjoiYXV0byIsImhlaWdodFRleGVscyI6ImF1dG8iLCJtYXNzIjoiYXV0byIsInNoYXBlIjoiYXV0byJ9LCJwYWdlIjp7IndhdmUiOiJhdXRvIiwiY29sb3IiOiJhdXRvIiwic2lkZSI6ImF1dG8iLCJzdHJldGNoSW1hZ2VzIjoiYXV0byIsImRlcHRoIjoiYXV0byIsInN0YXJ0VmVsb2NpdHkiOiJhdXRvIiwiZmxleGliaWxpdHkiOiJhdXRvIiwiZmxleGlibGVDb3JuZXIiOiJhdXRvIiwiYmVuZGluZyI6ImF1dG8iLCJ3aWR0aFRleGVscyI6ImF1dG8iLCJoZWlnaHRUZXhlbHMiOiJhdXRvIiwibWFzcyI6ImF1dG8iLCJzaGFwZSI6ImF1dG8ifSwiaGVpZ2h0IjoiYXV0byIsIndpZHRoIjoiYXV0byIsImdyYXZpdHkiOiJhdXRvIiwicGFnZXNGb3JQcmVkaWN0aW5nIjoiYXV0byJ9LCJjb250cm9sUHJvcHMiOnsiYWN0aW9ucyI6eyJjbWRUb2MiOnsiZW5hYmxlZCI6ImF1dG8iLCJlbmFibGVkSW5OYXJyb3ciOiJhdXRvIiwiYWN0aXZlIjoiYXV0byIsImRlZmF1bHRUYWIiOiJhdXRvIn0sImNtZEF1dG9QbGF5Ijp7ImVuYWJsZWQiOiJhdXRvIiwiZW5hYmxlZEluTmFycm93IjoiYXV0byIsImFjdGl2ZSI6ImF1dG8ifSwiY21kU2F2ZSI6eyJlbmFibGVkIjoiYXV0byIsImVuYWJsZWRJbk5hcnJvdyI6ImF1dG8ifSwiY21kUHJpbnQiOnsiZW5hYmxlZCI6ImF1dG8iLCJlbmFibGVkSW5OYXJyb3ciOiJhdXRvIn0sImNtZFNpbmdsZVBhZ2UiOnsiZW5hYmxlZCI6ImF1dG8iLCJlbmFibGVkSW5OYXJyb3ciOiJhdXRvIiwiYWN0aXZlIjoiYXV0byIsImFjdGl2ZUZvck1vYmlsZSI6ImF1dG8ifSwid2lkVG9vbGJhciI6eyJlbmFibGVkIjoiYXV0byIsImVuYWJsZWRJbk5hcnJvdyI6ImF1dG8ifX19LCJhdXRvVGh1bWJuYWlsIjpudWxsLCJwb3N0X25hbWUiOiJoZWZ0LTItMjAyNCIsInBvc3RfdHlwZSI6IjNkLWZsaXAtYm9vayJ9fSwicGFnZXMiOltdLCJmaXJzdFBhZ2VzIjpbXX0=');window.FB3D_CLIENT_LOCALE && FB3D_CLIENT_LOCALE.render && FB3D_CLIENT_LOCALE.render();<\/script>                <\/div>\r\n                <div class=\"d-flex flex-wrap gap-4\">\r\n                    <div class=\"download-button elementor-widget-button elementor-button-primary\">\r\n                        <a href=\"https:\/\/kath-akademie-bayern.de\/wp-content\/uploads\/debatte_2024-2.pdf\" target=\"_blank\" class=\"elementor-button\">Download<\/a>\r\n                    <\/div>\r\n                                            <div class=\"download-button elementor-widget-button elementor-button-primary\">\r\n                            <button class=\"elementor-button d-flex align-items-center gap-3\" type=\"button\" data-bs-toggle=\"collapse\" data-bs-target=\"#modal-debate-heft-2-2024-media-list-69f34af825e97\" aria-expanded=\"false\" aria-controls=\"modal-debate-heft-2-2024-media-list-69f34af825e97\">\r\n                                <span class=\"elementor-button-text\">Artikel<\/span>\r\n                                <i class=\"fas fa-chevron-down\" aria-hidden=\"true\"><\/i>\r\n                            <\/button>\r\n                        <\/div>\r\n                                    <\/div>\r\n\r\n                <div class=\"debate-list collapse mt-6\" id=\"modal-debate-heft-2-2024-media-list-69f34af825e97\" data-bs-parent=\"#latest-debate-list\">\n            <div class=\"debate-list-item\">\n            <div class=\"debate-inner d-flex justify-content-between align-items-center\">\n                <div class=\"debate-list-content\">\n                    <div class=\"debate-excerpt fw-normal\"><a href=\"https:\/\/kath-akademie-bayern.de\/en\/referent\/prof-dr-horst-dreier\/\" target=\"_blank\">Dreier, Horst<\/a><\/div>\n                    <div class=\"debate-name w-auto\">\n                        <a href=\"https:\/\/kath-akademie-bayern.de\/en\/mediathek-eintrag\/selbstschutzmechanismen-des-grundgesetzes-zum-politischen-system-der-wehrhaften-demokratie\/\" target=\"_blank\">Self-protection mechanisms of the Basic Law<\/a>\n                    <\/div>\n                    <div class=\"debate-excerpt\">The political system of a defence-oriented democracy<\/div>\n                <\/div>\n\n                <div class=\"debate-icon\">\n                    <a href=\"https:\/\/kath-akademie-bayern.de\/en\/mediathek-eintrag\/selbstschutzmechanismen-des-grundgesetzes-zum-politischen-system-der-wehrhaften-demokratie\/\" target=\"_blank\" class=\"elementor-button debate-arrow\">\n                        <span class=\"screen-reader-text\">Download file<\/span>\n                        <i class=\"fas fa-file\" aria-hidden=\"true\"><\/i>\n                    <\/a>\n                <\/div>\n            <\/div>\n        <\/div>\n                    <div class=\"debate-list-item\">\n            <div class=\"debate-inner d-flex justify-content-between align-items-center\">\n                <div class=\"debate-list-content\">\n                    <div class=\"debate-excerpt fw-normal\"><a href=\"https:\/\/kath-akademie-bayern.de\/en\/referent\/friedrich-zillessen\/\" target=\"_blank\">Zillessen, Friedrich<\/a><\/div>\n                    <div class=\"debate-name w-auto\">\n                        <a href=\"https:\/\/kath-akademie-bayern.de\/en\/mediathek-eintrag\/was-waere-wenn-thueringen-wahl-szenarioanalyse-und-ziviler-verfassungsschutz\/\" target=\"_blank\">What if?<\/a>\n                    <\/div>\n                    <div class=\"debate-excerpt\">Thuringia election, scenario analysis and civil defence of the constitution<\/div>\n                <\/div>\n\n                <div class=\"debate-icon\">\n                    <a href=\"https:\/\/kath-akademie-bayern.de\/en\/mediathek-eintrag\/was-waere-wenn-thueringen-wahl-szenarioanalyse-und-ziviler-verfassungsschutz\/\" target=\"_blank\" class=\"elementor-button debate-arrow\">\n                        <span class=\"screen-reader-text\">Download file<\/span>\n                        <i class=\"fas fa-file\" aria-hidden=\"true\"><\/i>\n                    <\/a>\n                <\/div>\n            <\/div>\n        <\/div>\n                    <div class=\"debate-list-item\">\n            <div class=\"debate-inner d-flex justify-content-between align-items-center\">\n                <div class=\"debate-list-content\">\n                    <div class=\"debate-excerpt fw-normal\"><a href=\"https:\/\/kath-akademie-bayern.de\/en\/referent\/prof-dr-georg-imdahl\/\" target=\"_blank\">Imdahl, Georg<\/a><\/div>\n                    <div class=\"debate-name w-auto\">\n                        <a href=\"https:\/\/kath-akademie-bayern.de\/en\/mediathek-eintrag\/zeitgenoessisch-krisen-und-konfliktorientiert-eine-einordnung-der-ausstellung-pinxit\/\" target=\"_blank\">Contemporary, crisis- and conflict-orientated<\/a>\n                    <\/div>\n                    <div class=\"debate-excerpt\">A categorisation of the PINXIT exhibition<\/div>\n                <\/div>\n\n                <div class=\"debate-icon\">\n                    <a href=\"https:\/\/kath-akademie-bayern.de\/en\/mediathek-eintrag\/zeitgenoessisch-krisen-und-konfliktorientiert-eine-einordnung-der-ausstellung-pinxit\/\" target=\"_blank\" class=\"elementor-button debate-arrow\">\n                        <span class=\"screen-reader-text\">Download file<\/span>\n                        <i class=\"fas fa-file\" aria-hidden=\"true\"><\/i>\n                    <\/a>\n                <\/div>\n            <\/div>\n        <\/div>\n                    <div class=\"debate-list-item\">\n            <div class=\"debate-inner d-flex justify-content-between align-items-center\">\n                <div class=\"debate-list-content\">\n                    <div class=\"debate-excerpt fw-normal\"><a href=\"https:\/\/kath-akademie-bayern.de\/en\/referent\/johanna-zenk\/\" target=\"_blank\">Zenk, Johanna<\/a><\/div>\n                    <div class=\"debate-name w-auto\">\n                        <a href=\"https:\/\/kath-akademie-bayern.de\/en\/mediathek-eintrag\/demografie-digitalisierung-dekarbonisierung-die-zukuenftigen-arbeitsmarktentwicklungen-inmitten-der-transformation\/\" target=\"_blank\">Demography, digitalisation, decarbonisation<\/a>\n                    <\/div>\n                    <div class=\"debate-excerpt\">Future labour market developments in the midst of transformation<\/div>\n                <\/div>\n\n                <div class=\"debate-icon\">\n                    <a href=\"https:\/\/kath-akademie-bayern.de\/en\/mediathek-eintrag\/demografie-digitalisierung-dekarbonisierung-die-zukuenftigen-arbeitsmarktentwicklungen-inmitten-der-transformation\/\" target=\"_blank\" class=\"elementor-button debate-arrow\">\n                        <span class=\"screen-reader-text\">Download file<\/span>\n                        <i class=\"fas fa-file\" aria-hidden=\"true\"><\/i>\n                    <\/a>\n                <\/div>\n            <\/div>\n        <\/div>\n                    <div class=\"debate-list-item\">\n            <div class=\"debate-inner d-flex justify-content-between align-items-center\">\n                <div class=\"debate-list-content\">\n                    <div class=\"debate-excerpt fw-normal\"><a href=\"https:\/\/kath-akademie-bayern.de\/en\/referent\/jean-asselborn\/\" target=\"_blank\">Asselborn, Jean<\/a><\/div>\n                    <div class=\"debate-name w-auto\">\n                        <a href=\"https:\/\/kath-akademie-bayern.de\/en\/mediathek-eintrag\/gemeinsam-stark-die-rolle-der-europaeischen-union-in-der-multipolaren-weltordnung\/\" target=\"_blank\">Strong together<\/a>\n                    <\/div>\n                    <div class=\"debate-excerpt\">The role of the European Union in the multipolar world order<\/div>\n                <\/div>\n\n                <div class=\"debate-icon\">\n                    <a href=\"https:\/\/kath-akademie-bayern.de\/en\/mediathek-eintrag\/gemeinsam-stark-die-rolle-der-europaeischen-union-in-der-multipolaren-weltordnung\/\" target=\"_blank\" class=\"elementor-button debate-arrow\">\n                        <span class=\"screen-reader-text\">Download file<\/span>\n                        <i class=\"fas fa-file\" aria-hidden=\"true\"><\/i>\n                    <\/a>\n                <\/div>\n            <\/div>\n        <\/div>\n                    <div class=\"debate-list-item\">\n            <div class=\"debate-inner d-flex justify-content-between align-items-center\">\n                <div class=\"debate-list-content\">\n                    <div class=\"debate-excerpt fw-normal\"><a href=\"https:\/\/kath-akademie-bayern.de\/en\/referent\/ariadne-klingbeil\/\" target=\"_blank\">Klingbeil, Ariadne<\/a> | <a href=\"https:\/\/kath-akademie-bayern.de\/en\/referent\/anina-veigel\/\" target=\"_blank\">Veigel, Anina<\/a><\/div>\n                    <div class=\"debate-name w-auto\">\n                        <a href=\"https:\/\/kath-akademie-bayern.de\/en\/mediathek-eintrag\/ueber-ki-und-ihre-auswirkungen-auf-gesellschaft-kirche-und-medien-zwei-medienschaffende-trafen-sich-zum-kamingespraech\/\" target=\"_blank\">On AI and its impact on society, the church and the media<\/a>\n                    <\/div>\n                    <div class=\"debate-excerpt\">Two media professionals met for a fireside chat<\/div>\n                <\/div>\n\n                <div class=\"debate-icon\">\n                    <a href=\"https:\/\/kath-akademie-bayern.de\/en\/mediathek-eintrag\/ueber-ki-und-ihre-auswirkungen-auf-gesellschaft-kirche-und-medien-zwei-medienschaffende-trafen-sich-zum-kamingespraech\/\" target=\"_blank\" class=\"elementor-button debate-arrow\">\n                        <span class=\"screen-reader-text\">Download file<\/span>\n                        <i class=\"fas fa-file\" aria-hidden=\"true\"><\/i>\n                    <\/a>\n                <\/div>\n            <\/div>\n        <\/div>\n                    <div class=\"debate-list-item\">\n            <div class=\"debate-inner d-flex justify-content-between align-items-center\">\n                <div class=\"debate-list-content\">\n                    <div class=\"debate-excerpt fw-normal\"><a href=\"https:\/\/kath-akademie-bayern.de\/en\/referent\/matthias-meitzler\/\" target=\"_blank\">Meitzler, Matthias<\/a><\/div>\n                    <div class=\"debate-name w-auto\">\n                        <a href=\"https:\/\/kath-akademie-bayern.de\/en\/mediathek-eintrag\/existenz-jenseits-des-koerpers-digitale-unsterblichkeit-durch-ki\/\" target=\"_blank\">Existence beyond the body<\/a>\n                    <\/div>\n                    <div class=\"debate-excerpt\">Digital immortality through AI?<\/div>\n                <\/div>\n\n                <div class=\"debate-icon\">\n                    <a href=\"https:\/\/kath-akademie-bayern.de\/en\/mediathek-eintrag\/existenz-jenseits-des-koerpers-digitale-unsterblichkeit-durch-ki\/\" target=\"_blank\" class=\"elementor-button debate-arrow\">\n                        <span class=\"screen-reader-text\">Download file<\/span>\n                        <i class=\"fas fa-file\" aria-hidden=\"true\"><\/i>\n                    <\/a>\n                <\/div>\n            <\/div>\n        <\/div>\n                    <div class=\"debate-list-item\">\n            <div class=\"debate-inner d-flex justify-content-between align-items-center\">\n                <div class=\"debate-list-content\">\n                    <div class=\"debate-excerpt fw-normal\"><a href=\"https:\/\/kath-akademie-bayern.de\/en\/referent\/prof-dr-holger-sievert\/\" target=\"_blank\">Sievert, Holger<\/a><\/div>\n                    <div class=\"debate-name w-auto\">\n                        <a href=\"https:\/\/kath-akademie-bayern.de\/en\/mediathek-eintrag\/verpasste-chancen-zum-kirchlichen-umgang-mit-kuenstlicher-intelligenz-und-digitalisierung\/\" target=\"_blank\">Missed opportunities<\/a>\n                    <\/div>\n                    <div class=\"debate-excerpt\">The church's approach to artificial intelligence and digitalisation<\/div>\n                <\/div>\n\n                <div class=\"debate-icon\">\n                    <a href=\"https:\/\/kath-akademie-bayern.de\/en\/mediathek-eintrag\/verpasste-chancen-zum-kirchlichen-umgang-mit-kuenstlicher-intelligenz-und-digitalisierung\/\" target=\"_blank\" class=\"elementor-button debate-arrow\">\n                        <span class=\"screen-reader-text\">Download file<\/span>\n                        <i class=\"fas fa-file\" aria-hidden=\"true\"><\/i>\n                    <\/a>\n                <\/div>\n            <\/div>\n        <\/div>\n                    <div class=\"debate-list-item\">\n            <div class=\"debate-inner d-flex justify-content-between align-items-center\">\n                <div class=\"debate-list-content\">\n                    <div class=\"debate-excerpt fw-normal\"><a href=\"https:\/\/kath-akademie-bayern.de\/en\/referent\/pd-dr-rudolf-seising\/\" target=\"_blank\">Seising, PD Dr Rudolf<\/a><\/div>\n                    <div class=\"debate-name w-auto\">\n                        <a href=\"https:\/\/kath-akademie-bayern.de\/en\/mediathek-eintrag\/von-der-mannigfaltigkeit-der-ki-geschichte-imitation-menschlicher-intelligenz-und-statistische-voraussage-praegten-den-begriff-der-kuenstlichen-intelligenz\/\" target=\"_blank\">The diversity of the history of AI<\/a>\n                    <\/div>\n                    <div class=\"debate-excerpt\">Imitation of human intelligence and statistical prediction coined the term \"artificial intelligence\"<\/div>\n                <\/div>\n\n                <div class=\"debate-icon\">\n                    <a href=\"https:\/\/kath-akademie-bayern.de\/en\/mediathek-eintrag\/von-der-mannigfaltigkeit-der-ki-geschichte-imitation-menschlicher-intelligenz-und-statistische-voraussage-praegten-den-begriff-der-kuenstlichen-intelligenz\/\" target=\"_blank\" class=\"elementor-button debate-arrow\">\n                        <span class=\"screen-reader-text\">Download file<\/span>\n                        <i class=\"fas fa-file\" aria-hidden=\"true\"><\/i>\n                    <\/a>\n                <\/div>\n            <\/div>\n        <\/div>\n                    <div class=\"debate-list-item\">\n            <div class=\"debate-inner d-flex justify-content-between align-items-center\">\n                <div class=\"debate-list-content\">\n                    <div class=\"debate-excerpt fw-normal\"><a href=\"https:\/\/kath-akademie-bayern.de\/en\/referent\/prof-dr-karoline-reinhardt\/\" target=\"_blank\">Reinhardt, Prof Dr Karoline<\/a><\/div>\n                    <div class=\"debate-name w-auto\">\n                        <a href=\"https:\/\/kath-akademie-bayern.de\/en\/mediathek-eintrag\/sprachmodelle-wahrhaftigkeit-und-die-soziale-natur-des-wissens-kuenstliche-intelligenz-in-einer-demokratischen-gesellschaft\/\" target=\"_blank\">Language models, truthfulness and the social nature of knowledge<\/a>\n                    <\/div>\n                    <div class=\"debate-excerpt\">Artificial intelligence in a democratic society<\/div>\n                <\/div>\n\n                <div class=\"debate-icon\">\n                    <a href=\"https:\/\/kath-akademie-bayern.de\/en\/mediathek-eintrag\/sprachmodelle-wahrhaftigkeit-und-die-soziale-natur-des-wissens-kuenstliche-intelligenz-in-einer-demokratischen-gesellschaft\/\" target=\"_blank\" class=\"elementor-button debate-arrow\">\n                        <span class=\"screen-reader-text\">Download file<\/span>\n                        <i class=\"fas fa-file\" aria-hidden=\"true\"><\/i>\n                    <\/a>\n                <\/div>\n            <\/div>\n        <\/div>\n                    <div class=\"debate-list-item\">\n            <div class=\"debate-inner d-flex justify-content-between align-items-center\">\n                <div class=\"debate-list-content\">\n                    <div class=\"debate-excerpt fw-normal\"><a href=\"https:\/\/kath-akademie-bayern.de\/en\/referent\/prof-dr-susannah-cornwall\/\" target=\"_blank\">Cornwall, Prof. Dr Susannah<\/a><\/div>\n                    <div class=\"debate-name w-auto\">\n                        <a href=\"https:\/\/kath-akademie-bayern.de\/en\/mediathek-eintrag\/intergeschlechtlichkeit-theologische-perspektiven-und-ethische-konsequenzen\/\" target=\"_blank\">Intersex<\/a>\n                    <\/div>\n                    <div class=\"debate-excerpt\">Theological perspectives and ethical consequences<\/div>\n                <\/div>\n\n                <div class=\"debate-icon\">\n                    <a href=\"https:\/\/kath-akademie-bayern.de\/en\/mediathek-eintrag\/intergeschlechtlichkeit-theologische-perspektiven-und-ethische-konsequenzen\/\" target=\"_blank\" class=\"elementor-button debate-arrow\">\n                        <span class=\"screen-reader-text\">Download file<\/span>\n                        <i class=\"fas fa-file\" aria-hidden=\"true\"><\/i>\n                    <\/a>\n                <\/div>\n            <\/div>\n        <\/div>\n            <\/div>\n            <\/div>\r\n        <\/div>\r\n    <\/div>\r\n<\/div>\r\n        <\/div>\r\n    <\/div>\r\n<\/div>\r\n<div class=\"debate-list-item\">\r\n    <div class=\"debate-inner d-flex justify-content-between align-items-center\">\r\n        <div class=\"debate-list-content\">\r\n            <div class=\"preview-icon\"><img decoding=\"async\" src=\"https:\/\/kath-akademie-bayern.de\/wp-content\/uploads\/Titelbild_debatte_2024-1-362x512.png\" alt=\"\" title=\"Titelbild_debatte_2024-1\" \/><\/div>            <div class=\"debate-name\">\r\n                <a href=\"https:\/\/kath-akademie-bayern.de\/wp-content\/uploads\/debatte_2024-1.pdf\" target=\"_blank\">Issue 1\/2024 <\/a>\r\n            <\/div>\r\n            <div class=\"debate-excerpt\">Omnipotence, power and powerlessness<\/div>\r\n        <\/div>\r\n        <div class=\"debate-icon\">\r\n            <button data-bs-toggle=\"modal\" data-bs-target=\"#modal-debate-heft-1-2024\" class=\"elementor-button debate-arrow\">\r\n                <span class=\"screen-reader-text\">View debate<\/span>\r\n                <i class=\"fal fa-arrows fa-rotate-45\" aria-hidden=\"true\"><\/i>\r\n            <\/button>\r\n\r\n                        <div class=\"modal fade\" id=\"modal-debate-heft-1-2024\" tabindex=\"-1\" aria-hidden=\"true\">\r\n    <button type=\"button\" class=\"modal-close\" data-bs-dismiss=\"modal\" aria-label=\"Close\">\r\n        <span class=\"screen-reader-text\">Close<\/span>\r\n        <i class=\"fas fa-times\" aria-hidden=\"true\"><\/i>\r\n    <\/button>\r\n\r\n    <div class=\"modal-dialog modal-dialog-centered\">\r\n        <div class=\"modal-content\">\r\n            <div class=\"modal-body\">\r\n                <div class=\"image-wrapper\">\r\n                    <div class=\"_3d-flip-book  fb3d-fullscreen-mode full-size\" data-id=\"104028\" data-mode=\"fullscreen\" data-title=\"false\" data-template=\"short-white-book-view\" data-lightbox=\"dark-shadow\" data-urlparam=\"fb3d-page\" data-page-n=\"0\" data-pdf=\"\" data-tax=\"null\" data-thumbnail=\"\" data-cols=\"3\" data-book-template=\"default\" data-trigger=\"\"><\/div><script type=\"text\/javascript\">window.FB3D_CLIENT_DATA = window.FB3D_CLIENT_DATA || [];FB3D_CLIENT_DATA.push('eyJwb3N0cyI6eyIxMDQwMjgiOnsiSUQiOjEwNDAyOCwidGl0bGUiOiJIZWZ0IDFcLzIwMjQiLCJ0eXBlIjoicGRmIiwicmVhZHlfZnVuY3Rpb24iOiIiLCJib29rX3N0eWxlIjoidm9sdW1lIiwiYm9va190ZW1wbGF0ZSI6Im5vbmUiLCJvdXRsaW5lIjpbXSwiZGF0YSI6eyJwb3N0X0lEIjoiNzE0OTAiLCJndWlkIjoiaHR0cHM6XC9cL2thdGgtYWthZGVtaWUtYmF5ZXJuLmRlXC93cC1jb250ZW50XC91cGxvYWRzXC9kZWJhdHRlXzIwMjQtMS5wZGYiLCJwZGZfcGFnZXMiOiIxMTciLCJwYWdlc19jdXN0b21pemF0aW9uIjoibm9uZSJ9LCJ0aHVtYm5haWwiOnsiZGF0YSI6eyJwb3N0X0lEIjoiNzE0NjEifSwidHlwZSI6Im1lZGlhSW1hZ2UifSwicHJvcHMiOnsiYmFja2dyb3VuZENvbG9yIjoiYXV0byIsImJhY2tncm91bmRJbWFnZSI6ImF1dG8iLCJiYWNrZ3JvdW5kU3R5bGUiOiJhdXRvIiwiaGlnaGxpZ2h0TGlua3MiOiJhdXRvIiwibGlnaHRpbmciOiJhdXRvIiwic2luZ2xlUGFnZU1vZGUiOiJhdXRvIiwiY2FjaGVkUGFnZXMiOiJhdXRvIiwicmVuZGVySW5hY3RpdmVQYWdlcyI6ImF1dG8iLCJyZW5kZXJJbmFjdGl2ZVBhZ2VzT25Nb2JpbGUiOiJhdXRvIiwicmVuZGVyV2hpbGVGbGlwcGluZyI6ImF1dG8iLCJwcmVsb2FkUGFnZXMiOiJhdXRvIiwiYXV0b1BsYXlEdXJhdGlvbiI6ImF1dG8iLCJydGwiOiJhdXRvIiwiaW50ZXJhY3RpdmVDb3JuZXJzIjoiYXV0byIsIm1heERlcHRoIjoiYXV0byIsInNoZWV0Ijp7InN0YXJ0VmVsb2NpdHkiOiJhdXRvIiwid2F2ZSI6ImF1dG8iLCJzaGFwZSI6ImF1dG8iLCJ3aWR0aFRleGVscyI6ImF1dG8iLCJjb2xvciI6ImF1dG8iLCJzaWRlIjoiYXV0byIsInN0cmV0Y2hJbWFnZXMiOiJhdXRvIiwiY29ybmVyRGV2aWF0aW9uIjoiYXV0byIsImZsZXhpYmlsaXR5IjoiYXV0byIsImZsZXhpYmxlQ29ybmVyIjoiYXV0byIsImJlbmRpbmciOiJhdXRvIiwiaGVpZ2h0VGV4ZWxzIjoiYXV0byJ9LCJjb3ZlciI6eyJ3YXZlIjoiYXV0byIsImNvbG9yIjoiYXV0byIsInNpZGUiOiJhdXRvIiwic3RyZXRjaEltYWdlcyI6ImF1dG8iLCJiaW5kZXJUZXh0dXJlIjoiYXV0byIsImRlcHRoIjoiYXV0byIsInBhZGRpbmciOiJhdXRvIiwic3RhcnRWZWxvY2l0eSI6ImF1dG8iLCJmbGV4aWJpbGl0eSI6ImF1dG8iLCJmbGV4aWJsZUNvcm5lciI6ImF1dG8iLCJiZW5kaW5nIjoiYXV0byIsIndpZHRoVGV4ZWxzIjoiYXV0byIsImhlaWdodFRleGVscyI6ImF1dG8iLCJtYXNzIjoiYXV0byIsInNoYXBlIjoiYXV0byJ9LCJwYWdlIjp7IndhdmUiOiJhdXRvIiwiY29sb3IiOiJhdXRvIiwic2lkZSI6ImF1dG8iLCJzdHJldGNoSW1hZ2VzIjoiYXV0byIsImRlcHRoIjoiYXV0byIsInN0YXJ0VmVsb2NpdHkiOiJhdXRvIiwiZmxleGliaWxpdHkiOiJhdXRvIiwiZmxleGlibGVDb3JuZXIiOiJhdXRvIiwiYmVuZGluZyI6ImF1dG8iLCJ3aWR0aFRleGVscyI6ImF1dG8iLCJoZWlnaHRUZXhlbHMiOiJhdXRvIiwibWFzcyI6ImF1dG8iLCJzaGFwZSI6ImF1dG8ifSwiaGVpZ2h0IjoiYXV0byIsIndpZHRoIjoiYXV0byIsImdyYXZpdHkiOiJhdXRvIiwicGFnZXNGb3JQcmVkaWN0aW5nIjoiYXV0byJ9LCJjb250cm9sUHJvcHMiOnsiYWN0aW9ucyI6eyJjbWRUb2MiOnsiZW5hYmxlZCI6ImF1dG8iLCJlbmFibGVkSW5OYXJyb3ciOiJhdXRvIiwiYWN0aXZlIjoiYXV0byIsImRlZmF1bHRUYWIiOiJhdXRvIn0sImNtZEF1dG9QbGF5Ijp7ImVuYWJsZWQiOiJhdXRvIiwiZW5hYmxlZEluTmFycm93IjoiYXV0byIsImFjdGl2ZSI6ImF1dG8ifSwiY21kU2F2ZSI6eyJlbmFibGVkIjoiYXV0byIsImVuYWJsZWRJbk5hcnJvdyI6ImF1dG8ifSwiY21kUHJpbnQiOnsiZW5hYmxlZCI6ImF1dG8iLCJlbmFibGVkSW5OYXJyb3ciOiJhdXRvIn0sImNtZFNpbmdsZVBhZ2UiOnsiZW5hYmxlZCI6ImF1dG8iLCJlbmFibGVkSW5OYXJyb3ciOiJhdXRvIiwiYWN0aXZlIjoiYXV0byIsImFjdGl2ZUZvck1vYmlsZSI6ImF1dG8ifSwid2lkVG9vbGJhciI6eyJlbmFibGVkIjoiYXV0byIsImVuYWJsZWRJbk5hcnJvdyI6ImF1dG8ifX19LCJhdXRvVGh1bWJuYWlsIjpudWxsLCJwb3N0X25hbWUiOiJoZWZ0LTEtMjAyNCIsInBvc3RfdHlwZSI6IjNkLWZsaXAtYm9vayJ9fSwicGFnZXMiOltdLCJmaXJzdFBhZ2VzIjpbXX0=');window.FB3D_CLIENT_LOCALE && FB3D_CLIENT_LOCALE.render && FB3D_CLIENT_LOCALE.render();<\/script>                <\/div>\r\n                <div class=\"d-flex flex-wrap gap-4\">\r\n                    <div class=\"download-button elementor-widget-button elementor-button-primary\">\r\n                        <a href=\"https:\/\/kath-akademie-bayern.de\/wp-content\/uploads\/debatte_2024-1.pdf\" target=\"_blank\" class=\"elementor-button\">Download<\/a>\r\n                    <\/div>\r\n                                            <div class=\"download-button elementor-widget-button elementor-button-primary\">\r\n                            <button class=\"elementor-button d-flex align-items-center gap-3\" type=\"button\" data-bs-toggle=\"collapse\" data-bs-target=\"#modal-debate-heft-1-2024-media-list-69f34af84e01a\" aria-expanded=\"false\" aria-controls=\"modal-debate-heft-1-2024-media-list-69f34af84e01a\">\r\n                                <span class=\"elementor-button-text\">Artikel<\/span>\r\n                                <i class=\"fas fa-chevron-down\" aria-hidden=\"true\"><\/i>\r\n                            <\/button>\r\n                        <\/div>\r\n                                    <\/div>\r\n\r\n                <div class=\"debate-list collapse mt-6\" id=\"modal-debate-heft-1-2024-media-list-69f34af84e01a\" data-bs-parent=\"#latest-debate-list\">\n            <div class=\"debate-list-item\">\n            <div class=\"debate-inner d-flex justify-content-between align-items-center\">\n                <div class=\"debate-list-content\">\n                    <div class=\"debate-excerpt fw-normal\"><a href=\"https:\/\/kath-akademie-bayern.de\/en\/referent\/prof-dr-lawrence-pasternack\/\" target=\"_blank\">Pasternack, Lawrence<\/a><\/div>\n                    <div class=\"debate-name w-auto\">\n                        <a href=\"https:\/\/kath-akademie-bayern.de\/en\/mediathek-eintrag\/argumente-fuer-den-theismus-pascals-wette-und-kants-moralischer-gottesbeweis\/\" target=\"_blank\">Arguments in favour of theism<\/a>\n                    <\/div>\n                    <div class=\"debate-excerpt\">Pascal's wager and Kant's moral proof of God<\/div>\n                <\/div>\n\n                <div class=\"debate-icon\">\n                    <a href=\"https:\/\/kath-akademie-bayern.de\/en\/mediathek-eintrag\/argumente-fuer-den-theismus-pascals-wette-und-kants-moralischer-gottesbeweis\/\" target=\"_blank\" class=\"elementor-button debate-arrow\">\n                        <span class=\"screen-reader-text\">Download file<\/span>\n                        <i class=\"fas fa-file\" aria-hidden=\"true\"><\/i>\n                    <\/a>\n                <\/div>\n            <\/div>\n        <\/div>\n                    <div class=\"debate-list-item\">\n            <div class=\"debate-inner d-flex justify-content-between align-items-center\">\n                <div class=\"debate-list-content\">\n                    <div class=\"debate-excerpt fw-normal\"><a href=\"https:\/\/kath-akademie-bayern.de\/en\/referent\/prof-dr-markus-vogt\/\" target=\"_blank\">Vogt, Markus<\/a><\/div>\n                    <div class=\"debate-name w-auto\">\n                        <a href=\"https:\/\/kath-akademie-bayern.de\/en\/mediathek-eintrag\/macht-aus-sozialethischer-perspektive-konsequente-anwendung-des-subsidiaritaetsprinzips-als-ein-loesungsmodell\/\" target=\"_blank\">Power from a socio-ethical perspective<\/a>\n                    <\/div>\n                    <div class=\"debate-excerpt\">Consistent application of the subsidiarity principle as a solution model<\/div>\n                <\/div>\n\n                <div class=\"debate-icon\">\n                    <a href=\"https:\/\/kath-akademie-bayern.de\/en\/mediathek-eintrag\/macht-aus-sozialethischer-perspektive-konsequente-anwendung-des-subsidiaritaetsprinzips-als-ein-loesungsmodell\/\" target=\"_blank\" class=\"elementor-button debate-arrow\">\n                        <span class=\"screen-reader-text\">Download file<\/span>\n                        <i class=\"fas fa-file\" aria-hidden=\"true\"><\/i>\n                    <\/a>\n                <\/div>\n            <\/div>\n        <\/div>\n                    <div class=\"debate-list-item\">\n            <div class=\"debate-inner d-flex justify-content-between align-items-center\">\n                <div class=\"debate-list-content\">\n                    <div class=\"debate-excerpt fw-normal\"><a href=\"https:\/\/kath-akademie-bayern.de\/en\/referent\/prof-dr-hans-georg-gradl\/\" target=\"_blank\">Gradl, Hans-Georg<\/a><\/div>\n                    <div class=\"debate-name w-auto\">\n                        <a href=\"https:\/\/kath-akademie-bayern.de\/en\/mediathek-eintrag\/macht-und-ohnmacht-in-der-jesusbewegung-was-uns-die-evangelien-und-ein-blick-auf-den-historischen-jesus-verraten\/\" target=\"_blank\">Power and powerlessness in the Jesus movement<\/a>\n                    <\/div>\n                    <div class=\"debate-excerpt\">What the Gospels and a look at the historical Jesus tell us<\/div>\n                <\/div>\n\n                <div class=\"debate-icon\">\n                    <a href=\"https:\/\/kath-akademie-bayern.de\/en\/mediathek-eintrag\/macht-und-ohnmacht-in-der-jesusbewegung-was-uns-die-evangelien-und-ein-blick-auf-den-historischen-jesus-verraten\/\" target=\"_blank\" class=\"elementor-button debate-arrow\">\n                        <span class=\"screen-reader-text\">Download file<\/span>\n                        <i class=\"fas fa-file\" aria-hidden=\"true\"><\/i>\n                    <\/a>\n                <\/div>\n            <\/div>\n        <\/div>\n                    <div class=\"debate-list-item\">\n            <div class=\"debate-inner d-flex justify-content-between align-items-center\">\n                <div class=\"debate-list-content\">\n                    <div class=\"debate-excerpt fw-normal\"><a href=\"https:\/\/kath-akademie-bayern.de\/en\/referent\/prof-dr-hans-georg-gradl\/\" target=\"_blank\">Gradl, Hans-Georg<\/a><\/div>\n                    <div class=\"debate-name w-auto\">\n                        <a href=\"https:\/\/kath-akademie-bayern.de\/en\/mediathek-eintrag\/macht-und-ohnmacht-ein-blick-auf-die-urchristlichen-gemeinden\/\" target=\"_blank\">Power and powerlessness<\/a>\n                    <\/div>\n                    <div class=\"debate-excerpt\">A look at the early Christian communities<\/div>\n                <\/div>\n\n                <div class=\"debate-icon\">\n                    <a href=\"https:\/\/kath-akademie-bayern.de\/en\/mediathek-eintrag\/macht-und-ohnmacht-ein-blick-auf-die-urchristlichen-gemeinden\/\" target=\"_blank\" class=\"elementor-button debate-arrow\">\n                        <span class=\"screen-reader-text\">Download file<\/span>\n                        <i class=\"fas fa-file\" aria-hidden=\"true\"><\/i>\n                    <\/a>\n                <\/div>\n            <\/div>\n        <\/div>\n                    <div class=\"debate-list-item\">\n            <div class=\"debate-inner d-flex justify-content-between align-items-center\">\n                <div class=\"debate-list-content\">\n                    <div class=\"debate-excerpt fw-normal\"><a href=\"https:\/\/kath-akademie-bayern.de\/en\/referent\/sebastian-dietz\/\" target=\"_blank\">Dietz, Sebastian<\/a> | <a href=\"https:\/\/kath-akademie-bayern.de\/en\/referent\/dr-katharina-ebner\/\" target=\"_blank\">Ebner, Katharina<\/a><\/div>\n                    <div class=\"debate-name w-auto\">\n                        <a href=\"https:\/\/kath-akademie-bayern.de\/en\/mediathek-eintrag\/macht-und-individuum-machtmanifestationen-und-strategien-im-kontext-des-synodalen-wegs\/\" target=\"_blank\">Power and the individual<\/a>\n                    <\/div>\n                    <div class=\"debate-excerpt\">Manifestations and strategies of power in the context of the Synodal Path<\/div>\n                <\/div>\n\n                <div class=\"debate-icon\">\n                    <a href=\"https:\/\/kath-akademie-bayern.de\/en\/mediathek-eintrag\/macht-und-individuum-machtmanifestationen-und-strategien-im-kontext-des-synodalen-wegs\/\" target=\"_blank\" class=\"elementor-button debate-arrow\">\n                        <span class=\"screen-reader-text\">Download file<\/span>\n                        <i class=\"fas fa-file\" aria-hidden=\"true\"><\/i>\n                    <\/a>\n                <\/div>\n            <\/div>\n        <\/div>\n                    <div class=\"debate-list-item\">\n            <div class=\"debate-inner d-flex justify-content-between align-items-center\">\n                <div class=\"debate-list-content\">\n                    <div class=\"debate-excerpt fw-normal\"><a href=\"https:\/\/kath-akademie-bayern.de\/en\/referent\/dr-des-matthias-simperl\/\" target=\"_blank\">Simperl, Matthias<\/a><\/div>\n                    <div class=\"debate-name w-auto\">\n                        <a href=\"https:\/\/kath-akademie-bayern.de\/en\/mediathek-eintrag\/das-schreiben-der-synode-von-antiochia-324-325-urk-18-ueberlieferungsgeschichtliche-einordnung-edition-uebersetzung-und-kommentar\/\" target=\"_blank\">The letter of the Synod of Antioch 324\/325 (document 18)<\/a>\n                    <\/div>\n                    <div class=\"debate-excerpt\">Historical classification, edition, translation and commentary<\/div>\n                <\/div>\n\n                <div class=\"debate-icon\">\n                    <a href=\"https:\/\/kath-akademie-bayern.de\/en\/mediathek-eintrag\/das-schreiben-der-synode-von-antiochia-324-325-urk-18-ueberlieferungsgeschichtliche-einordnung-edition-uebersetzung-und-kommentar\/\" target=\"_blank\" class=\"elementor-button debate-arrow\">\n                        <span class=\"screen-reader-text\">Download file<\/span>\n                        <i class=\"fas fa-file\" aria-hidden=\"true\"><\/i>\n                    <\/a>\n                <\/div>\n            <\/div>\n        <\/div>\n                    <div class=\"debate-list-item\">\n            <div class=\"debate-inner d-flex justify-content-between align-items-center\">\n                <div class=\"debate-list-content\">\n                    <div class=\"debate-excerpt fw-normal\"><a href=\"https:\/\/kath-akademie-bayern.de\/en\/referent\/dr-dr-dirk-fischer\/\" target=\"_blank\">Fischer, Dirk<\/a><\/div>\n                    <div class=\"debate-name w-auto\">\n                        <a href=\"https:\/\/kath-akademie-bayern.de\/en\/mediathek-eintrag\/beziehungsethische-perspektiven-in-gesellschaft-kirche-und-bundeswehr-die-katholische-militaerseelsorge-nimmt-sich-dieses-wichtigen-themas-an\/\" target=\"_blank\">Relational Ethical Perspectives in Society, Church and Armed Forces<\/a>\n                    <\/div>\n                    <div class=\"debate-excerpt\">The Catholic military chaplaincy is addressing this important issue<\/div>\n                <\/div>\n\n                <div class=\"debate-icon\">\n                    <a href=\"https:\/\/kath-akademie-bayern.de\/en\/mediathek-eintrag\/beziehungsethische-perspektiven-in-gesellschaft-kirche-und-bundeswehr-die-katholische-militaerseelsorge-nimmt-sich-dieses-wichtigen-themas-an\/\" target=\"_blank\" class=\"elementor-button debate-arrow\">\n                        <span class=\"screen-reader-text\">Download file<\/span>\n                        <i class=\"fas fa-file\" aria-hidden=\"true\"><\/i>\n                    <\/a>\n                <\/div>\n            <\/div>\n        <\/div>\n                    <div class=\"debate-list-item\">\n            <div class=\"debate-inner d-flex justify-content-between align-items-center\">\n                <div class=\"debate-list-content\">\n                    <div class=\"debate-excerpt fw-normal\"><a href=\"https:\/\/kath-akademie-bayern.de\/en\/referent\/prof-dr-christoph-jaeger\/\" target=\"_blank\">Hunter, Christoph<\/a><\/div>\n                    <div class=\"debate-name w-auto\">\n                        <a href=\"https:\/\/kath-akademie-bayern.de\/en\/mediathek-eintrag\/hoffen-wider-die-hoffnung-kann-hoffnung-bleiben-auch-wenn-optimismus-geht\/\" target=\"_blank\">Hoping against hope<\/a>\n                    <\/div>\n                    <div class=\"debate-excerpt\">Can hope remain even when optimism goes?<\/div>\n                <\/div>\n\n                <div class=\"debate-icon\">\n                    <a href=\"https:\/\/kath-akademie-bayern.de\/en\/mediathek-eintrag\/hoffen-wider-die-hoffnung-kann-hoffnung-bleiben-auch-wenn-optimismus-geht\/\" target=\"_blank\" class=\"elementor-button debate-arrow\">\n                        <span class=\"screen-reader-text\">Download file<\/span>\n                        <i class=\"fas fa-file\" aria-hidden=\"true\"><\/i>\n                    <\/a>\n                <\/div>\n            <\/div>\n        <\/div>\n                    <div class=\"debate-list-item\">\n            <div class=\"debate-inner d-flex justify-content-between align-items-center\">\n                <div class=\"debate-list-content\">\n                    <div class=\"debate-excerpt fw-normal\"><a href=\"https:\/\/kath-akademie-bayern.de\/en\/referent\/prof-dr-thomas-brose\/\" target=\"_blank\">Brose, Thomas<\/a><\/div>\n                    <div class=\"debate-name w-auto\">\n                        <a href=\"https:\/\/kath-akademie-bayern.de\/en\/mediathek-eintrag\/vor-100-jahren-kam-romano-guardini-nach-berlin-theologe-philosoph-und-seelsorger-fuer-die-draussen-vor-der-kirchentuer\/\" target=\"_blank\">Romano Guardini came to Berlin 100 years ago<\/a>\n                    <\/div>\n                    <div class=\"debate-excerpt\">Theologian, philosopher and counsellor for those \"outside the church door\"<\/div>\n                <\/div>\n\n                <div class=\"debate-icon\">\n                    <a href=\"https:\/\/kath-akademie-bayern.de\/en\/mediathek-eintrag\/vor-100-jahren-kam-romano-guardini-nach-berlin-theologe-philosoph-und-seelsorger-fuer-die-draussen-vor-der-kirchentuer\/\" target=\"_blank\" class=\"elementor-button debate-arrow\">\n                        <span class=\"screen-reader-text\">Download file<\/span>\n                        <i class=\"fas fa-file\" aria-hidden=\"true\"><\/i>\n                    <\/a>\n                <\/div>\n            <\/div>\n        <\/div>\n                    <div class=\"debate-list-item\">\n            <div class=\"debate-inner d-flex justify-content-between align-items-center\">\n                <div class=\"debate-list-content\">\n                    <div class=\"debate-excerpt fw-normal\"><a href=\"https:\/\/kath-akademie-bayern.de\/en\/referent\/prof-dr-hans-otto-seitschek\/\" target=\"_blank\">Seitschek, Prof Dr Hans Otto<\/a><\/div>\n                    <div class=\"debate-name w-auto\">\n                        <a href=\"https:\/\/kath-akademie-bayern.de\/en\/mediathek-eintrag\/untergang-und-neuer-anfang-romano-guardinis-das-ende-der-neuzeit\/\" target=\"_blank\">Downfall and new beginning<\/a>\n                    <\/div>\n                    <div class=\"debate-excerpt\">Romano Guardini's The End of the Modern Age<\/div>\n                <\/div>\n\n                <div class=\"debate-icon\">\n                    <a href=\"https:\/\/kath-akademie-bayern.de\/en\/mediathek-eintrag\/untergang-und-neuer-anfang-romano-guardinis-das-ende-der-neuzeit\/\" target=\"_blank\" class=\"elementor-button debate-arrow\">\n                        <span class=\"screen-reader-text\">Download file<\/span>\n                        <i class=\"fas fa-file\" aria-hidden=\"true\"><\/i>\n                    <\/a>\n                <\/div>\n            <\/div>\n        <\/div>\n                    <div class=\"debate-list-item\">\n            <div class=\"debate-inner d-flex justify-content-between align-items-center\">\n                <div class=\"debate-list-content\">\n                    <div class=\"debate-excerpt fw-normal\"><a href=\"https:\/\/kath-akademie-bayern.de\/en\/referent\/prof-dr-yvonne-dohna-schlobitten\/\" target=\"_blank\">Dohna-Schlobitten, Prof Dr Yvonne<\/a><\/div>\n                    <div class=\"debate-name w-auto\">\n                        <a href=\"https:\/\/kath-akademie-bayern.de\/en\/mediathek-eintrag\/romano-guardini-und-der-ursprung-seiner-katholischen-weltanschauung-ein-blick-auf-das-ganze-des-kunstwerks-und-der-welt\/\" target=\"_blank\">Romano Guardini and the origins of his Catholic worldview<\/a>\n                    <\/div>\n                    <div class=\"debate-excerpt\">A view of the whole of the artwork and the world<\/div>\n                <\/div>\n\n                <div class=\"debate-icon\">\n                    <a href=\"https:\/\/kath-akademie-bayern.de\/en\/mediathek-eintrag\/romano-guardini-und-der-ursprung-seiner-katholischen-weltanschauung-ein-blick-auf-das-ganze-des-kunstwerks-und-der-welt\/\" target=\"_blank\" class=\"elementor-button debate-arrow\">\n                        <span class=\"screen-reader-text\">Download file<\/span>\n                        <i class=\"fas fa-file\" aria-hidden=\"true\"><\/i>\n                    <\/a>\n                <\/div>\n            <\/div>\n        <\/div>\n                    <div class=\"debate-list-item\">\n            <div class=\"debate-inner d-flex justify-content-between align-items-center\">\n                <div class=\"debate-list-content\">\n                    <div class=\"debate-excerpt fw-normal\"><a href=\"https:\/\/kath-akademie-bayern.de\/en\/referent\/dr-petra-morsbach\/\" target=\"_blank\">Morsbach, Petra<\/a><\/div>\n                    <div class=\"debate-name w-auto\">\n                        <a href=\"https:\/\/kath-akademie-bayern.de\/en\/mediathek-eintrag\/wir-haben-die-macht-ueber-macht-machtmissbrauch-und-widerstand\/\" target=\"_blank\">We have the power<\/a>\n                    <\/div>\n                    <div class=\"debate-excerpt\">About power, abuse of power and resistance<\/div>\n                <\/div>\n\n                <div class=\"debate-icon\">\n                    <a href=\"https:\/\/kath-akademie-bayern.de\/en\/mediathek-eintrag\/wir-haben-die-macht-ueber-macht-machtmissbrauch-und-widerstand\/\" target=\"_blank\" class=\"elementor-button debate-arrow\">\n                        <span class=\"screen-reader-text\">Download file<\/span>\n                        <i class=\"fas fa-file\" aria-hidden=\"true\"><\/i>\n                    <\/a>\n                <\/div>\n            <\/div>\n        <\/div>\n                    <div class=\"debate-list-item\">\n            <div class=\"debate-inner d-flex justify-content-between align-items-center\">\n                <div class=\"debate-list-content\">\n                    <div class=\"debate-excerpt fw-normal\"><a href=\"https:\/\/kath-akademie-bayern.de\/en\/referent\/prof-dr-hubertus-guenther\/\" target=\"_blank\">G\u00fcnther, Hubertus<\/a><\/div>\n                    <div class=\"debate-name w-auto\">\n                        <a href=\"https:\/\/kath-akademie-bayern.de\/en\/mediathek-eintrag\/die-vision-vom-neubau-des-petersdoms\/\" target=\"_blank\">The vision of the new St Peter's Basilica<\/a>\n                    <\/div>\n                    <div class=\"debate-excerpt\"><\/div>\n                <\/div>\n\n                <div class=\"debate-icon\">\n                    <a href=\"https:\/\/kath-akademie-bayern.de\/en\/mediathek-eintrag\/die-vision-vom-neubau-des-petersdoms\/\" target=\"_blank\" class=\"elementor-button debate-arrow\">\n                        <span class=\"screen-reader-text\">Download file<\/span>\n                        <i class=\"fas fa-file\" aria-hidden=\"true\"><\/i>\n                    <\/a>\n                <\/div>\n            <\/div>\n        <\/div>\n            <\/div>\n            <\/div>\r\n        <\/div>\r\n    <\/div>\r\n<\/div>\r\n        <\/div>\r\n    <\/div>\r\n<\/div>\r\n<div class=\"debate-list-item\">\r\n    <div class=\"debate-inner d-flex justify-content-between align-items-center\">\r\n        <div class=\"debate-list-content\">\r\n            <div class=\"preview-icon\"><img decoding=\"async\" src=\"https:\/\/kath-akademie-bayern.de\/wp-content\/uploads\/debatte_2023-4_Titelbild-362x512.png\" alt=\"\" title=\"debatte_2023-4_Titelbild\" \/><\/div>            <div class=\"debate-name\">\r\n                <a href=\"https:\/\/kath-akademie-bayern.de\/wp-content\/uploads\/debatte_2023-4.pdf\" target=\"_blank\">Issue 4\/2023 <\/a>\r\n            <\/div>\r\n            <div class=\"debate-excerpt\">Unity that loves diversity<\/div>\r\n        <\/div>\r\n        <div class=\"debate-icon\">\r\n            <button data-bs-toggle=\"modal\" data-bs-target=\"#modal-debate-heft-4-2023\" class=\"elementor-button debate-arrow\">\r\n                <span class=\"screen-reader-text\">View debate<\/span>\r\n                <i class=\"fal fa-arrows fa-rotate-45\" aria-hidden=\"true\"><\/i>\r\n            <\/button>\r\n\r\n                        <div class=\"modal fade\" id=\"modal-debate-heft-4-2023\" tabindex=\"-1\" aria-hidden=\"true\">\r\n    <button type=\"button\" class=\"modal-close\" data-bs-dismiss=\"modal\" aria-label=\"Close\">\r\n        <span class=\"screen-reader-text\">Close<\/span>\r\n        <i class=\"fas fa-times\" aria-hidden=\"true\"><\/i>\r\n    <\/button>\r\n\r\n    <div class=\"modal-dialog modal-dialog-centered\">\r\n        <div class=\"modal-content\">\r\n            <div class=\"modal-body\">\r\n                <div class=\"image-wrapper\">\r\n                    <div class=\"_3d-flip-book  fb3d-fullscreen-mode full-size\" data-id=\"104029\" data-mode=\"fullscreen\" data-title=\"false\" data-template=\"short-white-book-view\" data-lightbox=\"dark-shadow\" data-urlparam=\"fb3d-page\" data-page-n=\"0\" data-pdf=\"\" data-tax=\"null\" data-thumbnail=\"\" data-cols=\"3\" data-book-template=\"default\" data-trigger=\"\"><\/div><script type=\"text\/javascript\">window.FB3D_CLIENT_DATA = window.FB3D_CLIENT_DATA || [];FB3D_CLIENT_DATA.push('eyJwb3N0cyI6eyIxMDQwMjkiOnsiSUQiOjEwNDAyOSwidGl0bGUiOiJIZWZ0IDRcLzIwMjMiLCJ0eXBlIjoicGRmIiwicmVhZHlfZnVuY3Rpb24iOiIiLCJib29rX3N0eWxlIjoidm9sdW1lIiwiYm9va190ZW1wbGF0ZSI6Im5vbmUiLCJvdXRsaW5lIjpbXSwiZGF0YSI6eyJwb3N0X0lEIjoiNTI4MTYiLCJndWlkIjoiaHR0cHM6XC9cL2thdGgtYWthZGVtaWUtYmF5ZXJuLmRlXC93cC1jb250ZW50XC91cGxvYWRzXC9kZWJhdHRlXzIwMjMtNC5wZGYiLCJwZGZfcGFnZXMiOiIxMTAiLCJwYWdlc19jdXN0b21pemF0aW9uIjoibm9uZSJ9LCJ0aHVtYm5haWwiOnsiZGF0YSI6eyJwb3N0X0lEIjoiNTI4MTcifSwidHlwZSI6Im1lZGlhSW1hZ2UifSwicHJvcHMiOnsiYmFja2dyb3VuZENvbG9yIjoiYXV0byIsImJhY2tncm91bmRJbWFnZSI6ImF1dG8iLCJiYWNrZ3JvdW5kU3R5bGUiOiJhdXRvIiwiaGlnaGxpZ2h0TGlua3MiOiJhdXRvIiwibGlnaHRpbmciOiJhdXRvIiwic2luZ2xlUGFnZU1vZGUiOiJhdXRvIiwiY2FjaGVkUGFnZXMiOiJhdXRvIiwicmVuZGVySW5hY3RpdmVQYWdlcyI6ImF1dG8iLCJyZW5kZXJJbmFjdGl2ZVBhZ2VzT25Nb2JpbGUiOiJhdXRvIiwicmVuZGVyV2hpbGVGbGlwcGluZyI6ImF1dG8iLCJwcmVsb2FkUGFnZXMiOiJhdXRvIiwiYXV0b1BsYXlEdXJhdGlvbiI6ImF1dG8iLCJydGwiOiJhdXRvIiwiaW50ZXJhY3RpdmVDb3JuZXJzIjoiYXV0byIsIm1heERlcHRoIjoiYXV0byIsInNoZWV0Ijp7InN0YXJ0VmVsb2NpdHkiOiJhdXRvIiwid2F2ZSI6ImF1dG8iLCJzaGFwZSI6ImF1dG8iLCJ3aWR0aFRleGVscyI6ImF1dG8iLCJjb2xvciI6ImF1dG8iLCJzaWRlIjoiYXV0byIsInN0cmV0Y2hJbWFnZXMiOiJhdXRvIiwiY29ybmVyRGV2aWF0aW9uIjoiYXV0byIsImZsZXhpYmlsaXR5IjoiYXV0byIsImZsZXhpYmxlQ29ybmVyIjoiYXV0byIsImJlbmRpbmciOiJhdXRvIiwiaGVpZ2h0VGV4ZWxzIjoiYXV0byJ9LCJjb3ZlciI6eyJ3YXZlIjoiYXV0byIsImNvbG9yIjoiYXV0byIsInNpZGUiOiJhdXRvIiwic3RyZXRjaEltYWdlcyI6ImF1dG8iLCJiaW5kZXJUZXh0dXJlIjoiYXV0byIsImRlcHRoIjoiYXV0byIsInBhZGRpbmciOiJhdXRvIiwic3RhcnRWZWxvY2l0eSI6ImF1dG8iLCJmbGV4aWJpbGl0eSI6ImF1dG8iLCJmbGV4aWJsZUNvcm5lciI6ImF1dG8iLCJiZW5kaW5nIjoiYXV0byIsIndpZHRoVGV4ZWxzIjoiYXV0byIsImhlaWdodFRleGVscyI6ImF1dG8iLCJtYXNzIjoiYXV0byIsInNoYXBlIjoiYXV0byJ9LCJwYWdlIjp7IndhdmUiOiJhdXRvIiwiY29sb3IiOiJhdXRvIiwic2lkZSI6ImF1dG8iLCJzdHJldGNoSW1hZ2VzIjoiYXV0byIsImRlcHRoIjoiYXV0byIsInN0YXJ0VmVsb2NpdHkiOiJhdXRvIiwiZmxleGliaWxpdHkiOiJhdXRvIiwiZmxleGlibGVDb3JuZXIiOiJhdXRvIiwiYmVuZGluZyI6ImF1dG8iLCJ3aWR0aFRleGVscyI6ImF1dG8iLCJoZWlnaHRUZXhlbHMiOiJhdXRvIiwibWFzcyI6ImF1dG8iLCJzaGFwZSI6ImF1dG8ifSwiaGVpZ2h0IjoiYXV0byIsIndpZHRoIjoiYXV0byIsImdyYXZpdHkiOiJhdXRvIiwicGFnZXNGb3JQcmVkaWN0aW5nIjoiYXV0byJ9LCJjb250cm9sUHJvcHMiOnsiYWN0aW9ucyI6eyJjbWRUb2MiOnsiZW5hYmxlZCI6ImF1dG8iLCJlbmFibGVkSW5OYXJyb3ciOiJhdXRvIiwiYWN0aXZlIjoiYXV0byIsImRlZmF1bHRUYWIiOiJhdXRvIn0sImNtZEF1dG9QbGF5Ijp7ImVuYWJsZWQiOiJhdXRvIiwiZW5hYmxlZEluTmFycm93IjoiYXV0byIsImFjdGl2ZSI6ImF1dG8ifSwiY21kU2F2ZSI6eyJlbmFibGVkIjoiYXV0byIsImVuYWJsZWRJbk5hcnJvdyI6ImF1dG8ifSwiY21kUHJpbnQiOnsiZW5hYmxlZCI6ImF1dG8iLCJlbmFibGVkSW5OYXJyb3ciOiJhdXRvIn0sImNtZFNpbmdsZVBhZ2UiOnsiZW5hYmxlZCI6ImF1dG8iLCJlbmFibGVkSW5OYXJyb3ciOiJhdXRvIiwiYWN0aXZlIjoiYXV0byIsImFjdGl2ZUZvck1vYmlsZSI6ImF1dG8ifSwid2lkVG9vbGJhciI6eyJlbmFibGVkIjoiYXV0byIsImVuYWJsZWRJbk5hcnJvdyI6ImF1dG8ifX19LCJhdXRvVGh1bWJuYWlsIjpudWxsLCJwb3N0X25hbWUiOiJoZWZ0LTQtMjAyMyIsInBvc3RfdHlwZSI6IjNkLWZsaXAtYm9vayJ9fSwicGFnZXMiOltdLCJmaXJzdFBhZ2VzIjpbXX0=');window.FB3D_CLIENT_LOCALE && FB3D_CLIENT_LOCALE.render && FB3D_CLIENT_LOCALE.render();<\/script>                <\/div>\r\n                <div class=\"d-flex flex-wrap gap-4\">\r\n                    <div class=\"download-button elementor-widget-button elementor-button-primary\">\r\n                        <a href=\"https:\/\/kath-akademie-bayern.de\/wp-content\/uploads\/debatte_2023-4.pdf\" target=\"_blank\" class=\"elementor-button\">Download<\/a>\r\n                    <\/div>\r\n                                            <div class=\"download-button elementor-widget-button elementor-button-primary\">\r\n                            <button class=\"elementor-button d-flex align-items-center gap-3\" type=\"button\" data-bs-toggle=\"collapse\" data-bs-target=\"#modal-debate-heft-4-2023-media-list-69f34af872e66\" aria-expanded=\"false\" aria-controls=\"modal-debate-heft-4-2023-media-list-69f34af872e66\">\r\n                                <span class=\"elementor-button-text\">Artikel<\/span>\r\n                                <i class=\"fas fa-chevron-down\" aria-hidden=\"true\"><\/i>\r\n                            <\/button>\r\n                        <\/div>\r\n                                    <\/div>\r\n\r\n                <div class=\"debate-list collapse mt-6\" id=\"modal-debate-heft-4-2023-media-list-69f34af872e66\" data-bs-parent=\"#latest-debate-list\">\n            <div class=\"debate-list-item\">\n            <div class=\"debate-inner d-flex justify-content-between align-items-center\">\n                <div class=\"debate-list-content\">\n                    <div class=\"debate-excerpt fw-normal\"><a href=\"https:\/\/kath-akademie-bayern.de\/en\/referent\/bischof-em-prof-dr-wolfgang-huber\/\" target=\"_blank\">Huber, Bishop emeritus Prof Dr Wolfgang<\/a><\/div>\n                    <div class=\"debate-name w-auto\">\n                        <a href=\"https:\/\/kath-akademie-bayern.de\/en\/mediathek-eintrag\/praktisches-engagement-mit-wissenschaftlichem-fundament-johanna-rahner-ist-unerschrockene-stimme-fuer-ein-zeitgemaesses-christentum\/\" target=\"_blank\">Practical commitment with a scientific foundation<\/a>\n                    <\/div>\n                    <div class=\"debate-excerpt\">Johanna Rahner is a fearless voice for a contemporary Christianity<\/div>\n                <\/div>\n\n                <div class=\"debate-icon\">\n                    <a href=\"https:\/\/kath-akademie-bayern.de\/en\/mediathek-eintrag\/praktisches-engagement-mit-wissenschaftlichem-fundament-johanna-rahner-ist-unerschrockene-stimme-fuer-ein-zeitgemaesses-christentum\/\" target=\"_blank\" class=\"elementor-button debate-arrow\">\n                        <span class=\"screen-reader-text\">Download file<\/span>\n                        <i class=\"fas fa-file\" aria-hidden=\"true\"><\/i>\n                    <\/a>\n                <\/div>\n            <\/div>\n        <\/div>\n                    <div class=\"debate-list-item\">\n            <div class=\"debate-inner d-flex justify-content-between align-items-center\">\n                <div class=\"debate-list-content\">\n                    <div class=\"debate-excerpt fw-normal\"><a href=\"https:\/\/kath-akademie-bayern.de\/en\/referent\/prof-dr-johanna-rahner\/\" target=\"_blank\">Rahner, Johanna<\/a><\/div>\n                    <div class=\"debate-name w-auto\">\n                        <a href=\"https:\/\/kath-akademie-bayern.de\/en\/mediathek-eintrag\/wer-wenn-nicht-wir-plaedoyer-fuer-eine-oekumenische-theologie-mit-profil\/\" target=\"_blank\">Who, if not us?<\/a>\n                    <\/div>\n                    <div class=\"debate-excerpt\">Plea for an ecumenical theology with a profile<\/div>\n                <\/div>\n\n                <div class=\"debate-icon\">\n                    <a href=\"https:\/\/kath-akademie-bayern.de\/en\/mediathek-eintrag\/wer-wenn-nicht-wir-plaedoyer-fuer-eine-oekumenische-theologie-mit-profil\/\" target=\"_blank\" class=\"elementor-button debate-arrow\">\n                        <span class=\"screen-reader-text\">Download file<\/span>\n                        <i class=\"fas fa-file\" aria-hidden=\"true\"><\/i>\n                    <\/a>\n                <\/div>\n            <\/div>\n        <\/div>\n                    <div class=\"debate-list-item\">\n            <div class=\"debate-inner d-flex justify-content-between align-items-center\">\n                <div class=\"debate-list-content\">\n                    <div class=\"debate-excerpt fw-normal\"><a href=\"https:\/\/kath-akademie-bayern.de\/en\/referent\/reinhard-kardinal-marx\/\" target=\"_blank\">Marx, Reinhard<\/a><\/div>\n                    <div class=\"debate-name w-auto\">\n                        <a href=\"https:\/\/kath-akademie-bayern.de\/en\/mediathek-eintrag\/es-geht-um-die-zukunft-des-christentums-schlusswort-zur-verleihung-des-oekumenischen-preises\/\" target=\"_blank\">It's about the future of Christianity<\/a>\n                    <\/div>\n                    <div class=\"debate-excerpt\">Closing remarks on the presentation of the Ecumenical Prize<\/div>\n                <\/div>\n\n                <div class=\"debate-icon\">\n                    <a href=\"https:\/\/kath-akademie-bayern.de\/en\/mediathek-eintrag\/es-geht-um-die-zukunft-des-christentums-schlusswort-zur-verleihung-des-oekumenischen-preises\/\" target=\"_blank\" class=\"elementor-button debate-arrow\">\n                        <span class=\"screen-reader-text\">Download file<\/span>\n                        <i class=\"fas fa-file\" aria-hidden=\"true\"><\/i>\n                    <\/a>\n                <\/div>\n            <\/div>\n        <\/div>\n                    <div class=\"debate-list-item\">\n            <div class=\"debate-inner d-flex justify-content-between align-items-center\">\n                <div class=\"debate-list-content\">\n                    <div class=\"debate-excerpt fw-normal\"><a href=\"https:\/\/kath-akademie-bayern.de\/en\/referent\/prof-dr-gisela-schlueter-2\/\" target=\"_blank\">Schl\u00fcter, Prof Dr Gisela<\/a><\/div>\n                    <div class=\"debate-name w-auto\">\n                        <a href=\"https:\/\/kath-akademie-bayern.de\/en\/mediathek-eintrag\/mathematisches-genie-und-streitbarer-theologe-ueber-leben-werk-und-wirkungsgeschichte-von-blaise-pascal\/\" target=\"_blank\">Mathematical genius and controversial theologian<\/a>\n                    <\/div>\n                    <div class=\"debate-excerpt\">On the life, work and influence of Blaise Pascal<\/div>\n                <\/div>\n\n                <div class=\"debate-icon\">\n                    <a href=\"https:\/\/kath-akademie-bayern.de\/en\/mediathek-eintrag\/mathematisches-genie-und-streitbarer-theologe-ueber-leben-werk-und-wirkungsgeschichte-von-blaise-pascal\/\" target=\"_blank\" class=\"elementor-button debate-arrow\">\n                        <span class=\"screen-reader-text\">Download file<\/span>\n                        <i class=\"fas fa-file\" aria-hidden=\"true\"><\/i>\n                    <\/a>\n                <\/div>\n            <\/div>\n        <\/div>\n                    <div class=\"debate-list-item\">\n            <div class=\"debate-inner d-flex justify-content-between align-items-center\">\n                <div class=\"debate-list-content\">\n                    <div class=\"debate-excerpt fw-normal\"><a href=\"https:\/\/kath-akademie-bayern.de\/en\/referent\/prof-dr-klaus-herbers\/\" target=\"_blank\">Herbers, Klaus<\/a><\/div>\n                    <div class=\"debate-name w-auto\">\n                        <a href=\"https:\/\/kath-akademie-bayern.de\/en\/mediathek-eintrag\/traditionsgebundenes-handeln-oder-neuanfaenge-das-papsttum-von-leo-ix-bis-gregor-vii-1049-1085-zwischen-urbs-und-orbis\/\" target=\"_blank\">Traditional behaviour or new beginnings?<\/a>\n                    <\/div>\n                    <div class=\"debate-excerpt\">The papacy from Leo IX to Gregory VII (1049-1085) between urbs and orbis<\/div>\n                <\/div>\n\n                <div class=\"debate-icon\">\n                    <a href=\"https:\/\/kath-akademie-bayern.de\/en\/mediathek-eintrag\/traditionsgebundenes-handeln-oder-neuanfaenge-das-papsttum-von-leo-ix-bis-gregor-vii-1049-1085-zwischen-urbs-und-orbis\/\" target=\"_blank\" class=\"elementor-button debate-arrow\">\n                        <span class=\"screen-reader-text\">Download file<\/span>\n                        <i class=\"fas fa-file\" aria-hidden=\"true\"><\/i>\n                    <\/a>\n                <\/div>\n            <\/div>\n        <\/div>\n                    <div class=\"debate-list-item\">\n            <div class=\"debate-inner d-flex justify-content-between align-items-center\">\n                <div class=\"debate-list-content\">\n                    <div class=\"debate-excerpt fw-normal\"><a href=\"https:\/\/kath-akademie-bayern.de\/en\/referent\/prof-dr-jochen-johrendt\/\" target=\"_blank\">Johrendt, Prof Dr Jochen<\/a><\/div>\n                    <div class=\"debate-name w-auto\">\n                        <a href=\"https:\/\/kath-akademie-bayern.de\/en\/mediathek-eintrag\/der-investiturstreit-als-grundlegender-umbruch-ergebnisse-und-folgen-fuer-kirche-und-reich\/\" target=\"_blank\">The Investiture Controversy as a fundamental upheaval<\/a>\n                    <\/div>\n                    <div class=\"debate-excerpt\">Results and consequences for the church and the empire<\/div>\n                <\/div>\n\n                <div class=\"debate-icon\">\n                    <a href=\"https:\/\/kath-akademie-bayern.de\/en\/mediathek-eintrag\/der-investiturstreit-als-grundlegender-umbruch-ergebnisse-und-folgen-fuer-kirche-und-reich\/\" target=\"_blank\" class=\"elementor-button debate-arrow\">\n                        <span class=\"screen-reader-text\">Download file<\/span>\n                        <i class=\"fas fa-file\" aria-hidden=\"true\"><\/i>\n                    <\/a>\n                <\/div>\n            <\/div>\n        <\/div>\n                    <div class=\"debate-list-item\">\n            <div class=\"debate-inner d-flex justify-content-between align-items-center\">\n                <div class=\"debate-list-content\">\n                    <div class=\"debate-excerpt fw-normal\"><a href=\"https:\/\/kath-akademie-bayern.de\/en\/referent\/dr-matthias-schroer\/\" target=\"_blank\">Schr\u00f6r, Dr Matthias<\/a><\/div>\n                    <div class=\"debate-name w-auto\">\n                        <a href=\"https:\/\/kath-akademie-bayern.de\/en\/mediathek-eintrag\/heinrich-iv-und-gregor-vii-die-ergebnisse-von-worms-rom-und-trebur\/\" target=\"_blank\">Henry IV and Gregory VII<\/a>\n                    <\/div>\n                    <div class=\"debate-excerpt\">The results from Worms, Rome and Trebur<\/div>\n                <\/div>\n\n                <div class=\"debate-icon\">\n                    <a href=\"https:\/\/kath-akademie-bayern.de\/en\/mediathek-eintrag\/heinrich-iv-und-gregor-vii-die-ergebnisse-von-worms-rom-und-trebur\/\" target=\"_blank\" class=\"elementor-button debate-arrow\">\n                        <span class=\"screen-reader-text\">Download file<\/span>\n                        <i class=\"fas fa-file\" aria-hidden=\"true\"><\/i>\n                    <\/a>\n                <\/div>\n            <\/div>\n        <\/div>\n                    <div class=\"debate-list-item\">\n            <div class=\"debate-inner d-flex justify-content-between align-items-center\">\n                <div class=\"debate-list-content\">\n                    <div class=\"debate-excerpt fw-normal\"><a href=\"https:\/\/kath-akademie-bayern.de\/en\/referent\/dr-matthias-schroer\/\" target=\"_blank\">Schr\u00f6r, Dr Matthias<\/a><\/div>\n                    <div class=\"debate-name w-auto\">\n                        <a href=\"https:\/\/kath-akademie-bayern.de\/en\/mediathek-eintrag\/der-kampf-der-gegenkoenige-im-reich-heinrich-iv-gegen-rudolf-von-rheinfelden-und-hermann-von-salm\/\" target=\"_blank\">The battle of the counter-kings in the empire<\/a>\n                    <\/div>\n                    <div class=\"debate-excerpt\">Henry IV against Rudolf of Rheinfelden and Hermann of Salm<\/div>\n                <\/div>\n\n                <div class=\"debate-icon\">\n                    <a href=\"https:\/\/kath-akademie-bayern.de\/en\/mediathek-eintrag\/der-kampf-der-gegenkoenige-im-reich-heinrich-iv-gegen-rudolf-von-rheinfelden-und-hermann-von-salm\/\" target=\"_blank\" class=\"elementor-button debate-arrow\">\n                        <span class=\"screen-reader-text\">Download file<\/span>\n                        <i class=\"fas fa-file\" aria-hidden=\"true\"><\/i>\n                    <\/a>\n                <\/div>\n            <\/div>\n        <\/div>\n                    <div class=\"debate-list-item\">\n            <div class=\"debate-inner d-flex justify-content-between align-items-center\">\n                <div class=\"debate-list-content\">\n                    <div class=\"debate-excerpt fw-normal\"><a href=\"https:\/\/kath-akademie-bayern.de\/en\/referent\/prof-dr-gerd-althoff\/\" target=\"_blank\">Althoff, Gerd<\/a><\/div>\n                    <div class=\"debate-name w-auto\">\n                        <a href=\"https:\/\/kath-akademie-bayern.de\/en\/mediathek-eintrag\/konsolidierung-nach-canossa-heinrichs-kampf-um-die-macht-1080-1098\/\" target=\"_blank\">Consolidation after Canossa?<\/a>\n                    <\/div>\n                    <div class=\"debate-excerpt\">Henry's struggle for power: 1080-1098<\/div>\n                <\/div>\n\n                <div class=\"debate-icon\">\n                    <a href=\"https:\/\/kath-akademie-bayern.de\/en\/mediathek-eintrag\/konsolidierung-nach-canossa-heinrichs-kampf-um-die-macht-1080-1098\/\" target=\"_blank\" class=\"elementor-button debate-arrow\">\n                        <span class=\"screen-reader-text\">Download file<\/span>\n                        <i class=\"fas fa-file\" aria-hidden=\"true\"><\/i>\n                    <\/a>\n                <\/div>\n            <\/div>\n        <\/div>\n                    <div class=\"debate-list-item\">\n            <div class=\"debate-inner d-flex justify-content-between align-items-center\">\n                <div class=\"debate-list-content\">\n                    <div class=\"debate-excerpt fw-normal\"><a href=\"https:\/\/kath-akademie-bayern.de\/en\/referent\/prof-dr-gert-melville\/\" target=\"_blank\">Melville, Prof Dr Gert<\/a><\/div>\n                    <div class=\"debate-name w-auto\">\n                        <a href=\"https:\/\/kath-akademie-bayern.de\/en\/mediathek-eintrag\/die-religioesen-virtuosen-und-die-kirchenreform-schlaglichter-auf-das-traditionelle-moenchtum-die-eremiten-und-reformierten-kleriker\/\" target=\"_blank\">Die &#8222;religi\u00f6sen Virtuosen&#8220; und die Kirchenreform<\/a>\n                    <\/div>\n                    <div class=\"debate-excerpt\">Highlights on traditional monasticism, hermits and reformed clerics<\/div>\n                <\/div>\n\n                <div class=\"debate-icon\">\n                    <a href=\"https:\/\/kath-akademie-bayern.de\/en\/mediathek-eintrag\/die-religioesen-virtuosen-und-die-kirchenreform-schlaglichter-auf-das-traditionelle-moenchtum-die-eremiten-und-reformierten-kleriker\/\" target=\"_blank\" class=\"elementor-button debate-arrow\">\n                        <span class=\"screen-reader-text\">Download file<\/span>\n                        <i class=\"fas fa-file\" aria-hidden=\"true\"><\/i>\n                    <\/a>\n                <\/div>\n            <\/div>\n        <\/div>\n                    <div class=\"debate-list-item\">\n            <div class=\"debate-inner d-flex justify-content-between align-items-center\">\n                <div class=\"debate-list-content\">\n                    <div class=\"debate-excerpt fw-normal\"><a href=\"https:\/\/kath-akademie-bayern.de\/en\/referent\/dr-dirk-jaeckel\/\" target=\"_blank\">J\u00e4ckel, Dr Dirk<\/a><\/div>\n                    <div class=\"debate-name w-auto\">\n                        <a href=\"https:\/\/kath-akademie-bayern.de\/en\/mediathek-eintrag\/gott-zu-dienen-bedeutet-regieren-das-herrschaftskonzept-und-die-kirchenpolitik-heinrichs-iii\/\" target=\"_blank\">&#8222;Gott zu dienen, bedeutet regieren&#8220;<\/a>\n                    <\/div>\n                    <div class=\"debate-excerpt\">Henry III's concept of rule and church policy.<\/div>\n                <\/div>\n\n                <div class=\"debate-icon\">\n                    <a href=\"https:\/\/kath-akademie-bayern.de\/en\/mediathek-eintrag\/gott-zu-dienen-bedeutet-regieren-das-herrschaftskonzept-und-die-kirchenpolitik-heinrichs-iii\/\" target=\"_blank\" class=\"elementor-button debate-arrow\">\n                        <span class=\"screen-reader-text\">Download file<\/span>\n                        <i class=\"fas fa-file\" aria-hidden=\"true\"><\/i>\n                    <\/a>\n                <\/div>\n            <\/div>\n        <\/div>\n                    <div class=\"debate-list-item\">\n            <div class=\"debate-inner d-flex justify-content-between align-items-center\">\n                <div class=\"debate-list-content\">\n                    <div class=\"debate-excerpt fw-normal\"><a href=\"https:\/\/kath-akademie-bayern.de\/en\/referent\/prof-dr-thomas-kohl\/\" target=\"_blank\">Kohl, Prof Dr Thomas<\/a><\/div>\n                    <div class=\"debate-name w-auto\">\n                        <a href=\"https:\/\/kath-akademie-bayern.de\/en\/mediathek-eintrag\/das-investiturproblem-investituren-und-investiturverbote-in-den-jahren-1075-1107\/\" target=\"_blank\">The investiture problem<\/a>\n                    <\/div>\n                    <div class=\"debate-excerpt\">Investitures and bans on investitures in the years 1075-1107<\/div>\n                <\/div>\n\n                <div class=\"debate-icon\">\n                    <a href=\"https:\/\/kath-akademie-bayern.de\/en\/mediathek-eintrag\/das-investiturproblem-investituren-und-investiturverbote-in-den-jahren-1075-1107\/\" target=\"_blank\" class=\"elementor-button debate-arrow\">\n                        <span class=\"screen-reader-text\">Download file<\/span>\n                        <i class=\"fas fa-file\" aria-hidden=\"true\"><\/i>\n                    <\/a>\n                <\/div>\n            <\/div>\n        <\/div>\n                    <div class=\"debate-list-item\">\n            <div class=\"debate-inner d-flex justify-content-between align-items-center\">\n                <div class=\"debate-list-content\">\n                    <div class=\"debate-excerpt fw-normal\"><a href=\"https:\/\/kath-akademie-bayern.de\/en\/referent\/markus-blume-mdl\/\" target=\"_blank\">Blume MdL, Markus<\/a><\/div>\n                    <div class=\"debate-name w-auto\">\n                        <a href=\"https:\/\/kath-akademie-bayern.de\/en\/mediathek-eintrag\/die-stimmen-der-freiheit-wir-brauchen-die-kultur-und-die-kirchen\/\" target=\"_blank\">The voices of freedom<\/a>\n                    <\/div>\n                    <div class=\"debate-excerpt\">\"We need culture and the churches\"<\/div>\n                <\/div>\n\n                <div class=\"debate-icon\">\n                    <a href=\"https:\/\/kath-akademie-bayern.de\/en\/mediathek-eintrag\/die-stimmen-der-freiheit-wir-brauchen-die-kultur-und-die-kirchen\/\" target=\"_blank\" class=\"elementor-button debate-arrow\">\n                        <span class=\"screen-reader-text\">Download file<\/span>\n                        <i class=\"fas fa-file\" aria-hidden=\"true\"><\/i>\n                    <\/a>\n                <\/div>\n            <\/div>\n        <\/div>\n                    <div class=\"debate-list-item\">\n            <div class=\"debate-inner d-flex justify-content-between align-items-center\">\n                <div class=\"debate-list-content\">\n                    <div class=\"debate-excerpt fw-normal\"><a href=\"https:\/\/kath-akademie-bayern.de\/en\/referent\/pd-dr-achim-budde-2\/\" target=\"_blank\">Budde, Achim<\/a><\/div>\n                    <div class=\"debate-name w-auto\">\n                        <a href=\"https:\/\/kath-akademie-bayern.de\/en\/mediathek-eintrag\/menschsein-mit-ki\/\" target=\"_blank\">Being human with AI<\/a>\n                    <\/div>\n                    <div class=\"debate-excerpt\"><\/div>\n                <\/div>\n\n                <div class=\"debate-icon\">\n                    <a href=\"https:\/\/kath-akademie-bayern.de\/en\/mediathek-eintrag\/menschsein-mit-ki\/\" target=\"_blank\" class=\"elementor-button debate-arrow\">\n                        <span class=\"screen-reader-text\">Download file<\/span>\n                        <i class=\"fas fa-file\" aria-hidden=\"true\"><\/i>\n                    <\/a>\n                <\/div>\n            <\/div>\n        <\/div>\n            <\/div>\n            <\/div>\r\n        <\/div>\r\n    <\/div>\r\n<\/div>\r\n        <\/div>\r\n    <\/div>\r\n<\/div>\r\n<div class=\"elementor-widget-container\">\n    <nav class=\"elementor-pagination d-flex justify-content-center flex-wrap gap-3\" aria-label=\"Pagination\">\n        <a href=\"https:\/\/kath-akademie-bayern.de\/en\/wp-json\/wp\/v2\/pages\/10451\/\" class=\"page-numbers current\">1<\/a><a href=\"https:\/\/kath-akademie-bayern.de\/en\/wp-json\/wp\/v2\/pages\/10451\/page\/2\/\" class=\"page-numbers\">2<\/a><a href=\"https:\/\/kath-akademie-bayern.de\/en\/wp-json\/wp\/v2\/pages\/10451\/page\/3\/\" class=\"page-numbers\">3<\/a><a href=\"https:\/\/kath-akademie-bayern.de\/en\/wp-json\/wp\/v2\/pages\/10451\/page\/4\/\" class=\"page-numbers\">4<\/a><a href=\"https:\/\/kath-akademie-bayern.de\/en\/wp-json\/wp\/v2\/pages\/10451\/page\/5\/\" class=\"page-numbers\">5<\/a><a href=\"https:\/\/kath-akademie-bayern.de\/en\/wp-json\/wp\/v2\/pages\/10451\/page\/6\/\" class=\"page-numbers\">6<\/a><a href=\"https:\/\/kath-akademie-bayern.de\/en\/wp-json\/wp\/v2\/pages\/10451\/page\/7\/\" class=\"page-numbers\">7<\/a><a href=\"https:\/\/kath-akademie-bayern.de\/en\/wp-json\/wp\/v2\/pages\/10451\/page\/8\/\" class=\"page-numbers\">8<\/a><a href=\"https:\/\/kath-akademie-bayern.de\/en\/wp-json\/wp\/v2\/pages\/10451\/page\/9\/\" class=\"page-numbers\">9<\/a><a href=\"https:\/\/kath-akademie-bayern.de\/en\/wp-json\/wp\/v2\/pages\/10451\/page\/10\/\" class=\"page-numbers\">10<\/a><a href=\"https:\/\/kath-akademie-bayern.de\/en\/wp-json\/wp\/v2\/pages\/10451\/page\/11\/\" class=\"page-numbers\">11<\/a>    <\/nav>\n<\/div>\n<\/div>\t\t\t\t<\/div>\n\t\t\t\t<\/div>\n\t\t\t\t<div class=\"elementor-element elementor-element-253ebb4 elementor-extension-display-condition-disabled elementor-widget elementor-widget-shortcode\" data-id=\"253ebb4\" data-element_type=\"widget\" data-e-type=\"widget\" data-widget_type=\"shortcode.default\">\n\t\t\t\t<div class=\"elementor-widget-container\">\n\t\t\t\t\t\t\t<div class=\"elementor-shortcode\"><\/div>\n\t\t\t\t\t\t<\/div>\n\t\t\t\t<\/div>\n\t\t\t\t\t<\/div>\n\t\t<\/div>\n\t\t\t\t\t<\/div>\n\t\t<\/section>\n\t\t<div class=\"elementor-element elementor-element-fa0b855 e-flex e-con-boxed e-con e-parent\" data-id=\"fa0b855\" data-element_type=\"container\" data-e-type=\"container\">\n\t\t\t\t\t<div class=\"e-con-inner\">\n\t\t\t\t\t<\/div>\n\t\t\t\t<\/div>\n\t\t\t\t<\/div>","protected":false},"excerpt":{"rendered":"<p>Current issues Download Issue 3\/2023 Download Download Issue 2\/2023 Download Download Issue 1\/2023 Download Download Issue 4\/2022 Download Subscribe to the online edition of \"zur debatte\" free of charge via the newsletter Subscribe to the print edition of \"zur debatte\" Subscribe to the print edition Archived issues Issue 3\/2022 Guardini Day 2022: Dossier Download Issue 2\/2022 The crisis of the church Download Issue 1\/2022 The sovereign as brewer Download Issue...<\/p>","protected":false},"author":1,"featured_media":0,"parent":57,"menu_order":48,"comment_status":"closed","ping_status":"closed","template":"","meta":{"_relevanssi_hide_post":"","_relevanssi_hide_content":"","_relevanssi_pin_for_all":"","_relevanssi_pin_keywords":"","_relevanssi_unpin_keywords":"","_relevanssi_related_keywords":"","_relevanssi_related_include_ids":"","_relevanssi_related_exclude_ids":"","_relevanssi_related_no_append":"","_relevanssi_related_not_related":"","_relevanssi_related_posts":"","_relevanssi_noindex_reason":"","footnotes":""},"class_list":["post-10451","page","type-page","status-publish","hentry"],"yoast_head":"<!-- This site is optimized with the Yoast SEO plugin v27.4 - https:\/\/yoast.com\/product\/yoast-seo-wordpress\/ -->\n<title>zur debatte - Katholische Akademie in Bayern<\/title>\n<meta name=\"robots\" content=\"index, follow, max-snippet:-1, max-image-preview:large, max-video-preview:-1\" \/>\n<link rel=\"canonical\" href=\"https:\/\/kath-akademie-bayern.de\/en\/mediathek\/zur-debatte\/\" \/>\n<meta property=\"og:locale\" content=\"en_GB\" \/>\n<meta property=\"og:type\" content=\"article\" \/>\n<meta property=\"og:title\" content=\"zur debatte - Katholische Akademie in Bayern\" \/>\n<meta property=\"og:description\" content=\"Aktuelle Ausgaben Download Heft 3\/2023 Download Download Heft 2\/2023 Download Download Heft 1\/2023 Download Download Heft 4\/2022 Download Onlineausgabe \u201ezur debatte\u201c \u00fcber den Newsletter kostenfrei abonnieren Printausgabe \u201ezur debatte\u201c abonnieren Printausgabe abonnieren Archivierte Ausgaben Heft 3\/2022 Guardini-Tag 2022: Dossier Download Heft 2\/2022 Die Krise der Kirche Download Heft 1\/2022 Der Landesherr als Bierbrauer Download Heft&hellip;\" \/>\n<meta property=\"og:url\" content=\"https:\/\/kath-akademie-bayern.de\/en\/mediathek\/zur-debatte\/\" \/>\n<meta property=\"og:site_name\" content=\"Katholische Akademie in Bayern\" \/>\n<meta property=\"article:publisher\" content=\"https:\/\/www.facebook.com\/katholische.akademie.bayern\/\" \/>\n<meta property=\"article:modified_time\" content=\"2023-11-02T13:20:15+00:00\" \/>\n<meta property=\"og:image\" content=\"https:\/\/kath-akademie-bayern.de\/wp-content\/uploads\/debatte_2023-3.png\" \/>\n<meta name=\"twitter:card\" content=\"summary_large_image\" \/>\n<meta name=\"twitter:label1\" content=\"Estimated reading time\" \/>\n\t<meta name=\"twitter:data1\" content=\"5 minutes\" \/>\n<script type=\"application\/ld+json\" class=\"yoast-schema-graph\">{\"@context\":\"https:\\\/\\\/schema.org\",\"@graph\":[{\"@type\":\"WebPage\",\"@id\":\"https:\\\/\\\/kath-akademie-bayern.de\\\/mediathek\\\/zur-debatte\\\/\",\"url\":\"https:\\\/\\\/kath-akademie-bayern.de\\\/mediathek\\\/zur-debatte\\\/\",\"name\":\"zur debatte - Katholische Akademie in Bayern\",\"isPartOf\":{\"@id\":\"https:\\\/\\\/kath-akademie-bayern.de\\\/#website\"},\"primaryImageOfPage\":{\"@id\":\"https:\\\/\\\/kath-akademie-bayern.de\\\/mediathek\\\/zur-debatte\\\/#primaryimage\"},\"image\":{\"@id\":\"https:\\\/\\\/kath-akademie-bayern.de\\\/mediathek\\\/zur-debatte\\\/#primaryimage\"},\"thumbnailUrl\":\"https:\\\/\\\/kath-akademie-bayern.de\\\/wp-content\\\/uploads\\\/debatte_2023-3.png\",\"datePublished\":\"2023-06-22T09:05:19+00:00\",\"dateModified\":\"2023-11-02T13:20:15+00:00\",\"breadcrumb\":{\"@id\":\"https:\\\/\\\/kath-akademie-bayern.de\\\/mediathek\\\/zur-debatte\\\/#breadcrumb\"},\"inLanguage\":\"en-GB\",\"potentialAction\":[{\"@type\":\"ReadAction\",\"target\":[\"https:\\\/\\\/kath-akademie-bayern.de\\\/mediathek\\\/zur-debatte\\\/\"]}]},{\"@type\":\"ImageObject\",\"inLanguage\":\"en-GB\",\"@id\":\"https:\\\/\\\/kath-akademie-bayern.de\\\/mediathek\\\/zur-debatte\\\/#primaryimage\",\"url\":\"https:\\\/\\\/kath-akademie-bayern.de\\\/wp-content\\\/uploads\\\/debatte_2023-3.png\",\"contentUrl\":\"https:\\\/\\\/kath-akademie-bayern.de\\\/wp-content\\\/uploads\\\/debatte_2023-3.png\"},{\"@type\":\"BreadcrumbList\",\"@id\":\"https:\\\/\\\/kath-akademie-bayern.de\\\/mediathek\\\/zur-debatte\\\/#breadcrumb\",\"itemListElement\":[{\"@type\":\"ListItem\",\"position\":1,\"name\":\"Startseite\",\"item\":\"https:\\\/\\\/kath-akademie-bayern.de\\\/\"},{\"@type\":\"ListItem\",\"position\":2,\"name\":\"Mediathek\",\"item\":\"https:\\\/\\\/kath-akademie-bayern.de\\\/mediathek\\\/\"},{\"@type\":\"ListItem\",\"position\":3,\"name\":\"zur debatte\"}]},{\"@type\":\"WebSite\",\"@id\":\"https:\\\/\\\/kath-akademie-bayern.de\\\/#website\",\"url\":\"https:\\\/\\\/kath-akademie-bayern.de\\\/\",\"name\":\"Katholische Akademie in Bayern\",\"description\":\"Kirche braucht Debatte: \u201ekatholisch\u201c mit Blick auf das Ganze \u2013 und \u201eakademisch\u201c im Vertrauen auf die Kraft der Argumente\",\"publisher\":{\"@id\":\"https:\\\/\\\/kath-akademie-bayern.de\\\/#organization\"},\"potentialAction\":[{\"@type\":\"SearchAction\",\"target\":{\"@type\":\"EntryPoint\",\"urlTemplate\":\"https:\\\/\\\/kath-akademie-bayern.de\\\/?s={search_term_string}\"},\"query-input\":{\"@type\":\"PropertyValueSpecification\",\"valueRequired\":true,\"valueName\":\"search_term_string\"}}],\"inLanguage\":\"en-GB\"},{\"@type\":\"Organization\",\"@id\":\"https:\\\/\\\/kath-akademie-bayern.de\\\/#organization\",\"name\":\"Katholische Akademie in Bayern\",\"url\":\"https:\\\/\\\/kath-akademie-bayern.de\\\/\",\"logo\":{\"@type\":\"ImageObject\",\"inLanguage\":\"en-GB\",\"@id\":\"https:\\\/\\\/kath-akademie-bayern.de\\\/#\\\/schema\\\/logo\\\/image\\\/\",\"url\":\"https:\\\/\\\/kath-akademie-bayern.de\\\/wp-content\\\/uploads\\\/Menue-Logo-Home@2x.png\",\"contentUrl\":\"https:\\\/\\\/kath-akademie-bayern.de\\\/wp-content\\\/uploads\\\/Menue-Logo-Home@2x.png\",\"width\":496,\"height\":216,\"caption\":\"Katholische Akademie in Bayern\"},\"image\":{\"@id\":\"https:\\\/\\\/kath-akademie-bayern.de\\\/#\\\/schema\\\/logo\\\/image\\\/\"},\"sameAs\":[\"https:\\\/\\\/www.facebook.com\\\/katholische.akademie.bayern\\\/\"]}]}<\/script>\n<!-- \/ Yoast SEO plugin. -->","yoast_head_json":{"title":"zur debatte - Catholic Academy in Bavaria","robots":{"index":"index","follow":"follow","max-snippet":"max-snippet:-1","max-image-preview":"max-image-preview:large","max-video-preview":"max-video-preview:-1"},"canonical":"https:\/\/kath-akademie-bayern.de\/en\/mediathek\/zur-debatte\/","og_locale":"en_GB","og_type":"article","og_title":"zur debatte - Katholische Akademie in Bayern","og_description":"Aktuelle Ausgaben Download Heft 3\/2023 Download Download Heft 2\/2023 Download Download Heft 1\/2023 Download Download Heft 4\/2022 Download Onlineausgabe \u201ezur debatte\u201c \u00fcber den Newsletter kostenfrei abonnieren Printausgabe \u201ezur debatte\u201c abonnieren Printausgabe abonnieren Archivierte Ausgaben Heft 3\/2022 Guardini-Tag 2022: Dossier Download Heft 2\/2022 Die Krise der Kirche Download Heft 1\/2022 Der Landesherr als Bierbrauer Download Heft&hellip;","og_url":"https:\/\/kath-akademie-bayern.de\/en\/mediathek\/zur-debatte\/","og_site_name":"Katholische Akademie in Bayern","article_publisher":"https:\/\/www.facebook.com\/katholische.akademie.bayern\/","article_modified_time":"2023-11-02T13:20:15+00:00","og_image":[{"url":"https:\/\/kath-akademie-bayern.de\/wp-content\/uploads\/debatte_2023-3.png","type":"","width":"","height":""}],"twitter_card":"summary_large_image","twitter_misc":{"Estimated reading time":"5 minutes"},"schema":{"@context":"https:\/\/schema.org","@graph":[{"@type":"WebPage","@id":"https:\/\/kath-akademie-bayern.de\/mediathek\/zur-debatte\/","url":"https:\/\/kath-akademie-bayern.de\/mediathek\/zur-debatte\/","name":"zur debatte - Catholic Academy in Bavaria","isPartOf":{"@id":"https:\/\/kath-akademie-bayern.de\/#website"},"primaryImageOfPage":{"@id":"https:\/\/kath-akademie-bayern.de\/mediathek\/zur-debatte\/#primaryimage"},"image":{"@id":"https:\/\/kath-akademie-bayern.de\/mediathek\/zur-debatte\/#primaryimage"},"thumbnailUrl":"https:\/\/kath-akademie-bayern.de\/wp-content\/uploads\/debatte_2023-3.png","datePublished":"2023-06-22T09:05:19+00:00","dateModified":"2023-11-02T13:20:15+00:00","breadcrumb":{"@id":"https:\/\/kath-akademie-bayern.de\/mediathek\/zur-debatte\/#breadcrumb"},"inLanguage":"en-GB","potentialAction":[{"@type":"ReadAction","target":["https:\/\/kath-akademie-bayern.de\/mediathek\/zur-debatte\/"]}]},{"@type":"ImageObject","inLanguage":"en-GB","@id":"https:\/\/kath-akademie-bayern.de\/mediathek\/zur-debatte\/#primaryimage","url":"https:\/\/kath-akademie-bayern.de\/wp-content\/uploads\/debatte_2023-3.png","contentUrl":"https:\/\/kath-akademie-bayern.de\/wp-content\/uploads\/debatte_2023-3.png"},{"@type":"BreadcrumbList","@id":"https:\/\/kath-akademie-bayern.de\/mediathek\/zur-debatte\/#breadcrumb","itemListElement":[{"@type":"ListItem","position":1,"name":"Startseite","item":"https:\/\/kath-akademie-bayern.de\/"},{"@type":"ListItem","position":2,"name":"Mediathek","item":"https:\/\/kath-akademie-bayern.de\/mediathek\/"},{"@type":"ListItem","position":3,"name":"zur debatte"}]},{"@type":"WebSite","@id":"https:\/\/kath-akademie-bayern.de\/#website","url":"https:\/\/kath-akademie-bayern.de\/","name":"Catholic Academy in Bavaria","description":"Church needs debate: \"catholic\" looking at the whole - and \"academic\" trusting in the power of arguments","publisher":{"@id":"https:\/\/kath-akademie-bayern.de\/#organization"},"potentialAction":[{"@type":"SearchAction","target":{"@type":"EntryPoint","urlTemplate":"https:\/\/kath-akademie-bayern.de\/?s={search_term_string}"},"query-input":{"@type":"PropertyValueSpecification","valueRequired":true,"valueName":"search_term_string"}}],"inLanguage":"en-GB"},{"@type":"Organization","@id":"https:\/\/kath-akademie-bayern.de\/#organization","name":"Catholic Academy in Bavaria","url":"https:\/\/kath-akademie-bayern.de\/","logo":{"@type":"ImageObject","inLanguage":"en-GB","@id":"https:\/\/kath-akademie-bayern.de\/#\/schema\/logo\/image\/","url":"https:\/\/kath-akademie-bayern.de\/wp-content\/uploads\/Menue-Logo-Home@2x.png","contentUrl":"https:\/\/kath-akademie-bayern.de\/wp-content\/uploads\/Menue-Logo-Home@2x.png","width":496,"height":216,"caption":"Katholische Akademie in Bayern"},"image":{"@id":"https:\/\/kath-akademie-bayern.de\/#\/schema\/logo\/image\/"},"sameAs":["https:\/\/www.facebook.com\/katholische.akademie.bayern\/"]}]}},"_links":{"self":[{"href":"https:\/\/kath-akademie-bayern.de\/en\/wp-json\/wp\/v2\/pages\/10451","targetHints":{"allow":["GET"]}}],"collection":[{"href":"https:\/\/kath-akademie-bayern.de\/en\/wp-json\/wp\/v2\/pages"}],"about":[{"href":"https:\/\/kath-akademie-bayern.de\/en\/wp-json\/wp\/v2\/types\/page"}],"author":[{"embeddable":true,"href":"https:\/\/kath-akademie-bayern.de\/en\/wp-json\/wp\/v2\/users\/1"}],"replies":[{"embeddable":true,"href":"https:\/\/kath-akademie-bayern.de\/en\/wp-json\/wp\/v2\/comments?post=10451"}],"version-history":[{"count":48,"href":"https:\/\/kath-akademie-bayern.de\/en\/wp-json\/wp\/v2\/pages\/10451\/revisions"}],"predecessor-version":[{"id":103966,"href":"https:\/\/kath-akademie-bayern.de\/en\/wp-json\/wp\/v2\/pages\/10451\/revisions\/103966"}],"up":[{"embeddable":true,"href":"https:\/\/kath-akademie-bayern.de\/en\/wp-json\/wp\/v2\/pages\/57"}],"wp:attachment":[{"href":"https:\/\/kath-akademie-bayern.de\/en\/wp-json\/wp\/v2\/media?parent=10451"}],"curies":[{"name":"wp","href":"https:\/\/api.w.org\/{rel}","templated":true}]}}