{"id":98584,"date":"2025-01-30T08:29:17","date_gmt":"2025-01-30T07:29:17","guid":{"rendered":"https:\/\/kath-akademie-bayern.de\/?page_id=98584"},"modified":"2025-01-30T15:42:30","modified_gmt":"2025-01-30T14:42:30","slug":"infos-zur-kunst","status":"publish","type":"page","link":"https:\/\/kath-akademie-bayern.de\/en\/akademie\/kunst-in-der-akademie\/infos-zur-kunst\/","title":{"rendered":"Infos zur Kunst"},"content":{"rendered":"<div data-elementor-type=\"wp-page\" data-elementor-id=\"98584\" class=\"elementor elementor-98584\" data-elementor-post-type=\"page\">\n\t\t\t\t\t\t<section class=\"elementor-section elementor-top-section elementor-element elementor-element-6387904 elementor-section-stretched elementor-section-full_width elementor-section-height-default elementor-section-height-default elementor-extension-display-condition-disabled\" data-id=\"6387904\" data-element_type=\"section\" data-e-type=\"section\" data-settings=\"{&quot;stretch_section&quot;:&quot;section-stretched&quot;,&quot;background_background&quot;:&quot;classic&quot;}\">\n\t\t\t\t\t\t<div class=\"elementor-container elementor-column-gap-default\">\n\t\t\t\t\t<div class=\"elementor-column elementor-col-100 elementor-top-column elementor-element elementor-element-f403d36 elementor-extension-display-condition-disabled\" data-id=\"f403d36\" data-element_type=\"column\" data-e-type=\"column\">\n\t\t\t<div class=\"elementor-widget-wrap elementor-element-populated\">\n\t\t\t\t\t\t<div class=\"elementor-element elementor-element-c96331e elementor-extension-display-condition-disabled elementor-widget elementor-widget-menu-anchor\" data-id=\"c96331e\" data-element_type=\"widget\" data-e-type=\"widget\" data-widget_type=\"menu-anchor.default\">\n\t\t\t\t<div class=\"elementor-widget-container\">\n\t\t\t\t\t\t\t<div class=\"elementor-menu-anchor\" id=\"KAiB\"><\/div>\n\t\t\t\t\t\t<\/div>\n\t\t\t\t<\/div>\n\t\t\t\t<div class=\"elementor-element elementor-element-7fc70fb elementor-extension-display-condition-disabled elementor-widget elementor-widget-heading\" data-id=\"7fc70fb\" data-element_type=\"widget\" data-e-type=\"widget\" data-widget_type=\"heading.default\">\n\t\t\t\t<div class=\"elementor-widget-container\">\n\t\t\t\t\t<h2 class=\"elementor-heading-title elementor-size-default\">Die Bedeutung der Bildenden Kunst f\u00fcr die Akademie<\/h2>\t\t\t\t<\/div>\n\t\t\t\t<\/div>\n\t\t\t\t<div class=\"elementor-element elementor-element-2f82355 elementor-widget__width-initial elementor-extension-display-condition-disabled elementor-widget elementor-widget-text-editor\" data-id=\"2f82355\" data-element_type=\"widget\" data-e-type=\"widget\" data-widget_type=\"text-editor.default\">\n\t\t\t\t<div class=\"elementor-widget-container\">\n\t\t\t\t\t\t\t\t\t<p>Von Markus L\u00fcpertz, den die Akademie 2017 anl\u00e4sslich des Jubil\u00e4ums \u201e60 Jahre Katholische Akademie Bayern\u201c zu einem Gespr\u00e4ch mit Bischof Friedhelm Hofmann nach Schweinfurt ins Museum Georg Sch\u00e4fer eingeladen hatte, stammt der Satz, \u201edass die Kirche nicht nur ein sozialer, den Psychologen ersetzender Hilfsverein ist, sondern, dass sie eine gro\u00dfe, gigantische kulturelle Verantwortung hat\u201c.<\/p><p>Since its foundation, the Academy has felt particularly committed to this responsibility towards the fine arts and has repeatedly addressed questions about art. For example, one of its very first conferences in November 1957 was entitled \"Where does art stand today? One of the speakers at that time was Georg Meistermann, who also received the Romano Guardini Prize of the Catholic Academy in Bavaria in 1984.<\/p><p>In addition, more than 120 exhibitions have been held in the Kardinal Wendel Haus, including - a special concern of the Academy - sensational exhibitions with students from the Academy classes of the Academy of Fine Arts in Munich and Nuremberg. Here are just a few examples: the Jerry Zeniuk class - who, incidentally, painted the altarpiece in the chapel - the Stephan Huber class, the Magdalena Jetelov\u00e1 class and the Jorinde Voigt class. And an exhibition with the class of Anke Doberauer is planned for 2024.<\/p><p>In order to be able to maintain a clear level of exhibitions, the Catholic Academy of Bavaria has assembled a committee of proven experts since 2002. The declared aim is to hold one or two exhibitions per year. The park, chapel (to a reduced extent), and above all the rooms and foyers of the Kardinal Wendel Haus are to be temporarily conquered by art, while at the same time proving to be integrable into the normal conference business due to practical requirements and constraints, without irritations being faded out.<\/p><p>Apart from high quality, the selection criteria are above all those works in which - as difficult as this may be to justify rationally - the emergence of spirituality, a sense of transcendence, radical openness or even direct religious impulses can be experienced.<\/p>\t\t\t\t\t\t\t\t<\/div>\n\t\t\t\t<\/div>\n\t\t\t\t\t<\/div>\n\t\t<\/div>\n\t\t\t\t\t<\/div>\n\t\t<\/section>\n\t\t\t\t<section class=\"elementor-section elementor-top-section elementor-element elementor-element-9a343c1 elementor-section-stretched elementor-section-full_width elementor-section-height-default elementor-section-height-default elementor-extension-display-condition-disabled\" data-id=\"9a343c1\" data-element_type=\"section\" data-e-type=\"section\" data-settings=\"{&quot;stretch_section&quot;:&quot;section-stretched&quot;,&quot;background_background&quot;:&quot;classic&quot;}\">\n\t\t\t\t\t\t<div class=\"elementor-container elementor-column-gap-default\">\n\t\t\t\t\t<div class=\"elementor-column elementor-col-100 elementor-top-column elementor-element elementor-element-9173403 elementor-extension-display-condition-disabled\" data-id=\"9173403\" data-element_type=\"column\" data-e-type=\"column\">\n\t\t\t<div class=\"elementor-widget-wrap elementor-element-populated\">\n\t\t\t\t\t\t<div class=\"elementor-element elementor-element-c369ef9 elementor-extension-display-condition-disabled elementor-widget elementor-widget-menu-anchor\" data-id=\"c369ef9\" data-element_type=\"widget\" data-e-type=\"widget\" data-widget_type=\"menu-anchor.default\">\n\t\t\t\t<div class=\"elementor-widget-container\">\n\t\t\t\t\t\t\t<div class=\"elementor-menu-anchor\" id=\"suresnes\"><\/div>\n\t\t\t\t\t\t<\/div>\n\t\t\t\t<\/div>\n\t\t\t\t<div class=\"elementor-element elementor-element-6f48027 elementor-extension-display-condition-disabled elementor-widget elementor-widget-heading\" data-id=\"6f48027\" data-element_type=\"widget\" data-e-type=\"widget\" data-widget_type=\"heading.default\">\n\t\t\t\t<div class=\"elementor-widget-container\">\n\t\t\t\t\t<h2 class=\"elementor-heading-title elementor-size-default\">Kunstwerke in der Akademie<\/h2>\t\t\t\t<\/div>\n\t\t\t\t<\/div>\n\t\t\t\t<div class=\"elementor-element elementor-element-298f510 elementor-widget__width-initial elementor-extension-display-condition-disabled elementor-widget elementor-widget-text-editor\" data-id=\"298f510\" data-element_type=\"widget\" data-e-type=\"widget\" data-widget_type=\"text-editor.default\">\n\t\t\t\t<div class=\"elementor-widget-container\">\n\t\t\t\t\t\t\t\t\t<p>In addition to the regular presentation of works by contemporary artists, a not inconsiderable number of artworks have found their way permanently into the Academy, whether they have been acquired, donated or loaned to it. Only the smaller part of these have a permanent place and are exhibited.<\/p><p>One work is worth mentioning, as it was given to the Academy as a birth gift, so to speak, with the construction of the Kardinal Wendel Haus in 1962: On the north fa\u00e7ade of the Cardinal Wendel House, the visitor is greeted by the almost 25-metre-long monumental relief \"Vom Chaos zur Ordnung\" (From Chaos to Order) by the artist Blasius Gerg (1927 - 2007), who came from Glonn. Gerg always held back on interpreting his work. \"Everything that needs to be said is expressed in the title,\" he told the Academy in a telephone conversation in 1995. And indeed, the relief is self-explanatory: just as man moves from disorder to order by building and joining jumbled stones, so he moves from chaos to the cross by being far or near it. From chaos to order - a demanding but apt motif for academy work.<\/p>\t\t\t\t\t\t\t\t<\/div>\n\t\t\t\t<\/div>\n\t\t\t\t\t<\/div>\n\t\t<\/div>\n\t\t\t\t\t<\/div>\n\t\t<\/section>\n\t\t\t\t<section class=\"elementor-section elementor-top-section elementor-element elementor-element-a24ba6c elementor-section-stretched elementor-section-full_width elementor-section-height-default elementor-section-height-default elementor-extension-display-condition-disabled\" data-id=\"a24ba6c\" data-element_type=\"section\" data-e-type=\"section\" data-settings=\"{&quot;stretch_section&quot;:&quot;section-stretched&quot;,&quot;background_background&quot;:&quot;classic&quot;}\">\n\t\t\t\t\t\t<div class=\"elementor-container elementor-column-gap-default\">\n\t\t\t\t\t<div class=\"elementor-column elementor-col-100 elementor-top-column elementor-element elementor-element-e06574e elementor-extension-display-condition-disabled\" data-id=\"e06574e\" data-element_type=\"column\" data-e-type=\"column\">\n\t\t\t<div class=\"elementor-widget-wrap elementor-element-populated\">\n\t\t\t\t\t\t<div class=\"elementor-element elementor-element-9be83df elementor-extension-display-condition-disabled elementor-widget elementor-widget-menu-anchor\" data-id=\"9be83df\" data-element_type=\"widget\" data-e-type=\"widget\" data-widget_type=\"menu-anchor.default\">\n\t\t\t\t<div class=\"elementor-widget-container\">\n\t\t\t\t\t\t\t<div class=\"elementor-menu-anchor\" id=\"umgebung\"><\/div>\n\t\t\t\t\t\t<\/div>\n\t\t\t\t<\/div>\n\t\t\t\t<div class=\"elementor-element elementor-element-53019a7 elementor-extension-display-condition-disabled elementor-widget elementor-widget-heading\" data-id=\"53019a7\" data-element_type=\"widget\" data-e-type=\"widget\" data-widget_type=\"heading.default\">\n\t\t\t\t<div class=\"elementor-widget-container\">\n\t\t\t\t\t<h2 class=\"elementor-heading-title elementor-size-default\"><span style=\"color: var( --e-global-color-primary );font-size: 2.875rem;background-color: var( --e-global-color-beige_yellow );text-align: var(--bs-body-text-align)\">Arts Committee<\/span><\/h2>\t\t\t\t<\/div>\n\t\t\t\t<\/div>\n\t\t\t\t<div class=\"elementor-element elementor-element-9a19ece elementor-widget__width-initial elementor-extension-display-condition-disabled elementor-widget elementor-widget-text-editor\" data-id=\"9a19ece\" data-element_type=\"widget\" data-e-type=\"widget\" data-widget_type=\"text-editor.default\">\n\t\t\t\t<div class=\"elementor-widget-container\">\n\t\t\t\t\t\t\t\t\t<div class=\"elementor-element elementor-element-285d6c8 elementor-extension-display-condition-disabled elementor-widget elementor-widget-text-editor\" data-id=\"285d6c8\" data-element_type=\"widget\" data-widget_type=\"text-editor.default\"><div class=\"elementor-widget-container\"><p>Um niveauvolle Ausstellungen pr\u00e4sentieren zu k\u00f6nnen, hat die Katholische Akademie unter der Leitung von Akademiedirektor a.D. Dr. Florian Schuller seit 2002 ein kleines Gremium von ausgewiesenen Fachleuten zusammengestellt.<\/p><p>Dieses trifft sich regelm\u00e4\u00dfig und ber\u00e4t die Akademie in Fragen der bildenden Kunst. Erkl\u00e4rtes Ziel ist es, drei bis vier Ausstellungen pro Jahr durchzuf\u00fchren. Dabei sollen Park, Kapelle und das Kardinal Wendel Haus f\u00fcr die Kunst entdeckt und ganz bewusst auch Irritationen hervorgerufen werden.<\/p><p>Letztendlich geht es darum, die Essenz der Kunstwerke \u2013 wom\u00f6glich auch eine Ahnung von Transzendenz \u2013 im Austausch mit den K\u00fcnstlern und mit den Besuchern der Akademie zu eruieren.\u00a0<\/p><\/div><\/div>\t\t\t\t\t\t\t\t<\/div>\n\t\t\t\t<\/div>\n\t\t\t\t\t<\/div>\n\t\t<\/div>\n\t\t\t\t\t<\/div>\n\t\t<\/section>\n\t\t\t\t<\/div>","protected":false},"excerpt":{"rendered":"<p>Die Bedeutung der Bildenden Kunst f\u00fcr die Akademie Von Markus L\u00fcpertz, den die Akademie 2017 anl\u00e4sslich des Jubil\u00e4ums \u201e60 Jahre Katholische Akademie Bayern\u201c zu einem Gespr\u00e4ch mit Bischof Friedhelm Hofmann nach Schweinfurt ins Museum Georg Sch\u00e4fer eingeladen hatte, stammt der Satz, \u201edass die Kirche nicht nur ein sozialer, den Psychologen ersetzender Hilfsverein ist, sondern, dass&hellip;<\/p>","protected":false},"author":2,"featured_media":10422,"parent":98610,"menu_order":38,"comment_status":"closed","ping_status":"closed","template":"","meta":{"_relevanssi_hide_post":"","_relevanssi_hide_content":"","_relevanssi_pin_for_all":"","_relevanssi_pin_keywords":"","_relevanssi_unpin_keywords":"","_relevanssi_related_keywords":"","_relevanssi_related_include_ids":"","_relevanssi_related_exclude_ids":"","_relevanssi_related_no_append":"","_relevanssi_related_not_related":"","_relevanssi_related_posts":"","_relevanssi_noindex_reason":"","footnotes":""},"class_list":["post-98584","page","type-page","status-publish","has-post-thumbnail","hentry"],"yoast_head":"<!-- This site is optimized with the Yoast SEO plugin v27.4 - https:\/\/yoast.com\/product\/yoast-seo-wordpress\/ -->\n<title>Infos zur Kunst - Katholische Akademie in Bayern<\/title>\n<meta name=\"robots\" content=\"index, follow, max-snippet:-1, max-image-preview:large, max-video-preview:-1\" \/>\n<link rel=\"canonical\" href=\"https:\/\/kath-akademie-bayern.de\/en\/akademie\/kunst-in-der-akademie\/infos-zur-kunst\/\" \/>\n<meta property=\"og:locale\" content=\"en_GB\" \/>\n<meta property=\"og:type\" content=\"article\" \/>\n<meta property=\"og:title\" content=\"Infos zur Kunst - Katholische Akademie in Bayern\" \/>\n<meta property=\"og:description\" content=\"Die Bedeutung der Bildenden Kunst f\u00fcr die Akademie Von Markus L\u00fcpertz, den die Akademie 2017 anl\u00e4sslich des Jubil\u00e4ums \u201e60 Jahre Katholische Akademie Bayern\u201c zu einem Gespr\u00e4ch mit Bischof Friedhelm Hofmann nach Schweinfurt ins Museum Georg Sch\u00e4fer eingeladen hatte, stammt der Satz, \u201edass die Kirche nicht nur ein sozialer, den Psychologen ersetzender Hilfsverein ist, sondern, dass&hellip;\" \/>\n<meta property=\"og:url\" content=\"https:\/\/kath-akademie-bayern.de\/en\/akademie\/kunst-in-der-akademie\/infos-zur-kunst\/\" \/>\n<meta property=\"og:site_name\" content=\"Katholische Akademie in Bayern\" \/>\n<meta property=\"article:publisher\" content=\"https:\/\/www.facebook.com\/katholische.akademie.bayern\/\" \/>\n<meta property=\"article:modified_time\" content=\"2025-01-30T14:42:30+00:00\" \/>\n<meta property=\"og:image\" content=\"https:\/\/kath-akademie-bayern.de\/wp-content\/uploads\/Schloss_Surenes_16-9-scaled.jpg\" \/>\n\t<meta property=\"og:image:width\" content=\"2560\" \/>\n\t<meta property=\"og:image:height\" content=\"1439\" \/>\n\t<meta property=\"og:image:type\" content=\"image\/jpeg\" \/>\n<meta name=\"twitter:card\" content=\"summary_large_image\" \/>\n<meta name=\"twitter:label1\" content=\"Estimated reading time\" \/>\n\t<meta name=\"twitter:data1\" content=\"4 minutes\" \/>\n<script type=\"application\/ld+json\" class=\"yoast-schema-graph\">{\"@context\":\"https:\\\/\\\/schema.org\",\"@graph\":[{\"@type\":\"WebPage\",\"@id\":\"https:\\\/\\\/kath-akademie-bayern.de\\\/akademie\\\/kunst-in-der-akademie\\\/infos-zur-kunst\\\/\",\"url\":\"https:\\\/\\\/kath-akademie-bayern.de\\\/akademie\\\/kunst-in-der-akademie\\\/infos-zur-kunst\\\/\",\"name\":\"Infos zur Kunst - Katholische Akademie in Bayern\",\"isPartOf\":{\"@id\":\"https:\\\/\\\/kath-akademie-bayern.de\\\/#website\"},\"primaryImageOfPage\":{\"@id\":\"https:\\\/\\\/kath-akademie-bayern.de\\\/akademie\\\/kunst-in-der-akademie\\\/infos-zur-kunst\\\/#primaryimage\"},\"image\":{\"@id\":\"https:\\\/\\\/kath-akademie-bayern.de\\\/akademie\\\/kunst-in-der-akademie\\\/infos-zur-kunst\\\/#primaryimage\"},\"thumbnailUrl\":\"https:\\\/\\\/kath-akademie-bayern.de\\\/wp-content\\\/uploads\\\/Schloss_Surenes_16-9-scaled.jpg\",\"datePublished\":\"2025-01-30T07:29:17+00:00\",\"dateModified\":\"2025-01-30T14:42:30+00:00\",\"breadcrumb\":{\"@id\":\"https:\\\/\\\/kath-akademie-bayern.de\\\/akademie\\\/kunst-in-der-akademie\\\/infos-zur-kunst\\\/#breadcrumb\"},\"inLanguage\":\"en-GB\",\"potentialAction\":[{\"@type\":\"ReadAction\",\"target\":[\"https:\\\/\\\/kath-akademie-bayern.de\\\/akademie\\\/kunst-in-der-akademie\\\/infos-zur-kunst\\\/\"]}]},{\"@type\":\"ImageObject\",\"inLanguage\":\"en-GB\",\"@id\":\"https:\\\/\\\/kath-akademie-bayern.de\\\/akademie\\\/kunst-in-der-akademie\\\/infos-zur-kunst\\\/#primaryimage\",\"url\":\"https:\\\/\\\/kath-akademie-bayern.de\\\/wp-content\\\/uploads\\\/Schloss_Surenes_16-9-scaled.jpg\",\"contentUrl\":\"https:\\\/\\\/kath-akademie-bayern.de\\\/wp-content\\\/uploads\\\/Schloss_Surenes_16-9-scaled.jpg\",\"width\":2560,\"height\":1439},{\"@type\":\"BreadcrumbList\",\"@id\":\"https:\\\/\\\/kath-akademie-bayern.de\\\/akademie\\\/kunst-in-der-akademie\\\/infos-zur-kunst\\\/#breadcrumb\",\"itemListElement\":[{\"@type\":\"ListItem\",\"position\":1,\"name\":\"Startseite\",\"item\":\"https:\\\/\\\/kath-akademie-bayern.de\\\/\"},{\"@type\":\"ListItem\",\"position\":2,\"name\":\"Akademie\",\"item\":\"https:\\\/\\\/kath-akademie-bayern.de\\\/akademie\\\/\"},{\"@type\":\"ListItem\",\"position\":3,\"name\":\"Kunst in der Akademie\",\"item\":\"https:\\\/\\\/kath-akademie-bayern.de\\\/akademie\\\/kunst-in-der-akademie\\\/\"},{\"@type\":\"ListItem\",\"position\":4,\"name\":\"Infos zur Kunst\"}]},{\"@type\":\"WebSite\",\"@id\":\"https:\\\/\\\/kath-akademie-bayern.de\\\/#website\",\"url\":\"https:\\\/\\\/kath-akademie-bayern.de\\\/\",\"name\":\"Katholische Akademie in Bayern\",\"description\":\"Kirche braucht Debatte: \u201ekatholisch\u201c mit Blick auf das Ganze \u2013 und \u201eakademisch\u201c im Vertrauen auf die Kraft der Argumente\",\"publisher\":{\"@id\":\"https:\\\/\\\/kath-akademie-bayern.de\\\/#organization\"},\"potentialAction\":[{\"@type\":\"SearchAction\",\"target\":{\"@type\":\"EntryPoint\",\"urlTemplate\":\"https:\\\/\\\/kath-akademie-bayern.de\\\/?s={search_term_string}\"},\"query-input\":{\"@type\":\"PropertyValueSpecification\",\"valueRequired\":true,\"valueName\":\"search_term_string\"}}],\"inLanguage\":\"en-GB\"},{\"@type\":\"Organization\",\"@id\":\"https:\\\/\\\/kath-akademie-bayern.de\\\/#organization\",\"name\":\"Katholische Akademie in Bayern\",\"url\":\"https:\\\/\\\/kath-akademie-bayern.de\\\/\",\"logo\":{\"@type\":\"ImageObject\",\"inLanguage\":\"en-GB\",\"@id\":\"https:\\\/\\\/kath-akademie-bayern.de\\\/#\\\/schema\\\/logo\\\/image\\\/\",\"url\":\"https:\\\/\\\/kath-akademie-bayern.de\\\/wp-content\\\/uploads\\\/Menue-Logo-Home@2x.png\",\"contentUrl\":\"https:\\\/\\\/kath-akademie-bayern.de\\\/wp-content\\\/uploads\\\/Menue-Logo-Home@2x.png\",\"width\":496,\"height\":216,\"caption\":\"Katholische Akademie in Bayern\"},\"image\":{\"@id\":\"https:\\\/\\\/kath-akademie-bayern.de\\\/#\\\/schema\\\/logo\\\/image\\\/\"},\"sameAs\":[\"https:\\\/\\\/www.facebook.com\\\/katholische.akademie.bayern\\\/\"]}]}<\/script>\n<!-- \/ Yoast SEO plugin. -->","yoast_head_json":{"title":"Infos zur Kunst - Katholische Akademie in Bayern","robots":{"index":"index","follow":"follow","max-snippet":"max-snippet:-1","max-image-preview":"max-image-preview:large","max-video-preview":"max-video-preview:-1"},"canonical":"https:\/\/kath-akademie-bayern.de\/en\/akademie\/kunst-in-der-akademie\/infos-zur-kunst\/","og_locale":"en_GB","og_type":"article","og_title":"Infos zur Kunst - Katholische Akademie in Bayern","og_description":"Die Bedeutung der Bildenden Kunst f\u00fcr die Akademie Von Markus L\u00fcpertz, den die Akademie 2017 anl\u00e4sslich des Jubil\u00e4ums \u201e60 Jahre Katholische Akademie Bayern\u201c zu einem Gespr\u00e4ch mit Bischof Friedhelm Hofmann nach Schweinfurt ins Museum Georg Sch\u00e4fer eingeladen hatte, stammt der Satz, \u201edass die Kirche nicht nur ein sozialer, den Psychologen ersetzender Hilfsverein ist, sondern, dass&hellip;","og_url":"https:\/\/kath-akademie-bayern.de\/en\/akademie\/kunst-in-der-akademie\/infos-zur-kunst\/","og_site_name":"Katholische Akademie in Bayern","article_publisher":"https:\/\/www.facebook.com\/katholische.akademie.bayern\/","article_modified_time":"2025-01-30T14:42:30+00:00","og_image":[{"width":2560,"height":1439,"url":"https:\/\/kath-akademie-bayern.de\/wp-content\/uploads\/Schloss_Surenes_16-9-scaled.jpg","type":"image\/jpeg"}],"twitter_card":"summary_large_image","twitter_misc":{"Estimated reading time":"4 minutes"},"schema":{"@context":"https:\/\/schema.org","@graph":[{"@type":"WebPage","@id":"https:\/\/kath-akademie-bayern.de\/akademie\/kunst-in-der-akademie\/infos-zur-kunst\/","url":"https:\/\/kath-akademie-bayern.de\/akademie\/kunst-in-der-akademie\/infos-zur-kunst\/","name":"Infos zur Kunst - Katholische Akademie in Bayern","isPartOf":{"@id":"https:\/\/kath-akademie-bayern.de\/#website"},"primaryImageOfPage":{"@id":"https:\/\/kath-akademie-bayern.de\/akademie\/kunst-in-der-akademie\/infos-zur-kunst\/#primaryimage"},"image":{"@id":"https:\/\/kath-akademie-bayern.de\/akademie\/kunst-in-der-akademie\/infos-zur-kunst\/#primaryimage"},"thumbnailUrl":"https:\/\/kath-akademie-bayern.de\/wp-content\/uploads\/Schloss_Surenes_16-9-scaled.jpg","datePublished":"2025-01-30T07:29:17+00:00","dateModified":"2025-01-30T14:42:30+00:00","breadcrumb":{"@id":"https:\/\/kath-akademie-bayern.de\/akademie\/kunst-in-der-akademie\/infos-zur-kunst\/#breadcrumb"},"inLanguage":"en-GB","potentialAction":[{"@type":"ReadAction","target":["https:\/\/kath-akademie-bayern.de\/akademie\/kunst-in-der-akademie\/infos-zur-kunst\/"]}]},{"@type":"ImageObject","inLanguage":"en-GB","@id":"https:\/\/kath-akademie-bayern.de\/akademie\/kunst-in-der-akademie\/infos-zur-kunst\/#primaryimage","url":"https:\/\/kath-akademie-bayern.de\/wp-content\/uploads\/Schloss_Surenes_16-9-scaled.jpg","contentUrl":"https:\/\/kath-akademie-bayern.de\/wp-content\/uploads\/Schloss_Surenes_16-9-scaled.jpg","width":2560,"height":1439},{"@type":"BreadcrumbList","@id":"https:\/\/kath-akademie-bayern.de\/akademie\/kunst-in-der-akademie\/infos-zur-kunst\/#breadcrumb","itemListElement":[{"@type":"ListItem","position":1,"name":"Startseite","item":"https:\/\/kath-akademie-bayern.de\/"},{"@type":"ListItem","position":2,"name":"Akademie","item":"https:\/\/kath-akademie-bayern.de\/akademie\/"},{"@type":"ListItem","position":3,"name":"Kunst in der Akademie","item":"https:\/\/kath-akademie-bayern.de\/akademie\/kunst-in-der-akademie\/"},{"@type":"ListItem","position":4,"name":"Infos zur Kunst"}]},{"@type":"WebSite","@id":"https:\/\/kath-akademie-bayern.de\/#website","url":"https:\/\/kath-akademie-bayern.de\/","name":"Catholic Academy in Bavaria","description":"Church needs debate: \"catholic\" looking at the whole - and \"academic\" trusting in the power of arguments","publisher":{"@id":"https:\/\/kath-akademie-bayern.de\/#organization"},"potentialAction":[{"@type":"SearchAction","target":{"@type":"EntryPoint","urlTemplate":"https:\/\/kath-akademie-bayern.de\/?s={search_term_string}"},"query-input":{"@type":"PropertyValueSpecification","valueRequired":true,"valueName":"search_term_string"}}],"inLanguage":"en-GB"},{"@type":"Organization","@id":"https:\/\/kath-akademie-bayern.de\/#organization","name":"Catholic Academy in Bavaria","url":"https:\/\/kath-akademie-bayern.de\/","logo":{"@type":"ImageObject","inLanguage":"en-GB","@id":"https:\/\/kath-akademie-bayern.de\/#\/schema\/logo\/image\/","url":"https:\/\/kath-akademie-bayern.de\/wp-content\/uploads\/Menue-Logo-Home@2x.png","contentUrl":"https:\/\/kath-akademie-bayern.de\/wp-content\/uploads\/Menue-Logo-Home@2x.png","width":496,"height":216,"caption":"Katholische Akademie in Bayern"},"image":{"@id":"https:\/\/kath-akademie-bayern.de\/#\/schema\/logo\/image\/"},"sameAs":["https:\/\/www.facebook.com\/katholische.akademie.bayern\/"]}]}},"_links":{"self":[{"href":"https:\/\/kath-akademie-bayern.de\/en\/wp-json\/wp\/v2\/pages\/98584","targetHints":{"allow":["GET"]}}],"collection":[{"href":"https:\/\/kath-akademie-bayern.de\/en\/wp-json\/wp\/v2\/pages"}],"about":[{"href":"https:\/\/kath-akademie-bayern.de\/en\/wp-json\/wp\/v2\/types\/page"}],"author":[{"embeddable":true,"href":"https:\/\/kath-akademie-bayern.de\/en\/wp-json\/wp\/v2\/users\/2"}],"replies":[{"embeddable":true,"href":"https:\/\/kath-akademie-bayern.de\/en\/wp-json\/wp\/v2\/comments?post=98584"}],"version-history":[{"count":23,"href":"https:\/\/kath-akademie-bayern.de\/en\/wp-json\/wp\/v2\/pages\/98584\/revisions"}],"predecessor-version":[{"id":98832,"href":"https:\/\/kath-akademie-bayern.de\/en\/wp-json\/wp\/v2\/pages\/98584\/revisions\/98832"}],"up":[{"embeddable":true,"href":"https:\/\/kath-akademie-bayern.de\/en\/wp-json\/wp\/v2\/pages\/98610"}],"wp:featuredmedia":[{"embeddable":true,"href":"https:\/\/kath-akademie-bayern.de\/en\/wp-json\/wp\/v2\/media\/10422"}],"wp:attachment":[{"href":"https:\/\/kath-akademie-bayern.de\/en\/wp-json\/wp\/v2\/media?parent=98584"}],"curies":[{"name":"wp","href":"https:\/\/api.w.org\/{rel}","templated":true}]}}