{"id":98610,"date":"2025-01-30T09:43:14","date_gmt":"2025-01-30T08:43:14","guid":{"rendered":"https:\/\/kath-akademie-bayern.de\/?page_id=98610"},"modified":"2025-04-16T11:46:37","modified_gmt":"2025-04-16T09:46:37","slug":"kunst-in-der-akademie","status":"publish","type":"page","link":"https:\/\/kath-akademie-bayern.de\/en\/akademie\/kunst-in-der-akademie\/","title":{"rendered":"Kunst in der Akademie"},"content":{"rendered":"<div data-elementor-type=\"wp-page\" data-elementor-id=\"98610\" class=\"elementor elementor-98610\" data-elementor-post-type=\"page\">\n\t\t\t\t<div class=\"elementor-element elementor-element-21ee634 e-flex e-con-boxed e-con e-parent\" data-id=\"21ee634\" data-element_type=\"container\" data-e-type=\"container\">\n\t\t\t\t\t<div class=\"e-con-inner\">\n\t\t\t\t<div class=\"elementor-element elementor-element-88335a5 elementor-extension-display-condition-disabled elementor-widget elementor-widget-heading\" data-id=\"88335a5\" data-element_type=\"widget\" data-e-type=\"widget\" data-widget_type=\"heading.default\">\n\t\t\t\t<div class=\"elementor-widget-container\">\n\t\t\t\t\t<h2 class=\"elementor-heading-title elementor-size-default\">Kunst in der Akademie<\/h2>\t\t\t\t<\/div>\n\t\t\t\t<\/div>\n\t\t\t\t<div class=\"elementor-element elementor-element-cf19441 elementor-extension-display-condition-disabled elementor-widget elementor-widget-text-editor\" data-id=\"cf19441\" data-element_type=\"widget\" data-e-type=\"widget\" data-widget_type=\"text-editor.default\">\n\t\t\t\t<div class=\"elementor-widget-container\">\n\t\t\t\t\t\t\t\t\t<p>Von Markus L\u00fcpertz, den die Akademie 2017 anl\u00e4sslich des Jubil\u00e4ums \u201e60 Jahre Katholische Akademie Bayern\u201c zu einem Gespr\u00e4ch mit Bischof Friedhelm Hofmann nach Schweinfurt ins Museum Georg Sch\u00e4fer eingeladen hatte, stammt der Satz, \u201edass die Kirche nicht nur ein sozialer, den Psychologen ersetzender Hilfsverein ist, sondern, dass sie eine gro\u00dfe, gigantische kulturelle Verantwortung hat\u201c. Dieser Verantwortung gegen\u00fcber der Bildenden Kunst f\u00fchlt sich die Akademie seit ihrer Gr\u00fcndung in besonderer Weise verpflichtet und hat immer wieder Fragen zur Kunst thematisiert.<\/p><p>In addition to the regular presentation of works by contemporary artists, a not inconsiderable number of artworks have found their way permanently into the Academy, whether they have been acquired, donated or loaned to it. Only the smaller part of these have a permanent place and are exhibited.<\/p>\t\t\t\t\t\t\t\t<\/div>\n\t\t\t\t<\/div>\n\t\t\t\t<div class=\"elementor-element elementor-element-3aaedc5 elementor-extension-display-condition-disabled elementor-widget elementor-widget-art-locations-loop\" data-id=\"3aaedc5\" data-element_type=\"widget\" data-e-type=\"widget\" data-widget_type=\"art-locations-loop.default\">\n\t\t\t\t<div class=\"elementor-widget-container\">\n\t\t\t\t\t<div class=\"row row-cols-1 row-cols-md-2 row-cols-lg-3\" style=\"--bs-gutter-y: var(--bs-gutter-x)\">\n            <div class=\"col\"><div class=\"elementor elementor-cta--skin-cover elementor-widget-call-to-action  d-flex focus-area-item position-relative\">\n    <a class=\"elementor-cta d-flex flex-fill  position-relative\" href=\"https:\/\/kath-akademie-bayern.de\/en\/art-location\/kunst-im-atrium\/\">\n        <div class=\"elementor-cta__bg-wrapper  position-absolute start-0 top-0 end-0 bottom-0\">\n            <div class=\"elementor-cta__bg elementor-bg  position-absolute start-0 top-0 end-0 bottom-0\" style=\"background-image: url(https:\/\/kath-akademie-bayern.de\/wp-content\/uploads\/Brunnen_Atrium-512x288.jpg);\" role=\"img\" aria-label=\"\"><\/div>\n            <div class=\"elementor-cta__bg-overlay  position-absolute start-0 top-0 end-0 bottom-0\"><\/div>\n            <div class=\"text-black\"><\/div>\n        <\/div>\n        <div class=\"elementor-cta__content d-flex flex-fill\">\n            <div class=\"elementor-cta__button-wrapper elementor-cta__content-item elementor-content-item d-flex flex-fill\">\n                <span class=\"elementor-cta__button elementor-button ms-0\">Kunst im Atrium<\/span>\n            <\/div>\n        <\/div>\n    <\/a>\n<\/div>\n<\/div>\n            <div class=\"col\"><div class=\"elementor elementor-cta--skin-cover elementor-widget-call-to-action  d-flex focus-area-item position-relative\">\n    <a class=\"elementor-cta d-flex flex-fill  position-relative\" href=\"https:\/\/kath-akademie-bayern.de\/en\/art-location\/kunst-im-schloss\/\">\n        <div class=\"elementor-cta__bg-wrapper  position-absolute start-0 top-0 end-0 bottom-0\">\n            <div class=\"elementor-cta__bg elementor-bg  position-absolute start-0 top-0 end-0 bottom-0\" style=\"background-image: url(https:\/\/kath-akademie-bayern.de\/wp-content\/uploads\/Schloss-von-Seite-512x288.jpg);\" role=\"img\" aria-label=\"\"><\/div>\n            <div class=\"elementor-cta__bg-overlay  position-absolute start-0 top-0 end-0 bottom-0\"><\/div>\n            <div class=\"text-black\"><\/div>\n        <\/div>\n        <div class=\"elementor-cta__content d-flex flex-fill\">\n            <div class=\"elementor-cta__button-wrapper elementor-cta__content-item elementor-content-item d-flex flex-fill\">\n                <span class=\"elementor-cta__button elementor-button ms-0\">Kunst im Schloss<\/span>\n            <\/div>\n        <\/div>\n    <\/a>\n<\/div>\n<\/div>\n            <div class=\"col\"><div class=\"elementor elementor-cta--skin-cover elementor-widget-call-to-action  d-flex focus-area-item position-relative\">\n    <a class=\"elementor-cta d-flex flex-fill  position-relative\" href=\"https:\/\/kath-akademie-bayern.de\/en\/art-location\/kunst-im-schlosspark\/\">\n        <div class=\"elementor-cta__bg-wrapper  position-absolute start-0 top-0 end-0 bottom-0\">\n            <div class=\"elementor-cta__bg elementor-bg  position-absolute start-0 top-0 end-0 bottom-0\" style=\"background-image: url(https:\/\/kath-akademie-bayern.de\/wp-content\/uploads\/Park_2-1-512x288.jpg);\" role=\"img\" aria-label=\"Schlosspark der Katholischen Akademie in Bayern\"><\/div>\n            <div class=\"elementor-cta__bg-overlay  position-absolute start-0 top-0 end-0 bottom-0\"><\/div>\n            <div class=\"text-black\"><\/div>\n        <\/div>\n        <div class=\"elementor-cta__content d-flex flex-fill\">\n            <div class=\"elementor-cta__button-wrapper elementor-cta__content-item elementor-content-item d-flex flex-fill\">\n                <span class=\"elementor-cta__button elementor-button ms-0\">Kunst im Schlosspark<\/span>\n            <\/div>\n        <\/div>\n    <\/a>\n<\/div>\n<\/div>\n            <div class=\"col\"><div class=\"elementor elementor-cta--skin-cover elementor-widget-call-to-action  d-flex focus-area-item position-relative\">\n    <a class=\"elementor-cta d-flex flex-fill  position-relative\" href=\"https:\/\/kath-akademie-bayern.de\/en\/art-location\/kunst-im-speisesaal\/\">\n        <div class=\"elementor-cta__bg-wrapper  position-absolute start-0 top-0 end-0 bottom-0\">\n            <div class=\"elementor-cta__bg elementor-bg  position-absolute start-0 top-0 end-0 bottom-0\" style=\"background-image: url(https:\/\/kath-akademie-bayern.de\/wp-content\/uploads\/Speisesaal-512x288.jpg);\" role=\"img\" aria-label=\"Speisesaal der Katholischen Akademie in Bayern\"><\/div>\n            <div class=\"elementor-cta__bg-overlay  position-absolute start-0 top-0 end-0 bottom-0\"><\/div>\n            <div class=\"text-black\"><small class=\"image-copyright position-absolute top-0 end-0\" title=\"Martin Miller\">Martin Miller<\/small><\/div>\n        <\/div>\n        <div class=\"elementor-cta__content d-flex flex-fill\">\n            <div class=\"elementor-cta__button-wrapper elementor-cta__content-item elementor-content-item d-flex flex-fill\">\n                <span class=\"elementor-cta__button elementor-button ms-0\">Kunst im Speisesaal<\/span>\n            <\/div>\n        <\/div>\n    <\/a>\n<\/div>\n<\/div>\n            <div class=\"col\"><div class=\"elementor elementor-cta--skin-cover elementor-widget-call-to-action  d-flex focus-area-item position-relative\">\n    <a class=\"elementor-cta d-flex flex-fill  position-relative\" href=\"https:\/\/kath-akademie-bayern.de\/en\/art-location\/kunst-im-vortragssaal\/\">\n        <div class=\"elementor-cta__bg-wrapper  position-absolute start-0 top-0 end-0 bottom-0\">\n            <div class=\"elementor-cta__bg elementor-bg  position-absolute start-0 top-0 end-0 bottom-0\" style=\"background-image: url(https:\/\/kath-akademie-bayern.de\/wp-content\/uploads\/Vortragssaal-512x288.jpg);\" role=\"img\" aria-label=\"Vortragssaal der Katholischen Akademie in Bayern\"><\/div>\n            <div class=\"elementor-cta__bg-overlay  position-absolute start-0 top-0 end-0 bottom-0\"><\/div>\n            <div class=\"text-black\"><\/div>\n        <\/div>\n        <div class=\"elementor-cta__content d-flex flex-fill\">\n            <div class=\"elementor-cta__button-wrapper elementor-cta__content-item elementor-content-item d-flex flex-fill\">\n                <span class=\"elementor-cta__button elementor-button ms-0\">Kunst im Vortragssaal<\/span>\n            <\/div>\n        <\/div>\n    <\/a>\n<\/div>\n<\/div>\n            <div class=\"col\"><div class=\"elementor elementor-cta--skin-cover elementor-widget-call-to-action  d-flex focus-area-item position-relative\">\n    <a class=\"elementor-cta d-flex flex-fill  position-relative\" href=\"https:\/\/kath-akademie-bayern.de\/en\/art-location\/kunst-in-der-kapelle\/\">\n        <div class=\"elementor-cta__bg-wrapper  position-absolute start-0 top-0 end-0 bottom-0\">\n            <div class=\"elementor-cta__bg elementor-bg  position-absolute start-0 top-0 end-0 bottom-0\" style=\"background-image: url(https:\/\/kath-akademie-bayern.de\/wp-content\/uploads\/Kapelle-1-512x288.jpg);\" role=\"img\" aria-label=\"Kapelle der Katholischen Akademie in Bayern\"><\/div>\n            <div class=\"elementor-cta__bg-overlay  position-absolute start-0 top-0 end-0 bottom-0\"><\/div>\n            <div class=\"text-black\"><small class=\"image-copyright position-absolute top-0 end-0\" title=\"Martin Miller\">Martin Miller<\/small><\/div>\n        <\/div>\n        <div class=\"elementor-cta__content d-flex flex-fill\">\n            <div class=\"elementor-cta__button-wrapper elementor-cta__content-item elementor-content-item d-flex flex-fill\">\n                <span class=\"elementor-cta__button elementor-button ms-0\">Kunst in der Kapelle<\/span>\n            <\/div>\n        <\/div>\n    <\/a>\n<\/div>\n<\/div>\n            <div class=\"col\"><div class=\"elementor elementor-cta--skin-cover elementor-widget-call-to-action  d-flex focus-area-item position-relative\">\n    <a class=\"elementor-cta d-flex flex-fill  position-relative\" href=\"https:\/\/kath-akademie-bayern.de\/en\/art-location\/infos-zur-kunst\/\">\n        <div class=\"elementor-cta__bg-wrapper  position-absolute start-0 top-0 end-0 bottom-0\">\n            <div class=\"elementor-cta__bg elementor-bg  position-absolute start-0 top-0 end-0 bottom-0\" style=\"background-image: url(https:\/\/kath-akademie-bayern.de\/wp-content\/uploads\/Infos-zur-Kunst-512x288.jpg);\" role=\"img\" aria-label=\"\"><\/div>\n            <div class=\"elementor-cta__bg-overlay  position-absolute start-0 top-0 end-0 bottom-0\"><\/div>\n            <div class=\"text-black\"><small class=\"image-copyright position-absolute top-0 end-0\" title=\"Oskar C. Neubauer\">Oskar C. Neubauer<\/small><\/div>\n        <\/div>\n        <div class=\"elementor-cta__content d-flex flex-fill\">\n            <div class=\"elementor-cta__button-wrapper elementor-cta__content-item elementor-content-item d-flex flex-fill\">\n                <span class=\"elementor-cta__button elementor-button ms-0\">Infos zur Kunst<\/span>\n            <\/div>\n        <\/div>\n    <\/a>\n<\/div>\n<\/div>\n            <div class=\"col\"><div class=\"elementor elementor-cta--skin-cover elementor-widget-call-to-action  d-flex focus-area-item position-relative\">\n    <a class=\"elementor-cta d-flex flex-fill  position-relative\" href=\"https:\/\/kath-akademie-bayern.de\/en\/art-location\/kunst-am-eingang\/\">\n        <div class=\"elementor-cta__bg-wrapper  position-absolute start-0 top-0 end-0 bottom-0\">\n            <div class=\"elementor-cta__bg elementor-bg  position-absolute start-0 top-0 end-0 bottom-0\" style=\"background-image: url(https:\/\/kath-akademie-bayern.de\/wp-content\/uploads\/Eingangsbereich-512x288.jpg);\" role=\"img\" aria-label=\"Eingangsbereich der Katholischen Akademie in Bayern\"><\/div>\n            <div class=\"elementor-cta__bg-overlay  position-absolute start-0 top-0 end-0 bottom-0\"><\/div>\n            <div class=\"text-black\"><small class=\"image-copyright position-absolute top-0 end-0\" title=\"Martin Miller\">Martin Miller<\/small><\/div>\n        <\/div>\n        <div class=\"elementor-cta__content d-flex flex-fill\">\n            <div class=\"elementor-cta__button-wrapper elementor-cta__content-item elementor-content-item d-flex flex-fill\">\n                <span class=\"elementor-cta__button elementor-button ms-0\">Kunst am Eingang<\/span>\n            <\/div>\n        <\/div>\n    <\/a>\n<\/div>\n<\/div>\n    <\/div>\n\t\t\t\t<\/div>\n\t\t\t\t<\/div>\n\t\t\t\t\t<\/div>\n\t\t\t\t<\/div>\n\t\t\t\t<\/div>","protected":false},"excerpt":{"rendered":"<p>Impressionen Kunst in der Akademie Von Markus L\u00fcpertz, den die Akademie 2017 anl\u00e4sslich des Jubil\u00e4ums \u201e60 Jahre Katholische Akademie Bayern\u201c zu einem Gespr\u00e4ch mit Bischof Friedhelm Hofmann nach Schweinfurt ins Museum Georg Sch\u00e4fer eingeladen hatte, stammt der Satz, \u201edass die Kirche nicht nur ein sozialer, den Psychologen ersetzender Hilfsverein ist, sondern, dass sie eine gro\u00dfe,&hellip;<\/p>","protected":false},"author":13,"featured_media":10448,"parent":14,"menu_order":42,"comment_status":"closed","ping_status":"closed","template":"","meta":{"_relevanssi_hide_post":"","_relevanssi_hide_content":"","_relevanssi_pin_for_all":"","_relevanssi_pin_keywords":"","_relevanssi_unpin_keywords":"","_relevanssi_related_keywords":"","_relevanssi_related_include_ids":"","_relevanssi_related_exclude_ids":"","_relevanssi_related_no_append":"","_relevanssi_related_not_related":"","_relevanssi_related_posts":"","_relevanssi_noindex_reason":"","footnotes":""},"class_list":["post-98610","page","type-page","status-publish","has-post-thumbnail","hentry"],"yoast_head":"<!-- This site is optimized with the Yoast SEO plugin v27.4 - https:\/\/yoast.com\/product\/yoast-seo-wordpress\/ -->\n<title>Kunst in der Akademie - Katholische Akademie in Bayern<\/title>\n<meta name=\"robots\" content=\"index, follow, max-snippet:-1, max-image-preview:large, max-video-preview:-1\" \/>\n<link rel=\"canonical\" href=\"https:\/\/kath-akademie-bayern.de\/en\/akademie\/kunst-in-der-akademie\/\" \/>\n<meta property=\"og:locale\" content=\"en_GB\" \/>\n<meta property=\"og:type\" content=\"article\" \/>\n<meta property=\"og:title\" content=\"Kunst in der Akademie - Katholische Akademie in Bayern\" \/>\n<meta property=\"og:description\" content=\"Impressionen Kunst in der Akademie Von Markus L\u00fcpertz, den die Akademie 2017 anl\u00e4sslich des Jubil\u00e4ums \u201e60 Jahre Katholische Akademie Bayern\u201c zu einem Gespr\u00e4ch mit Bischof Friedhelm Hofmann nach Schweinfurt ins Museum Georg Sch\u00e4fer eingeladen hatte, stammt der Satz, \u201edass die Kirche nicht nur ein sozialer, den Psychologen ersetzender Hilfsverein ist, sondern, dass sie eine gro\u00dfe,&hellip;\" \/>\n<meta property=\"og:url\" content=\"https:\/\/kath-akademie-bayern.de\/en\/akademie\/kunst-in-der-akademie\/\" \/>\n<meta property=\"og:site_name\" content=\"Katholische Akademie in Bayern\" \/>\n<meta property=\"article:publisher\" content=\"https:\/\/www.facebook.com\/katholische.akademie.bayern\/\" \/>\n<meta property=\"article:modified_time\" content=\"2025-04-16T09:46:37+00:00\" \/>\n<meta property=\"og:image\" content=\"https:\/\/kath-akademie-bayern.de\/wp-content\/uploads\/Kath-Akad-Kunst-neubauer_0186_16-9-scaled.jpg\" \/>\n\t<meta property=\"og:image:width\" content=\"2560\" \/>\n\t<meta property=\"og:image:height\" content=\"1440\" \/>\n\t<meta property=\"og:image:type\" content=\"image\/jpeg\" \/>\n<meta name=\"twitter:card\" content=\"summary_large_image\" \/>\n<meta name=\"twitter:label1\" content=\"Estimated reading time\" \/>\n\t<meta name=\"twitter:data1\" content=\"2 minutes\" \/>\n<script type=\"application\/ld+json\" class=\"yoast-schema-graph\">{\"@context\":\"https:\\\/\\\/schema.org\",\"@graph\":[{\"@type\":\"WebPage\",\"@id\":\"https:\\\/\\\/kath-akademie-bayern.de\\\/akademie\\\/kunst-in-der-akademie\\\/\",\"url\":\"https:\\\/\\\/kath-akademie-bayern.de\\\/akademie\\\/kunst-in-der-akademie\\\/\",\"name\":\"Kunst in der Akademie - Katholische Akademie in Bayern\",\"isPartOf\":{\"@id\":\"https:\\\/\\\/kath-akademie-bayern.de\\\/#website\"},\"primaryImageOfPage\":{\"@id\":\"https:\\\/\\\/kath-akademie-bayern.de\\\/akademie\\\/kunst-in-der-akademie\\\/#primaryimage\"},\"image\":{\"@id\":\"https:\\\/\\\/kath-akademie-bayern.de\\\/akademie\\\/kunst-in-der-akademie\\\/#primaryimage\"},\"thumbnailUrl\":\"https:\\\/\\\/kath-akademie-bayern.de\\\/wp-content\\\/uploads\\\/Kath-Akad-Kunst-neubauer_0186_16-9-scaled.jpg\",\"datePublished\":\"2025-01-30T08:43:14+00:00\",\"dateModified\":\"2025-04-16T09:46:37+00:00\",\"breadcrumb\":{\"@id\":\"https:\\\/\\\/kath-akademie-bayern.de\\\/akademie\\\/kunst-in-der-akademie\\\/#breadcrumb\"},\"inLanguage\":\"en-GB\",\"potentialAction\":[{\"@type\":\"ReadAction\",\"target\":[\"https:\\\/\\\/kath-akademie-bayern.de\\\/akademie\\\/kunst-in-der-akademie\\\/\"]}]},{\"@type\":\"ImageObject\",\"inLanguage\":\"en-GB\",\"@id\":\"https:\\\/\\\/kath-akademie-bayern.de\\\/akademie\\\/kunst-in-der-akademie\\\/#primaryimage\",\"url\":\"https:\\\/\\\/kath-akademie-bayern.de\\\/wp-content\\\/uploads\\\/Kath-Akad-Kunst-neubauer_0186_16-9-scaled.jpg\",\"contentUrl\":\"https:\\\/\\\/kath-akademie-bayern.de\\\/wp-content\\\/uploads\\\/Kath-Akad-Kunst-neubauer_0186_16-9-scaled.jpg\",\"width\":2560,\"height\":1440},{\"@type\":\"BreadcrumbList\",\"@id\":\"https:\\\/\\\/kath-akademie-bayern.de\\\/akademie\\\/kunst-in-der-akademie\\\/#breadcrumb\",\"itemListElement\":[{\"@type\":\"ListItem\",\"position\":1,\"name\":\"Startseite\",\"item\":\"https:\\\/\\\/kath-akademie-bayern.de\\\/\"},{\"@type\":\"ListItem\",\"position\":2,\"name\":\"Akademie\",\"item\":\"https:\\\/\\\/kath-akademie-bayern.de\\\/akademie\\\/\"},{\"@type\":\"ListItem\",\"position\":3,\"name\":\"Kunst in der Akademie\"}]},{\"@type\":\"WebSite\",\"@id\":\"https:\\\/\\\/kath-akademie-bayern.de\\\/#website\",\"url\":\"https:\\\/\\\/kath-akademie-bayern.de\\\/\",\"name\":\"Katholische Akademie in Bayern\",\"description\":\"Kirche braucht Debatte: \u201ekatholisch\u201c mit Blick auf das Ganze \u2013 und \u201eakademisch\u201c im Vertrauen auf die Kraft der Argumente\",\"publisher\":{\"@id\":\"https:\\\/\\\/kath-akademie-bayern.de\\\/#organization\"},\"potentialAction\":[{\"@type\":\"SearchAction\",\"target\":{\"@type\":\"EntryPoint\",\"urlTemplate\":\"https:\\\/\\\/kath-akademie-bayern.de\\\/?s={search_term_string}\"},\"query-input\":{\"@type\":\"PropertyValueSpecification\",\"valueRequired\":true,\"valueName\":\"search_term_string\"}}],\"inLanguage\":\"en-GB\"},{\"@type\":\"Organization\",\"@id\":\"https:\\\/\\\/kath-akademie-bayern.de\\\/#organization\",\"name\":\"Katholische Akademie in Bayern\",\"url\":\"https:\\\/\\\/kath-akademie-bayern.de\\\/\",\"logo\":{\"@type\":\"ImageObject\",\"inLanguage\":\"en-GB\",\"@id\":\"https:\\\/\\\/kath-akademie-bayern.de\\\/#\\\/schema\\\/logo\\\/image\\\/\",\"url\":\"https:\\\/\\\/kath-akademie-bayern.de\\\/wp-content\\\/uploads\\\/Menue-Logo-Home@2x.png\",\"contentUrl\":\"https:\\\/\\\/kath-akademie-bayern.de\\\/wp-content\\\/uploads\\\/Menue-Logo-Home@2x.png\",\"width\":496,\"height\":216,\"caption\":\"Katholische Akademie in Bayern\"},\"image\":{\"@id\":\"https:\\\/\\\/kath-akademie-bayern.de\\\/#\\\/schema\\\/logo\\\/image\\\/\"},\"sameAs\":[\"https:\\\/\\\/www.facebook.com\\\/katholische.akademie.bayern\\\/\"]}]}<\/script>\n<!-- \/ Yoast SEO plugin. -->","yoast_head_json":{"title":"Kunst in der Akademie - Katholische Akademie in Bayern","robots":{"index":"index","follow":"follow","max-snippet":"max-snippet:-1","max-image-preview":"max-image-preview:large","max-video-preview":"max-video-preview:-1"},"canonical":"https:\/\/kath-akademie-bayern.de\/en\/akademie\/kunst-in-der-akademie\/","og_locale":"en_GB","og_type":"article","og_title":"Kunst in der Akademie - Katholische Akademie in Bayern","og_description":"Impressionen Kunst in der Akademie Von Markus L\u00fcpertz, den die Akademie 2017 anl\u00e4sslich des Jubil\u00e4ums \u201e60 Jahre Katholische Akademie Bayern\u201c zu einem Gespr\u00e4ch mit Bischof Friedhelm Hofmann nach Schweinfurt ins Museum Georg Sch\u00e4fer eingeladen hatte, stammt der Satz, \u201edass die Kirche nicht nur ein sozialer, den Psychologen ersetzender Hilfsverein ist, sondern, dass sie eine gro\u00dfe,&hellip;","og_url":"https:\/\/kath-akademie-bayern.de\/en\/akademie\/kunst-in-der-akademie\/","og_site_name":"Katholische Akademie in Bayern","article_publisher":"https:\/\/www.facebook.com\/katholische.akademie.bayern\/","article_modified_time":"2025-04-16T09:46:37+00:00","og_image":[{"width":2560,"height":1440,"url":"https:\/\/kath-akademie-bayern.de\/wp-content\/uploads\/Kath-Akad-Kunst-neubauer_0186_16-9-scaled.jpg","type":"image\/jpeg"}],"twitter_card":"summary_large_image","twitter_misc":{"Estimated reading time":"2 minutes"},"schema":{"@context":"https:\/\/schema.org","@graph":[{"@type":"WebPage","@id":"https:\/\/kath-akademie-bayern.de\/akademie\/kunst-in-der-akademie\/","url":"https:\/\/kath-akademie-bayern.de\/akademie\/kunst-in-der-akademie\/","name":"Kunst in der Akademie - Katholische Akademie in Bayern","isPartOf":{"@id":"https:\/\/kath-akademie-bayern.de\/#website"},"primaryImageOfPage":{"@id":"https:\/\/kath-akademie-bayern.de\/akademie\/kunst-in-der-akademie\/#primaryimage"},"image":{"@id":"https:\/\/kath-akademie-bayern.de\/akademie\/kunst-in-der-akademie\/#primaryimage"},"thumbnailUrl":"https:\/\/kath-akademie-bayern.de\/wp-content\/uploads\/Kath-Akad-Kunst-neubauer_0186_16-9-scaled.jpg","datePublished":"2025-01-30T08:43:14+00:00","dateModified":"2025-04-16T09:46:37+00:00","breadcrumb":{"@id":"https:\/\/kath-akademie-bayern.de\/akademie\/kunst-in-der-akademie\/#breadcrumb"},"inLanguage":"en-GB","potentialAction":[{"@type":"ReadAction","target":["https:\/\/kath-akademie-bayern.de\/akademie\/kunst-in-der-akademie\/"]}]},{"@type":"ImageObject","inLanguage":"en-GB","@id":"https:\/\/kath-akademie-bayern.de\/akademie\/kunst-in-der-akademie\/#primaryimage","url":"https:\/\/kath-akademie-bayern.de\/wp-content\/uploads\/Kath-Akad-Kunst-neubauer_0186_16-9-scaled.jpg","contentUrl":"https:\/\/kath-akademie-bayern.de\/wp-content\/uploads\/Kath-Akad-Kunst-neubauer_0186_16-9-scaled.jpg","width":2560,"height":1440},{"@type":"BreadcrumbList","@id":"https:\/\/kath-akademie-bayern.de\/akademie\/kunst-in-der-akademie\/#breadcrumb","itemListElement":[{"@type":"ListItem","position":1,"name":"Startseite","item":"https:\/\/kath-akademie-bayern.de\/"},{"@type":"ListItem","position":2,"name":"Akademie","item":"https:\/\/kath-akademie-bayern.de\/akademie\/"},{"@type":"ListItem","position":3,"name":"Kunst in der Akademie"}]},{"@type":"WebSite","@id":"https:\/\/kath-akademie-bayern.de\/#website","url":"https:\/\/kath-akademie-bayern.de\/","name":"Catholic Academy in Bavaria","description":"Church needs debate: \"catholic\" looking at the whole - and \"academic\" trusting in the power of arguments","publisher":{"@id":"https:\/\/kath-akademie-bayern.de\/#organization"},"potentialAction":[{"@type":"SearchAction","target":{"@type":"EntryPoint","urlTemplate":"https:\/\/kath-akademie-bayern.de\/?s={search_term_string}"},"query-input":{"@type":"PropertyValueSpecification","valueRequired":true,"valueName":"search_term_string"}}],"inLanguage":"en-GB"},{"@type":"Organization","@id":"https:\/\/kath-akademie-bayern.de\/#organization","name":"Catholic Academy in Bavaria","url":"https:\/\/kath-akademie-bayern.de\/","logo":{"@type":"ImageObject","inLanguage":"en-GB","@id":"https:\/\/kath-akademie-bayern.de\/#\/schema\/logo\/image\/","url":"https:\/\/kath-akademie-bayern.de\/wp-content\/uploads\/Menue-Logo-Home@2x.png","contentUrl":"https:\/\/kath-akademie-bayern.de\/wp-content\/uploads\/Menue-Logo-Home@2x.png","width":496,"height":216,"caption":"Katholische Akademie in Bayern"},"image":{"@id":"https:\/\/kath-akademie-bayern.de\/#\/schema\/logo\/image\/"},"sameAs":["https:\/\/www.facebook.com\/katholische.akademie.bayern\/"]}]}},"_links":{"self":[{"href":"https:\/\/kath-akademie-bayern.de\/en\/wp-json\/wp\/v2\/pages\/98610","targetHints":{"allow":["GET"]}}],"collection":[{"href":"https:\/\/kath-akademie-bayern.de\/en\/wp-json\/wp\/v2\/pages"}],"about":[{"href":"https:\/\/kath-akademie-bayern.de\/en\/wp-json\/wp\/v2\/types\/page"}],"author":[{"embeddable":true,"href":"https:\/\/kath-akademie-bayern.de\/en\/wp-json\/wp\/v2\/users\/13"}],"replies":[{"embeddable":true,"href":"https:\/\/kath-akademie-bayern.de\/en\/wp-json\/wp\/v2\/comments?post=98610"}],"version-history":[{"count":30,"href":"https:\/\/kath-akademie-bayern.de\/en\/wp-json\/wp\/v2\/pages\/98610\/revisions"}],"predecessor-version":[{"id":103927,"href":"https:\/\/kath-akademie-bayern.de\/en\/wp-json\/wp\/v2\/pages\/98610\/revisions\/103927"}],"up":[{"embeddable":true,"href":"https:\/\/kath-akademie-bayern.de\/en\/wp-json\/wp\/v2\/pages\/14"}],"wp:featuredmedia":[{"embeddable":true,"href":"https:\/\/kath-akademie-bayern.de\/en\/wp-json\/wp\/v2\/media\/10448"}],"wp:attachment":[{"href":"https:\/\/kath-akademie-bayern.de\/en\/wp-json\/wp\/v2\/media?parent=98610"}],"curies":[{"name":"wp","href":"https:\/\/api.w.org\/{rel}","templated":true}]}}