{"id":98639,"date":"2025-01-30T10:36:00","date_gmt":"2025-01-30T09:36:00","guid":{"rendered":"https:\/\/kath-akademie-bayern.de\/?page_id=98639"},"modified":"2025-04-10T10:22:34","modified_gmt":"2025-04-10T08:22:34","slug":"kunst-im-schlosspark","status":"publish","type":"page","link":"https:\/\/kath-akademie-bayern.de\/en\/akademie\/kunst-in-der-akademie\/kunst-im-schlosspark\/","title":{"rendered":"Kunst im Schlosspark"},"content":{"rendered":"<div data-elementor-type=\"wp-page\" data-elementor-id=\"98639\" class=\"elementor elementor-98639\" data-elementor-post-type=\"page\">\n\t\t\t\t<div class=\"elementor-element elementor-element-d13410f e-grid e-con-boxed e-con e-parent\" data-id=\"d13410f\" data-element_type=\"container\" data-e-type=\"container\" data-settings=\"{&quot;background_background&quot;:&quot;classic&quot;}\">\n\t\t\t\t\t<div class=\"e-con-inner\">\n\t\t\t\t<div class=\"elementor-element elementor-element-ec60496 elementor-extension-display-condition-disabled elementor-widget elementor-widget-image\" data-id=\"ec60496\" data-element_type=\"widget\" data-e-type=\"widget\" data-widget_type=\"image.default\">\n\t\t\t\t<div class=\"elementor-widget-container\">\n\t\t\t\t\t\t\t\t\t\t\t\t\t\t\t<img loading=\"lazy\" decoding=\"async\" width=\"512\" height=\"352\" src=\"https:\/\/kath-akademie-bayern.de\/wp-content\/uploads\/Alf-Lechner_Wuerfelteilung-WV-704-512x352.jpg\" class=\"attachment-medium size-medium wp-image-98662\" alt=\"\" srcset=\"https:\/\/kath-akademie-bayern.de\/wp-content\/uploads\/Alf-Lechner_Wuerfelteilung-WV-704-512x352.jpg 512w, https:\/\/kath-akademie-bayern.de\/wp-content\/uploads\/Alf-Lechner_Wuerfelteilung-WV-704-768x529.jpg 768w, https:\/\/kath-akademie-bayern.de\/wp-content\/uploads\/Alf-Lechner_Wuerfelteilung-WV-704-18x12.jpg 18w, https:\/\/kath-akademie-bayern.de\/wp-content\/uploads\/Alf-Lechner_Wuerfelteilung-WV-704-360x248.jpg 360w, https:\/\/kath-akademie-bayern.de\/wp-content\/uploads\/Alf-Lechner_Wuerfelteilung-WV-704.jpg 850w\" sizes=\"auto, (max-width: 512px) 100vw, 512px\" \/>\t\t\t\t\t\t\t\t\t\t\t\t\t\t\t<\/div>\n\t\t\t\t<\/div>\n\t\t\t\t<div class=\"elementor-element elementor-element-9e412f2 elementor-extension-display-condition-disabled elementor-widget elementor-widget-text-editor\" data-id=\"9e412f2\" data-element_type=\"widget\" data-e-type=\"widget\" data-widget_type=\"text-editor.default\">\n\t\t\t\t<div class=\"elementor-widget-container\">\n\t\t\t\t\t\t\t\t\t<p><strong>ALF LECHNER<\/strong><\/p><p>(*1925 in M\u00fcnchen, \u20202017 in Dollnstein)<\/p><p><strong>W\u00fcrfelteilung WV 704<\/strong><\/p><p>2014<\/p><p>Stahl massiv, gewalzt, gebrannt<\/p><p>120cm x 120cm x 240cm<\/p><p>Alf Lechner war ein bedeutender deutscher Bildhauer, der vor allem f\u00fcr seine Arbeit mit Stahl bekannt ist. Er ist im Haus gegen\u00fcber der Katholischen Akademie in der Mandlstra\u00dfe aufgewachsen. In der Nachbarschaft hat auch der Landschaftsmaler Alf Bachmann gewohnt, wo er als Jugendlicher oft war und zur Kunst gekommen ist.<\/p><p>Lechner begann seine k\u00fcnstlerische Laufbahn 1940 als Sch\u00fcler von Alf Bachmann. Nach dem Zweiten Weltkrieg arbeitete Lechner zun\u00e4chst als Schlosser und gr\u00fcndete 1948 die Firma Litema, die sich auf Lichttechnik und Design spezialisierte. Ab 1957 widmete sich Lechner der Bildhauerei und schuf erste Skulpturen aus Stahl. Charakteristisch f\u00fcr seine Arbeiten ist die Reduktion auf geometrische Grundformen wie Kreis, Quadrat und Quader, die er durch planvolle Zerlegung neu ordnet. Dabei geht es immer wieder um das Verh\u00e4ltnis von Technik und Kunst, von Rationalit\u00e4t und Emotionalit\u00e4t, von Reflexion und Prozess, von Kalk\u00fcl und Zufall. 1999 gr\u00fcndete Lechner die Alf Lechner Stiftung und er\u00f6ffnete im Jahr 2000 das Lechner Museum Ingolstadt.<\/p><p>Mehr Informationen: <a href=\"https:\/\/www.lechner-museum.de\/de\" target=\"_blank\" rel=\"noopener\">https:\/\/www.lechner-museum.de\/de<\/a><\/p><p>Foto: Katholische Akademie in Bayern<\/p>\t\t\t\t\t\t\t\t<\/div>\n\t\t\t\t<\/div>\n\t\t\t\t<div class=\"elementor-element elementor-element-7840a81 elementor-extension-display-condition-disabled elementor-widget elementor-widget-image\" data-id=\"7840a81\" data-element_type=\"widget\" data-e-type=\"widget\" data-widget_type=\"image.default\">\n\t\t\t\t<div class=\"elementor-widget-container\">\n\t\t\t\t\t\t\t\t\t\t\t\t\t\t\t<img loading=\"lazy\" decoding=\"async\" width=\"512\" height=\"387\" src=\"https:\/\/kath-akademie-bayern.de\/wp-content\/uploads\/Alf-Lechner_Wuerfelteilung-707-512x387.jpg\" class=\"attachment-medium size-medium wp-image-98677\" alt=\"\" srcset=\"https:\/\/kath-akademie-bayern.de\/wp-content\/uploads\/Alf-Lechner_Wuerfelteilung-707-512x387.jpg 512w, https:\/\/kath-akademie-bayern.de\/wp-content\/uploads\/Alf-Lechner_Wuerfelteilung-707-768x580.jpg 768w, https:\/\/kath-akademie-bayern.de\/wp-content\/uploads\/Alf-Lechner_Wuerfelteilung-707-16x12.jpg 16w, https:\/\/kath-akademie-bayern.de\/wp-content\/uploads\/Alf-Lechner_Wuerfelteilung-707-360x272.jpg 360w, https:\/\/kath-akademie-bayern.de\/wp-content\/uploads\/Alf-Lechner_Wuerfelteilung-707.jpg 1000w\" sizes=\"auto, (max-width: 512px) 100vw, 512px\" \/>\t\t\t\t\t\t\t\t\t\t\t\t\t\t\t<\/div>\n\t\t\t\t<\/div>\n\t\t\t\t<div class=\"elementor-element elementor-element-86c18e5 elementor-extension-display-condition-disabled elementor-widget elementor-widget-text-editor\" data-id=\"86c18e5\" data-element_type=\"widget\" data-e-type=\"widget\" data-widget_type=\"text-editor.default\">\n\t\t\t\t<div class=\"elementor-widget-container\">\n\t\t\t\t\t\t\t\t\t<p><strong>ALF LECHNER<\/strong><\/p><p>(*1925 in M\u00fcnchen, \u20202017 in Dollnstein)<\/p><p><strong>W\u00fcrfelteilung WV 707<\/strong><\/p><p>2014<\/p><p>Stahl massiv, gewalzt, gebrannt<\/p><p>120cm x 140cm x 170cm<\/p><p>Alf Lechner war ein bedeutender deutscher Bildhauer, der vor allem f\u00fcr seine Arbeit mit Stahl bekannt ist. Er ist im Haus gegen\u00fcber der Katholischen Akademie in der Mandlstra\u00dfe aufgewachsen. In der Nachbarschaft hat auch der Landschaftsmaler Alf Bachmann gewohnt, wo er als Jugendlicher oft war und zur Kunst gekommen ist.<\/p><p>Lechner begann seine k\u00fcnstlerische Laufbahn 1940 als Sch\u00fcler von Alf Bachmann. Nach dem Zweiten Weltkrieg arbeitete Lechner zun\u00e4chst als Schlosser und gr\u00fcndete 1948 die Firma Litema, die sich auf Lichttechnik und Design spezialisierte. Ab 1957 widmete sich Lechner der Bildhauerei und schuf erste Skulpturen aus Stahl. Charakteristisch f\u00fcr seine Arbeiten ist die Reduktion auf geometrische Grundformen wie Kreis, Quadrat und Quader, die er durch planvolle Zerlegung neu ordnet. Dabei geht es immer wieder um das Verh\u00e4ltnis von Technik und Kunst, von Rationalit\u00e4t und Emotionalit\u00e4t, von Reflexion und Prozess, von Kalk\u00fcl und Zufall. 1999 gr\u00fcndete Lechner die Alf Lechner Stiftung und er\u00f6ffnete im Jahr 2000 das Lechner Museum Ingolstadt.<\/p><p>Mehr Informationen: <a href=\"https:\/\/www.lechner-museum.de\/de\" target=\"_blank\" rel=\"noopener\">https:\/\/www.lechner-museum.de\/de<\/a><\/p><p>Foto: Katholische Akademie in Bayern<\/p>\t\t\t\t\t\t\t\t<\/div>\n\t\t\t\t<\/div>\n\t\t\t\t<div class=\"elementor-element elementor-element-fcec01d elementor-extension-display-condition-disabled elementor-widget elementor-widget-image\" data-id=\"fcec01d\" data-element_type=\"widget\" data-e-type=\"widget\" data-widget_type=\"image.default\">\n\t\t\t\t<div class=\"elementor-widget-container\">\n\t\t\t\t\t\t\t\t\t\t\t\t\t\t\t<img loading=\"lazy\" decoding=\"async\" width=\"512\" height=\"391\" src=\"https:\/\/kath-akademie-bayern.de\/wp-content\/uploads\/Schlosspark_Antje-Tesche_Mentzen_Portal_neubauer-512x391.jpg\" class=\"attachment-medium size-medium wp-image-98728\" alt=\"\" srcset=\"https:\/\/kath-akademie-bayern.de\/wp-content\/uploads\/Schlosspark_Antje-Tesche_Mentzen_Portal_neubauer-512x391.jpg 512w, https:\/\/kath-akademie-bayern.de\/wp-content\/uploads\/Schlosspark_Antje-Tesche_Mentzen_Portal_neubauer-1024x782.jpg 1024w, https:\/\/kath-akademie-bayern.de\/wp-content\/uploads\/Schlosspark_Antje-Tesche_Mentzen_Portal_neubauer-768x586.jpg 768w, https:\/\/kath-akademie-bayern.de\/wp-content\/uploads\/Schlosspark_Antje-Tesche_Mentzen_Portal_neubauer-16x12.jpg 16w, https:\/\/kath-akademie-bayern.de\/wp-content\/uploads\/Schlosspark_Antje-Tesche_Mentzen_Portal_neubauer-360x275.jpg 360w, https:\/\/kath-akademie-bayern.de\/wp-content\/uploads\/Schlosspark_Antje-Tesche_Mentzen_Portal_neubauer.jpg 1159w\" sizes=\"auto, (max-width: 512px) 100vw, 512px\" \/>\t\t\t\t\t\t\t\t\t\t\t\t\t\t\t<\/div>\n\t\t\t\t<\/div>\n\t\t\t\t<div class=\"elementor-element elementor-element-ebe208a elementor-extension-display-condition-disabled elementor-widget elementor-widget-text-editor\" data-id=\"ebe208a\" data-element_type=\"widget\" data-e-type=\"widget\" data-widget_type=\"text-editor.default\">\n\t\t\t\t<div class=\"elementor-widget-container\">\n\t\t\t\t\t\t\t\t\t<p><strong>ANTJE TESCHE-MENTZEN<\/strong><\/p><p>(*1943 in Kiel)<\/p><p><strong>Portal<\/strong><\/p><p>1986<\/p><p>Bronze<\/p><p>260cm x 240cm x 40cm<\/p><p>Das rund 2 m hohe Bronzeportal schuf die K\u00fcnstlerin anl\u00e4sslich ihrer Ausstellung 1986 in der Akademie. Sie strebt auch bei gr\u00f6\u00dferen Plastiken Leichtigkeit an. Archaische Strenge wird durch Ornamentales gelockert.<\/p><p>Mehr Informationen: <a href=\"http:\/\/antje-tesche-mentzen.de\" target=\"_blank\" rel=\"noopener\">http:\/\/antje-tesche-mentzen.de<\/a><\/p><p>Foto: Oskar C. Neubauer <a href=\"http:\/\/www.neubauerphotos.com\/\" target=\"_blank\" rel=\"noopener\">Neubauerphotos.com<\/a><\/p>\t\t\t\t\t\t\t\t<\/div>\n\t\t\t\t<\/div>\n\t\t\t\t<div class=\"elementor-element elementor-element-cd3e63e elementor-extension-display-condition-disabled elementor-widget elementor-widget-image\" data-id=\"cd3e63e\" data-element_type=\"widget\" data-e-type=\"widget\" data-widget_type=\"image.default\">\n\t\t\t\t<div class=\"elementor-widget-container\">\n\t\t\t\t\t\t\t\t\t\t\t\t\t\t\t<img loading=\"lazy\" decoding=\"async\" width=\"512\" height=\"370\" src=\"https:\/\/kath-akademie-bayern.de\/wp-content\/uploads\/Aehren_Martin-Woehrl-512x370.jpg\" class=\"attachment-medium size-medium wp-image-102862\" alt=\"\" srcset=\"https:\/\/kath-akademie-bayern.de\/wp-content\/uploads\/Aehren_Martin-Woehrl-512x370.jpg 512w, https:\/\/kath-akademie-bayern.de\/wp-content\/uploads\/Aehren_Martin-Woehrl-18x12.jpg 18w, https:\/\/kath-akademie-bayern.de\/wp-content\/uploads\/Aehren_Martin-Woehrl-360x260.jpg 360w, https:\/\/kath-akademie-bayern.de\/wp-content\/uploads\/Aehren_Martin-Woehrl.jpg 752w\" sizes=\"auto, (max-width: 512px) 100vw, 512px\" \/>\t\t\t\t\t\t\t\t\t\t\t\t\t\t\t<\/div>\n\t\t\t\t<\/div>\n\t\t\t\t<div class=\"elementor-element elementor-element-e23cd1b elementor-extension-display-condition-disabled elementor-widget elementor-widget-text-editor\" data-id=\"e23cd1b\" data-element_type=\"widget\" data-e-type=\"widget\" data-widget_type=\"text-editor.default\">\n\t\t\t\t<div class=\"elementor-widget-container\">\n\t\t\t\t\t\t\t\t\t<p><strong>MARTIN W\u00d6HRL<\/strong><\/p><p>(*1974 in M\u00fcnchen)<\/p><p><strong>Feld<\/strong><\/p><p>2015<\/p><p>\u00c4hren aus Metall, Hartschaum und Lack<\/p><p>400 bis 600 cm<\/p><p>Die riesigen \u00c4hren hat der Bildhauer Martin W\u00f6hrl auf Einladung der Deutschen Bischofskonferenz 2015 f\u00fcr den Domplatz von Fulda entwickelt.\u00a0<\/p><p>Bischof Heinz Josef Algermissen schrieb damals: \u201eDas bekannte Bild der Weizen\u00e4hre stellt uns deren Wachsen und Vergehen, deren Schatz und Reichtum, aber auch die damit verbundene Notwendigkeit des Hegens und Pflegens vor Augen.\u201c<\/p><p>Heute steht ein Teil der urspr\u00fcnglich zw\u00f6lf Skulpturen im Garten das Dommuseums Fulda. Die restlichen \u00c4hren wurden anl\u00e4sslich der Ausstellung \u201cDomino\u201c 2017 im Garten der Katholischen Akademie installiert.\u00a0<\/p><p>Mehr Informationen: <a href=\"http:\/\/atpscan.global.hornetsecurity.com\/?d=doSZl1QnwIXdGW2zMvF8MmxZtz3cI4ivmFI9v4Rd48exchzjQuZJYaHiAddmAjDq&amp;f=rPBpPTdMsN40ScpmMnQ6aRLirlZ3wc2p-t1hiw8xw7hRXzbgDINP4Xivm25m4uIV&amp;i=&amp;k=waeP&amp;m=YMmGvEihTsH4BVyf6ZEQh2kKvP-qaKVFBlyz6SW9mH32JpX8EeOO0pUSBavP66WE4aW9e5eKDZRFjE2wQ8FoA9_V78Y0En7tVM98UzpniO7RzU0v6pvlgMurh7hHOK9B&amp;n=Y5YJx5KBeKTaseJYOwLOiXmmKttdAMWDKFdsVoaFgBp4DzVANm5AtlGJMMHImmt_&amp;r=xQc6wmfClMB8ADTruW8_H07UVHrnWOURITwnv36B6wxwyof7XoNhYfMS1ZsrlzyA81HPtbpVbbG4pgZ27N3E-A&amp;s=dcb9a141251bde2ff7e4442eff6dc32db0b58ef14bfa82db11f698be843962b7&amp;u=http%3A%2F%2Fwww.martinwoehrl.com\" target=\"_blank\" rel=\"noopener\">www.martinwoehrl.com<\/a><\/p><p>Foto: Katholische Akademie in Bayern<\/p>\t\t\t\t\t\t\t\t<\/div>\n\t\t\t\t<\/div>\n\t\t\t\t<div class=\"elementor-element elementor-element-b358c30 elementor-extension-display-condition-disabled elementor-widget elementor-widget-image\" data-id=\"b358c30\" data-element_type=\"widget\" data-e-type=\"widget\" data-widget_type=\"image.default\">\n\t\t\t\t<div class=\"elementor-widget-container\">\n\t\t\t\t\t\t\t\t\t\t\t\t\t\t\t<img loading=\"lazy\" decoding=\"async\" width=\"512\" height=\"341\" src=\"https:\/\/kath-akademie-bayern.de\/wp-content\/uploads\/Schlosspark_Skulptur_Gegenueber_neubauer-512x341.jpg\" class=\"attachment-medium size-medium wp-image-98727\" alt=\"\" srcset=\"https:\/\/kath-akademie-bayern.de\/wp-content\/uploads\/Schlosspark_Skulptur_Gegenueber_neubauer-512x341.jpg 512w, https:\/\/kath-akademie-bayern.de\/wp-content\/uploads\/Schlosspark_Skulptur_Gegenueber_neubauer-1024x683.jpg 1024w, https:\/\/kath-akademie-bayern.de\/wp-content\/uploads\/Schlosspark_Skulptur_Gegenueber_neubauer-768x512.jpg 768w, https:\/\/kath-akademie-bayern.de\/wp-content\/uploads\/Schlosspark_Skulptur_Gegenueber_neubauer-18x12.jpg 18w, https:\/\/kath-akademie-bayern.de\/wp-content\/uploads\/Schlosspark_Skulptur_Gegenueber_neubauer-360x240.jpg 360w, https:\/\/kath-akademie-bayern.de\/wp-content\/uploads\/Schlosspark_Skulptur_Gegenueber_neubauer.jpg 1417w\" sizes=\"auto, (max-width: 512px) 100vw, 512px\" \/>\t\t\t\t\t\t\t\t\t\t\t\t\t\t\t<\/div>\n\t\t\t\t<\/div>\n\t\t\t\t<div class=\"elementor-element elementor-element-e9c1e2d elementor-extension-display-condition-disabled elementor-widget elementor-widget-text-editor\" data-id=\"e9c1e2d\" data-element_type=\"widget\" data-e-type=\"widget\" data-widget_type=\"text-editor.default\">\n\t\t\t\t<div class=\"elementor-widget-container\">\n\t\t\t\t\t\t\t\t\t<p><strong>CHRISTINE STADLER<\/strong><\/p><p>(*1922 in Eggst\u00e4tt, \u20202001)<\/p><p><strong>Gegen\u00fcber<\/strong><\/p><p>1969<\/p><p>Bronzeplastik<\/p><p>52cm x 42cm x 39cm<\/p><p>Diese Plastik geh\u00f6rt ins Zentrum von Christine Stadlers \u201eArchitekturphase\u201c in den 1960er und fr\u00fchen 1970er Jahren. Die Auseinandersetzung mit dem Raum ist in der Skulptur besonders deutlich zu sehen, wo sich die Figuren \u201estreng geordnet\u201c gegen\u00fcberstehen. Die Figuren versinnbildlichen den gleichberechtigten und offenen Austausch zweier Menschen, diese Bereitschaft zu Austausch und Dialog dokumentiert sich in der K\u00f6rperhaltung.<\/p><p>Mehr Informationen: <a href=\"https:\/\/de.wikipedia.org\/wiki\/Christine_Stadler\" target=\"_blank\" rel=\"noopener\">https:\/\/de.wikipedia.org\/wiki\/Christine_Stadler<\/a><\/p><p>Foto: Oskar C. Neubauer <a href=\"http:\/\/www.neubauerphotos.com\/\" target=\"_blank\" rel=\"noopener\">Neubauerphotos.com<\/a><\/p>\t\t\t\t\t\t\t\t<\/div>\n\t\t\t\t<\/div>\n\t\t\t\t<div class=\"elementor-element elementor-element-da77252 elementor-extension-display-condition-disabled elementor-widget elementor-widget-image\" data-id=\"da77252\" data-element_type=\"widget\" data-e-type=\"widget\" data-widget_type=\"image.default\">\n\t\t\t\t<div class=\"elementor-widget-container\">\n\t\t\t\t\t\t\t\t\t\t\t\t\t\t\t<span class=\"position-relative d-inline-flex flex-column overflow-hidden\"><small class=\"image-copyright position-absolute top-0 end-0\" title=\"Martin Miller\">Martin Miller<\/small><img loading=\"lazy\" decoding=\"async\" width=\"342\" height=\"512\" src=\"https:\/\/kath-akademie-bayern.de\/wp-content\/uploads\/Mutter-Gottes-mit-Kind_Roland-Friederichsen-342x512.jpg\" class=\"attachment-medium size-medium wp-image-103347\" alt=\"\" srcset=\"https:\/\/kath-akademie-bayern.de\/wp-content\/uploads\/Mutter-Gottes-mit-Kind_Roland-Friederichsen-342x512.jpg 342w, https:\/\/kath-akademie-bayern.de\/wp-content\/uploads\/Mutter-Gottes-mit-Kind_Roland-Friederichsen-8x12.jpg 8w, https:\/\/kath-akademie-bayern.de\/wp-content\/uploads\/Mutter-Gottes-mit-Kind_Roland-Friederichsen.jpg 534w\" sizes=\"auto, (max-width: 342px) 100vw, 342px\" \/><\/span>\t\t\t\t\t\t\t\t\t\t\t\t\t\t\t<\/div>\n\t\t\t\t<\/div>\n\t\t\t\t<div class=\"elementor-element elementor-element-8a1e5c1 elementor-extension-display-condition-disabled elementor-widget elementor-widget-text-editor\" data-id=\"8a1e5c1\" data-element_type=\"widget\" data-e-type=\"widget\" data-widget_type=\"text-editor.default\">\n\t\t\t\t<div class=\"elementor-widget-container\">\n\t\t\t\t\t\t\t\t\t<p><strong>ROLAND FRIEDERICHSEN<\/strong><\/p><p>(*1910 in Pommern, \u20201992 in M\u00fcnchen)<\/p><p><strong>Mutter Gottes mit Kind<\/strong><\/p><p>1985<\/p><p>Bronze<\/p><p>110cm<\/p><p>Der Maler und Bildhauer\u00a0war Sch\u00f6pfer zahlreicher sakraler Kunstwerke und Gestalter von Kirchenr\u00e4umen. An der Breslauer Kunstakademie studierte er bei Kanoldt und Otto M\u00fcller, als Bildhauer bei Theodor von Gosen.\u00a01932 \u00fcbersiedelte er nach M\u00fcnchen und begann ein Studium an der Akademie der Bildenden K\u00fcnste in M\u00fcnchen als Maler bei Hess und Gulbransson, als Bildhauer bei\u00a0<a href=\"https:\/\/www.nordostkultur-muenchen.de\/biographien\/bleeker.htm\">Bernhard Bleeker<\/a>. Mit dem allgemeinen Wiederaufbau nach 1945 fand Friederichsen ein weites Bet\u00e4tigungsfeld im Bereich der kirchlichen Kunst, aber auch Skulpturen und Brunnen an \u00f6ffentlichen Pl\u00e4tzen entstanden in ganz Deutschland.<\/p><p>Mehr Informationen: <a href=\"https:\/\/www.muenchenwiki.de\/wiki\/Roland_Friederichsen\" target=\"_blank\" rel=\"noopener\">https:\/\/www.muenchenwiki.de\/wiki\/Roland_Friederichsen<\/a><\/p><p>Foto: Martin Miller\u00a0<\/p>\t\t\t\t\t\t\t\t<\/div>\n\t\t\t\t<\/div>\n\t\t\t\t\t<\/div>\n\t\t\t\t<\/div>\n\t\t\t\t<\/div>","protected":false},"excerpt":{"rendered":"<p>ALF LECHNER (*1925 in M\u00fcnchen, \u20202017 in Dollnstein) W\u00fcrfelteilung WV 704 2014 Stahl massiv, gewalzt, gebrannt 120cm x 120cm x 240cm Alf Lechner war ein bedeutender deutscher Bildhauer, der vor allem f\u00fcr seine Arbeit mit Stahl bekannt ist. Er ist im Haus gegen\u00fcber der Katholischen Akademie in der Mandlstra\u00dfe aufgewachsen. In der Nachbarschaft hat auch&hellip;<\/p>","protected":false},"author":13,"featured_media":0,"parent":98610,"menu_order":11,"comment_status":"closed","ping_status":"closed","template":"","meta":{"_relevanssi_hide_post":"","_relevanssi_hide_content":"","_relevanssi_pin_for_all":"","_relevanssi_pin_keywords":"","_relevanssi_unpin_keywords":"","_relevanssi_related_keywords":"","_relevanssi_related_include_ids":"","_relevanssi_related_exclude_ids":"","_relevanssi_related_no_append":"","_relevanssi_related_not_related":"","_relevanssi_related_posts":"","_relevanssi_noindex_reason":"","footnotes":""},"class_list":["post-98639","page","type-page","status-publish","hentry"],"yoast_head":"<!-- This site is optimized with the Yoast SEO plugin v27.4 - https:\/\/yoast.com\/product\/yoast-seo-wordpress\/ -->\n<title>Kunst im Schlosspark - Katholische Akademie in Bayern<\/title>\n<meta name=\"robots\" content=\"index, follow, max-snippet:-1, max-image-preview:large, max-video-preview:-1\" \/>\n<link rel=\"canonical\" href=\"https:\/\/kath-akademie-bayern.de\/en\/akademie\/kunst-in-der-akademie\/kunst-im-schlosspark\/\" \/>\n<meta property=\"og:locale\" content=\"en_GB\" \/>\n<meta property=\"og:type\" content=\"article\" \/>\n<meta property=\"og:title\" content=\"Kunst im Schlosspark - Katholische Akademie in Bayern\" \/>\n<meta property=\"og:description\" content=\"ALF LECHNER (*1925 in M\u00fcnchen, \u20202017 in Dollnstein) W\u00fcrfelteilung WV 704 2014 Stahl massiv, gewalzt, gebrannt 120cm x 120cm x 240cm Alf Lechner war ein bedeutender deutscher Bildhauer, der vor allem f\u00fcr seine Arbeit mit Stahl bekannt ist. Er ist im Haus gegen\u00fcber der Katholischen Akademie in der Mandlstra\u00dfe aufgewachsen. In der Nachbarschaft hat auch&hellip;\" \/>\n<meta property=\"og:url\" content=\"https:\/\/kath-akademie-bayern.de\/en\/akademie\/kunst-in-der-akademie\/kunst-im-schlosspark\/\" \/>\n<meta property=\"og:site_name\" content=\"Katholische Akademie in Bayern\" \/>\n<meta property=\"article:publisher\" content=\"https:\/\/www.facebook.com\/katholische.akademie.bayern\/\" \/>\n<meta property=\"article:modified_time\" content=\"2025-04-10T08:22:34+00:00\" \/>\n<meta property=\"og:image\" content=\"https:\/\/kath-akademie-bayern.de\/wp-content\/uploads\/Alf-Lechner_Wuerfelteilung-WV-704.jpg\" \/>\n\t<meta property=\"og:image:width\" content=\"850\" \/>\n\t<meta property=\"og:image:height\" content=\"585\" \/>\n\t<meta property=\"og:image:type\" content=\"image\/jpeg\" \/>\n<meta name=\"twitter:card\" content=\"summary_large_image\" \/>\n<meta name=\"twitter:label1\" content=\"Estimated reading time\" \/>\n\t<meta name=\"twitter:data1\" content=\"6 minutes\" \/>\n<script type=\"application\/ld+json\" class=\"yoast-schema-graph\">{\"@context\":\"https:\\\/\\\/schema.org\",\"@graph\":[{\"@type\":\"WebPage\",\"@id\":\"https:\\\/\\\/kath-akademie-bayern.de\\\/akademie\\\/kunst-in-der-akademie\\\/kunst-im-schlosspark\\\/\",\"url\":\"https:\\\/\\\/kath-akademie-bayern.de\\\/akademie\\\/kunst-in-der-akademie\\\/kunst-im-schlosspark\\\/\",\"name\":\"Kunst im Schlosspark - Katholische Akademie in Bayern\",\"isPartOf\":{\"@id\":\"https:\\\/\\\/kath-akademie-bayern.de\\\/#website\"},\"primaryImageOfPage\":{\"@id\":\"https:\\\/\\\/kath-akademie-bayern.de\\\/akademie\\\/kunst-in-der-akademie\\\/kunst-im-schlosspark\\\/#primaryimage\"},\"image\":{\"@id\":\"https:\\\/\\\/kath-akademie-bayern.de\\\/akademie\\\/kunst-in-der-akademie\\\/kunst-im-schlosspark\\\/#primaryimage\"},\"thumbnailUrl\":\"https:\\\/\\\/kath-akademie-bayern.de\\\/wp-content\\\/uploads\\\/Alf-Lechner_Wuerfelteilung-WV-704-512x352.jpg\",\"datePublished\":\"2025-01-30T09:36:00+00:00\",\"dateModified\":\"2025-04-10T08:22:34+00:00\",\"breadcrumb\":{\"@id\":\"https:\\\/\\\/kath-akademie-bayern.de\\\/akademie\\\/kunst-in-der-akademie\\\/kunst-im-schlosspark\\\/#breadcrumb\"},\"inLanguage\":\"en-GB\",\"potentialAction\":[{\"@type\":\"ReadAction\",\"target\":[\"https:\\\/\\\/kath-akademie-bayern.de\\\/akademie\\\/kunst-in-der-akademie\\\/kunst-im-schlosspark\\\/\"]}]},{\"@type\":\"ImageObject\",\"inLanguage\":\"en-GB\",\"@id\":\"https:\\\/\\\/kath-akademie-bayern.de\\\/akademie\\\/kunst-in-der-akademie\\\/kunst-im-schlosspark\\\/#primaryimage\",\"url\":\"https:\\\/\\\/kath-akademie-bayern.de\\\/wp-content\\\/uploads\\\/Alf-Lechner_Wuerfelteilung-WV-704-512x352.jpg\",\"contentUrl\":\"https:\\\/\\\/kath-akademie-bayern.de\\\/wp-content\\\/uploads\\\/Alf-Lechner_Wuerfelteilung-WV-704-512x352.jpg\"},{\"@type\":\"BreadcrumbList\",\"@id\":\"https:\\\/\\\/kath-akademie-bayern.de\\\/akademie\\\/kunst-in-der-akademie\\\/kunst-im-schlosspark\\\/#breadcrumb\",\"itemListElement\":[{\"@type\":\"ListItem\",\"position\":1,\"name\":\"Startseite\",\"item\":\"https:\\\/\\\/kath-akademie-bayern.de\\\/\"},{\"@type\":\"ListItem\",\"position\":2,\"name\":\"Akademie\",\"item\":\"https:\\\/\\\/kath-akademie-bayern.de\\\/akademie\\\/\"},{\"@type\":\"ListItem\",\"position\":3,\"name\":\"Kunst in der Akademie\",\"item\":\"https:\\\/\\\/kath-akademie-bayern.de\\\/akademie\\\/kunst-in-der-akademie\\\/\"},{\"@type\":\"ListItem\",\"position\":4,\"name\":\"Kunst im Schlosspark\"}]},{\"@type\":\"WebSite\",\"@id\":\"https:\\\/\\\/kath-akademie-bayern.de\\\/#website\",\"url\":\"https:\\\/\\\/kath-akademie-bayern.de\\\/\",\"name\":\"Katholische Akademie in Bayern\",\"description\":\"Kirche braucht Debatte: \u201ekatholisch\u201c mit Blick auf das Ganze \u2013 und \u201eakademisch\u201c im Vertrauen auf die Kraft der Argumente\",\"publisher\":{\"@id\":\"https:\\\/\\\/kath-akademie-bayern.de\\\/#organization\"},\"potentialAction\":[{\"@type\":\"SearchAction\",\"target\":{\"@type\":\"EntryPoint\",\"urlTemplate\":\"https:\\\/\\\/kath-akademie-bayern.de\\\/?s={search_term_string}\"},\"query-input\":{\"@type\":\"PropertyValueSpecification\",\"valueRequired\":true,\"valueName\":\"search_term_string\"}}],\"inLanguage\":\"en-GB\"},{\"@type\":\"Organization\",\"@id\":\"https:\\\/\\\/kath-akademie-bayern.de\\\/#organization\",\"name\":\"Katholische Akademie in Bayern\",\"url\":\"https:\\\/\\\/kath-akademie-bayern.de\\\/\",\"logo\":{\"@type\":\"ImageObject\",\"inLanguage\":\"en-GB\",\"@id\":\"https:\\\/\\\/kath-akademie-bayern.de\\\/#\\\/schema\\\/logo\\\/image\\\/\",\"url\":\"https:\\\/\\\/kath-akademie-bayern.de\\\/wp-content\\\/uploads\\\/Menue-Logo-Home@2x.png\",\"contentUrl\":\"https:\\\/\\\/kath-akademie-bayern.de\\\/wp-content\\\/uploads\\\/Menue-Logo-Home@2x.png\",\"width\":496,\"height\":216,\"caption\":\"Katholische Akademie in Bayern\"},\"image\":{\"@id\":\"https:\\\/\\\/kath-akademie-bayern.de\\\/#\\\/schema\\\/logo\\\/image\\\/\"},\"sameAs\":[\"https:\\\/\\\/www.facebook.com\\\/katholische.akademie.bayern\\\/\"]}]}<\/script>\n<!-- \/ Yoast SEO plugin. -->","yoast_head_json":{"title":"Kunst im Schlosspark - Katholische Akademie in Bayern","robots":{"index":"index","follow":"follow","max-snippet":"max-snippet:-1","max-image-preview":"max-image-preview:large","max-video-preview":"max-video-preview:-1"},"canonical":"https:\/\/kath-akademie-bayern.de\/en\/akademie\/kunst-in-der-akademie\/kunst-im-schlosspark\/","og_locale":"en_GB","og_type":"article","og_title":"Kunst im Schlosspark - Katholische Akademie in Bayern","og_description":"ALF LECHNER (*1925 in M\u00fcnchen, \u20202017 in Dollnstein) W\u00fcrfelteilung WV 704 2014 Stahl massiv, gewalzt, gebrannt 120cm x 120cm x 240cm Alf Lechner war ein bedeutender deutscher Bildhauer, der vor allem f\u00fcr seine Arbeit mit Stahl bekannt ist. Er ist im Haus gegen\u00fcber der Katholischen Akademie in der Mandlstra\u00dfe aufgewachsen. In der Nachbarschaft hat auch&hellip;","og_url":"https:\/\/kath-akademie-bayern.de\/en\/akademie\/kunst-in-der-akademie\/kunst-im-schlosspark\/","og_site_name":"Katholische Akademie in Bayern","article_publisher":"https:\/\/www.facebook.com\/katholische.akademie.bayern\/","article_modified_time":"2025-04-10T08:22:34+00:00","og_image":[{"width":850,"height":585,"url":"https:\/\/kath-akademie-bayern.de\/wp-content\/uploads\/Alf-Lechner_Wuerfelteilung-WV-704.jpg","type":"image\/jpeg"}],"twitter_card":"summary_large_image","twitter_misc":{"Estimated reading time":"6 minutes"},"schema":{"@context":"https:\/\/schema.org","@graph":[{"@type":"WebPage","@id":"https:\/\/kath-akademie-bayern.de\/akademie\/kunst-in-der-akademie\/kunst-im-schlosspark\/","url":"https:\/\/kath-akademie-bayern.de\/akademie\/kunst-in-der-akademie\/kunst-im-schlosspark\/","name":"Kunst im Schlosspark - Katholische Akademie in Bayern","isPartOf":{"@id":"https:\/\/kath-akademie-bayern.de\/#website"},"primaryImageOfPage":{"@id":"https:\/\/kath-akademie-bayern.de\/akademie\/kunst-in-der-akademie\/kunst-im-schlosspark\/#primaryimage"},"image":{"@id":"https:\/\/kath-akademie-bayern.de\/akademie\/kunst-in-der-akademie\/kunst-im-schlosspark\/#primaryimage"},"thumbnailUrl":"https:\/\/kath-akademie-bayern.de\/wp-content\/uploads\/Alf-Lechner_Wuerfelteilung-WV-704-512x352.jpg","datePublished":"2025-01-30T09:36:00+00:00","dateModified":"2025-04-10T08:22:34+00:00","breadcrumb":{"@id":"https:\/\/kath-akademie-bayern.de\/akademie\/kunst-in-der-akademie\/kunst-im-schlosspark\/#breadcrumb"},"inLanguage":"en-GB","potentialAction":[{"@type":"ReadAction","target":["https:\/\/kath-akademie-bayern.de\/akademie\/kunst-in-der-akademie\/kunst-im-schlosspark\/"]}]},{"@type":"ImageObject","inLanguage":"en-GB","@id":"https:\/\/kath-akademie-bayern.de\/akademie\/kunst-in-der-akademie\/kunst-im-schlosspark\/#primaryimage","url":"https:\/\/kath-akademie-bayern.de\/wp-content\/uploads\/Alf-Lechner_Wuerfelteilung-WV-704-512x352.jpg","contentUrl":"https:\/\/kath-akademie-bayern.de\/wp-content\/uploads\/Alf-Lechner_Wuerfelteilung-WV-704-512x352.jpg"},{"@type":"BreadcrumbList","@id":"https:\/\/kath-akademie-bayern.de\/akademie\/kunst-in-der-akademie\/kunst-im-schlosspark\/#breadcrumb","itemListElement":[{"@type":"ListItem","position":1,"name":"Startseite","item":"https:\/\/kath-akademie-bayern.de\/"},{"@type":"ListItem","position":2,"name":"Akademie","item":"https:\/\/kath-akademie-bayern.de\/akademie\/"},{"@type":"ListItem","position":3,"name":"Kunst in der Akademie","item":"https:\/\/kath-akademie-bayern.de\/akademie\/kunst-in-der-akademie\/"},{"@type":"ListItem","position":4,"name":"Kunst im Schlosspark"}]},{"@type":"WebSite","@id":"https:\/\/kath-akademie-bayern.de\/#website","url":"https:\/\/kath-akademie-bayern.de\/","name":"Catholic Academy in Bavaria","description":"Church needs debate: \"catholic\" looking at the whole - and \"academic\" trusting in the power of arguments","publisher":{"@id":"https:\/\/kath-akademie-bayern.de\/#organization"},"potentialAction":[{"@type":"SearchAction","target":{"@type":"EntryPoint","urlTemplate":"https:\/\/kath-akademie-bayern.de\/?s={search_term_string}"},"query-input":{"@type":"PropertyValueSpecification","valueRequired":true,"valueName":"search_term_string"}}],"inLanguage":"en-GB"},{"@type":"Organization","@id":"https:\/\/kath-akademie-bayern.de\/#organization","name":"Catholic Academy in Bavaria","url":"https:\/\/kath-akademie-bayern.de\/","logo":{"@type":"ImageObject","inLanguage":"en-GB","@id":"https:\/\/kath-akademie-bayern.de\/#\/schema\/logo\/image\/","url":"https:\/\/kath-akademie-bayern.de\/wp-content\/uploads\/Menue-Logo-Home@2x.png","contentUrl":"https:\/\/kath-akademie-bayern.de\/wp-content\/uploads\/Menue-Logo-Home@2x.png","width":496,"height":216,"caption":"Katholische Akademie in Bayern"},"image":{"@id":"https:\/\/kath-akademie-bayern.de\/#\/schema\/logo\/image\/"},"sameAs":["https:\/\/www.facebook.com\/katholische.akademie.bayern\/"]}]}},"_links":{"self":[{"href":"https:\/\/kath-akademie-bayern.de\/en\/wp-json\/wp\/v2\/pages\/98639","targetHints":{"allow":["GET"]}}],"collection":[{"href":"https:\/\/kath-akademie-bayern.de\/en\/wp-json\/wp\/v2\/pages"}],"about":[{"href":"https:\/\/kath-akademie-bayern.de\/en\/wp-json\/wp\/v2\/types\/page"}],"author":[{"embeddable":true,"href":"https:\/\/kath-akademie-bayern.de\/en\/wp-json\/wp\/v2\/users\/13"}],"replies":[{"embeddable":true,"href":"https:\/\/kath-akademie-bayern.de\/en\/wp-json\/wp\/v2\/comments?post=98639"}],"version-history":[{"count":226,"href":"https:\/\/kath-akademie-bayern.de\/en\/wp-json\/wp\/v2\/pages\/98639\/revisions"}],"predecessor-version":[{"id":103799,"href":"https:\/\/kath-akademie-bayern.de\/en\/wp-json\/wp\/v2\/pages\/98639\/revisions\/103799"}],"up":[{"embeddable":true,"href":"https:\/\/kath-akademie-bayern.de\/en\/wp-json\/wp\/v2\/pages\/98610"}],"wp:attachment":[{"href":"https:\/\/kath-akademie-bayern.de\/en\/wp-json\/wp\/v2\/media?parent=98639"}],"curies":[{"name":"wp","href":"https:\/\/api.w.org\/{rel}","templated":true}]}}